{"id":10184,"date":"2026-08-07T11:12:47","date_gmt":"2026-08-07T09:12:47","guid":{"rendered":"https:\/\/nature-fineart.com\/vogelfotografie-spanien\/?page_id=10184"},"modified":"2026-08-07T11:33:50","modified_gmt":"2026-08-07T09:33:50","slug":"seidenreiher","status":"publish","type":"page","link":"https:\/\/nature-fineart.com\/vogelfotografie-spanien\/seidenreiher\/","title":{"rendered":"Seidenreiher fotografieren"},"content":{"rendered":"\t\t<div data-elementor-type=\"wp-page\" data-elementor-id=\"10184\" class=\"elementor elementor-10184\">\n\t\t\t\t<div class=\"elementor-element elementor-element-b68e9bc e-flex e-con-boxed e-con e-parent\" data-id=\"b68e9bc\" data-element_type=\"container\" data-e-type=\"container\">\n\t\t\t\t\t<div class=\"e-con-inner\">\n\t\t<div class=\"elementor-element elementor-element-b8ea62b e-con-full e-flex e-con e-child\" data-id=\"b8ea62b\" data-element_type=\"container\" data-e-type=\"container\">\n\t\t\r\n\t\t<div class=\"elementor-element elementor-element-ce27932 elementor-widget elementor-widget-html\" data-id=\"ce27932\" data-element_type=\"widget\" data-e-type=\"widget\" data-widget_type=\"html.default\">\n\t\t\t\t<div class=\"elementor-widget-container\">\n\t\t\t\t\t<p>\nDer Seidenreiher (<em>Egretta garzetta<\/em>) geh\u00f6rt mit seinem rein wei\u00dfen Gefieder, den schlanken schwarzen Beinen und den auff\u00e4llig gelben F\u00fc\u00dfen zu den elegantesten Reihern Europas. In Spanien l\u00e4sst er sich das ganze Jahr \u00fcber beobachten und ist besonders an Feuchtgebieten, Deltas und flachen K\u00fcstengew\u00e4ssern regelm\u00e4\u00dfig anzutreffen.\n<\/p>\n\n<p>\nFotografisch finde ich den Seidenreiher besonders interessant, weil sich sein Verhalten h\u00e4ufig gut beobachten l\u00e4sst. Oft bewegt er sich zun\u00e4chst langsam durch das flache Wasser, bevor er pl\u00f6tzlich nach einem Fisch oder einem anderen Beutetier st\u00f6\u00dft. Genau diese kurzen Momente machen die Fotografie spannend \u2013 gleichzeitig stellt das helle Gefieder hohe Anforderungen an Licht und Belichtung.\n<\/p>\t\t\t\t<\/div>\n\t\t\t\t<\/div>\n\t\t\t\t<\/div>\n\t\t<div class=\"elementor-element elementor-element-a725c9f e-con-full e-flex e-con e-child\" data-id=\"a725c9f\" data-element_type=\"container\" data-e-type=\"container\">\n\t\t\t\t<div class=\"elementor-element elementor-element-4171248 elementor-widget elementor-widget-image\" data-id=\"4171248\" data-element_type=\"widget\" data-e-type=\"widget\" data-widget_type=\"image.default\">\n\t\t\t\t<div class=\"elementor-widget-container\">\n\t\t\t\t\t\t\t\t\t\t\t\t\t\t\t<img fetchpriority=\"high\" decoding=\"async\" width=\"751\" height=\"501\" src=\"https:\/\/nature-fineart.com\/vogelfotografie-spanien\/wp-content\/uploads\/2026\/08\/Seidenreiher-laeuft-auf-Augenhoehe-durch-flaches-Wasser-und-blickt-direkt-zur-Kamera.jpg\" class=\"attachment-large size-large wp-image-10186\" alt=\"\" srcset=\"https:\/\/nature-fineart.com\/vogelfotografie-spanien\/wp-content\/uploads\/2026\/08\/Seidenreiher-laeuft-auf-Augenhoehe-durch-flaches-Wasser-und-blickt-direkt-zur-Kamera.jpg 1024w, https:\/\/nature-fineart.com\/vogelfotografie-spanien\/wp-content\/uploads\/2026\/08\/Seidenreiher-laeuft-auf-Augenhoehe-durch-flaches-Wasser-und-blickt-direkt-zur-Kamera-600x400.jpg 600w, https:\/\/nature-fineart.com\/vogelfotografie-spanien\/wp-content\/uploads\/2026\/08\/Seidenreiher-laeuft-auf-Augenhoehe-durch-flaches-Wasser-und-blickt-direkt-zur-Kamera-768x512.jpg 768w\" sizes=\"(max-width: 751px) 100vw, 751px\" \/>\t\t\t\t\t\t\t\t\t\t\t\t\t\t\t<\/div>\n\t\t\t\t<\/div>\n\t\t\t\t<\/div>\n\t\t\t\t\t<\/div>\n\t\t\t\t<\/div>\n\t\t<div class=\"elementor-element elementor-element-0687195 e-flex e-con-boxed e-con e-parent\" data-id=\"0687195\" data-element_type=\"container\" data-e-type=\"container\">\n\t\t\t\t\t<div class=\"e-con-inner\">\n\t\t\t\t<div class=\"elementor-element elementor-element-713ee3a elementor-widget elementor-widget-html\" data-id=\"713ee3a\" data-element_type=\"widget\" data-e-type=\"widget\" data-widget_type=\"html.default\">\n\t\t\t\t<div class=\"elementor-widget-container\">\n\t\t\t\t\t<h2>Der Seidenreiher in Spanien<\/h2>\n\n<p>\nDer Seidenreiher ist in Spanien sowohl Brutvogel als auch ganzj\u00e4hrig zu beobachten. Seine Verteilung ver\u00e4ndert sich jedoch im Laufe des Jahres. W\u00e4hrend der Brutzeit konzentrieren sich viele V\u00f6gel auf geeignete Feuchtgebiete und Kolonien, im Winter k\u00f6nnen sich die Best\u00e4nde st\u00e4rker in Richtung K\u00fcste und s\u00fcdlicher Feuchtgebiete verschieben.\n<\/p>\n\n<p>\nMeine meisten Beobachtungen stammen aus Deltas, k\u00fcstennahen Feuchtgebieten und flachen Wasserfl\u00e4chen mit Schilf oder niedriger Ufervegetation. Dort sieht man den Seidenreiher h\u00e4ufig langsam durch das Wasser laufen oder zwischen den Pflanzen nach Nahrung suchen.\n<\/p>\n\n<p>\nAuch Lagunen, Salinen, Flussm\u00fcndungen, Reisfelder, S\u00fcmpfe und andere flache Gew\u00e4sser k\u00f6nnen geeignete Lebensr\u00e4ume darstellen. Entscheidend ist vor allem, dass der Vogel in seichtem Wasser ausreichend Nahrung findet.\n<\/p>\t\t\t\t<\/div>\n\t\t\t\t<\/div>\n\t\t\t\t\t<\/div>\n\t\t\t\t<\/div>\n\t\t<div class=\"elementor-element elementor-element-dc8a52a e-flex e-con-boxed e-con e-parent\" data-id=\"dc8a52a\" data-element_type=\"container\" data-e-type=\"container\">\n\t\t\t\t\t<div class=\"e-con-inner\">\n\t\t<div class=\"elementor-element elementor-element-85ae84b e-con-full e-flex e-con e-child\" data-id=\"85ae84b\" data-element_type=\"container\" data-e-type=\"container\">\n\t\t\t\t<div class=\"elementor-element elementor-element-e27c26f elementor-widget elementor-widget-image\" data-id=\"e27c26f\" data-element_type=\"widget\" data-e-type=\"widget\" data-widget_type=\"image.default\">\n\t\t\t\t<div class=\"elementor-widget-container\">\n\t\t\t\t\t\t\t\t\t\t\t\t\t\t\t<img decoding=\"async\" width=\"751\" height=\"965\" src=\"https:\/\/nature-fineart.com\/vogelfotografie-spanien\/wp-content\/uploads\/2026\/08\/Seidenreiher-im-Prachtkleid-mit-langen-Schmuckfedern-und-weissem-Gefieder.jpg\" class=\"attachment-large size-large wp-image-10187\" alt=\"\" srcset=\"https:\/\/nature-fineart.com\/vogelfotografie-spanien\/wp-content\/uploads\/2026\/08\/Seidenreiher-im-Prachtkleid-mit-langen-Schmuckfedern-und-weissem-Gefieder.jpg 797w, https:\/\/nature-fineart.com\/vogelfotografie-spanien\/wp-content\/uploads\/2026\/08\/Seidenreiher-im-Prachtkleid-mit-langen-Schmuckfedern-und-weissem-Gefieder-467x600.jpg 467w, https:\/\/nature-fineart.com\/vogelfotografie-spanien\/wp-content\/uploads\/2026\/08\/Seidenreiher-im-Prachtkleid-mit-langen-Schmuckfedern-und-weissem-Gefieder-768x987.jpg 768w\" sizes=\"(max-width: 751px) 100vw, 751px\" \/>\t\t\t\t\t\t\t\t\t\t\t\t\t\t\t<\/div>\n\t\t\t\t<\/div>\n\t\t\t\t<\/div>\n\t\t<div class=\"elementor-element elementor-element-3e7203c e-con-full e-flex e-con e-child\" data-id=\"3e7203c\" data-element_type=\"container\" data-e-type=\"container\">\n\t\t\t\t<div class=\"elementor-element elementor-element-c880d93 elementor-widget elementor-widget-html\" data-id=\"c880d93\" data-element_type=\"widget\" data-e-type=\"widget\" data-widget_type=\"html.default\">\n\t\t\t\t<div class=\"elementor-widget-container\">\n\t\t\t\t\t<h2>Prachtkleid und Erkennungsmerkmale<\/h2>\n\n<p>\nDie Kombination aus wei\u00dfem Gefieder, schwarzen Beinen und gelben F\u00fc\u00dfen ist eines der charakteristischsten Merkmale des Seidenreihers. Besonders beim Laufen im flachen Wasser fallen die leuchtenden F\u00fc\u00dfe deutlich auf.\n<\/p>\n\n<p>\nZur Brutzeit ver\u00e4ndert sich das Erscheinungsbild zus\u00e4tzlich. Dann entwickeln adulte Seidenreiher verl\u00e4ngerte Schmuckfedern am Hinterkopf und am R\u00fccken. Auch die nackte Haut in der Z\u00fcgelregion zwischen Auge und Schnabel kann w\u00e4hrend der Fortpflanzungszeit intensiver gef\u00e4rbt erscheinen.\n<\/p>\n\n<p>\nGerade diese Ver\u00e4nderungen machen Beobachtungen im Fr\u00fchjahr fotografisch besonders interessant. Die feinen Schmuckfedern wirken im richtigen Licht sehr elegant, w\u00e4hrend die kontrastreiche Kombination aus wei\u00dfem Gefieder, dunklen Beinen und gelben F\u00fc\u00dfen auch auf gr\u00f6\u00dfere Entfernung auff\u00e4llt.\n<\/p>\t\t\t\t<\/div>\n\t\t\t\t<\/div>\n\t\t\t\t<\/div>\n\t\t\t\t\t<\/div>\n\t\t\t\t<\/div>\n\t\t<div class=\"elementor-element elementor-element-7d6db46 e-flex e-con-boxed e-con e-parent\" data-id=\"7d6db46\" data-element_type=\"container\" data-e-type=\"container\">\n\t\t\t\t\t<div class=\"e-con-inner\">\n\t\t\t\t<div class=\"elementor-element elementor-element-f3269a0 elementor-widget elementor-widget-html\" data-id=\"f3269a0\" data-element_type=\"widget\" data-e-type=\"widget\" data-widget_type=\"html.default\">\n\t\t\t\t<div class=\"elementor-widget-container\">\n\t\t\t\t\t<h2>Das wei\u00dfe Gefieder richtig belichten<\/h2>\n\n<p>\nEine der gr\u00f6\u00dften Herausforderungen bei der Fotografie des Seidenreihers ist sein fast vollst\u00e4ndig wei\u00dfes Gefieder. Bei starker Sonne k\u00f6nnen helle Bereiche schnell \u00fcberbelichtet werden und feine Federstrukturen verloren gehen.\n<\/p>\n\n<p>\nIch fotografiere Seidenreiher deshalb besonders gerne bei bew\u00f6lktem Himmel oder im weichen Morgen- und Abendlicht. Das Licht ist dann gleichm\u00e4\u00dfiger und die einzelnen Federn bleiben besser sichtbar. Gleichzeitig kommen die Formen des Vogels deutlich nat\u00fcrlicher zur Geltung.\n<\/p>\n\n<p>\nBei warmem Morgen- oder Abendlicht sollte man darauf achten, dass das Gefieder durch den Wei\u00dfabgleich nicht zu stark gelb oder orange wirkt. Eine Kontrolle des Histogramms und der hellsten Bildbereiche hilft dabei, die Zeichnung im wei\u00dfen Gefieder zu erhalten.\n<\/p>\n\t\t\t\t<\/div>\n\t\t\t\t<\/div>\n\t\t\t\t\t<\/div>\n\t\t\t\t<\/div>\n\t\t<div class=\"elementor-element elementor-element-0329320 e-flex e-con-boxed e-con e-parent\" data-id=\"0329320\" data-element_type=\"container\" data-e-type=\"container\">\n\t\t\t\t\t<div class=\"e-con-inner\">\n\t\t<div class=\"elementor-element elementor-element-ad28a3a e-con-full e-flex e-con e-child\" data-id=\"ad28a3a\" data-element_type=\"container\" data-e-type=\"container\">\n\t\t\t\t<div class=\"elementor-element elementor-element-e99cd0b elementor-widget elementor-widget-image\" data-id=\"e99cd0b\" data-element_type=\"widget\" data-e-type=\"widget\" data-widget_type=\"image.default\">\n\t\t\t\t<div class=\"elementor-widget-container\">\n\t\t\t\t\t\t\t\t\t\t\t\t\t\t\t<img decoding=\"async\" width=\"751\" height=\"554\" src=\"https:\/\/nature-fineart.com\/vogelfotografie-spanien\/wp-content\/uploads\/2026\/08\/Seidenreiher-mit-kleinem-Fisch-im-Schnabel-und-Wasserspritzern-im-Morgenlicht-in-Spanien.jpg\" class=\"attachment-large size-large wp-image-10190\" alt=\"\" srcset=\"https:\/\/nature-fineart.com\/vogelfotografie-spanien\/wp-content\/uploads\/2026\/08\/Seidenreiher-mit-kleinem-Fisch-im-Schnabel-und-Wasserspritzern-im-Morgenlicht-in-Spanien.jpg 1024w, https:\/\/nature-fineart.com\/vogelfotografie-spanien\/wp-content\/uploads\/2026\/08\/Seidenreiher-mit-kleinem-Fisch-im-Schnabel-und-Wasserspritzern-im-Morgenlicht-in-Spanien-600x442.jpg 600w, https:\/\/nature-fineart.com\/vogelfotografie-spanien\/wp-content\/uploads\/2026\/08\/Seidenreiher-mit-kleinem-Fisch-im-Schnabel-und-Wasserspritzern-im-Morgenlicht-in-Spanien-768x566.jpg 768w\" sizes=\"(max-width: 751px) 100vw, 751px\" \/>\t\t\t\t\t\t\t\t\t\t\t\t\t\t\t<\/div>\n\t\t\t\t<\/div>\n\t\t\t\t<\/div>\n\t\t<div class=\"elementor-element elementor-element-ab5bf53 e-con-full e-flex e-con e-child\" data-id=\"ab5bf53\" data-element_type=\"container\" data-e-type=\"container\">\n\t\t\t\t<div class=\"elementor-element elementor-element-bfa0794 elementor-widget elementor-widget-html\" data-id=\"bfa0794\" data-element_type=\"widget\" data-e-type=\"widget\" data-widget_type=\"html.default\">\n\t\t\t\t<div class=\"elementor-widget-container\">\n\t\t\t\t\t<h2>Nahrung und Jagdverhalten<\/h2>\n\n<p>\nSeidenreiher ern\u00e4hren sich von unterschiedlichen kleinen Beutetieren. Dazu geh\u00f6ren vor allem Fische, Krebstiere, Amphibien, Insekten und weitere Tiere, die sie in flachen Gew\u00e4ssern erbeuten k\u00f6nnen.\n<\/p>\n\n<p>\nBei der Nahrungssuche laufen sie h\u00e4ufig langsam durch das Wasser und beobachten aufmerksam den Bereich unmittelbar vor sich. Sobald sie eine m\u00f6gliche Beute entdecken, kann die Bewegung pl\u00f6tzlich sehr schnell werden. Innerhalb eines Augenblicks st\u00f6\u00dft der Schnabel ins Wasser und der Vogel richtet sich mit der Beute wieder auf.\n<\/p>\t\t\t\t<\/div>\n\t\t\t\t<\/div>\n\t\t\t\t<\/div>\n\t\t\t\t\t<\/div>\n\t\t\t\t<\/div>\n\t\t<div class=\"elementor-element elementor-element-eb048e0 e-flex e-con-boxed e-con e-parent\" data-id=\"eb048e0\" data-element_type=\"container\" data-e-type=\"container\">\n\t\t\t\t\t<div class=\"e-con-inner\">\n\t\t\t\t<div class=\"elementor-element elementor-element-41825ab elementor-widget elementor-widget-html\" data-id=\"41825ab\" data-element_type=\"widget\" data-e-type=\"widget\" data-widget_type=\"html.default\">\n\t\t\t\t<div class=\"elementor-widget-container\">\n\t\t\t\t\t<p>\nGenau dieser Wechsel zwischen langsamer Bewegung und blitzschneller Jagd macht den Seidenreiher f\u00fcr mich besonders interessant. Wer sein Verhalten eine Weile beobachtet, erkennt h\u00e4ufig bereits vorher, dass eine Jagdaktion unmittelbar bevorstehen k\u00f6nnte.\n<\/p>\t\t\t\t<\/div>\n\t\t\t\t<\/div>\n\t\t\t\t\t<\/div>\n\t\t\t\t<\/div>\n\t\t<div class=\"elementor-element elementor-element-8c6e7e0 e-flex e-con-boxed e-con e-parent\" data-id=\"8c6e7e0\" data-element_type=\"container\" data-e-type=\"container\">\n\t\t\t\t\t<div class=\"e-con-inner\">\n\t\t<div class=\"elementor-element elementor-element-d659027 e-con-full e-flex e-con e-child\" data-id=\"d659027\" data-element_type=\"container\" data-e-type=\"container\">\n\t\t\t\t<div class=\"elementor-element elementor-element-21a91c5 elementor-widget elementor-widget-html\" data-id=\"21a91c5\" data-element_type=\"widget\" data-e-type=\"widget\" data-widget_type=\"html.default\">\n\t\t\t\t<div class=\"elementor-widget-container\">\n\t\t\t\t\t<h2>Verhalten beobachten statt nur reagieren<\/h2>\n\n<p>\nDer Seidenreiher ist f\u00fcr mich ein Vogel, dessen Verhalten sich fotografisch vergleichsweise gut einsch\u00e4tzen l\u00e4sst. Steht er vollkommen ruhig, kann die Verschlusszeit reduziert werden. Beginnt er dagegen aufmerksam ins Wasser zu schauen oder sich langsam auf m\u00f6gliche Beute zuzubewegen, sollte gen\u00fcgend Reserve f\u00fcr eine schnelle Aktion vorhanden sein.\n<\/p>\n\n<p>\nAuch erh\u00f6hte Positionen werden gelegentlich genutzt, um die Umgebung zu \u00fcberblicken oder kurz zu ruhen. Solche Situationen bringen Abwechslung in eine Bildserie und zeigen den Vogel au\u00dferhalb der klassischen Nahrungssuche im Wasser.\n<\/p>\t\t\t\t<\/div>\n\t\t\t\t<\/div>\n\t\t\t\t<\/div>\n\t\t<div class=\"elementor-element elementor-element-8ffc1cc e-con-full e-flex e-con e-child\" data-id=\"8ffc1cc\" data-element_type=\"container\" data-e-type=\"container\">\n\t\t\t\t<div class=\"elementor-element elementor-element-4ee3afd elementor-widget elementor-widget-image\" data-id=\"4ee3afd\" data-element_type=\"widget\" data-e-type=\"widget\" data-widget_type=\"image.default\">\n\t\t\t\t<div class=\"elementor-widget-container\">\n\t\t\t\t\t\t\t\t\t\t\t\t\t\t\t<img loading=\"lazy\" decoding=\"async\" width=\"742\" height=\"1024\" src=\"https:\/\/nature-fineart.com\/vogelfotografie-spanien\/wp-content\/uploads\/2026\/08\/Seidenreiher-steht-auf-einem-Baumstamm-ueber-dem-Wasser-und-beobachtet-die-Umgebung.jpg\" class=\"attachment-large size-large wp-image-10191\" alt=\"\" srcset=\"https:\/\/nature-fineart.com\/vogelfotografie-spanien\/wp-content\/uploads\/2026\/08\/Seidenreiher-steht-auf-einem-Baumstamm-ueber-dem-Wasser-und-beobachtet-die-Umgebung.jpg 742w, https:\/\/nature-fineart.com\/vogelfotografie-spanien\/wp-content\/uploads\/2026\/08\/Seidenreiher-steht-auf-einem-Baumstamm-ueber-dem-Wasser-und-beobachtet-die-Umgebung-435x600.jpg 435w\" sizes=\"(max-width: 742px) 100vw, 742px\" \/>\t\t\t\t\t\t\t\t\t\t\t\t\t\t\t<\/div>\n\t\t\t\t<\/div>\n\t\t\t\t<\/div>\n\t\t\t\t\t<\/div>\n\t\t\t\t<\/div>\n\t\t<div class=\"elementor-element elementor-element-9fa0dfd e-flex e-con-boxed e-con e-parent\" data-id=\"9fa0dfd\" data-element_type=\"container\" data-e-type=\"container\">\n\t\t\t\t\t<div class=\"e-con-inner\">\n\t\t\t\t<div class=\"elementor-element elementor-element-674e30c elementor-widget elementor-widget-html\" data-id=\"674e30c\" data-element_type=\"widget\" data-e-type=\"widget\" data-widget_type=\"html.default\">\n\t\t\t\t<div class=\"elementor-widget-container\">\n\t\t\t\t\t<h2>Bewegung und gelbe F\u00fc\u00dfe fotografieren<\/h2>\n\n<p>\nBeim laufenden Seidenreiher lohnt es sich, nicht nur auf den Kopf zu achten. Der Moment, in dem ein Fu\u00df aus dem Wasser gehoben wird, kann die charakteristische gelbe F\u00e4rbung besonders deutlich zeigen und gleichzeitig Bewegung ins Bild bringen.\n<\/p>\t\t\t\t<\/div>\n\t\t\t\t<\/div>\n\t\t\t\t\t<\/div>\n\t\t\t\t<\/div>\n\t\t<div class=\"elementor-element elementor-element-9197acd e-flex e-con-boxed e-con e-parent\" data-id=\"9197acd\" data-element_type=\"container\" data-e-type=\"container\">\n\t\t\t\t\t<div class=\"e-con-inner\">\n\t\t<div class=\"elementor-element elementor-element-a409a3a e-con-full e-flex e-con e-child\" data-id=\"a409a3a\" data-element_type=\"container\" data-e-type=\"container\">\n\t\t\t\t<div class=\"elementor-element elementor-element-4dd067e elementor-widget elementor-widget-html\" data-id=\"4dd067e\" data-element_type=\"widget\" data-e-type=\"widget\" data-widget_type=\"html.default\">\n\t\t\t\t<div class=\"elementor-widget-container\">\n\t\t\t\t\t<p>\nF\u00fcr solche Situationen verwende ich lieber eine kurze Verschlusszeit. Beim ruhigen Stehen ist das nicht unbedingt notwendig, doch beim Gehen, bei Jagdaktionen oder beim Start in den Flug k\u00f6nnen sich Kopf, Beine und Wasser sehr schnell bewegen.\n<\/p>\n\n<p>\nSerienaufnahmen sind dabei hilfreich. Gerade beim Laufen unterscheiden sich die einzelnen Bilder oft stark: In einem Moment verdeckt ein Bein das andere, im n\u00e4chsten ist der gelbe Fu\u00df perfekt sichtbar und die K\u00f6rperhaltung wirkt deutlich harmonischer.\n<\/p>\t\t\t\t<\/div>\n\t\t\t\t<\/div>\n\t\t\t\t<\/div>\n\t\t<div class=\"elementor-element elementor-element-794f183 e-con-full e-flex e-con e-child\" data-id=\"794f183\" data-element_type=\"container\" data-e-type=\"container\">\n\t\t\t\t<div class=\"elementor-element elementor-element-a3e0ae9 elementor-widget elementor-widget-image\" data-id=\"a3e0ae9\" data-element_type=\"widget\" data-e-type=\"widget\" data-widget_type=\"image.default\">\n\t\t\t\t<div class=\"elementor-widget-container\">\n\t\t\t\t\t\t\t\t\t\t\t\t\t\t\t<img loading=\"lazy\" decoding=\"async\" width=\"751\" height=\"548\" src=\"https:\/\/nature-fineart.com\/vogelfotografie-spanien\/wp-content\/uploads\/2026\/08\/Seidenreiher-im-Prachtkleid-laeuft-durch-flaches-Wasser-und-zeigt-seinen-auffaellig-gelben-Fuss.jpg\" class=\"attachment-large size-large wp-image-10192\" alt=\"\" srcset=\"https:\/\/nature-fineart.com\/vogelfotografie-spanien\/wp-content\/uploads\/2026\/08\/Seidenreiher-im-Prachtkleid-laeuft-durch-flaches-Wasser-und-zeigt-seinen-auffaellig-gelben-Fuss.jpg 1024w, https:\/\/nature-fineart.com\/vogelfotografie-spanien\/wp-content\/uploads\/2026\/08\/Seidenreiher-im-Prachtkleid-laeuft-durch-flaches-Wasser-und-zeigt-seinen-auffaellig-gelben-Fuss-600x438.jpg 600w, https:\/\/nature-fineart.com\/vogelfotografie-spanien\/wp-content\/uploads\/2026\/08\/Seidenreiher-im-Prachtkleid-laeuft-durch-flaches-Wasser-und-zeigt-seinen-auffaellig-gelben-Fuss-768x560.jpg 768w\" sizes=\"(max-width: 751px) 100vw, 751px\" \/>\t\t\t\t\t\t\t\t\t\t\t\t\t\t\t<\/div>\n\t\t\t\t<\/div>\n\t\t\t\t<\/div>\n\t\t\t\t\t<\/div>\n\t\t\t\t<\/div>\n\t\t<div class=\"elementor-element elementor-element-62e5779 e-flex e-con-boxed e-con e-parent\" data-id=\"62e5779\" data-element_type=\"container\" data-e-type=\"container\">\n\t\t\t\t\t<div class=\"e-con-inner\">\n\t\t<div class=\"elementor-element elementor-element-e438638 e-con-full e-flex e-con e-child\" data-id=\"e438638\" data-element_type=\"container\" data-e-type=\"container\">\n\t\t\t\t<div class=\"elementor-element elementor-element-d68c4a2 elementor-widget elementor-widget-image\" data-id=\"d68c4a2\" data-element_type=\"widget\" data-e-type=\"widget\" data-widget_type=\"image.default\">\n\t\t\t\t<div class=\"elementor-widget-container\">\n\t\t\t\t\t\t\t\t\t\t\t\t\t\t\t<img loading=\"lazy\" decoding=\"async\" width=\"751\" height=\"948\" src=\"https:\/\/nature-fineart.com\/vogelfotografie-spanien\/wp-content\/uploads\/2026\/08\/Seidenreiher-mit-einem-groesseren-Fisch-im-Schnabel-waehrend-der-Jagd-im-flachen-Wasser.jpg\" class=\"attachment-large size-large wp-image-10193\" alt=\"\" srcset=\"https:\/\/nature-fineart.com\/vogelfotografie-spanien\/wp-content\/uploads\/2026\/08\/Seidenreiher-mit-einem-groesseren-Fisch-im-Schnabel-waehrend-der-Jagd-im-flachen-Wasser.jpg 811w, https:\/\/nature-fineart.com\/vogelfotografie-spanien\/wp-content\/uploads\/2026\/08\/Seidenreiher-mit-einem-groesseren-Fisch-im-Schnabel-waehrend-der-Jagd-im-flachen-Wasser-475x600.jpg 475w, https:\/\/nature-fineart.com\/vogelfotografie-spanien\/wp-content\/uploads\/2026\/08\/Seidenreiher-mit-einem-groesseren-Fisch-im-Schnabel-waehrend-der-Jagd-im-flachen-Wasser-768x970.jpg 768w\" sizes=\"(max-width: 751px) 100vw, 751px\" \/>\t\t\t\t\t\t\t\t\t\t\t\t\t\t\t<\/div>\n\t\t\t\t<\/div>\n\t\t\t\t<\/div>\n\t\t<div class=\"elementor-element elementor-element-a8deeb9 e-con-full e-flex e-con e-child\" data-id=\"a8deeb9\" data-element_type=\"container\" data-e-type=\"container\">\n\t\t\t\t<div class=\"elementor-element elementor-element-d128977 elementor-widget elementor-widget-html\" data-id=\"d128977\" data-element_type=\"widget\" data-e-type=\"widget\" data-widget_type=\"html.default\">\n\t\t\t\t<div class=\"elementor-widget-container\">\n\t\t\t\t\t<h2>Autofokus und Perspektive<\/h2>\n\n<p>\nEine zuverl\u00e4ssige Augenerkennung erleichtert die Fotografie des Seidenreihers deutlich, solange der Vogel frei im Wasser steht. Zwischen Schilf, Gr\u00e4sern oder anderen Pflanzen kann der Autofokus dagegen auf den Vordergrund springen. In solchen Situationen arbeite ich lieber mit einem kleineren Fokusfeld oder einem gezielt gesetzten Fokuspunkt.\n<\/p>\n\n<p>\nBesonders wirkungsvoll ist eine m\u00f6glichst niedrige Perspektive. Fotografiert man ungef\u00e4hr auf Augenh\u00f6he des Vogels, wirkt die Wasserfl\u00e4che ruhiger und Vorder- sowie Hintergrund k\u00f6nnen weich verschwimmen. Gleichzeitig bekommt der Seidenreiher im Bild mehr Pr\u00e4senz.\n<\/p>\n\n<p>\nDie Perspektive sollte nat\u00fcrlich immer so gew\u00e4hlt werden, dass der Vogel nicht gest\u00f6rt wird. Ruhiges Abwarten ist meist erfolgreicher als der Versuch, einem jagenden Reiher hinterherzulaufen.\n<\/p>\t\t\t\t<\/div>\n\t\t\t\t<\/div>\n\t\t\t\t<\/div>\n\t\t\t\t\t<\/div>\n\t\t\t\t<\/div>\n\t\t<div class=\"elementor-element elementor-element-9e1d5a5 e-flex e-con-boxed e-con e-parent\" data-id=\"9e1d5a5\" data-element_type=\"container\" data-e-type=\"container\">\n\t\t\t\t\t<div class=\"e-con-inner\">\n\t\t\t\t<div class=\"elementor-element elementor-element-1865715 elementor-widget elementor-widget-html\" data-id=\"1865715\" data-element_type=\"widget\" data-e-type=\"widget\" data-widget_type=\"html.default\">\n\t\t\t\t<div class=\"elementor-widget-container\">\n\t\t\t\t\t<h2>Den richtigen Moment abwarten<\/h2>\n\n<p>\nOft entstehen die interessantesten Bilder nicht beim ruhigen Stehen, sondern unmittelbar nach einer erfolgreichen Jagd. Ein Fisch im Schnabel, fallende Wassertropfen oder ein noch angehobener Fu\u00df erz\u00e4hlen deutlich mehr \u00fcber das Verhalten des Vogels als ein weiteres klassisches Portr\u00e4t.\n<\/p>\n\n<p>\nSolche Szenen dauern h\u00e4ufig nur wenige Sekunden. Es lohnt sich deshalb, den Vogel bereits w\u00e4hrend der Nahrungssuche aufmerksam im Sucher zu verfolgen und nicht erst dann zu reagieren, wenn die Beute schon gefangen wurde.\n<\/p>\t\t\t\t<\/div>\n\t\t\t\t<\/div>\n\t\t\t\t\t<\/div>\n\t\t\t\t<\/div>\n\t\t<div class=\"elementor-element elementor-element-8621271 e-flex e-con-boxed e-con e-parent\" data-id=\"8621271\" data-element_type=\"container\" data-e-type=\"container\">\n\t\t\t\t\t<div class=\"e-con-inner\">\n\t\t<div class=\"elementor-element elementor-element-e8f1a8a e-con-full e-flex e-con e-child\" data-id=\"e8f1a8a\" data-element_type=\"container\" data-e-type=\"container\">\n\t\t\t\t<div class=\"elementor-element elementor-element-0553bdf elementor-widget elementor-widget-html\" data-id=\"0553bdf\" data-element_type=\"widget\" data-e-type=\"widget\" data-widget_type=\"html.default\">\n\t\t\t\t<div class=\"elementor-widget-container\">\n\t\t\t\t\t<h2>Eine pers\u00f6nliche Beobachtung<\/h2>\n\n<p>\nSeidenreiher geh\u00f6ren zu den Vogelarten, die ich \u00fcber die Jahre sehr h\u00e4ufig beobachten konnte. Gerade am Anfang meiner Vogelfotografie haben sie mich besonders fasziniert. Heute fotografiere ich sie meist dann, wenn Licht, Verhalten oder Umgebung eine besonders interessante Situation ergeben.\n<\/p>\n\n<p>\nWas mich bis heute an ihnen reizt, ist die Eleganz ihrer Bewegungen. Sie k\u00f6nnen minutenlang ruhig und konzentriert durch das Wasser gehen und innerhalb eines Augenblicks zu einer schnellen Jagdaktion wechseln. Dazu kommen die leuchtend gelben F\u00fc\u00dfe und im Fr\u00fchjahr die feinen Schmuckfedern des Prachtkleids.\n<\/p>\n\n<p>\nGerade bei einer Art, die man h\u00e4ufig beobachten kann, lohnt es sich aus meiner Sicht, nicht einfach jedes Portr\u00e4t aufzunehmen, sondern auf besondere Situationen, gutes Licht und nat\u00fcrliches Verhalten zu warten.\n<\/p>\t\t\t\t<\/div>\n\t\t\t\t<\/div>\n\t\t\t\t<\/div>\n\t\t<div class=\"elementor-element elementor-element-df67120 e-con-full e-flex e-con e-child\" data-id=\"df67120\" data-element_type=\"container\" data-e-type=\"container\">\n\t\t\t\t<div class=\"elementor-element elementor-element-9088f18 elementor-widget elementor-widget-image\" data-id=\"9088f18\" data-element_type=\"widget\" data-e-type=\"widget\" data-widget_type=\"image.default\">\n\t\t\t\t<div class=\"elementor-widget-container\">\n\t\t\t\t\t\t\t\t\t\t\t\t\t\t\t<img loading=\"lazy\" decoding=\"async\" width=\"668\" height=\"1024\" src=\"https:\/\/nature-fineart.com\/vogelfotografie-spanien\/wp-content\/uploads\/2026\/08\/Seidenreiher-auf-einem-Ast-mit-weissen-Gefieder-schwarzen-Beinen-und-gelben-Fuessen.jpg\" class=\"attachment-large size-large wp-image-10194\" alt=\"\" srcset=\"https:\/\/nature-fineart.com\/vogelfotografie-spanien\/wp-content\/uploads\/2026\/08\/Seidenreiher-auf-einem-Ast-mit-weissen-Gefieder-schwarzen-Beinen-und-gelben-Fuessen.jpg 668w, https:\/\/nature-fineart.com\/vogelfotografie-spanien\/wp-content\/uploads\/2026\/08\/Seidenreiher-auf-einem-Ast-mit-weissen-Gefieder-schwarzen-Beinen-und-gelben-Fuessen-391x600.jpg 391w\" sizes=\"(max-width: 668px) 100vw, 668px\" \/>\t\t\t\t\t\t\t\t\t\t\t\t\t\t\t<\/div>\n\t\t\t\t<\/div>\n\t\t\t\t<\/div>\n\t\t\t\t\t<\/div>\n\t\t\t\t<\/div>\n\t\t<div class=\"elementor-element elementor-element-8c5e1bf e-flex e-con-boxed e-con e-parent\" data-id=\"8c5e1bf\" data-element_type=\"container\" data-e-type=\"container\">\n\t\t\t\t\t<div class=\"e-con-inner\">\n\t\t<div class=\"elementor-element elementor-element-f63ae70 e-con-full e-flex e-con e-child\" data-id=\"f63ae70\" data-element_type=\"container\" data-e-type=\"container\">\n\t\t\t\t<div class=\"elementor-element elementor-element-bef48cc elementor-widget elementor-widget-image\" data-id=\"bef48cc\" data-element_type=\"widget\" data-e-type=\"widget\" data-widget_type=\"image.default\">\n\t\t\t\t<div class=\"elementor-widget-container\">\n\t\t\t\t\t\t\t\t\t\t\t\t\t\t\t<img loading=\"lazy\" decoding=\"async\" width=\"751\" height=\"945\" src=\"https:\/\/nature-fineart.com\/vogelfotografie-spanien\/wp-content\/uploads\/2026\/08\/Silhouette-eines-Seidenreihers-vor-orangefarbenem-Wasser-im-warmen-Gegenlicht.jpg\" class=\"attachment-large size-large wp-image-10195\" alt=\"\" srcset=\"https:\/\/nature-fineart.com\/vogelfotografie-spanien\/wp-content\/uploads\/2026\/08\/Silhouette-eines-Seidenreihers-vor-orangefarbenem-Wasser-im-warmen-Gegenlicht.jpg 814w, https:\/\/nature-fineart.com\/vogelfotografie-spanien\/wp-content\/uploads\/2026\/08\/Silhouette-eines-Seidenreihers-vor-orangefarbenem-Wasser-im-warmen-Gegenlicht-477x600.jpg 477w, https:\/\/nature-fineart.com\/vogelfotografie-spanien\/wp-content\/uploads\/2026\/08\/Silhouette-eines-Seidenreihers-vor-orangefarbenem-Wasser-im-warmen-Gegenlicht-768x966.jpg 768w\" sizes=\"(max-width: 751px) 100vw, 751px\" \/>\t\t\t\t\t\t\t\t\t\t\t\t\t\t\t<\/div>\n\t\t\t\t<\/div>\n\t\t\t\t<\/div>\n\t\t<div class=\"elementor-element elementor-element-648f867 e-con-full e-flex e-con e-child\" data-id=\"648f867\" data-element_type=\"container\" data-e-type=\"container\">\n\t\t\t\t<div class=\"elementor-element elementor-element-1001073 elementor-widget elementor-widget-html\" data-id=\"1001073\" data-element_type=\"widget\" data-e-type=\"widget\" data-widget_type=\"html.default\">\n\t\t\t\t<div class=\"elementor-widget-container\">\n\t\t\t\t\t<h2>Seidenreiher im Gegenlicht<\/h2>\n\n<p>\nNicht jede Aufnahme muss das wei\u00dfe Gefieder mit allen Details zeigen. Gegenlicht er\u00f6ffnet eine v\u00f6llig andere M\u00f6glichkeit, den Seidenreiher fotografisch darzustellen. Seine schlanke K\u00f6rperform, der lange Hals und der spitze Schnabel funktionieren auch als Silhouette sehr gut.\n<\/p>\n\n<p>\nBesonders bei tief stehender Sonne k\u00f6nnen sich warme Farben im Wasser spiegeln. Dadurch entsteht eine reduzierte Bildwirkung, bei der weniger die Gefiederzeichnung als vielmehr Form, Licht und Atmosph\u00e4re im Mittelpunkt stehen.\n<\/p>\t\t\t\t<\/div>\n\t\t\t\t<\/div>\n\t\t\t\t<\/div>\n\t\t\t\t\t<\/div>\n\t\t\t\t<\/div>\n\t\t<div class=\"elementor-element elementor-element-6d69908 e-flex e-con-boxed e-con e-parent\" data-id=\"6d69908\" data-element_type=\"container\" data-e-type=\"container\">\n\t\t\t\t\t<div class=\"e-con-inner\">\n\t\t\t\t<div class=\"elementor-element elementor-element-65519db elementor-widget elementor-widget-html\" data-id=\"65519db\" data-element_type=\"widget\" data-e-type=\"widget\" data-widget_type=\"html.default\">\n\t\t\t\t<div class=\"elementor-widget-container\">\n\t\t\t\t\t<h2>Weitere Reiher entdecken<\/h2>\n\n<p>\nWenn dich Reiher und andere V\u00f6gel der Feuchtgebiete interessieren, findest du auf meiner Website weitere Artenportr\u00e4ts zum\n<a href=\"https:\/\/nature-fineart.com\/vogelfotografie-spanien\/purpurreiher\/\">Purpurreiher<\/a>,\n<a href=\"https:\/\/nature-fineart.com\/vogelfotografie-spanien\/rallenreiher\/\">Rallenreiher<\/a>,\n<a href=\"https:\/\/nature-fineart.com\/vogelfotografie-spanien\/kuhreiher\/\">Kuhreiher<\/a>\nund\n<a href=\"https:\/\/nature-fineart.com\/vogelfotografie-spanien\/nachtreiher\/\">Nachtreiher<\/a>.\n<\/p>\n\n<h2>Vogelfotografie im Jahresverlauf<\/h2>\n\n<p>\nDer Seidenreiher l\u00e4sst sich in Spanien zu unterschiedlichen Jahreszeiten beobachten. Wie sich Vogelwelt, Licht und fotografische M\u00f6glichkeiten im Laufe des Jahres ver\u00e4ndern, erf\u00e4hrst du in meinem Beitrag \u00fcber die\n<a href=\"https:\/\/nature-fineart.com\/vogelfotografie-spanien\/vogelfotografie-und-fotohides-in-spanien\/\">Vogelfotografie und Fotohides in Spanien, die Jahreszeiten im \u00dcberblick<\/a>.\n<\/p>\n\n<h2>Natur erleben &amp; selbst fotografieren<\/h2>\n\n<p>\nM\u00f6chtest du die vielf\u00e4ltige Vogelwelt Spaniens selbst erleben und fotografieren?\n<\/p>\n\n<p>\nAuf meinen Fotoreisen stehen nat\u00fcrliche Beobachtungen, spannende Verhaltensweisen und besondere fotografische Situationen im Mittelpunkt. Je nach Reise und Jahreszeit lassen sich zahlreiche Vogelarten in unterschiedlichen Lebensr\u00e4umen beobachten und fotografieren.\n<\/p>\n\n<p>\nMehr \u00fcber meine aktuellen Fotoreisen findest du hier:\n<\/p>\n\n<p>\n<a href=\"https:\/\/nature-fineart.com\/vogelfotografie-spanien\/reisen\/\">\u2192 Fotoreisen in Spanien entdecken<\/a>\n<\/p>\n\n<h2>Interesse an einer Fotoreise?<\/h2>\n\n<p>\nNutze einfach das folgende Anfrageformular. Ich freue mich auf deine Nachricht und beantworte gerne deine Fragen zu meinen Fotoreisen und den unterschiedlichen fotografischen M\u00f6glichkeiten in Spanien.\n<\/p>\t\t\t\t<\/div>\n\t\t\t\t<\/div>\n\t\t\t\t\t<\/div>\n\t\t\t\t<\/div>\n\t\t<div class=\"elementor-element elementor-element-a07c90e e-flex e-con-boxed e-con e-parent\" data-id=\"a07c90e\" data-element_type=\"container\" data-e-type=\"container\">\n\t\t\t\t\t<div class=\"e-con-inner\">\n\t\t\t\t<div class=\"elementor-element elementor-element-9946bb7 elementor-widget elementor-widget-shortcode\" data-id=\"9946bb7\" data-element_type=\"widget\" data-e-type=\"widget\" data-widget_type=\"shortcode.default\">\n\t\t\t\t<div class=\"elementor-widget-container\">\n\t\t\t\t\t\t\t<div class=\"elementor-shortcode\"><style id=\"wpforms-css-vars-5929\">\n\t\t\t\t#wpforms-5929 {\n\t\t\t\t--wpforms-field-border-color: #5E5E5E;\n--wpforms-field-border-color-spare: #5E5E5E;\n--wpforms-field-text-color: #5e5e5e;\n--wpforms-label-color: #5e5e5e;\n--wpforms-label-sublabel-color: #5e5e5e;\n--wpforms-button-background-color: #6e7b4a;\n--wpforms-container-padding: 0px;\n--wpforms-container-border-width: 1px;\n--wpforms-container-border-radius: 3px;\n--wpforms-background-color: rgba(0, 0, 0, 0);\n--wpforms-field-size-input-height: 43px;\n--wpforms-field-size-input-spacing: 15px;\n--wpforms-field-size-font-size: 16px;\n--wpforms-field-size-line-height: 19px;\n--wpforms-field-size-padding-h: 14px;\n--wpforms-field-size-checkbox-size: 16px;\n--wpforms-field-size-sublabel-spacing: 5px;\n--wpforms-field-size-icon-size: 1;\n--wpforms-label-size-font-size: 16px;\n--wpforms-label-size-line-height: 19px;\n--wpforms-label-size-sublabel-font-size: 14px;\n--wpforms-label-size-sublabel-line-height: 17px;\n--wpforms-button-size-font-size: 17px;\n--wpforms-button-size-height: 41px;\n--wpforms-button-size-padding-h: 15px;\n--wpforms-button-size-margin-top: 10px;\n--wpforms-container-shadow-size-box-shadow: none;\n\t\t\t}\n\t\t\t<\/style><div class=\"wpforms-container wpforms-container-full wpforms-render-modern\" id=\"wpforms-5929\"><form id=\"wpforms-form-5929\" class=\"wpforms-validate wpforms-form wpforms-ajax-form\" data-formid=\"5929\" method=\"post\" enctype=\"multipart\/form-data\" action=\"\/vogelfotografie-spanien\/wp-json\/wp\/v2\/pages\/10184\" data-token=\"6fe8dd5e8c13da77c15288333c0eb977\" data-token-time=\"1788260840\"><noscript class=\"wpforms-error-noscript\">Bitte aktiviere JavaScript in deinem Browser, um dieses Formular fertigzustellen.<\/noscript><div id=\"wpforms-error-noscript\" style=\"display: none;\">Bitte aktiviere JavaScript in deinem Browser, um dieses Formular fertigzustellen.<\/div><div class=\"wpforms-field-container\"><div id=\"wpforms-5929-field_1-container\" class=\"wpforms-field wpforms-field-name\" data-field-id=\"1\"><fieldset><legend class=\"wpforms-field-label\">Name <span class=\"wpforms-required-label\" aria-hidden=\"true\">*<\/span><\/legend><div class=\"wpforms-field-row wpforms-field-medium\"><div class=\"wpforms-field-row-block wpforms-first wpforms-one-half\"><input type=\"text\" id=\"wpforms-5929-field_1\" class=\"wpforms-field-name-first wpforms-field-required\" name=\"wpforms[fields][1][first]\" aria-errormessage=\"wpforms-5929-field_1-error\" required><label for=\"wpforms-5929-field_1\" class=\"wpforms-field-sublabel after\">Vorname<\/label><\/div><div class=\"wpforms-field-row-block wpforms-one-half\"><input type=\"text\" id=\"wpforms-5929-field_1-last\" class=\"wpforms-field-name-last wpforms-field-required\" name=\"wpforms[fields][1][last]\" aria-errormessage=\"wpforms-5929-field_1-last-error\" required><label for=\"wpforms-5929-field_1-last\" class=\"wpforms-field-sublabel after\">Nachname<\/label><\/div><\/div><\/fieldset><\/div><div id=\"wpforms-5929-field_2-container\" class=\"wpforms-field wpforms-field-email\" data-field-id=\"2\"><label class=\"wpforms-field-label\" for=\"wpforms-5929-field_2\">E-Mail-Adresse <span class=\"wpforms-required-label\" aria-hidden=\"true\">*<\/span><\/label><input type=\"email\" id=\"wpforms-5929-field_2\" class=\"wpforms-field-medium wpforms-field-required\" name=\"wpforms[fields][2]\" spellcheck=\"false\" aria-errormessage=\"wpforms-5929-field_2-error\" required><\/div>\t\t<div id=\"wpforms-5929-field_4-container\"\n\t\t\tclass=\"wpforms-field wpforms-field-text\"\n\t\t\tdata-field-type=\"text\"\n\t\t\tdata-field-id=\"4\"\n\t\t\t>\n\t\t\t<label class=\"wpforms-field-label\" for=\"wpforms-5929-field_4\" >Name Kommentar E-Mail-Adresse<\/label>\n\t\t\t<input type=\"text\" id=\"wpforms-5929-field_4\" class=\"wpforms-field-medium\" name=\"wpforms[fields][4]\" >\n\t\t<\/div>\n\t\t<div id=\"wpforms-5929-field_3-container\" class=\"wpforms-field wpforms-field-textarea\" data-field-id=\"3\"><label class=\"wpforms-field-label\" for=\"wpforms-5929-field_3\">Kommentar oder Nachricht<\/label><textarea id=\"wpforms-5929-field_3\" class=\"wpforms-field-medium\" name=\"wpforms[fields][3]\" aria-errormessage=\"wpforms-5929-field_3-error\" ><\/textarea><\/div><script>\n\t\t\t\t( function() {\n\t\t\t\t\tconst style = document.createElement( 'style' );\n\t\t\t\t\tstyle.appendChild( document.createTextNode( '#wpforms-5929-field_4-container { position: absolute !important; overflow: hidden !important; display: inline !important; height: 1px !important; width: 1px !important; z-index: -1000 !important; padding: 0 !important; } #wpforms-5929-field_4-container input { visibility: hidden; } #wpforms-conversational-form-page #wpforms-5929-field_4-container label { counter-increment: none; }' ) );\n\t\t\t\t\tdocument.head.appendChild( style );\n\t\t\t\t\tdocument.currentScript?.remove();\n\t\t\t\t} )();\n\t\t\t<\/script><\/div><!-- .wpforms-field-container --><div class=\"wpforms-submit-container\" ><input type=\"hidden\" name=\"wpforms[id]\" value=\"5929\"><input type=\"hidden\" name=\"page_title\" value=\"\"><input type=\"hidden\" name=\"page_url\" value=\"https:\/\/nature-fineart.com\/vogelfotografie-spanien\/wp-json\/wp\/v2\/pages\/10184\"><input type=\"hidden\" name=\"url_referer\" value=\"\"><button type=\"submit\" name=\"wpforms[submit]\" id=\"wpforms-submit-5929\" class=\"wpforms-submit\" data-alt-text=\"Wird gesendet\u00a0\u2026\" data-submit-text=\"Anfrage senden\" aria-live=\"assertive\" value=\"wpforms-submit\">Anfrage senden<\/button><img loading=\"lazy\" decoding=\"async\" src=\"https:\/\/nature-fineart.com\/vogelfotografie-spanien\/wp-content\/plugins\/wpforms-lite\/assets\/images\/submit-spin.svg\" class=\"wpforms-submit-spinner\" style=\"display: none;\" width=\"26\" height=\"26\" alt=\"Wird geladen\"><\/div><\/form><\/div>  <!-- .wpforms-container --><\/div>\n\t\t\t\t\t\t<\/div>\n\t\t\t\t<\/div>\n\t\t\t\t\t<\/div>\n\t\t\t\t<\/div>\n\t\t\t\t<\/div>\n\t\t","protected":false},"excerpt":{"rendered":"<p>Der Seidenreiher (Egretta garzetta) geh\u00f6rt mit seinem rein wei\u00dfen Gefieder, den schlanken schwarzen Beinen und den auff\u00e4llig gelben F\u00fc\u00dfen zu den elegantesten Reihern Europas. In Spanien l\u00e4sst er sich das ganze Jahr \u00fcber beobachten und ist besonders an Feuchtgebieten, Deltas und flachen K\u00fcstengew\u00e4ssern regelm\u00e4\u00dfig anzutreffen. Fotografisch finde ich den Seidenreiher besonders interessant, weil sich sein&#8230;<\/p>\n","protected":false},"author":2,"featured_media":0,"parent":0,"menu_order":0,"comment_status":"closed","ping_status":"closed","template":"","meta":{"footnotes":""},"class_list":["post-10184","page","type-page","status-publish","hentry"],"_links":{"self":[{"href":"https:\/\/nature-fineart.com\/vogelfotografie-spanien\/wp-json\/wp\/v2\/pages\/10184","targetHints":{"allow":["GET"]}}],"collection":[{"href":"https:\/\/nature-fineart.com\/vogelfotografie-spanien\/wp-json\/wp\/v2\/pages"}],"about":[{"href":"https:\/\/nature-fineart.com\/vogelfotografie-spanien\/wp-json\/wp\/v2\/types\/page"}],"author":[{"embeddable":true,"href":"https:\/\/nature-fineart.com\/vogelfotografie-spanien\/wp-json\/wp\/v2\/users\/2"}],"replies":[{"embeddable":true,"href":"https:\/\/nature-fineart.com\/vogelfotografie-spanien\/wp-json\/wp\/v2\/comments?post=10184"}],"version-history":[{"count":7,"href":"https:\/\/nature-fineart.com\/vogelfotografie-spanien\/wp-json\/wp\/v2\/pages\/10184\/revisions"}],"predecessor-version":[{"id":10207,"href":"https:\/\/nature-fineart.com\/vogelfotografie-spanien\/wp-json\/wp\/v2\/pages\/10184\/revisions\/10207"}],"wp:attachment":[{"href":"https:\/\/nature-fineart.com\/vogelfotografie-spanien\/wp-json\/wp\/v2\/media?parent=10184"}],"curies":[{"name":"wp","href":"https:\/\/api.w.org\/{rel}","templated":true}]}}