{"id":10208,"date":"2026-08-08T11:07:39","date_gmt":"2026-08-08T09:07:39","guid":{"rendered":"https:\/\/nature-fineart.com\/vogelfotografie-spanien\/?page_id=10208"},"modified":"2026-08-08T11:14:20","modified_gmt":"2026-08-08T09:14:20","slug":"silberreiher","status":"publish","type":"page","link":"https:\/\/nature-fineart.com\/vogelfotografie-spanien\/silberreiher\/","title":{"rendered":"Silberreiher fotografieren"},"content":{"rendered":"\t\t<div data-elementor-type=\"wp-page\" data-elementor-id=\"10208\" class=\"elementor elementor-10208\">\n\t\t\t\t<div class=\"elementor-element elementor-element-03d516b e-flex e-con-boxed e-con e-parent\" data-id=\"03d516b\" data-element_type=\"container\" data-e-type=\"container\">\n\t\t\t\t\t<div class=\"e-con-inner\">\n\t\t<div class=\"elementor-element elementor-element-b28261a e-con-full e-flex e-con e-child\" data-id=\"b28261a\" data-element_type=\"container\" data-e-type=\"container\">\n\t\t\r\n\t\t<div class=\"elementor-element elementor-element-d9a4f76 elementor-widget elementor-widget-image\" data-id=\"d9a4f76\" data-element_type=\"widget\" data-e-type=\"widget\" data-widget_type=\"image.default\">\n\t\t\t\t<div class=\"elementor-widget-container\">\n\t\t\t\t\t\t\t\t\t\t\t\t\t\t\t<img fetchpriority=\"high\" decoding=\"async\" width=\"751\" height=\"538\" src=\"https:\/\/nature-fineart.com\/vogelfotografie-spanien\/wp-content\/uploads\/2026\/08\/Silberreiher-im-Prachtkleid-mit-Fisch-im-Schnabel-in-einem-spanischen-Feuchtgebiet.jpg\" class=\"attachment-large size-large wp-image-10209\" alt=\"\" srcset=\"https:\/\/nature-fineart.com\/vogelfotografie-spanien\/wp-content\/uploads\/2026\/08\/Silberreiher-im-Prachtkleid-mit-Fisch-im-Schnabel-in-einem-spanischen-Feuchtgebiet.jpg 1024w, https:\/\/nature-fineart.com\/vogelfotografie-spanien\/wp-content\/uploads\/2026\/08\/Silberreiher-im-Prachtkleid-mit-Fisch-im-Schnabel-in-einem-spanischen-Feuchtgebiet-600x429.jpg 600w, https:\/\/nature-fineart.com\/vogelfotografie-spanien\/wp-content\/uploads\/2026\/08\/Silberreiher-im-Prachtkleid-mit-Fisch-im-Schnabel-in-einem-spanischen-Feuchtgebiet-768x550.jpg 768w\" sizes=\"(max-width: 751px) 100vw, 751px\" \/>\t\t\t\t\t\t\t\t\t\t\t\t\t\t\t<\/div>\n\t\t\t\t<\/div>\n\t\t\t\t<\/div>\n\t\t<div class=\"elementor-element elementor-element-d319731 e-con-full e-flex e-con e-child\" data-id=\"d319731\" data-element_type=\"container\" data-e-type=\"container\">\n\t\t\t\t<div class=\"elementor-element elementor-element-16c822b elementor-widget elementor-widget-html\" data-id=\"16c822b\" data-element_type=\"widget\" data-e-type=\"widget\" data-widget_type=\"html.default\">\n\t\t\t\t<div class=\"elementor-widget-container\">\n\t\t\t\t\t<p>\nDer Silberreiher (<em>Ardea alba<\/em>) geh\u00f6rt zu den gr\u00f6\u00dften und auff\u00e4lligsten Reihern Europas. Sein vollst\u00e4ndig wei\u00dfes Gefieder, der lange Hals und die enorme K\u00f6rpergr\u00f6\u00dfe machen ihn bereits auf gr\u00f6\u00dfere Entfernung gut erkennbar. In Spanien l\u00e4sst sich die Art an zahlreichen Feuchtgebieten beobachten \u2013 von Deltas und Lagunen bis zu Seen, S\u00fcmpfen und feuchten Wiesen.\n<\/p>\n\n<p>\nF\u00fcr die Vogelfotografie ist der Silberreiher besonders spannend, weil er zwischen langen ruhigen Phasen und blitzschnellen Jagdaktionen wechseln kann. Gleichzeitig stellt sein wei\u00dfes Gefieder hohe Anforderungen an die Belichtung. Besonders au\u00dfergew\u00f6hnlich wirkt die Art im Prachtkleid, wenn sich Schnabel, Gesichtshaut und Beine deutlich verf\u00e4rben.\n<\/p>\t\t\t\t<\/div>\n\t\t\t\t<\/div>\n\t\t\t\t<\/div>\n\t\t\t\t\t<\/div>\n\t\t\t\t<\/div>\n\t\t<div class=\"elementor-element elementor-element-715f9c5 e-flex e-con-boxed e-con e-parent\" data-id=\"715f9c5\" data-element_type=\"container\" data-e-type=\"container\">\n\t\t\t\t\t<div class=\"e-con-inner\">\n\t\t\t\t<div class=\"elementor-element elementor-element-46f9065 elementor-widget elementor-widget-html\" data-id=\"46f9065\" data-element_type=\"widget\" data-e-type=\"widget\" data-widget_type=\"html.default\">\n\t\t\t\t<div class=\"elementor-widget-container\">\n\t\t\t\t\t<h2>Der Silberreiher in Spanien<\/h2>\n\n<p>\nDer Silberreiher ist in Spanien ganzj\u00e4hrig zu beobachten. Neben Brutv\u00f6geln treten w\u00e4hrend des Vogelzugs und im Winter weitere V\u00f6gel auf, sodass sich seine H\u00e4ufigkeit und Verteilung im Laufe des Jahres ver\u00e4ndern kann.\n<\/p>\n\n<p>\nMeine Beobachtungen stammen \u00fcberwiegend aus gr\u00f6\u00dferen Feuchtgebieten und Deltalandschaften. Besonders h\u00e4ufig sehe ich Silberreiher dort an Schilfkanten, in flachem Wasser und an offenen Bereichen zwischen dichter Vegetation. H\u00e4ufig stehen sie l\u00e4ngere Zeit nahezu bewegungslos, bevor sie langsam weiterziehen oder pl\u00f6tzlich nach Beute sto\u00dfen.\n<\/p>\n\n<p>\nNeben Deltas nutzt der Silberreiher auch Lagunen, Seen, Flusslandschaften, S\u00fcmpfe, Reisfelder und feuchte Wiesen. Sowohl S\u00fc\u00df- als auch Brackwassergebiete k\u00f6nnen geeignete Lebensr\u00e4ume bieten.\n<\/p>\t\t\t\t<\/div>\n\t\t\t\t<\/div>\n\t\t\t\t\t<\/div>\n\t\t\t\t<\/div>\n\t\t<div class=\"elementor-element elementor-element-05f63e9 e-flex e-con-boxed e-con e-parent\" data-id=\"05f63e9\" data-element_type=\"container\" data-e-type=\"container\">\n\t\t\t\t\t<div class=\"e-con-inner\">\n\t\t<div class=\"elementor-element elementor-element-f57d464 e-con-full e-flex e-con e-child\" data-id=\"f57d464\" data-element_type=\"container\" data-e-type=\"container\">\n\t\t\t\t<div class=\"elementor-element elementor-element-80de88b elementor-widget elementor-widget-image\" data-id=\"80de88b\" data-element_type=\"widget\" data-e-type=\"widget\" data-widget_type=\"image.default\">\n\t\t\t\t<div class=\"elementor-widget-container\">\n\t\t\t\t\t\t\t\t\t\t\t\t\t\t\t<img decoding=\"async\" width=\"751\" height=\"967\" src=\"https:\/\/nature-fineart.com\/vogelfotografie-spanien\/wp-content\/uploads\/2026\/08\/Silberreiher-mit-gelbem-Schnabel-steht-aufmerksam-im-flachen-Wasser.jpg\" class=\"attachment-large size-large wp-image-10210\" alt=\"\" srcset=\"https:\/\/nature-fineart.com\/vogelfotografie-spanien\/wp-content\/uploads\/2026\/08\/Silberreiher-mit-gelbem-Schnabel-steht-aufmerksam-im-flachen-Wasser.jpg 795w, https:\/\/nature-fineart.com\/vogelfotografie-spanien\/wp-content\/uploads\/2026\/08\/Silberreiher-mit-gelbem-Schnabel-steht-aufmerksam-im-flachen-Wasser-466x600.jpg 466w, https:\/\/nature-fineart.com\/vogelfotografie-spanien\/wp-content\/uploads\/2026\/08\/Silberreiher-mit-gelbem-Schnabel-steht-aufmerksam-im-flachen-Wasser-768x989.jpg 768w\" sizes=\"(max-width: 751px) 100vw, 751px\" \/>\t\t\t\t\t\t\t\t\t\t\t\t\t\t\t<\/div>\n\t\t\t\t<\/div>\n\t\t\t\t<\/div>\n\t\t<div class=\"elementor-element elementor-element-c4ba1eb e-con-full e-flex e-con e-child\" data-id=\"c4ba1eb\" data-element_type=\"container\" data-e-type=\"container\">\n\t\t\t\t<div class=\"elementor-element elementor-element-007dd53 elementor-widget elementor-widget-html\" data-id=\"007dd53\" data-element_type=\"widget\" data-e-type=\"widget\" data-widget_type=\"html.default\">\n\t\t\t\t<div class=\"elementor-widget-container\">\n\t\t\t\t\t<h2>Erkennungsmerkmale<\/h2>\n\n<p>\nMit einer K\u00f6rperl\u00e4nge von ungef\u00e4hr einem Meter ist der Silberreiher deutlich gr\u00f6\u00dfer als der Seidenreiher. Charakteristisch sind der sehr lange Hals, die langen Beine und das vollst\u00e4ndig wei\u00dfe Gefieder.\n<\/p>\n\n<p>\nAu\u00dferhalb der Brutzeit besitzt der Silberreiher meist einen gelblichen bis orangegelben Schnabel. Die Beine wirken \u00fcberwiegend dunkel. Gerade diese Kombination aus Gr\u00f6\u00dfe, wei\u00dfem Gefieder und langem gelbem Schnabel erleichtert die Bestimmung.\n<\/p>\n\n<p>\nIm Flug zieht der Silberreiher seinen Hals wie andere Reiher S-f\u00f6rmig an den K\u00f6rper. Die langen Beine ragen deutlich \u00fcber den Schwanz hinaus.\n<\/p>\t\t\t\t<\/div>\n\t\t\t\t<\/div>\n\t\t\t\t<\/div>\n\t\t\t\t\t<\/div>\n\t\t\t\t<\/div>\n\t\t<div class=\"elementor-element elementor-element-0b85418 e-flex e-con-boxed e-con e-parent\" data-id=\"0b85418\" data-element_type=\"container\" data-e-type=\"container\">\n\t\t\t\t\t<div class=\"e-con-inner\">\n\t\t\t\t<div class=\"elementor-element elementor-element-442fe52 elementor-widget elementor-widget-html\" data-id=\"442fe52\" data-element_type=\"widget\" data-e-type=\"widget\" data-widget_type=\"html.default\">\n\t\t\t\t<div class=\"elementor-widget-container\">\n\t\t\t\t\t<h2>Das au\u00dfergew\u00f6hnliche Prachtkleid<\/h2>\n\n<p>\nZur Fortpflanzungszeit kann sich das Erscheinungsbild adulter Silberreiher erstaunlich stark ver\u00e4ndern. Bei den in Europa vorkommenden V\u00f6geln wird der Schnabel dunkel bis schwarz, w\u00e4hrend die nackte Haut in der Z\u00fcgelregion zwischen Schnabel und Auge intensiv gr\u00fcn erscheinen kann. Auch die Beine k\u00f6nnen deutlich heller und gelblich bis r\u00f6tlich oder rosafarben wirken.\n<\/p>\n\n<p>\nDas intensiv ausgepr\u00e4gte Brutkleid ist nur w\u00e4hrend einer vergleichsweise kurzen Phase zu beobachten. Deshalb sieht man Silberreiher wesentlich h\u00e4ufiger mit dem typischen gelben Schnabel als mit schwarzem Schnabel, kr\u00e4ftig gr\u00fcner Z\u00fcgelregion und auff\u00e4llig verf\u00e4rbten Beinen.\n<\/p>\n\n<p>\nZus\u00e4tzlich entwickeln adulte Silberreiher lange, feine Schmuckfedern am R\u00fccken. Anders als beim Seidenreiher fehlen jedoch die auff\u00e4lligen langen Hinterkopffedern. Die Schmuckfedern des Silberreihers liegen vor allem im Bereich von R\u00fccken und Schultern und werden w\u00e4hrend der Balz besonders deutlich.\n<\/p>\n\n<p>\nEin Silberreiher im intensiven Brutkleid kann dadurch auf den ersten Blick beinahe wie ein anderer Vogel wirken. Gerade fotografisch ist diese kurze Phase besonders interessant.\n<\/p>\t\t\t\t<\/div>\n\t\t\t\t<\/div>\n\t\t\t\t\t<\/div>\n\t\t\t\t<\/div>\n\t\t<div class=\"elementor-element elementor-element-5b91cb8 e-flex e-con-boxed e-con e-parent\" data-id=\"5b91cb8\" data-element_type=\"container\" data-e-type=\"container\">\n\t\t\t\t\t<div class=\"e-con-inner\">\n\t\t<div class=\"elementor-element elementor-element-b73be4b e-con-full e-flex e-con e-child\" data-id=\"b73be4b\" data-element_type=\"container\" data-e-type=\"container\">\n\t\t\t\t<div class=\"elementor-element elementor-element-3cd71cb elementor-widget elementor-widget-image\" data-id=\"3cd71cb\" data-element_type=\"widget\" data-e-type=\"widget\" data-widget_type=\"image.default\">\n\t\t\t\t<div class=\"elementor-widget-container\">\n\t\t\t\t\t\t\t\t\t\t\t\t\t\t\t<img decoding=\"async\" width=\"751\" height=\"501\" src=\"https:\/\/nature-fineart.com\/vogelfotografie-spanien\/wp-content\/uploads\/2026\/08\/Silberreiher-im-Flug-ueber-einem-Feuchtgebiet-in-Spanien.jpg\" class=\"attachment-large size-large wp-image-10211\" alt=\"\" srcset=\"https:\/\/nature-fineart.com\/vogelfotografie-spanien\/wp-content\/uploads\/2026\/08\/Silberreiher-im-Flug-ueber-einem-Feuchtgebiet-in-Spanien.jpg 1024w, https:\/\/nature-fineart.com\/vogelfotografie-spanien\/wp-content\/uploads\/2026\/08\/Silberreiher-im-Flug-ueber-einem-Feuchtgebiet-in-Spanien-600x400.jpg 600w, https:\/\/nature-fineart.com\/vogelfotografie-spanien\/wp-content\/uploads\/2026\/08\/Silberreiher-im-Flug-ueber-einem-Feuchtgebiet-in-Spanien-768x512.jpg 768w\" sizes=\"(max-width: 751px) 100vw, 751px\" \/>\t\t\t\t\t\t\t\t\t\t\t\t\t\t\t<\/div>\n\t\t\t\t<\/div>\n\t\t\t\t<\/div>\n\t\t<div class=\"elementor-element elementor-element-034e5e8 e-con-full e-flex e-con e-child\" data-id=\"034e5e8\" data-element_type=\"container\" data-e-type=\"container\">\n\t\t\t\t<div class=\"elementor-element elementor-element-c79aac8 elementor-widget elementor-widget-html\" data-id=\"c79aac8\" data-element_type=\"widget\" data-e-type=\"widget\" data-widget_type=\"html.default\">\n\t\t\t\t<div class=\"elementor-widget-container\">\n\t\t\t\t\t<h2>Silberreiher im Flug fotografieren<\/h2>\n\n<p>\nTrotz seiner Gr\u00f6\u00dfe wirkt der Silberreiher im Flug elegant. Die breiten Fl\u00fcgel schlagen vergleichsweise ruhig, w\u00e4hrend der Hals eng an den K\u00f6rper gezogen und die langen Beine nach hinten ausgestreckt werden.\n<\/p>\n\n<p>\nF\u00fcr Flugaufnahmen empfiehlt sich eine kurze Verschlusszeit und ein kontinuierlicher Autofokus. Durch die gro\u00dfe wei\u00dfe Fl\u00e4che des Gefieders sollte gleichzeitig darauf geachtet werden, dass die hellsten Bereiche nicht \u00fcberbelichtet werden.\n<\/p>\t\t\t\t<\/div>\n\t\t\t\t<\/div>\n\t\t\t\t<\/div>\n\t\t\t\t\t<\/div>\n\t\t\t\t<\/div>\n\t\t<div class=\"elementor-element elementor-element-7496536 e-flex e-con-boxed e-con e-parent\" data-id=\"7496536\" data-element_type=\"container\" data-e-type=\"container\">\n\t\t\t\t\t<div class=\"e-con-inner\">\n\t\t\t\t<div class=\"elementor-element elementor-element-776eeec elementor-widget elementor-widget-html\" data-id=\"776eeec\" data-element_type=\"widget\" data-e-type=\"widget\" data-widget_type=\"html.default\">\n\t\t\t\t<div class=\"elementor-widget-container\">\n\t\t\t\t\t<p>\nBesonders interessant wirken Flugaufnahmen, wenn ein Teil des Lebensraums im Hintergrund erhalten bleibt. Schilf, Wasserfl\u00e4chen oder die typische Vegetation eines Feuchtgebietes geben dem Bild Kontext und zeigen, in welcher Umgebung die Art lebt.\n<\/p>\t\t\t\t<\/div>\n\t\t\t\t<\/div>\n\t\t\t\t\t<\/div>\n\t\t\t\t<\/div>\n\t\t<div class=\"elementor-element elementor-element-595571f e-flex e-con-boxed e-con e-parent\" data-id=\"595571f\" data-element_type=\"container\" data-e-type=\"container\">\n\t\t\t\t\t<div class=\"e-con-inner\">\n\t\t<div class=\"elementor-element elementor-element-b77546f e-con-full e-flex e-con e-child\" data-id=\"b77546f\" data-element_type=\"container\" data-e-type=\"container\">\n\t\t\t\t<div class=\"elementor-element elementor-element-3475192 elementor-widget elementor-widget-html\" data-id=\"3475192\" data-element_type=\"widget\" data-e-type=\"widget\" data-widget_type=\"html.default\">\n\t\t\t\t<div class=\"elementor-widget-container\">\n\t\t\t\t\t<h2>Nahrung und Jagdverhalten<\/h2>\n\n<p>\nSilberreiher ern\u00e4hren sich haupts\u00e4chlich von Fischen, erbeuten aber auch Amphibien, Krebstiere, gr\u00f6\u00dfere Insekten und andere kleine Tiere. In geeigneten Lebensr\u00e4umen k\u00f6nnen auch Tiere au\u00dferhalb des Wassers zum Nahrungsspektrum geh\u00f6ren.\n<\/p>\n\n<p>\nTypisch ist die langsame und konzentrierte Jagd. H\u00e4ufig steht der Vogel lange still oder geht nur wenige Schritte vorw\u00e4rts. Dabei beobachtet er die Wasseroberfl\u00e4che sehr aufmerksam.\n<\/p>\n\n<p>\nSobald sich eine Beute in Reichweite befindet, ver\u00e4ndert sich die Situation innerhalb eines Augenblicks. Der lange Hals schnellt nach vorne und der Schnabel st\u00f6\u00dft pr\u00e4zise ins Wasser. Genau dieser Kontrast zwischen nahezu vollst\u00e4ndiger Ruhe und explosiver Bewegung macht die Fotografie besonders spannend.\n<\/p>\t\t\t\t<\/div>\n\t\t\t\t<\/div>\n\t\t\t\t<\/div>\n\t\t<div class=\"elementor-element elementor-element-536ee7e e-con-full e-flex e-con e-child\" data-id=\"536ee7e\" data-element_type=\"container\" data-e-type=\"container\">\n\t\t\t\t<div class=\"elementor-element elementor-element-f64a2cc elementor-widget elementor-widget-image\" data-id=\"f64a2cc\" data-element_type=\"widget\" data-e-type=\"widget\" data-widget_type=\"image.default\">\n\t\t\t\t<div class=\"elementor-widget-container\">\n\t\t\t\t\t\t\t\t\t\t\t\t\t\t\t<img loading=\"lazy\" decoding=\"async\" width=\"711\" height=\"1024\" src=\"https:\/\/nature-fineart.com\/vogelfotografie-spanien\/wp-content\/uploads\/2026\/08\/Silberreiher-im-Prachtkleid-beobachtet-aufmerksam-die-Wasseroberflaeche.jpg\" class=\"attachment-large size-large wp-image-10212\" alt=\"\" srcset=\"https:\/\/nature-fineart.com\/vogelfotografie-spanien\/wp-content\/uploads\/2026\/08\/Silberreiher-im-Prachtkleid-beobachtet-aufmerksam-die-Wasseroberflaeche.jpg 711w, https:\/\/nature-fineart.com\/vogelfotografie-spanien\/wp-content\/uploads\/2026\/08\/Silberreiher-im-Prachtkleid-beobachtet-aufmerksam-die-Wasseroberflaeche-417x600.jpg 417w\" sizes=\"(max-width: 711px) 100vw, 711px\" \/>\t\t\t\t\t\t\t\t\t\t\t\t\t\t\t<\/div>\n\t\t\t\t<\/div>\n\t\t\t\t<\/div>\n\t\t\t\t\t<\/div>\n\t\t\t\t<\/div>\n\t\t<div class=\"elementor-element elementor-element-de22f40 e-flex e-con-boxed e-con e-parent\" data-id=\"de22f40\" data-element_type=\"container\" data-e-type=\"container\">\n\t\t\t\t\t<div class=\"e-con-inner\">\n\t\t\t\t<div class=\"elementor-element elementor-element-5644f7b elementor-widget elementor-widget-html\" data-id=\"5644f7b\" data-element_type=\"widget\" data-e-type=\"widget\" data-widget_type=\"html.default\">\n\t\t\t\t<div class=\"elementor-widget-container\">\n\t\t\t\t\t<h2>Das Verhalten lesen<\/h2>\n\n<p>\nF\u00fcr mich geh\u00f6rt der Silberreiher zu den vergleichsweise gut einsch\u00e4tzbaren Vogelarten. Beobachtet man ihn eine Weile, erkennt man h\u00e4ufig bereits an seiner K\u00f6rperhaltung, ob eine Jagdaktion bevorsteht.\n<\/p>\n\n<p>\nSteht der Vogel entspannt und beobachtet lediglich seine Umgebung, kann die Verschlusszeit bei wenig Licht reduziert werden. Fixiert er dagegen eine bestimmte Stelle im Wasser, senkt den Kopf oder verlagert sein Gewicht nach vorne, sollte gen\u00fcgend Reserve f\u00fcr eine schnelle Bewegung vorhanden sein.\n<\/p>\n\n<p>\nGenau in diesen Situationen lohnt es sich, bereits vollst\u00e4ndig auf den Vogel fokussiert zu sein und nicht erst auf den eigentlichen Sto\u00df zu reagieren.\n<\/p>\t\t\t\t<\/div>\n\t\t\t\t<\/div>\n\t\t\t\t\t<\/div>\n\t\t\t\t<\/div>\n\t\t<div class=\"elementor-element elementor-element-9fee938 e-flex e-con-boxed e-con e-parent\" data-id=\"9fee938\" data-element_type=\"container\" data-e-type=\"container\">\n\t\t\t\t\t<div class=\"e-con-inner\">\n\t\t<div class=\"elementor-element elementor-element-14a7e79 e-con-full e-flex e-con e-child\" data-id=\"14a7e79\" data-element_type=\"container\" data-e-type=\"container\">\n\t\t\t\t<div class=\"elementor-element elementor-element-bca6226 elementor-widget elementor-widget-html\" data-id=\"bca6226\" data-element_type=\"widget\" data-e-type=\"widget\" data-widget_type=\"html.default\">\n\t\t\t\t<div class=\"elementor-widget-container\">\n\t\t\t\t\t<h2>Wei\u00dfes Gefieder richtig belichten<\/h2>\n\n<p>\nWie beim Seidenreiher ist auch beim Silberreiher die Belichtung eine der wichtigsten fotografischen Herausforderungen. Das wei\u00dfe Gefieder kann bei direkter Sonne sehr schnell zu hell wirken und feine Strukturen verlieren.\n<\/p>\n\n<p>\nBesonders angenehm finde ich deshalb bew\u00f6lkte Tage sowie fr\u00fches Morgen- und sp\u00e4tes Abendlicht. Weiches Licht zeigt wesentlich mehr Zeichnung in den Federn und reduziert harte Kontraste.\n<\/p>\t\t\t\t<\/div>\n\t\t\t\t<\/div>\n\t\t\t\t<\/div>\n\t\t<div class=\"elementor-element elementor-element-f64e7f6 e-con-full e-flex e-con e-child\" data-id=\"f64e7f6\" data-element_type=\"container\" data-e-type=\"container\">\n\t\t\t\t<div class=\"elementor-element elementor-element-bc129ed elementor-widget elementor-widget-image\" data-id=\"bc129ed\" data-element_type=\"widget\" data-e-type=\"widget\" data-widget_type=\"image.default\">\n\t\t\t\t<div class=\"elementor-widget-container\">\n\t\t\t\t\t\t\t\t\t\t\t\t\t\t\t<img loading=\"lazy\" decoding=\"async\" width=\"751\" height=\"540\" src=\"https:\/\/nature-fineart.com\/vogelfotografie-spanien\/wp-content\/uploads\/2026\/08\/Silberreiher-mit-gruenlicher-Zuegelregion-und-hellem-Gefieder-in-Spanien.jpg\" class=\"attachment-large size-large wp-image-10213\" alt=\"\" srcset=\"https:\/\/nature-fineart.com\/vogelfotografie-spanien\/wp-content\/uploads\/2026\/08\/Silberreiher-mit-gruenlicher-Zuegelregion-und-hellem-Gefieder-in-Spanien.jpg 1024w, https:\/\/nature-fineart.com\/vogelfotografie-spanien\/wp-content\/uploads\/2026\/08\/Silberreiher-mit-gruenlicher-Zuegelregion-und-hellem-Gefieder-in-Spanien-600x431.jpg 600w, https:\/\/nature-fineart.com\/vogelfotografie-spanien\/wp-content\/uploads\/2026\/08\/Silberreiher-mit-gruenlicher-Zuegelregion-und-hellem-Gefieder-in-Spanien-768x552.jpg 768w\" sizes=\"(max-width: 751px) 100vw, 751px\" \/>\t\t\t\t\t\t\t\t\t\t\t\t\t\t\t<\/div>\n\t\t\t\t<\/div>\n\t\t\t\t<\/div>\n\t\t\t\t\t<\/div>\n\t\t\t\t<\/div>\n\t\t<div class=\"elementor-element elementor-element-b34266b e-flex e-con-boxed e-con e-parent\" data-id=\"b34266b\" data-element_type=\"container\" data-e-type=\"container\">\n\t\t\t\t\t<div class=\"e-con-inner\">\n\t\t\t\t<div class=\"elementor-element elementor-element-1ba6169 elementor-widget elementor-widget-html\" data-id=\"1ba6169\" data-element_type=\"widget\" data-e-type=\"widget\" data-widget_type=\"html.default\">\n\t\t\t\t<div class=\"elementor-widget-container\">\n\t\t\t\t\t<p>\nBei starkem Licht lohnt sich ein Blick auf Histogramm und Spitzlichter. Entscheidend ist nicht, den ISO-Wert m\u00f6glichst niedrig zu halten, sondern eine Belichtung zu w\u00e4hlen, bei der die hellen Federn ihre Struktur behalten.\n<\/p>\n\n<p>\nIm warmen Morgen- oder Abendlicht kann das wei\u00dfe Gefieder au\u00dferdem schnell einen gelblichen Farbton annehmen. Das kann atmosph\u00e4risch wirken, sollte aber bei der sp\u00e4teren Bearbeitung nicht unn\u00f6tig verst\u00e4rkt werden.\n<\/p>\t\t\t\t<\/div>\n\t\t\t\t<\/div>\n\t\t\t\t\t<\/div>\n\t\t\t\t<\/div>\n\t\t<div class=\"elementor-element elementor-element-97b8880 e-flex e-con-boxed e-con e-parent\" data-id=\"97b8880\" data-element_type=\"container\" data-e-type=\"container\">\n\t\t\t\t\t<div class=\"e-con-inner\">\n\t\t<div class=\"elementor-element elementor-element-75ff56f e-con-full e-flex e-con e-child\" data-id=\"75ff56f\" data-element_type=\"container\" data-e-type=\"container\">\n\t\t\t\t<div class=\"elementor-element elementor-element-eaa00d5 elementor-widget elementor-widget-image\" data-id=\"eaa00d5\" data-element_type=\"widget\" data-e-type=\"widget\" data-widget_type=\"image.default\">\n\t\t\t\t<div class=\"elementor-widget-container\">\n\t\t\t\t\t\t\t\t\t\t\t\t\t\t\t<img loading=\"lazy\" decoding=\"async\" width=\"751\" height=\"1007\" src=\"https:\/\/nature-fineart.com\/vogelfotografie-spanien\/wp-content\/uploads\/2026\/08\/Silberreiher-im-Prachtkleid-mit-Fisch-im-Schnabel-waehrend-der-Nahrungssuche.jpg\" class=\"attachment-large size-large wp-image-10214\" alt=\"\" srcset=\"https:\/\/nature-fineart.com\/vogelfotografie-spanien\/wp-content\/uploads\/2026\/08\/Silberreiher-im-Prachtkleid-mit-Fisch-im-Schnabel-waehrend-der-Nahrungssuche.jpg 764w, https:\/\/nature-fineart.com\/vogelfotografie-spanien\/wp-content\/uploads\/2026\/08\/Silberreiher-im-Prachtkleid-mit-Fisch-im-Schnabel-waehrend-der-Nahrungssuche-448x600.jpg 448w\" sizes=\"(max-width: 751px) 100vw, 751px\" \/>\t\t\t\t\t\t\t\t\t\t\t\t\t\t\t<\/div>\n\t\t\t\t<\/div>\n\t\t\t\t<\/div>\n\t\t<div class=\"elementor-element elementor-element-f563edd e-con-full e-flex e-con e-child\" data-id=\"f563edd\" data-element_type=\"container\" data-e-type=\"container\">\n\t\t\t\t<div class=\"elementor-element elementor-element-934c7c8 elementor-widget elementor-widget-html\" data-id=\"934c7c8\" data-element_type=\"widget\" data-e-type=\"widget\" data-widget_type=\"html.default\">\n\t\t\t\t<div class=\"elementor-widget-container\">\n\t\t\t\t\t<h2>Jagdszenen fotografieren<\/h2>\n\n<p>\nBesonders interessante Aufnahmen entstehen h\u00e4ufig unmittelbar nach einem erfolgreichen Fang. Ein Fisch im Schnabel, Wassertropfen oder eine ungew\u00f6hnliche K\u00f6rperhaltung erz\u00e4hlen wesentlich mehr \u00fcber das Verhalten des Vogels als ein weiteres ruhiges Portr\u00e4t.\n<\/p>\n\n<p>\nF\u00fcr solche Situationen sollte die Verschlusszeit ausreichend kurz gew\u00e4hlt werden. Serienaufnahmen k\u00f6nnen helfen, genau den Moment zu erwischen, in dem Kopf, Schnabel und Beute optimal positioniert sind.\n<\/p>\n\n<p>\nBei einem gro\u00dfen Silberreiher ist au\u00dferdem die Bildgestaltung wichtig. Befindet sich der Vogel nahe am Fotografen, kann ein Hochformat sinnvoller sein als ein Querformat. Dadurch lassen sich der lange Hals und die Beine vollst\u00e4ndig ins Bild integrieren, ohne dass die Aufnahme unn\u00f6tig weit werden muss.\n<\/p>\t\t\t\t<\/div>\n\t\t\t\t<\/div>\n\t\t\t\t<\/div>\n\t\t\t\t\t<\/div>\n\t\t\t\t<\/div>\n\t\t<div class=\"elementor-element elementor-element-258d344 e-flex e-con-boxed e-con e-parent\" data-id=\"258d344\" data-element_type=\"container\" data-e-type=\"container\">\n\t\t\t\t\t<div class=\"e-con-inner\">\n\t\t\t\t<div class=\"elementor-element elementor-element-d4aa4f6 elementor-widget elementor-widget-html\" data-id=\"d4aa4f6\" data-element_type=\"widget\" data-e-type=\"widget\" data-widget_type=\"html.default\">\n\t\t\t\t<div class=\"elementor-widget-container\">\n\t\t\t\t\t<h2>Auf Augenh\u00f6he fotografieren<\/h2>\n\n<p>\nDurch seine K\u00f6rpergr\u00f6\u00dfe ist es beim Silberreiher etwas leichter, eine niedrige Perspektive zu erreichen als bei kleinen Limikolen. Trotzdem lohnt es sich, die Kameraposition m\u00f6glichst nah an die Augenh\u00f6he des Vogels zu bringen.\n<\/p>\n\n<p>\nDadurch wird der Hintergrund ruhiger und der Vogel hebt sich st\u00e4rker von seiner Umgebung ab. Besonders an Wasserfl\u00e4chen entstehen so weiche Vorder- und Hintergr\u00fcnde, w\u00e4hrend das Auge des Silberreihers klar im Mittelpunkt bleibt.\n<\/p>\n\n<p>\nBei sehr nahen V\u00f6geln sollte gleichzeitig gen\u00fcgend Platz f\u00fcr die langen Beine eingeplant werden. Gerade bei aufrecht stehenden Silberreihern ist schnell ein Fu\u00df oder ein Teil des Beins unbeabsichtigt angeschnitten.\n<\/p>\t\t\t\t<\/div>\n\t\t\t\t<\/div>\n\t\t\t\t\t<\/div>\n\t\t\t\t<\/div>\n\t\t<div class=\"elementor-element elementor-element-9b42577 e-flex e-con-boxed e-con e-parent\" data-id=\"9b42577\" data-element_type=\"container\" data-e-type=\"container\">\n\t\t\t\t\t<div class=\"e-con-inner\">\n\t\t<div class=\"elementor-element elementor-element-881210b e-con-full e-flex e-con e-child\" data-id=\"881210b\" data-element_type=\"container\" data-e-type=\"container\">\n\t\t\t\t<div class=\"elementor-element elementor-element-4147aa6 elementor-widget elementor-widget-html\" data-id=\"4147aa6\" data-element_type=\"widget\" data-e-type=\"widget\" data-widget_type=\"html.default\">\n\t\t\t\t<div class=\"elementor-widget-container\">\n\t\t\t\t\t<h2>Silberreiher und andere Arten<\/h2>\n\n<p>\nIn gro\u00dfen Feuchtgebieten teilen Silberreiher ihren Lebensraum h\u00e4ufig mit zahlreichen anderen Wasserv\u00f6geln und Reihern. Solche Situationen k\u00f6nnen fotografisch besonders interessant sein, weil Gr\u00f6\u00dfenunterschiede und unterschiedliche Verhaltensweisen sichtbar werden.\n<\/p>\n\n<p>\nNicht jede Aufnahme muss deshalb ein klassisches Einzelportr\u00e4t sein. Auch Bilder, in denen der Silberreiher gemeinsam mit anderen Arten im Lebensraum erscheint, k\u00f6nnen viel \u00fcber das Feuchtgebiet erz\u00e4hlen.\n<\/p>\t\t\t\t<\/div>\n\t\t\t\t<\/div>\n\t\t\t\t<\/div>\n\t\t<div class=\"elementor-element elementor-element-2ca56b9 e-con-full e-flex e-con e-child\" data-id=\"2ca56b9\" data-element_type=\"container\" data-e-type=\"container\">\n\t\t\t\t<div class=\"elementor-element elementor-element-3648e2e elementor-widget elementor-widget-image\" data-id=\"3648e2e\" data-element_type=\"widget\" data-e-type=\"widget\" data-widget_type=\"image.default\">\n\t\t\t\t<div class=\"elementor-widget-container\">\n\t\t\t\t\t\t\t\t\t\t\t\t\t\t\t<img loading=\"lazy\" decoding=\"async\" width=\"751\" height=\"917\" src=\"https:\/\/nature-fineart.com\/vogelfotografie-spanien\/wp-content\/uploads\/2026\/08\/Silberreiher-mit-geoeffneten-Fluegeln-zwischen-Braunsichlern-in-einem-spanischen-Feuchtgebiet.jpg\" class=\"attachment-large size-large wp-image-10215\" alt=\"\" srcset=\"https:\/\/nature-fineart.com\/vogelfotografie-spanien\/wp-content\/uploads\/2026\/08\/Silberreiher-mit-geoeffneten-Fluegeln-zwischen-Braunsichlern-in-einem-spanischen-Feuchtgebiet.jpg 839w, https:\/\/nature-fineart.com\/vogelfotografie-spanien\/wp-content\/uploads\/2026\/08\/Silberreiher-mit-geoeffneten-Fluegeln-zwischen-Braunsichlern-in-einem-spanischen-Feuchtgebiet-492x600.jpg 492w, https:\/\/nature-fineart.com\/vogelfotografie-spanien\/wp-content\/uploads\/2026\/08\/Silberreiher-mit-geoeffneten-Fluegeln-zwischen-Braunsichlern-in-einem-spanischen-Feuchtgebiet-768x937.jpg 768w\" sizes=\"(max-width: 751px) 100vw, 751px\" \/>\t\t\t\t\t\t\t\t\t\t\t\t\t\t\t<\/div>\n\t\t\t\t<\/div>\n\t\t\t\t<\/div>\n\t\t\t\t\t<\/div>\n\t\t\t\t<\/div>\n\t\t<div class=\"elementor-element elementor-element-624908c e-flex e-con-boxed e-con e-parent\" data-id=\"624908c\" data-element_type=\"container\" data-e-type=\"container\">\n\t\t\t\t\t<div class=\"e-con-inner\">\n\t\t\t\t<div class=\"elementor-element elementor-element-90ad314 elementor-widget elementor-widget-html\" data-id=\"90ad314\" data-element_type=\"widget\" data-e-type=\"widget\" data-widget_type=\"html.default\">\n\t\t\t\t<div class=\"elementor-widget-container\">\n\t\t\t\t\t<h2>Weitere Reiher entdecken<\/h2>\n\n<p>\nWenn dich Reiher und andere V\u00f6gel der Feuchtgebiete interessieren, findest du auf meiner Website weitere ausf\u00fchrliche Artenportr\u00e4ts zum\n<a href=\"https:\/\/nature-fineart.com\/vogelfotografie-spanien\/seidenreiher\/\">Seidenreiher<\/a>,\n<a href=\"https:\/\/nature-fineart.com\/vogelfotografie-spanien\/graureiher\/\">Graureiher<\/a>,\n<a href=\"https:\/\/nature-fineart.com\/vogelfotografie-spanien\/purpurreiher\/\">Purpurreiher<\/a>\nund\n<a href=\"https:\/\/nature-fineart.com\/vogelfotografie-spanien\/nachtreiher\/\">Nachtreiher<\/a>.\n<\/p>\n\n<h2>Vogelfotografie im Jahresverlauf<\/h2>\n\n<p>\nDer Silberreiher l\u00e4sst sich in Spanien zu unterschiedlichen Jahreszeiten beobachten. Dabei ver\u00e4ndern sich nicht nur Verteilung und Lichtbedingungen, sondern im Fr\u00fchjahr auch das Erscheinungsbild adulter V\u00f6gel deutlich.\n<\/p>\n\n<p>\nMehr \u00fcber die unterschiedlichen Jahreszeiten und ihre M\u00f6glichkeiten f\u00fcr die Naturfotografie erf\u00e4hrst du in meinem Beitrag \u00fcber die\n<a href=\"https:\/\/nature-fineart.com\/vogelfotografie-spanien\/vogelfotografie-und-fotohides-in-spanien\/\">Vogelfotografie und Fotohides in Spanien, die Jahreszeiten im \u00dcberblick<\/a>.\n<\/p>\n\n<h2>Natur erleben &amp; selbst fotografieren<\/h2>\n\n<p>\nM\u00f6chtest du die vielf\u00e4ltige Vogelwelt Spaniens selbst erleben und fotografieren?\n<\/p>\n\n<p>\nAuf meinen Fotoreisen stehen nat\u00fcrliche Beobachtungen, spannende Verhaltensweisen und besondere fotografische Situationen im Mittelpunkt. Je nach Reise und Jahreszeit lassen sich zahlreiche Vogelarten in unterschiedlichen Lebensr\u00e4umen beobachten und fotografieren.\n<\/p>\n\n<p>\nMehr \u00fcber meine aktuellen Fotoreisen findest du hier:\n<\/p>\n\n<p>\n<a href=\"https:\/\/nature-fineart.com\/vogelfotografie-spanien\/reisen\/\">\u2192 Fotoreisen in Spanien entdecken<\/a>\n<\/p>\n\n<h2>Interesse an einer Fotoreise?<\/h2>\n\n<p>\nDu m\u00f6chtest die Vogelwelt Spaniens fotografieren? Nutze einfach das folgende Anfrageformular. Ich freue mich darauf, von dir zu h\u00f6ren.\n<\/p>\t\t\t\t<\/div>\n\t\t\t\t<\/div>\n\t\t\t\t\t<\/div>\n\t\t\t\t<\/div>\n\t\t<div class=\"elementor-element elementor-element-62d97e0 e-flex e-con-boxed e-con e-parent\" data-id=\"62d97e0\" data-element_type=\"container\" data-e-type=\"container\">\n\t\t\t\t\t<div class=\"e-con-inner\">\n\t\t\t\t<div class=\"elementor-element elementor-element-1909238 elementor-widget elementor-widget-shortcode\" data-id=\"1909238\" data-element_type=\"widget\" data-e-type=\"widget\" data-widget_type=\"shortcode.default\">\n\t\t\t\t<div class=\"elementor-widget-container\">\n\t\t\t\t\t\t\t<div class=\"elementor-shortcode\"><style id=\"wpforms-css-vars-5929\">\n\t\t\t\t#wpforms-5929 {\n\t\t\t\t--wpforms-field-border-color: #5E5E5E;\n--wpforms-field-border-color-spare: #5E5E5E;\n--wpforms-field-text-color: #5e5e5e;\n--wpforms-label-color: #5e5e5e;\n--wpforms-label-sublabel-color: #5e5e5e;\n--wpforms-button-background-color: #6e7b4a;\n--wpforms-container-padding: 0px;\n--wpforms-container-border-width: 1px;\n--wpforms-container-border-radius: 3px;\n--wpforms-background-color: rgba(0, 0, 0, 0);\n--wpforms-field-size-input-height: 43px;\n--wpforms-field-size-input-spacing: 15px;\n--wpforms-field-size-font-size: 16px;\n--wpforms-field-size-line-height: 19px;\n--wpforms-field-size-padding-h: 14px;\n--wpforms-field-size-checkbox-size: 16px;\n--wpforms-field-size-sublabel-spacing: 5px;\n--wpforms-field-size-icon-size: 1;\n--wpforms-label-size-font-size: 16px;\n--wpforms-label-size-line-height: 19px;\n--wpforms-label-size-sublabel-font-size: 14px;\n--wpforms-label-size-sublabel-line-height: 17px;\n--wpforms-button-size-font-size: 17px;\n--wpforms-button-size-height: 41px;\n--wpforms-button-size-padding-h: 15px;\n--wpforms-button-size-margin-top: 10px;\n--wpforms-container-shadow-size-box-shadow: none;\n\t\t\t}\n\t\t\t<\/style><div class=\"wpforms-container wpforms-container-full wpforms-render-modern\" id=\"wpforms-5929\"><form id=\"wpforms-form-5929\" class=\"wpforms-validate wpforms-form wpforms-ajax-form\" data-formid=\"5929\" method=\"post\" enctype=\"multipart\/form-data\" action=\"\/vogelfotografie-spanien\/wp-json\/wp\/v2\/pages\/10208\" data-token=\"6fe8dd5e8c13da77c15288333c0eb977\" data-token-time=\"1788256064\"><noscript class=\"wpforms-error-noscript\">Bitte aktiviere JavaScript in deinem Browser, um dieses Formular fertigzustellen.<\/noscript><div id=\"wpforms-error-noscript\" style=\"display: none;\">Bitte aktiviere JavaScript in deinem Browser, um dieses Formular fertigzustellen.<\/div><div class=\"wpforms-field-container\"><div id=\"wpforms-5929-field_1-container\" class=\"wpforms-field wpforms-field-name\" data-field-id=\"1\"><fieldset><legend class=\"wpforms-field-label\">Name <span class=\"wpforms-required-label\" aria-hidden=\"true\">*<\/span><\/legend><div class=\"wpforms-field-row wpforms-field-medium\"><div class=\"wpforms-field-row-block wpforms-first wpforms-one-half\"><input type=\"text\" id=\"wpforms-5929-field_1\" class=\"wpforms-field-name-first wpforms-field-required\" name=\"wpforms[fields][1][first]\" aria-errormessage=\"wpforms-5929-field_1-error\" required><label for=\"wpforms-5929-field_1\" class=\"wpforms-field-sublabel after\">Vorname<\/label><\/div><div class=\"wpforms-field-row-block wpforms-one-half\"><input type=\"text\" id=\"wpforms-5929-field_1-last\" class=\"wpforms-field-name-last wpforms-field-required\" name=\"wpforms[fields][1][last]\" aria-errormessage=\"wpforms-5929-field_1-last-error\" required><label for=\"wpforms-5929-field_1-last\" class=\"wpforms-field-sublabel after\">Nachname<\/label><\/div><\/div><\/fieldset><\/div>\t\t<div id=\"wpforms-5929-field_4-container\"\n\t\t\tclass=\"wpforms-field wpforms-field-text\"\n\t\t\tdata-field-type=\"text\"\n\t\t\tdata-field-id=\"4\"\n\t\t\t>\n\t\t\t<label class=\"wpforms-field-label\" for=\"wpforms-5929-field_4\" >Kommentar oder Nachricht<\/label>\n\t\t\t<input type=\"text\" id=\"wpforms-5929-field_4\" class=\"wpforms-field-medium\" name=\"wpforms[fields][4]\" >\n\t\t<\/div>\n\t\t<div id=\"wpforms-5929-field_2-container\" class=\"wpforms-field wpforms-field-email\" data-field-id=\"2\"><label class=\"wpforms-field-label\" for=\"wpforms-5929-field_2\">E-Mail-Adresse <span class=\"wpforms-required-label\" aria-hidden=\"true\">*<\/span><\/label><input type=\"email\" id=\"wpforms-5929-field_2\" class=\"wpforms-field-medium wpforms-field-required\" name=\"wpforms[fields][2]\" spellcheck=\"false\" aria-errormessage=\"wpforms-5929-field_2-error\" required><\/div><div id=\"wpforms-5929-field_3-container\" class=\"wpforms-field wpforms-field-textarea\" data-field-id=\"3\"><label class=\"wpforms-field-label\" for=\"wpforms-5929-field_3\">Kommentar oder Nachricht<\/label><textarea id=\"wpforms-5929-field_3\" class=\"wpforms-field-medium\" name=\"wpforms[fields][3]\" aria-errormessage=\"wpforms-5929-field_3-error\" ><\/textarea><\/div><script>\n\t\t\t\t( function() {\n\t\t\t\t\tconst style = document.createElement( 'style' );\n\t\t\t\t\tstyle.appendChild( document.createTextNode( '#wpforms-5929-field_4-container { position: absolute !important; overflow: hidden !important; display: inline !important; height: 1px !important; width: 1px !important; z-index: -1000 !important; padding: 0 !important; } #wpforms-5929-field_4-container input { visibility: hidden; } #wpforms-conversational-form-page #wpforms-5929-field_4-container label { counter-increment: none; }' ) );\n\t\t\t\t\tdocument.head.appendChild( style );\n\t\t\t\t\tdocument.currentScript?.remove();\n\t\t\t\t} )();\n\t\t\t<\/script><\/div><!-- .wpforms-field-container --><div class=\"wpforms-submit-container\" ><input type=\"hidden\" name=\"wpforms[id]\" value=\"5929\"><input type=\"hidden\" name=\"page_title\" value=\"\"><input type=\"hidden\" name=\"page_url\" value=\"https:\/\/nature-fineart.com\/vogelfotografie-spanien\/wp-json\/wp\/v2\/pages\/10208\"><input type=\"hidden\" name=\"url_referer\" value=\"\"><button type=\"submit\" name=\"wpforms[submit]\" id=\"wpforms-submit-5929\" class=\"wpforms-submit\" data-alt-text=\"Wird gesendet\u00a0\u2026\" data-submit-text=\"Anfrage senden\" aria-live=\"assertive\" value=\"wpforms-submit\">Anfrage senden<\/button><img loading=\"lazy\" decoding=\"async\" src=\"https:\/\/nature-fineart.com\/vogelfotografie-spanien\/wp-content\/plugins\/wpforms-lite\/assets\/images\/submit-spin.svg\" class=\"wpforms-submit-spinner\" style=\"display: none;\" width=\"26\" height=\"26\" alt=\"Wird geladen\"><\/div><\/form><\/div>  <!-- .wpforms-container --><\/div>\n\t\t\t\t\t\t<\/div>\n\t\t\t\t<\/div>\n\t\t\t\t\t<\/div>\n\t\t\t\t<\/div>\n\t\t\t\t<\/div>\n\t\t","protected":false},"excerpt":{"rendered":"<p>Der Silberreiher (Ardea alba) geh\u00f6rt zu den gr\u00f6\u00dften und auff\u00e4lligsten Reihern Europas. Sein vollst\u00e4ndig wei\u00dfes Gefieder, der lange Hals und die enorme K\u00f6rpergr\u00f6\u00dfe machen ihn bereits auf gr\u00f6\u00dfere Entfernung gut erkennbar. In Spanien l\u00e4sst sich die Art an zahlreichen Feuchtgebieten beobachten \u2013 von Deltas und Lagunen bis zu Seen, S\u00fcmpfen und feuchten Wiesen. F\u00fcr die&#8230;<\/p>\n","protected":false},"author":2,"featured_media":0,"parent":0,"menu_order":0,"comment_status":"closed","ping_status":"closed","template":"","meta":{"footnotes":""},"class_list":["post-10208","page","type-page","status-publish","hentry"],"_links":{"self":[{"href":"https:\/\/nature-fineart.com\/vogelfotografie-spanien\/wp-json\/wp\/v2\/pages\/10208","targetHints":{"allow":["GET"]}}],"collection":[{"href":"https:\/\/nature-fineart.com\/vogelfotografie-spanien\/wp-json\/wp\/v2\/pages"}],"about":[{"href":"https:\/\/nature-fineart.com\/vogelfotografie-spanien\/wp-json\/wp\/v2\/types\/page"}],"author":[{"embeddable":true,"href":"https:\/\/nature-fineart.com\/vogelfotografie-spanien\/wp-json\/wp\/v2\/users\/2"}],"replies":[{"embeddable":true,"href":"https:\/\/nature-fineart.com\/vogelfotografie-spanien\/wp-json\/wp\/v2\/comments?post=10208"}],"version-history":[{"count":3,"href":"https:\/\/nature-fineart.com\/vogelfotografie-spanien\/wp-json\/wp\/v2\/pages\/10208\/revisions"}],"predecessor-version":[{"id":10218,"href":"https:\/\/nature-fineart.com\/vogelfotografie-spanien\/wp-json\/wp\/v2\/pages\/10208\/revisions\/10218"}],"wp:attachment":[{"href":"https:\/\/nature-fineart.com\/vogelfotografie-spanien\/wp-json\/wp\/v2\/media?parent=10208"}],"curies":[{"name":"wp","href":"https:\/\/api.w.org\/{rel}","templated":true}]}}