{"id":10241,"date":"2026-08-10T09:05:45","date_gmt":"2026-08-10T07:05:45","guid":{"rendered":"https:\/\/nature-fineart.com\/vogelfotografie-spanien\/?page_id=10241"},"modified":"2026-08-10T09:13:05","modified_gmt":"2026-08-10T07:13:05","slug":"graugans","status":"publish","type":"page","link":"https:\/\/nature-fineart.com\/vogelfotografie-spanien\/graugans\/","title":{"rendered":"Graugans fotografieren"},"content":{"rendered":"\t\t<div data-elementor-type=\"wp-page\" data-elementor-id=\"10241\" class=\"elementor elementor-10241\">\n\t\t\t\t<div class=\"elementor-element elementor-element-8625908 e-flex e-con-boxed e-con e-parent\" data-id=\"8625908\" data-element_type=\"container\" data-e-type=\"container\">\n\t\t\t\t\t<div class=\"e-con-inner\">\n\t\t\r\n\t\t<div class=\"elementor-element elementor-element-813500e elementor-widget elementor-widget-html\" data-id=\"813500e\" data-element_type=\"widget\" data-e-type=\"widget\" data-widget_type=\"html.default\">\n\t\t\t\t<div class=\"elementor-widget-container\">\n\t\t\t\t\t<p>\nDie Graugans (<em>Anser anser<\/em>) geh\u00f6rt zu den gr\u00f6\u00dften und kr\u00e4ftigsten G\u00e4nsen Europas. Mit ihrem graubraunen Gefieder, dem hellen Bauch, dem kr\u00e4ftigen Schnabel und der massigen K\u00f6rperform ist sie besonders in gr\u00f6\u00dferen Trupps ein beeindruckender Anblick.\n<\/p>\t\t\t\t<\/div>\n\t\t\t\t<\/div>\n\t\t\t\t\t<\/div>\n\t\t\t\t<\/div>\n\t\t<div class=\"elementor-element elementor-element-bc74032 e-flex e-con-boxed e-con e-parent\" data-id=\"bc74032\" data-element_type=\"container\" data-e-type=\"container\">\n\t\t\t\t\t<div class=\"e-con-inner\">\n\t\t<div class=\"elementor-element elementor-element-de810c2 e-con-full e-flex e-con e-child\" data-id=\"de810c2\" data-element_type=\"container\" data-e-type=\"container\">\n\t\t\t\t<div class=\"elementor-element elementor-element-efa332d elementor-widget elementor-widget-image\" data-id=\"efa332d\" data-element_type=\"widget\" data-e-type=\"widget\" data-widget_type=\"image.default\">\n\t\t\t\t<div class=\"elementor-widget-container\">\n\t\t\t\t\t\t\t\t\t\t\t\t\t\t\t<img fetchpriority=\"high\" decoding=\"async\" width=\"751\" height=\"527\" src=\"https:\/\/nature-fineart.com\/vogelfotografie-spanien\/wp-content\/uploads\/2026\/08\/Graugans-auf-Augenhoehe-in-einer-Lagune-in-Spanien.jpg\" class=\"attachment-large size-large wp-image-10242\" alt=\"\" srcset=\"https:\/\/nature-fineart.com\/vogelfotografie-spanien\/wp-content\/uploads\/2026\/08\/Graugans-auf-Augenhoehe-in-einer-Lagune-in-Spanien.jpg 1024w, https:\/\/nature-fineart.com\/vogelfotografie-spanien\/wp-content\/uploads\/2026\/08\/Graugans-auf-Augenhoehe-in-einer-Lagune-in-Spanien-600x421.jpg 600w, https:\/\/nature-fineart.com\/vogelfotografie-spanien\/wp-content\/uploads\/2026\/08\/Graugans-auf-Augenhoehe-in-einer-Lagune-in-Spanien-768x539.jpg 768w\" sizes=\"(max-width: 751px) 100vw, 751px\" \/>\t\t\t\t\t\t\t\t\t\t\t\t\t\t\t<\/div>\n\t\t\t\t<\/div>\n\t\t\t\t<\/div>\n\t\t<div class=\"elementor-element elementor-element-1eeff8a e-con-full e-flex e-con e-child\" data-id=\"1eeff8a\" data-element_type=\"container\" data-e-type=\"container\">\n\t\t\t\t<div class=\"elementor-element elementor-element-074d0b7 elementor-widget elementor-widget-html\" data-id=\"074d0b7\" data-element_type=\"widget\" data-e-type=\"widget\" data-widget_type=\"html.default\">\n\t\t\t\t<div class=\"elementor-widget-container\">\n\t\t\t\t\t<p>\nIn Spanien begegnet mir die Graugans vor allem im Winter. Dann k\u00f6nnen sich an geeigneten Lagunen und anderen Feuchtgebieten gr\u00f6\u00dfere Gruppen sammeln. Tags\u00fcber verlassen die V\u00f6gel h\u00e4ufig die Wasserfl\u00e4chen und suchen auf Wiesen und offenen Fl\u00e4chen nach Nahrung.\n<\/p>\n\n<p>\nF\u00fcr die Vogelfotografie bietet die Graugans sehr unterschiedliche M\u00f6glichkeiten: ruhige Einzelportr\u00e4ts am Wasser, gr\u00f6\u00dfere Gruppen, Familien mit Jungv\u00f6geln oder dynamische Flugaufnahmen. Gerade diese Abwechslung macht die Art f\u00fcr mich fotografisch interessant.\n<\/p>\n\t\t\t\t<\/div>\n\t\t\t\t<\/div>\n\t\t\t\t<\/div>\n\t\t\t\t\t<\/div>\n\t\t\t\t<\/div>\n\t\t<div class=\"elementor-element elementor-element-7f81d41 e-flex e-con-boxed e-con e-parent\" data-id=\"7f81d41\" data-element_type=\"container\" data-e-type=\"container\">\n\t\t\t\t\t<div class=\"e-con-inner\">\n\t\t\t\t<div class=\"elementor-element elementor-element-5d6830c elementor-widget elementor-widget-html\" data-id=\"5d6830c\" data-element_type=\"widget\" data-e-type=\"widget\" data-widget_type=\"html.default\">\n\t\t\t\t<div class=\"elementor-widget-container\">\n\t\t\t\t\t<h2>Die Graugans in Spanien<\/h2>\n\n<p>\nDie Graugans ist in Spanien besonders als Wintergast bedeutend. W\u00e4hrend der kalten Jahreszeit treffen zahlreiche V\u00f6gel aus n\u00f6rdlicheren Brutgebieten auf der Iberischen Halbinsel ein und sammeln sich an geeigneten Feuchtgebieten.\n<\/p>\n\n<p>\nZu den klassischen Winterlebensr\u00e4umen geh\u00f6ren flache Lagunen, S\u00fcmpfe, \u00dcberschwemmungsfl\u00e4chen und andere offene Gew\u00e4sser. Besonders wichtig sind Gebiete, in deren Umgebung ausreichend Wiesen, Weiden oder landwirtschaftlich genutzte Fl\u00e4chen zur Nahrungssuche vorhanden sind.\n<\/p>\n\n<p>\nDaneben gibt es inzwischen auch Brutvorkommen in Spanien. Diese konzentrieren sich vor allem auf geeignete Feuchtgebiete in Mittel- und Nordspanien. Dadurch k\u00f6nnen Graug\u00e4nse regional auch au\u00dferhalb der klassischen Wintermonate beobachtet werden.\n<\/p>\t\t\t\t<\/div>\n\t\t\t\t<\/div>\n\t\t\t\t\t<\/div>\n\t\t\t\t<\/div>\n\t\t<div class=\"elementor-element elementor-element-819e12d e-flex e-con-boxed e-con e-parent\" data-id=\"819e12d\" data-element_type=\"container\" data-e-type=\"container\">\n\t\t\t\t\t<div class=\"e-con-inner\">\n\t\t<div class=\"elementor-element elementor-element-df8f6d5 e-con-full e-flex e-con e-child\" data-id=\"df8f6d5\" data-element_type=\"container\" data-e-type=\"container\">\n\t\t\t\t<div class=\"elementor-element elementor-element-da57398 elementor-widget elementor-widget-html\" data-id=\"da57398\" data-element_type=\"widget\" data-e-type=\"widget\" data-widget_type=\"html.default\">\n\t\t\t\t<div class=\"elementor-widget-container\">\n\t\t\t\t\t<h2>Graug\u00e4nse im Flug<\/h2>\n\n<p>\nGraug\u00e4nse wirken am Boden schwer und kr\u00e4ftig, k\u00f6nnen sich im Flug jedoch erstaunlich schnell fortbewegen. Die breiten Fl\u00fcgel und der kr\u00e4ftige K\u00f6rper ergeben eine charakteristische Silhouette.\n<\/p>\n\n<p>\nBei l\u00e4ngeren Fl\u00fcgen ziehen gr\u00f6\u00dfere Trupps h\u00e4ufig in den bekannten V- oder schr\u00e4gen Linienformationen. Diese Anordnung hilft den V\u00f6geln, aerodynamische Vorteile zu nutzen und Energie zu sparen.\n<\/p>\n\n<p>\nF\u00fcr Flugaufnahmen empfiehlt sich eine kurze Verschlusszeit sowie ein kontinuierlicher Autofokus. Besonders interessant finde ich Situationen, in denen mehrere G\u00e4nse mit unterschiedlichen Fl\u00fcgelstellungen gleichzeitig ins Bild kommen.\n<\/p>\t\t\t\t<\/div>\n\t\t\t\t<\/div>\n\t\t\t\t<\/div>\n\t\t<div class=\"elementor-element elementor-element-97cba65 e-con-full e-flex e-con e-child\" data-id=\"97cba65\" data-element_type=\"container\" data-e-type=\"container\">\n\t\t\t\t<div class=\"elementor-element elementor-element-3a1e060 elementor-widget elementor-widget-image\" data-id=\"3a1e060\" data-element_type=\"widget\" data-e-type=\"widget\" data-widget_type=\"image.default\">\n\t\t\t\t<div class=\"elementor-widget-container\">\n\t\t\t\t\t\t\t\t\t\t\t\t\t\t\t<img decoding=\"async\" width=\"751\" height=\"913\" src=\"https:\/\/nature-fineart.com\/vogelfotografie-spanien\/wp-content\/uploads\/2026\/08\/Drei-Graugaense-im-Flug-ueber-einem-Feuchtgebiet-in-Spanien.jpg\" class=\"attachment-large size-large wp-image-10243\" alt=\"\" srcset=\"https:\/\/nature-fineart.com\/vogelfotografie-spanien\/wp-content\/uploads\/2026\/08\/Drei-Graugaense-im-Flug-ueber-einem-Feuchtgebiet-in-Spanien.jpg 842w, https:\/\/nature-fineart.com\/vogelfotografie-spanien\/wp-content\/uploads\/2026\/08\/Drei-Graugaense-im-Flug-ueber-einem-Feuchtgebiet-in-Spanien-493x600.jpg 493w, https:\/\/nature-fineart.com\/vogelfotografie-spanien\/wp-content\/uploads\/2026\/08\/Drei-Graugaense-im-Flug-ueber-einem-Feuchtgebiet-in-Spanien-768x934.jpg 768w\" sizes=\"(max-width: 751px) 100vw, 751px\" \/>\t\t\t\t\t\t\t\t\t\t\t\t\t\t\t<\/div>\n\t\t\t\t<\/div>\n\t\t\t\t<\/div>\n\t\t\t\t\t<\/div>\n\t\t\t\t<\/div>\n\t\t<div class=\"elementor-element elementor-element-46b7622 e-flex e-con-boxed e-con e-parent\" data-id=\"46b7622\" data-element_type=\"container\" data-e-type=\"container\">\n\t\t\t\t\t<div class=\"e-con-inner\">\n\t\t\t\t<div class=\"elementor-element elementor-element-0e4a976 elementor-widget elementor-widget-html\" data-id=\"0e4a976\" data-element_type=\"widget\" data-e-type=\"widget\" data-widget_type=\"html.default\">\n\t\t\t\t<div class=\"elementor-widget-container\">\n\t\t\t\t\t<h2>Geselliges Verhalten im Winter<\/h2>\n\n<p>\nGraug\u00e4nse sind besonders au\u00dferhalb der Brutzeit ausgesprochen gesellig. Im Winter k\u00f6nnen sich an geeigneten Gew\u00e4ssern gro\u00dfe Trupps bilden, die gemeinsam ruhen, schlafen oder von dort zu ihren Nahrungsfl\u00e4chen aufbrechen.\n<\/p>\n\t\t\t\t<\/div>\n\t\t\t\t<\/div>\n\t\t\t\t\t<\/div>\n\t\t\t\t<\/div>\n\t\t<div class=\"elementor-element elementor-element-5d13e92 e-flex e-con-boxed e-con e-parent\" data-id=\"5d13e92\" data-element_type=\"container\" data-e-type=\"container\">\n\t\t\t\t\t<div class=\"e-con-inner\">\n\t\t<div class=\"elementor-element elementor-element-6be4362 e-con-full e-flex e-con e-child\" data-id=\"6be4362\" data-element_type=\"container\" data-e-type=\"container\">\n\t\t\t\t<div class=\"elementor-element elementor-element-a5198b9 elementor-widget elementor-widget-image\" data-id=\"a5198b9\" data-element_type=\"widget\" data-e-type=\"widget\" data-widget_type=\"image.default\">\n\t\t\t\t<div class=\"elementor-widget-container\">\n\t\t\t\t\t\t\t\t\t\t\t\t\t\t\t<img decoding=\"async\" width=\"751\" height=\"523\" src=\"https:\/\/nature-fineart.com\/vogelfotografie-spanien\/wp-content\/uploads\/2026\/08\/Vier-Graugaense-gemeinsam-in-einer-Lagune-vor-einem-Schilfguertel.jpg\" class=\"attachment-large size-large wp-image-10244\" alt=\"\" srcset=\"https:\/\/nature-fineart.com\/vogelfotografie-spanien\/wp-content\/uploads\/2026\/08\/Vier-Graugaense-gemeinsam-in-einer-Lagune-vor-einem-Schilfguertel.jpg 1024w, https:\/\/nature-fineart.com\/vogelfotografie-spanien\/wp-content\/uploads\/2026\/08\/Vier-Graugaense-gemeinsam-in-einer-Lagune-vor-einem-Schilfguertel-600x418.jpg 600w, https:\/\/nature-fineart.com\/vogelfotografie-spanien\/wp-content\/uploads\/2026\/08\/Vier-Graugaense-gemeinsam-in-einer-Lagune-vor-einem-Schilfguertel-768x535.jpg 768w\" sizes=\"(max-width: 751px) 100vw, 751px\" \/>\t\t\t\t\t\t\t\t\t\t\t\t\t\t\t<\/div>\n\t\t\t\t<\/div>\n\t\t\t\t<\/div>\n\t\t<div class=\"elementor-element elementor-element-7eb5375 e-con-full e-flex e-con e-child\" data-id=\"7eb5375\" data-element_type=\"container\" data-e-type=\"container\">\n\t\t\t\t<div class=\"elementor-element elementor-element-ee5c601 elementor-widget elementor-widget-html\" data-id=\"ee5c601\" data-element_type=\"widget\" data-e-type=\"widget\" data-widget_type=\"html.default\">\n\t\t\t\t<div class=\"elementor-widget-container\">\n\t\t\t\t\t<p>\nAuch innerhalb gro\u00dfer Ansammlungen bleiben Familienverb\u00e4nde h\u00e4ufig eng zusammen. Paare k\u00f6nnen \u00fcber l\u00e4ngere Zeit verbunden bleiben und werden nach der Brutzeit noch von ihren Jungv\u00f6geln begleitet.\n<\/p>\n\n<p>\nF\u00fcr die Fotografie sind Gruppenaufnahmen besonders interessant, wenn mehrere Tiere unterschiedliche Blickrichtungen oder K\u00f6rperhaltungen zeigen. Dadurch entsteht ein lebendiges Bild, ohne dass jeder Vogel exakt gleich stehen muss.\n<\/p>\t\t\t\t<\/div>\n\t\t\t\t<\/div>\n\t\t\t\t<\/div>\n\t\t\t\t\t<\/div>\n\t\t\t\t<\/div>\n\t\t<div class=\"elementor-element elementor-element-ac8780c e-flex e-con-boxed e-con e-parent\" data-id=\"ac8780c\" data-element_type=\"container\" data-e-type=\"container\">\n\t\t\t\t\t<div class=\"e-con-inner\">\n\t\t<div class=\"elementor-element elementor-element-6d9c083 e-con-full e-flex e-con e-child\" data-id=\"6d9c083\" data-element_type=\"container\" data-e-type=\"container\">\n\t\t\t\t<div class=\"elementor-element elementor-element-463ff49 elementor-widget elementor-widget-html\" data-id=\"463ff49\" data-element_type=\"widget\" data-e-type=\"widget\" data-widget_type=\"html.default\">\n\t\t\t\t<div class=\"elementor-widget-container\">\n\t\t\t\t\t<h2>Erkennungsmerkmale<\/h2>\n\n<p>\nDie Graugans ist eine gro\u00dfe und kr\u00e4ftig gebaute Gans mit \u00fcberwiegend graubraunem Gefieder. Hals und Kopf wirken vergleichsweise hell, w\u00e4hrend R\u00fccken und Fl\u00fcgel durch helle Feders\u00e4ume eine strukturierte Zeichnung zeigen.\n<\/p>\n\n<p>\nAuff\u00e4llig sind der kr\u00e4ftige Schnabel und die rosafarbenen Beine. Der hintere Bauchbereich und die Unterschwanzdecken sind deutlich heller, w\u00e4hrend die Schwanzfedern eine kontrastreiche Kombination aus Wei\u00df und dunkleren Bereichen zeigen.\n<\/p>\n\n<p>\nM\u00e4nnchen und Weibchen sehen sich sehr \u00e4hnlich. Das M\u00e4nnchen ist im Durchschnitt etwas gr\u00f6\u00dfer, eine sichere Geschlechtsbestimmung ist im Feld jedoch meist nicht m\u00f6glich.\n<\/p>\t\t\t\t<\/div>\n\t\t\t\t<\/div>\n\t\t\t\t<\/div>\n\t\t<div class=\"elementor-element elementor-element-3ea4adb e-con-full e-flex e-con e-child\" data-id=\"3ea4adb\" data-element_type=\"container\" data-e-type=\"container\">\n\t\t\t\t<div class=\"elementor-element elementor-element-adeaac0 elementor-widget elementor-widget-image\" data-id=\"adeaac0\" data-element_type=\"widget\" data-e-type=\"widget\" data-widget_type=\"image.default\">\n\t\t\t\t<div class=\"elementor-widget-container\">\n\t\t\t\t\t\t\t\t\t\t\t\t\t\t\t<img loading=\"lazy\" decoding=\"async\" width=\"751\" height=\"958\" src=\"https:\/\/nature-fineart.com\/vogelfotografie-spanien\/wp-content\/uploads\/2026\/08\/Graugans-laeuft-mit-angehobenem-Fuss-durch-eine-flache-Lagune.jpg\" class=\"attachment-large size-large wp-image-10245\" alt=\"\" srcset=\"https:\/\/nature-fineart.com\/vogelfotografie-spanien\/wp-content\/uploads\/2026\/08\/Graugans-laeuft-mit-angehobenem-Fuss-durch-eine-flache-Lagune.jpg 803w, https:\/\/nature-fineart.com\/vogelfotografie-spanien\/wp-content\/uploads\/2026\/08\/Graugans-laeuft-mit-angehobenem-Fuss-durch-eine-flache-Lagune-471x600.jpg 471w, https:\/\/nature-fineart.com\/vogelfotografie-spanien\/wp-content\/uploads\/2026\/08\/Graugans-laeuft-mit-angehobenem-Fuss-durch-eine-flache-Lagune-768x979.jpg 768w\" sizes=\"(max-width: 751px) 100vw, 751px\" \/>\t\t\t\t\t\t\t\t\t\t\t\t\t\t\t<\/div>\n\t\t\t\t<\/div>\n\t\t\t\t<\/div>\n\t\t\t\t\t<\/div>\n\t\t\t\t<\/div>\n\t\t<div class=\"elementor-element elementor-element-2194514 e-flex e-con-boxed e-con e-parent\" data-id=\"2194514\" data-element_type=\"container\" data-e-type=\"container\">\n\t\t\t\t\t<div class=\"e-con-inner\">\n\t\t\t\t<div class=\"elementor-element elementor-element-5760b72 elementor-widget elementor-widget-html\" data-id=\"5760b72\" data-element_type=\"widget\" data-e-type=\"widget\" data-widget_type=\"html.default\">\n\t\t\t\t<div class=\"elementor-widget-container\">\n\t\t\t\t\t<h2>Graugans oder Bl\u00e4ssgans?<\/h2>\n\n<p>\nEine m\u00f6gliche Verwechslungsart ist die Bl\u00e4ssgans. Adulte Bl\u00e4ssg\u00e4nse sind kleiner als Graug\u00e4nse und besitzen eine auff\u00e4llige wei\u00dfe Stirn beziehungsweise eine wei\u00dfe Partie an der Schnabelbasis.\n<\/p>\n\n<p>\nBesonders charakteristisch sind au\u00dferdem die dunklen Flecken und Querzeichnungen auf dem Bauch adulter Bl\u00e4ssg\u00e4nse. Bei der Graugans fehlt diese ausgepr\u00e4gte schwarze Bauchzeichnung normalerweise.\n<\/p>\n\n<p>\nAuch andere seltenere G\u00e4nsearten k\u00f6nnen sich gelegentlich unter gr\u00f6\u00dfere Graugans-Trupps mischen. Deshalb lohnt es sich gerade im Winter, gr\u00f6\u00dfere Gruppen aufmerksam abzusuchen.\n<\/p>\n\n<h2>Nahrung und t\u00e4gliche Wanderungen<\/h2>\n\n<p>\nGraug\u00e4nse ern\u00e4hren sich \u00fcberwiegend pflanzlich. Gr\u00e4ser, junge Triebe, Bl\u00e4tter, Wurzeln und andere Pflanzenteile geh\u00f6ren zu ihrer Nahrung. Auch landwirtschaftlich genutzte Fl\u00e4chen k\u00f6nnen wichtige Nahrungsgebiete darstellen.\n<\/p>\t\t\t\t<\/div>\n\t\t\t\t<\/div>\n\t\t\t\t\t<\/div>\n\t\t\t\t<\/div>\n\t\t<div class=\"elementor-element elementor-element-dea9df2 e-flex e-con-boxed e-con e-parent\" data-id=\"dea9df2\" data-element_type=\"container\" data-e-type=\"container\">\n\t\t\t\t\t<div class=\"e-con-inner\">\n\t\t<div class=\"elementor-element elementor-element-30e826e e-con-full e-flex e-con e-child\" data-id=\"30e826e\" data-element_type=\"container\" data-e-type=\"container\">\n\t\t\t\t<div class=\"elementor-element elementor-element-3bd549b elementor-widget elementor-widget-image\" data-id=\"3bd549b\" data-element_type=\"widget\" data-e-type=\"widget\" data-widget_type=\"image.default\">\n\t\t\t\t<div class=\"elementor-widget-container\">\n\t\t\t\t\t\t\t\t\t\t\t\t\t\t\t<img loading=\"lazy\" decoding=\"async\" width=\"751\" height=\"501\" src=\"https:\/\/nature-fineart.com\/vogelfotografie-spanien\/wp-content\/uploads\/2026\/08\/Graugans-auf-einer-gruenen-Wiese-mit-kleinen-Blueten-nahe-einer-Lagune.jpg\" class=\"attachment-large size-large wp-image-10246\" alt=\"\" srcset=\"https:\/\/nature-fineart.com\/vogelfotografie-spanien\/wp-content\/uploads\/2026\/08\/Graugans-auf-einer-gruenen-Wiese-mit-kleinen-Blueten-nahe-einer-Lagune.jpg 1024w, https:\/\/nature-fineart.com\/vogelfotografie-spanien\/wp-content\/uploads\/2026\/08\/Graugans-auf-einer-gruenen-Wiese-mit-kleinen-Blueten-nahe-einer-Lagune-600x400.jpg 600w, https:\/\/nature-fineart.com\/vogelfotografie-spanien\/wp-content\/uploads\/2026\/08\/Graugans-auf-einer-gruenen-Wiese-mit-kleinen-Blueten-nahe-einer-Lagune-768x512.jpg 768w\" sizes=\"(max-width: 751px) 100vw, 751px\" \/>\t\t\t\t\t\t\t\t\t\t\t\t\t\t\t<\/div>\n\t\t\t\t<\/div>\n\t\t\t\t<\/div>\n\t\t<div class=\"elementor-element elementor-element-db903eb e-con-full e-flex e-con e-child\" data-id=\"db903eb\" data-element_type=\"container\" data-e-type=\"container\">\n\t\t\t\t<div class=\"elementor-element elementor-element-6456745 elementor-widget elementor-widget-html\" data-id=\"6456745\" data-element_type=\"widget\" data-e-type=\"widget\" data-widget_type=\"html.default\">\n\t\t\t\t<div class=\"elementor-widget-container\">\n\t\t\t\t\t<p>\nIm Winter l\u00e4sst sich h\u00e4ufig ein deutlicher Tagesrhythmus beobachten. Die G\u00e4nse verbringen die Nacht und Ruhephasen auf sicheren Wasserfl\u00e4chen und fliegen morgens zu umliegenden Wiesen oder Feldern. Sp\u00e4ter kehren sie wieder zu ihren Schlaf- und Rastpl\u00e4tzen zur\u00fcck.\n<\/p>\n\n<p>\nDiese t\u00e4glichen Bewegungen bieten f\u00fcr Fotografen gute M\u00f6glichkeiten f\u00fcr Flugaufnahmen. Kennt man die Richtung, in der die Tiere ihre Nahrungsfl\u00e4chen anfliegen, kann man sich bereits vorher an einer geeigneten Stelle positionieren.\n<\/p>\t\t\t\t<\/div>\n\t\t\t\t<\/div>\n\t\t\t\t<\/div>\n\t\t\t\t\t<\/div>\n\t\t\t\t<\/div>\n\t\t<div class=\"elementor-element elementor-element-392d2ff e-flex e-con-boxed e-con e-parent\" data-id=\"392d2ff\" data-element_type=\"container\" data-e-type=\"container\">\n\t\t\t\t\t<div class=\"e-con-inner\">\n\t\t\t\t<div class=\"elementor-element elementor-element-16923d2 elementor-widget elementor-widget-html\" data-id=\"16923d2\" data-element_type=\"widget\" data-e-type=\"widget\" data-widget_type=\"html.default\">\n\t\t\t\t<div class=\"elementor-widget-container\">\n\t\t\t\t\t<h2>Graugans fotografieren<\/h2>\n\n<p>\nAuf dem Wasser oder beim ruhigen Stehen sind Graug\u00e4nse vergleichsweise gut einsch\u00e4tzbar. Ihre Bewegungen erfolgen h\u00e4ufig langsam, sodass nicht immer extrem kurze Verschlusszeiten notwendig sind.\n<\/p>\t\t\t\t<\/div>\n\t\t\t\t<\/div>\n\t\t\t\t\t<\/div>\n\t\t\t\t<\/div>\n\t\t<div class=\"elementor-element elementor-element-8b4c649 e-flex e-con-boxed e-con e-parent\" data-id=\"8b4c649\" data-element_type=\"container\" data-e-type=\"container\">\n\t\t\t\t\t<div class=\"e-con-inner\">\n\t\t<div class=\"elementor-element elementor-element-32c759d e-con-full e-flex e-con e-child\" data-id=\"32c759d\" data-element_type=\"container\" data-e-type=\"container\">\n\t\t\t\t<div class=\"elementor-element elementor-element-ec7db2d elementor-widget elementor-widget-image\" data-id=\"ec7db2d\" data-element_type=\"widget\" data-e-type=\"widget\" data-widget_type=\"image.default\">\n\t\t\t\t<div class=\"elementor-widget-container\">\n\t\t\t\t\t\t\t\t\t\t\t\t\t\t\t<img loading=\"lazy\" decoding=\"async\" width=\"751\" height=\"517\" src=\"https:\/\/nature-fineart.com\/vogelfotografie-spanien\/wp-content\/uploads\/2026\/08\/Graugans-im-nahen-Flug-mit-ausgebreiteten-Fluegeln-vor-blauem-Himmel.jpg\" class=\"attachment-large size-large wp-image-10247\" alt=\"\" srcset=\"https:\/\/nature-fineart.com\/vogelfotografie-spanien\/wp-content\/uploads\/2026\/08\/Graugans-im-nahen-Flug-mit-ausgebreiteten-Fluegeln-vor-blauem-Himmel.jpg 1024w, https:\/\/nature-fineart.com\/vogelfotografie-spanien\/wp-content\/uploads\/2026\/08\/Graugans-im-nahen-Flug-mit-ausgebreiteten-Fluegeln-vor-blauem-Himmel-600x413.jpg 600w, https:\/\/nature-fineart.com\/vogelfotografie-spanien\/wp-content\/uploads\/2026\/08\/Graugans-im-nahen-Flug-mit-ausgebreiteten-Fluegeln-vor-blauem-Himmel-768x529.jpg 768w\" sizes=\"(max-width: 751px) 100vw, 751px\" \/>\t\t\t\t\t\t\t\t\t\t\t\t\t\t\t<\/div>\n\t\t\t\t<\/div>\n\t\t\t\t<\/div>\n\t\t<div class=\"elementor-element elementor-element-33273fe e-con-full e-flex e-con e-child\" data-id=\"33273fe\" data-element_type=\"container\" data-e-type=\"container\">\n\t\t\t\t<div class=\"elementor-element elementor-element-488c543 elementor-widget elementor-widget-html\" data-id=\"488c543\" data-element_type=\"widget\" data-e-type=\"widget\" data-widget_type=\"html.default\">\n\t\t\t\t<div class=\"elementor-widget-container\">\n\t\t\t\t\t<p>\nDas \u00e4ndert sich jedoch sofort, sobald die V\u00f6gel auffliegen. Trotz ihres kr\u00e4ftigen K\u00f6rperbaus sind Graug\u00e4nse im Flug schnell unterwegs. F\u00fcr scharfe Flugaufnahmen sollte deshalb eine deutlich k\u00fcrzere Verschlusszeit gew\u00e4hlt werden.\n<\/p>\n\n<p>\nSerienaufnahmen und eine zuverl\u00e4ssige Augenerkennung k\u00f6nnen gerade bei vorbeifliegenden G\u00e4nsen hilfreich sein. Bei mehreren V\u00f6geln im Bild sollte der Fokus auf dem Vogel liegen, der die Komposition tr\u00e4gt und im fertigen Bild die gr\u00f6\u00dfte Aufmerksamkeit bekommen soll. So l\u00e4sst sich die Sch\u00e4rfe gezielt dort setzen, wo sie f\u00fcr die Bildwirkung am wichtigsten ist.\n<\/p>\n\t\t\t\t<\/div>\n\t\t\t\t<\/div>\n\t\t\t\t<\/div>\n\t\t\t\t\t<\/div>\n\t\t\t\t<\/div>\n\t\t<div class=\"elementor-element elementor-element-180acc2 e-flex e-con-boxed e-con e-parent\" data-id=\"180acc2\" data-element_type=\"container\" data-e-type=\"container\">\n\t\t\t\t\t<div class=\"e-con-inner\">\n\t\t\t\t<div class=\"elementor-element elementor-element-14d27e7 elementor-widget elementor-widget-html\" data-id=\"14d27e7\" data-element_type=\"widget\" data-e-type=\"widget\" data-widget_type=\"html.default\">\n\t\t\t\t<div class=\"elementor-widget-container\">\n\t\t\t\t\t<h2>Belichtung und Perspektive<\/h2>\n\n<p>\nDas Gefieder der Graugans wirkt auf den ersten Blick relativ unproblematisch. Trotzdem besitzt die Art einige sehr helle Gefiederpartien, besonders im Bereich des Hinterk\u00f6rpers und der Schwanzfedern.\n<\/p>\n\n<p>\nBei starkem Sonnenlicht sollte darauf geachtet werden, dass diese hellen Bereiche nicht \u00fcberbelichtet werden. Weiches Morgenlicht, Abendlicht oder ein leicht bew\u00f6lkter Himmel erleichtern eine ausgewogene Belichtung.\n<\/p>\n\n<p>\nEine niedrige Perspektive funktioniert besonders gut, wenn die Gans im Wasser oder am Ufer steht. Da Graug\u00e4nse relativ gro\u00df sind, l\u00e4sst sich eine ann\u00e4hernde Augenh\u00f6he leichter erreichen als bei kleinen Enten oder Limikolen.\n<\/p>\t\t\t\t<\/div>\n\t\t\t\t<\/div>\n\t\t\t\t\t<\/div>\n\t\t\t\t<\/div>\n\t\t<div class=\"elementor-element elementor-element-4eb8f88 e-flex e-con-boxed e-con e-parent\" data-id=\"4eb8f88\" data-element_type=\"container\" data-e-type=\"container\">\n\t\t\t\t\t<div class=\"e-con-inner\">\n\t\t<div class=\"elementor-element elementor-element-3665677 e-con-full e-flex e-con e-child\" data-id=\"3665677\" data-element_type=\"container\" data-e-type=\"container\">\n\t\t\t\t<div class=\"elementor-element elementor-element-66c510d elementor-widget elementor-widget-html\" data-id=\"66c510d\" data-element_type=\"widget\" data-e-type=\"widget\" data-widget_type=\"html.default\">\n\t\t\t\t<div class=\"elementor-widget-container\">\n\t\t\t\t\t<h2>Brut und Familienleben<\/h2>\n\n<p>\nAuch wenn Graug\u00e4nse in Spanien wesentlich h\u00e4ufiger im Winter beobachtet werden, gibt es mittlerweile regionale Brutvorkommen. Im Fr\u00fchjahr und Fr\u00fchsommer k\u00f6nnen dort Paare mit Jungv\u00f6geln beobachtet werden.\n<\/p>\n\n<p>\nDie K\u00fcken geh\u00f6ren zu den Nestfl\u00fcchtern. Bereits kurz nach dem Schlupf k\u00f6nnen sie laufen und selbstst\u00e4ndig Nahrung aufnehmen, bleiben aber eng bei ihren Eltern.\n<\/p>\n\t\t\t\t<\/div>\n\t\t\t\t<\/div>\n\t\t\t\t<\/div>\n\t\t<div class=\"elementor-element elementor-element-32e0d11 e-con-full e-flex e-con e-child\" data-id=\"32e0d11\" data-element_type=\"container\" data-e-type=\"container\">\n\t\t\t\t<div class=\"elementor-element elementor-element-6f4b626 elementor-widget elementor-widget-image\" data-id=\"6f4b626\" data-element_type=\"widget\" data-e-type=\"widget\" data-widget_type=\"image.default\">\n\t\t\t\t<div class=\"elementor-widget-container\">\n\t\t\t\t\t\t\t\t\t\t\t\t\t\t\t<img loading=\"lazy\" decoding=\"async\" width=\"751\" height=\"502\" src=\"https:\/\/nature-fineart.com\/vogelfotografie-spanien\/wp-content\/uploads\/2026\/08\/Zwei-Graugaense-schwimmen-mit-fuenf-Jungvoegeln-durch-ein-Feuchtgebiet.jpg\" class=\"attachment-large size-large wp-image-10248\" alt=\"\" srcset=\"https:\/\/nature-fineart.com\/vogelfotografie-spanien\/wp-content\/uploads\/2026\/08\/Zwei-Graugaense-schwimmen-mit-fuenf-Jungvoegeln-durch-ein-Feuchtgebiet.jpg 1024w, https:\/\/nature-fineart.com\/vogelfotografie-spanien\/wp-content\/uploads\/2026\/08\/Zwei-Graugaense-schwimmen-mit-fuenf-Jungvoegeln-durch-ein-Feuchtgebiet-600x401.jpg 600w, https:\/\/nature-fineart.com\/vogelfotografie-spanien\/wp-content\/uploads\/2026\/08\/Zwei-Graugaense-schwimmen-mit-fuenf-Jungvoegeln-durch-ein-Feuchtgebiet-768x513.jpg 768w\" sizes=\"(max-width: 751px) 100vw, 751px\" \/>\t\t\t\t\t\t\t\t\t\t\t\t\t\t\t<\/div>\n\t\t\t\t<\/div>\n\t\t\t\t<\/div>\n\t\t\t\t\t<\/div>\n\t\t\t\t<\/div>\n\t\t<div class=\"elementor-element elementor-element-3823709 e-flex e-con-boxed e-con e-parent\" data-id=\"3823709\" data-element_type=\"container\" data-e-type=\"container\">\n\t\t\t\t\t<div class=\"e-con-inner\">\n\t\t\t\t<div class=\"elementor-element elementor-element-fd694ac elementor-widget elementor-widget-html\" data-id=\"fd694ac\" data-element_type=\"widget\" data-e-type=\"widget\" data-widget_type=\"html.default\">\n\t\t\t\t<div class=\"elementor-widget-container\">\n\t\t\t\t\t<p>\nAuf dem Wasser schwimmt h\u00e4ufig ein Altvogel vor der Gruppe, w\u00e4hrend der zweite Elternvogel die Familie begleitet. Solche Szenen wirken fotografisch besonders sch\u00f6n, weil sie gleichzeitig das Sozial- und Familienverhalten der Art zeigen.\n<\/p>\n\n<p>\nBei Familien mit Jungv\u00f6geln ist besonders viel Abstand wichtig. Die Tiere sollten ihre nat\u00fcrlichen Wege nutzen k\u00f6nnen, ohne durch die Position des Fotografen zu Ausweichbewegungen gezwungen zu werden.\n<\/p>\n\t\t\t\t<\/div>\n\t\t\t\t<\/div>\n\t\t\t\t\t<\/div>\n\t\t\t\t<\/div>\n\t\t<div class=\"elementor-element elementor-element-f8555ca e-flex e-con-boxed e-con e-parent\" data-id=\"f8555ca\" data-element_type=\"container\" data-e-type=\"container\">\n\t\t\t\t\t<div class=\"e-con-inner\">\n\t\t<div class=\"elementor-element elementor-element-18395fe e-con-full e-flex e-con e-child\" data-id=\"18395fe\" data-element_type=\"container\" data-e-type=\"container\">\n\t\t\t\t<div class=\"elementor-element elementor-element-0ec9e2d elementor-widget elementor-widget-html\" data-id=\"0ec9e2d\" data-element_type=\"widget\" data-e-type=\"widget\" data-widget_type=\"html.default\">\n\t\t\t\t<div class=\"elementor-widget-container\">\n\t\t\t\t\t<h2>Den richtigen Moment im Flug erwischen<\/h2>\n\n<p>\nBei zwei oder mehreren fliegenden Graug\u00e4nsen ver\u00e4ndert sich die Bildwirkung innerhalb weniger Sekundenbruchteile. Besonders spannend sind Situationen, in denen sich die Fl\u00fcgelstellungen der einzelnen V\u00f6gel voneinander unterscheiden.\n<\/p>\n\n<p>\nEine Serienaufnahme erh\u00f6ht die Chance auf einen Moment, in dem K\u00f6pfe, Fl\u00fcgel und K\u00f6rper der V\u00f6gel klar voneinander getrennt sind. Ein nat\u00fcrlicher Hintergrund aus Schilf oder Vegetation wirkt dabei oft lebendiger als ein vollst\u00e4ndig leerer Himmel.\n<\/p>\t\t\t\t<\/div>\n\t\t\t\t<\/div>\n\t\t\t\t<\/div>\n\t\t<div class=\"elementor-element elementor-element-efc3c1e e-con-full e-flex e-con e-child\" data-id=\"efc3c1e\" data-element_type=\"container\" data-e-type=\"container\">\n\t\t\t\t<div class=\"elementor-element elementor-element-fca4ade elementor-widget elementor-widget-image\" data-id=\"fca4ade\" data-element_type=\"widget\" data-e-type=\"widget\" data-widget_type=\"image.default\">\n\t\t\t\t<div class=\"elementor-widget-container\">\n\t\t\t\t\t\t\t\t\t\t\t\t\t\t\t<img loading=\"lazy\" decoding=\"async\" width=\"751\" height=\"553\" src=\"https:\/\/nature-fineart.com\/vogelfotografie-spanien\/wp-content\/uploads\/2026\/08\/Zwei-Graugaense-mit-ausgebreiteten-Fluegeln-im-Flug-vor-Schilf-und-Vegetation.jpg\" class=\"attachment-large size-large wp-image-10249\" alt=\"\" srcset=\"https:\/\/nature-fineart.com\/vogelfotografie-spanien\/wp-content\/uploads\/2026\/08\/Zwei-Graugaense-mit-ausgebreiteten-Fluegeln-im-Flug-vor-Schilf-und-Vegetation.jpg 1024w, https:\/\/nature-fineart.com\/vogelfotografie-spanien\/wp-content\/uploads\/2026\/08\/Zwei-Graugaense-mit-ausgebreiteten-Fluegeln-im-Flug-vor-Schilf-und-Vegetation-600x442.jpg 600w, https:\/\/nature-fineart.com\/vogelfotografie-spanien\/wp-content\/uploads\/2026\/08\/Zwei-Graugaense-mit-ausgebreiteten-Fluegeln-im-Flug-vor-Schilf-und-Vegetation-768x566.jpg 768w\" sizes=\"(max-width: 751px) 100vw, 751px\" \/>\t\t\t\t\t\t\t\t\t\t\t\t\t\t\t<\/div>\n\t\t\t\t<\/div>\n\t\t\t\t<\/div>\n\t\t\t\t\t<\/div>\n\t\t\t\t<\/div>\n\t\t<div class=\"elementor-element elementor-element-40a3103 e-flex e-con-boxed e-con e-parent\" data-id=\"40a3103\" data-element_type=\"container\" data-e-type=\"container\">\n\t\t\t\t\t<div class=\"e-con-inner\">\n\t\t\t\t<div class=\"elementor-element elementor-element-b90fbf6 elementor-widget elementor-widget-html\" data-id=\"b90fbf6\" data-element_type=\"widget\" data-e-type=\"widget\" data-widget_type=\"html.default\">\n\t\t\t\t<div class=\"elementor-widget-container\">\n\t\t\t\t\t<h2>Eine pers\u00f6nliche Beobachtung<\/h2>\n\n<p>\nDie Graugans geh\u00f6rt f\u00fcr mich vor allem zu den typischen Winterv\u00f6geln spanischer Feuchtgebiete. An geeigneten Lagunen lassen sich dann teilweise gro\u00dfe Gruppen beobachten, die gemeinsam die Nacht verbringen und am Morgen zu ihren Nahrungsfl\u00e4chen aufbrechen.\n<\/p>\n\n<p>\nBesonders interessant finde ich den Wechsel zwischen diesen gro\u00dfen Wintertrupps und den deutlich ruhigeren Situationen im Fr\u00fchjahr. Dann k\u00f6nnen einzelne Paare oder Familien mit Jungv\u00f6geln beobachtet werden.\n<\/p>\n\n<p>\nFotografisch gef\u00e4llt mir die Graugans besonders auf Augenh\u00f6he oder im Flug. Auf dem Wasser kann man sich Zeit f\u00fcr Bildgestaltung und Hintergrund nehmen, w\u00e4hrend Flugaufnahmen deutlich mehr Reaktion und eine kurze Verschlusszeit erfordern.\n<\/p>\n\n<h2>Weitere Wasserv\u00f6gel entdecken<\/h2>\n\n<p>\nWenn dich G\u00e4nse, Enten und andere Bewohner spanischer Feuchtgebiete interessieren, findest du auf meiner Website weitere ausf\u00fchrliche Artenportr\u00e4ts zur\n<a href=\"https:\/\/nature-fineart.com\/vogelfotografie-spanien\/brandgans\/\">Brandgans<\/a>,\n<a href=\"https:\/\/nature-fineart.com\/vogelfotografie-spanien\/spiessente\/\">Spie\u00dfente<\/a>,\nzum\n<a href=\"https:\/\/nature-fineart.com\/vogelfotografie-spanien\/blaesshuhn\/\">Bl\u00e4sshuhn<\/a>\nund zum\n<a href=\"https:\/\/nature-fineart.com\/vogelfotografie-spanien\/flamingos-fotografieren\/\">Flamingo<\/a>.\n<\/p>\n\n<h2>Vogelfotografie im Winter in Spanien<\/h2>\n\n<p>\nGerade im Winter ver\u00e4ndert sich die Vogelwelt Spaniens deutlich. Viele Arten aus n\u00f6rdlicheren Regionen erreichen dann die Iberische Halbinsel und sammeln sich an geeigneten Feuchtgebieten.\n<\/p>\n\n<p>\nWarum diese Jahreszeit besonders interessante M\u00f6glichkeiten f\u00fcr die Naturfotografie bietet, erf\u00e4hrst du in meinem Blogbeitrag\n<a href=\"https:\/\/nature-fineart.com\/vogelfotografie-spanien\/vogelfotografie-im-winter-in-spanien\/\">Vogelfotografie im Winter in Spanien \u2013 warum diese Jahreszeit besondere Bilder erm\u00f6glicht<\/a>.\n<\/p>\n\n<h2>Natur erleben &amp; selbst fotografieren<\/h2>\n\n<p>\nM\u00f6chtest du die vielf\u00e4ltige Vogelwelt Spaniens selbst erleben und fotografieren?\n<\/p>\n\n<p>\nAuf meinen Fotoreisen stehen nat\u00fcrliche Beobachtungen, spannende Verhaltensweisen und besondere fotografische Situationen im Mittelpunkt. Je nach Reise und Jahreszeit lassen sich zahlreiche Vogelarten in unterschiedlichen Lebensr\u00e4umen beobachten und fotografieren.\n<\/p>\n\n<p>\nMehr \u00fcber meine aktuellen Fotoreisen findest du hier:\n<\/p>\n\n<p>\n<a href=\"https:\/\/nature-fineart.com\/vogelfotografie-spanien\/reisen\/\">\u2192 Fotoreisen in Spanien entdecken<\/a>\n<\/p>\n\n<h2>Weitere Vogelarten entdecken<\/h2>\n\n<p>\nIn meiner\n<a href=\"https:\/\/nature-fineart.com\/vogelfotografie-spanien\/tierarten-fotografie\/\">Arten\u00fcbersicht<\/a>\nfindest du zahlreiche weitere Artenportr\u00e4ts mit Informationen zu Lebensraum, Verhalten und praktischen Tipps f\u00fcr die Vogelfotografie.\n<\/p>\n\n<h2>Interesse an einer Fotoreise?<\/h2>\n\n<p>\nDu m\u00f6chtest die Vogelwelt Spaniens selbst fotografieren? Nutze einfach das folgende Anfrageformular. Ich freue mich darauf, von dir zu h\u00f6ren.\n<\/p>\t\t\t\t<\/div>\n\t\t\t\t<\/div>\n\t\t\t\t\t<\/div>\n\t\t\t\t<\/div>\n\t\t<div class=\"elementor-element elementor-element-1722149 e-flex e-con-boxed e-con e-parent\" data-id=\"1722149\" data-element_type=\"container\" data-e-type=\"container\">\n\t\t\t\t\t<div class=\"e-con-inner\">\n\t\t\t\t<div class=\"elementor-element elementor-element-9e05021 elementor-widget elementor-widget-shortcode\" data-id=\"9e05021\" data-element_type=\"widget\" data-e-type=\"widget\" data-widget_type=\"shortcode.default\">\n\t\t\t\t<div class=\"elementor-widget-container\">\n\t\t\t\t\t\t\t<div class=\"elementor-shortcode\"><style id=\"wpforms-css-vars-5929\">\n\t\t\t\t#wpforms-5929 {\n\t\t\t\t--wpforms-field-border-color: #5E5E5E;\n--wpforms-field-border-color-spare: #5E5E5E;\n--wpforms-field-text-color: #5e5e5e;\n--wpforms-label-color: #5e5e5e;\n--wpforms-label-sublabel-color: #5e5e5e;\n--wpforms-button-background-color: #6e7b4a;\n--wpforms-container-padding: 0px;\n--wpforms-container-border-width: 1px;\n--wpforms-container-border-radius: 3px;\n--wpforms-background-color: rgba(0, 0, 0, 0);\n--wpforms-field-size-input-height: 43px;\n--wpforms-field-size-input-spacing: 15px;\n--wpforms-field-size-font-size: 16px;\n--wpforms-field-size-line-height: 19px;\n--wpforms-field-size-padding-h: 14px;\n--wpforms-field-size-checkbox-size: 16px;\n--wpforms-field-size-sublabel-spacing: 5px;\n--wpforms-field-size-icon-size: 1;\n--wpforms-label-size-font-size: 16px;\n--wpforms-label-size-line-height: 19px;\n--wpforms-label-size-sublabel-font-size: 14px;\n--wpforms-label-size-sublabel-line-height: 17px;\n--wpforms-button-size-font-size: 17px;\n--wpforms-button-size-height: 41px;\n--wpforms-button-size-padding-h: 15px;\n--wpforms-button-size-margin-top: 10px;\n--wpforms-container-shadow-size-box-shadow: none;\n\t\t\t}\n\t\t\t<\/style><div class=\"wpforms-container wpforms-container-full wpforms-render-modern\" id=\"wpforms-5929\"><form id=\"wpforms-form-5929\" class=\"wpforms-validate wpforms-form wpforms-ajax-form\" data-formid=\"5929\" method=\"post\" enctype=\"multipart\/form-data\" action=\"\/vogelfotografie-spanien\/wp-json\/wp\/v2\/pages\/10241\" data-token=\"6fe8dd5e8c13da77c15288333c0eb977\" data-token-time=\"1788260839\"><noscript class=\"wpforms-error-noscript\">Bitte aktiviere JavaScript in deinem Browser, um dieses Formular fertigzustellen.<\/noscript><div id=\"wpforms-error-noscript\" style=\"display: none;\">Bitte aktiviere JavaScript in deinem Browser, um dieses Formular fertigzustellen.<\/div><div class=\"wpforms-field-container\"><div id=\"wpforms-5929-field_1-container\" class=\"wpforms-field wpforms-field-name\" data-field-id=\"1\"><fieldset><legend class=\"wpforms-field-label\">Name <span class=\"wpforms-required-label\" aria-hidden=\"true\">*<\/span><\/legend><div class=\"wpforms-field-row wpforms-field-medium\"><div class=\"wpforms-field-row-block wpforms-first wpforms-one-half\"><input type=\"text\" id=\"wpforms-5929-field_1\" class=\"wpforms-field-name-first wpforms-field-required\" name=\"wpforms[fields][1][first]\" aria-errormessage=\"wpforms-5929-field_1-error\" required><label for=\"wpforms-5929-field_1\" class=\"wpforms-field-sublabel after\">Vorname<\/label><\/div><div class=\"wpforms-field-row-block wpforms-one-half\"><input type=\"text\" id=\"wpforms-5929-field_1-last\" class=\"wpforms-field-name-last wpforms-field-required\" name=\"wpforms[fields][1][last]\" aria-errormessage=\"wpforms-5929-field_1-last-error\" required><label for=\"wpforms-5929-field_1-last\" class=\"wpforms-field-sublabel after\">Nachname<\/label><\/div><\/div><\/fieldset><\/div>\t\t<div id=\"wpforms-5929-field_4-container\"\n\t\t\tclass=\"wpforms-field wpforms-field-text\"\n\t\t\tdata-field-type=\"text\"\n\t\t\tdata-field-id=\"4\"\n\t\t\t>\n\t\t\t<label class=\"wpforms-field-label\" for=\"wpforms-5929-field_4\" >E-Mail-Adresse Name oder<\/label>\n\t\t\t<input type=\"text\" id=\"wpforms-5929-field_4\" class=\"wpforms-field-medium\" name=\"wpforms[fields][4]\" >\n\t\t<\/div>\n\t\t<div id=\"wpforms-5929-field_2-container\" class=\"wpforms-field wpforms-field-email\" data-field-id=\"2\"><label class=\"wpforms-field-label\" for=\"wpforms-5929-field_2\">E-Mail-Adresse <span class=\"wpforms-required-label\" aria-hidden=\"true\">*<\/span><\/label><input type=\"email\" id=\"wpforms-5929-field_2\" class=\"wpforms-field-medium wpforms-field-required\" name=\"wpforms[fields][2]\" spellcheck=\"false\" aria-errormessage=\"wpforms-5929-field_2-error\" required><\/div><div id=\"wpforms-5929-field_3-container\" class=\"wpforms-field wpforms-field-textarea\" data-field-id=\"3\"><label class=\"wpforms-field-label\" for=\"wpforms-5929-field_3\">Kommentar oder Nachricht<\/label><textarea id=\"wpforms-5929-field_3\" class=\"wpforms-field-medium\" name=\"wpforms[fields][3]\" aria-errormessage=\"wpforms-5929-field_3-error\" ><\/textarea><\/div><script>\n\t\t\t\t( function() {\n\t\t\t\t\tconst style = document.createElement( 'style' );\n\t\t\t\t\tstyle.appendChild( document.createTextNode( '#wpforms-5929-field_4-container { position: absolute !important; overflow: hidden !important; display: inline !important; height: 1px !important; width: 1px !important; z-index: -1000 !important; padding: 0 !important; } #wpforms-5929-field_4-container input { visibility: hidden; } #wpforms-conversational-form-page #wpforms-5929-field_4-container label { counter-increment: none; }' ) );\n\t\t\t\t\tdocument.head.appendChild( style );\n\t\t\t\t\tdocument.currentScript?.remove();\n\t\t\t\t} )();\n\t\t\t<\/script><\/div><!-- .wpforms-field-container --><div class=\"wpforms-submit-container\" ><input type=\"hidden\" name=\"wpforms[id]\" value=\"5929\"><input type=\"hidden\" name=\"page_title\" value=\"\"><input type=\"hidden\" name=\"page_url\" value=\"https:\/\/nature-fineart.com\/vogelfotografie-spanien\/wp-json\/wp\/v2\/pages\/10241\"><input type=\"hidden\" name=\"url_referer\" value=\"\"><button type=\"submit\" name=\"wpforms[submit]\" id=\"wpforms-submit-5929\" class=\"wpforms-submit\" data-alt-text=\"Wird gesendet\u00a0\u2026\" data-submit-text=\"Anfrage senden\" aria-live=\"assertive\" value=\"wpforms-submit\">Anfrage senden<\/button><img loading=\"lazy\" decoding=\"async\" src=\"https:\/\/nature-fineart.com\/vogelfotografie-spanien\/wp-content\/plugins\/wpforms-lite\/assets\/images\/submit-spin.svg\" class=\"wpforms-submit-spinner\" style=\"display: none;\" width=\"26\" height=\"26\" alt=\"Wird geladen\"><\/div><\/form><\/div>  <!-- .wpforms-container --><\/div>\n\t\t\t\t\t\t<\/div>\n\t\t\t\t<\/div>\n\t\t\t\t\t<\/div>\n\t\t\t\t<\/div>\n\t\t\t\t<\/div>\n\t\t","protected":false},"excerpt":{"rendered":"<p>Die Graugans (Anser anser) geh\u00f6rt zu den gr\u00f6\u00dften und kr\u00e4ftigsten G\u00e4nsen Europas. Mit ihrem graubraunen Gefieder, dem hellen Bauch, dem kr\u00e4ftigen Schnabel und der massigen K\u00f6rperform ist sie besonders in gr\u00f6\u00dferen Trupps ein beeindruckender Anblick. In Spanien begegnet mir die Graugans vor allem im Winter. Dann k\u00f6nnen sich an geeigneten Lagunen und anderen Feuchtgebieten gr\u00f6\u00dfere&#8230;<\/p>\n","protected":false},"author":2,"featured_media":0,"parent":0,"menu_order":0,"comment_status":"closed","ping_status":"closed","template":"","meta":{"footnotes":""},"class_list":["post-10241","page","type-page","status-publish","hentry"],"_links":{"self":[{"href":"https:\/\/nature-fineart.com\/vogelfotografie-spanien\/wp-json\/wp\/v2\/pages\/10241","targetHints":{"allow":["GET"]}}],"collection":[{"href":"https:\/\/nature-fineart.com\/vogelfotografie-spanien\/wp-json\/wp\/v2\/pages"}],"about":[{"href":"https:\/\/nature-fineart.com\/vogelfotografie-spanien\/wp-json\/wp\/v2\/types\/page"}],"author":[{"embeddable":true,"href":"https:\/\/nature-fineart.com\/vogelfotografie-spanien\/wp-json\/wp\/v2\/users\/2"}],"replies":[{"embeddable":true,"href":"https:\/\/nature-fineart.com\/vogelfotografie-spanien\/wp-json\/wp\/v2\/comments?post=10241"}],"version-history":[{"count":3,"href":"https:\/\/nature-fineart.com\/vogelfotografie-spanien\/wp-json\/wp\/v2\/pages\/10241\/revisions"}],"predecessor-version":[{"id":10252,"href":"https:\/\/nature-fineart.com\/vogelfotografie-spanien\/wp-json\/wp\/v2\/pages\/10241\/revisions\/10252"}],"wp:attachment":[{"href":"https:\/\/nature-fineart.com\/vogelfotografie-spanien\/wp-json\/wp\/v2\/media?parent=10241"}],"curies":[{"name":"wp","href":"https:\/\/api.w.org\/{rel}","templated":true}]}}