{"id":10257,"date":"2026-08-11T08:23:52","date_gmt":"2026-08-11T06:23:52","guid":{"rendered":"https:\/\/nature-fineart.com\/vogelfotografie-spanien\/?page_id=10257"},"modified":"2026-08-11T08:31:38","modified_gmt":"2026-08-11T06:31:38","slug":"krickente","status":"publish","type":"page","link":"https:\/\/nature-fineart.com\/vogelfotografie-spanien\/krickente\/","title":{"rendered":"Krickente fotografieren"},"content":{"rendered":"\t\t<div data-elementor-type=\"wp-page\" data-elementor-id=\"10257\" class=\"elementor elementor-10257\">\n\t\t\t\t<div class=\"elementor-element elementor-element-e5452dd e-flex e-con-boxed e-con e-parent\" data-id=\"e5452dd\" data-element_type=\"container\" data-e-type=\"container\">\n\t\t\t\t\t<div class=\"e-con-inner\">\n\t\t\r\n\t\t<div class=\"elementor-element elementor-element-065fdbc elementor-widget elementor-widget-html\" data-id=\"065fdbc\" data-element_type=\"widget\" data-e-type=\"widget\" data-widget_type=\"html.default\">\n\t\t\t\t<div class=\"elementor-widget-container\">\n\t\t\t\t\t<p>\nDie Krickente (<em>Anas crecca<\/em>) geh\u00f6rt zu den kleinsten Enten, die sich regelm\u00e4\u00dfig an spanischen Feuchtgebieten beobachten lassen. Gerade das M\u00e4nnchen ist im Prachtkleid mit seinem kastanienbraunen Kopf, dem auff\u00e4lligen gr\u00fcnen Augenfeld und der fein gezeichneten K\u00f6rperseite kaum zu \u00fcbersehen, vorausgesetzt, man entdeckt die kleine Ente \u00fcberhaupt zwischen den anderen Wasserv\u00f6geln.\n<\/p>\n\n<p>\nIn Spanien begegne ich der Krickente vor allem w\u00e4hrend der Wintermonate. H\u00e4ufig sehe ich nicht nur einzelne V\u00f6gel, sondern kleinere oder gr\u00f6\u00dfere Gruppen, die sich auf ruhigen Wasserfl\u00e4chen aufhalten, am Rand eines Feuchtgebietes nach Nahrung suchen oder pl\u00f6tzlich gemeinsam auffliegen.\n<\/p>\n\n<p>\nFotografisch ist gerade ihre geringe Gr\u00f6\u00dfe eine Herausforderung. Daf\u00fcr bietet das fein strukturierte Gefieder des M\u00e4nnchens viele Details, und bei einer niedrigen Perspektive lassen sich sehr ruhige Aufnahmen mit Wasser, Spiegelungen und weichen Hintergr\u00fcnden gestalten.\n<\/p>\t\t\t\t<\/div>\n\t\t\t\t<\/div>\n\t\t\t\t\t<\/div>\n\t\t\t\t<\/div>\n\t\t<div class=\"elementor-element elementor-element-0d6e366 e-flex e-con-boxed e-con e-parent\" data-id=\"0d6e366\" data-element_type=\"container\" data-e-type=\"container\">\n\t\t\t\t\t<div class=\"e-con-inner\">\n\t\t<div class=\"elementor-element elementor-element-615d081 e-con-full e-flex e-con e-child\" data-id=\"615d081\" data-element_type=\"container\" data-e-type=\"container\">\n\t\t\t\t<div class=\"elementor-element elementor-element-fef303e elementor-widget elementor-widget-html\" data-id=\"fef303e\" data-element_type=\"widget\" data-e-type=\"widget\" data-widget_type=\"html.default\">\n\t\t\t\t<div class=\"elementor-widget-container\">\n\t\t\t\t\t<h2>Die Krickente in Spanien<\/h2>\n\n<p>\nDie Krickente ist in Spanien vor allem Wintergast und Durchz\u00fcgler. W\u00e4hrend der kalten Jahreszeit kommen zahlreiche V\u00f6gel aus n\u00f6rdlicheren und \u00f6stlicheren Brutgebieten nach Spanien, sodass die Art dann an vielen geeigneten Feuchtgebieten deutlich h\u00e4ufiger zu beobachten ist.\n<\/p>\n\n<p>\nAls Brutvogel ist sie dagegen ausgesprochen selten und nur auf wenige geeignete Gebiete beschr\u00e4nkt. Deshalb stammen die meisten Beobachtungen, die Naturfotografen in Spanien machen, aus dem Herbst, Winter und dem beginnenden Fr\u00fchjahr.\n<\/p>\t\t\t\t<\/div>\n\t\t\t\t<\/div>\n\t\t\t\t<\/div>\n\t\t<div class=\"elementor-element elementor-element-2c71f52 e-con-full e-flex e-con e-child\" data-id=\"2c71f52\" data-element_type=\"container\" data-e-type=\"container\">\n\t\t\t\t<div class=\"elementor-element elementor-element-0f14b66 elementor-widget elementor-widget-image\" data-id=\"0f14b66\" data-element_type=\"widget\" data-e-type=\"widget\" data-widget_type=\"image.default\">\n\t\t\t\t<div class=\"elementor-widget-container\">\n\t\t\t\t\t\t\t\t\t\t\t\t\t\t\t<img fetchpriority=\"high\" decoding=\"async\" width=\"751\" height=\"585\" src=\"https:\/\/nature-fineart.com\/vogelfotografie-spanien\/wp-content\/uploads\/2026\/08\/Maennliche-Krickente-im-Prachtkleid-auf-ruhigem-Wasser-mit-leichter-Spiegelung.jpg\" class=\"attachment-large size-large wp-image-10258\" alt=\"\" srcset=\"https:\/\/nature-fineart.com\/vogelfotografie-spanien\/wp-content\/uploads\/2026\/08\/Maennliche-Krickente-im-Prachtkleid-auf-ruhigem-Wasser-mit-leichter-Spiegelung.jpg 1024w, https:\/\/nature-fineart.com\/vogelfotografie-spanien\/wp-content\/uploads\/2026\/08\/Maennliche-Krickente-im-Prachtkleid-auf-ruhigem-Wasser-mit-leichter-Spiegelung-600x467.jpg 600w, https:\/\/nature-fineart.com\/vogelfotografie-spanien\/wp-content\/uploads\/2026\/08\/Maennliche-Krickente-im-Prachtkleid-auf-ruhigem-Wasser-mit-leichter-Spiegelung-768x598.jpg 768w\" sizes=\"(max-width: 751px) 100vw, 751px\" \/>\t\t\t\t\t\t\t\t\t\t\t\t\t\t\t<\/div>\n\t\t\t\t<\/div>\n\t\t\t\t<\/div>\n\t\t\t\t\t<\/div>\n\t\t\t\t<\/div>\n\t\t<div class=\"elementor-element elementor-element-dbf92dd e-flex e-con-boxed e-con e-parent\" data-id=\"dbf92dd\" data-element_type=\"container\" data-e-type=\"container\">\n\t\t\t\t\t<div class=\"e-con-inner\">\n\t\t\t\t<div class=\"elementor-element elementor-element-8a68161 elementor-widget elementor-widget-html\" data-id=\"8a68161\" data-element_type=\"widget\" data-e-type=\"widget\" data-widget_type=\"html.default\">\n\t\t\t\t<div class=\"elementor-widget-container\">\n\t\t\t\t\t<p>\nMeine eigenen Beobachtungen passen gut zu diesem saisonalen Muster. An manchen Gew\u00e4ssern k\u00f6nnen mehrere Krickenten gleichzeitig auftreten, w\u00e4hrend sie an anderen Feuchtgebieten vollst\u00e4ndig fehlen. Besonders h\u00e4ufig kenne ich sie aus ruhigen, flachen Wasserbereichen und k\u00fcstennahen Feuchtgebieten.\n<\/p>\n\n<h2>Lebensraum<\/h2>\n\n<p>\nKrickenten bevorzugen eher flache Gew\u00e4sser mit ausreichend Deckung und Nahrung. Im Winter nutzen sie sowohl S\u00fc\u00dfwasser- als auch Brackwassergebiete und kommen unter anderem an Lagunen, kleinen Seen, S\u00fcmpfen, Reisfeldern und anderen Feuchtgebieten vor.\n<\/p>\n\n<p>\nBesonders interessant sind gesch\u00fctzte Randbereiche mit Schilf und anderer Vegetation. Dort k\u00f6nnen sich die kleinen Enten zur\u00fcckziehen und gleichzeitig in den flachen Wasserzonen nach Nahrung suchen.\n<\/p>\n\t\t\t\t<\/div>\n\t\t\t\t<\/div>\n\t\t\t\t\t<\/div>\n\t\t\t\t<\/div>\n\t\t<div class=\"elementor-element elementor-element-b70139b e-flex e-con-boxed e-con e-parent\" data-id=\"b70139b\" data-element_type=\"container\" data-e-type=\"container\">\n\t\t\t\t\t<div class=\"e-con-inner\">\n\t\t<div class=\"elementor-element elementor-element-f78c347 e-con-full e-flex e-con e-child\" data-id=\"f78c347\" data-element_type=\"container\" data-e-type=\"container\">\n\t\t\t\t<div class=\"elementor-element elementor-element-56906ab elementor-widget elementor-widget-image\" data-id=\"56906ab\" data-element_type=\"widget\" data-e-type=\"widget\" data-widget_type=\"image.default\">\n\t\t\t\t<div class=\"elementor-widget-container\">\n\t\t\t\t\t\t\t\t\t\t\t\t\t\t\t<img decoding=\"async\" width=\"751\" height=\"493\" src=\"https:\/\/nature-fineart.com\/vogelfotografie-spanien\/wp-content\/uploads\/2026\/08\/Maennliche-Krickente-mit-nach-vorne-gerichtetem-Kopf-auf-einer-ruhigen-Wasserflaeche.jpg\" class=\"attachment-large size-large wp-image-10259\" alt=\"\" srcset=\"https:\/\/nature-fineart.com\/vogelfotografie-spanien\/wp-content\/uploads\/2026\/08\/Maennliche-Krickente-mit-nach-vorne-gerichtetem-Kopf-auf-einer-ruhigen-Wasserflaeche.jpg 1024w, https:\/\/nature-fineart.com\/vogelfotografie-spanien\/wp-content\/uploads\/2026\/08\/Maennliche-Krickente-mit-nach-vorne-gerichtetem-Kopf-auf-einer-ruhigen-Wasserflaeche-600x394.jpg 600w, https:\/\/nature-fineart.com\/vogelfotografie-spanien\/wp-content\/uploads\/2026\/08\/Maennliche-Krickente-mit-nach-vorne-gerichtetem-Kopf-auf-einer-ruhigen-Wasserflaeche-768x504.jpg 768w\" sizes=\"(max-width: 751px) 100vw, 751px\" \/>\t\t\t\t\t\t\t\t\t\t\t\t\t\t\t<\/div>\n\t\t\t\t<\/div>\n\t\t\t\t<\/div>\n\t\t<div class=\"elementor-element elementor-element-4f1ccd1 e-con-full e-flex e-con e-child\" data-id=\"4f1ccd1\" data-element_type=\"container\" data-e-type=\"container\">\n\t\t\t\t<div class=\"elementor-element elementor-element-e454504 elementor-widget elementor-widget-html\" data-id=\"e454504\" data-element_type=\"widget\" data-e-type=\"widget\" data-widget_type=\"html.default\">\n\t\t\t\t<div class=\"elementor-widget-container\">\n\t\t\t\t\t<h2>Erkennungsmerkmale<\/h2>\n\n<p>\nDas M\u00e4nnchen der Krickente ist im Prachtkleid ausgesprochen charakteristisch. Der Kopf ist kastanienbraun gef\u00e4rbt und zeigt ein gro\u00dfes gr\u00fcnes Augenfeld, das von einer feinen hellen Linie eingefasst wird. Die K\u00f6rperseiten erscheinen grau und sind sehr fein gezeichnet.\n<\/p>\n\n<p>\nAm Hinterk\u00f6rper fallen gelbliche Partien besonders deutlich auf. Dazu kommen dunkle Bereiche und ein gr\u00fcnes Fl\u00fcgelfeld, das vor allem im Flug oder bei g\u00fcnstiger Fl\u00fcgelhaltung sichtbar werden kann.\n<\/p>\t\t\t\t<\/div>\n\t\t\t\t<\/div>\n\t\t\t\t<\/div>\n\t\t\t\t\t<\/div>\n\t\t\t\t<\/div>\n\t\t<div class=\"elementor-element elementor-element-ec51c0a e-flex e-con-boxed e-con e-parent\" data-id=\"ec51c0a\" data-element_type=\"container\" data-e-type=\"container\">\n\t\t\t\t\t<div class=\"e-con-inner\">\n\t\t\t\t<div class=\"elementor-element elementor-element-9fa4680 elementor-widget elementor-widget-html\" data-id=\"9fa4680\" data-element_type=\"widget\" data-e-type=\"widget\" data-widget_type=\"html.default\">\n\t\t\t\t<div class=\"elementor-widget-container\">\n\t\t\t\t\t<p>\nDas Weibchen wirkt wesentlich unauff\u00e4lliger. Sein Gefieder ist \u00fcberwiegend braun und fein gemustert. Gerade bei weiblichen und jungen Enten sollte deshalb neben der Gefiederzeichnung auch auf die geringe K\u00f6rpergr\u00f6\u00dfe und die gesamte Gestalt geachtet werden.\n<\/p>\n\n<p>\nDas M\u00e4nnchen im vollst\u00e4ndigen Prachtkleid ist dagegen kaum mit einer anderen europ\u00e4ischen Ente zu verwechseln.\n<\/p>\t\t\t\t<\/div>\n\t\t\t\t<\/div>\n\t\t\t\t\t<\/div>\n\t\t\t\t<\/div>\n\t\t<div class=\"elementor-element elementor-element-58e0113 e-flex e-con-boxed e-con e-parent\" data-id=\"58e0113\" data-element_type=\"container\" data-e-type=\"container\">\n\t\t\t\t\t<div class=\"e-con-inner\">\n\t\t<div class=\"elementor-element elementor-element-3af2788 e-con-full e-flex e-con e-child\" data-id=\"3af2788\" data-element_type=\"container\" data-e-type=\"container\">\n\t\t\t\t<div class=\"elementor-element elementor-element-756d71f elementor-widget elementor-widget-image\" data-id=\"756d71f\" data-element_type=\"widget\" data-e-type=\"widget\" data-widget_type=\"image.default\">\n\t\t\t\t<div class=\"elementor-widget-container\">\n\t\t\t\t\t\t\t\t\t\t\t\t\t\t\t<img decoding=\"async\" width=\"751\" height=\"538\" src=\"https:\/\/nature-fineart.com\/vogelfotografie-spanien\/wp-content\/uploads\/2026\/08\/Portraet-einer-maennlichen-Krickente-mit-detaillierter-Kopf-und-Gefiederzeichnung.jpg\" class=\"attachment-large size-large wp-image-10260\" alt=\"\" srcset=\"https:\/\/nature-fineart.com\/vogelfotografie-spanien\/wp-content\/uploads\/2026\/08\/Portraet-einer-maennlichen-Krickente-mit-detaillierter-Kopf-und-Gefiederzeichnung.jpg 1024w, https:\/\/nature-fineart.com\/vogelfotografie-spanien\/wp-content\/uploads\/2026\/08\/Portraet-einer-maennlichen-Krickente-mit-detaillierter-Kopf-und-Gefiederzeichnung-600x430.jpg 600w, https:\/\/nature-fineart.com\/vogelfotografie-spanien\/wp-content\/uploads\/2026\/08\/Portraet-einer-maennlichen-Krickente-mit-detaillierter-Kopf-und-Gefiederzeichnung-768x551.jpg 768w\" sizes=\"(max-width: 751px) 100vw, 751px\" \/>\t\t\t\t\t\t\t\t\t\t\t\t\t\t\t<\/div>\n\t\t\t\t<\/div>\n\t\t\t\t<\/div>\n\t\t<div class=\"elementor-element elementor-element-5bea77f e-con-full e-flex e-con e-child\" data-id=\"5bea77f\" data-element_type=\"container\" data-e-type=\"container\">\n\t\t\t\t<div class=\"elementor-element elementor-element-e418266 elementor-widget elementor-widget-html\" data-id=\"e418266\" data-element_type=\"widget\" data-e-type=\"widget\" data-widget_type=\"html.default\">\n\t\t\t\t<div class=\"elementor-widget-container\">\n\t\t\t\t\t<h2>Gefieder im Detail<\/h2>\n\n<p>\nAus der N\u00e4he wird deutlich, wie fein das Gefieder der Krickente tats\u00e4chlich strukturiert ist. Besonders die grauen K\u00f6rperseiten wirken nicht einfach einfarbig, sondern zeigen eine sehr feine wellenartige Zeichnung.\n<\/p>\n\n<p>\nF\u00fcr Detailaufnahmen lohnt es sich deshalb, auf eine saubere Sch\u00e4rfe am Auge und gleichzeitig auf gen\u00fcgend Tiefensch\u00e4rfe f\u00fcr einen Teil der Kopf- und Gefiederzeichnung zu achten. Gerade bei sehr nahen V\u00f6geln kann bereits eine kleine Bewegung dazu f\u00fchren, dass wichtige Bereiche au\u00dferhalb der Sch\u00e4rfeebene liegen.\n<\/p>\t\t\t\t<\/div>\n\t\t\t\t<\/div>\n\t\t\t\t<\/div>\n\t\t\t\t\t<\/div>\n\t\t\t\t<\/div>\n\t\t<div class=\"elementor-element elementor-element-1d78cdc e-flex e-con-boxed e-con e-parent\" data-id=\"1d78cdc\" data-element_type=\"container\" data-e-type=\"container\">\n\t\t\t\t\t<div class=\"e-con-inner\">\n\t\t\t\t<div class=\"elementor-element elementor-element-92ca246 elementor-widget elementor-widget-html\" data-id=\"92ca246\" data-element_type=\"widget\" data-e-type=\"widget\" data-widget_type=\"html.default\">\n\t\t\t\t<div class=\"elementor-widget-container\">\n\t\t\t\t\t<h2>M\u00e4nnchen und Weibchen<\/h2>\n\n<p>\nZwischen den Geschlechtern besteht bei der Krickente ein deutlicher Unterschied. W\u00e4hrend das M\u00e4nnchen im Prachtkleid sehr kontrastreich und farbenfroh erscheint, tr\u00e4gt das Weibchen ein wesentlich zur\u00fcckhaltenderes braunes Tarngefieder.\n<\/p>\n\n<p>\nBereits w\u00e4hrend des Winters k\u00f6nnen sich Paare bilden. Dadurch lassen sich M\u00e4nnchen und Weibchen h\u00e4ufig gemeinsam beobachten. Gleichzeitig bleiben Krickenten au\u00dferhalb der Brutzeit sehr gesellig und k\u00f6nnen sich mit weiteren Artgenossen oder anderen Enten auf denselben Wasserfl\u00e4chen aufhalten.\n<\/p>\t\t\t\t<\/div>\n\t\t\t\t<\/div>\n\t\t\t\t\t<\/div>\n\t\t\t\t<\/div>\n\t\t<div class=\"elementor-element elementor-element-73d465c e-flex e-con-boxed e-con e-parent\" data-id=\"73d465c\" data-element_type=\"container\" data-e-type=\"container\">\n\t\t\t\t\t<div class=\"e-con-inner\">\n\t\t<div class=\"elementor-element elementor-element-f71ffea e-con-full e-flex e-con e-child\" data-id=\"f71ffea\" data-element_type=\"container\" data-e-type=\"container\">\n\t\t\t\t<div class=\"elementor-element elementor-element-25ea680 elementor-widget elementor-widget-image\" data-id=\"25ea680\" data-element_type=\"widget\" data-e-type=\"widget\" data-widget_type=\"image.default\">\n\t\t\t\t<div class=\"elementor-widget-container\">\n\t\t\t\t\t\t\t\t\t\t\t\t\t\t\t<img loading=\"lazy\" decoding=\"async\" width=\"751\" height=\"965\" src=\"https:\/\/nature-fineart.com\/vogelfotografie-spanien\/wp-content\/uploads\/2026\/08\/Maennliche-Krickente-mit-weiblicher-Krickente-im-Hintergrund-auf-einer-Wasserflaeche.jpg\" class=\"attachment-large size-large wp-image-10261\" alt=\"\" srcset=\"https:\/\/nature-fineart.com\/vogelfotografie-spanien\/wp-content\/uploads\/2026\/08\/Maennliche-Krickente-mit-weiblicher-Krickente-im-Hintergrund-auf-einer-Wasserflaeche.jpg 797w, https:\/\/nature-fineart.com\/vogelfotografie-spanien\/wp-content\/uploads\/2026\/08\/Maennliche-Krickente-mit-weiblicher-Krickente-im-Hintergrund-auf-einer-Wasserflaeche-467x600.jpg 467w, https:\/\/nature-fineart.com\/vogelfotografie-spanien\/wp-content\/uploads\/2026\/08\/Maennliche-Krickente-mit-weiblicher-Krickente-im-Hintergrund-auf-einer-Wasserflaeche-768x987.jpg 768w\" sizes=\"(max-width: 751px) 100vw, 751px\" \/>\t\t\t\t\t\t\t\t\t\t\t\t\t\t\t<\/div>\n\t\t\t\t<\/div>\n\t\t\t\t<\/div>\n\t\t<div class=\"elementor-element elementor-element-6607e67 e-con-full e-flex e-con e-child\" data-id=\"6607e67\" data-element_type=\"container\" data-e-type=\"container\">\n\t\t\t\t<div class=\"elementor-element elementor-element-11a91cf elementor-widget elementor-widget-html\" data-id=\"11a91cf\" data-element_type=\"widget\" data-e-type=\"widget\" data-widget_type=\"html.default\">\n\t\t\t\t<div class=\"elementor-widget-container\">\n\t\t\t\t\t<h2>Sozialverhalten und kleine Trupps<\/h2>\n\n<p>\nIch beobachte Krickenten nur selten v\u00f6llig isoliert. Meist befinden sich weitere Tiere in der Umgebung, selbst wenn auf einem Foto nur ein einzelner Vogel im Mittelpunkt steht.\n<\/p>\n\n<p>\nIm Winter k\u00f6nnen sich gr\u00f6\u00dfere Ansammlungen bilden. Gleichzeitig entstehen zwischen einzelnen V\u00f6geln immer wieder kurze Interaktionen. Dabei sollte man einzelne Gesten allerdings nicht vorschnell als Balz oder Streit interpretieren, oft l\u00e4sst sich aus einem einzigen Moment nicht eindeutig erkennen, was genau zwischen zwei Tieren geschieht.\n<\/p>\n\n<p>\nGerade solche kurzen Begegnungen k\u00f6nnen fotografisch trotzdem interessant sein. Ein ge\u00f6ffnetes Schnabelprofil, ein Blick zu einem anderen Vogel oder eine kleine Ver\u00e4nderung der K\u00f6rperhaltung bringen sofort mehr Leben in eine Aufnahme.\n<\/p>\t\t\t\t<\/div>\n\t\t\t\t<\/div>\n\t\t\t\t<\/div>\n\t\t\t\t\t<\/div>\n\t\t\t\t<\/div>\n\t\t<div class=\"elementor-element elementor-element-82f7b1c e-flex e-con-boxed e-con e-parent\" data-id=\"82f7b1c\" data-element_type=\"container\" data-e-type=\"container\">\n\t\t\t\t\t<div class=\"e-con-inner\">\n\t\t\t\t<div class=\"elementor-element elementor-element-64207a4 elementor-widget elementor-widget-html\" data-id=\"64207a4\" data-element_type=\"widget\" data-e-type=\"widget\" data-widget_type=\"html.default\">\n\t\t\t\t<div class=\"elementor-widget-container\">\n\t\t\t\t\t<h2>Nahrung und Nahrungssuche<\/h2>\n\n<p>\nKrickenten suchen ihre Nahrung bevorzugt in flachem Wasser. Dabei nehmen sie vor allem Samen, Teile von Wasserpflanzen und anderes pflanzliches Material auf. W\u00e4hrend der w\u00e4rmeren Jahreszeit k\u00f6nnen zus\u00e4tzlich kleine wirbellose Tiere einen gr\u00f6\u00dferen Anteil der Nahrung ausmachen.\n<\/p>\n\n<p>\nH\u00e4ufig wird der Kopf teilweise unter Wasser gehalten oder der Schnabel durch sehr flache Wasser- und Schlammbereiche gef\u00fchrt. Dadurch wechseln sich ruhige Schwimmphasen und kurze Phasen intensiver Nahrungssuche ab.\n<\/p>\n\n<h2>Krickente fotografieren<\/h2>\n\n<p>\nDie geringe Gr\u00f6\u00dfe ist f\u00fcr mich eine der gr\u00f6\u00dften Herausforderungen bei der Fotografie der Krickente. Selbst wenn sich der Vogel in einem grunds\u00e4tzlich guten Abstand befindet, wirkt er im Sucher schnell deutlich kleiner als eine Spie\u00dfente, Brandgans oder Graugans.\n<\/p>\n\n<p>\nDeshalb ist es besonders hilfreich, ruhig an einer geeigneten Stelle zu warten und dem Vogel die Entscheidung \u00fcber die Distanz zu \u00fcberlassen. Krickenten k\u00f6nnen empfindlich auf Ann\u00e4herungen reagieren. Es ist meist erfolgversprechender, wenn eine Ente von selbst n\u00e4her schwimmt, als ihr am Ufer zu folgen.\n<\/p>\n\n<p>\nAuf dem Wasser bewegen sich Krickenten h\u00e4ufig relativ ruhig. Trotzdem lasse ich bei der Verschlusszeit gerne etwas Reserve, denn kleine Kopfbewegungen, Fl\u00fcgelschlagen oder ein pl\u00f6tzliches Auffliegen k\u00f6nnen sehr schnell erfolgen.\n<\/p>\n\n<h2>Auf Augenh\u00f6he fotografieren<\/h2>\n\n<p>\nEine niedrige Perspektive eignet sich besonders gut f\u00fcr die kleine Krickente. Liegt die Kamera m\u00f6glichst nahe an der Wasseroberfl\u00e4che, verschwimmen Vorder- und Hintergrund st\u00e4rker und der Vogel bekommt trotz seiner geringen K\u00f6rpergr\u00f6\u00dfe mehr Pr\u00e4senz im Bild.\n<\/p>\n\n<p>\nSpiegelungen k\u00f6nnen dabei zus\u00e4tzlich in die Bildgestaltung einbezogen werden. Gerade bei ruhigem Wasser entstehen so sehr reduzierte Aufnahmen, bei denen Gefieder, Auge und Kopfzeichnung besonders gut zur Geltung kommen.\n<\/p>\n\n<p>\nWichtig bleibt dabei immer ausreichend Abstand. Die niedrige Perspektive sollte nicht dadurch entstehen, dass der Fotograf einem Vogel immer n\u00e4her kommt.\n<\/p>\t\t\t\t<\/div>\n\t\t\t\t<\/div>\n\t\t\t\t\t<\/div>\n\t\t\t\t<\/div>\n\t\t<div class=\"elementor-element elementor-element-de55478 e-flex e-con-boxed e-con e-parent\" data-id=\"de55478\" data-element_type=\"container\" data-e-type=\"container\">\n\t\t\t\t\t<div class=\"e-con-inner\">\n\t\t<div class=\"elementor-element elementor-element-e5d91cb e-con-full e-flex e-con e-child\" data-id=\"e5d91cb\" data-element_type=\"container\" data-e-type=\"container\">\n\t\t\t\t<div class=\"elementor-element elementor-element-2a6f3e7 elementor-widget elementor-widget-image\" data-id=\"2a6f3e7\" data-element_type=\"widget\" data-e-type=\"widget\" data-widget_type=\"image.default\">\n\t\t\t\t<div class=\"elementor-widget-container\">\n\t\t\t\t\t\t\t\t\t\t\t\t\t\t\t<img loading=\"lazy\" decoding=\"async\" width=\"751\" height=\"501\" src=\"https:\/\/nature-fineart.com\/vogelfotografie-spanien\/wp-content\/uploads\/2026\/08\/Trupp-Krickenten-im-schnellen-Flug-ueber-einer-Wasserflaeche-vor-einem-Schilfguertel.jpg\" class=\"attachment-large size-large wp-image-10262\" alt=\"\" srcset=\"https:\/\/nature-fineart.com\/vogelfotografie-spanien\/wp-content\/uploads\/2026\/08\/Trupp-Krickenten-im-schnellen-Flug-ueber-einer-Wasserflaeche-vor-einem-Schilfguertel.jpg 1024w, https:\/\/nature-fineart.com\/vogelfotografie-spanien\/wp-content\/uploads\/2026\/08\/Trupp-Krickenten-im-schnellen-Flug-ueber-einer-Wasserflaeche-vor-einem-Schilfguertel-600x400.jpg 600w, https:\/\/nature-fineart.com\/vogelfotografie-spanien\/wp-content\/uploads\/2026\/08\/Trupp-Krickenten-im-schnellen-Flug-ueber-einer-Wasserflaeche-vor-einem-Schilfguertel-768x512.jpg 768w\" sizes=\"(max-width: 751px) 100vw, 751px\" \/>\t\t\t\t\t\t\t\t\t\t\t\t\t\t\t<\/div>\n\t\t\t\t<\/div>\n\t\t\t\t<\/div>\n\t\t<div class=\"elementor-element elementor-element-f00d295 e-con-full e-flex e-con e-child\" data-id=\"f00d295\" data-element_type=\"container\" data-e-type=\"container\">\n\t\t\t\t<div class=\"elementor-element elementor-element-554ca97 elementor-widget elementor-widget-html\" data-id=\"554ca97\" data-element_type=\"widget\" data-e-type=\"widget\" data-widget_type=\"html.default\">\n\t\t\t\t<div class=\"elementor-widget-container\">\n\t\t\t\t\t<h2>Krickenten im Flug fotografieren<\/h2>\n\n<p>\nIm Flug zeigt die kleine Ente eine ganz andere Seite. Krickenten k\u00f6nnen sehr schnell und wendig fliegen und innerhalb eines Trupps abrupt ihre Richtung ver\u00e4ndern.\n<\/p>\n\n<p>\nF\u00fcr solche Situationen ist eine kurze Verschlusszeit besonders wichtig. Ein kontinuierlicher Autofokus und Serienaufnahmen erh\u00f6hen zus\u00e4tzlich die Chance, mehrere V\u00f6gel in einer g\u00fcnstigen Formation scharf abzubilden.\n<\/p>\t\t\t\t<\/div>\n\t\t\t\t<\/div>\n\t\t\t\t<\/div>\n\t\t\t\t\t<\/div>\n\t\t\t\t<\/div>\n\t\t<div class=\"elementor-element elementor-element-94c08ef e-flex e-con-boxed e-con e-parent\" data-id=\"94c08ef\" data-element_type=\"container\" data-e-type=\"container\">\n\t\t\t\t\t<div class=\"e-con-inner\">\n\t\t\t\t<div class=\"elementor-element elementor-element-eed7b21 elementor-widget elementor-widget-html\" data-id=\"eed7b21\" data-element_type=\"widget\" data-e-type=\"widget\" data-widget_type=\"html.default\">\n\t\t\t\t<div class=\"elementor-widget-container\">\n\t\t\t\t\t<p>\nBei gr\u00f6\u00dferen Trupps muss nicht jeder einzelne Vogel perfekt scharf sein. Oft entsteht gerade durch unterschiedlich weit entfernte Tiere ein Eindruck von Geschwindigkeit und Gruppendynamik.\n<\/p>\n\n<h2>Der Ruf der Krickente<\/h2>\n\n<p>\nManchmal h\u00f6rt man Krickenten, bevor man die kleinen V\u00f6gel zwischen anderen Enten entdeckt. Besonders der Ruf des M\u00e4nnchens ist charakteristisch und kann dabei helfen, auf die Art aufmerksam zu werden.\n<\/p>\n\n<p>\nWer ein Feuchtgebiet nicht nur mit den Augen, sondern auch \u00fcber die Rufe der V\u00f6gel beobachtet, entdeckt dadurch h\u00e4ufig Tiere, die zwischen Schilf und anderen Wasserv\u00f6geln zun\u00e4chst leicht \u00fcbersehen werden.\n<\/p>\n\n<h2>Eine pers\u00f6nliche Beobachtung<\/h2>\n\n<p>\nObwohl ich Krickenten \u00fcber die Jahre immer wieder gesehen habe, habe ich sie deutlich seltener fotografiert, als ich zun\u00e4chst gedacht hatte. Ein Grund daf\u00fcr ist sicherlich ihre geringe Gr\u00f6\u00dfe. Auf einer gro\u00dfen Wasserfl\u00e4che kann eine Krickente schnell unscheinbar wirken, obwohl das M\u00e4nnchen aus der N\u00e4he eines der sch\u00f6nsten und detailreichsten Gefieder unserer Enten zeigt.\n<\/p>\n\n<p>\nGerade deshalb fotografiere ich sie am liebsten in Situationen, in denen sie von selbst n\u00e4her kommt und sich ruhig auf der Wasserfl\u00e4che bewegt. Dann lassen sich die feinen Gefiederstrukturen, die Kopfzeichnung und manchmal auch eine leichte Spiegelung besonders sch\u00f6n miteinander verbinden.\n<\/p>\n\n<h2>Weitere Wasserv\u00f6gel entdecken<\/h2>\n\n<p>\nWenn dich Enten und andere Bewohner spanischer Feuchtgebiete interessieren, findest du auf meiner Website weitere ausf\u00fchrliche Artenportr\u00e4ts zur\n<a href=\"https:\/\/nature-fineart.com\/vogelfotografie-spanien\/spiessente\/\">Spie\u00dfente<\/a>,\n<a href=\"https:\/\/nature-fineart.com\/vogelfotografie-spanien\/marmelente\/\">Marmelente<\/a>,\nzum\n<a href=\"https:\/\/nature-fineart.com\/vogelfotografie-spanien\/blaesshuhn\/\">Bl\u00e4sshuhn<\/a>\nund zum\n<a href=\"https:\/\/nature-fineart.com\/vogelfotografie-spanien\/flamingos-fotografieren\/\">Flamingo<\/a>.\n<\/p>\n\n<h2>Vogelfotografie im Winter in Spanien<\/h2>\n\n<p>\nGerade der Winter ist eine spannende Jahreszeit f\u00fcr die Beobachtung und Fotografie von Wasserv\u00f6geln in Spanien. Viele Arten, die w\u00e4hrend des Sommers weiter n\u00f6rdlich leben, erreichen dann die spanischen Feuchtgebiete.\n<\/p>\n\n<p>\nMehr \u00fcber Licht, Vogelwelt und fotografische M\u00f6glichkeiten in dieser Jahreszeit erf\u00e4hrst du in meinem Blogbeitrag\n<a href=\"https:\/\/nature-fineart.com\/vogelfotografie-spanien\/vogelfotografie-im-winter-in-spanien\/\">Vogelfotografie im Winter in Spanien \u2013 warum diese Jahreszeit besondere Bilder erm\u00f6glicht<\/a>.\n<\/p>\n\n<h2>Natur erleben &amp; selbst fotografieren<\/h2>\n\n<p>\nM\u00f6chtest du die vielf\u00e4ltige Vogelwelt Spaniens selbst erleben und fotografieren?\n<\/p>\n\n<p>\nAuf meinen Fotoreisen stehen nat\u00fcrliche Beobachtungen, spannende Verhaltensweisen und besondere fotografische Situationen im Mittelpunkt. Je nach Reise und Jahreszeit lassen sich zahlreiche Vogelarten in unterschiedlichen Lebensr\u00e4umen beobachten und fotografieren.\n<\/p>\n\n<p>\nMehr \u00fcber meine aktuellen Fotoreisen findest du hier:\n<\/p>\n\n<p>\n<a href=\"https:\/\/nature-fineart.com\/vogelfotografie-spanien\/reisen\/\">\u2192 Fotoreisen in Spanien entdecken<\/a>\n<\/p>\n\n<h2>Weitere Vogelarten entdecken<\/h2>\n\n<p>\nIn meiner\n<a href=\"https:\/\/nature-fineart.com\/vogelfotografie-spanien\/tierarten-fotografie\/\">Arten\u00fcbersicht<\/a>\nfindest du zahlreiche weitere Artenportr\u00e4ts mit Informationen zu Lebensraum, Verhalten und praktischen Tipps f\u00fcr die Vogelfotografie.\n<\/p>\n\n<h2>Interesse an einer Fotoreise?<\/h2>\n\n<p>\nDu m\u00f6chtest die Vogelwelt Spaniens selbst fotografieren? Nutze einfach das folgende Anfrageformular. Ich freue mich darauf, von dir zu h\u00f6ren.\n<\/p>\t\t\t\t<\/div>\n\t\t\t\t<\/div>\n\t\t\t\t\t<\/div>\n\t\t\t\t<\/div>\n\t\t<div class=\"elementor-element elementor-element-18cdf8b e-flex e-con-boxed e-con e-parent\" data-id=\"18cdf8b\" data-element_type=\"container\" data-e-type=\"container\">\n\t\t\t\t\t<div class=\"e-con-inner\">\n\t\t\t\t<div class=\"elementor-element elementor-element-cf0e455 elementor-widget elementor-widget-shortcode\" data-id=\"cf0e455\" data-element_type=\"widget\" data-e-type=\"widget\" data-widget_type=\"shortcode.default\">\n\t\t\t\t<div class=\"elementor-widget-container\">\n\t\t\t\t\t\t\t<div class=\"elementor-shortcode\"><style id=\"wpforms-css-vars-5929\">\n\t\t\t\t#wpforms-5929 {\n\t\t\t\t--wpforms-field-border-color: #5E5E5E;\n--wpforms-field-border-color-spare: #5E5E5E;\n--wpforms-field-text-color: #5e5e5e;\n--wpforms-label-color: #5e5e5e;\n--wpforms-label-sublabel-color: #5e5e5e;\n--wpforms-button-background-color: #6e7b4a;\n--wpforms-container-padding: 0px;\n--wpforms-container-border-width: 1px;\n--wpforms-container-border-radius: 3px;\n--wpforms-background-color: rgba(0, 0, 0, 0);\n--wpforms-field-size-input-height: 43px;\n--wpforms-field-size-input-spacing: 15px;\n--wpforms-field-size-font-size: 16px;\n--wpforms-field-size-line-height: 19px;\n--wpforms-field-size-padding-h: 14px;\n--wpforms-field-size-checkbox-size: 16px;\n--wpforms-field-size-sublabel-spacing: 5px;\n--wpforms-field-size-icon-size: 1;\n--wpforms-label-size-font-size: 16px;\n--wpforms-label-size-line-height: 19px;\n--wpforms-label-size-sublabel-font-size: 14px;\n--wpforms-label-size-sublabel-line-height: 17px;\n--wpforms-button-size-font-size: 17px;\n--wpforms-button-size-height: 41px;\n--wpforms-button-size-padding-h: 15px;\n--wpforms-button-size-margin-top: 10px;\n--wpforms-container-shadow-size-box-shadow: none;\n\t\t\t}\n\t\t\t<\/style><div class=\"wpforms-container wpforms-container-full wpforms-render-modern\" id=\"wpforms-5929\"><form id=\"wpforms-form-5929\" class=\"wpforms-validate wpforms-form wpforms-ajax-form\" data-formid=\"5929\" method=\"post\" enctype=\"multipart\/form-data\" action=\"\/vogelfotografie-spanien\/wp-json\/wp\/v2\/pages\/10257\" data-token=\"6fe8dd5e8c13da77c15288333c0eb977\" data-token-time=\"1788258264\"><noscript class=\"wpforms-error-noscript\">Bitte aktiviere JavaScript in deinem Browser, um dieses Formular fertigzustellen.<\/noscript><div id=\"wpforms-error-noscript\" style=\"display: none;\">Bitte aktiviere JavaScript in deinem Browser, um dieses Formular fertigzustellen.<\/div><div class=\"wpforms-field-container\"><div id=\"wpforms-5929-field_1-container\" class=\"wpforms-field wpforms-field-name\" data-field-id=\"1\"><fieldset><legend class=\"wpforms-field-label\">Name <span class=\"wpforms-required-label\" aria-hidden=\"true\">*<\/span><\/legend><div class=\"wpforms-field-row wpforms-field-medium\"><div class=\"wpforms-field-row-block wpforms-first wpforms-one-half\"><input type=\"text\" id=\"wpforms-5929-field_1\" class=\"wpforms-field-name-first wpforms-field-required\" name=\"wpforms[fields][1][first]\" aria-errormessage=\"wpforms-5929-field_1-error\" required><label for=\"wpforms-5929-field_1\" class=\"wpforms-field-sublabel after\">Vorname<\/label><\/div><div class=\"wpforms-field-row-block wpforms-one-half\"><input type=\"text\" id=\"wpforms-5929-field_1-last\" class=\"wpforms-field-name-last wpforms-field-required\" name=\"wpforms[fields][1][last]\" aria-errormessage=\"wpforms-5929-field_1-last-error\" required><label for=\"wpforms-5929-field_1-last\" class=\"wpforms-field-sublabel after\">Nachname<\/label><\/div><\/div><\/fieldset><\/div>\t\t<div id=\"wpforms-5929-field_4-container\"\n\t\t\tclass=\"wpforms-field wpforms-field-text\"\n\t\t\tdata-field-type=\"text\"\n\t\t\tdata-field-id=\"4\"\n\t\t\t>\n\t\t\t<label class=\"wpforms-field-label\" for=\"wpforms-5929-field_4\" >Name E-Mail-Adresse Nachricht<\/label>\n\t\t\t<input type=\"text\" id=\"wpforms-5929-field_4\" class=\"wpforms-field-medium\" name=\"wpforms[fields][4]\" >\n\t\t<\/div>\n\t\t<div id=\"wpforms-5929-field_2-container\" class=\"wpforms-field wpforms-field-email\" data-field-id=\"2\"><label class=\"wpforms-field-label\" for=\"wpforms-5929-field_2\">E-Mail-Adresse <span class=\"wpforms-required-label\" aria-hidden=\"true\">*<\/span><\/label><input type=\"email\" id=\"wpforms-5929-field_2\" class=\"wpforms-field-medium wpforms-field-required\" name=\"wpforms[fields][2]\" spellcheck=\"false\" aria-errormessage=\"wpforms-5929-field_2-error\" required><\/div><div id=\"wpforms-5929-field_3-container\" class=\"wpforms-field wpforms-field-textarea\" data-field-id=\"3\"><label class=\"wpforms-field-label\" for=\"wpforms-5929-field_3\">Kommentar oder Nachricht<\/label><textarea id=\"wpforms-5929-field_3\" class=\"wpforms-field-medium\" name=\"wpforms[fields][3]\" aria-errormessage=\"wpforms-5929-field_3-error\" ><\/textarea><\/div><script>\n\t\t\t\t( function() {\n\t\t\t\t\tconst style = document.createElement( 'style' );\n\t\t\t\t\tstyle.appendChild( document.createTextNode( '#wpforms-5929-field_4-container { position: absolute !important; overflow: hidden !important; display: inline !important; height: 1px !important; width: 1px !important; z-index: -1000 !important; padding: 0 !important; } #wpforms-5929-field_4-container input { visibility: hidden; } #wpforms-conversational-form-page #wpforms-5929-field_4-container label { counter-increment: none; }' ) );\n\t\t\t\t\tdocument.head.appendChild( style );\n\t\t\t\t\tdocument.currentScript?.remove();\n\t\t\t\t} )();\n\t\t\t<\/script><\/div><!-- .wpforms-field-container --><div class=\"wpforms-submit-container\" ><input type=\"hidden\" name=\"wpforms[id]\" value=\"5929\"><input type=\"hidden\" name=\"page_title\" value=\"\"><input type=\"hidden\" name=\"page_url\" value=\"https:\/\/nature-fineart.com\/vogelfotografie-spanien\/wp-json\/wp\/v2\/pages\/10257\"><input type=\"hidden\" name=\"url_referer\" value=\"\"><button type=\"submit\" name=\"wpforms[submit]\" id=\"wpforms-submit-5929\" class=\"wpforms-submit\" data-alt-text=\"Wird gesendet\u00a0\u2026\" data-submit-text=\"Anfrage senden\" aria-live=\"assertive\" value=\"wpforms-submit\">Anfrage senden<\/button><img loading=\"lazy\" decoding=\"async\" src=\"https:\/\/nature-fineart.com\/vogelfotografie-spanien\/wp-content\/plugins\/wpforms-lite\/assets\/images\/submit-spin.svg\" class=\"wpforms-submit-spinner\" style=\"display: none;\" width=\"26\" height=\"26\" alt=\"Wird geladen\"><\/div><\/form><\/div>  <!-- .wpforms-container --><\/div>\n\t\t\t\t\t\t<\/div>\n\t\t\t\t<\/div>\n\t\t\t\t\t<\/div>\n\t\t\t\t<\/div>\n\t\t\t\t<\/div>\n\t\t","protected":false},"excerpt":{"rendered":"<p>Die Krickente (Anas crecca) geh\u00f6rt zu den kleinsten Enten, die sich regelm\u00e4\u00dfig an spanischen Feuchtgebieten beobachten lassen. Gerade das M\u00e4nnchen ist im Prachtkleid mit seinem kastanienbraunen Kopf, dem auff\u00e4lligen gr\u00fcnen Augenfeld und der fein gezeichneten K\u00f6rperseite kaum zu \u00fcbersehen, vorausgesetzt, man entdeckt die kleine Ente \u00fcberhaupt zwischen den anderen Wasserv\u00f6geln. In Spanien begegne ich der&#8230;<\/p>\n","protected":false},"author":2,"featured_media":0,"parent":0,"menu_order":0,"comment_status":"closed","ping_status":"closed","template":"","meta":{"footnotes":""},"class_list":["post-10257","page","type-page","status-publish","hentry"],"_links":{"self":[{"href":"https:\/\/nature-fineart.com\/vogelfotografie-spanien\/wp-json\/wp\/v2\/pages\/10257","targetHints":{"allow":["GET"]}}],"collection":[{"href":"https:\/\/nature-fineart.com\/vogelfotografie-spanien\/wp-json\/wp\/v2\/pages"}],"about":[{"href":"https:\/\/nature-fineart.com\/vogelfotografie-spanien\/wp-json\/wp\/v2\/types\/page"}],"author":[{"embeddable":true,"href":"https:\/\/nature-fineart.com\/vogelfotografie-spanien\/wp-json\/wp\/v2\/users\/2"}],"replies":[{"embeddable":true,"href":"https:\/\/nature-fineart.com\/vogelfotografie-spanien\/wp-json\/wp\/v2\/comments?post=10257"}],"version-history":[{"count":3,"href":"https:\/\/nature-fineart.com\/vogelfotografie-spanien\/wp-json\/wp\/v2\/pages\/10257\/revisions"}],"predecessor-version":[{"id":10265,"href":"https:\/\/nature-fineart.com\/vogelfotografie-spanien\/wp-json\/wp\/v2\/pages\/10257\/revisions\/10265"}],"wp:attachment":[{"href":"https:\/\/nature-fineart.com\/vogelfotografie-spanien\/wp-json\/wp\/v2\/media?parent=10257"}],"curies":[{"name":"wp","href":"https:\/\/api.w.org\/{rel}","templated":true}]}}