{"id":10331,"date":"2026-08-16T11:44:02","date_gmt":"2026-08-16T09:44:02","guid":{"rendered":"https:\/\/nature-fineart.com\/vogelfotografie-spanien\/?page_id=10331"},"modified":"2026-08-16T11:49:36","modified_gmt":"2026-08-16T09:49:36","slug":"gaensesaeger","status":"publish","type":"page","link":"https:\/\/nature-fineart.com\/vogelfotografie-spanien\/gaensesaeger\/","title":{"rendered":"G\u00e4nses\u00e4ger fotografieren"},"content":{"rendered":"\t\t<div data-elementor-type=\"wp-page\" data-elementor-id=\"10331\" class=\"elementor elementor-10331\">\n\t\t\t\t<div class=\"elementor-element elementor-element-6a36c8c e-flex e-con-boxed e-con e-parent\" data-id=\"6a36c8c\" data-element_type=\"container\" data-e-type=\"container\">\n\t\t\t\t\t<div class=\"e-con-inner\">\n\t\t\r\n\t\t<div class=\"elementor-element elementor-element-9c70cbf elementor-widget elementor-widget-html\" data-id=\"9c70cbf\" data-element_type=\"widget\" data-e-type=\"widget\" data-widget_type=\"html.default\">\n\t\t\t\t<div class=\"elementor-widget-container\">\n\t\t\t\t\t<p>\nDer G\u00e4nses\u00e4ger (<em>Mergus merganser<\/em>) geh\u00f6rt zu den ungew\u00f6hnlicheren Entenv\u00f6geln Europas. Sein langer, schlanker K\u00f6rper, der schmale Schnabel und die auff\u00e4llige Kopfform unterscheiden ihn deutlich von klassischen Schwimm- und Gr\u00fcndelenten.\n<\/p>\n\n<p>\nIn Spanien ist eine Begegnung mit dieser Art etwas Besonderes. Der G\u00e4nses\u00e4ger erscheint hier nur in sehr kleinen Zahlen und unregelm\u00e4\u00dfig w\u00e4hrend des Winters. Fotografisch finde ich besonders seine langgestreckte K\u00f6rperform und das aktive Verhalten auf und unter Wasser interessant.\n<\/p>\t\t\t\t<\/div>\n\t\t\t\t<\/div>\n\t\t\t\t\t<\/div>\n\t\t\t\t<\/div>\n\t\t<div class=\"elementor-element elementor-element-94d314a e-flex e-con-boxed e-con e-parent\" data-id=\"94d314a\" data-element_type=\"container\" data-e-type=\"container\">\n\t\t\t\t\t<div class=\"e-con-inner\">\n\t\t<div class=\"elementor-element elementor-element-95802a8 e-con-full e-flex e-con e-child\" data-id=\"95802a8\" data-element_type=\"container\" data-e-type=\"container\">\n\t\t\t\t<div class=\"elementor-element elementor-element-8d30d6c elementor-widget elementor-widget-html\" data-id=\"8d30d6c\" data-element_type=\"widget\" data-e-type=\"widget\" data-widget_type=\"html.default\">\n\t\t\t\t<div class=\"elementor-widget-container\">\n\t\t\t\t\t<h2>Der G\u00e4nses\u00e4ger in Spanien<\/h2>\n\n<p>\nIn Spanien ist der G\u00e4nses\u00e4ger ein seltener und unregelm\u00e4\u00dfiger Wintergast. Beobachtungen konzentrieren sich besonders auf die Wintermonate und treten h\u00e4ufiger in der n\u00f6rdlichen H\u00e4lfte der Iberischen Halbinsel auf.\n<\/p>\n\n<p>\nMeine eigene Beobachtung entstand im Winter an einem kleinen k\u00fcstennahen Gew\u00e4sser. Solche Sichtungen sind in Spanien deutlich ungew\u00f6hnlicher als Begegnungen mit vielen anderen Entenarten.\n<\/p>\t\t\t\t<\/div>\n\t\t\t\t<\/div>\n\t\t\t\t<\/div>\n\t\t<div class=\"elementor-element elementor-element-bb49cc7 e-con-full e-flex e-con e-child\" data-id=\"bb49cc7\" data-element_type=\"container\" data-e-type=\"container\">\n\t\t\t\t<div class=\"elementor-element elementor-element-ff47641 elementor-widget elementor-widget-image\" data-id=\"ff47641\" data-element_type=\"widget\" data-e-type=\"widget\" data-widget_type=\"image.default\">\n\t\t\t\t<div class=\"elementor-widget-container\">\n\t\t\t\t\t\t\t\t\t\t\t\t\t\t\t<img fetchpriority=\"high\" decoding=\"async\" width=\"751\" height=\"532\" src=\"https:\/\/nature-fineart.com\/vogelfotografie-spanien\/wp-content\/uploads\/2026\/08\/Weibchenfarbener-Gaensesaeger-auf-einer-Wasserflaeche-mit-Wassertropfen-am-Schnabel.jpg\" class=\"attachment-large size-large wp-image-10332\" alt=\"Weibchenfarbener G\u00e4nses\u00e4ger auf einer Wasserfl\u00e4che mit Wassertropfen am Schnabel\" srcset=\"https:\/\/nature-fineart.com\/vogelfotografie-spanien\/wp-content\/uploads\/2026\/08\/Weibchenfarbener-Gaensesaeger-auf-einer-Wasserflaeche-mit-Wassertropfen-am-Schnabel.jpg 1024w, https:\/\/nature-fineart.com\/vogelfotografie-spanien\/wp-content\/uploads\/2026\/08\/Weibchenfarbener-Gaensesaeger-auf-einer-Wasserflaeche-mit-Wassertropfen-am-Schnabel-600x425.jpg 600w, https:\/\/nature-fineart.com\/vogelfotografie-spanien\/wp-content\/uploads\/2026\/08\/Weibchenfarbener-Gaensesaeger-auf-einer-Wasserflaeche-mit-Wassertropfen-am-Schnabel-768x545.jpg 768w\" sizes=\"(max-width: 751px) 100vw, 751px\" \/>\t\t\t\t\t\t\t\t\t\t\t\t\t\t\t<\/div>\n\t\t\t\t<\/div>\n\t\t\t\t<\/div>\n\t\t\t\t\t<\/div>\n\t\t\t\t<\/div>\n\t\t<div class=\"elementor-element elementor-element-d673689 e-flex e-con-boxed e-con e-parent\" data-id=\"d673689\" data-element_type=\"container\" data-e-type=\"container\">\n\t\t\t\t\t<div class=\"e-con-inner\">\n\t\t\t\t<div class=\"elementor-element elementor-element-6d0762b elementor-widget elementor-widget-html\" data-id=\"6d0762b\" data-element_type=\"widget\" data-e-type=\"widget\" data-widget_type=\"html.default\">\n\t\t\t\t<div class=\"elementor-widget-container\">\n\t\t\t\t\t<p>\nTypische Winterlebensr\u00e4ume sind gr\u00f6\u00dfere Seen, Fl\u00fcsse und andere geeignete Binnengew\u00e4sser. Auch Lagunen und gesch\u00fctzte k\u00fcstennahe Gew\u00e4sser k\u00f6nnen genutzt werden, w\u00e4hrend offene Meeresbereiche f\u00fcr den G\u00e4nses\u00e4ger weniger typisch sind.\n<\/p>\n\n<h2>Ein S\u00e4ger unter den Entenv\u00f6geln<\/h2>\n\n<p>\nDer G\u00e4nses\u00e4ger geh\u00f6rt innerhalb der Entenv\u00f6gel zu den S\u00e4gern. Diese Gruppe ist besonders stark an die Jagd nach Fischen angepasst.\n<\/p>\n\n<p>\nDer K\u00f6rper ist lang und stromlinienf\u00f6rmig, der Schnabel auff\u00e4llig schmal und gerade. An seinen R\u00e4ndern befinden sich feine, s\u00e4geartig wirkende Strukturen. Sie helfen dabei, glitschige Beute festzuhalten und erkl\u00e4ren gleichzeitig den deutschen Namen des Vogels.\n<\/p>\n\n<h2>Erkennungsmerkmale<\/h2>\n\n\t\t\t\t<\/div>\n\t\t\t\t<\/div>\n\t\t\t\t\t<\/div>\n\t\t\t\t<\/div>\n\t\t<div class=\"elementor-element elementor-element-e5eed1d e-flex e-con-boxed e-con e-parent\" data-id=\"e5eed1d\" data-element_type=\"container\" data-e-type=\"container\">\n\t\t\t\t\t<div class=\"e-con-inner\">\n\t\t<div class=\"elementor-element elementor-element-beabd7d e-con-full e-flex e-con e-child\" data-id=\"beabd7d\" data-element_type=\"container\" data-e-type=\"container\">\n\t\t\t\t<div class=\"elementor-element elementor-element-97629df elementor-widget elementor-widget-html\" data-id=\"97629df\" data-element_type=\"widget\" data-e-type=\"widget\" data-widget_type=\"html.default\">\n\t\t\t\t<div class=\"elementor-widget-container\">\n\t\t\t\t\t<p>\nAdulte M\u00e4nnchen und Weibchen unterscheiden sich deutlich voneinander. Das M\u00e4nnchen besitzt im Prachtkleid einen dunklen, gr\u00fcnlich schimmernden Kopf und einen \u00fcberwiegend hellen K\u00f6rper.\n<\/p>\n\n<p>\nWeibchen zeigen dagegen einen warm rotbraunen Kopf mit etwas zotteliger Haube und einen \u00fcberwiegend grauen K\u00f6rper. Auff\u00e4llig sind au\u00dferdem das helle Kinn und die deutlich erkennbare Grenze zwischen dem rotbraunen Kopf und dem helleren Hals- und Brustbereich.\n<\/p>\t\t\t\t<\/div>\n\t\t\t\t<\/div>\n\t\t\t\t<\/div>\n\t\t<div class=\"elementor-element elementor-element-667ab06 e-con-full e-flex e-con e-child\" data-id=\"667ab06\" data-element_type=\"container\" data-e-type=\"container\">\n\t\t\t\t<div class=\"elementor-element elementor-element-a26a629 elementor-widget elementor-widget-image\" data-id=\"a26a629\" data-element_type=\"widget\" data-e-type=\"widget\" data-widget_type=\"image.default\">\n\t\t\t\t<div class=\"elementor-widget-container\">\n\t\t\t\t\t\t\t\t\t\t\t\t\t\t\t<img decoding=\"async\" width=\"751\" height=\"532\" src=\"https:\/\/nature-fineart.com\/vogelfotografie-spanien\/wp-content\/uploads\/2026\/08\/Weibchenfarbener-Gaensesaeger-im-Profil-auf-einer-ruhigen-Wasserflaeche.jpg\" class=\"attachment-large size-large wp-image-10333\" alt=\"Weibchenfarbener G\u00e4nses\u00e4ger im Profil auf einer ruhigen Wasserfl\u00e4che\" srcset=\"https:\/\/nature-fineart.com\/vogelfotografie-spanien\/wp-content\/uploads\/2026\/08\/Weibchenfarbener-Gaensesaeger-im-Profil-auf-einer-ruhigen-Wasserflaeche.jpg 1024w, https:\/\/nature-fineart.com\/vogelfotografie-spanien\/wp-content\/uploads\/2026\/08\/Weibchenfarbener-Gaensesaeger-im-Profil-auf-einer-ruhigen-Wasserflaeche-600x425.jpg 600w, https:\/\/nature-fineart.com\/vogelfotografie-spanien\/wp-content\/uploads\/2026\/08\/Weibchenfarbener-Gaensesaeger-im-Profil-auf-einer-ruhigen-Wasserflaeche-768x545.jpg 768w\" sizes=\"(max-width: 751px) 100vw, 751px\" \/>\t\t\t\t\t\t\t\t\t\t\t\t\t\t\t<\/div>\n\t\t\t\t<\/div>\n\t\t\t\t<\/div>\n\t\t\t\t\t<\/div>\n\t\t\t\t<\/div>\n\t\t<div class=\"elementor-element elementor-element-19a37a5 e-flex e-con-boxed e-con e-parent\" data-id=\"19a37a5\" data-element_type=\"container\" data-e-type=\"container\">\n\t\t\t\t\t<div class=\"e-con-inner\">\n\t\t\t\t<div class=\"elementor-element elementor-element-d707f66 elementor-widget elementor-widget-html\" data-id=\"d707f66\" data-element_type=\"widget\" data-e-type=\"widget\" data-widget_type=\"html.default\">\n\t\t\t\t<div class=\"elementor-widget-container\">\n\t\t\t\t\t<p>\nJungv\u00f6gel \u00e4hneln weiblichen G\u00e4nses\u00e4gern und lassen sich nicht immer auf den ersten Blick sicher unterscheiden. Bei genauerer Betrachtung helfen zus\u00e4tzliche Merkmale im Gefieder bei der Altersbestimmung.\n<\/p>\n\n<h2>Nahrung und Fischfang<\/h2>\n\n<p>\nG\u00e4nses\u00e4ger ern\u00e4hren sich \u00fcberwiegend von Fischen. Daneben k\u00f6nnen auch Wasserinsekten, Krebstiere, Mollusken und andere kleine Wassertiere aufgenommen werden.\n<\/p>\n\n<p>\nBei der Jagd suchen sie h\u00e4ufig zun\u00e4chst schwimmend nach Beute und tauchen anschlie\u00dfend vollst\u00e4ndig unter. Unter Wasser verfolgen sie Fische aktiv und k\u00f6nnen sich dabei erstaunlich schnell fortbewegen.\n<\/p>\n\n<p>\nDadurch ist die Art fotografisch etwas schwer vorhersehbar. Nach einem Tauchgang ist nicht immer klar, an welcher Stelle der Vogel wieder auftaucht. Es lohnt sich deshalb, etwas mehr Raum im Bild und bei der Verfolgung mit dem Autofokus einzuplanen.\n<\/p>\n\n<h2>G\u00e4nses\u00e4ger fotografieren<\/h2>\n\n<p>\nAuf dem Wasser wirkt der G\u00e4nses\u00e4ger zun\u00e4chst ruhig, kann aber innerhalb kurzer Zeit beschleunigen, tauchen oder seine Position ver\u00e4ndern. Deshalb arbeite ich lieber mit etwas Reserve bei der Verschlusszeit.\n<\/p>\n\n<p>\nEine Serienaufnahme und kontinuierlicher Autofokus sind besonders bei aktiven V\u00f6geln hilfreich. Bei ruhigem Schwimmen l\u00e4sst sich die Verschlusszeit dagegen reduzieren, wenn das Licht knapp wird.\n<\/p>\n\n<p>\nEine m\u00f6glichst niedrige Perspektive funktioniert auch beim G\u00e4nses\u00e4ger sehr gut. Auf Augenh\u00f6he mit der Wasseroberfl\u00e4che kommt seine langgestreckte K\u00f6rperform besonders sch\u00f6n zur Geltung und Vorder- sowie Hintergrund k\u00f6nnen weicher verschwimmen.\n<\/p>\t\t\t\t<\/div>\n\t\t\t\t<\/div>\n\t\t\t\t\t<\/div>\n\t\t\t\t<\/div>\n\t\t<div class=\"elementor-element elementor-element-f625b32 e-flex e-con-boxed e-con e-parent\" data-id=\"f625b32\" data-element_type=\"container\" data-e-type=\"container\">\n\t\t\t\t\t<div class=\"e-con-inner\">\n\t\t<div class=\"elementor-element elementor-element-0ea6e67 e-con-full e-flex e-con e-child\" data-id=\"0ea6e67\" data-element_type=\"container\" data-e-type=\"container\">\n\t\t\t\t<div class=\"elementor-element elementor-element-487d9b3 elementor-widget elementor-widget-image\" data-id=\"487d9b3\" data-element_type=\"widget\" data-e-type=\"widget\" data-widget_type=\"image.default\">\n\t\t\t\t<div class=\"elementor-widget-container\">\n\t\t\t\t\t\t\t\t\t\t\t\t\t\t\t<img decoding=\"async\" width=\"751\" height=\"532\" src=\"https:\/\/nature-fineart.com\/vogelfotografie-spanien\/wp-content\/uploads\/2026\/08\/Weibchenfarbener-Gaensesaeger-dreht-den-Kopf-aufmerksam-in-Richtung-Kamera.jpg\" class=\"attachment-large size-large wp-image-10334\" alt=\"Weibchenfarbener G\u00e4nses\u00e4ger dreht den Kopf aufmerksam in Richtung Kamera\" srcset=\"https:\/\/nature-fineart.com\/vogelfotografie-spanien\/wp-content\/uploads\/2026\/08\/Weibchenfarbener-Gaensesaeger-dreht-den-Kopf-aufmerksam-in-Richtung-Kamera.jpg 1024w, https:\/\/nature-fineart.com\/vogelfotografie-spanien\/wp-content\/uploads\/2026\/08\/Weibchenfarbener-Gaensesaeger-dreht-den-Kopf-aufmerksam-in-Richtung-Kamera-600x425.jpg 600w, https:\/\/nature-fineart.com\/vogelfotografie-spanien\/wp-content\/uploads\/2026\/08\/Weibchenfarbener-Gaensesaeger-dreht-den-Kopf-aufmerksam-in-Richtung-Kamera-768x545.jpg 768w\" sizes=\"(max-width: 751px) 100vw, 751px\" \/>\t\t\t\t\t\t\t\t\t\t\t\t\t\t\t<\/div>\n\t\t\t\t<\/div>\n\t\t\t\t<\/div>\n\t\t<div class=\"elementor-element elementor-element-f808186 e-con-full e-flex e-con e-child\" data-id=\"f808186\" data-element_type=\"container\" data-e-type=\"container\">\n\t\t\t\t<div class=\"elementor-element elementor-element-9b5c24b elementor-widget elementor-widget-html\" data-id=\"9b5c24b\" data-element_type=\"widget\" data-e-type=\"widget\" data-widget_type=\"html.default\">\n\t\t\t\t<div class=\"elementor-widget-container\">\n\t\t\t\t\t<h2>Belichtung und Gefieder<\/h2>\n\n<p>\nJe nach Geschlecht und Gefieder treffen beim G\u00e4nses\u00e4ger sehr helle und dunkle Bereiche aufeinander. Bei einem adulten M\u00e4nnchen k\u00f6nnen besonders die hellen K\u00f6rperpartien schnell zu viel Licht bekommen, w\u00e4hrend gleichzeitig die Struktur des dunklen Kopfes erhalten bleiben soll.\n<\/p>\n\n<p>\nBei weibchenfarbenen V\u00f6geln ist der Kontrast etwas geringer. Trotzdem lohnt es sich, auf die Zeichnung im rotbraunen Kopf und in den helleren Halsbereichen zu achten.\n<\/p>\t\t\t\t<\/div>\n\t\t\t\t<\/div>\n\t\t\t\t<\/div>\n\t\t\t\t\t<\/div>\n\t\t\t\t<\/div>\n\t\t<div class=\"elementor-element elementor-element-04d2f37 e-flex e-con-boxed e-con e-parent\" data-id=\"04d2f37\" data-element_type=\"container\" data-e-type=\"container\">\n\t\t\t\t\t<div class=\"e-con-inner\">\n\t\t\t\t<div class=\"elementor-element elementor-element-144dee1 elementor-widget elementor-widget-html\" data-id=\"144dee1\" data-element_type=\"widget\" data-e-type=\"widget\" data-widget_type=\"html.default\">\n\t\t\t\t<div class=\"elementor-widget-container\">\n\t\t\t\t\t<h2>Eine besondere Winterbeobachtung<\/h2>\n\n<p>\nF\u00fcr mich geh\u00f6rt der G\u00e4nses\u00e4ger in Spanien zu den Wasserv\u00f6geln, bei denen eine Sichtung nicht selbstverst\u00e4ndlich ist. Gerade deshalb wirkt eine Begegnung besonders interessant.\n<\/p>\n\n<p>\nSeine K\u00f6rperform unterscheidet sich deutlich von vielen anderen Enten. Der lange schmale Schnabel, die zottelige Kopfform weibchenfarbener V\u00f6gel und das regelm\u00e4\u00dfige Tauchen geben ihm einen ganz eigenen Charakter.\n<\/p>\n\n<h2>Weitere Entenarten entdecken<\/h2>\n\n<p>\nWenn dich Enten und andere Wasserv\u00f6gel interessieren, findest du auf meiner Website weitere Artenportr\u00e4ts zur\n<a href=\"https:\/\/nature-fineart.com\/vogelfotografie-spanien\/pfeifente\/\">Pfeifente<\/a>,\n<a href=\"https:\/\/nature-fineart.com\/vogelfotografie-spanien\/krickente\/\">Krickente<\/a>,\n<a href=\"https:\/\/nature-fineart.com\/vogelfotografie-spanien\/loeffelente\/\">L\u00f6ffelente<\/a>\nund zur\n<a href=\"https:\/\/nature-fineart.com\/vogelfotografie-spanien\/spiessente\/\">Spie\u00dfente<\/a>.\n<\/p>\n\n<h2>Vogelfotografie im Winter in Spanien<\/h2>\n\n<p>\nGerade im Winter erreichen zahlreiche Wasserv\u00f6gel aus n\u00f6rdlicheren Regionen die Iberische Halbinsel. Manche Arten treten regelm\u00e4\u00dfig in gro\u00dfen Zahlen auf, andere wie der G\u00e4nses\u00e4ger nur sehr unregelm\u00e4\u00dfig.\n<\/p>\n\n<p>\nMehr \u00fcber die besonderen M\u00f6glichkeiten dieser Jahreszeit erf\u00e4hrst du in meinem Blogbeitrag\n<a href=\"https:\/\/nature-fineart.com\/vogelfotografie-spanien\/vogelfotografie-im-winter-in-spanien\/\">Vogelfotografie im Winter in Spanien \u2013 warum diese Jahreszeit besondere Bilder erm\u00f6glicht<\/a>.\n<\/p>\n\n<h2>Natur erleben &amp; selbst fotografieren<\/h2>\n\n<p>\nM\u00f6chtest du die vielf\u00e4ltige Vogelwelt Spaniens selbst erleben und fotografieren?\n<\/p>\n\n<p>\nAuf meinen Fotoreisen stehen nat\u00fcrliche Beobachtungen, spannende Verhaltensweisen und besondere fotografische Situationen im Mittelpunkt. Je nach Reise und Jahreszeit lassen sich unterschiedliche Vogelarten und Lebensr\u00e4ume entdecken.\n<\/p>\n\n<p>\nMehr \u00fcber meine aktuellen Fotoreisen findest du hier:\n<\/p>\n\n<p>\n<a href=\"https:\/\/nature-fineart.com\/vogelfotografie-spanien\/reisen\/\">\u2192 Fotoreisen in Spanien entdecken<\/a>\n<\/p>\n\n<h2>Weitere Vogelarten entdecken<\/h2>\n\n<p>\nIn meiner\n<a href=\"https:\/\/nature-fineart.com\/vogelfotografie-spanien\/tierarten-fotografie\/\">Arten\u00fcbersicht<\/a>\nfindest du zahlreiche weitere Artenportr\u00e4ts mit Informationen zu Lebensraum, Verhalten und praktischen Tipps f\u00fcr die Vogelfotografie.\n<\/p>\n\n<h2>Interesse an einer Fotoreise?<\/h2>\n\n<p>\nDu m\u00f6chtest die Vogelwelt Spaniens selbst fotografieren? Nutze einfach das folgende Anfrageformular. Ich freue mich auf deine Nachricht.\n<\/p>\t\t\t\t<\/div>\n\t\t\t\t<\/div>\n\t\t\t\t\t<\/div>\n\t\t\t\t<\/div>\n\t\t<div class=\"elementor-element elementor-element-7afcfa2 e-flex e-con-boxed e-con e-parent\" data-id=\"7afcfa2\" data-element_type=\"container\" data-e-type=\"container\">\n\t\t\t\t\t<div class=\"e-con-inner\">\n\t\t\t\t<div class=\"elementor-element elementor-element-e9ff9e8 elementor-widget elementor-widget-shortcode\" data-id=\"e9ff9e8\" data-element_type=\"widget\" data-e-type=\"widget\" data-widget_type=\"shortcode.default\">\n\t\t\t\t<div class=\"elementor-widget-container\">\n\t\t\t\t\t\t\t<div class=\"elementor-shortcode\"><style id=\"wpforms-css-vars-5929\">\n\t\t\t\t#wpforms-5929 {\n\t\t\t\t--wpforms-field-border-color: #5E5E5E;\n--wpforms-field-border-color-spare: #5E5E5E;\n--wpforms-field-text-color: #5e5e5e;\n--wpforms-label-color: #5e5e5e;\n--wpforms-label-sublabel-color: #5e5e5e;\n--wpforms-button-background-color: #6e7b4a;\n--wpforms-container-padding: 0px;\n--wpforms-container-border-width: 1px;\n--wpforms-container-border-radius: 3px;\n--wpforms-background-color: rgba(0, 0, 0, 0);\n--wpforms-field-size-input-height: 43px;\n--wpforms-field-size-input-spacing: 15px;\n--wpforms-field-size-font-size: 16px;\n--wpforms-field-size-line-height: 19px;\n--wpforms-field-size-padding-h: 14px;\n--wpforms-field-size-checkbox-size: 16px;\n--wpforms-field-size-sublabel-spacing: 5px;\n--wpforms-field-size-icon-size: 1;\n--wpforms-label-size-font-size: 16px;\n--wpforms-label-size-line-height: 19px;\n--wpforms-label-size-sublabel-font-size: 14px;\n--wpforms-label-size-sublabel-line-height: 17px;\n--wpforms-button-size-font-size: 17px;\n--wpforms-button-size-height: 41px;\n--wpforms-button-size-padding-h: 15px;\n--wpforms-button-size-margin-top: 10px;\n--wpforms-container-shadow-size-box-shadow: none;\n\t\t\t}\n\t\t\t<\/style><div class=\"wpforms-container wpforms-container-full wpforms-render-modern\" id=\"wpforms-5929\"><form id=\"wpforms-form-5929\" class=\"wpforms-validate wpforms-form wpforms-ajax-form\" data-formid=\"5929\" method=\"post\" enctype=\"multipart\/form-data\" action=\"\/vogelfotografie-spanien\/wp-json\/wp\/v2\/pages\/10331\" data-token=\"6fe8dd5e8c13da77c15288333c0eb977\" data-token-time=\"1788258225\"><noscript class=\"wpforms-error-noscript\">Bitte aktiviere JavaScript in deinem Browser, um dieses Formular fertigzustellen.<\/noscript><div id=\"wpforms-error-noscript\" style=\"display: none;\">Bitte aktiviere JavaScript in deinem Browser, um dieses Formular fertigzustellen.<\/div><div class=\"wpforms-field-container\">\t\t<div id=\"wpforms-5929-field_4-container\"\n\t\t\tclass=\"wpforms-field wpforms-field-text\"\n\t\t\tdata-field-type=\"text\"\n\t\t\tdata-field-id=\"4\"\n\t\t\t>\n\t\t\t<label class=\"wpforms-field-label\" for=\"wpforms-5929-field_4\" >E-Mail-Adresse Nachricht Name<\/label>\n\t\t\t<input type=\"text\" id=\"wpforms-5929-field_4\" class=\"wpforms-field-medium\" name=\"wpforms[fields][4]\" >\n\t\t<\/div>\n\t\t<div id=\"wpforms-5929-field_1-container\" class=\"wpforms-field wpforms-field-name\" data-field-id=\"1\"><fieldset><legend class=\"wpforms-field-label\">Name <span class=\"wpforms-required-label\" aria-hidden=\"true\">*<\/span><\/legend><div class=\"wpforms-field-row wpforms-field-medium\"><div class=\"wpforms-field-row-block wpforms-first wpforms-one-half\"><input type=\"text\" id=\"wpforms-5929-field_1\" class=\"wpforms-field-name-first wpforms-field-required\" name=\"wpforms[fields][1][first]\" aria-errormessage=\"wpforms-5929-field_1-error\" required><label for=\"wpforms-5929-field_1\" class=\"wpforms-field-sublabel after\">Vorname<\/label><\/div><div class=\"wpforms-field-row-block wpforms-one-half\"><input type=\"text\" id=\"wpforms-5929-field_1-last\" class=\"wpforms-field-name-last wpforms-field-required\" name=\"wpforms[fields][1][last]\" aria-errormessage=\"wpforms-5929-field_1-last-error\" required><label for=\"wpforms-5929-field_1-last\" class=\"wpforms-field-sublabel after\">Nachname<\/label><\/div><\/div><\/fieldset><\/div><div id=\"wpforms-5929-field_2-container\" class=\"wpforms-field wpforms-field-email\" data-field-id=\"2\"><label class=\"wpforms-field-label\" for=\"wpforms-5929-field_2\">E-Mail-Adresse <span class=\"wpforms-required-label\" aria-hidden=\"true\">*<\/span><\/label><input type=\"email\" id=\"wpforms-5929-field_2\" class=\"wpforms-field-medium wpforms-field-required\" name=\"wpforms[fields][2]\" spellcheck=\"false\" aria-errormessage=\"wpforms-5929-field_2-error\" required><\/div><div id=\"wpforms-5929-field_3-container\" class=\"wpforms-field wpforms-field-textarea\" data-field-id=\"3\"><label class=\"wpforms-field-label\" for=\"wpforms-5929-field_3\">Kommentar oder Nachricht<\/label><textarea id=\"wpforms-5929-field_3\" class=\"wpforms-field-medium\" name=\"wpforms[fields][3]\" aria-errormessage=\"wpforms-5929-field_3-error\" ><\/textarea><\/div><script>\n\t\t\t\t( function() {\n\t\t\t\t\tconst style = document.createElement( 'style' );\n\t\t\t\t\tstyle.appendChild( document.createTextNode( '#wpforms-5929-field_4-container { position: absolute !important; overflow: hidden !important; display: inline !important; height: 1px !important; width: 1px !important; z-index: -1000 !important; padding: 0 !important; } #wpforms-5929-field_4-container input { visibility: hidden; } #wpforms-conversational-form-page #wpforms-5929-field_4-container label { counter-increment: none; }' ) );\n\t\t\t\t\tdocument.head.appendChild( style );\n\t\t\t\t\tdocument.currentScript?.remove();\n\t\t\t\t} )();\n\t\t\t<\/script><\/div><!-- .wpforms-field-container --><div class=\"wpforms-submit-container\" ><input type=\"hidden\" name=\"wpforms[id]\" value=\"5929\"><input type=\"hidden\" name=\"page_title\" value=\"\"><input type=\"hidden\" name=\"page_url\" value=\"https:\/\/nature-fineart.com\/vogelfotografie-spanien\/wp-json\/wp\/v2\/pages\/10331\"><input type=\"hidden\" name=\"url_referer\" value=\"\"><button type=\"submit\" name=\"wpforms[submit]\" id=\"wpforms-submit-5929\" class=\"wpforms-submit\" data-alt-text=\"Wird gesendet\u00a0\u2026\" data-submit-text=\"Anfrage senden\" aria-live=\"assertive\" value=\"wpforms-submit\">Anfrage senden<\/button><img loading=\"lazy\" decoding=\"async\" src=\"https:\/\/nature-fineart.com\/vogelfotografie-spanien\/wp-content\/plugins\/wpforms-lite\/assets\/images\/submit-spin.svg\" class=\"wpforms-submit-spinner\" style=\"display: none;\" width=\"26\" height=\"26\" alt=\"Wird geladen\"><\/div><\/form><\/div>  <!-- .wpforms-container --><\/div>\n\t\t\t\t\t\t<\/div>\n\t\t\t\t<\/div>\n\t\t\t\t\t<\/div>\n\t\t\t\t<\/div>\n\t\t\t\t<\/div>\n\t\t","protected":false},"excerpt":{"rendered":"<p>Der G\u00e4nses\u00e4ger (Mergus merganser) geh\u00f6rt zu den ungew\u00f6hnlicheren Entenv\u00f6geln Europas. Sein langer, schlanker K\u00f6rper, der schmale Schnabel und die auff\u00e4llige Kopfform unterscheiden ihn deutlich von klassischen Schwimm- und Gr\u00fcndelenten. In Spanien ist eine Begegnung mit dieser Art etwas Besonderes. Der G\u00e4nses\u00e4ger erscheint hier nur in sehr kleinen Zahlen und unregelm\u00e4\u00dfig w\u00e4hrend des Winters. Fotografisch finde&#8230;<\/p>\n","protected":false},"author":2,"featured_media":0,"parent":0,"menu_order":0,"comment_status":"closed","ping_status":"closed","template":"","meta":{"footnotes":""},"class_list":["post-10331","page","type-page","status-publish","hentry"],"_links":{"self":[{"href":"https:\/\/nature-fineart.com\/vogelfotografie-spanien\/wp-json\/wp\/v2\/pages\/10331","targetHints":{"allow":["GET"]}}],"collection":[{"href":"https:\/\/nature-fineart.com\/vogelfotografie-spanien\/wp-json\/wp\/v2\/pages"}],"about":[{"href":"https:\/\/nature-fineart.com\/vogelfotografie-spanien\/wp-json\/wp\/v2\/types\/page"}],"author":[{"embeddable":true,"href":"https:\/\/nature-fineart.com\/vogelfotografie-spanien\/wp-json\/wp\/v2\/users\/2"}],"replies":[{"embeddable":true,"href":"https:\/\/nature-fineart.com\/vogelfotografie-spanien\/wp-json\/wp\/v2\/comments?post=10331"}],"version-history":[{"count":3,"href":"https:\/\/nature-fineart.com\/vogelfotografie-spanien\/wp-json\/wp\/v2\/pages\/10331\/revisions"}],"predecessor-version":[{"id":10337,"href":"https:\/\/nature-fineart.com\/vogelfotografie-spanien\/wp-json\/wp\/v2\/pages\/10331\/revisions\/10337"}],"wp:attachment":[{"href":"https:\/\/nature-fineart.com\/vogelfotografie-spanien\/wp-json\/wp\/v2\/media?parent=10331"}],"curies":[{"name":"wp","href":"https:\/\/api.w.org\/{rel}","templated":true}]}}