{"id":10343,"date":"2026-08-17T07:54:10","date_gmt":"2026-08-17T05:54:10","guid":{"rendered":"https:\/\/nature-fineart.com\/vogelfotografie-spanien\/?page_id=10343"},"modified":"2026-08-23T11:45:20","modified_gmt":"2026-08-23T09:45:20","slug":"kolbenente","status":"publish","type":"page","link":"https:\/\/nature-fineart.com\/vogelfotografie-spanien\/kolbenente\/","title":{"rendered":"Kolbenente fotografieren"},"content":{"rendered":"\t\t<div data-elementor-type=\"wp-page\" data-elementor-id=\"10343\" class=\"elementor elementor-10343\">\n\t\t\t\t<div class=\"elementor-element elementor-element-b18af36 e-flex e-con-boxed e-con e-parent\" data-id=\"b18af36\" data-element_type=\"container\" data-e-type=\"container\">\n\t\t\t\t\t<div class=\"e-con-inner\">\n\t\t\r\n\t\t<div class=\"elementor-element elementor-element-185e17d elementor-widget elementor-widget-html\" data-id=\"185e17d\" data-element_type=\"widget\" data-e-type=\"widget\" data-widget_type=\"html.default\">\n\t\t\t\t<div class=\"elementor-widget-container\">\n\t\t\t\t\t<p>\nDie Kolbenente (<em>Netta rufina<\/em>) geh\u00f6rt f\u00fcr mich zu den auff\u00e4lligsten Enten spanischer Feuchtgebiete. Besonders das M\u00e4nnchen im Prachtkleid f\u00e4llt mit seinem orange- bis rostfarbenen Kopf, dem roten Schnabel und den roten Augen sofort auf.\n<\/p>\n\n<p>\nFotografisch finde ich die Art besonders spannend, weil sich die Wirkung des Kopfgefieders mit dem Licht stark ver\u00e4ndern kann. Bei passendem Lichteinfall leuchtet der Kopf beinahe goldfarben, w\u00e4hrend er im Schatten deutlich dunkler und kr\u00e4ftiger orange wirkt. Dazu kommt das kontrastreiche helle und schwarze K\u00f6rpergefieder, das bei der Belichtung etwas Aufmerksamkeit verlangt.\n<\/p>\t\t\t\t<\/div>\n\t\t\t\t<\/div>\n\t\t\t\t\t<\/div>\n\t\t\t\t<\/div>\n\t\t<div class=\"elementor-element elementor-element-c6f87d5 e-flex e-con-boxed e-con e-parent\" data-id=\"c6f87d5\" data-element_type=\"container\" data-e-type=\"container\">\n\t\t\t\t\t<div class=\"e-con-inner\">\n\t\t<div class=\"elementor-element elementor-element-6d8922d e-con-full e-flex e-con e-child\" data-id=\"6d8922d\" data-element_type=\"container\" data-e-type=\"container\">\n\t\t\t\t<div class=\"elementor-element elementor-element-4bcc7e7 elementor-widget elementor-widget-html\" data-id=\"4bcc7e7\" data-element_type=\"widget\" data-e-type=\"widget\" data-widget_type=\"html.default\">\n\t\t\t\t<div class=\"elementor-widget-container\">\n\t\t\t\t\t<h2>Die Kolbenente in Spanien<\/h2>\n\n<p>\nDie Kolbenente ist in Spanien sowohl Brutvogel als auch ganzj\u00e4hrig zu beobachten. W\u00e4hrend des Winters k\u00f6nnen zus\u00e4tzliche V\u00f6gel aus anderen Teilen Europas hinzukommen, sodass sich an geeigneten Feuchtgebieten teilweise gr\u00f6\u00dfere Ansammlungen bilden.\n<\/p>\n\n<p>\nAuch innerhalb Spaniens k\u00f6nnen Kolbenenten ihren Aufenthaltsort ver\u00e4ndern. Wasserstand, Nahrungsangebot und die Bedingungen in den einzelnen Feuchtgebieten spielen dabei eine wichtige Rolle.\n<\/p>\t\t\t\t<\/div>\n\t\t\t\t<\/div>\n\t\t\t\t<\/div>\n\t\t<div class=\"elementor-element elementor-element-5e49e70 e-con-full e-flex e-con e-child\" data-id=\"5e49e70\" data-element_type=\"container\" data-e-type=\"container\">\n\t\t\t\t<div class=\"elementor-element elementor-element-4291f96 elementor-widget elementor-widget-image\" data-id=\"4291f96\" data-element_type=\"widget\" data-e-type=\"widget\" data-widget_type=\"image.default\">\n\t\t\t\t<div class=\"elementor-widget-container\">\n\t\t\t\t\t\t\t\t\t\t\t\t\t\t\t<img fetchpriority=\"high\" decoding=\"async\" width=\"751\" height=\"554\" src=\"https:\/\/nature-fineart.com\/vogelfotografie-spanien\/wp-content\/uploads\/2026\/08\/Maennliche-Kolbenente-im-Prachtkleid-mit-auffaellig-rundem-orangefarbenem-Kopf-auf-einer-Wasserflaeche.jpg\" class=\"attachment-large size-large wp-image-10344\" alt=\"M\u00e4nnliche Kolbenente im Prachtkleid mit auff\u00e4llig rundem orangefarbenem Kopf auf einer Wasserfl\u00e4che\" srcset=\"https:\/\/nature-fineart.com\/vogelfotografie-spanien\/wp-content\/uploads\/2026\/08\/Maennliche-Kolbenente-im-Prachtkleid-mit-auffaellig-rundem-orangefarbenem-Kopf-auf-einer-Wasserflaeche.jpg 1024w, https:\/\/nature-fineart.com\/vogelfotografie-spanien\/wp-content\/uploads\/2026\/08\/Maennliche-Kolbenente-im-Prachtkleid-mit-auffaellig-rundem-orangefarbenem-Kopf-auf-einer-Wasserflaeche-600x443.jpg 600w, https:\/\/nature-fineart.com\/vogelfotografie-spanien\/wp-content\/uploads\/2026\/08\/Maennliche-Kolbenente-im-Prachtkleid-mit-auffaellig-rundem-orangefarbenem-Kopf-auf-einer-Wasserflaeche-768x567.jpg 768w\" sizes=\"(max-width: 751px) 100vw, 751px\" \/>\t\t\t\t\t\t\t\t\t\t\t\t\t\t\t<\/div>\n\t\t\t\t<\/div>\n\t\t\t\t<\/div>\n\t\t\t\t\t<\/div>\n\t\t\t\t<\/div>\n\t\t<div class=\"elementor-element elementor-element-cb96a70 e-flex e-con-boxed e-con e-parent\" data-id=\"cb96a70\" data-element_type=\"container\" data-e-type=\"container\">\n\t\t\t\t\t<div class=\"e-con-inner\">\n\t\t\t\t<div class=\"elementor-element elementor-element-3df1d28 elementor-widget elementor-widget-html\" data-id=\"3df1d28\" data-element_type=\"widget\" data-e-type=\"widget\" data-widget_type=\"html.default\">\n\t\t\t\t<div class=\"elementor-widget-container\">\n\t\t\t\t\t<p>\nMeine eigenen Beobachtungen stammen sowohl aus Lagunen im Landesinneren als auch aus k\u00fcstennahen Feuchtgebieten. Besonders im Winter habe ich die Art teilweise in gr\u00f6\u00dferen Gruppen erlebt, w\u00e4hrend sich w\u00e4hrend der Brutzeit auch Paare und sp\u00e4ter Weibchen mit Jungv\u00f6geln beobachten lassen.\n<\/p>\n\n<h2>Lebensraum<\/h2>\n\n<p>\nKolbenenten bevorzugen gr\u00f6\u00dfere, offene Gew\u00e4sser mit einem guten Angebot an Wasserpflanzen. Besonders wichtig sind ausgedehnte Best\u00e4nde untergetauchter Pflanzen, die einen wesentlichen Teil ihrer Nahrung bilden.\n<\/p>\n\n<p>\nGeeignete Lebensr\u00e4ume sind unter anderem:<\/p>\n\n<ul>\n<li>Lagunen und flache Seen<\/li>\n<li>gr\u00f6\u00dfere Binnenfeuchtgebiete<\/li>\n<li>Deltas und k\u00fcstennahe Feuchtgebiete<\/li>\n<li>Stauseen und andere gr\u00f6\u00dfere Wasserfl\u00e4chen<\/li>\n<li>Gew\u00e4sser mit ausgedehnter Unterwasservegetation<\/li>\n<\/ul>\t\t\t\t<\/div>\n\t\t\t\t<\/div>\n\t\t\t\t\t<\/div>\n\t\t\t\t<\/div>\n\t\t<div class=\"elementor-element elementor-element-5d0969a e-flex e-con-boxed e-con e-parent\" data-id=\"5d0969a\" data-element_type=\"container\" data-e-type=\"container\">\n\t\t\t\t\t<div class=\"e-con-inner\">\n\t\t<div class=\"elementor-element elementor-element-a109c92 e-con-full e-flex e-con e-child\" data-id=\"a109c92\" data-element_type=\"container\" data-e-type=\"container\">\n\t\t\t\t<div class=\"elementor-element elementor-element-2d191e7 elementor-widget elementor-widget-image\" data-id=\"2d191e7\" data-element_type=\"widget\" data-e-type=\"widget\" data-widget_type=\"image.default\">\n\t\t\t\t<div class=\"elementor-widget-container\">\n\t\t\t\t\t\t\t\t\t\t\t\t\t\t\t<img decoding=\"async\" width=\"751\" height=\"501\" src=\"https:\/\/nature-fineart.com\/vogelfotografie-spanien\/wp-content\/uploads\/2026\/08\/Weibliche-Kolbenente-im-Profil-auf-einer-ruhigen-Wasserflaeche.jpg\" class=\"attachment-large size-large wp-image-10345\" alt=\"\" srcset=\"https:\/\/nature-fineart.com\/vogelfotografie-spanien\/wp-content\/uploads\/2026\/08\/Weibliche-Kolbenente-im-Profil-auf-einer-ruhigen-Wasserflaeche.jpg 1024w, https:\/\/nature-fineart.com\/vogelfotografie-spanien\/wp-content\/uploads\/2026\/08\/Weibliche-Kolbenente-im-Profil-auf-einer-ruhigen-Wasserflaeche-600x400.jpg 600w, https:\/\/nature-fineart.com\/vogelfotografie-spanien\/wp-content\/uploads\/2026\/08\/Weibliche-Kolbenente-im-Profil-auf-einer-ruhigen-Wasserflaeche-768x512.jpg 768w\" sizes=\"(max-width: 751px) 100vw, 751px\" \/>\t\t\t\t\t\t\t\t\t\t\t\t\t\t\t<\/div>\n\t\t\t\t<\/div>\n\t\t\t\t<\/div>\n\t\t<div class=\"elementor-element elementor-element-4c5c9ba e-con-full e-flex e-con e-child\" data-id=\"4c5c9ba\" data-element_type=\"container\" data-e-type=\"container\">\n\t\t\t\t<div class=\"elementor-element elementor-element-8653fa2 elementor-widget elementor-widget-html\" data-id=\"8653fa2\" data-element_type=\"widget\" data-e-type=\"widget\" data-widget_type=\"html.default\">\n\t\t\t\t<div class=\"elementor-widget-container\">\n\t\t\t\t\t<h2>M\u00e4nnchen und Weibchen unterscheiden<\/h2>\n\n<p>\nM\u00e4nnchen und Weibchen unterscheiden sich bei der Kolbenente deutlich. Das M\u00e4nnchen im Prachtkleid ist mit seinem kr\u00e4ftig orange- bis kastanienfarbenen Kopf, dem korallenroten Schnabel und den roten Augen kaum zu \u00fcbersehen. Brust, Nacken und ein breiter Bereich des Bauches sind schwarz, w\u00e4hrend die Flanken sehr hell erscheinen.\n<\/p>\n\n<p>\nDas Weibchen ist wesentlich zur\u00fcckhaltender gef\u00e4rbt. Oberkopf, Nacken und R\u00fccken sind \u00fcberwiegend braun, w\u00e4hrend die vorderen Kopfseiten und Wangen deutlich heller erscheinen. Der Schnabel ist dunkel und kann in Richtung Spitze rosafarbene Partien zeigen.\n<\/p>\t\t\t\t<\/div>\n\t\t\t\t<\/div>\n\t\t\t\t<\/div>\n\t\t\t\t\t<\/div>\n\t\t\t\t<\/div>\n\t\t<div class=\"elementor-element elementor-element-64a788e e-flex e-con-boxed e-con e-parent\" data-id=\"64a788e\" data-element_type=\"container\" data-e-type=\"container\">\n\t\t\t\t\t<div class=\"e-con-inner\">\n\t\t\t\t<div class=\"elementor-element elementor-element-216bae8 elementor-widget elementor-widget-html\" data-id=\"216bae8\" data-element_type=\"widget\" data-e-type=\"widget\" data-widget_type=\"html.default\">\n\t\t\t\t<div class=\"elementor-widget-container\">\n\t\t\t\t\t<p>\nJungv\u00f6gel \u00e4hneln zun\u00e4chst dem Weibchen, besitzen aber einen vollst\u00e4ndig dunkleren Schnabel. F\u00fcr eine sichere Bestimmung lohnt es sich deshalb, mehrere Merkmale gemeinsam zu betrachten.\n<\/p>\n\n<h2>Der au\u00dfergew\u00f6hnliche Kopf des M\u00e4nnchens<\/h2>\n\n<p>\nDer rund wirkende Kopf geh\u00f6rt zu den auff\u00e4lligsten Merkmalen des Kolbenentenerpels. Besonders im Prachtkleid f\u00e4llt das kr\u00e4ftig orange- bis rostfarbene Kopfgefieder sofort ins Auge und verleiht dem M\u00e4nnchen sein charakteristisches Aussehen.\n<\/p>\n\n<p>\nInteressant ist, wie unterschiedlich die Kopfform je nach Federhaltung wirken kann. Liegen die Federn enger an, erscheint der Kopf etwas flacher und kompakter. Werden sie st\u00e4rker aufgestellt, wirkt er dagegen deutlich runder und volumin\u00f6ser, teilweise fast wie eine geschlossene, kugelf\u00f6rmige Haube.\n<\/p>\n\n<p>\nAuch fotografisch macht genau das einen Unterschied: Schon kleine Ver\u00e4nderungen der Kopfhaltung und des Gefieders k\u00f6nnen die Wirkung des Vogels ver\u00e4ndern. Zusammen mit dem roten Auge, dem roten Schnabel und der intensiven Kopffarbe entstehen dadurch immer wieder unterschiedliche Ansichten desselben M\u00e4nnchens.\n<\/p>\t\t\t\t<\/div>\n\t\t\t\t<\/div>\n\t\t\t\t\t<\/div>\n\t\t\t\t<\/div>\n\t\t<div class=\"elementor-element elementor-element-751514e e-flex e-con-boxed e-con e-parent\" data-id=\"751514e\" data-element_type=\"container\" data-e-type=\"container\">\n\t\t\t\t\t<div class=\"e-con-inner\">\n\t\t<div class=\"elementor-element elementor-element-9fb9104 e-con-full e-flex e-con e-child\" data-id=\"9fb9104\" data-element_type=\"container\" data-e-type=\"container\">\n\t\t\t\t<div class=\"elementor-element elementor-element-c4358f4 elementor-widget elementor-widget-image\" data-id=\"c4358f4\" data-element_type=\"widget\" data-e-type=\"widget\" data-widget_type=\"image.default\">\n\t\t\t\t<div class=\"elementor-widget-container\">\n\t\t\t\t\t\t\t\t\t\t\t\t\t\t\t<img decoding=\"async\" width=\"751\" height=\"605\" src=\"https:\/\/nature-fineart.com\/vogelfotografie-spanien\/wp-content\/uploads\/2026\/08\/Maennliche-Kolbenente-mit-Wassertropfen-am-Kopf-zwischen-Licht-und-Schatten.jpg\" class=\"attachment-large size-large wp-image-10346\" alt=\"\" srcset=\"https:\/\/nature-fineart.com\/vogelfotografie-spanien\/wp-content\/uploads\/2026\/08\/Maennliche-Kolbenente-mit-Wassertropfen-am-Kopf-zwischen-Licht-und-Schatten.jpg 1024w, https:\/\/nature-fineart.com\/vogelfotografie-spanien\/wp-content\/uploads\/2026\/08\/Maennliche-Kolbenente-mit-Wassertropfen-am-Kopf-zwischen-Licht-und-Schatten-600x483.jpg 600w, https:\/\/nature-fineart.com\/vogelfotografie-spanien\/wp-content\/uploads\/2026\/08\/Maennliche-Kolbenente-mit-Wassertropfen-am-Kopf-zwischen-Licht-und-Schatten-768x619.jpg 768w\" sizes=\"(max-width: 751px) 100vw, 751px\" \/>\t\t\t\t\t\t\t\t\t\t\t\t\t\t\t<\/div>\n\t\t\t\t<\/div>\n\t\t\t\t<\/div>\n\t\t<div class=\"elementor-element elementor-element-f4e26e8 e-con-full e-flex e-con e-child\" data-id=\"f4e26e8\" data-element_type=\"container\" data-e-type=\"container\">\n\t\t\t\t<div class=\"elementor-element elementor-element-4987f2d elementor-widget elementor-widget-html\" data-id=\"4987f2d\" data-element_type=\"widget\" data-e-type=\"widget\" data-widget_type=\"html.default\">\n\t\t\t\t<div class=\"elementor-widget-container\">\n\t\t\t\t\t<h2>Licht macht bei der Kolbenente einen gro\u00dfen Unterschied<\/h2>\n\n<p>\nKaum eine andere Entenart zeigt mir beim Fotografieren so deutlich, wie stark sich eine Gefiederfarbe durch den Lichteinfall ver\u00e4ndern kann. Im direkten Licht kann der Kopf des M\u00e4nnchens intensiv orange bis beinahe golden leuchten. Im Schatten erscheint dieselbe F\u00e4rbung wesentlich dunkler und zur\u00fcckhaltender.\n<\/p>\n\n<p>\nDas macht die Kolbenente zu einem interessanten Motiv f\u00fcr unterschiedliche Lichtbedingungen. Gleichzeitig ist die Belichtung nicht ganz einfach: Neben dem farbigen Kopf besitzt das M\u00e4nnchen sehr helle Flanken und unmittelbar angrenzende schwarze Gefiederbereiche.\n<\/p>\t\t\t\t<\/div>\n\t\t\t\t<\/div>\n\t\t\t\t<\/div>\n\t\t\t\t\t<\/div>\n\t\t\t\t<\/div>\n\t\t<div class=\"elementor-element elementor-element-330f1ab e-flex e-con-boxed e-con e-parent\" data-id=\"330f1ab\" data-element_type=\"container\" data-e-type=\"container\">\n\t\t\t\t\t<div class=\"e-con-inner\">\n\t\t\t\t<div class=\"elementor-element elementor-element-63726bc elementor-widget elementor-widget-html\" data-id=\"63726bc\" data-element_type=\"widget\" data-e-type=\"widget\" data-widget_type=\"html.default\">\n\t\t\t\t<div class=\"elementor-widget-container\">\n\t\t\t\t\t<p>\nDie hellen Bereiche sollten nicht ausbrennen, w\u00e4hrend im schwarzen Gefieder m\u00f6glichst noch Struktur erhalten bleibt. Weiches Licht oder ein nicht zu harter Sonnenstand k\u00f6nnen dabei einen guten Kompromiss bieten.\n<\/p>\t\t\t\t<\/div>\n\t\t\t\t<\/div>\n\t\t\t\t\t<\/div>\n\t\t\t\t<\/div>\n\t\t<div class=\"elementor-element elementor-element-fc1c6ac e-flex e-con-boxed e-con e-parent\" data-id=\"fc1c6ac\" data-element_type=\"container\" data-e-type=\"container\">\n\t\t\t\t\t<div class=\"e-con-inner\">\n\t\t<div class=\"elementor-element elementor-element-b3ae32f e-con-full e-flex e-con e-child\" data-id=\"b3ae32f\" data-element_type=\"container\" data-e-type=\"container\">\n\t\t\t\t<div class=\"elementor-element elementor-element-a4b4deb elementor-widget elementor-widget-image\" data-id=\"a4b4deb\" data-element_type=\"widget\" data-e-type=\"widget\" data-widget_type=\"image.default\">\n\t\t\t\t<div class=\"elementor-widget-container\">\n\t\t\t\t\t\t\t\t\t\t\t\t\t\t\t<img loading=\"lazy\" decoding=\"async\" width=\"751\" height=\"980\" src=\"https:\/\/nature-fineart.com\/vogelfotografie-spanien\/wp-content\/uploads\/2026\/08\/Mehrere-Kolbenenten-gemeinsam-an-einem-ruhigen-Uferbereich-eines-spanischen-Feuchtgebiets.jpg\" class=\"attachment-large size-large wp-image-10347\" alt=\"Mehrere Kolbenenten gemeinsam an einem ruhigen Uferbereich eines spanischen Feuchtgebiets\" srcset=\"https:\/\/nature-fineart.com\/vogelfotografie-spanien\/wp-content\/uploads\/2026\/08\/Mehrere-Kolbenenten-gemeinsam-an-einem-ruhigen-Uferbereich-eines-spanischen-Feuchtgebiets.jpg 785w, https:\/\/nature-fineart.com\/vogelfotografie-spanien\/wp-content\/uploads\/2026\/08\/Mehrere-Kolbenenten-gemeinsam-an-einem-ruhigen-Uferbereich-eines-spanischen-Feuchtgebiets-460x600.jpg 460w, https:\/\/nature-fineart.com\/vogelfotografie-spanien\/wp-content\/uploads\/2026\/08\/Mehrere-Kolbenenten-gemeinsam-an-einem-ruhigen-Uferbereich-eines-spanischen-Feuchtgebiets-768x1002.jpg 768w\" sizes=\"(max-width: 751px) 100vw, 751px\" \/>\t\t\t\t\t\t\t\t\t\t\t\t\t\t\t<\/div>\n\t\t\t\t<\/div>\n\t\t\t\t<\/div>\n\t\t<div class=\"elementor-element elementor-element-c33b995 e-con-full e-flex e-con e-child\" data-id=\"c33b995\" data-element_type=\"container\" data-e-type=\"container\">\n\t\t\t\t<div class=\"elementor-element elementor-element-9f74ad6 elementor-widget elementor-widget-html\" data-id=\"9f74ad6\" data-element_type=\"widget\" data-e-type=\"widget\" data-widget_type=\"html.default\">\n\t\t\t\t<div class=\"elementor-widget-container\">\n\t\t\t\t\t<h2>Kolbenenten in gr\u00f6\u00dferen Gruppen<\/h2>\n\n<p>\nKolbenenten k\u00f6nnen au\u00dferhalb der Brutzeit gesellig auftreten und sich an geeigneten Gew\u00e4ssern in gr\u00f6\u00dferen Gruppen sammeln. Besonders im Winter k\u00f6nnen dadurch auff\u00e4llige Ansammlungen entstehen.\n<\/p>\n\n<p>\nF\u00fcr die Fotografie bieten solche Gruppen ganz andere M\u00f6glichkeiten als ein einzelnes Portr\u00e4t. Unterschiedliche K\u00f6rperhaltungen, M\u00e4nnchen und Weibchen sowie Spiegelungen auf der Wasserfl\u00e4che k\u00f6nnen gemeinsam Teil der Bildgestaltung werden.\n<\/p>\n\n<p>\nDabei muss nicht jede Ente vollst\u00e4ndig freigestellt sein. Gerade bei Gruppenaufnahmen kann die Staffelung mehrerer V\u00f6gel einen guten Eindruck davon vermitteln, wie gesellig die Art zeitweise auftritt.\n<\/p>\t\t\t\t<\/div>\n\t\t\t\t<\/div>\n\t\t\t\t<\/div>\n\t\t\t\t\t<\/div>\n\t\t\t\t<\/div>\n\t\t<div class=\"elementor-element elementor-element-8f3db30 e-flex e-con-boxed e-con e-parent\" data-id=\"8f3db30\" data-element_type=\"container\" data-e-type=\"container\">\n\t\t\t\t\t<div class=\"e-con-inner\">\n\t\t\t\t<div class=\"elementor-element elementor-element-c73646e elementor-widget elementor-widget-html\" data-id=\"c73646e\" data-element_type=\"widget\" data-e-type=\"widget\" data-widget_type=\"html.default\">\n\t\t\t\t<div class=\"elementor-widget-container\">\n\t\t\t\t\t<h2>Brut und Jungv\u00f6gel<\/h2>\n\n<p>\nDie Kolbenente br\u00fctet regelm\u00e4\u00dfig in Spanien. Die Brutzeit erstreckt sich haupts\u00e4chlich \u00fcber Fr\u00fchjahr und Sommer, wobei das Nest gut verborgen in dichter Vegetation in Gew\u00e4ssern\u00e4he angelegt wird.\n<\/p>\t\t\t\t<\/div>\n\t\t\t\t<\/div>\n\t\t\t\t\t<\/div>\n\t\t\t\t<\/div>\n\t\t<div class=\"elementor-element elementor-element-b9e7b1c e-flex e-con-boxed e-con e-parent\" data-id=\"b9e7b1c\" data-element_type=\"container\" data-e-type=\"container\">\n\t\t\t\t\t<div class=\"e-con-inner\">\n\t\t<div class=\"elementor-element elementor-element-9089303 e-con-full e-flex e-con e-child\" data-id=\"9089303\" data-element_type=\"container\" data-e-type=\"container\">\n\t\t\t\t<div class=\"elementor-element elementor-element-a40e292 elementor-widget elementor-widget-html\" data-id=\"a40e292\" data-element_type=\"widget\" data-e-type=\"widget\" data-widget_type=\"html.default\">\n\t\t\t\t<div class=\"elementor-widget-container\">\n\t\t\t\t\t<p>\nDie K\u00fcken sind wie bei anderen Enten fr\u00fch selbstst\u00e4ndig bei der Nahrungssuche, werden aber vom Weibchen gef\u00fchrt und begleitet. Gerade auf dem Wasser k\u00f6nnen dadurch sch\u00f6ne Familienaufnahmen entstehen.\n<\/p>\n\n<p>\nBei einem Weibchen mit Jungv\u00f6geln ist besonders viel Abstand wichtig. Die Familie sollte ihre nat\u00fcrliche Schwimmrichtung beibehalten k\u00f6nnen, ohne dem Fotografen ausweichen zu m\u00fcssen.\n<\/p>\n\t\t\t\t<\/div>\n\t\t\t\t<\/div>\n\t\t\t\t<\/div>\n\t\t<div class=\"elementor-element elementor-element-adbebc7 e-con-full e-flex e-con e-child\" data-id=\"adbebc7\" data-element_type=\"container\" data-e-type=\"container\">\n\t\t\t\t<div class=\"elementor-element elementor-element-f1b5de4 elementor-widget elementor-widget-image\" data-id=\"f1b5de4\" data-element_type=\"widget\" data-e-type=\"widget\" data-widget_type=\"image.default\">\n\t\t\t\t<div class=\"elementor-widget-container\">\n\t\t\t\t\t\t\t\t\t\t\t\t\t\t\t<img loading=\"lazy\" decoding=\"async\" width=\"751\" height=\"501\" src=\"https:\/\/nature-fineart.com\/vogelfotografie-spanien\/wp-content\/uploads\/2026\/08\/Weibliche-Kolbenente-schwimmt-mit-ihren-Jungvoegeln-auf-einer-Wasserflaeche.jpg\" class=\"attachment-large size-large wp-image-10348\" alt=\"Weibliche Kolbenente schwimmt mit ihren Jungv\u00f6geln auf einer Wasserfl\u00e4che\" srcset=\"https:\/\/nature-fineart.com\/vogelfotografie-spanien\/wp-content\/uploads\/2026\/08\/Weibliche-Kolbenente-schwimmt-mit-ihren-Jungvoegeln-auf-einer-Wasserflaeche.jpg 1024w, https:\/\/nature-fineart.com\/vogelfotografie-spanien\/wp-content\/uploads\/2026\/08\/Weibliche-Kolbenente-schwimmt-mit-ihren-Jungvoegeln-auf-einer-Wasserflaeche-600x400.jpg 600w, https:\/\/nature-fineart.com\/vogelfotografie-spanien\/wp-content\/uploads\/2026\/08\/Weibliche-Kolbenente-schwimmt-mit-ihren-Jungvoegeln-auf-einer-Wasserflaeche-768x512.jpg 768w\" sizes=\"(max-width: 751px) 100vw, 751px\" \/>\t\t\t\t\t\t\t\t\t\t\t\t\t\t\t<\/div>\n\t\t\t\t<\/div>\n\t\t\t\t<\/div>\n\t\t\t\t\t<\/div>\n\t\t\t\t<\/div>\n\t\t<div class=\"elementor-element elementor-element-917f37c e-flex e-con-boxed e-con e-parent\" data-id=\"917f37c\" data-element_type=\"container\" data-e-type=\"container\">\n\t\t\t\t\t<div class=\"e-con-inner\">\n\t\t\t\t<div class=\"elementor-element elementor-element-a4eb9cf elementor-widget elementor-widget-html\" data-id=\"a4eb9cf\" data-element_type=\"widget\" data-e-type=\"widget\" data-widget_type=\"html.default\">\n\t\t\t\t<div class=\"elementor-widget-container\">\n\t\t\t\t\t<h2>Nahrung und Tauchverhalten<\/h2>\n\n<p>\nDie Kolbenente wird meist den Tauchenten zugerechnet, zeigt bei der Nahrungssuche aber Eigenschaften, die zwischen typischen Tauch- und Schwimmenten liegen.\n<\/p>\n\n<p>\nIhre Nahrung besteht \u00fcberwiegend aus Pflanzen. Besonders wichtig sind untergetauchte Wasserpflanzen. Erg\u00e4nzend nimmt sie kleine Wassertiere wie Mollusken, Krebstiere, Larven oder andere aquatische Kleintiere auf.\n<\/p>\n\n<p>\nUm Nahrung zu erreichen, taucht die Kolbenente regelm\u00e4\u00dfig vollst\u00e4ndig unter. Dadurch kann sich eine fotografisch gute Situation innerhalb weniger Sekunden ver\u00e4ndern.\n<\/p>\n\n<h2>Beim Tauchen den Moment nutzen<\/h2>\n\n<p>\nWenn eine Kolbenente gerade in einer besonders sch\u00f6nen Position schwimmt, fotografiere ich lieber sofort. Beim n\u00e4chsten Tauchgang kann sie an einer ganz anderen Stelle wieder auftauchen.\n<\/p>\n\n<p>\nManchmal verbessert sich dadurch die Situation sogar, genauso gut kann der Vogel aber anschlie\u00dfend n\u00e4her am Rand, zwischen Wasserpflanzen oder an einer fotografisch ung\u00fcnstigeren Stelle auftauchen.\n<\/p>\n\n<p>\nGerade bei tauchenden Wasserv\u00f6geln lohnt es sich deshalb, nicht zu lange auf eine vermeintlich noch bessere Kopfhaltung zu warten. Wenn Licht, Hintergrund und Position bereits stimmen, sollte man die Gelegenheit nutzen.\n<\/p>\t\t\t\t<\/div>\n\t\t\t\t<\/div>\n\t\t\t\t\t<\/div>\n\t\t\t\t<\/div>\n\t\t<div class=\"elementor-element elementor-element-ec2ce89 e-flex e-con-boxed e-con e-parent\" data-id=\"ec2ce89\" data-element_type=\"container\" data-e-type=\"container\">\n\t\t\t\t\t<div class=\"e-con-inner\">\n\t\t<div class=\"elementor-element elementor-element-c97fe2e e-con-full e-flex e-con e-child\" data-id=\"c97fe2e\" data-element_type=\"container\" data-e-type=\"container\">\n\t\t\t\t<div class=\"elementor-element elementor-element-1dec913 elementor-widget elementor-widget-html\" data-id=\"1dec913\" data-element_type=\"widget\" data-e-type=\"widget\" data-widget_type=\"html.default\">\n\t\t\t\t<div class=\"elementor-widget-container\">\n\t\t\t\t\t<h2>Kolbenente fotografieren<\/h2>\n\n<p>\nEine niedrige Perspektive funktioniert bei Kolbenenten besonders gut. Auf Augenh\u00f6he mit der Wasserfl\u00e4che bekommt der Vogel mehr Pr\u00e4senz und Vorder- sowie Hintergrund k\u00f6nnen weich verschwimmen.\n<\/p>\n\n<p>\nBeim ruhigen Schwimmen ist keine extrem kurze Verschlusszeit notwendig. Sobald die Ente jedoch nach Nahrung sucht, taucht, sich aufrichtet oder mit anderen V\u00f6geln interagiert, k\u00f6nnen die Bewegungen deutlich schneller werden. Deshalb halte ich gerne etwas Reserve bei der Verschlusszeit.\n<\/p>\t\t\t\t<\/div>\n\t\t\t\t<\/div>\n\t\t\t\t<\/div>\n\t\t<div class=\"elementor-element elementor-element-6aacdd5 e-con-full e-flex e-con e-child\" data-id=\"6aacdd5\" data-element_type=\"container\" data-e-type=\"container\">\n\t\t\t\t<div class=\"elementor-element elementor-element-2b7175d elementor-widget elementor-widget-image\" data-id=\"2b7175d\" data-element_type=\"widget\" data-e-type=\"widget\" data-widget_type=\"image.default\">\n\t\t\t\t<div class=\"elementor-widget-container\">\n\t\t\t\t\t\t\t\t\t\t\t\t\t\t\t<img loading=\"lazy\" decoding=\"async\" width=\"751\" height=\"496\" src=\"https:\/\/nature-fineart.com\/vogelfotografie-spanien\/wp-content\/uploads\/2026\/08\/Maennliche-Kolbenente-mit-angelegtem-Kopfgefieder-blickt-ueber-die-Schulter.jpg\" class=\"attachment-large size-large wp-image-10349\" alt=\"M\u00e4nnliche Kolbenente mit angelegtem Kopfgefieder blickt \u00fcber die Schulter\" srcset=\"https:\/\/nature-fineart.com\/vogelfotografie-spanien\/wp-content\/uploads\/2026\/08\/Maennliche-Kolbenente-mit-angelegtem-Kopfgefieder-blickt-ueber-die-Schulter.jpg 1024w, https:\/\/nature-fineart.com\/vogelfotografie-spanien\/wp-content\/uploads\/2026\/08\/Maennliche-Kolbenente-mit-angelegtem-Kopfgefieder-blickt-ueber-die-Schulter-600x396.jpg 600w, https:\/\/nature-fineart.com\/vogelfotografie-spanien\/wp-content\/uploads\/2026\/08\/Maennliche-Kolbenente-mit-angelegtem-Kopfgefieder-blickt-ueber-die-Schulter-768x507.jpg 768w\" sizes=\"(max-width: 751px) 100vw, 751px\" \/>\t\t\t\t\t\t\t\t\t\t\t\t\t\t\t<\/div>\n\t\t\t\t<\/div>\n\t\t\t\t<\/div>\n\t\t\t\t\t<\/div>\n\t\t\t\t<\/div>\n\t\t<div class=\"elementor-element elementor-element-5b86057 e-flex e-con-boxed e-con e-parent\" data-id=\"5b86057\" data-element_type=\"container\" data-e-type=\"container\">\n\t\t\t\t\t<div class=\"e-con-inner\">\n\t\t\t\t<div class=\"elementor-element elementor-element-34b3755 elementor-widget elementor-widget-html\" data-id=\"34b3755\" data-element_type=\"widget\" data-e-type=\"widget\" data-widget_type=\"html.default\">\n\t\t\t\t<div class=\"elementor-widget-container\">\n\t\t\t\t\t<p>\nSerienaufnahme und Augenerkennung k\u00f6nnen dabei hilfreich sein. Trotzdem lohnt es sich immer, den Fokus zu kontrollieren, besonders wenn mehrere Enten dicht beieinander schwimmen oder Wasserpflanzen zwischen Kamera und Vogel liegen.\n<\/p>\n\n<h2>Auf den Blick und die Kopfhaltung achten<\/h2>\n\n<p>\nBeim Kolbenentenerpel hat die Kopfhaltung einen besonders gro\u00dfen Einfluss auf die Bildwirkung. Dreht sich der Vogel nur leicht, ver\u00e4ndert sich nicht nur der Blick, sondern h\u00e4ufig auch die Art, wie das Licht auf das orangefarbene Kopfgefieder trifft.\n<\/p>\n\n<p>\nEs lohnt sich deshalb, auf einen Moment zu warten, in dem Auge, Schnabel und Kopfhaltung gut zusammenspielen. Gerade das rote Auge kann im warmen Kopfgefieder einen sehr starken visuellen Akzent setzen.\n<\/p>\t\t\t\t<\/div>\n\t\t\t\t<\/div>\n\t\t\t\t\t<\/div>\n\t\t\t\t<\/div>\n\t\t<div class=\"elementor-element elementor-element-a8c0cb3 e-flex e-con-boxed e-con e-parent\" data-id=\"a8c0cb3\" data-element_type=\"container\" data-e-type=\"container\">\n\t\t\t\t\t<div class=\"e-con-inner\">\n\t\t<div class=\"elementor-element elementor-element-6611b2e e-con-full e-flex e-con e-child\" data-id=\"6611b2e\" data-element_type=\"container\" data-e-type=\"container\">\n\t\t\t\t<div class=\"elementor-element elementor-element-9a030fd elementor-widget elementor-widget-html\" data-id=\"9a030fd\" data-element_type=\"widget\" data-e-type=\"widget\" data-widget_type=\"html.default\">\n\t\t\t\t<div class=\"elementor-widget-container\">\n\t\t\t\t\t<h2>Das Paar im direkten Vergleich<\/h2>\n\n<p>\nWenn M\u00e4nnchen und Weibchen gemeinsam auf dem Wasser zu sehen sind, werden die deutlichen Unterschiede zwischen den Geschlechtern besonders gut sichtbar. Das M\u00e4nnchen f\u00e4llt mit seinem kr\u00e4ftig orange- bis rostfarbenen Kopf, dem roten Schnabel und den kontrastreichen dunklen und hellen Gefiederpartien sofort auf.\n<\/p>\n\n<p>\nDas Weibchen wirkt dagegen wesentlich unauff\u00e4lliger. Die braun-graue Grundf\u00e4rbung und die helleren Kopfseiten sorgen f\u00fcr ein deutlich zur\u00fcckhaltenderes Erscheinungsbild. Gerade im direkten Vergleich l\u00e4sst sich gut erkennen, wie unterschiedlich beide Geschlechter gef\u00e4rbt sind.\n<\/p>\n\n<p>\nFotografisch finde ich solche gemeinsamen Situationen besonders interessant, weil die unterschiedlichen Farben und Gefiederzeichnungen innerhalb eines einzigen Bildes sichtbar werden.\n<\/p>\t\t\t\t<\/div>\n\t\t\t\t<\/div>\n\t\t\t\t<\/div>\n\t\t<div class=\"elementor-element elementor-element-f5c83c0 e-con-full e-flex e-con e-child\" data-id=\"f5c83c0\" data-element_type=\"container\" data-e-type=\"container\">\n\t\t\t\t<div class=\"elementor-element elementor-element-14de96b elementor-widget elementor-widget-image\" data-id=\"14de96b\" data-element_type=\"widget\" data-e-type=\"widget\" data-widget_type=\"image.default\">\n\t\t\t\t<div class=\"elementor-widget-container\">\n\t\t\t\t\t\t\t\t\t\t\t\t\t\t\t<img loading=\"lazy\" decoding=\"async\" width=\"751\" height=\"999\" src=\"https:\/\/nature-fineart.com\/vogelfotografie-spanien\/wp-content\/uploads\/2026\/08\/Maennliche-und-weibliche-Kolbenente-gemeinsam-auf-einer-Wasserflaeche.jpg\" class=\"attachment-large size-large wp-image-10350\" alt=\"\" srcset=\"https:\/\/nature-fineart.com\/vogelfotografie-spanien\/wp-content\/uploads\/2026\/08\/Maennliche-und-weibliche-Kolbenente-gemeinsam-auf-einer-Wasserflaeche.jpg 770w, https:\/\/nature-fineart.com\/vogelfotografie-spanien\/wp-content\/uploads\/2026\/08\/Maennliche-und-weibliche-Kolbenente-gemeinsam-auf-einer-Wasserflaeche-451x600.jpg 451w, https:\/\/nature-fineart.com\/vogelfotografie-spanien\/wp-content\/uploads\/2026\/08\/Maennliche-und-weibliche-Kolbenente-gemeinsam-auf-einer-Wasserflaeche-768x1021.jpg 768w\" sizes=\"(max-width: 751px) 100vw, 751px\" \/>\t\t\t\t\t\t\t\t\t\t\t\t\t\t\t<\/div>\n\t\t\t\t<\/div>\n\t\t\t\t<\/div>\n\t\t\t\t\t<\/div>\n\t\t\t\t<\/div>\n\t\t<div class=\"elementor-element elementor-element-fb8c777 e-flex e-con-boxed e-con e-parent\" data-id=\"fb8c777\" data-element_type=\"container\" data-e-type=\"container\">\n\t\t\t\t\t<div class=\"e-con-inner\">\n\t\t\t\t<div class=\"elementor-element elementor-element-4cf0461 elementor-widget elementor-widget-html\" data-id=\"4cf0461\" data-element_type=\"widget\" data-e-type=\"widget\" data-widget_type=\"html.default\">\n\t\t\t\t<div class=\"elementor-widget-container\">\n\t\t\t\t\t<h2>Eine pers\u00f6nliche Beobachtung<\/h2>\n\n<p>\nKolbenenten geh\u00f6ren zu den Enten, denen ich in Spanien regelm\u00e4\u00dfig begegne. Besonders eindrucksvoll finde ich gr\u00f6\u00dfere Ansammlungen im Winter, aber auch Beobachtungen von Paaren und Weibchen mit Jungv\u00f6geln machen die Art \u00fcber das ganze Jahr interessant.\n<\/p>\t\t\t\t<\/div>\n\t\t\t\t<\/div>\n\t\t\t\t\t<\/div>\n\t\t\t\t<\/div>\n\t\t<div class=\"elementor-element elementor-element-c285b28 e-flex e-con-boxed e-con e-parent\" data-id=\"c285b28\" data-element_type=\"container\" data-e-type=\"container\">\n\t\t\t\t\t<div class=\"e-con-inner\">\n\t\t<div class=\"elementor-element elementor-element-3c1488b e-con-full e-flex e-con e-child\" data-id=\"3c1488b\" data-element_type=\"container\" data-e-type=\"container\">\n\t\t\t\t<div class=\"elementor-element elementor-element-3a4ff3c elementor-widget elementor-widget-image\" data-id=\"3a4ff3c\" data-element_type=\"widget\" data-e-type=\"widget\" data-widget_type=\"image.default\">\n\t\t\t\t<div class=\"elementor-widget-container\">\n\t\t\t\t\t\t\t\t\t\t\t\t\t\t\t<img loading=\"lazy\" decoding=\"async\" width=\"751\" height=\"501\" src=\"https:\/\/nature-fineart.com\/vogelfotografie-spanien\/wp-content\/uploads\/2026\/08\/Maennliche-Kolbenente-im-Prachtkleid-mit-rotem-Schnabel-und-orangefarbenem-Kopf.jpg\" class=\"attachment-large size-large wp-image-10351\" alt=\"\" srcset=\"https:\/\/nature-fineart.com\/vogelfotografie-spanien\/wp-content\/uploads\/2026\/08\/Maennliche-Kolbenente-im-Prachtkleid-mit-rotem-Schnabel-und-orangefarbenem-Kopf.jpg 1024w, https:\/\/nature-fineart.com\/vogelfotografie-spanien\/wp-content\/uploads\/2026\/08\/Maennliche-Kolbenente-im-Prachtkleid-mit-rotem-Schnabel-und-orangefarbenem-Kopf-600x400.jpg 600w, https:\/\/nature-fineart.com\/vogelfotografie-spanien\/wp-content\/uploads\/2026\/08\/Maennliche-Kolbenente-im-Prachtkleid-mit-rotem-Schnabel-und-orangefarbenem-Kopf-768x512.jpg 768w\" sizes=\"(max-width: 751px) 100vw, 751px\" \/>\t\t\t\t\t\t\t\t\t\t\t\t\t\t\t<\/div>\n\t\t\t\t<\/div>\n\t\t\t\t<\/div>\n\t\t<div class=\"elementor-element elementor-element-bcebee8 e-con-full e-flex e-con e-child\" data-id=\"bcebee8\" data-element_type=\"container\" data-e-type=\"container\">\n\t\t\t\t<div class=\"elementor-element elementor-element-013cee8 elementor-widget elementor-widget-html\" data-id=\"013cee8\" data-element_type=\"widget\" data-e-type=\"widget\" data-widget_type=\"html.default\">\n\t\t\t\t<div class=\"elementor-widget-container\">\n\t\t\t\t\t<p>\nFotografisch begeistert mich vor allem das M\u00e4nnchen. Je nach Licht kann sein Kopf v\u00f6llig unterschiedlich wirken, und zusammen mit dem roten Auge, dem roten Schnabel sowie den schwarzen und hellen K\u00f6rperpartien entsteht eine ungew\u00f6hnliche Farbkombination.\n<\/p>\n\n<p>\nGleichzeitig zeigt die Kolbenente durch ihr Tauchverhalten immer wieder, wie schnell sich eine gute Fotosituation ver\u00e4ndern kann. Das macht sie trotz ihrer teilweise ruhigen Bewegungen auf dem Wasser zu einem spannenden Motiv.\n<\/p>\t\t\t\t<\/div>\n\t\t\t\t<\/div>\n\t\t\t\t<\/div>\n\t\t\t\t\t<\/div>\n\t\t\t\t<\/div>\n\t\t<div class=\"elementor-element elementor-element-13a9242 e-flex e-con-boxed e-con e-parent\" data-id=\"13a9242\" data-element_type=\"container\" data-e-type=\"container\">\n\t\t\t\t\t<div class=\"e-con-inner\">\n\t\t\t\t<div class=\"elementor-element elementor-element-c06a2f3 elementor-widget elementor-widget-html\" data-id=\"c06a2f3\" data-element_type=\"widget\" data-e-type=\"widget\" data-widget_type=\"html.default\">\n\t\t\t\t<div class=\"elementor-widget-container\">\n\t\t\t\t\t<h2>Weitere Entenarten entdecken<\/h2>\n\n<p>\nWenn dich Enten und andere Wasserv\u00f6gel interessieren, findest du auf meiner Website weitere Artenportr\u00e4ts zur\n<a href=\"https:\/\/nature-fineart.com\/vogelfotografie-spanien\/loeffelente\/\">L\u00f6ffelente<\/a>,\n<a href=\"https:\/\/nature-fineart.com\/vogelfotografie-spanien\/schnatterente\/\">Schnatterente<\/a>,\n<a href=\"https:\/\/nature-fineart.com\/vogelfotografie-spanien\/pfeifente\/\">Pfeifente<\/a>\nund zum\n<a href=\"https:\/\/nature-fineart.com\/vogelfotografie-spanien\/gaensesaeger\/\">G\u00e4nses\u00e4ger<\/a>.\n<\/p>\n\n<h2>Die besten Vogelfotos entstehen lange vor dem Ausl\u00f6sen<\/h2>\n\n<p>\nGerade bei tauchenden Wasserv\u00f6geln lohnt es sich, Verhalten und Umgebung aufmerksam zu beobachten. Licht, Schwimmrichtung und die Position vor dem n\u00e4chsten Tauchgang k\u00f6nnen dar\u00fcber entscheiden, ob eine fotografische Situation funktioniert.\n<\/p>\n\n<p>\nMehr dar\u00fcber erf\u00e4hrst du in meinem Blogbeitrag\n<a href=\"https:\/\/nature-fineart.com\/vogelfotografie-spanien\/vogelfotografie-vorbereitung\/\">Die besten Vogelfotos entstehen lange vor dem Ausl\u00f6sen<\/a>.\n<\/p>\n\n<h3>Filmeindruck zur Kolbenente<\/h3>\n\n<p>\nEin kurzer Film vermittelt einen Eindruck vom Lebensraum der Kolbenente in La Mancha und zeigt weitere typische Wasser- und Schilfv\u00f6gel sowie fotografische Situationen aus der Region.\n<\/p>\n\n<div style=\"max-width:900px;margin:30px auto;\">\n    <div style=\"position:relative;padding-bottom:56.25%;height:0;overflow:hidden;\">\n\n        <iframe\n            src=\"https:\/\/www.youtube-nocookie.com\/embed\/76XgEKfCmac?rel=0&amp;modestbranding=1&amp;playsinline=1\"\n            title=\"Kolbenente in La Mancha \u2013 Vogelfotografie in Spanien\"\n            frameborder=\"0\"\n            allow=\"accelerometer; autoplay; clipboard-write; encrypted-media; gyroscope; picture-in-picture\"\n            allowfullscreen\n            style=\"position:absolute;top:0;left:0;width:100%;height:100%;\">\n        <\/iframe>\n\n    <\/div>\n<\/div>\n\n<h2>Kolbenenten auf Fotoreise erleben<\/h2>\n\n<p>\nAuch auf meiner\n<a href=\"https:\/\/nature-fineart.com\/vogelfotografie-spanien\/trip\/fotoreise-la-mancha-fruehling\/\">Fotoreise La Mancha \u2013 Vogelvielfalt im Fr\u00fchling <\/a>\nbestehen, je nach Jahreszeit und den aktuellen Bedingungen, M\u00f6glichkeiten, Kolbenenten und weitere Wasserv\u00f6gel in ihren nat\u00fcrlichen Lebensr\u00e4umen zu beobachten und zu fotografieren.\n<\/p>\n\n<p>\nDabei stehen nat\u00fcrliche Situationen, ausreichend Zeit f\u00fcr die Fotografie und ein respektvoller Umgang mit den Tieren im Mittelpunkt.\n<\/p>\n\n<h2>Natur erleben &amp; selbst fotografieren<\/h2>\n\n<p>\nM\u00f6chtest du die vielf\u00e4ltige Vogelwelt Spaniens selbst erleben und fotografieren?\n<\/p>\n\n<p>\nAuf meinen Fotoreisen stehen nat\u00fcrliche Beobachtungen, spannende Verhaltensweisen und besondere fotografische Situationen im Mittelpunkt. Je nach Reise und Jahreszeit lassen sich zahlreiche Vogelarten in unterschiedlichen Lebensr\u00e4umen entdecken.\n<\/p>\n\n<p>\nMehr \u00fcber meine aktuellen Fotoreisen findest du hier:\n<\/p>\n\n<p>\n<a href=\"https:\/\/nature-fineart.com\/vogelfotografie-spanien\/reisen\/\">\u2192 Fotoreisen in Spanien entdecken<\/a>\n<\/p>\n\n<h2>Weitere Vogelarten entdecken<\/h2>\n\n<p>\nIn meiner\n<a href=\"https:\/\/nature-fineart.com\/vogelfotografie-spanien\/tierarten-fotografie\/\">Arten\u00fcbersicht<\/a>\nfindest du zahlreiche weitere Artenportr\u00e4ts mit Informationen zu Lebensraum, Verhalten und praktischen Tipps f\u00fcr die Vogelfotografie.\n<\/p>\n\n<h2>Interesse an einer Fotoreise?<\/h2>\n\n<p>\nDu m\u00f6chtest die Vogelwelt Spaniens selbst fotografieren? Nutze einfach das folgende Anfrageformular. Ich freue mich auf deine Nachricht.\n<\/p>\t\t\t\t<\/div>\n\t\t\t\t<\/div>\n\t\t\t\t\t<\/div>\n\t\t\t\t<\/div>\n\t\t<div class=\"elementor-element elementor-element-b4b3b15 e-flex e-con-boxed e-con e-parent\" data-id=\"b4b3b15\" data-element_type=\"container\" data-e-type=\"container\">\n\t\t\t\t\t<div class=\"e-con-inner\">\n\t\t\t\t<div class=\"elementor-element elementor-element-11f3954 elementor-widget elementor-widget-shortcode\" data-id=\"11f3954\" data-element_type=\"widget\" data-e-type=\"widget\" data-widget_type=\"shortcode.default\">\n\t\t\t\t<div class=\"elementor-widget-container\">\n\t\t\t\t\t\t\t<div class=\"elementor-shortcode\"><style id=\"wpforms-css-vars-5929\">\n\t\t\t\t#wpforms-5929 {\n\t\t\t\t--wpforms-field-border-color: #5E5E5E;\n--wpforms-field-border-color-spare: #5E5E5E;\n--wpforms-field-text-color: #5e5e5e;\n--wpforms-label-color: #5e5e5e;\n--wpforms-label-sublabel-color: #5e5e5e;\n--wpforms-button-background-color: #6e7b4a;\n--wpforms-container-padding: 0px;\n--wpforms-container-border-width: 1px;\n--wpforms-container-border-radius: 3px;\n--wpforms-background-color: rgba(0, 0, 0, 0);\n--wpforms-field-size-input-height: 43px;\n--wpforms-field-size-input-spacing: 15px;\n--wpforms-field-size-font-size: 16px;\n--wpforms-field-size-line-height: 19px;\n--wpforms-field-size-padding-h: 14px;\n--wpforms-field-size-checkbox-size: 16px;\n--wpforms-field-size-sublabel-spacing: 5px;\n--wpforms-field-size-icon-size: 1;\n--wpforms-label-size-font-size: 16px;\n--wpforms-label-size-line-height: 19px;\n--wpforms-label-size-sublabel-font-size: 14px;\n--wpforms-label-size-sublabel-line-height: 17px;\n--wpforms-button-size-font-size: 17px;\n--wpforms-button-size-height: 41px;\n--wpforms-button-size-padding-h: 15px;\n--wpforms-button-size-margin-top: 10px;\n--wpforms-container-shadow-size-box-shadow: none;\n\t\t\t}\n\t\t\t<\/style><div class=\"wpforms-container wpforms-container-full wpforms-render-modern\" id=\"wpforms-5929\"><form id=\"wpforms-form-5929\" class=\"wpforms-validate wpforms-form wpforms-ajax-form\" data-formid=\"5929\" method=\"post\" enctype=\"multipart\/form-data\" action=\"\/vogelfotografie-spanien\/wp-json\/wp\/v2\/pages\/10343\" data-token=\"6fe8dd5e8c13da77c15288333c0eb977\" data-token-time=\"1788256067\"><noscript class=\"wpforms-error-noscript\">Bitte aktiviere JavaScript in deinem Browser, um dieses Formular fertigzustellen.<\/noscript><div id=\"wpforms-error-noscript\" style=\"display: none;\">Bitte aktiviere JavaScript in deinem Browser, um dieses Formular fertigzustellen.<\/div><div class=\"wpforms-field-container\"><div id=\"wpforms-5929-field_1-container\" class=\"wpforms-field wpforms-field-name\" data-field-id=\"1\"><fieldset><legend class=\"wpforms-field-label\">Name <span class=\"wpforms-required-label\" aria-hidden=\"true\">*<\/span><\/legend><div class=\"wpforms-field-row wpforms-field-medium\"><div class=\"wpforms-field-row-block wpforms-first wpforms-one-half\"><input type=\"text\" id=\"wpforms-5929-field_1\" class=\"wpforms-field-name-first wpforms-field-required\" name=\"wpforms[fields][1][first]\" aria-errormessage=\"wpforms-5929-field_1-error\" required><label for=\"wpforms-5929-field_1\" class=\"wpforms-field-sublabel after\">Vorname<\/label><\/div><div class=\"wpforms-field-row-block wpforms-one-half\"><input type=\"text\" id=\"wpforms-5929-field_1-last\" class=\"wpforms-field-name-last wpforms-field-required\" name=\"wpforms[fields][1][last]\" aria-errormessage=\"wpforms-5929-field_1-last-error\" required><label for=\"wpforms-5929-field_1-last\" class=\"wpforms-field-sublabel after\">Nachname<\/label><\/div><\/div><\/fieldset><\/div><div id=\"wpforms-5929-field_2-container\" class=\"wpforms-field wpforms-field-email\" data-field-id=\"2\"><label class=\"wpforms-field-label\" for=\"wpforms-5929-field_2\">E-Mail-Adresse <span class=\"wpforms-required-label\" aria-hidden=\"true\">*<\/span><\/label><input type=\"email\" id=\"wpforms-5929-field_2\" class=\"wpforms-field-medium wpforms-field-required\" name=\"wpforms[fields][2]\" spellcheck=\"false\" aria-errormessage=\"wpforms-5929-field_2-error\" required><\/div>\t\t<div id=\"wpforms-5929-field_4-container\"\n\t\t\tclass=\"wpforms-field wpforms-field-text\"\n\t\t\tdata-field-type=\"text\"\n\t\t\tdata-field-id=\"4\"\n\t\t\t>\n\t\t\t<label class=\"wpforms-field-label\" for=\"wpforms-5929-field_4\" >Nachricht Name oder<\/label>\n\t\t\t<input type=\"text\" id=\"wpforms-5929-field_4\" class=\"wpforms-field-medium\" name=\"wpforms[fields][4]\" >\n\t\t<\/div>\n\t\t<div id=\"wpforms-5929-field_3-container\" class=\"wpforms-field wpforms-field-textarea\" data-field-id=\"3\"><label class=\"wpforms-field-label\" for=\"wpforms-5929-field_3\">Kommentar oder Nachricht<\/label><textarea id=\"wpforms-5929-field_3\" class=\"wpforms-field-medium\" name=\"wpforms[fields][3]\" aria-errormessage=\"wpforms-5929-field_3-error\" ><\/textarea><\/div><script>\n\t\t\t\t( function() {\n\t\t\t\t\tconst style = document.createElement( 'style' );\n\t\t\t\t\tstyle.appendChild( document.createTextNode( '#wpforms-5929-field_4-container { position: absolute !important; overflow: hidden !important; display: inline !important; height: 1px !important; width: 1px !important; z-index: -1000 !important; padding: 0 !important; } #wpforms-5929-field_4-container input { visibility: hidden; } #wpforms-conversational-form-page #wpforms-5929-field_4-container label { counter-increment: none; }' ) );\n\t\t\t\t\tdocument.head.appendChild( style );\n\t\t\t\t\tdocument.currentScript?.remove();\n\t\t\t\t} )();\n\t\t\t<\/script><\/div><!-- .wpforms-field-container --><div class=\"wpforms-submit-container\" ><input type=\"hidden\" name=\"wpforms[id]\" value=\"5929\"><input type=\"hidden\" name=\"page_title\" value=\"\"><input type=\"hidden\" name=\"page_url\" value=\"https:\/\/nature-fineart.com\/vogelfotografie-spanien\/wp-json\/wp\/v2\/pages\/10343\"><input type=\"hidden\" name=\"url_referer\" value=\"\"><button type=\"submit\" name=\"wpforms[submit]\" id=\"wpforms-submit-5929\" class=\"wpforms-submit\" data-alt-text=\"Wird gesendet\u00a0\u2026\" data-submit-text=\"Anfrage senden\" aria-live=\"assertive\" value=\"wpforms-submit\">Anfrage senden<\/button><img loading=\"lazy\" decoding=\"async\" src=\"https:\/\/nature-fineart.com\/vogelfotografie-spanien\/wp-content\/plugins\/wpforms-lite\/assets\/images\/submit-spin.svg\" class=\"wpforms-submit-spinner\" style=\"display: none;\" width=\"26\" height=\"26\" alt=\"Wird geladen\"><\/div><\/form><\/div>  <!-- .wpforms-container --><\/div>\n\t\t\t\t\t\t<\/div>\n\t\t\t\t<\/div>\n\t\t\t\t\t<\/div>\n\t\t\t\t<\/div>\n\t\t\t\t<\/div>\n\t\t","protected":false},"excerpt":{"rendered":"<p>Die Kolbenente (Netta rufina) geh\u00f6rt f\u00fcr mich zu den auff\u00e4lligsten Enten spanischer Feuchtgebiete. Besonders das M\u00e4nnchen im Prachtkleid f\u00e4llt mit seinem orange- bis rostfarbenen Kopf, dem roten Schnabel und den roten Augen sofort auf. Fotografisch finde ich die Art besonders spannend, weil sich die Wirkung des Kopfgefieders mit dem Licht stark ver\u00e4ndern kann. Bei passendem&#8230;<\/p>\n","protected":false},"author":2,"featured_media":0,"parent":0,"menu_order":0,"comment_status":"closed","ping_status":"closed","template":"","meta":{"footnotes":""},"class_list":["post-10343","page","type-page","status-publish","hentry"],"_links":{"self":[{"href":"https:\/\/nature-fineart.com\/vogelfotografie-spanien\/wp-json\/wp\/v2\/pages\/10343","targetHints":{"allow":["GET"]}}],"collection":[{"href":"https:\/\/nature-fineart.com\/vogelfotografie-spanien\/wp-json\/wp\/v2\/pages"}],"about":[{"href":"https:\/\/nature-fineart.com\/vogelfotografie-spanien\/wp-json\/wp\/v2\/types\/page"}],"author":[{"embeddable":true,"href":"https:\/\/nature-fineart.com\/vogelfotografie-spanien\/wp-json\/wp\/v2\/users\/2"}],"replies":[{"embeddable":true,"href":"https:\/\/nature-fineart.com\/vogelfotografie-spanien\/wp-json\/wp\/v2\/comments?post=10343"}],"version-history":[{"count":6,"href":"https:\/\/nature-fineart.com\/vogelfotografie-spanien\/wp-json\/wp\/v2\/pages\/10343\/revisions"}],"predecessor-version":[{"id":10541,"href":"https:\/\/nature-fineart.com\/vogelfotografie-spanien\/wp-json\/wp\/v2\/pages\/10343\/revisions\/10541"}],"wp:attachment":[{"href":"https:\/\/nature-fineart.com\/vogelfotografie-spanien\/wp-json\/wp\/v2\/media?parent=10343"}],"curies":[{"name":"wp","href":"https:\/\/api.w.org\/{rel}","templated":true}]}}