{"id":10359,"date":"2026-08-18T10:53:15","date_gmt":"2026-08-18T08:53:15","guid":{"rendered":"https:\/\/nature-fineart.com\/vogelfotografie-spanien\/?page_id=10359"},"modified":"2026-08-18T10:59:24","modified_gmt":"2026-08-18T08:59:24","slug":"knaekente","status":"publish","type":"page","link":"https:\/\/nature-fineart.com\/vogelfotografie-spanien\/knaekente\/","title":{"rendered":"Kn\u00e4kente fotografieren"},"content":{"rendered":"\t\t<div data-elementor-type=\"wp-page\" data-elementor-id=\"10359\" class=\"elementor elementor-10359\">\n\t\t\t\t<div class=\"elementor-element elementor-element-1be435f e-flex e-con-boxed e-con e-parent\" data-id=\"1be435f\" data-element_type=\"container\" data-e-type=\"container\">\n\t\t\t\t\t<div class=\"e-con-inner\">\n\t\t\r\n\t\t<div class=\"elementor-element elementor-element-077272a elementor-widget elementor-widget-html\" data-id=\"077272a\" data-element_type=\"widget\" data-e-type=\"widget\" data-widget_type=\"html.default\">\n\t\t\t\t<div class=\"elementor-widget-container\">\n\t\t\t\t\t<p>\nDie Kn\u00e4kente (<em>Spatula querquedula<\/em>) geh\u00f6rt zu den eher kleinen und zierlichen Gr\u00fcndelenten Europas. Besonders das M\u00e4nnchen im Prachtkleid ist durch seinen auff\u00e4lligen wei\u00dfen \u00dcberaugenstreif sehr charakteristisch und l\u00e4sst sich bei guten Beobachtungsbedingungen schnell erkennen.\n<\/p>\n\n<p>\nIn Spanien begegnet mir die Kn\u00e4kente vor allem an flachen Feuchtgebieten und k\u00fcstennahen Lagunen. Da sie hier haupts\u00e4chlich w\u00e4hrend des Vogelzugs auftritt, sind Beobachtungen oft st\u00e4rker an bestimmte Jahreszeiten gebunden als bei vielen anderen Entenarten.\n<\/p>\t\t\t\t<\/div>\n\t\t\t\t<\/div>\n\t\t\t\t\t<\/div>\n\t\t\t\t<\/div>\n\t\t<div class=\"elementor-element elementor-element-2298f73 e-flex e-con-boxed e-con e-parent\" data-id=\"2298f73\" data-element_type=\"container\" data-e-type=\"container\">\n\t\t\t\t\t<div class=\"e-con-inner\">\n\t\t<div class=\"elementor-element elementor-element-965e30b e-con-full e-flex e-con e-child\" data-id=\"965e30b\" data-element_type=\"container\" data-e-type=\"container\">\n\t\t\t\t<div class=\"elementor-element elementor-element-fcb6c4d elementor-widget elementor-widget-html\" data-id=\"fcb6c4d\" data-element_type=\"widget\" data-e-type=\"widget\" data-widget_type=\"html.default\">\n\t\t\t\t<div class=\"elementor-widget-container\">\n\t\t\t\t\t<h2>Die Kn\u00e4kente in Spanien<\/h2>\n\n<p>\nDie Kn\u00e4kente ist in Spanien vor allem ein Durchz\u00fcgler. Besonders im Fr\u00fchjahr ziehen zahlreiche V\u00f6gel auf dem Weg in ihre Brutgebiete durch die Iberische Halbinsel. Der Fr\u00fchjahrszug beginnt meist bereits im Februar und erreicht im M\u00e4rz und bis in den April hinein seinen Schwerpunkt.\n<\/p>\n\n<p>\nIm Sp\u00e4tsommer und Herbst folgt der R\u00fcckzug in Richtung der afrikanischen \u00dcberwinterungsgebiete. W\u00e4hrend des eigentlichen Winters ist die Art in Spanien dagegen nur selten zu beobachten.\n<\/p>\t\t\t\t<\/div>\n\t\t\t\t<\/div>\n\t\t\t\t<\/div>\n\t\t<div class=\"elementor-element elementor-element-13f057b e-con-full e-flex e-con e-child\" data-id=\"13f057b\" data-element_type=\"container\" data-e-type=\"container\">\n\t\t\t\t<div class=\"elementor-element elementor-element-719f5ad elementor-widget elementor-widget-image\" data-id=\"719f5ad\" data-element_type=\"widget\" data-e-type=\"widget\" data-widget_type=\"image.default\">\n\t\t\t\t<div class=\"elementor-widget-container\">\n\t\t\t\t\t\t\t\t\t\t\t\t\t\t\t<img fetchpriority=\"high\" decoding=\"async\" width=\"751\" height=\"502\" src=\"https:\/\/nature-fineart.com\/vogelfotografie-spanien\/wp-content\/uploads\/2026\/08\/Maennliche-Knaekente-schwimmt-entlang-einer-flachen-Uferzone-in-Spanien.jpg\" class=\"attachment-large size-large wp-image-10360\" alt=\"M\u00e4nnliche Kn\u00e4kente schwimmt entlang einer flachen Uferzone in Spanien\" srcset=\"https:\/\/nature-fineart.com\/vogelfotografie-spanien\/wp-content\/uploads\/2026\/08\/Maennliche-Knaekente-schwimmt-entlang-einer-flachen-Uferzone-in-Spanien.jpg 1024w, https:\/\/nature-fineart.com\/vogelfotografie-spanien\/wp-content\/uploads\/2026\/08\/Maennliche-Knaekente-schwimmt-entlang-einer-flachen-Uferzone-in-Spanien-600x401.jpg 600w, https:\/\/nature-fineart.com\/vogelfotografie-spanien\/wp-content\/uploads\/2026\/08\/Maennliche-Knaekente-schwimmt-entlang-einer-flachen-Uferzone-in-Spanien-768x513.jpg 768w\" sizes=\"(max-width: 751px) 100vw, 751px\" \/>\t\t\t\t\t\t\t\t\t\t\t\t\t\t\t<\/div>\n\t\t\t\t<\/div>\n\t\t\t\t<\/div>\n\t\t\t\t\t<\/div>\n\t\t\t\t<\/div>\n\t\t<div class=\"elementor-element elementor-element-a9e41d2 e-flex e-con-boxed e-con e-parent\" data-id=\"a9e41d2\" data-element_type=\"container\" data-e-type=\"container\">\n\t\t\t\t\t<div class=\"e-con-inner\">\n\t\t\t\t<div class=\"elementor-element elementor-element-690c3ac elementor-widget elementor-widget-html\" data-id=\"690c3ac\" data-element_type=\"widget\" data-e-type=\"widget\" data-widget_type=\"html.default\">\n\t\t\t\t<div class=\"elementor-widget-container\">\n\t\t\t\t\t<p>\nAls Brutvogel kommt die Kn\u00e4kente in Spanien nur sehr lokal und in kleinen Best\u00e4nden vor. Geeignete Brutgebiete k\u00f6nnen sich je nach Wasserstand und Zustand der Feuchtgebiete von Jahr zu Jahr ver\u00e4ndern.\n<\/p>\n\n<h2>Lebensraum<\/h2>\n\n<p>\nDie Kn\u00e4kente bevorzugt flache, vegetationsreiche Feuchtgebiete. Besonders geeignet sind Gew\u00e4sser mit offenen Wasserfl\u00e4chen, schwimmenden Pflanzen und ausreichend Ufervegetation.\n<\/p>\n\n<p>\nMeine eigenen Beobachtungen stammen vor allem aus Lagunen und Feuchtgebieten in K\u00fcstenn\u00e4he. Die Art kann w\u00e4hrend des Zuges jedoch ebenso an geeigneten Binnengew\u00e4ssern auftreten.\n<\/p>\t\t\t\t<\/div>\n\t\t\t\t<\/div>\n\t\t\t\t\t<\/div>\n\t\t\t\t<\/div>\n\t\t<div class=\"elementor-element elementor-element-f147fb0 e-flex e-con-boxed e-con e-parent\" data-id=\"f147fb0\" data-element_type=\"container\" data-e-type=\"container\">\n\t\t\t\t\t<div class=\"e-con-inner\">\n\t\t<div class=\"elementor-element elementor-element-1bfc334 e-con-full e-flex e-con e-child\" data-id=\"1bfc334\" data-element_type=\"container\" data-e-type=\"container\">\n\t\t\t\t<div class=\"elementor-element elementor-element-02cb9b6 elementor-widget elementor-widget-image\" data-id=\"02cb9b6\" data-element_type=\"widget\" data-e-type=\"widget\" data-widget_type=\"image.default\">\n\t\t\t\t<div class=\"elementor-widget-container\">\n\t\t\t\t\t\t\t\t\t\t\t\t\t\t\t<img decoding=\"async\" width=\"751\" height=\"555\" src=\"https:\/\/nature-fineart.com\/vogelfotografie-spanien\/wp-content\/uploads\/2026\/08\/Knaekente-schwimmt-in-einem-spanischen-Feuchtgebiet-in-der-Naehe-einer-Kolbenente.jpg\" class=\"attachment-large size-large wp-image-10361\" alt=\"Kn\u00e4kente schwimmt in einem spanischen Feuchtgebiet in der N\u00e4he einer Kolbenente\" srcset=\"https:\/\/nature-fineart.com\/vogelfotografie-spanien\/wp-content\/uploads\/2026\/08\/Knaekente-schwimmt-in-einem-spanischen-Feuchtgebiet-in-der-Naehe-einer-Kolbenente.jpg 1024w, https:\/\/nature-fineart.com\/vogelfotografie-spanien\/wp-content\/uploads\/2026\/08\/Knaekente-schwimmt-in-einem-spanischen-Feuchtgebiet-in-der-Naehe-einer-Kolbenente-600x444.jpg 600w, https:\/\/nature-fineart.com\/vogelfotografie-spanien\/wp-content\/uploads\/2026\/08\/Knaekente-schwimmt-in-einem-spanischen-Feuchtgebiet-in-der-Naehe-einer-Kolbenente-768x568.jpg 768w\" sizes=\"(max-width: 751px) 100vw, 751px\" \/>\t\t\t\t\t\t\t\t\t\t\t\t\t\t\t<\/div>\n\t\t\t\t<\/div>\n\t\t\t\t<\/div>\n\t\t<div class=\"elementor-element elementor-element-b31c4e3 e-con-full e-flex e-con e-child\" data-id=\"b31c4e3\" data-element_type=\"container\" data-e-type=\"container\">\n\t\t\t\t<div class=\"elementor-element elementor-element-ee2ce44 elementor-widget elementor-widget-html\" data-id=\"ee2ce44\" data-element_type=\"widget\" data-e-type=\"widget\" data-widget_type=\"html.default\">\n\t\t\t\t<div class=\"elementor-widget-container\">\n\t\t\t\t\t<h2>Erkennungsmerkmale des M\u00e4nnchens<\/h2>\n\n<p>\nDas M\u00e4nnchen ist im Prachtkleid besonders durch seinen breiten wei\u00dfen \u00dcberaugenstreif gekennzeichnet, der sich vom Auge weit nach hinten \u00fcber den Kopf zieht. Der \u00fcbrige Kopf ist \u00fcberwiegend dunkelbraun gef\u00e4rbt.\n<\/p>\n\n<p>\nDie K\u00f6rperseiten wirken fein grau gezeichnet, w\u00e4hrend R\u00fccken und Schulterfedern kontrastreich gemustert sind. Insgesamt wirkt der Erpel deutlich zierlicher als viele gr\u00f6\u00dfere Entenarten.\n<\/p>\t\t\t\t<\/div>\n\t\t\t\t<\/div>\n\t\t\t\t<\/div>\n\t\t\t\t\t<\/div>\n\t\t\t\t<\/div>\n\t\t<div class=\"elementor-element elementor-element-ba57061 e-flex e-con-boxed e-con e-parent\" data-id=\"ba57061\" data-element_type=\"container\" data-e-type=\"container\">\n\t\t\t\t\t<div class=\"e-con-inner\">\n\t\t\t\t<div class=\"elementor-element elementor-element-72eb39c elementor-widget elementor-widget-html\" data-id=\"72eb39c\" data-element_type=\"widget\" data-e-type=\"widget\" data-widget_type=\"html.default\">\n\t\t\t\t<div class=\"elementor-widget-container\">\n\t\t\t\t\t<p>\nGerade der helle Kopfstreif ist fotografisch auff\u00e4llig. Bei starkem Licht sollte darauf geachtet werden, dass diese wei\u00dfe Partie ihre Zeichnung beh\u00e4lt und nicht \u00fcberbelichtet wird.\n<\/p>\n\n<h2>Das Weibchen<\/h2>\n\n<p>\nDas Weibchen ist deutlich unauff\u00e4lliger braun gemustert. Es besitzt ebenfalls eine erkennbare Kopfzeichnung, allerdings ohne den markanten wei\u00dfen Streif des M\u00e4nnchens.\n<\/p>\n\n<p>\nAuf gr\u00f6\u00dfere Entfernung kann ein Weibchen deshalb leichter mit anderen kleinen braunen Gr\u00fcndelenten verwechselt werden. F\u00fcr eine sichere Bestimmung sollten K\u00f6rpergr\u00f6\u00dfe, Kopfzeichnung, Schnabel und Gefieder gemeinsam betrachtet werden.\n<\/p>\n\n<h2>Nahrung und Nahrungssuche<\/h2>\n\n<p>\nDie Kn\u00e4kente sucht ihre Nahrung bevorzugt in flachen Gew\u00e4ssern. Dabei nimmt sie sowohl tierische als auch pflanzliche Nahrung auf.\n<\/p>\n\n<p>\nZum Nahrungsspektrum geh\u00f6ren kleine wirbellose Wassertiere, daneben auch Samen, Wurzeln, Knollen und gr\u00fcne Pflanzenteile. Besonders w\u00e4hrend der Brutzeit spielen tierische Bestandteile eine wichtige Rolle.\n<\/p>\n\n<p>\nBei der Nahrungssuche bewegt sich die Kn\u00e4kente h\u00e4ufig in den flachen Randbereichen eines Gew\u00e4ssers. Gerade dort entstehen fotografisch interessante Situationen, weil Vogel, Ufervegetation und Wasser gemeinsam Teil des Bildes werden k\u00f6nnen.\n<\/p>\t\t\t\t<\/div>\n\t\t\t\t<\/div>\n\t\t\t\t\t<\/div>\n\t\t\t\t<\/div>\n\t\t<div class=\"elementor-element elementor-element-fc11078 e-flex e-con-boxed e-con e-parent\" data-id=\"fc11078\" data-element_type=\"container\" data-e-type=\"container\">\n\t\t\t\t\t<div class=\"e-con-inner\">\n\t\t<div class=\"elementor-element elementor-element-bdf1a66 e-con-full e-flex e-con e-child\" data-id=\"bdf1a66\" data-element_type=\"container\" data-e-type=\"container\">\n\t\t\t\t<div class=\"elementor-element elementor-element-e021252 elementor-widget elementor-widget-image\" data-id=\"e021252\" data-element_type=\"widget\" data-e-type=\"widget\" data-widget_type=\"image.default\">\n\t\t\t\t<div class=\"elementor-widget-container\">\n\t\t\t\t\t\t\t\t\t\t\t\t\t\t\t<img decoding=\"async\" width=\"751\" height=\"525\" src=\"https:\/\/nature-fineart.com\/vogelfotografie-spanien\/wp-content\/uploads\/2026\/08\/Maennliche-Knaekente-schwimmt-auf-einer-ruhigen-Wasserflaeche-in-Spanien.jpg\" class=\"attachment-large size-large wp-image-10362\" alt=\"M\u00e4nnliche Kn\u00e4kente schwimmt auf einer ruhigen Wasserfl\u00e4che in Spanien\" srcset=\"https:\/\/nature-fineart.com\/vogelfotografie-spanien\/wp-content\/uploads\/2026\/08\/Maennliche-Knaekente-schwimmt-auf-einer-ruhigen-Wasserflaeche-in-Spanien.jpg 1024w, https:\/\/nature-fineart.com\/vogelfotografie-spanien\/wp-content\/uploads\/2026\/08\/Maennliche-Knaekente-schwimmt-auf-einer-ruhigen-Wasserflaeche-in-Spanien-600x420.jpg 600w, https:\/\/nature-fineart.com\/vogelfotografie-spanien\/wp-content\/uploads\/2026\/08\/Maennliche-Knaekente-schwimmt-auf-einer-ruhigen-Wasserflaeche-in-Spanien-768x537.jpg 768w\" sizes=\"(max-width: 751px) 100vw, 751px\" \/>\t\t\t\t\t\t\t\t\t\t\t\t\t\t\t<\/div>\n\t\t\t\t<\/div>\n\t\t\t\t<\/div>\n\t\t<div class=\"elementor-element elementor-element-0171e1d e-con-full e-flex e-con e-child\" data-id=\"0171e1d\" data-element_type=\"container\" data-e-type=\"container\">\n\t\t\t\t<div class=\"elementor-element elementor-element-6e0ece4 elementor-widget elementor-widget-html\" data-id=\"6e0ece4\" data-element_type=\"widget\" data-e-type=\"widget\" data-widget_type=\"html.default\">\n\t\t\t\t<div class=\"elementor-widget-container\">\n\t\t\t\t\t<h2>Kn\u00e4kente fotografieren<\/h2>\n\n<p>\nDurch ihre geringe Gr\u00f6\u00dfe ist die Kn\u00e4kente fotografisch etwas anspruchsvoller als gr\u00f6\u00dfere Entenarten. Auf weitl\u00e4ufigen Wasserfl\u00e4chen wirkt sie schnell klein im Bild, sodass eine ruhige Ann\u00e4herung des Vogels an die eigene Position besonders hilfreich ist.\n<\/p>\n\n<p>\nEine niedrige Perspektive funktioniert sehr gut. Auf Augenh\u00f6he mit der Wasseroberfl\u00e4che erh\u00e4lt die kleine Ente mehr Pr\u00e4senz und Vorder- sowie Hintergrund k\u00f6nnen weich verschwimmen.\n<\/p>\t\t\t\t<\/div>\n\t\t\t\t<\/div>\n\t\t\t\t<\/div>\n\t\t\t\t\t<\/div>\n\t\t\t\t<\/div>\n\t\t<div class=\"elementor-element elementor-element-11b06fd e-flex e-con-boxed e-con e-parent\" data-id=\"11b06fd\" data-element_type=\"container\" data-e-type=\"container\">\n\t\t\t\t\t<div class=\"e-con-inner\">\n\t\t\t\t<div class=\"elementor-element elementor-element-425e261 elementor-widget elementor-widget-html\" data-id=\"425e261\" data-element_type=\"widget\" data-e-type=\"widget\" data-widget_type=\"html.default\">\n\t\t\t\t<div class=\"elementor-widget-container\">\n\t\t\t\t\t<p>\nBeim ruhigen Schwimmen ist keine extrem kurze Verschlusszeit erforderlich. Da Enten ihre Kopfhaltung oder Bewegungsrichtung jedoch schnell ver\u00e4ndern k\u00f6nnen, halte ich trotzdem gerne etwas Reserve bei der Verschlusszeit.\n<\/p>\n\n<p>\nSerienaufnahme und Augenerkennung k\u00f6nnen helfen, genau den Moment zu erwischen, in dem Kopfhaltung, Auge und K\u00f6rperposition gut zusammenpassen.\n<\/p>\n\n<h2>Eine \u00fcberraschend kleine Ente<\/h2>\n\n<p>\nWie klein und zierlich die Kn\u00e4kente tats\u00e4chlich ist, f\u00e4llt besonders im direkten Vergleich mit gr\u00f6\u00dferen Entenarten auf. Neben einer Kolbenente wirkt ihr K\u00f6rper deutlich kompakter und feiner gebaut.\n<\/p>\n\n<p>\nSolche nat\u00fcrlichen Vergleichssituationen finde ich besonders interessant, weil sie Gr\u00f6\u00dfenverh\u00e4ltnisse viel anschaulicher zeigen als eine reine Angabe in Zentimetern.\n<\/p>\t\t\t\t<\/div>\n\t\t\t\t<\/div>\n\t\t\t\t\t<\/div>\n\t\t\t\t<\/div>\n\t\t<div class=\"elementor-element elementor-element-701f1b8 e-flex e-con-boxed e-con e-parent\" data-id=\"701f1b8\" data-element_type=\"container\" data-e-type=\"container\">\n\t\t\t\t\t<div class=\"e-con-inner\">\n\t\t<div class=\"elementor-element elementor-element-52ce1b6 e-con-full e-flex e-con e-child\" data-id=\"52ce1b6\" data-element_type=\"container\" data-e-type=\"container\">\n\t\t\t\t<div class=\"elementor-element elementor-element-596b3ae elementor-widget elementor-widget-html\" data-id=\"596b3ae\" data-element_type=\"widget\" data-e-type=\"widget\" data-widget_type=\"html.default\">\n\t\t\t\t<div class=\"elementor-widget-container\">\n\t\t\t\t\t<h2>Eine pers\u00f6nliche Beobachtung<\/h2>\n\n<p>\nMeine Begegnungen mit der Kn\u00e4kente in Spanien stammen vor allem aus k\u00fcstennahen Feuchtgebieten. Dort habe ich sie bislang meist als einzelnen Vogel zwischen anderen Wasserv\u00f6geln entdeckt.\n<\/p>\n\n<p>\nGerade weil sie klein und relativ unauff\u00e4llig sein kann, f\u00e4llt sie auf gr\u00f6\u00dferen Wasserfl\u00e4chen nicht sofort ins Auge. Beim M\u00e4nnchen hilft jedoch die markante Kopfzeichnung sehr schnell bei der Bestimmung.\n<\/p>\t\t\t\t<\/div>\n\t\t\t\t<\/div>\n\t\t\t\t<\/div>\n\t\t<div class=\"elementor-element elementor-element-4c4f3e9 e-con-full e-flex e-con e-child\" data-id=\"4c4f3e9\" data-element_type=\"container\" data-e-type=\"container\">\n\t\t\t\t<div class=\"elementor-element elementor-element-56206e7 elementor-widget elementor-widget-image\" data-id=\"56206e7\" data-element_type=\"widget\" data-e-type=\"widget\" data-widget_type=\"image.default\">\n\t\t\t\t<div class=\"elementor-widget-container\">\n\t\t\t\t\t\t\t\t\t\t\t\t\t\t\t<img loading=\"lazy\" decoding=\"async\" width=\"751\" height=\"552\" src=\"https:\/\/nature-fineart.com\/vogelfotografie-spanien\/wp-content\/uploads\/2026\/08\/Knaekente-und-Kolbenente-gemeinsam-an-einer-Uferkante-als-Groessenvergleich.jpg\" class=\"attachment-large size-large wp-image-10363\" alt=\"Kn\u00e4kente und Kolbenente gemeinsam an einer Uferkante als Gr\u00f6\u00dfenvergleich\" srcset=\"https:\/\/nature-fineart.com\/vogelfotografie-spanien\/wp-content\/uploads\/2026\/08\/Knaekente-und-Kolbenente-gemeinsam-an-einer-Uferkante-als-Groessenvergleich.jpg 1024w, https:\/\/nature-fineart.com\/vogelfotografie-spanien\/wp-content\/uploads\/2026\/08\/Knaekente-und-Kolbenente-gemeinsam-an-einer-Uferkante-als-Groessenvergleich-600x441.jpg 600w, https:\/\/nature-fineart.com\/vogelfotografie-spanien\/wp-content\/uploads\/2026\/08\/Knaekente-und-Kolbenente-gemeinsam-an-einer-Uferkante-als-Groessenvergleich-768x564.jpg 768w\" sizes=\"(max-width: 751px) 100vw, 751px\" \/>\t\t\t\t\t\t\t\t\t\t\t\t\t\t\t<\/div>\n\t\t\t\t<\/div>\n\t\t\t\t<\/div>\n\t\t\t\t\t<\/div>\n\t\t\t\t<\/div>\n\t\t<div class=\"elementor-element elementor-element-2c2f894 e-flex e-con-boxed e-con e-parent\" data-id=\"2c2f894\" data-element_type=\"container\" data-e-type=\"container\">\n\t\t\t\t\t<div class=\"e-con-inner\">\n\t\t\t\t<div class=\"elementor-element elementor-element-548d28f elementor-widget elementor-widget-html\" data-id=\"548d28f\" data-element_type=\"widget\" data-e-type=\"widget\" data-widget_type=\"html.default\">\n\t\t\t\t<div class=\"elementor-widget-container\">\n\t\t\t\t\t<p>\nFotografisch gef\u00e4llt mir besonders, wenn die Kn\u00e4kente nahe an einer nat\u00fcrlichen Uferkante schwimmt und neben dem Vogel auch etwas vom Lebensraum im Bild erhalten bleibt.\n<\/p>\n\n<h2>Weitere Entenarten entdecken<\/h2>\n\n<p>\nWenn dich Enten und andere Wasserv\u00f6gel interessieren, findest du auf meiner Website weitere Artenportr\u00e4ts zur\n<a href=\"https:\/\/nature-fineart.com\/vogelfotografie-spanien\/krickente\/\">Krickente<\/a>,\n<a href=\"https:\/\/nature-fineart.com\/vogelfotografie-spanien\/pfeifente\/\">Pfeifente<\/a>,\n<a href=\"https:\/\/nature-fineart.com\/vogelfotografie-spanien\/schnatterente\/\">Schnatterente<\/a>\nund zur\n<a href=\"https:\/\/nature-fineart.com\/vogelfotografie-spanien\/kolbenente\/\">Kolbenente<\/a>.\n<\/p>\n\n<h2>Die ersten Zeichen des Fr\u00fchlings in Spanien<\/h2>\n\n<p>\nDer Fr\u00fchjahrszug der Kn\u00e4kente geh\u00f6rt zu den saisonalen Ver\u00e4nderungen, die sich in spanischen Feuchtgebieten besonders gut beobachten lassen.\n<\/p>\n\n<p>\nMehr \u00fcber die Ver\u00e4nderungen der Vogelwelt im \u00dcbergang zum Fr\u00fchjahr erf\u00e4hrst du in meinem Blogbeitrag\n<a href=\"https:\/\/nature-fineart.com\/vogelfotografie-spanien\/die-ersten-zeichen-des-fruehlings-in-spanien\/\">Die ersten Zeichen des Fr\u00fchlings in Spanien<\/a>.\n<\/p>\n\n<h2>Natur erleben &amp; selbst fotografieren<\/h2>\n\n<p>\nM\u00f6chtest du die vielf\u00e4ltige Vogelwelt Spaniens selbst erleben und fotografieren?\n<\/p>\n\n<p>\nAuf meinen Fotoreisen stehen nat\u00fcrliche Beobachtungen, spannende Verhaltensweisen und besondere fotografische Situationen im Mittelpunkt. Je nach Reise und Jahreszeit lassen sich unterschiedliche Vogelarten und Lebensr\u00e4ume entdecken.\n<\/p>\n\n<p>\nMehr \u00fcber meine aktuellen Fotoreisen findest du hier:\n<\/p>\n\n<p>\n<a href=\"https:\/\/nature-fineart.com\/vogelfotografie-spanien\/reisen\/\">\u2192 Fotoreisen in Spanien entdecken<\/a>\n<\/p>\n\n<h2>Weitere Vogelarten entdecken<\/h2>\n\n<p>\nIn meiner\n<a href=\"https:\/\/nature-fineart.com\/vogelfotografie-spanien\/tierarten-fotografie\/\">Arten\u00fcbersicht<\/a>\nfindest du zahlreiche weitere Artenportr\u00e4ts mit Informationen zu Lebensraum, Verhalten und praktischen Tipps f\u00fcr die Vogelfotografie.\n<\/p>\n\n<h2>Interesse an einer Fotoreise?<\/h2>\n\n<p>\nDu m\u00f6chtest die Vogelwelt Spaniens selbst fotografieren? Nutze einfach das folgende Anfrageformular. Ich freue mich auf deine Nachricht.\n<\/p>\t\t\t\t<\/div>\n\t\t\t\t<\/div>\n\t\t\t\t\t<\/div>\n\t\t\t\t<\/div>\n\t\t<div class=\"elementor-element elementor-element-7465473 e-flex e-con-boxed e-con e-parent\" data-id=\"7465473\" data-element_type=\"container\" data-e-type=\"container\">\n\t\t\t\t\t<div class=\"e-con-inner\">\n\t\t\t\t<div class=\"elementor-element elementor-element-8a65b12 elementor-widget elementor-widget-shortcode\" data-id=\"8a65b12\" data-element_type=\"widget\" data-e-type=\"widget\" data-widget_type=\"shortcode.default\">\n\t\t\t\t<div class=\"elementor-widget-container\">\n\t\t\t\t\t\t\t<div class=\"elementor-shortcode\"><style id=\"wpforms-css-vars-5929\">\n\t\t\t\t#wpforms-5929 {\n\t\t\t\t--wpforms-field-border-color: #5E5E5E;\n--wpforms-field-border-color-spare: #5E5E5E;\n--wpforms-field-text-color: #5e5e5e;\n--wpforms-label-color: #5e5e5e;\n--wpforms-label-sublabel-color: #5e5e5e;\n--wpforms-button-background-color: #6e7b4a;\n--wpforms-container-padding: 0px;\n--wpforms-container-border-width: 1px;\n--wpforms-container-border-radius: 3px;\n--wpforms-background-color: rgba(0, 0, 0, 0);\n--wpforms-field-size-input-height: 43px;\n--wpforms-field-size-input-spacing: 15px;\n--wpforms-field-size-font-size: 16px;\n--wpforms-field-size-line-height: 19px;\n--wpforms-field-size-padding-h: 14px;\n--wpforms-field-size-checkbox-size: 16px;\n--wpforms-field-size-sublabel-spacing: 5px;\n--wpforms-field-size-icon-size: 1;\n--wpforms-label-size-font-size: 16px;\n--wpforms-label-size-line-height: 19px;\n--wpforms-label-size-sublabel-font-size: 14px;\n--wpforms-label-size-sublabel-line-height: 17px;\n--wpforms-button-size-font-size: 17px;\n--wpforms-button-size-height: 41px;\n--wpforms-button-size-padding-h: 15px;\n--wpforms-button-size-margin-top: 10px;\n--wpforms-container-shadow-size-box-shadow: none;\n\t\t\t}\n\t\t\t<\/style><div class=\"wpforms-container wpforms-container-full wpforms-render-modern\" id=\"wpforms-5929\"><form id=\"wpforms-form-5929\" class=\"wpforms-validate wpforms-form wpforms-ajax-form\" data-formid=\"5929\" method=\"post\" enctype=\"multipart\/form-data\" action=\"\/vogelfotografie-spanien\/wp-json\/wp\/v2\/pages\/10359\" data-token=\"6fe8dd5e8c13da77c15288333c0eb977\" data-token-time=\"1788256055\"><noscript class=\"wpforms-error-noscript\">Bitte aktiviere JavaScript in deinem Browser, um dieses Formular fertigzustellen.<\/noscript><div id=\"wpforms-error-noscript\" style=\"display: none;\">Bitte aktiviere JavaScript in deinem Browser, um dieses Formular fertigzustellen.<\/div><div class=\"wpforms-field-container\"><div id=\"wpforms-5929-field_1-container\" class=\"wpforms-field wpforms-field-name\" data-field-id=\"1\"><fieldset><legend class=\"wpforms-field-label\">Name <span class=\"wpforms-required-label\" aria-hidden=\"true\">*<\/span><\/legend><div class=\"wpforms-field-row wpforms-field-medium\"><div class=\"wpforms-field-row-block wpforms-first wpforms-one-half\"><input type=\"text\" id=\"wpforms-5929-field_1\" class=\"wpforms-field-name-first wpforms-field-required\" name=\"wpforms[fields][1][first]\" aria-errormessage=\"wpforms-5929-field_1-error\" required><label for=\"wpforms-5929-field_1\" class=\"wpforms-field-sublabel after\">Vorname<\/label><\/div><div class=\"wpforms-field-row-block wpforms-one-half\"><input type=\"text\" id=\"wpforms-5929-field_1-last\" class=\"wpforms-field-name-last wpforms-field-required\" name=\"wpforms[fields][1][last]\" aria-errormessage=\"wpforms-5929-field_1-last-error\" required><label for=\"wpforms-5929-field_1-last\" class=\"wpforms-field-sublabel after\">Nachname<\/label><\/div><\/div><\/fieldset><\/div><div id=\"wpforms-5929-field_2-container\" class=\"wpforms-field wpforms-field-email\" data-field-id=\"2\"><label class=\"wpforms-field-label\" for=\"wpforms-5929-field_2\">E-Mail-Adresse <span class=\"wpforms-required-label\" aria-hidden=\"true\">*<\/span><\/label><input type=\"email\" id=\"wpforms-5929-field_2\" class=\"wpforms-field-medium wpforms-field-required\" name=\"wpforms[fields][2]\" spellcheck=\"false\" aria-errormessage=\"wpforms-5929-field_2-error\" required><\/div>\t\t<div id=\"wpforms-5929-field_4-container\"\n\t\t\tclass=\"wpforms-field wpforms-field-text\"\n\t\t\tdata-field-type=\"text\"\n\t\t\tdata-field-id=\"4\"\n\t\t\t>\n\t\t\t<label class=\"wpforms-field-label\" for=\"wpforms-5929-field_4\" >oder Kommentar Name<\/label>\n\t\t\t<input type=\"text\" id=\"wpforms-5929-field_4\" class=\"wpforms-field-medium\" name=\"wpforms[fields][4]\" >\n\t\t<\/div>\n\t\t<div id=\"wpforms-5929-field_3-container\" class=\"wpforms-field wpforms-field-textarea\" data-field-id=\"3\"><label class=\"wpforms-field-label\" for=\"wpforms-5929-field_3\">Kommentar oder Nachricht<\/label><textarea id=\"wpforms-5929-field_3\" class=\"wpforms-field-medium\" name=\"wpforms[fields][3]\" aria-errormessage=\"wpforms-5929-field_3-error\" ><\/textarea><\/div><script>\n\t\t\t\t( function() {\n\t\t\t\t\tconst style = document.createElement( 'style' );\n\t\t\t\t\tstyle.appendChild( document.createTextNode( '#wpforms-5929-field_4-container { position: absolute !important; overflow: hidden !important; display: inline !important; height: 1px !important; width: 1px !important; z-index: -1000 !important; padding: 0 !important; } #wpforms-5929-field_4-container input { visibility: hidden; } #wpforms-conversational-form-page #wpforms-5929-field_4-container label { counter-increment: none; }' ) );\n\t\t\t\t\tdocument.head.appendChild( style );\n\t\t\t\t\tdocument.currentScript?.remove();\n\t\t\t\t} )();\n\t\t\t<\/script><\/div><!-- .wpforms-field-container --><div class=\"wpforms-submit-container\" ><input type=\"hidden\" name=\"wpforms[id]\" value=\"5929\"><input type=\"hidden\" name=\"page_title\" value=\"\"><input type=\"hidden\" name=\"page_url\" value=\"https:\/\/nature-fineart.com\/vogelfotografie-spanien\/wp-json\/wp\/v2\/pages\/10359\"><input type=\"hidden\" name=\"url_referer\" value=\"\"><button type=\"submit\" name=\"wpforms[submit]\" id=\"wpforms-submit-5929\" class=\"wpforms-submit\" data-alt-text=\"Wird gesendet\u00a0\u2026\" data-submit-text=\"Anfrage senden\" aria-live=\"assertive\" value=\"wpforms-submit\">Anfrage senden<\/button><img loading=\"lazy\" decoding=\"async\" src=\"https:\/\/nature-fineart.com\/vogelfotografie-spanien\/wp-content\/plugins\/wpforms-lite\/assets\/images\/submit-spin.svg\" class=\"wpforms-submit-spinner\" style=\"display: none;\" width=\"26\" height=\"26\" alt=\"Wird geladen\"><\/div><\/form><\/div>  <!-- .wpforms-container --><\/div>\n\t\t\t\t\t\t<\/div>\n\t\t\t\t<\/div>\n\t\t\t\t\t<\/div>\n\t\t\t\t<\/div>\n\t\t\t\t<\/div>\n\t\t","protected":false},"excerpt":{"rendered":"<p>Die Kn\u00e4kente (Spatula querquedula) geh\u00f6rt zu den eher kleinen und zierlichen Gr\u00fcndelenten Europas. Besonders das M\u00e4nnchen im Prachtkleid ist durch seinen auff\u00e4lligen wei\u00dfen \u00dcberaugenstreif sehr charakteristisch und l\u00e4sst sich bei guten Beobachtungsbedingungen schnell erkennen. In Spanien begegnet mir die Kn\u00e4kente vor allem an flachen Feuchtgebieten und k\u00fcstennahen Lagunen. Da sie hier haupts\u00e4chlich w\u00e4hrend des Vogelzugs&#8230;<\/p>\n","protected":false},"author":2,"featured_media":0,"parent":0,"menu_order":0,"comment_status":"closed","ping_status":"closed","template":"","meta":{"footnotes":""},"class_list":["post-10359","page","type-page","status-publish","hentry"],"_links":{"self":[{"href":"https:\/\/nature-fineart.com\/vogelfotografie-spanien\/wp-json\/wp\/v2\/pages\/10359","targetHints":{"allow":["GET"]}}],"collection":[{"href":"https:\/\/nature-fineart.com\/vogelfotografie-spanien\/wp-json\/wp\/v2\/pages"}],"about":[{"href":"https:\/\/nature-fineart.com\/vogelfotografie-spanien\/wp-json\/wp\/v2\/types\/page"}],"author":[{"embeddable":true,"href":"https:\/\/nature-fineart.com\/vogelfotografie-spanien\/wp-json\/wp\/v2\/users\/2"}],"replies":[{"embeddable":true,"href":"https:\/\/nature-fineart.com\/vogelfotografie-spanien\/wp-json\/wp\/v2\/comments?post=10359"}],"version-history":[{"count":3,"href":"https:\/\/nature-fineart.com\/vogelfotografie-spanien\/wp-json\/wp\/v2\/pages\/10359\/revisions"}],"predecessor-version":[{"id":10366,"href":"https:\/\/nature-fineart.com\/vogelfotografie-spanien\/wp-json\/wp\/v2\/pages\/10359\/revisions\/10366"}],"wp:attachment":[{"href":"https:\/\/nature-fineart.com\/vogelfotografie-spanien\/wp-json\/wp\/v2\/media?parent=10359"}],"curies":[{"name":"wp","href":"https:\/\/api.w.org\/{rel}","templated":true}]}}