{"id":10377,"date":"2026-08-19T00:18:57","date_gmt":"2026-08-18T22:18:57","guid":{"rendered":"https:\/\/nature-fineart.com\/vogelfotografie-spanien\/?page_id=10377"},"modified":"2026-08-19T00:33:06","modified_gmt":"2026-08-18T22:33:06","slug":"stockente","status":"publish","type":"page","link":"https:\/\/nature-fineart.com\/vogelfotografie-spanien\/stockente\/","title":{"rendered":"Stockente fotografieren"},"content":{"rendered":"\t\t<div data-elementor-type=\"wp-page\" data-elementor-id=\"10377\" class=\"elementor elementor-10377\">\n\t\t\t\t<div class=\"elementor-element elementor-element-6c09c2b e-flex e-con-boxed e-con e-parent\" data-id=\"6c09c2b\" data-element_type=\"container\" data-e-type=\"container\">\n\t\t\t\t\t<div class=\"e-con-inner\">\n\t\t\r\n\t\t<div class=\"elementor-element elementor-element-8c407b6 elementor-widget elementor-widget-html\" data-id=\"8c407b6\" data-element_type=\"widget\" data-e-type=\"widget\" data-widget_type=\"html.default\">\n\t\t\t\t<div class=\"elementor-widget-container\">\n\t\t\t\t\t<p>\nDie Stockente (<em>Anas platyrhynchos<\/em>) geh\u00f6rt zu den bekanntesten Enten Europas. Gerade weil sie an vielen Gew\u00e4ssern regelm\u00e4\u00dfig vorkommt und selbst in Stadtparks h\u00e4ufig zu sehen ist, wird sie als Fotomotiv schnell untersch\u00e4tzt.\n<\/p>\n\n<p>\nF\u00fcr mich ist die Stockente trotzdem eine besondere Vogelart. Schon als Kind haben mich vor allem die Farben des M\u00e4nnchens fasziniert: der gr\u00fcn schillernde Kopf, der gelbe Schnabel, die kastanienbraune Brust und die kr\u00e4ftig blauen Fl\u00fcgelfedern. Je nach Licht k\u00f6nnen diese Farben v\u00f6llig unterschiedlich wirken und genau das macht die Stockente auch heute noch zu einem interessanten Motiv f\u00fcr die Vogelfotografie.\n<\/p>\t\t\t\t<\/div>\n\t\t\t\t<\/div>\n\t\t\t\t\t<\/div>\n\t\t\t\t<\/div>\n\t\t<div class=\"elementor-element elementor-element-986b495 e-flex e-con-boxed e-con e-parent\" data-id=\"986b495\" data-element_type=\"container\" data-e-type=\"container\">\n\t\t\t\t\t<div class=\"e-con-inner\">\n\t\t<div class=\"elementor-element elementor-element-26985ae e-con-full e-flex e-con e-child\" data-id=\"26985ae\" data-element_type=\"container\" data-e-type=\"container\">\n\t\t\t\t<div class=\"elementor-element elementor-element-823ae0d elementor-widget elementor-widget-image\" data-id=\"823ae0d\" data-element_type=\"widget\" data-e-type=\"widget\" data-widget_type=\"image.default\">\n\t\t\t\t<div class=\"elementor-widget-container\">\n\t\t\t\t\t\t\t\t\t\t\t\t\t\t\t<img fetchpriority=\"high\" decoding=\"async\" width=\"751\" height=\"501\" src=\"https:\/\/nature-fineart.com\/vogelfotografie-spanien\/wp-content\/uploads\/2026\/08\/Maennliche-Stockente-im-warmen-Abendlicht-zwischen-trockenem-Gras-nahe-einer-Lagune.jpg\" class=\"attachment-large size-large wp-image-10378\" alt=\"M\u00e4nnliche Stockente im warmen Abendlicht zwischen trockenem Gras nahe einer Lagune\" srcset=\"https:\/\/nature-fineart.com\/vogelfotografie-spanien\/wp-content\/uploads\/2026\/08\/Maennliche-Stockente-im-warmen-Abendlicht-zwischen-trockenem-Gras-nahe-einer-Lagune.jpg 1024w, https:\/\/nature-fineart.com\/vogelfotografie-spanien\/wp-content\/uploads\/2026\/08\/Maennliche-Stockente-im-warmen-Abendlicht-zwischen-trockenem-Gras-nahe-einer-Lagune-600x400.jpg 600w, https:\/\/nature-fineart.com\/vogelfotografie-spanien\/wp-content\/uploads\/2026\/08\/Maennliche-Stockente-im-warmen-Abendlicht-zwischen-trockenem-Gras-nahe-einer-Lagune-768x512.jpg 768w\" sizes=\"(max-width: 751px) 100vw, 751px\" \/>\t\t\t\t\t\t\t\t\t\t\t\t\t\t\t<\/div>\n\t\t\t\t<\/div>\n\t\t\t\t<\/div>\n\t\t<div class=\"elementor-element elementor-element-f36c59f e-con-full e-flex e-con e-child\" data-id=\"f36c59f\" data-element_type=\"container\" data-e-type=\"container\">\n\t\t\t\t<div class=\"elementor-element elementor-element-86324bc elementor-widget elementor-widget-html\" data-id=\"86324bc\" data-element_type=\"widget\" data-e-type=\"widget\" data-widget_type=\"html.default\">\n\t\t\t\t<div class=\"elementor-widget-container\">\n\t\t\t\t\t<h2>Die Stockente in Spanien<\/h2>\n\n<p>\nDie Stockente ist in Spanien weit verbreitet und das ganze Jahr \u00fcber zu beobachten. Sie br\u00fctet in zahlreichen geeigneten Feuchtgebieten und nutzt dabei sowohl nat\u00fcrliche als auch vom Menschen geschaffene Gew\u00e4sser.\n<\/p>\n\n<p>\nIm Winter k\u00f6nnen zus\u00e4tzlich V\u00f6gel aus anderen Regionen hinzukommen, sodass sich Verteilung und Best\u00e4nde im Jahresverlauf ver\u00e4ndern. Insgesamt geh\u00f6rt die Stockente jedoch zu den Wasserv\u00f6geln, denen man in Spanien zu fast jeder Jahreszeit begegnen kann.\n<\/p>\t\t\t\t<\/div>\n\t\t\t\t<\/div>\n\t\t\t\t<\/div>\n\t\t\t\t\t<\/div>\n\t\t\t\t<\/div>\n\t\t<div class=\"elementor-element elementor-element-5fea212 e-flex e-con-boxed e-con e-parent\" data-id=\"5fea212\" data-element_type=\"container\" data-e-type=\"container\">\n\t\t\t\t\t<div class=\"e-con-inner\">\n\t\t\t\t<div class=\"elementor-element elementor-element-1001243 elementor-widget elementor-widget-html\" data-id=\"1001243\" data-element_type=\"widget\" data-e-type=\"widget\" data-widget_type=\"html.default\">\n\t\t\t\t<div class=\"elementor-widget-container\">\n\t\t\t\t\t<p>\nIhre Anpassungsf\u00e4higkeit ist au\u00dfergew\u00f6hnlich. Sie kommt an Lagunen, Seen, Fl\u00fcssen, Stauseen, Marschen und kleineren Wasserfl\u00e4chen ebenso vor wie an Teichen in Parks und anderen st\u00e4dtischen Gew\u00e4ssern.\n<\/p>\n\n<h2>Eine h\u00e4ufige Art, die fotografisch oft untersch\u00e4tzt wird<\/h2>\n\n<p>\nGerade weil Stockenten so h\u00e4ufig sind, l\u00e4uft man als Fotograf schnell an ihnen vorbei. Oft wartet man auf eine seltenere Art, obwohl direkt vor einem bereits interessante Licht- oder Verhaltenssituationen entstehen.\n<\/p>\n\n<p>\nDabei bietet besonders das M\u00e4nnchen im Prachtkleid eine auff\u00e4llige Farbkombination. Je nach Lichteinfall kann der Kopf dunkel und fast schwarz wirken oder intensiv gr\u00fcn schimmern. Diese Ver\u00e4nderung macht selbst einen bekannten Vogel immer wieder interessant.\n<\/p>\t\t\t\t<\/div>\n\t\t\t\t<\/div>\n\t\t\t\t\t<\/div>\n\t\t\t\t<\/div>\n\t\t<div class=\"elementor-element elementor-element-71c5a02 e-flex e-con-boxed e-con e-parent\" data-id=\"71c5a02\" data-element_type=\"container\" data-e-type=\"container\">\n\t\t\t\t\t<div class=\"e-con-inner\">\n\t\t<div class=\"elementor-element elementor-element-fda3302 e-con-full e-flex e-con e-child\" data-id=\"fda3302\" data-element_type=\"container\" data-e-type=\"container\">\n\t\t\t\t<div class=\"elementor-element elementor-element-971ef84 elementor-widget elementor-widget-html\" data-id=\"971ef84\" data-element_type=\"widget\" data-e-type=\"widget\" data-widget_type=\"html.default\">\n\t\t\t\t<div class=\"elementor-widget-container\">\n\t\t\t\t\t<h2>M\u00e4nnchen und Weibchen unterscheiden<\/h2>\n\n<p>\nM\u00e4nnchen und Weibchen unterscheiden sich bei der Stockente deutlich. Der Erpel besitzt im Prachtkleid einen dunkelgr\u00fcn schillernden Kopf, einen kr\u00e4ftig gelben Schnabel, einen schmalen wei\u00dfen Halsring und eine kastanienbraune Brust. Der \u00fcbrige K\u00f6rper erscheint \u00fcberwiegend grau, w\u00e4hrend der Hinterk\u00f6rper dunkler gef\u00e4rbt ist.\n<\/p>\n\n<p>\nDas Weibchen tr\u00e4gt dagegen ein braun gemustertes Tarngefieder. Der Schnabel zeigt meist orangefarbene und dunkle Partien. Dadurch ist das Weibchen wesentlich unauff\u00e4lliger als der Erpel und f\u00fcgt sich gut in Ufervegetation und trockene Pflanzen ein.\n<\/p>\t\t\t\t<\/div>\n\t\t\t\t<\/div>\n\t\t\t\t<\/div>\n\t\t<div class=\"elementor-element elementor-element-dc45b1c e-con-full e-flex e-con e-child\" data-id=\"dc45b1c\" data-element_type=\"container\" data-e-type=\"container\">\n\t\t\t\t<div class=\"elementor-element elementor-element-9c7feef elementor-widget elementor-widget-image\" data-id=\"9c7feef\" data-element_type=\"widget\" data-e-type=\"widget\" data-widget_type=\"image.default\">\n\t\t\t\t<div class=\"elementor-widget-container\">\n\t\t\t\t\t\t\t\t\t\t\t\t\t\t\t<img decoding=\"async\" width=\"751\" height=\"542\" src=\"https:\/\/nature-fineart.com\/vogelfotografie-spanien\/wp-content\/uploads\/2026\/08\/Portraet-einer-weiblichen-Stockente-mit-braun-gemustertem-Gefieder-und-orange-dunklem-Schnabel.jpg\" class=\"attachment-large size-large wp-image-10379\" alt=\"Portr\u00e4t einer weiblichen Stockente mit braun gemustertem Gefieder und orange-dunklem Schnabel\" srcset=\"https:\/\/nature-fineart.com\/vogelfotografie-spanien\/wp-content\/uploads\/2026\/08\/Portraet-einer-weiblichen-Stockente-mit-braun-gemustertem-Gefieder-und-orange-dunklem-Schnabel.jpg 1024w, https:\/\/nature-fineart.com\/vogelfotografie-spanien\/wp-content\/uploads\/2026\/08\/Portraet-einer-weiblichen-Stockente-mit-braun-gemustertem-Gefieder-und-orange-dunklem-Schnabel-600x433.jpg 600w, https:\/\/nature-fineart.com\/vogelfotografie-spanien\/wp-content\/uploads\/2026\/08\/Portraet-einer-weiblichen-Stockente-mit-braun-gemustertem-Gefieder-und-orange-dunklem-Schnabel-768x554.jpg 768w\" sizes=\"(max-width: 751px) 100vw, 751px\" \/>\t\t\t\t\t\t\t\t\t\t\t\t\t\t\t<\/div>\n\t\t\t\t<\/div>\n\t\t\t\t<\/div>\n\t\t\t\t\t<\/div>\n\t\t\t\t<\/div>\n\t\t<div class=\"elementor-element elementor-element-9373a03 e-flex e-con-boxed e-con e-parent\" data-id=\"9373a03\" data-element_type=\"container\" data-e-type=\"container\">\n\t\t\t\t\t<div class=\"e-con-inner\">\n\t\t\t\t<div class=\"elementor-element elementor-element-1a4bed1 elementor-widget elementor-widget-html\" data-id=\"1a4bed1\" data-element_type=\"widget\" data-e-type=\"widget\" data-widget_type=\"html.default\">\n\t\t\t\t<div class=\"elementor-widget-container\">\n\t\t\t\t\t<p>\nJungv\u00f6gel \u00e4hneln zun\u00e4chst st\u00e4rker den Weibchen. F\u00fcr eine sichere Alters- und Geschlechtsbestimmung sollten deshalb mehrere Merkmale gemeinsam betrachtet werden.\n<\/p>\n\n<h2>Der Erpel im Schlichtkleid<\/h2>\n\n<p>\nAu\u00dferhalb des Prachtkleids ver\u00e4ndert sich das Erscheinungsbild des M\u00e4nnchens deutlich. W\u00e4hrend der sogenannten Schlichtkleid- oder Eklipsenphase wird das Gefieder brauner und \u00e4hnelt auf den ersten Blick st\u00e4rker dem Weibchen.\n<\/p>\n\n<p>\nDer gelbliche Schnabel und weitere Merkmale wie die dunkle Schwanzpartie helfen trotzdem h\u00e4ufig bei der Unterscheidung. Je nach Zeitpunkt des Gefiederwechsels k\u00f6nnen au\u00dferdem noch einzelne gr\u00fcne Federn am Kopf sichtbar sein.\n<\/p>\t\t\t\t<\/div>\n\t\t\t\t<\/div>\n\t\t\t\t\t<\/div>\n\t\t\t\t<\/div>\n\t\t<div class=\"elementor-element elementor-element-b924869 e-flex e-con-boxed e-con e-parent\" data-id=\"b924869\" data-element_type=\"container\" data-e-type=\"container\">\n\t\t\t\t\t<div class=\"e-con-inner\">\n\t\t<div class=\"elementor-element elementor-element-c165fff e-con-full e-flex e-con e-child\" data-id=\"c165fff\" data-element_type=\"container\" data-e-type=\"container\">\n\t\t\t\t<div class=\"elementor-element elementor-element-d0ef0b3 elementor-widget elementor-widget-html\" data-id=\"d0ef0b3\" data-element_type=\"widget\" data-e-type=\"widget\" data-widget_type=\"html.default\">\n\t\t\t\t<div class=\"elementor-widget-container\">\n\t\t\t\t\t<h2>Der gr\u00fcne Kopf und das Licht<\/h2>\n\n<p>\nDer gr\u00fcne Kopf des Erpels wirkt nicht unter allen Lichtbedingungen gleich. Je nach Einfallswinkel des Lichts k\u00f6nnen die Federn intensiv gr\u00fcn gl\u00e4nzen oder wesentlich dunkler erscheinen.\n<\/p>\n\n<p>\nGerade morgens oder abends kann diese Wirkung besonders sch\u00f6n sein. Bei weicherem Licht lassen sich gleichzeitig die feinen Strukturen des Kopfgefieders erhalten, w\u00e4hrend der metallische Glanz trotzdem sichtbar bleibt.\n<\/p>\n\t\t\t\t<\/div>\n\t\t\t\t<\/div>\n\t\t\t\t<\/div>\n\t\t<div class=\"elementor-element elementor-element-3e03a3a e-con-full e-flex e-con e-child\" data-id=\"3e03a3a\" data-element_type=\"container\" data-e-type=\"container\">\n\t\t\t\t<div class=\"elementor-element elementor-element-a6682d4 elementor-widget elementor-widget-image\" data-id=\"a6682d4\" data-element_type=\"widget\" data-e-type=\"widget\" data-widget_type=\"image.default\">\n\t\t\t\t<div class=\"elementor-widget-container\">\n\t\t\t\t\t\t\t\t\t\t\t\t\t\t\t<img decoding=\"async\" width=\"751\" height=\"501\" src=\"https:\/\/nature-fineart.com\/vogelfotografie-spanien\/wp-content\/uploads\/2026\/08\/Maennliche-Stockente-im-Prachtkleid-schwimmt-auf-einer-ruhigen-Wasserflaeche.jpg\" class=\"attachment-large size-large wp-image-10380\" alt=\"\" srcset=\"https:\/\/nature-fineart.com\/vogelfotografie-spanien\/wp-content\/uploads\/2026\/08\/Maennliche-Stockente-im-Prachtkleid-schwimmt-auf-einer-ruhigen-Wasserflaeche.jpg 1024w, https:\/\/nature-fineart.com\/vogelfotografie-spanien\/wp-content\/uploads\/2026\/08\/Maennliche-Stockente-im-Prachtkleid-schwimmt-auf-einer-ruhigen-Wasserflaeche-600x400.jpg 600w, https:\/\/nature-fineart.com\/vogelfotografie-spanien\/wp-content\/uploads\/2026\/08\/Maennliche-Stockente-im-Prachtkleid-schwimmt-auf-einer-ruhigen-Wasserflaeche-768x512.jpg 768w\" sizes=\"(max-width: 751px) 100vw, 751px\" \/>\t\t\t\t\t\t\t\t\t\t\t\t\t\t\t<\/div>\n\t\t\t\t<\/div>\n\t\t\t\t<\/div>\n\t\t\t\t\t<\/div>\n\t\t\t\t<\/div>\n\t\t<div class=\"elementor-element elementor-element-0bee9dd e-flex e-con-boxed e-con e-parent\" data-id=\"0bee9dd\" data-element_type=\"container\" data-e-type=\"container\">\n\t\t\t\t\t<div class=\"e-con-inner\">\n\t\t\t\t<div class=\"elementor-element elementor-element-313c85e elementor-widget elementor-widget-html\" data-id=\"313c85e\" data-element_type=\"widget\" data-e-type=\"widget\" data-widget_type=\"html.default\">\n\t\t\t\t<div class=\"elementor-widget-container\">\n\t\t\t\t\t<p>\nFotografisch lohnt es sich deshalb, nicht nur auf den Vogel selbst, sondern auch auf dessen Winkel zum Licht zu achten. Bereits eine kleine Drehung des Kopfes kann die Farbwirkung stark ver\u00e4ndern.\n<\/p>\t\t\t\t<\/div>\n\t\t\t\t<\/div>\n\t\t\t\t\t<\/div>\n\t\t\t\t<\/div>\n\t\t<div class=\"elementor-element elementor-element-22b3c46 e-flex e-con-boxed e-con e-parent\" data-id=\"22b3c46\" data-element_type=\"container\" data-e-type=\"container\">\n\t\t\t\t\t<div class=\"e-con-inner\">\n\t\t<div class=\"elementor-element elementor-element-920f69c e-con-full e-flex e-con e-child\" data-id=\"920f69c\" data-element_type=\"container\" data-e-type=\"container\">\n\t\t\t\t<div class=\"elementor-element elementor-element-fc9ad22 elementor-widget elementor-widget-html\" data-id=\"fc9ad22\" data-element_type=\"widget\" data-e-type=\"widget\" data-widget_type=\"html.default\">\n\t\t\t\t<div class=\"elementor-widget-container\">\n\t\t\t\t\t<h2>Der blaue Fl\u00fcgelspiegel<\/h2>\n\n<p>\nEin besonders auff\u00e4lliges Merkmal der Stockente ist der blau bis violett schimmernde Fl\u00fcgelspiegel. Er wird von hellen beziehungsweise wei\u00dfen Linien begrenzt und ist bei beiden Geschlechtern vorhanden.\n<\/p>\n\n<p>\nBeim schwimmenden Vogel bleibt dieses Merkmal teilweise verborgen. Im Flug oder bei ge\u00f6ffneten Fl\u00fcgeln wird der kr\u00e4ftige blaue Bereich dagegen sehr deutlich sichtbar.\n<\/p>\t\t\t\t<\/div>\n\t\t\t\t<\/div>\n\t\t\t\t<\/div>\n\t\t<div class=\"elementor-element elementor-element-c35986c e-con-full e-flex e-con e-child\" data-id=\"c35986c\" data-element_type=\"container\" data-e-type=\"container\">\n\t\t\t\t<div class=\"elementor-element elementor-element-e0e674d elementor-widget elementor-widget-image\" data-id=\"e0e674d\" data-element_type=\"widget\" data-e-type=\"widget\" data-widget_type=\"image.default\">\n\t\t\t\t<div class=\"elementor-widget-container\">\n\t\t\t\t\t\t\t\t\t\t\t\t\t\t\t<img loading=\"lazy\" decoding=\"async\" width=\"751\" height=\"577\" src=\"https:\/\/nature-fineart.com\/vogelfotografie-spanien\/wp-content\/uploads\/2026\/08\/Drei-maennliche-und-eine-weibliche-Stockente-im-Flug-ueber-einem-spanischen-Feuchtgebiet-im-goldenen-Abendlicht.jpg\" class=\"attachment-large size-large wp-image-10383\" alt=\"Drei m\u00e4nnliche und eine weibliche Stockente im Flug \u00fcber einem spanischen Feuchtgebiet im goldenen Abendlicht\" srcset=\"https:\/\/nature-fineart.com\/vogelfotografie-spanien\/wp-content\/uploads\/2026\/08\/Drei-maennliche-und-eine-weibliche-Stockente-im-Flug-ueber-einem-spanischen-Feuchtgebiet-im-goldenen-Abendlicht.jpg 1024w, https:\/\/nature-fineart.com\/vogelfotografie-spanien\/wp-content\/uploads\/2026\/08\/Drei-maennliche-und-eine-weibliche-Stockente-im-Flug-ueber-einem-spanischen-Feuchtgebiet-im-goldenen-Abendlicht-600x461.jpg 600w, https:\/\/nature-fineart.com\/vogelfotografie-spanien\/wp-content\/uploads\/2026\/08\/Drei-maennliche-und-eine-weibliche-Stockente-im-Flug-ueber-einem-spanischen-Feuchtgebiet-im-goldenen-Abendlicht-768x590.jpg 768w\" sizes=\"(max-width: 751px) 100vw, 751px\" \/>\t\t\t\t\t\t\t\t\t\t\t\t\t\t\t<\/div>\n\t\t\t\t<\/div>\n\t\t\t\t<\/div>\n\t\t\t\t\t<\/div>\n\t\t\t\t<\/div>\n\t\t<div class=\"elementor-element elementor-element-3385f67 e-flex e-con-boxed e-con e-parent\" data-id=\"3385f67\" data-element_type=\"container\" data-e-type=\"container\">\n\t\t\t\t\t<div class=\"e-con-inner\">\n\t\t\t\t<div class=\"elementor-element elementor-element-91005ec elementor-widget elementor-widget-html\" data-id=\"91005ec\" data-element_type=\"widget\" data-e-type=\"widget\" data-widget_type=\"html.default\">\n\t\t\t\t<div class=\"elementor-widget-container\">\n\t\t\t\t\t<p>\nGerade Flugaufnahmen bieten deshalb eine gute M\u00f6glichkeit, Gefiedermerkmale zu zeigen, die bei einer klassischen Seitenansicht auf dem Wasser kaum auffallen.\n<\/p>\n\n<h2>Stockenten im Flug fotografieren<\/h2>\n\n<p>\nTrotz ihres kr\u00e4ftigen K\u00f6rperbaus k\u00f6nnen Stockenten schnell und dynamisch fliegen. F\u00fcr Flugaufnahmen verwende ich deshalb eine kurze Verschlusszeit, kontinuierlichen Autofokus und h\u00e4ufig Serienaufnahmen.\n<\/p>\n\n<p>\nBei mehreren Enten im Bild lohnt es sich, den Fokus bewusst auf den Vogel zu legen, der f\u00fcr die Bildkomposition am wichtigsten ist. Unterschiedliche Fl\u00fcgelstellungen ergeben innerhalb einer Serie immer wieder v\u00f6llig andere Bildwirkungen.\n<\/p>\n\n<p>\nEin nat\u00fcrlicher Hintergrund aus Schilf, Landschaft oder Wasser wirkt f\u00fcr mich h\u00e4ufig interessanter als ein vollst\u00e4ndig leerer Himmel.\n<\/p>\t\t\t\t<\/div>\n\t\t\t\t<\/div>\n\t\t\t\t\t<\/div>\n\t\t\t\t<\/div>\n\t\t<div class=\"elementor-element elementor-element-c5b4a34 e-flex e-con-boxed e-con e-parent\" data-id=\"c5b4a34\" data-element_type=\"container\" data-e-type=\"container\">\n\t\t\t\t\t<div class=\"e-con-inner\">\n\t\t<div class=\"elementor-element elementor-element-6a5a849 e-con-full e-flex e-con e-child\" data-id=\"6a5a849\" data-element_type=\"container\" data-e-type=\"container\">\n\t\t\t\t<div class=\"elementor-element elementor-element-64fa125 elementor-widget elementor-widget-html\" data-id=\"64fa125\" data-element_type=\"widget\" data-e-type=\"widget\" data-widget_type=\"html.default\">\n\t\t\t\t<div class=\"elementor-widget-container\">\n\t\t\t\t\t<h2>Gefieder im Detail<\/h2>\n\n<p>\nAus der N\u00e4he wird deutlich, wie vielf\u00e4ltig das Gefieder des Erpels tats\u00e4chlich ist. Der Kopf besteht nicht einfach aus einer gleichm\u00e4\u00dfig gr\u00fcnen Fl\u00e4che, sondern ver\u00e4ndert Farbe und Struktur mit dem Licht.\n<\/p>\n\n<p>\nDazu kommen der wei\u00dfe Halsring, die kastanienbraune Brust und die feinen grauen K\u00f6rperfedern. Gerade bei nahen Aufnahmen sollte darauf geachtet werden, dass die hellen Gefiederbereiche nicht ausbrennen und gleichzeitig noch Struktur in den dunkleren Partien erhalten bleibt.\n<\/p>\n\t\t\t\t<\/div>\n\t\t\t\t<\/div>\n\t\t\t\t<\/div>\n\t\t<div class=\"elementor-element elementor-element-043b1f4 e-con-full e-flex e-con e-child\" data-id=\"043b1f4\" data-element_type=\"container\" data-e-type=\"container\">\n\t\t\t\t<div class=\"elementor-element elementor-element-0a20a85 elementor-widget elementor-widget-image\" data-id=\"0a20a85\" data-element_type=\"widget\" data-e-type=\"widget\" data-widget_type=\"image.default\">\n\t\t\t\t<div class=\"elementor-widget-container\">\n\t\t\t\t\t\t\t\t\t\t\t\t\t\t\t<img loading=\"lazy\" decoding=\"async\" width=\"751\" height=\"541\" src=\"https:\/\/nature-fineart.com\/vogelfotografie-spanien\/wp-content\/uploads\/2026\/08\/Nahes-Portraet-eines-maennlichen-Stockentenerpels-mit-gruen-schillerndem-Kopf-und-gelbem-Schnabel.jpg\" class=\"attachment-large size-large wp-image-10384\" alt=\"Nahes Portr\u00e4t eines m\u00e4nnlichen Stockentenerpels mit gr\u00fcn schillerndem Kopf und gelbem Schnabel\" srcset=\"https:\/\/nature-fineart.com\/vogelfotografie-spanien\/wp-content\/uploads\/2026\/08\/Nahes-Portraet-eines-maennlichen-Stockentenerpels-mit-gruen-schillerndem-Kopf-und-gelbem-Schnabel.jpg 1024w, https:\/\/nature-fineart.com\/vogelfotografie-spanien\/wp-content\/uploads\/2026\/08\/Nahes-Portraet-eines-maennlichen-Stockentenerpels-mit-gruen-schillerndem-Kopf-und-gelbem-Schnabel-600x432.jpg 600w, https:\/\/nature-fineart.com\/vogelfotografie-spanien\/wp-content\/uploads\/2026\/08\/Nahes-Portraet-eines-maennlichen-Stockentenerpels-mit-gruen-schillerndem-Kopf-und-gelbem-Schnabel-768x554.jpg 768w\" sizes=\"(max-width: 751px) 100vw, 751px\" \/>\t\t\t\t\t\t\t\t\t\t\t\t\t\t\t<\/div>\n\t\t\t\t<\/div>\n\t\t\t\t<\/div>\n\t\t\t\t\t<\/div>\n\t\t\t\t<\/div>\n\t\t<div class=\"elementor-element elementor-element-05376f6 e-flex e-con-boxed e-con e-parent\" data-id=\"05376f6\" data-element_type=\"container\" data-e-type=\"container\">\n\t\t\t\t\t<div class=\"e-con-inner\">\n\t\t\t\t<div class=\"elementor-element elementor-element-2459c8f elementor-widget elementor-widget-html\" data-id=\"2459c8f\" data-element_type=\"widget\" data-e-type=\"widget\" data-widget_type=\"html.default\">\n\t\t\t\t<div class=\"elementor-widget-container\">\n\t\t\t\t\t<h2>Nahrung und Gr\u00fcndelverhalten<\/h2>\n\n<p>\nDie Stockente geh\u00f6rt zu den Gr\u00fcndelenten. Bei der Nahrungssuche kippt sie h\u00e4ufig den Vorderk\u00f6rper unter Wasser, w\u00e4hrend der Hinterk\u00f6rper und die F\u00fc\u00dfe nach oben zeigen.\n<\/p>\n\n<p>\nIhre Nahrung ist vielseitig und besteht sowohl aus pflanzlichen Bestandteilen als auch aus kleinen wirbellosen Tieren. Je nach Lebensraum und Jahreszeit kann sich die Zusammensetzung deutlich ver\u00e4ndern.\n<\/p>\n\n<p>\nGerade diese Anpassungsf\u00e4higkeit tr\u00e4gt dazu bei, dass Stockenten sehr unterschiedliche Gew\u00e4sser und Lebensr\u00e4ume besiedeln k\u00f6nnen.\n<\/p>\t\t\t\t<\/div>\n\t\t\t\t<\/div>\n\t\t\t\t\t<\/div>\n\t\t\t\t<\/div>\n\t\t<div class=\"elementor-element elementor-element-7268f85 e-flex e-con-boxed e-con e-parent\" data-id=\"7268f85\" data-element_type=\"container\" data-e-type=\"container\">\n\t\t\t\t\t<div class=\"e-con-inner\">\n\t\t<div class=\"elementor-element elementor-element-2782286 e-con-full e-flex e-con e-child\" data-id=\"2782286\" data-element_type=\"container\" data-e-type=\"container\">\n\t\t\t\t<div class=\"elementor-element elementor-element-3598c61 elementor-widget elementor-widget-html\" data-id=\"3598c61\" data-element_type=\"widget\" data-e-type=\"widget\" data-widget_type=\"html.default\">\n\t\t\t\t<div class=\"elementor-widget-container\">\n\t\t\t\t\t<h2>Verhalten fotografieren<\/h2>\n\n<p>\nStockenten k\u00f6nnen lange ruhig auf dem Wasser schwimmen und innerhalb weniger Sekunden pl\u00f6tzlich sehr aktiv werden. Baden, Fl\u00fcgelschlagen, Gefiederpflege, Interaktionen mit anderen Enten oder ein spontaner Start sorgen immer wieder f\u00fcr schnelle Bewegungen.\n<\/p>\n\n<p>\nF\u00fcr ruhige Situationen ist keine extrem kurze Verschlusszeit notwendig. Sobald sich der Vogel jedoch aufrichtet oder mit den Fl\u00fcgeln schl\u00e4gt, sollte gen\u00fcgend Reserve vorhanden sein.\n<\/p>\t\t\t\t<\/div>\n\t\t\t\t<\/div>\n\t\t\t\t<\/div>\n\t\t<div class=\"elementor-element elementor-element-a414128 e-con-full e-flex e-con e-child\" data-id=\"a414128\" data-element_type=\"container\" data-e-type=\"container\">\n\t\t\t\t<div class=\"elementor-element elementor-element-af6aa0d elementor-widget elementor-widget-image\" data-id=\"af6aa0d\" data-element_type=\"widget\" data-e-type=\"widget\" data-widget_type=\"image.default\">\n\t\t\t\t<div class=\"elementor-widget-container\">\n\t\t\t\t\t\t\t\t\t\t\t\t\t\t\t<img loading=\"lazy\" decoding=\"async\" width=\"751\" height=\"544\" src=\"https:\/\/nature-fineart.com\/vogelfotografie-spanien\/wp-content\/uploads\/2026\/08\/Maennliche-Stockente-richtet-sich-im-Wasser-auf-und-schlaegt-mit-den-Fluegeln.jpg\" class=\"attachment-large size-large wp-image-10385\" alt=\"\" srcset=\"https:\/\/nature-fineart.com\/vogelfotografie-spanien\/wp-content\/uploads\/2026\/08\/Maennliche-Stockente-richtet-sich-im-Wasser-auf-und-schlaegt-mit-den-Fluegeln.jpg 1024w, https:\/\/nature-fineart.com\/vogelfotografie-spanien\/wp-content\/uploads\/2026\/08\/Maennliche-Stockente-richtet-sich-im-Wasser-auf-und-schlaegt-mit-den-Fluegeln-600x435.jpg 600w, https:\/\/nature-fineart.com\/vogelfotografie-spanien\/wp-content\/uploads\/2026\/08\/Maennliche-Stockente-richtet-sich-im-Wasser-auf-und-schlaegt-mit-den-Fluegeln-768x557.jpg 768w\" sizes=\"(max-width: 751px) 100vw, 751px\" \/>\t\t\t\t\t\t\t\t\t\t\t\t\t\t\t<\/div>\n\t\t\t\t<\/div>\n\t\t\t\t<\/div>\n\t\t\t\t\t<\/div>\n\t\t\t\t<\/div>\n\t\t<div class=\"elementor-element elementor-element-4b205bf e-flex e-con-boxed e-con e-parent\" data-id=\"4b205bf\" data-element_type=\"container\" data-e-type=\"container\">\n\t\t\t\t\t<div class=\"e-con-inner\">\n\t\t\t\t<div class=\"elementor-element elementor-element-e75b728 elementor-widget elementor-widget-html\" data-id=\"e75b728\" data-element_type=\"widget\" data-e-type=\"widget\" data-widget_type=\"html.default\">\n\t\t\t\t<div class=\"elementor-widget-container\">\n\t\t\t\t\t<p>\nSerienaufnahme und Augenerkennung k\u00f6nnen dabei hilfreich sein. Besonders bei mehreren Enten oder unruhigem Hintergrund lohnt es sich trotzdem, den Fokus regelm\u00e4\u00dfig zu kontrollieren.\n<\/p>\n\n<h2>Stockente im Stadtpark oder in der Natur?<\/h2>\n\n<p>\nStockenten k\u00f6nnen sich je nach Lebensraum sehr unterschiedlich gegen\u00fcber Menschen verhalten. In stark frequentierten Parks sind manche V\u00f6gel an Menschen gew\u00f6hnt und zeigen sehr geringe Fluchtdistanzen.\n<\/p>\n\n<p>\nIn nat\u00fcrlichen Feuchtgebieten habe ich Stockenten dagegen teilweise deutlich vorsichtiger erlebt. F\u00fcr die Fotografie bedeutet das, dass dieselbe Art je nach Umgebung v\u00f6llig unterschiedliche Bedingungen bieten kann.\n<\/p>\n\n<p>\nAuch fotografisch unterscheiden sich beide Situationen. Ein Stadtpark erm\u00f6glicht h\u00e4ufig n\u00e4here Detailaufnahmen, w\u00e4hrend nat\u00fcrliche Lagunen, Schilfg\u00fcrtel, Nebel oder weite Wasserfl\u00e4chen wesentlich st\u00e4rker den Lebensraum in das Bild einbeziehen k\u00f6nnen.\n<\/p>\t\t\t\t<\/div>\n\t\t\t\t<\/div>\n\t\t\t\t\t<\/div>\n\t\t\t\t<\/div>\n\t\t<div class=\"elementor-element elementor-element-64125e4 e-flex e-con-boxed e-con e-parent\" data-id=\"64125e4\" data-element_type=\"container\" data-e-type=\"container\">\n\t\t\t\t\t<div class=\"e-con-inner\">\n\t\t<div class=\"elementor-element elementor-element-c088932 e-con-full e-flex e-con e-child\" data-id=\"c088932\" data-element_type=\"container\" data-e-type=\"container\">\n\t\t\t\t<div class=\"elementor-element elementor-element-a221101 elementor-widget elementor-widget-html\" data-id=\"a221101\" data-element_type=\"widget\" data-e-type=\"widget\" data-widget_type=\"html.default\">\n\t\t\t\t<div class=\"elementor-widget-container\">\n\t\t\t\t\t<h2>Verwilderte Hausenten und ungew\u00f6hnliche Gefieder<\/h2>\n\n<p>\nDie Stockente ist die Stammform vieler Hausenten. Deshalb begegnet man besonders an Stadtgew\u00e4ssern und in Parks immer wieder V\u00f6geln mit ungew\u00f6hnlicher F\u00e4rbung oder K\u00f6rperform.\n<\/p>\n\n<p>\nVerwilderte Hausenten k\u00f6nnen sich mit Stockenten verpaaren, sodass Mischformen entstehen. Ein ungew\u00f6hnliches Gefieder bedeutet allerdings nicht automatisch, dass es sich um einen Hybrid zwischen zwei verschiedenen Wildarten handelt.\n<\/p>\t\t\t\t<\/div>\n\t\t\t\t<\/div>\n\t\t\t\t<\/div>\n\t\t<div class=\"elementor-element elementor-element-3b12381 e-con-full e-flex e-con e-child\" data-id=\"3b12381\" data-element_type=\"container\" data-e-type=\"container\">\n\t\t\t\t<div class=\"elementor-element elementor-element-172af99 elementor-widget elementor-widget-image\" data-id=\"172af99\" data-element_type=\"widget\" data-e-type=\"widget\" data-widget_type=\"image.default\">\n\t\t\t\t<div class=\"elementor-widget-container\">\n\t\t\t\t\t\t\t\t\t\t\t\t\t\t\t<img loading=\"lazy\" decoding=\"async\" width=\"751\" height=\"501\" src=\"https:\/\/nature-fineart.com\/vogelfotografie-spanien\/wp-content\/uploads\/2026\/08\/Maennliche-Stockente-mit-leuchtend-gruenem-Kopf-im-weichen-Morgenlicht.jpg\" class=\"attachment-large size-large wp-image-10386\" alt=\"\" srcset=\"https:\/\/nature-fineart.com\/vogelfotografie-spanien\/wp-content\/uploads\/2026\/08\/Maennliche-Stockente-mit-leuchtend-gruenem-Kopf-im-weichen-Morgenlicht.jpg 1024w, https:\/\/nature-fineart.com\/vogelfotografie-spanien\/wp-content\/uploads\/2026\/08\/Maennliche-Stockente-mit-leuchtend-gruenem-Kopf-im-weichen-Morgenlicht-600x400.jpg 600w, https:\/\/nature-fineart.com\/vogelfotografie-spanien\/wp-content\/uploads\/2026\/08\/Maennliche-Stockente-mit-leuchtend-gruenem-Kopf-im-weichen-Morgenlicht-768x512.jpg 768w\" sizes=\"(max-width: 751px) 100vw, 751px\" \/>\t\t\t\t\t\t\t\t\t\t\t\t\t\t\t<\/div>\n\t\t\t\t<\/div>\n\t\t\t\t<\/div>\n\t\t\t\t\t<\/div>\n\t\t\t\t<\/div>\n\t\t<div class=\"elementor-element elementor-element-e38edfc e-flex e-con-boxed e-con e-parent\" data-id=\"e38edfc\" data-element_type=\"container\" data-e-type=\"container\">\n\t\t\t\t\t<div class=\"e-con-inner\">\n\t\t\t\t<div class=\"elementor-element elementor-element-f9582fc elementor-widget elementor-widget-html\" data-id=\"f9582fc\" data-element_type=\"widget\" data-e-type=\"widget\" data-widget_type=\"html.default\">\n\t\t\t\t<div class=\"elementor-widget-container\">\n\t\t\t\t\t<p>\nBei auff\u00e4llig gef\u00e4rbten V\u00f6geln lohnt es sich deshalb, K\u00f6rperform, Schnabel, Gefiederzeichnung und weitere Merkmale genau zu betrachten.\n<\/p>\n\n<h2>Auf Augenh\u00f6he fotografieren<\/h2>\n\n<p>\nAuch bei einer h\u00e4ufigen Art macht die Perspektive einen gro\u00dfen Unterschied. Eine niedrige Kameraposition nahe der Wasseroberfl\u00e4che l\u00e4sst Vorder- und Hintergrund weicher verschwimmen und gibt der Stockente deutlich mehr Pr\u00e4senz.\n<\/p>\n\n<p>\nGerade bei ruhigem Wasser k\u00f6nnen Spiegelungen zus\u00e4tzlich in die Bildgestaltung einbezogen werden. Bei nat\u00fcrlicher Vegetation entstehen so Aufnahmen, die sich deutlich von den klassischen Parkbildern einer Stockente unterscheiden.\n<\/p>\t\t\t\t<\/div>\n\t\t\t\t<\/div>\n\t\t\t\t\t<\/div>\n\t\t\t\t<\/div>\n\t\t<div class=\"elementor-element elementor-element-d985365 e-flex e-con-boxed e-con e-parent\" data-id=\"d985365\" data-element_type=\"container\" data-e-type=\"container\">\n\t\t\t\t\t<div class=\"e-con-inner\">\n\t\t<div class=\"elementor-element elementor-element-4e16daf e-con-full e-flex e-con e-child\" data-id=\"4e16daf\" data-element_type=\"container\" data-e-type=\"container\">\n\t\t\t\t<div class=\"elementor-element elementor-element-11abae2 elementor-widget elementor-widget-image\" data-id=\"11abae2\" data-element_type=\"widget\" data-e-type=\"widget\" data-widget_type=\"image.default\">\n\t\t\t\t<div class=\"elementor-widget-container\">\n\t\t\t\t\t\t\t\t\t\t\t\t\t\t\t<img loading=\"lazy\" decoding=\"async\" width=\"751\" height=\"498\" src=\"https:\/\/nature-fineart.com\/vogelfotografie-spanien\/wp-content\/uploads\/2026\/08\/Maennliche-Stockente-im-warmen-Morgenlicht-auf-einer-Wasserflaeche-in-einem-spanischen-Delta.jpg\" class=\"attachment-large size-large wp-image-10387\" alt=\"\" srcset=\"https:\/\/nature-fineart.com\/vogelfotografie-spanien\/wp-content\/uploads\/2026\/08\/Maennliche-Stockente-im-warmen-Morgenlicht-auf-einer-Wasserflaeche-in-einem-spanischen-Delta.jpg 1024w, https:\/\/nature-fineart.com\/vogelfotografie-spanien\/wp-content\/uploads\/2026\/08\/Maennliche-Stockente-im-warmen-Morgenlicht-auf-einer-Wasserflaeche-in-einem-spanischen-Delta-600x398.jpg 600w, https:\/\/nature-fineart.com\/vogelfotografie-spanien\/wp-content\/uploads\/2026\/08\/Maennliche-Stockente-im-warmen-Morgenlicht-auf-einer-Wasserflaeche-in-einem-spanischen-Delta-768x509.jpg 768w\" sizes=\"(max-width: 751px) 100vw, 751px\" \/>\t\t\t\t\t\t\t\t\t\t\t\t\t\t\t<\/div>\n\t\t\t\t<\/div>\n\t\t\t\t<\/div>\n\t\t<div class=\"elementor-element elementor-element-cd4b243 e-con-full e-flex e-con e-child\" data-id=\"cd4b243\" data-element_type=\"container\" data-e-type=\"container\">\n\t\t\t\t<div class=\"elementor-element elementor-element-5032dfc elementor-widget elementor-widget-html\" data-id=\"5032dfc\" data-element_type=\"widget\" data-e-type=\"widget\" data-widget_type=\"html.default\">\n\t\t\t\t<div class=\"elementor-widget-container\">\n\t\t\t\t\t<h2>Eine pers\u00f6nliche Verbindung zur Stockente<\/h2>\n\n<p>\nDie Stockente geh\u00f6rt zu den V\u00f6geln, die mich bereits als Kind fasziniert haben. Besonders der Erpel mit seinem gl\u00e4nzend gr\u00fcnen Kopf und den kr\u00e4ftigen Farben ist mir fr\u00fch aufgefallen.\n<\/p>\n\n<p>\nVielleicht wird gerade eine so h\u00e4ufige Art sp\u00e4ter als Fotograf schnell selbstverst\u00e4ndlich. Man sieht Stockenten st\u00e4ndig und richtet die Kamera irgendwann lieber auf seltenere V\u00f6gel. Dabei lohnt es sich immer wieder, genauer hinzusehen.\n<\/p>\t\t\t\t<\/div>\n\t\t\t\t<\/div>\n\t\t\t\t<\/div>\n\t\t\t\t\t<\/div>\n\t\t\t\t<\/div>\n\t\t<div class=\"elementor-element elementor-element-901ffca e-flex e-con-boxed e-con e-parent\" data-id=\"901ffca\" data-element_type=\"container\" data-e-type=\"container\">\n\t\t\t\t\t<div class=\"e-con-inner\">\n\t\t\t\t<div class=\"elementor-element elementor-element-f124dbc elementor-widget elementor-widget-html\" data-id=\"f124dbc\" data-element_type=\"widget\" data-e-type=\"widget\" data-widget_type=\"html.default\">\n\t\t\t\t<div class=\"elementor-widget-container\">\n\t\t\t\t\t<p>\nF\u00fcr mich zeigt die Stockente sehr sch\u00f6n, dass ein gutes Naturfoto nicht davon abh\u00e4ngt, wie selten eine Art ist. Licht, Verhalten, Perspektive und Umgebung k\u00f6nnen selbst aus einem allt\u00e4glichen Vogel ein au\u00dfergew\u00f6hnliches Motiv machen.\n<\/p>\n\n<h2>Weitere Entenarten entdecken<\/h2>\n\n<p>\nWenn dich Enten und andere Wasserv\u00f6gel interessieren, findest du auf meiner Website weitere Artenportr\u00e4ts zur\n<a href=\"https:\/\/nature-fineart.com\/vogelfotografie-spanien\/schnatterente\/\">Schnatterente<\/a>,\n<a href=\"https:\/\/nature-fineart.com\/vogelfotografie-spanien\/krickente\/\">Krickente<\/a>,\n<a href=\"https:\/\/nature-fineart.com\/vogelfotografie-spanien\/knaekente\/\">Kn\u00e4kente<\/a>,\n<a href=\"https:\/\/nature-fineart.com\/vogelfotografie-spanien\/pfeifente\/\">Pfeifente<\/a>\nund zur\n<a href=\"https:\/\/nature-fineart.com\/vogelfotografie-spanien\/loeffelente\/\">L\u00f6ffelente<\/a>.\n<\/p>\n\n<h2>Die besten Vogelfotos entstehen lange vor dem Ausl\u00f6sen<\/h2>\n\n<p>\nGerade bei einer h\u00e4ufigen Art lohnt es sich, nicht einfach jedes erreichbare Motiv zu fotografieren. Licht, Hintergrund, Verhalten und Perspektive entscheiden dar\u00fcber, ob aus einer gew\u00f6hnlichen Situation ein besonderes Bild entsteht.\n<\/p>\n\n<p>\nMehr dar\u00fcber erf\u00e4hrst du in meinem Blogbeitrag\n<a href=\"https:\/\/nature-fineart.com\/vogelfotografie-spanien\/vogelfotografie-vorbereitung\/\">Die besten Vogelfotos entstehen lange vor dem Ausl\u00f6sen<\/a>.\n<\/p>\n\n<h2>Natur erleben &amp; selbst fotografieren<\/h2>\n\n<p>\nM\u00f6chtest du die vielf\u00e4ltige Vogelwelt Spaniens selbst erleben und fotografieren?\n<\/p>\n\n<p>\nAuf meinen Fotoreisen stehen nat\u00fcrliche Beobachtungen, spannende Verhaltensweisen und besondere fotografische Situationen im Mittelpunkt. Je nach Reise und Jahreszeit lassen sich zahlreiche Vogelarten in unterschiedlichen Lebensr\u00e4umen entdecken.\n<\/p>\n\n<p>\nMehr \u00fcber meine aktuellen Fotoreisen findest du hier:\n<\/p>\n\n<p>\n<a href=\"https:\/\/nature-fineart.com\/vogelfotografie-spanien\/reisen\/\">\u2192 Fotoreisen in Spanien entdecken<\/a>\n<\/p>\n\n<h2>Weitere Vogelarten entdecken<\/h2>\n\n<p>\nIn meiner\n<a href=\"https:\/\/nature-fineart.com\/vogelfotografie-spanien\/tierarten-fotografie\/\">Arten\u00fcbersicht<\/a>\nfindest du zahlreiche weitere Artenportr\u00e4ts mit Informationen zu Lebensraum, Verhalten und praktischen Tipps f\u00fcr die Vogelfotografie.\n<\/p>\n\n<h2>Interesse an einer Fotoreise?<\/h2>\n\n<p>\nDu m\u00f6chtest die Vogelwelt Spaniens selbst fotografieren? Nutze einfach das folgende Anfrageformular. Ich freue mich auf deine Nachricht.\n<\/p>\t\t\t\t<\/div>\n\t\t\t\t<\/div>\n\t\t\t\t\t<\/div>\n\t\t\t\t<\/div>\n\t\t<div class=\"elementor-element elementor-element-6006a7f e-flex e-con-boxed e-con e-parent\" data-id=\"6006a7f\" data-element_type=\"container\" data-e-type=\"container\">\n\t\t\t\t\t<div class=\"e-con-inner\">\n\t\t\t\t<div class=\"elementor-element elementor-element-aae44fc elementor-widget elementor-widget-shortcode\" data-id=\"aae44fc\" data-element_type=\"widget\" data-e-type=\"widget\" data-widget_type=\"shortcode.default\">\n\t\t\t\t<div class=\"elementor-widget-container\">\n\t\t\t\t\t\t\t<div class=\"elementor-shortcode\"><style id=\"wpforms-css-vars-5929\">\n\t\t\t\t#wpforms-5929 {\n\t\t\t\t--wpforms-field-border-color: #5E5E5E;\n--wpforms-field-border-color-spare: #5E5E5E;\n--wpforms-field-text-color: #5e5e5e;\n--wpforms-label-color: #5e5e5e;\n--wpforms-label-sublabel-color: #5e5e5e;\n--wpforms-button-background-color: #6e7b4a;\n--wpforms-container-padding: 0px;\n--wpforms-container-border-width: 1px;\n--wpforms-container-border-radius: 3px;\n--wpforms-background-color: rgba(0, 0, 0, 0);\n--wpforms-field-size-input-height: 43px;\n--wpforms-field-size-input-spacing: 15px;\n--wpforms-field-size-font-size: 16px;\n--wpforms-field-size-line-height: 19px;\n--wpforms-field-size-padding-h: 14px;\n--wpforms-field-size-checkbox-size: 16px;\n--wpforms-field-size-sublabel-spacing: 5px;\n--wpforms-field-size-icon-size: 1;\n--wpforms-label-size-font-size: 16px;\n--wpforms-label-size-line-height: 19px;\n--wpforms-label-size-sublabel-font-size: 14px;\n--wpforms-label-size-sublabel-line-height: 17px;\n--wpforms-button-size-font-size: 17px;\n--wpforms-button-size-height: 41px;\n--wpforms-button-size-padding-h: 15px;\n--wpforms-button-size-margin-top: 10px;\n--wpforms-container-shadow-size-box-shadow: none;\n\t\t\t}\n\t\t\t<\/style><div class=\"wpforms-container wpforms-container-full wpforms-render-modern\" id=\"wpforms-5929\"><form id=\"wpforms-form-5929\" class=\"wpforms-validate wpforms-form wpforms-ajax-form\" data-formid=\"5929\" method=\"post\" enctype=\"multipart\/form-data\" action=\"\/vogelfotografie-spanien\/wp-json\/wp\/v2\/pages\/10377\" data-token=\"6fe8dd5e8c13da77c15288333c0eb977\" data-token-time=\"1788256067\"><noscript class=\"wpforms-error-noscript\">Bitte aktiviere JavaScript in deinem Browser, um dieses Formular fertigzustellen.<\/noscript><div id=\"wpforms-error-noscript\" style=\"display: none;\">Bitte aktiviere JavaScript in deinem Browser, um dieses Formular fertigzustellen.<\/div><div class=\"wpforms-field-container\"><div id=\"wpforms-5929-field_1-container\" class=\"wpforms-field wpforms-field-name\" data-field-id=\"1\"><fieldset><legend class=\"wpforms-field-label\">Name <span class=\"wpforms-required-label\" aria-hidden=\"true\">*<\/span><\/legend><div class=\"wpforms-field-row wpforms-field-medium\"><div class=\"wpforms-field-row-block wpforms-first wpforms-one-half\"><input type=\"text\" id=\"wpforms-5929-field_1\" class=\"wpforms-field-name-first wpforms-field-required\" name=\"wpforms[fields][1][first]\" aria-errormessage=\"wpforms-5929-field_1-error\" required><label for=\"wpforms-5929-field_1\" class=\"wpforms-field-sublabel after\">Vorname<\/label><\/div><div class=\"wpforms-field-row-block wpforms-one-half\"><input type=\"text\" id=\"wpforms-5929-field_1-last\" class=\"wpforms-field-name-last wpforms-field-required\" name=\"wpforms[fields][1][last]\" aria-errormessage=\"wpforms-5929-field_1-last-error\" required><label for=\"wpforms-5929-field_1-last\" class=\"wpforms-field-sublabel after\">Nachname<\/label><\/div><\/div><\/fieldset><\/div><div id=\"wpforms-5929-field_2-container\" class=\"wpforms-field wpforms-field-email\" data-field-id=\"2\"><label class=\"wpforms-field-label\" for=\"wpforms-5929-field_2\">E-Mail-Adresse <span class=\"wpforms-required-label\" aria-hidden=\"true\">*<\/span><\/label><input type=\"email\" id=\"wpforms-5929-field_2\" class=\"wpforms-field-medium wpforms-field-required\" name=\"wpforms[fields][2]\" spellcheck=\"false\" aria-errormessage=\"wpforms-5929-field_2-error\" required><\/div>\t\t<div id=\"wpforms-5929-field_4-container\"\n\t\t\tclass=\"wpforms-field wpforms-field-text\"\n\t\t\tdata-field-type=\"text\"\n\t\t\tdata-field-id=\"4\"\n\t\t\t>\n\t\t\t<label class=\"wpforms-field-label\" for=\"wpforms-5929-field_4\" >E-Mail-Adresse Kommentar Name<\/label>\n\t\t\t<input type=\"text\" id=\"wpforms-5929-field_4\" class=\"wpforms-field-medium\" name=\"wpforms[fields][4]\" >\n\t\t<\/div>\n\t\t<div id=\"wpforms-5929-field_3-container\" class=\"wpforms-field wpforms-field-textarea\" data-field-id=\"3\"><label class=\"wpforms-field-label\" for=\"wpforms-5929-field_3\">Kommentar oder Nachricht<\/label><textarea id=\"wpforms-5929-field_3\" class=\"wpforms-field-medium\" name=\"wpforms[fields][3]\" aria-errormessage=\"wpforms-5929-field_3-error\" ><\/textarea><\/div><script>\n\t\t\t\t( function() {\n\t\t\t\t\tconst style = document.createElement( 'style' );\n\t\t\t\t\tstyle.appendChild( document.createTextNode( '#wpforms-5929-field_4-container { position: absolute !important; overflow: hidden !important; display: inline !important; height: 1px !important; width: 1px !important; z-index: -1000 !important; padding: 0 !important; } #wpforms-5929-field_4-container input { visibility: hidden; } #wpforms-conversational-form-page #wpforms-5929-field_4-container label { counter-increment: none; }' ) );\n\t\t\t\t\tdocument.head.appendChild( style );\n\t\t\t\t\tdocument.currentScript?.remove();\n\t\t\t\t} )();\n\t\t\t<\/script><\/div><!-- .wpforms-field-container --><div class=\"wpforms-submit-container\" ><input type=\"hidden\" name=\"wpforms[id]\" value=\"5929\"><input type=\"hidden\" name=\"page_title\" value=\"\"><input type=\"hidden\" name=\"page_url\" value=\"https:\/\/nature-fineart.com\/vogelfotografie-spanien\/wp-json\/wp\/v2\/pages\/10377\"><input type=\"hidden\" name=\"url_referer\" value=\"\"><button type=\"submit\" name=\"wpforms[submit]\" id=\"wpforms-submit-5929\" class=\"wpforms-submit\" data-alt-text=\"Wird gesendet\u00a0\u2026\" data-submit-text=\"Anfrage senden\" aria-live=\"assertive\" value=\"wpforms-submit\">Anfrage senden<\/button><img loading=\"lazy\" decoding=\"async\" src=\"https:\/\/nature-fineart.com\/vogelfotografie-spanien\/wp-content\/plugins\/wpforms-lite\/assets\/images\/submit-spin.svg\" class=\"wpforms-submit-spinner\" style=\"display: none;\" width=\"26\" height=\"26\" alt=\"Wird geladen\"><\/div><\/form><\/div>  <!-- .wpforms-container --><\/div>\n\t\t\t\t\t\t<\/div>\n\t\t\t\t<\/div>\n\t\t\t\t\t<\/div>\n\t\t\t\t<\/div>\n\t\t\t\t<\/div>\n\t\t","protected":false},"excerpt":{"rendered":"<p>Die Stockente (Anas platyrhynchos) geh\u00f6rt zu den bekanntesten Enten Europas. Gerade weil sie an vielen Gew\u00e4ssern regelm\u00e4\u00dfig vorkommt und selbst in Stadtparks h\u00e4ufig zu sehen ist, wird sie als Fotomotiv schnell untersch\u00e4tzt. F\u00fcr mich ist die Stockente trotzdem eine besondere Vogelart. Schon als Kind haben mich vor allem die Farben des M\u00e4nnchens fasziniert: der gr\u00fcn&#8230;<\/p>\n","protected":false},"author":2,"featured_media":0,"parent":0,"menu_order":0,"comment_status":"closed","ping_status":"closed","template":"","meta":{"footnotes":""},"class_list":["post-10377","page","type-page","status-publish","hentry"],"_links":{"self":[{"href":"https:\/\/nature-fineart.com\/vogelfotografie-spanien\/wp-json\/wp\/v2\/pages\/10377","targetHints":{"allow":["GET"]}}],"collection":[{"href":"https:\/\/nature-fineart.com\/vogelfotografie-spanien\/wp-json\/wp\/v2\/pages"}],"about":[{"href":"https:\/\/nature-fineart.com\/vogelfotografie-spanien\/wp-json\/wp\/v2\/types\/page"}],"author":[{"embeddable":true,"href":"https:\/\/nature-fineart.com\/vogelfotografie-spanien\/wp-json\/wp\/v2\/users\/2"}],"replies":[{"embeddable":true,"href":"https:\/\/nature-fineart.com\/vogelfotografie-spanien\/wp-json\/wp\/v2\/comments?post=10377"}],"version-history":[{"count":3,"href":"https:\/\/nature-fineart.com\/vogelfotografie-spanien\/wp-json\/wp\/v2\/pages\/10377\/revisions"}],"predecessor-version":[{"id":10390,"href":"https:\/\/nature-fineart.com\/vogelfotografie-spanien\/wp-json\/wp\/v2\/pages\/10377\/revisions\/10390"}],"wp:attachment":[{"href":"https:\/\/nature-fineart.com\/vogelfotografie-spanien\/wp-json\/wp\/v2\/media?parent=10377"}],"curies":[{"name":"wp","href":"https:\/\/api.w.org\/{rel}","templated":true}]}}