{"id":10448,"date":"2026-08-20T08:36:50","date_gmt":"2026-08-20T06:36:50","guid":{"rendered":"https:\/\/nature-fineart.com\/vogelfotografie-spanien\/?page_id=10448"},"modified":"2026-08-20T08:44:57","modified_gmt":"2026-08-20T06:44:57","slug":"hoeckerschwan","status":"publish","type":"page","link":"https:\/\/nature-fineart.com\/vogelfotografie-spanien\/hoeckerschwan\/","title":{"rendered":"H\u00f6ckerschwan fotografieren"},"content":{"rendered":"\t\t<div data-elementor-type=\"wp-page\" data-elementor-id=\"10448\" class=\"elementor elementor-10448\">\n\t\t\t\t<div class=\"elementor-element elementor-element-09627ba e-flex e-con-boxed e-con e-parent\" data-id=\"09627ba\" data-element_type=\"container\" data-e-type=\"container\">\n\t\t\t\t\t<div class=\"e-con-inner\">\n\t\t\r\n\t\t<div class=\"elementor-element elementor-element-6c052ff elementor-widget elementor-widget-html\" data-id=\"6c052ff\" data-element_type=\"widget\" data-e-type=\"widget\" data-widget_type=\"html.default\">\n\t\t\t\t<div class=\"elementor-widget-container\">\n\t\t\t\t\t<p>\nDer H\u00f6ckerschwan (<em>Cygnus olor<\/em>) geh\u00f6rt zu den bekanntesten Wasserv\u00f6geln Europas. Viele kennen ihn vor allem von Parkteichen und st\u00e4dtischen Gew\u00e4ssern, wo einzelne Tiere ausgesprochen zutraulich werden k\u00f6nnen. In einer nat\u00fcrlichen K\u00fcstenlandschaft wirkt derselbe Vogel jedoch pl\u00f6tzlich ganz anders.\n<\/p>\n\n<p>\nMeine eindrucksvollsten Begegnungen mit frei lebenden H\u00f6ckerschw\u00e4nen hatte ich im Norden Spaniens. Eine kleine Gruppe hielt sich in einer von den Gezeiten gepr\u00e4gten K\u00fcstenlandschaft auf und verhielt sich deutlich vorsichtiger als die Schw\u00e4ne, die man aus vielen Stadtparks kennt. Gerade diese nat\u00fcrliche Umgebung hat die Art f\u00fcr mich fotografisch noch einmal v\u00f6llig neu erscheinen lassen.\n<\/p>\t\t\t\t<\/div>\n\t\t\t\t<\/div>\n\t\t\t\t\t<\/div>\n\t\t\t\t<\/div>\n\t\t<div class=\"elementor-element elementor-element-ab64fa3 e-flex e-con-boxed e-con e-parent\" data-id=\"ab64fa3\" data-element_type=\"container\" data-e-type=\"container\">\n\t\t\t\t\t<div class=\"e-con-inner\">\n\t\t<div class=\"elementor-element elementor-element-7d03ffc e-con-full e-flex e-con e-child\" data-id=\"7d03ffc\" data-element_type=\"container\" data-e-type=\"container\">\n\t\t\t\t<div class=\"elementor-element elementor-element-78647c2 elementor-widget elementor-widget-image\" data-id=\"78647c2\" data-element_type=\"widget\" data-e-type=\"widget\" data-widget_type=\"image.default\">\n\t\t\t\t<div class=\"elementor-widget-container\">\n\t\t\t\t\t\t\t\t\t\t\t\t\t\t\t<img fetchpriority=\"high\" decoding=\"async\" width=\"751\" height=\"505\" src=\"https:\/\/nature-fineart.com\/vogelfotografie-spanien\/wp-content\/uploads\/2026\/08\/Hoeckerschwan-auf-einer-natuerlichen-Grasflaeche-an-der-nordspanischen-Kueste-mit-Blick-zur-Kamera.jpg\" class=\"attachment-large size-large wp-image-10450\" alt=\"H\u00f6ckerschwan auf einer nat\u00fcrlichen Grasfl\u00e4che an der nordspanischen K\u00fcste mit Blick zur Kamera\" srcset=\"https:\/\/nature-fineart.com\/vogelfotografie-spanien\/wp-content\/uploads\/2026\/08\/Hoeckerschwan-auf-einer-natuerlichen-Grasflaeche-an-der-nordspanischen-Kueste-mit-Blick-zur-Kamera.jpg 1024w, https:\/\/nature-fineart.com\/vogelfotografie-spanien\/wp-content\/uploads\/2026\/08\/Hoeckerschwan-auf-einer-natuerlichen-Grasflaeche-an-der-nordspanischen-Kueste-mit-Blick-zur-Kamera-600x403.jpg 600w, https:\/\/nature-fineart.com\/vogelfotografie-spanien\/wp-content\/uploads\/2026\/08\/Hoeckerschwan-auf-einer-natuerlichen-Grasflaeche-an-der-nordspanischen-Kueste-mit-Blick-zur-Kamera-768x516.jpg 768w\" sizes=\"(max-width: 751px) 100vw, 751px\" \/>\t\t\t\t\t\t\t\t\t\t\t\t\t\t\t<\/div>\n\t\t\t\t<\/div>\n\t\t\t\t<\/div>\n\t\t<div class=\"elementor-element elementor-element-f3de7f9 e-con-full e-flex e-con e-child\" data-id=\"f3de7f9\" data-element_type=\"container\" data-e-type=\"container\">\n\t\t\t\t<div class=\"elementor-element elementor-element-6c8049e elementor-widget elementor-widget-html\" data-id=\"6c8049e\" data-element_type=\"widget\" data-e-type=\"widget\" data-widget_type=\"html.default\">\n\t\t\t\t<div class=\"elementor-widget-container\">\n\t\t\t\t\t<h2>Der H\u00f6ckerschwan in Spanien<\/h2>\n\n<p>\nIn Spanien ist der H\u00f6ckerschwan nicht so weit verbreitet wie in vielen Teilen Mittel- und Nordeuropas. Neben kleinen halbwilden Best\u00e4nden k\u00f6nnen w\u00e4hrend des Winters auch frei lebende V\u00f6gel aus weiter n\u00f6rdlich gelegenen Populationen auftreten.\n<\/p>\n\n<p>\nBesonders die n\u00f6rdlichen Regionen Spaniens k\u00f6nnen dabei von einzelnen V\u00f6geln oder kleineren Gruppen aufgesucht werden. Geeignete Lebensr\u00e4ume finden sie unter anderem an gr\u00f6\u00dferen Gew\u00e4ssern, Fl\u00fcssen und gesch\u00fctzten K\u00fcstenbereichen.\n<\/p>\t\t\t\t<\/div>\n\t\t\t\t<\/div>\n\t\t\t\t<\/div>\n\t\t\t\t\t<\/div>\n\t\t\t\t<\/div>\n\t\t<div class=\"elementor-element elementor-element-034d5d7 e-flex e-con-boxed e-con e-parent\" data-id=\"034d5d7\" data-element_type=\"container\" data-e-type=\"container\">\n\t\t\t\t\t<div class=\"e-con-inner\">\n\t\t\t\t<div class=\"elementor-element elementor-element-2cb63be elementor-widget elementor-widget-html\" data-id=\"2cb63be\" data-element_type=\"widget\" data-e-type=\"widget\" data-widget_type=\"html.default\">\n\t\t\t\t<div class=\"elementor-widget-container\">\n\t\t\t\t\t<p>\nMeine eigenen Beobachtungen stammen sowohl aus einer von Ebbe und Flut gepr\u00e4gten K\u00fcstenlandschaft als auch von einem gr\u00f6\u00dferen Fluss. Gerade diese Begegnungen abseits von Parks und stark vom Menschen gepr\u00e4gten Gew\u00e4ssern haben mir eine ganz andere Seite des H\u00f6ckerschwans gezeigt.\n<\/p>\n\n<h2>Wildlebend, halbwild oder Parkschwan?<\/h2>\n\n<p>\nBeim H\u00f6ckerschwan ist die Grenze zwischen urspr\u00fcnglichen Wildpopulationen, eingef\u00fchrten Best\u00e4nden und frei lebenden Nachkommen nicht immer einfach zu ziehen. Die Art wurde \u00fcber lange Zeit in Parks und an Ziergew\u00e4ssern gehalten und vielerorts angesiedelt.\n<\/p>\n\n<p>\nEin frei lebender H\u00f6ckerschwan in einer nat\u00fcrlichen Landschaft muss deshalb nicht automatisch aus einer vollst\u00e4ndig urspr\u00fcnglichen Population stammen. Umgekehrt sind auch nicht alle frei fliegenden H\u00f6ckerschw\u00e4ne in Spanien ehemalige Parkv\u00f6gel.\n<\/p>\n\n<p>\nF\u00fcr die Naturbeobachtung ist deshalb vor allem interessant, wie sich die Tiere tats\u00e4chlich verhalten und welchen Lebensraum sie nutzen. Meine Begegnungen an der K\u00fcste unterschieden sich jedenfalls deutlich von den vertrauten Schw\u00e4nen an stark besuchten Parkgew\u00e4ssern.\n<\/p>\t\t\t\t<\/div>\n\t\t\t\t<\/div>\n\t\t\t\t\t<\/div>\n\t\t\t\t<\/div>\n\t\t<div class=\"elementor-element elementor-element-4dd7b37 e-flex e-con-boxed e-con e-parent\" data-id=\"4dd7b37\" data-element_type=\"container\" data-e-type=\"container\">\n\t\t\t\t\t<div class=\"e-con-inner\">\n\t\t<div class=\"elementor-element elementor-element-1aff4fa e-con-full e-flex e-con e-child\" data-id=\"1aff4fa\" data-element_type=\"container\" data-e-type=\"container\">\n\t\t\t\t<div class=\"elementor-element elementor-element-6fc066d elementor-widget elementor-widget-image\" data-id=\"6fc066d\" data-element_type=\"widget\" data-e-type=\"widget\" data-widget_type=\"image.default\">\n\t\t\t\t<div class=\"elementor-widget-container\">\n\t\t\t\t\t\t\t\t\t\t\t\t\t\t\t<img decoding=\"async\" width=\"751\" height=\"913\" src=\"https:\/\/nature-fineart.com\/vogelfotografie-spanien\/wp-content\/uploads\/2026\/08\/Hoeckerschwan-mit-langem-gebogenem-Hals-und-zur-Kamera-gedrehtem-Kopf.jpg\" class=\"attachment-large size-large wp-image-10451\" alt=\"H\u00f6ckerschwan mit langem gebogenem Hals und zur Kamera gedrehtem Kopf\" srcset=\"https:\/\/nature-fineart.com\/vogelfotografie-spanien\/wp-content\/uploads\/2026\/08\/Hoeckerschwan-mit-langem-gebogenem-Hals-und-zur-Kamera-gedrehtem-Kopf.jpg 842w, https:\/\/nature-fineart.com\/vogelfotografie-spanien\/wp-content\/uploads\/2026\/08\/Hoeckerschwan-mit-langem-gebogenem-Hals-und-zur-Kamera-gedrehtem-Kopf-493x600.jpg 493w, https:\/\/nature-fineart.com\/vogelfotografie-spanien\/wp-content\/uploads\/2026\/08\/Hoeckerschwan-mit-langem-gebogenem-Hals-und-zur-Kamera-gedrehtem-Kopf-768x934.jpg 768w\" sizes=\"(max-width: 751px) 100vw, 751px\" \/>\t\t\t\t\t\t\t\t\t\t\t\t\t\t\t<\/div>\n\t\t\t\t<\/div>\n\t\t\t\t<\/div>\n\t\t<div class=\"elementor-element elementor-element-0367a30 e-con-full e-flex e-con e-child\" data-id=\"0367a30\" data-element_type=\"container\" data-e-type=\"container\">\n\t\t\t\t<div class=\"elementor-element elementor-element-3a6a776 elementor-widget elementor-widget-html\" data-id=\"3a6a776\" data-element_type=\"widget\" data-e-type=\"widget\" data-widget_type=\"html.default\">\n\t\t\t\t<div class=\"elementor-widget-container\">\n\t\t\t\t\t<h2>Erkennungsmerkmale<\/h2>\n\n<p>\nEin adulter H\u00f6ckerschwan ist normalerweise leicht zu bestimmen. Er besitzt ein vollst\u00e4ndig wei\u00dfes Gefieder, einen langen Hals, schwarze Beine und einen orangefarbenen Schnabel mit schwarzer Basis.\n<\/p>\n\n<p>\nBesonders charakteristisch ist der schwarze H\u00f6cker an der Schnabelbasis, dem die Art ihren deutschen Namen verdankt. Beim M\u00e4nnchen ist dieser H\u00f6cker durchschnittlich st\u00e4rker ausgepr\u00e4gt als beim Weibchen, f\u00fcr eine sichere Geschlechtsbestimmung sollte jedoch nicht nur ein einzelnes Merkmal herangezogen werden.\n<\/p>\n\n<p>\nSingschwan und Zwergschwan unterscheiden sich deutlich durch ihre schwarz-gelben Schn\u00e4bel und besitzen keinen vergleichbaren schwarzen Schnabelh\u00f6cker.\n<\/p>\t\t\t\t<\/div>\n\t\t\t\t<\/div>\n\t\t\t\t<\/div>\n\t\t\t\t\t<\/div>\n\t\t\t\t<\/div>\n\t\t<div class=\"elementor-element elementor-element-fa29a05 e-flex e-con-boxed e-con e-parent\" data-id=\"fa29a05\" data-element_type=\"container\" data-e-type=\"container\">\n\t\t\t\t\t<div class=\"e-con-inner\">\n\t\t\t\t<div class=\"elementor-element elementor-element-7d7b543 elementor-widget elementor-widget-html\" data-id=\"7d7b543\" data-element_type=\"widget\" data-e-type=\"widget\" data-widget_type=\"html.default\">\n\t\t\t\t<div class=\"elementor-widget-container\">\n\t\t\t\t\t<h2>Warum wirken Kopf und Hals manchmal gelblich oder golden?<\/h2>\n\n<p>\nObwohl adulte H\u00f6ckerschw\u00e4ne grunds\u00e4tzlich wei\u00df sind, k\u00f6nnen Kopf und Hals auf Fotos gelblich, beige oder rostfarben erscheinen.\n<\/p>\n\n<p>\nEin Teil dieser Wirkung kann einfach durch warmes Morgen- oder Abendlicht entstehen. Dar\u00fcber hinaus kann sich das wei\u00dfe Gefieder durch Mineralien oder andere Stoffe aus dem Wasser \u00e4u\u00dferlich verf\u00e4rben. Besonders an Kopf und Hals f\u00e4llt dies auf, weil diese Bereiche bei der Nahrungssuche h\u00e4ufig intensiv mit Wasser und Sediment in Kontakt kommen.\n<\/p>\n\n<p>\nFotografisch k\u00f6nnen sich beide Effekte gegenseitig verst\u00e4rken. Ein ohnehin leicht verf\u00e4rbter Kopf kann im warmen Licht deutlich goldener erscheinen, als er bei neutralem Tageslicht wirken w\u00fcrde.\n<\/p>\t\t\t\t<\/div>\n\t\t\t\t<\/div>\n\t\t\t\t\t<\/div>\n\t\t\t\t<\/div>\n\t\t<div class=\"elementor-element elementor-element-5d72aa0 e-flex e-con-boxed e-con e-parent\" data-id=\"5d72aa0\" data-element_type=\"container\" data-e-type=\"container\">\n\t\t\t\t\t<div class=\"e-con-inner\">\n\t\t<div class=\"elementor-element elementor-element-b6416d8 e-con-full e-flex e-con e-child\" data-id=\"b6416d8\" data-element_type=\"container\" data-e-type=\"container\">\n\t\t\t\t<div class=\"elementor-element elementor-element-baf2d26 elementor-widget elementor-widget-html\" data-id=\"baf2d26\" data-element_type=\"widget\" data-e-type=\"widget\" data-widget_type=\"html.default\">\n\t\t\t\t<div class=\"elementor-widget-container\">\n\t\t\t\t\t<h2>Vom ruhigen Schwan zur schnellen Bewegung<\/h2>\n\n<p>\nH\u00f6ckerschw\u00e4ne wirken auf dem Wasser h\u00e4ufig ruhig und majest\u00e4tisch. Trotzdem k\u00f6nnen innerhalb weniger Sekunden sehr dynamische Bewegungen entstehen.\n<\/p>\n\n<p>\nBeim Fl\u00fcgelschlagen, Aufrichten oder Start ver\u00e4ndern sich K\u00f6rperhaltung und Fl\u00fcgelposition schnell. F\u00fcr solche Situationen lohnt sich eine deutlich k\u00fcrzere Verschlusszeit als bei einem ruhig schwimmenden Vogel.\n<\/p>\n\n<p>\nSerienaufnahme und kontinuierlicher Autofokus k\u00f6nnen helfen, genau den Moment zu erwischen, in dem Fl\u00fcgelstellung, Hals und K\u00f6rperhaltung gut zusammenpassen.\n<\/p>\t\t\t\t<\/div>\n\t\t\t\t<\/div>\n\t\t\t\t<\/div>\n\t\t<div class=\"elementor-element elementor-element-4a292fd e-con-full e-flex e-con e-child\" data-id=\"4a292fd\" data-element_type=\"container\" data-e-type=\"container\">\n\t\t\t\t<div class=\"elementor-element elementor-element-a734e9a elementor-widget elementor-widget-image\" data-id=\"a734e9a\" data-element_type=\"widget\" data-e-type=\"widget\" data-widget_type=\"image.default\">\n\t\t\t\t<div class=\"elementor-widget-container\">\n\t\t\t\t\t\t\t\t\t\t\t\t\t\t\t<img decoding=\"async\" width=\"751\" height=\"939\" src=\"https:\/\/nature-fineart.com\/vogelfotografie-spanien\/wp-content\/uploads\/2026\/08\/Hoeckerschwan-richtet-sich-auf-einem-Fluss-auf-und-schlaegt-mit-den-Fluegeln.jpg\" class=\"attachment-large size-large wp-image-10452\" alt=\"Hoeckerschwan richtet sich auf einem Fluss auf und schlaegt mit den Fluegeln\" srcset=\"https:\/\/nature-fineart.com\/vogelfotografie-spanien\/wp-content\/uploads\/2026\/08\/Hoeckerschwan-richtet-sich-auf-einem-Fluss-auf-und-schlaegt-mit-den-Fluegeln.jpg 819w, https:\/\/nature-fineart.com\/vogelfotografie-spanien\/wp-content\/uploads\/2026\/08\/Hoeckerschwan-richtet-sich-auf-einem-Fluss-auf-und-schlaegt-mit-den-Fluegeln-480x600.jpg 480w, https:\/\/nature-fineart.com\/vogelfotografie-spanien\/wp-content\/uploads\/2026\/08\/Hoeckerschwan-richtet-sich-auf-einem-Fluss-auf-und-schlaegt-mit-den-Fluegeln-768x960.jpg 768w\" sizes=\"(max-width: 751px) 100vw, 751px\" \/>\t\t\t\t\t\t\t\t\t\t\t\t\t\t\t<\/div>\n\t\t\t\t<\/div>\n\t\t\t\t<\/div>\n\t\t\t\t\t<\/div>\n\t\t\t\t<\/div>\n\t\t<div class=\"elementor-element elementor-element-dae7d64 e-flex e-con-boxed e-con e-parent\" data-id=\"dae7d64\" data-element_type=\"container\" data-e-type=\"container\">\n\t\t\t\t\t<div class=\"e-con-inner\">\n\t\t\t\t<div class=\"elementor-element elementor-element-231257f elementor-widget elementor-widget-html\" data-id=\"231257f\" data-element_type=\"widget\" data-e-type=\"widget\" data-widget_type=\"html.default\">\n\t\t\t\t<div class=\"elementor-widget-container\">\n\t\t\t\t\t<h2>Der Start eines H\u00f6ckerschwans<\/h2>\n\n<p>\nDurch seine enorme K\u00f6rpergr\u00f6\u00dfe ben\u00f6tigt der H\u00f6ckerschwan beim Start vom Wasser normalerweise eine l\u00e4ngere Anlaufstrecke. Dabei beschleunigt er \u00fcber die Wasseroberfl\u00e4che und unterst\u00fctzt den Start mit kr\u00e4ftigen Fl\u00fcgelschl\u00e4gen.\n<\/p>\n\n<p>\nF\u00fcr Fotografen kann diese Phase besonders interessant sein, weil \u00fcber mehrere Augenblicke hinweg Bewegung entsteht. Wer bereits vor dem eigentlichen Abheben vorbereitet ist, hat gute Chancen auf eine ganze Serie dynamischer Aufnahmen.\n<\/p>\t\t\t\t<\/div>\n\t\t\t\t<\/div>\n\t\t\t\t\t<\/div>\n\t\t\t\t<\/div>\n\t\t<div class=\"elementor-element elementor-element-5a6fad5 e-flex e-con-boxed e-con e-parent\" data-id=\"5a6fad5\" data-element_type=\"container\" data-e-type=\"container\">\n\t\t\t\t\t<div class=\"e-con-inner\">\n\t\t<div class=\"elementor-element elementor-element-dc237fa e-con-full e-flex e-con e-child\" data-id=\"dc237fa\" data-element_type=\"container\" data-e-type=\"container\">\n\t\t\t\t<div class=\"elementor-element elementor-element-bbc00e2 elementor-widget elementor-widget-image\" data-id=\"bbc00e2\" data-element_type=\"widget\" data-e-type=\"widget\" data-widget_type=\"image.default\">\n\t\t\t\t<div class=\"elementor-widget-container\">\n\t\t\t\t\t\t\t\t\t\t\t\t\t\t\t<img loading=\"lazy\" decoding=\"async\" width=\"751\" height=\"504\" src=\"https:\/\/nature-fineart.com\/vogelfotografie-spanien\/wp-content\/uploads\/2026\/08\/Hoeckerschwan-mit-charakteristisch-gebogenem-Hals-in-einer-natuerlichen-Kuestenlandschaft.jpg\" class=\"attachment-large size-large wp-image-10453\" alt=\"H\u00f6ckerschwan mit charakteristisch gebogenem Hals in einer nat\u00fcrlichen K\u00fcstenlandschaft\" srcset=\"https:\/\/nature-fineart.com\/vogelfotografie-spanien\/wp-content\/uploads\/2026\/08\/Hoeckerschwan-mit-charakteristisch-gebogenem-Hals-in-einer-natuerlichen-Kuestenlandschaft.jpg 1024w, https:\/\/nature-fineart.com\/vogelfotografie-spanien\/wp-content\/uploads\/2026\/08\/Hoeckerschwan-mit-charakteristisch-gebogenem-Hals-in-einer-natuerlichen-Kuestenlandschaft-600x403.jpg 600w, https:\/\/nature-fineart.com\/vogelfotografie-spanien\/wp-content\/uploads\/2026\/08\/Hoeckerschwan-mit-charakteristisch-gebogenem-Hals-in-einer-natuerlichen-Kuestenlandschaft-768x515.jpg 768w\" sizes=\"(max-width: 751px) 100vw, 751px\" \/>\t\t\t\t\t\t\t\t\t\t\t\t\t\t\t<\/div>\n\t\t\t\t<\/div>\n\t\t\t\t<\/div>\n\t\t<div class=\"elementor-element elementor-element-f995141 e-con-full e-flex e-con e-child\" data-id=\"f995141\" data-element_type=\"container\" data-e-type=\"container\">\n\t\t\t\t<div class=\"elementor-element elementor-element-f919a62 elementor-widget elementor-widget-html\" data-id=\"f919a62\" data-element_type=\"widget\" data-e-type=\"widget\" data-widget_type=\"html.default\">\n\t\t\t\t<div class=\"elementor-widget-container\">\n\t\t\t\t\t<h2>Nahrung und der lange Hals<\/h2>\n\n<p>\nH\u00f6ckerschw\u00e4ne ern\u00e4hren sich \u00fcberwiegend von Wasser- und Uferpflanzen. H\u00e4ufig tauchen sie Kopf und Hals tief ins Wasser, w\u00e4hrend der K\u00f6rper an der Oberfl\u00e4che bleibt.\n<\/p>\n\n<p>\nDer au\u00dfergew\u00f6hnlich lange Hals erm\u00f6glicht es ihnen, Vegetation zu erreichen, die f\u00fcr kleinere Wasserv\u00f6gel deutlich schwerer zug\u00e4nglich ist. Teilweise kippt der K\u00f6rper dabei nach vorne, w\u00e4hrend Hinterk\u00f6rper und Schwanz aus dem Wasser ragen.\n<\/p>\t\t\t\t<\/div>\n\t\t\t\t<\/div>\n\t\t\t\t<\/div>\n\t\t\t\t\t<\/div>\n\t\t\t\t<\/div>\n\t\t<div class=\"elementor-element elementor-element-c721e7d e-flex e-con-boxed e-con e-parent\" data-id=\"c721e7d\" data-element_type=\"container\" data-e-type=\"container\">\n\t\t\t\t\t<div class=\"e-con-inner\">\n\t\t\t\t<div class=\"elementor-element elementor-element-f78088a elementor-widget elementor-widget-html\" data-id=\"f78088a\" data-element_type=\"widget\" data-e-type=\"widget\" data-widget_type=\"html.default\">\n\t\t\t\t<div class=\"elementor-widget-container\">\n\t\t\t\t\t<p>\nNeben pflanzlicher Nahrung k\u00f6nnen auch kleine aquatische Tiere wie Insekten oder Mollusken aufgenommen werden, sie bilden jedoch nicht den Schwerpunkt der Ern\u00e4hrung.\n<\/p>\n\n<h2>Lebensraum<\/h2>\n\n<p>\nH\u00f6ckerschw\u00e4ne sind nicht ausschlie\u00dflich Bewohner von Parkteichen und S\u00fc\u00dfwasserseen. Sie nutzen auch langsam flie\u00dfende Fl\u00fcsse, Marschen, Lagunen, \u00c4stuare und andere k\u00fcstennahe Gew\u00e4sser.\n<\/p>\n\n<p>\nEntscheidend sind geeignete Wasserfl\u00e4chen mit ausreichendem Nahrungsangebot sowie Bereiche, die den V\u00f6geln Ruhe- und R\u00fcckzugsm\u00f6glichkeiten bieten. Gerade nat\u00fcrliche Feuchtgebiete und gesch\u00fctzte K\u00fcstenlandschaften zeigen eine Seite des H\u00f6ckerschwans, die sich deutlich vom vertrauten Bild des Parkvogels unterscheiden kann.\n<\/p>\t\t\t\t<\/div>\n\t\t\t\t<\/div>\n\t\t\t\t\t<\/div>\n\t\t\t\t<\/div>\n\t\t<div class=\"elementor-element elementor-element-bc7002e e-flex e-con-boxed e-con e-parent\" data-id=\"bc7002e\" data-element_type=\"container\" data-e-type=\"container\">\n\t\t\t\t\t<div class=\"e-con-inner\">\n\t\t<div class=\"elementor-element elementor-element-c0ab948 e-con-full e-flex e-con e-child\" data-id=\"c0ab948\" data-element_type=\"container\" data-e-type=\"container\">\n\t\t\t\t<div class=\"elementor-element elementor-element-54e119f elementor-widget elementor-widget-image\" data-id=\"54e119f\" data-element_type=\"widget\" data-e-type=\"widget\" data-widget_type=\"image.default\">\n\t\t\t\t<div class=\"elementor-widget-container\">\n\t\t\t\t\t\t\t\t\t\t\t\t\t\t\t<img loading=\"lazy\" decoding=\"async\" width=\"751\" height=\"929\" src=\"https:\/\/nature-fineart.com\/vogelfotografie-spanien\/wp-content\/uploads\/2026\/08\/Hoeckerschwan-laeuft-durch-eine-von-Ebbe-gepraegte-Kuestenlandschaft-im-Norden-Spaniens.jpg\" class=\"attachment-large size-large wp-image-10454\" alt=\"H\u00f6ckerschwan l\u00e4uft durch eine von Ebbe gepr\u00e4gte K\u00fcstenlandschaft im Norden Spaniens\" srcset=\"https:\/\/nature-fineart.com\/vogelfotografie-spanien\/wp-content\/uploads\/2026\/08\/Hoeckerschwan-laeuft-durch-eine-von-Ebbe-gepraegte-Kuestenlandschaft-im-Norden-Spaniens.jpg 828w, https:\/\/nature-fineart.com\/vogelfotografie-spanien\/wp-content\/uploads\/2026\/08\/Hoeckerschwan-laeuft-durch-eine-von-Ebbe-gepraegte-Kuestenlandschaft-im-Norden-Spaniens-485x600.jpg 485w, https:\/\/nature-fineart.com\/vogelfotografie-spanien\/wp-content\/uploads\/2026\/08\/Hoeckerschwan-laeuft-durch-eine-von-Ebbe-gepraegte-Kuestenlandschaft-im-Norden-Spaniens-768x950.jpg 768w\" sizes=\"(max-width: 751px) 100vw, 751px\" \/>\t\t\t\t\t\t\t\t\t\t\t\t\t\t\t<\/div>\n\t\t\t\t<\/div>\n\t\t\t\t<\/div>\n\t\t<div class=\"elementor-element elementor-element-587ec99 e-con-full e-flex e-con e-child\" data-id=\"587ec99\" data-element_type=\"container\" data-e-type=\"container\">\n\t\t\t\t<div class=\"elementor-element elementor-element-da1a4b7 elementor-widget elementor-widget-html\" data-id=\"da1a4b7\" data-element_type=\"widget\" data-e-type=\"widget\" data-widget_type=\"html.default\">\n\t\t\t\t<div class=\"elementor-widget-container\">\n\t\t\t\t\t<h2>H\u00f6ckerschwan fotografieren<\/h2>\n\n<p>\nDurch seine Gr\u00f6\u00dfe ist der H\u00f6ckerschwan fotografisch zun\u00e4chst relativ einfach im Sucher zu finden. Gleichzeitig sollte bei n\u00e4heren Aufnahmen gen\u00fcgend Platz f\u00fcr den langen Hals und den gesamten K\u00f6rper eingeplant werden.\n<\/p>\n\n<p>\nBesonders wichtig ist die Belichtung des wei\u00dfen Gefieders. Bei direkter Sonne k\u00f6nnen helle Bereiche schnell Zeichnung verlieren. Gleichzeitig sollten in den etwas dunkleren Kopf-, Schnabel- und Schattenbereichen noch gen\u00fcgend Details erhalten bleiben.\n<\/p>\n\n<p>\nEine niedrige Perspektive funktioniert auch beim H\u00f6ckerschwan sehr gut. Da der Vogel allerdings deutlich gr\u00f6\u00dfer ist als viele Enten, muss man daf\u00fcr nicht unbedingt extrem nah an die Wasseroberfl\u00e4che kommen.\n<\/p>\t\t\t\t<\/div>\n\t\t\t\t<\/div>\n\t\t\t\t<\/div>\n\t\t\t\t\t<\/div>\n\t\t\t\t<\/div>\n\t\t<div class=\"elementor-element elementor-element-13fe495 e-flex e-con-boxed e-con e-parent\" data-id=\"13fe495\" data-element_type=\"container\" data-e-type=\"container\">\n\t\t\t\t\t<div class=\"e-con-inner\">\n\t\t\t\t<div class=\"elementor-element elementor-element-eff6e55 elementor-widget elementor-widget-html\" data-id=\"eff6e55\" data-element_type=\"widget\" data-e-type=\"widget\" data-widget_type=\"html.default\">\n\t\t\t\t<div class=\"elementor-widget-container\">\n\t\t\t\t\t<h2>Freilebende Schw\u00e4ne k\u00f6nnen ganz anders reagieren<\/h2>\n\n<p>\nViele Menschen kennen H\u00f6ckerschw\u00e4ne als sehr zutrauliche V\u00f6gel, die sich in Parks teilweise sogar aus der Hand f\u00fcttern lassen.\n<\/p>\n\n<p>\nMeine frei lebenden H\u00f6ckerschw\u00e4ne in Nordspanien habe ich dagegen deutlich vorsichtiger erlebt. Die Tiere hielten Abstand und reagierten aufmerksam auf ihre Umgebung.\n<\/p>\n\n<p>\nGerade bei solchen V\u00f6geln ist es wichtig, ausreichend Distanz zu halten und nicht zu versuchen, f\u00fcr ein nahes Portr\u00e4t immer weiter heranzugehen. H\u00e4ufig entstehen die interessanteren Bilder ohnehin dann, wenn der Lebensraum Teil der Aufnahme bleibt.\n<\/p>\t\t\t\t<\/div>\n\t\t\t\t<\/div>\n\t\t\t\t\t<\/div>\n\t\t\t\t<\/div>\n\t\t<div class=\"elementor-element elementor-element-4624480 e-flex e-con-boxed e-con e-parent\" data-id=\"4624480\" data-element_type=\"container\" data-e-type=\"container\">\n\t\t\t\t\t<div class=\"e-con-inner\">\n\t\t<div class=\"elementor-element elementor-element-f8b4eb5 e-con-full e-flex e-con e-child\" data-id=\"f8b4eb5\" data-element_type=\"container\" data-e-type=\"container\">\n\t\t\t\t<div class=\"elementor-element elementor-element-b4851a9 elementor-widget elementor-widget-html\" data-id=\"b4851a9\" data-element_type=\"widget\" data-e-type=\"widget\" data-widget_type=\"html.default\">\n\t\t\t\t<div class=\"elementor-widget-container\">\n\t\t\t\t\t<h2>Der Schwan als Teil der Landschaft<\/h2>\n\n<p>\nGerade beim H\u00f6ckerschwan finde ich es interessant, nicht ausschlie\u00dflich klassische Portr\u00e4ts zu fotografieren. Der lange Hals und der gro\u00dfe wei\u00dfe K\u00f6rper lassen sich sehr gut als Gestaltungselement in eine Landschaft integrieren.\n<\/p>\n\n<p>\nGr\u00e4ser, Wattfl\u00e4chen, Wasser oder eine ruhige K\u00fcstenlinie k\u00f6nnen dabei st\u00e4rker zum Bild geh\u00f6ren. So entsteht ein v\u00f6llig anderer Eindruck als bei einem eng fotografierten Schwan auf einem Parkteich.\n<\/p>\n\n<h2>Eine Art zwischen Alltag und Mythos<\/h2>\n\n<p>\nKaum ein Wasservogel ist kulturell so stark mit Eleganz und Sch\u00f6nheit verbunden wie der Schwan. Gleichzeitig ist der H\u00f6ckerschwan vielerorts so h\u00e4ufig und vertraut geworden, dass man ihn als Naturfotograf leicht \u00fcbersieht.\n<\/p>\t\t\t\t<\/div>\n\t\t\t\t<\/div>\n\t\t\t\t<\/div>\n\t\t<div class=\"elementor-element elementor-element-b246093 e-con-full e-flex e-con e-child\" data-id=\"b246093\" data-element_type=\"container\" data-e-type=\"container\">\n\t\t\t\t<div class=\"elementor-element elementor-element-fd03cee elementor-widget elementor-widget-image\" data-id=\"fd03cee\" data-element_type=\"widget\" data-e-type=\"widget\" data-widget_type=\"image.default\">\n\t\t\t\t<div class=\"elementor-widget-container\">\n\t\t\t\t\t\t\t\t\t\t\t\t\t\t\t<img loading=\"lazy\" decoding=\"async\" width=\"751\" height=\"954\" src=\"https:\/\/nature-fineart.com\/vogelfotografie-spanien\/wp-content\/uploads\/2026\/08\/Hoeckerschwan-zwischen-hohen-Kuestengraesern-mit-dem-Meer-im-Hintergrund.jpg\" class=\"attachment-large size-large wp-image-10455\" alt=\"\" srcset=\"https:\/\/nature-fineart.com\/vogelfotografie-spanien\/wp-content\/uploads\/2026\/08\/Hoeckerschwan-zwischen-hohen-Kuestengraesern-mit-dem-Meer-im-Hintergrund.jpg 806w, https:\/\/nature-fineart.com\/vogelfotografie-spanien\/wp-content\/uploads\/2026\/08\/Hoeckerschwan-zwischen-hohen-Kuestengraesern-mit-dem-Meer-im-Hintergrund-472x600.jpg 472w, https:\/\/nature-fineart.com\/vogelfotografie-spanien\/wp-content\/uploads\/2026\/08\/Hoeckerschwan-zwischen-hohen-Kuestengraesern-mit-dem-Meer-im-Hintergrund-768x976.jpg 768w\" sizes=\"(max-width: 751px) 100vw, 751px\" \/>\t\t\t\t\t\t\t\t\t\t\t\t\t\t\t<\/div>\n\t\t\t\t<\/div>\n\t\t\t\t<\/div>\n\t\t\t\t\t<\/div>\n\t\t\t\t<\/div>\n\t\t<div class=\"elementor-element elementor-element-3aca7f4 e-flex e-con-boxed e-con e-parent\" data-id=\"3aca7f4\" data-element_type=\"container\" data-e-type=\"container\">\n\t\t\t\t\t<div class=\"e-con-inner\">\n\t\t\t\t<div class=\"elementor-element elementor-element-ffab3ee elementor-widget elementor-widget-html\" data-id=\"ffab3ee\" data-element_type=\"widget\" data-e-type=\"widget\" data-widget_type=\"html.default\">\n\t\t\t\t<div class=\"elementor-widget-container\">\n\t\t\t\t\t<p>\nF\u00fcr mich wurde die Art gerade durch die Begegnungen in nat\u00fcrlichen Landschaften wieder interessanter. Ein vorsichtiger H\u00f6ckerschwan zwischen K\u00fcstengr\u00e4sern oder in einer weiten Gezeitenlandschaft wirkt vollkommen anders als derselbe Vogel an einem st\u00e4dtischen Teich.\n<\/p>\n\n<p>\nSolche Beobachtungen zeigen f\u00fcr mich sehr sch\u00f6n, dass auch bekannte Arten fotografisch wieder spannend werden k\u00f6nnen, wenn Lebensraum, Licht und Verhalten zusammenkommen.\n<\/p>\n\n<h2>Weitere Wasserv\u00f6gel entdecken<\/h2>\n\n<p>\nWenn dich gro\u00dfe Wasserv\u00f6gel und Enten interessieren, findest du auf meiner Website weitere Artenportr\u00e4ts zur\n<a href=\"https:\/\/nature-fineart.com\/vogelfotografie-spanien\/graugans\/\">Graugans<\/a>,\n<a href=\"https:\/\/nature-fineart.com\/vogelfotografie-spanien\/brandgans\/\">Brandgans<\/a>,\n<a href=\"https:\/\/nature-fineart.com\/vogelfotografie-spanien\/stockente\/\">Stockente<\/a>\nund zur\n<a href=\"https:\/\/nature-fineart.com\/vogelfotografie-spanien\/kolbenente\/\">Kolbenente<\/a>.\n<\/p>\n\n<h2>Zwischen Faszination und Verantwortung<\/h2>\n\n<p>\nGerade bei vorsichtigen frei lebenden V\u00f6geln entscheidet der Abstand dar\u00fcber, ob eine nat\u00fcrliche Situation bestehen bleibt. Ein gutes Naturfoto sollte f\u00fcr mich nicht dadurch entstehen, dass ein Tier seinen Ruheplatz verlassen oder sein Verhalten wegen des Fotografen ver\u00e4ndern muss.\n<\/p>\n\n<p>\nMehr zu diesem Thema findest du in meinem Blogbeitrag\n<a href=\"https:\/\/nature-fineart.com\/vogelfotografie-spanien\/vogelfotografie-zwischen-faszination-und-verantwortung\/\">Zwischen Faszination und Verantwortung \u2013 wie Naturfotografen die Tierwelt sch\u00fctzen k\u00f6nnen<\/a>.\n<\/p>\n\n<h2>Natur erleben &amp; selbst fotografieren<\/h2>\n\n<p>\nWeitere M\u00f6glichkeiten zur Vogel- und Naturfotografie findest du in meiner\n<a href=\"https:\/\/nature-fineart.com\/vogelfotografie-spanien\/reisen\/\">\u00dcbersicht der Fotoreisen in Spanien<\/a>.\n<\/p>\n\n<p>\nJe nach Jahreszeit und Region stehen unterschiedliche Vogelarten, Lebensr\u00e4ume und fotografische Situationen im Mittelpunkt.\n<\/p>\n\n<h2>Weitere Vogelarten entdecken<\/h2>\n\n<p>\nIn meiner\n<a href=\"https:\/\/nature-fineart.com\/vogelfotografie-spanien\/tierarten-fotografie\/\">Arten\u00fcbersicht<\/a>\nfindest du zahlreiche weitere Artenportr\u00e4ts mit Informationen zu Lebensraum, Verhalten und praktischen Erfahrungen aus der Naturfotografie.\n<\/p>\n\n<h2>Interesse an einer Fotoreise?<\/h2>\n\n<p>\nDu m\u00f6chtest die Vogelwelt Spaniens selbst erleben und fotografieren? Nutze einfach das folgende Anfrageformular. Ich freue mich auf deine Nachricht.\n<\/p>\t\t\t\t<\/div>\n\t\t\t\t<\/div>\n\t\t\t\t\t<\/div>\n\t\t\t\t<\/div>\n\t\t<div class=\"elementor-element elementor-element-59f4a38 e-flex e-con-boxed e-con e-parent\" data-id=\"59f4a38\" data-element_type=\"container\" data-e-type=\"container\">\n\t\t\t\t\t<div class=\"e-con-inner\">\n\t\t\t\t<div class=\"elementor-element elementor-element-27bb90c elementor-widget elementor-widget-shortcode\" data-id=\"27bb90c\" data-element_type=\"widget\" data-e-type=\"widget\" data-widget_type=\"shortcode.default\">\n\t\t\t\t<div class=\"elementor-widget-container\">\n\t\t\t\t\t\t\t<div class=\"elementor-shortcode\"><style id=\"wpforms-css-vars-5929\">\n\t\t\t\t#wpforms-5929 {\n\t\t\t\t--wpforms-field-border-color: #5E5E5E;\n--wpforms-field-border-color-spare: #5E5E5E;\n--wpforms-field-text-color: #5e5e5e;\n--wpforms-label-color: #5e5e5e;\n--wpforms-label-sublabel-color: #5e5e5e;\n--wpforms-button-background-color: #6e7b4a;\n--wpforms-container-padding: 0px;\n--wpforms-container-border-width: 1px;\n--wpforms-container-border-radius: 3px;\n--wpforms-background-color: rgba(0, 0, 0, 0);\n--wpforms-field-size-input-height: 43px;\n--wpforms-field-size-input-spacing: 15px;\n--wpforms-field-size-font-size: 16px;\n--wpforms-field-size-line-height: 19px;\n--wpforms-field-size-padding-h: 14px;\n--wpforms-field-size-checkbox-size: 16px;\n--wpforms-field-size-sublabel-spacing: 5px;\n--wpforms-field-size-icon-size: 1;\n--wpforms-label-size-font-size: 16px;\n--wpforms-label-size-line-height: 19px;\n--wpforms-label-size-sublabel-font-size: 14px;\n--wpforms-label-size-sublabel-line-height: 17px;\n--wpforms-button-size-font-size: 17px;\n--wpforms-button-size-height: 41px;\n--wpforms-button-size-padding-h: 15px;\n--wpforms-button-size-margin-top: 10px;\n--wpforms-container-shadow-size-box-shadow: none;\n\t\t\t}\n\t\t\t<\/style><div class=\"wpforms-container wpforms-container-full wpforms-render-modern\" id=\"wpforms-5929\"><form id=\"wpforms-form-5929\" class=\"wpforms-validate wpforms-form wpforms-ajax-form\" data-formid=\"5929\" method=\"post\" enctype=\"multipart\/form-data\" action=\"\/vogelfotografie-spanien\/wp-json\/wp\/v2\/pages\/10448\" data-token=\"6fe8dd5e8c13da77c15288333c0eb977\" data-token-time=\"1788260835\"><noscript class=\"wpforms-error-noscript\">Bitte aktiviere JavaScript in deinem Browser, um dieses Formular fertigzustellen.<\/noscript><div id=\"wpforms-error-noscript\" style=\"display: none;\">Bitte aktiviere JavaScript in deinem Browser, um dieses Formular fertigzustellen.<\/div><div class=\"wpforms-field-container\"><div id=\"wpforms-5929-field_1-container\" class=\"wpforms-field wpforms-field-name\" data-field-id=\"1\"><fieldset><legend class=\"wpforms-field-label\">Name <span class=\"wpforms-required-label\" aria-hidden=\"true\">*<\/span><\/legend><div class=\"wpforms-field-row wpforms-field-medium\"><div class=\"wpforms-field-row-block wpforms-first wpforms-one-half\"><input type=\"text\" id=\"wpforms-5929-field_1\" class=\"wpforms-field-name-first wpforms-field-required\" name=\"wpforms[fields][1][first]\" aria-errormessage=\"wpforms-5929-field_1-error\" required><label for=\"wpforms-5929-field_1\" class=\"wpforms-field-sublabel after\">Vorname<\/label><\/div><div class=\"wpforms-field-row-block wpforms-one-half\"><input type=\"text\" id=\"wpforms-5929-field_1-last\" class=\"wpforms-field-name-last wpforms-field-required\" name=\"wpforms[fields][1][last]\" aria-errormessage=\"wpforms-5929-field_1-last-error\" required><label for=\"wpforms-5929-field_1-last\" class=\"wpforms-field-sublabel after\">Nachname<\/label><\/div><\/div><\/fieldset><\/div><div id=\"wpforms-5929-field_2-container\" class=\"wpforms-field wpforms-field-email\" data-field-id=\"2\"><label class=\"wpforms-field-label\" for=\"wpforms-5929-field_2\">E-Mail-Adresse <span class=\"wpforms-required-label\" aria-hidden=\"true\">*<\/span><\/label><input type=\"email\" id=\"wpforms-5929-field_2\" class=\"wpforms-field-medium wpforms-field-required\" name=\"wpforms[fields][2]\" spellcheck=\"false\" aria-errormessage=\"wpforms-5929-field_2-error\" required><\/div>\t\t<div id=\"wpforms-5929-field_4-container\"\n\t\t\tclass=\"wpforms-field wpforms-field-text\"\n\t\t\tdata-field-type=\"text\"\n\t\t\tdata-field-id=\"4\"\n\t\t\t>\n\t\t\t<label class=\"wpforms-field-label\" for=\"wpforms-5929-field_4\" >oder E-Mail-Adresse Kommentar<\/label>\n\t\t\t<input type=\"text\" id=\"wpforms-5929-field_4\" class=\"wpforms-field-medium\" name=\"wpforms[fields][4]\" >\n\t\t<\/div>\n\t\t<div id=\"wpforms-5929-field_3-container\" class=\"wpforms-field wpforms-field-textarea\" data-field-id=\"3\"><label class=\"wpforms-field-label\" for=\"wpforms-5929-field_3\">Kommentar oder Nachricht<\/label><textarea id=\"wpforms-5929-field_3\" class=\"wpforms-field-medium\" name=\"wpforms[fields][3]\" aria-errormessage=\"wpforms-5929-field_3-error\" ><\/textarea><\/div><script>\n\t\t\t\t( function() {\n\t\t\t\t\tconst style = document.createElement( 'style' );\n\t\t\t\t\tstyle.appendChild( document.createTextNode( '#wpforms-5929-field_4-container { position: absolute !important; overflow: hidden !important; display: inline !important; height: 1px !important; width: 1px !important; z-index: -1000 !important; padding: 0 !important; } #wpforms-5929-field_4-container input { visibility: hidden; } #wpforms-conversational-form-page #wpforms-5929-field_4-container label { counter-increment: none; }' ) );\n\t\t\t\t\tdocument.head.appendChild( style );\n\t\t\t\t\tdocument.currentScript?.remove();\n\t\t\t\t} )();\n\t\t\t<\/script><\/div><!-- .wpforms-field-container --><div class=\"wpforms-submit-container\" ><input type=\"hidden\" name=\"wpforms[id]\" value=\"5929\"><input type=\"hidden\" name=\"page_title\" value=\"\"><input type=\"hidden\" name=\"page_url\" value=\"https:\/\/nature-fineart.com\/vogelfotografie-spanien\/wp-json\/wp\/v2\/pages\/10448\"><input type=\"hidden\" name=\"url_referer\" value=\"\"><button type=\"submit\" name=\"wpforms[submit]\" id=\"wpforms-submit-5929\" class=\"wpforms-submit\" data-alt-text=\"Wird gesendet\u00a0\u2026\" data-submit-text=\"Anfrage senden\" aria-live=\"assertive\" value=\"wpforms-submit\">Anfrage senden<\/button><img loading=\"lazy\" decoding=\"async\" src=\"https:\/\/nature-fineart.com\/vogelfotografie-spanien\/wp-content\/plugins\/wpforms-lite\/assets\/images\/submit-spin.svg\" class=\"wpforms-submit-spinner\" style=\"display: none;\" width=\"26\" height=\"26\" alt=\"Wird geladen\"><\/div><\/form><\/div>  <!-- .wpforms-container --><\/div>\n\t\t\t\t\t\t<\/div>\n\t\t\t\t<\/div>\n\t\t\t\t\t<\/div>\n\t\t\t\t<\/div>\n\t\t\t\t<\/div>\n\t\t","protected":false},"excerpt":{"rendered":"<p>Der H\u00f6ckerschwan (Cygnus olor) geh\u00f6rt zu den bekanntesten Wasserv\u00f6geln Europas. Viele kennen ihn vor allem von Parkteichen und st\u00e4dtischen Gew\u00e4ssern, wo einzelne Tiere ausgesprochen zutraulich werden k\u00f6nnen. In einer nat\u00fcrlichen K\u00fcstenlandschaft wirkt derselbe Vogel jedoch pl\u00f6tzlich ganz anders. Meine eindrucksvollsten Begegnungen mit frei lebenden H\u00f6ckerschw\u00e4nen hatte ich im Norden Spaniens. Eine kleine Gruppe hielt sich&#8230;<\/p>\n","protected":false},"author":2,"featured_media":0,"parent":0,"menu_order":0,"comment_status":"closed","ping_status":"closed","template":"","meta":{"footnotes":""},"class_list":["post-10448","page","type-page","status-publish","hentry"],"_links":{"self":[{"href":"https:\/\/nature-fineart.com\/vogelfotografie-spanien\/wp-json\/wp\/v2\/pages\/10448","targetHints":{"allow":["GET"]}}],"collection":[{"href":"https:\/\/nature-fineart.com\/vogelfotografie-spanien\/wp-json\/wp\/v2\/pages"}],"about":[{"href":"https:\/\/nature-fineart.com\/vogelfotografie-spanien\/wp-json\/wp\/v2\/types\/page"}],"author":[{"embeddable":true,"href":"https:\/\/nature-fineart.com\/vogelfotografie-spanien\/wp-json\/wp\/v2\/users\/2"}],"replies":[{"embeddable":true,"href":"https:\/\/nature-fineart.com\/vogelfotografie-spanien\/wp-json\/wp\/v2\/comments?post=10448"}],"version-history":[{"count":4,"href":"https:\/\/nature-fineart.com\/vogelfotografie-spanien\/wp-json\/wp\/v2\/pages\/10448\/revisions"}],"predecessor-version":[{"id":10458,"href":"https:\/\/nature-fineart.com\/vogelfotografie-spanien\/wp-json\/wp\/v2\/pages\/10448\/revisions\/10458"}],"wp:attachment":[{"href":"https:\/\/nature-fineart.com\/vogelfotografie-spanien\/wp-json\/wp\/v2\/media?parent=10448"}],"curies":[{"name":"wp","href":"https:\/\/api.w.org\/{rel}","templated":true}]}}