{"id":10568,"date":"2026-08-25T10:22:14","date_gmt":"2026-08-25T08:22:14","guid":{"rendered":"https:\/\/nature-fineart.com\/vogelfotografie-spanien\/?page_id=10568"},"modified":"2026-08-25T10:27:46","modified_gmt":"2026-08-25T08:27:46","slug":"schwarzkehlchen","status":"publish","type":"page","link":"https:\/\/nature-fineart.com\/vogelfotografie-spanien\/schwarzkehlchen\/","title":{"rendered":"Schwarzkehlchen fotografieren"},"content":{"rendered":"\t\t<div data-elementor-type=\"wp-page\" data-elementor-id=\"10568\" class=\"elementor elementor-10568\">\n\t\t\t\t<div class=\"elementor-element elementor-element-2801b77 e-flex e-con-boxed e-con e-parent\" data-id=\"2801b77\" data-element_type=\"container\" data-e-type=\"container\">\n\t\t\t\t\t<div class=\"e-con-inner\">\n\t\t\r\n\t\t<div class=\"elementor-element elementor-element-5c4ac65 elementor-widget elementor-widget-html\" data-id=\"5c4ac65\" data-element_type=\"widget\" data-e-type=\"widget\" data-widget_type=\"html.default\">\n\t\t\t\t<div class=\"elementor-widget-container\">\n\t\t\t\t\t<p>Das Schwarzkehlchen (<em>Saxicola rubicola<\/em>) geh\u00f6rt zu den Singv\u00f6geln, denen ich in Spanien besonders h\u00e4ufig in offenen und halboffenen Landschaften begegne. Ich kenne die Art aus sehr unterschiedlichen Lebensr\u00e4umen, vom Landesinneren und Mittelgebirge bis in k\u00fcstennahe Landschaften. Oft sitzt das Schwarzkehlchen gut sichtbar auf einem erh\u00f6hten Zweig, einem Strauch oder einem einzelnen Halm und beobachtet von dort seine Umgebung.<\/p>\n\n<p>Gerade dadurch wirkt die Art zun\u00e4chst wie ein vergleichsweise einfaches Fotomotiv. Fotografisch hat das Schwarzkehlchen jedoch einige Herausforderungen. Beim M\u00e4nnchen treffen ein sehr dunkler Kopf, ein dunkles Auge, helle Halsseiten und eine kr\u00e4ftig orangebraune Brust aufeinander. Dazu kommt das schnelle Verhalten des kleinen Singvogels. Wer sich etwas l\u00e4nger mit ihm besch\u00e4ftigt, findet deshalb zahlreiche M\u00f6glichkeiten, vom klassischen Portr\u00e4t \u00fcber Lebensraumaufnahmen bis zu Jagd- und Flugmomenten.<\/p>\t\t\t\t<\/div>\n\t\t\t\t<\/div>\n\t\t\t\t\t<\/div>\n\t\t\t\t<\/div>\n\t\t<div class=\"elementor-element elementor-element-8ae7206 e-flex e-con-boxed e-con e-parent\" data-id=\"8ae7206\" data-element_type=\"container\" data-e-type=\"container\">\n\t\t\t\t\t<div class=\"e-con-inner\">\n\t\t<div class=\"elementor-element elementor-element-8bb57a0 e-con-full e-flex e-con e-child\" data-id=\"8bb57a0\" data-element_type=\"container\" data-e-type=\"container\">\n\t\t\t\t<div class=\"elementor-element elementor-element-66652f3 elementor-widget elementor-widget-image\" data-id=\"66652f3\" data-element_type=\"widget\" data-e-type=\"widget\" data-widget_type=\"image.default\">\n\t\t\t\t<div class=\"elementor-widget-container\">\n\t\t\t\t\t\t\t\t\t\t\t\t\t\t\t<img fetchpriority=\"high\" decoding=\"async\" width=\"751\" height=\"501\" src=\"https:\/\/nature-fineart.com\/vogelfotografie-spanien\/wp-content\/uploads\/2026\/08\/Maennliches-Schwarzkehlchen-frontal-auf-einem-Ast-mit-orangebrauner-Brust-und-dunklem-Kopf.jpg\" class=\"attachment-large size-large wp-image-10570\" alt=\"M\u00e4nnliches Schwarzkehlchen frontal auf einem Ast mit orangebrauner Brust und dunklem Kopf\" srcset=\"https:\/\/nature-fineart.com\/vogelfotografie-spanien\/wp-content\/uploads\/2026\/08\/Maennliches-Schwarzkehlchen-frontal-auf-einem-Ast-mit-orangebrauner-Brust-und-dunklem-Kopf.jpg 1024w, https:\/\/nature-fineart.com\/vogelfotografie-spanien\/wp-content\/uploads\/2026\/08\/Maennliches-Schwarzkehlchen-frontal-auf-einem-Ast-mit-orangebrauner-Brust-und-dunklem-Kopf-600x400.jpg 600w, https:\/\/nature-fineart.com\/vogelfotografie-spanien\/wp-content\/uploads\/2026\/08\/Maennliches-Schwarzkehlchen-frontal-auf-einem-Ast-mit-orangebrauner-Brust-und-dunklem-Kopf-768x512.jpg 768w\" sizes=\"(max-width: 751px) 100vw, 751px\" \/>\t\t\t\t\t\t\t\t\t\t\t\t\t\t\t<\/div>\n\t\t\t\t<\/div>\n\t\t\t\t<\/div>\n\t\t<div class=\"elementor-element elementor-element-c9f875a e-con-full e-flex e-con e-child\" data-id=\"c9f875a\" data-element_type=\"container\" data-e-type=\"container\">\n\t\t\t\t<div class=\"elementor-element elementor-element-58cf879 elementor-widget elementor-widget-html\" data-id=\"58cf879\" data-element_type=\"widget\" data-e-type=\"widget\" data-widget_type=\"html.default\">\n\t\t\t\t<div class=\"elementor-widget-container\">\n\t\t\t\t\t<h2>Schwarzkehlchen in Spanien<\/h2>\n\n<p>Das Schwarzkehlchen ist auf der Iberischen Halbinsel weit verbreitet. Typische Lebensr\u00e4ume sind offene und halboffene Landschaften mit niedriger Vegetation, Str\u00e4uchern und geeigneten Ansitzwarten. Dazu geh\u00f6ren unter anderem Buschlandschaften, Weiden, Kulturlandschaften und lichte \u00dcbergangsbereiche.<\/p>\t\t\t\t<\/div>\n\t\t\t\t<\/div>\n\t\t\t\t<\/div>\n\t\t\t\t\t<\/div>\n\t\t\t\t<\/div>\n\t\t<div class=\"elementor-element elementor-element-d830a3c e-flex e-con-boxed e-con e-parent\" data-id=\"d830a3c\" data-element_type=\"container\" data-e-type=\"container\">\n\t\t\t\t\t<div class=\"e-con-inner\">\n\t\t\t\t<div class=\"elementor-element elementor-element-61f6646 elementor-widget elementor-widget-html\" data-id=\"61f6646\" data-element_type=\"widget\" data-e-type=\"widget\" data-widget_type=\"html.default\">\n\t\t\t\t<div class=\"elementor-widget-container\">\n\t\t\t\t\t<p>Diese Flexibilit\u00e4t erkl\u00e4rt auch meine sehr unterschiedlichen Beobachtungen in Spanien. Ich treffe Schwarzkehlchen sowohl im Landesinneren als auch in k\u00fcstennahen Gebieten und in h\u00f6heren Lagen an. Entscheidend ist weniger ein ganz bestimmter Landschaftstyp als eine geeignete Struktur aus offenen Fl\u00e4chen, niedriger Vegetation und Ansitzm\u00f6glichkeiten.<\/p>\n\n<p>Die Art l\u00e4sst sich in Spanien w\u00e4hrend des gesamten Jahres beobachten. Dabei ist die Situation allerdings etwas komplexer als bei einem ausschlie\u00dflich standorttreuen Vogel. Iberische Schwarzkehlchen k\u00f6nnen resident sein oder saisonale Bewegungen durchf\u00fchren. V\u00f6gel aus k\u00e4lteren Gebieten weichen teilweise in w\u00e4rmere Regionen aus, gleichzeitig erreichen im Winter zus\u00e4tzliche Schwarzkehlchen aus anderen Teilen Westeuropas die Iberische Halbinsel.<\/p>\t\t\t\t<\/div>\n\t\t\t\t<\/div>\n\t\t\t\t\t<\/div>\n\t\t\t\t<\/div>\n\t\t<div class=\"elementor-element elementor-element-eff63db e-flex e-con-boxed e-con e-parent\" data-id=\"eff63db\" data-element_type=\"container\" data-e-type=\"container\">\n\t\t\t\t\t<div class=\"e-con-inner\">\n\t\t<div class=\"elementor-element elementor-element-b624e48 e-con-full e-flex e-con e-child\" data-id=\"b624e48\" data-element_type=\"container\" data-e-type=\"container\">\n\t\t\t\t<div class=\"elementor-element elementor-element-795acf0 elementor-widget elementor-widget-html\" data-id=\"795acf0\" data-element_type=\"widget\" data-e-type=\"widget\" data-widget_type=\"html.default\">\n\t\t\t\t<div class=\"elementor-widget-container\">\n\t\t\t\t\t<h2>Schwarzkehlchen im Winter fotografieren<\/h2>\n\n<p>Spanien verbinde ich fotografisch oft mit warmem Licht und trockenen Landschaften. Doch auch Frost und Reif geh\u00f6ren in vielen Regionen zum Winter. Gerade dann k\u00f6nnen vertraute Vogelarten pl\u00f6tzlich in einer v\u00f6llig anderen Umgebung erscheinen.<\/p>\n\n<p>Bei einer meiner Winterbeobachtungen sa\u00df ein m\u00e4nnliches Schwarzkehlchen zwischen feinen, vollst\u00e4ndig mit Reif \u00fcberzogenen Zweigen. Das Wei\u00df der Vegetation bildet einen starken Kontrast zum dunklen Kopf und zur warm gef\u00e4rbten Brust des Vogels.<\/p>\n\n<p>Solche Situationen gefallen mir besonders, weil nicht nur die Art selbst, sondern auch Jahreszeit und Wetter Teil des Fotos werden. Gleichzeitig zeigt die Aufnahme, dass Schwarzkehlchen in Spanien auch w\u00e4hrend der kalten Monate regelm\u00e4\u00dfig zu beobachten sind.<\/p>\n\t\t\t\t<\/div>\n\t\t\t\t<\/div>\n\t\t\t\t<\/div>\n\t\t<div class=\"elementor-element elementor-element-9effc7d e-con-full e-flex e-con e-child\" data-id=\"9effc7d\" data-element_type=\"container\" data-e-type=\"container\">\n\t\t\t\t<div class=\"elementor-element elementor-element-1b5bb4c elementor-widget elementor-widget-image\" data-id=\"1b5bb4c\" data-element_type=\"widget\" data-e-type=\"widget\" data-widget_type=\"image.default\">\n\t\t\t\t<div class=\"elementor-widget-container\">\n\t\t\t\t\t\t\t\t\t\t\t\t\t\t\t<img decoding=\"async\" width=\"751\" height=\"1001\" src=\"https:\/\/nature-fineart.com\/vogelfotografie-spanien\/wp-content\/uploads\/2026\/08\/Maennliches-Schwarzkehlchen-zwischen-mit-Reif-bedeckten-Zweigen-im-Winter.jpg\" class=\"attachment-large size-large wp-image-10571\" alt=\"M\u00e4nnliches Schwarzkehlchen zwischen mit Reif bedeckten Zweigen im Winter\" srcset=\"https:\/\/nature-fineart.com\/vogelfotografie-spanien\/wp-content\/uploads\/2026\/08\/Maennliches-Schwarzkehlchen-zwischen-mit-Reif-bedeckten-Zweigen-im-Winter.jpg 768w, https:\/\/nature-fineart.com\/vogelfotografie-spanien\/wp-content\/uploads\/2026\/08\/Maennliches-Schwarzkehlchen-zwischen-mit-Reif-bedeckten-Zweigen-im-Winter-450x600.jpg 450w\" sizes=\"(max-width: 751px) 100vw, 751px\" \/>\t\t\t\t\t\t\t\t\t\t\t\t\t\t\t<\/div>\n\t\t\t\t<\/div>\n\t\t\t\t<\/div>\n\t\t\t\t\t<\/div>\n\t\t\t\t<\/div>\n\t\t<div class=\"elementor-element elementor-element-ce882f9 e-flex e-con-boxed e-con e-parent\" data-id=\"ce882f9\" data-element_type=\"container\" data-e-type=\"container\">\n\t\t\t\t\t<div class=\"e-con-inner\">\n\t\t\t\t<div class=\"elementor-element elementor-element-a29b6fe elementor-widget elementor-widget-html\" data-id=\"a29b6fe\" data-element_type=\"widget\" data-e-type=\"widget\" data-widget_type=\"html.default\">\n\t\t\t\t<div class=\"elementor-widget-container\">\n\t\t\t\t\t<h2>Nahrung und Jagdverhalten<\/h2>\n\n<p>Schwarzkehlchen ern\u00e4hren sich \u00fcberwiegend von kleinen und mittelgro\u00dfen Wirbellosen, insbesondere von Insekten. Erg\u00e4nzend k\u00f6nnen auch andere Nahrungsquellen wie Samen und Fr\u00fcchte genutzt werden.<\/p>\t\t\t\t<\/div>\n\t\t\t\t<\/div>\n\t\t\t\t\t<\/div>\n\t\t\t\t<\/div>\n\t\t<div class=\"elementor-element elementor-element-0d3d1d5 e-flex e-con-boxed e-con e-parent\" data-id=\"0d3d1d5\" data-element_type=\"container\" data-e-type=\"container\">\n\t\t\t\t\t<div class=\"e-con-inner\">\n\t\t<div class=\"elementor-element elementor-element-38ee39c e-con-full e-flex e-con e-child\" data-id=\"38ee39c\" data-element_type=\"container\" data-e-type=\"container\">\n\t\t\t\t<div class=\"elementor-element elementor-element-aa351c8 elementor-widget elementor-widget-image\" data-id=\"aa351c8\" data-element_type=\"widget\" data-e-type=\"widget\" data-widget_type=\"image.default\">\n\t\t\t\t<div class=\"elementor-widget-container\">\n\t\t\t\t\t\t\t\t\t\t\t\t\t\t\t<img decoding=\"async\" width=\"751\" height=\"501\" src=\"https:\/\/nature-fineart.com\/vogelfotografie-spanien\/wp-content\/uploads\/2026\/08\/Weibliches-Schwarzkehlchen-mit-einem-Insekt-im-Schnabel.jpg\" class=\"attachment-large size-large wp-image-10572\" alt=\"Weibliches Schwarzkehlchen mit einem Insekt im Schnabel\" srcset=\"https:\/\/nature-fineart.com\/vogelfotografie-spanien\/wp-content\/uploads\/2026\/08\/Weibliches-Schwarzkehlchen-mit-einem-Insekt-im-Schnabel.jpg 1024w, https:\/\/nature-fineart.com\/vogelfotografie-spanien\/wp-content\/uploads\/2026\/08\/Weibliches-Schwarzkehlchen-mit-einem-Insekt-im-Schnabel-600x400.jpg 600w, https:\/\/nature-fineart.com\/vogelfotografie-spanien\/wp-content\/uploads\/2026\/08\/Weibliches-Schwarzkehlchen-mit-einem-Insekt-im-Schnabel-768x512.jpg 768w\" sizes=\"(max-width: 751px) 100vw, 751px\" \/>\t\t\t\t\t\t\t\t\t\t\t\t\t\t\t<\/div>\n\t\t\t\t<\/div>\n\t\t\t\t<\/div>\n\t\t<div class=\"elementor-element elementor-element-da957c9 e-con-full e-flex e-con e-child\" data-id=\"da957c9\" data-element_type=\"container\" data-e-type=\"container\">\n\t\t\t\t<div class=\"elementor-element elementor-element-82f4ab4 elementor-widget elementor-widget-html\" data-id=\"82f4ab4\" data-element_type=\"widget\" data-e-type=\"widget\" data-widget_type=\"html.default\">\n\t\t\t\t<div class=\"elementor-widget-container\">\n\t\t\t\t\t<p>Typisch ist die Nutzung erh\u00f6hter Ansitzwarten. Ein Zweig, Strauch, Zaun oder stabiler Pflanzenst\u00e4ngel bietet dem kleinen Vogel einen guten \u00dcberblick \u00fcber die Umgebung. Von solchen Positionen kann er nach Beute Ausschau halten und anschlie\u00dfend schnell die Position wechseln oder zur Jagd starten.<\/p>\n\n<p>F\u00fcr Naturfotografen lohnt es sich deshalb, nicht nur den Vogel selbst zu beobachten, sondern auch seine bevorzugten Warten. Kehrt ein Schwarzkehlchen mehrfach in denselben Bereich zur\u00fcck, k\u00f6nnen sich mit etwas Geduld sehr unterschiedliche Situationen ergeben.<\/p>\t\t\t\t<\/div>\n\t\t\t\t<\/div>\n\t\t\t\t<\/div>\n\t\t\t\t\t<\/div>\n\t\t\t\t<\/div>\n\t\t<div class=\"elementor-element elementor-element-ccf2f48 e-flex e-con-boxed e-con e-parent\" data-id=\"ccf2f48\" data-element_type=\"container\" data-e-type=\"container\">\n\t\t\t\t\t<div class=\"e-con-inner\">\n\t\t<div class=\"elementor-element elementor-element-a5ffc6b e-con-full e-flex e-con e-child\" data-id=\"a5ffc6b\" data-element_type=\"container\" data-e-type=\"container\">\n\t\t\t\t<div class=\"elementor-element elementor-element-0b41952 elementor-widget elementor-widget-html\" data-id=\"0b41952\" data-element_type=\"widget\" data-e-type=\"widget\" data-widget_type=\"html.default\">\n\t\t\t\t<div class=\"elementor-widget-container\">\n\t\t\t\t\t<h2>Licht und Perspektive beim Fotografieren<\/h2>\n\n<p>Wie bei vielen kleinen Singv\u00f6geln fotografiere ich auch das Schwarzkehlchen besonders gerne m\u00f6glichst auf Augenh\u00f6he. Eine niedrige Perspektive kann Vorder- und Hintergrund ruhiger wirken lassen und den kleinen Vogel deutlicher von seiner Umgebung trennen.<\/p>\n\n<p>Interessant sind f\u00fcr mich vor allem die ersten und letzten Stunden des Tages. Weiches Licht erleichtert nicht nur die Belichtung, sondern kann auch die warmen Orange- und Braunt\u00f6ne des Gefieders hervorheben. Ein Lichtreflex im dunklen Auge gibt dem Vogel zus\u00e4tzlich Ausdruck.<\/p>\n\n<p>Dabei muss der Lebensraum nicht vollst\u00e4ndig verschwinden. Niedrige Vegetation, Gr\u00e4ser oder andere typische Strukturen k\u00f6nnen bewusst Bestandteil des Bildes bleiben und zeigen, in welcher Umgebung das Schwarzkehlchen lebt.<\/p>\t\t\t\t<\/div>\n\t\t\t\t<\/div>\n\t\t\t\t<\/div>\n\t\t<div class=\"elementor-element elementor-element-8f9680d e-con-full e-flex e-con e-child\" data-id=\"8f9680d\" data-element_type=\"container\" data-e-type=\"container\">\n\t\t\t\t<div class=\"elementor-element elementor-element-507f34c elementor-widget elementor-widget-image\" data-id=\"507f34c\" data-element_type=\"widget\" data-e-type=\"widget\" data-widget_type=\"image.default\">\n\t\t\t\t<div class=\"elementor-widget-container\">\n\t\t\t\t\t\t\t\t\t\t\t\t\t\t\t<img loading=\"lazy\" decoding=\"async\" width=\"751\" height=\"931\" src=\"https:\/\/nature-fineart.com\/vogelfotografie-spanien\/wp-content\/uploads\/2026\/08\/Maennliches-Schwarzkehlchen-im-ersten-Morgenlicht-zwischen-niedriger-Vegetation.jpg\" class=\"attachment-large size-large wp-image-10573\" alt=\"M\u00e4nnliches Schwarzkehlchen im ersten Morgenlicht zwischen niedriger Vegetation\" srcset=\"https:\/\/nature-fineart.com\/vogelfotografie-spanien\/wp-content\/uploads\/2026\/08\/Maennliches-Schwarzkehlchen-im-ersten-Morgenlicht-zwischen-niedriger-Vegetation.jpg 826w, https:\/\/nature-fineart.com\/vogelfotografie-spanien\/wp-content\/uploads\/2026\/08\/Maennliches-Schwarzkehlchen-im-ersten-Morgenlicht-zwischen-niedriger-Vegetation-484x600.jpg 484w, https:\/\/nature-fineart.com\/vogelfotografie-spanien\/wp-content\/uploads\/2026\/08\/Maennliches-Schwarzkehlchen-im-ersten-Morgenlicht-zwischen-niedriger-Vegetation-768x952.jpg 768w\" sizes=\"(max-width: 751px) 100vw, 751px\" \/>\t\t\t\t\t\t\t\t\t\t\t\t\t\t\t<\/div>\n\t\t\t\t<\/div>\n\t\t\t\t<\/div>\n\t\t\t\t\t<\/div>\n\t\t\t\t<\/div>\n\t\t<div class=\"elementor-element elementor-element-208dd92 e-flex e-con-boxed e-con e-parent\" data-id=\"208dd92\" data-element_type=\"container\" data-e-type=\"container\">\n\t\t\t\t\t<div class=\"e-con-inner\">\n\t\t<div class=\"elementor-element elementor-element-f568f99 e-con-full e-flex e-con e-child\" data-id=\"f568f99\" data-element_type=\"container\" data-e-type=\"container\">\n\t\t\t\t<div class=\"elementor-element elementor-element-2f23f3e elementor-widget elementor-widget-image\" data-id=\"2f23f3e\" data-element_type=\"widget\" data-e-type=\"widget\" data-widget_type=\"image.default\">\n\t\t\t\t<div class=\"elementor-widget-container\">\n\t\t\t\t\t\t\t\t\t\t\t\t\t\t\t<img loading=\"lazy\" decoding=\"async\" width=\"751\" height=\"939\" src=\"https:\/\/nature-fineart.com\/vogelfotografie-spanien\/wp-content\/uploads\/2026\/08\/Maennliches-Schwarzkehlchen-mit-geoeffneten-Fluegeln-beim-Abflug-von-einem-Schilfwedel.jpg\" class=\"attachment-large size-large wp-image-10574\" alt=\"M\u00e4nnliches Schwarzkehlchen mit ge\u00f6ffneten Fl\u00fcgeln beim Abflug von einem Schilfwedel\" srcset=\"https:\/\/nature-fineart.com\/vogelfotografie-spanien\/wp-content\/uploads\/2026\/08\/Maennliches-Schwarzkehlchen-mit-geoeffneten-Fluegeln-beim-Abflug-von-einem-Schilfwedel.jpg 819w, https:\/\/nature-fineart.com\/vogelfotografie-spanien\/wp-content\/uploads\/2026\/08\/Maennliches-Schwarzkehlchen-mit-geoeffneten-Fluegeln-beim-Abflug-von-einem-Schilfwedel-480x600.jpg 480w, https:\/\/nature-fineart.com\/vogelfotografie-spanien\/wp-content\/uploads\/2026\/08\/Maennliches-Schwarzkehlchen-mit-geoeffneten-Fluegeln-beim-Abflug-von-einem-Schilfwedel-768x960.jpg 768w\" sizes=\"(max-width: 751px) 100vw, 751px\" \/>\t\t\t\t\t\t\t\t\t\t\t\t\t\t\t<\/div>\n\t\t\t\t<\/div>\n\t\t\t\t<\/div>\n\t\t<div class=\"elementor-element elementor-element-7ae03ab e-con-full e-flex e-con e-child\" data-id=\"7ae03ab\" data-element_type=\"container\" data-e-type=\"container\">\n\t\t\t\t<div class=\"elementor-element elementor-element-c1aa7ad elementor-widget elementor-widget-html\" data-id=\"c1aa7ad\" data-element_type=\"widget\" data-e-type=\"widget\" data-widget_type=\"html.default\">\n\t\t\t\t<div class=\"elementor-widget-container\">\n\t\t\t\t\t<h2>Wenn aus einem ruhigen Ansitz pl\u00f6tzlich Bewegung wird<\/h2>\n\n<p>Schwarzkehlchen k\u00f6nnen l\u00e4ngere Zeit ruhig auf einer Warte sitzen und im n\u00e4chsten Moment blitzschnell abfliegen. Genau dieser Wechsel macht die Art fotografisch interessant.<\/p>\n\n<p>F\u00fcr ein ruhiges Portr\u00e4t ist nicht immer eine extrem kurze Verschlusszeit notwendig. M\u00f6chte ich dagegen Abfl\u00fcge, Jagdbewegungen oder andere schnelle Aktionen festhalten, w\u00e4hle ich eine deutlich k\u00fcrzere Verschlusszeit. Serienaufnahme und eine zuverl\u00e4ssige Augenerkennung k\u00f6nnen dabei zus\u00e4tzliche Unterst\u00fctzung bieten.<\/p>\n\n<p>Gerade beim Abflug lohnt es sich, im Bild etwas Raum in Bewegungsrichtung zu lassen und den Vogel nicht zu eng einzurahmen. Dadurch bleibt Platz f\u00fcr ge\u00f6ffnete Fl\u00fcgel und unerwartete Bewegungen.<\/p>\t\t\t\t<\/div>\n\t\t\t\t<\/div>\n\t\t\t\t<\/div>\n\t\t\t\t\t<\/div>\n\t\t\t\t<\/div>\n\t\t<div class=\"elementor-element elementor-element-0e53a74 e-flex e-con-boxed e-con e-parent\" data-id=\"0e53a74\" data-element_type=\"container\" data-e-type=\"container\">\n\t\t\t\t\t<div class=\"e-con-inner\">\n\t\t\t\t<div class=\"elementor-element elementor-element-673c2f9 elementor-widget elementor-widget-html\" data-id=\"673c2f9\" data-element_type=\"widget\" data-e-type=\"widget\" data-widget_type=\"html.default\">\n\t\t\t\t<div class=\"elementor-widget-container\">\n\t\t\t\t\t<h2>M\u00e4nnchen und Weibchen, zwei unterschiedliche Fotomotive<\/h2>\n\n<p>M\u00e4nnchen und Weibchen des Schwarzkehlchens unterscheiden sich deutlich in ihrer Wirkung. Beim adulten M\u00e4nnchen fallen besonders der dunkle Kopf, die hellen Halsseiten und die kr\u00e4ftig orangebraune Brust auf. Das Weibchen ist insgesamt brauner und weniger kontrastreich gezeichnet.<\/p>\t\t\t\t<\/div>\n\t\t\t\t<\/div>\n\t\t\t\t\t<\/div>\n\t\t\t\t<\/div>\n\t\t<div class=\"elementor-element elementor-element-1145d40 e-flex e-con-boxed e-con e-parent\" data-id=\"1145d40\" data-element_type=\"container\" data-e-type=\"container\">\n\t\t\t\t\t<div class=\"e-con-inner\">\n\t\t<div class=\"elementor-element elementor-element-7f9c492 e-con-full e-flex e-con e-child\" data-id=\"7f9c492\" data-element_type=\"container\" data-e-type=\"container\">\n\t\t\t\t<div class=\"elementor-element elementor-element-7a5893a elementor-widget elementor-widget-image\" data-id=\"7a5893a\" data-element_type=\"widget\" data-e-type=\"widget\" data-widget_type=\"image.default\">\n\t\t\t\t<div class=\"elementor-widget-container\">\n\t\t\t\t\t\t\t\t\t\t\t\t\t\t\t<img loading=\"lazy\" decoding=\"async\" width=\"751\" height=\"511\" src=\"https:\/\/nature-fineart.com\/vogelfotografie-spanien\/wp-content\/uploads\/2026\/08\/Weibliches-Schwarzkehlchen-auf-einem-flechtenbewachsenen-Stein-zwischen-trockenen-Graesern.jpg\" class=\"attachment-large size-large wp-image-10575\" alt=\"Weibliches Schwarzkehlchen auf einem flechtenbewachsenen Stein zwischen trockenen Gr\u00e4sern\" srcset=\"https:\/\/nature-fineart.com\/vogelfotografie-spanien\/wp-content\/uploads\/2026\/08\/Weibliches-Schwarzkehlchen-auf-einem-flechtenbewachsenen-Stein-zwischen-trockenen-Graesern.jpg 1024w, https:\/\/nature-fineart.com\/vogelfotografie-spanien\/wp-content\/uploads\/2026\/08\/Weibliches-Schwarzkehlchen-auf-einem-flechtenbewachsenen-Stein-zwischen-trockenen-Graesern-600x408.jpg 600w, https:\/\/nature-fineart.com\/vogelfotografie-spanien\/wp-content\/uploads\/2026\/08\/Weibliches-Schwarzkehlchen-auf-einem-flechtenbewachsenen-Stein-zwischen-trockenen-Graesern-768x523.jpg 768w\" sizes=\"(max-width: 751px) 100vw, 751px\" \/>\t\t\t\t\t\t\t\t\t\t\t\t\t\t\t<\/div>\n\t\t\t\t<\/div>\n\t\t\t\t<\/div>\n\t\t<div class=\"elementor-element elementor-element-6ad244e e-con-full e-flex e-con e-child\" data-id=\"6ad244e\" data-element_type=\"container\" data-e-type=\"container\">\n\t\t\t\t<div class=\"elementor-element elementor-element-7a513c5 elementor-widget elementor-widget-html\" data-id=\"7a513c5\" data-element_type=\"widget\" data-e-type=\"widget\" data-widget_type=\"html.default\">\n\t\t\t\t<div class=\"elementor-widget-container\">\n\t\t\t\t\t<p>Gerade diese zur\u00fcckhaltendere F\u00e4rbung finde ich fotografisch interessant. Zwischen trockenen Gr\u00e4sern, Steinen und erdigen Farbt\u00f6nen kann ein Weibchen deutlich st\u00e4rker mit seiner Umgebung verschmelzen als ein kontrastreich gef\u00e4rbtes M\u00e4nnchen.<\/p>\n\n<p>Auch Jungv\u00f6gel wirken zun\u00e4chst wesentlich unauff\u00e4lliger als adulte M\u00e4nnchen. Ihr Jugendkleid ist braun und deutlich gefleckt beziehungsweise geschuppt gezeichnet. Dadurch sollte man einen jungen Vogel nicht einfach aufgrund seiner unauff\u00e4lligen F\u00e4rbung als Weibchen bestimmen.<\/p>\t\t\t\t<\/div>\n\t\t\t\t<\/div>\n\t\t\t\t<\/div>\n\t\t\t\t\t<\/div>\n\t\t\t\t<\/div>\n\t\t<div class=\"elementor-element elementor-element-2b668db e-flex e-con-boxed e-con e-parent\" data-id=\"2b668db\" data-element_type=\"container\" data-e-type=\"container\">\n\t\t\t\t\t<div class=\"e-con-inner\">\n\t\t\t\t<div class=\"elementor-element elementor-element-85f7ab8 elementor-widget elementor-widget-html\" data-id=\"85f7ab8\" data-element_type=\"widget\" data-e-type=\"widget\" data-widget_type=\"html.default\">\n\t\t\t\t<div class=\"elementor-widget-container\">\n\t\t\t\t\t<h2>Schwarz, Wei\u00df und ein dunkles Auge richtig belichten<\/h2>\n\n<p>Eine der gr\u00f6\u00dften fotografischen Herausforderungen beim m\u00e4nnlichen Schwarzkehlchen ist f\u00fcr mich der starke Kontrast im Gefieder. Das Auge liegt in einem sehr dunklen Kopfbereich und kann dadurch schnell beinahe verschwinden. Gleichzeitig besitzen die M\u00e4nnchen auff\u00e4llig helle Gefiederpartien an den Halsseiten.<\/p>\n\n<p>Hebt man die Belichtung zu stark an, um mehr Zeichnung im dunklen Kopf sichtbar zu machen, k\u00f6nnen die hellen Bereiche schnell zu wenig Struktur zeigen. Besonders bei direkter spanischer Sonne sollte man deshalb die hellsten Stellen im Bild im Auge behalten.<\/p>\n\n<p>Weiches Licht oder ein leicht bew\u00f6lkter Himmel k\u00f6nnen diese Kontraste deutlich einfacher beherrschbar machen. Bei Sonne achte ich besonders darauf, dass die hellen Gefiederbereiche ihre Zeichnung behalten. Ein gut sichtbarer Lichtreflex im Auge kann zus\u00e4tzlich helfen, das dunkle Auge klar vom schwarzen Kopfgefieder abzusetzen.<\/p>\t\t\t\t<\/div>\n\t\t\t\t<\/div>\n\t\t\t\t\t<\/div>\n\t\t\t\t<\/div>\n\t\t<div class=\"elementor-element elementor-element-5fc364e e-flex e-con-boxed e-con e-parent\" data-id=\"5fc364e\" data-element_type=\"container\" data-e-type=\"container\">\n\t\t\t\t\t<div class=\"e-con-inner\">\n\t\t<div class=\"elementor-element elementor-element-7d15c84 e-con-full e-flex e-con e-child\" data-id=\"7d15c84\" data-element_type=\"container\" data-e-type=\"container\">\n\t\t\t\t<div class=\"elementor-element elementor-element-c8f7016 elementor-widget elementor-widget-image\" data-id=\"c8f7016\" data-element_type=\"widget\" data-e-type=\"widget\" data-widget_type=\"image.default\">\n\t\t\t\t<div class=\"elementor-widget-container\">\n\t\t\t\t\t\t\t\t\t\t\t\t\t\t\t<img loading=\"lazy\" decoding=\"async\" width=\"751\" height=\"866\" src=\"https:\/\/nature-fineart.com\/vogelfotografie-spanien\/wp-content\/uploads\/2026\/08\/Maennliches-Schwarzkehlchen-auf-einem-Schilfwedel-im-Wind.jpg\" class=\"attachment-large size-large wp-image-10576\" alt=\"\" srcset=\"https:\/\/nature-fineart.com\/vogelfotografie-spanien\/wp-content\/uploads\/2026\/08\/Maennliches-Schwarzkehlchen-auf-einem-Schilfwedel-im-Wind.jpg 888w, https:\/\/nature-fineart.com\/vogelfotografie-spanien\/wp-content\/uploads\/2026\/08\/Maennliches-Schwarzkehlchen-auf-einem-Schilfwedel-im-Wind-520x600.jpg 520w, https:\/\/nature-fineart.com\/vogelfotografie-spanien\/wp-content\/uploads\/2026\/08\/Maennliches-Schwarzkehlchen-auf-einem-Schilfwedel-im-Wind-768x886.jpg 768w\" sizes=\"(max-width: 751px) 100vw, 751px\" \/>\t\t\t\t\t\t\t\t\t\t\t\t\t\t\t<\/div>\n\t\t\t\t<\/div>\n\t\t\t\t<\/div>\n\t\t<div class=\"elementor-element elementor-element-5401447 e-con-full e-flex e-con e-child\" data-id=\"5401447\" data-element_type=\"container\" data-e-type=\"container\">\n\t\t\t\t<div class=\"elementor-element elementor-element-6a4995b elementor-widget elementor-widget-html\" data-id=\"6a4995b\" data-element_type=\"widget\" data-e-type=\"widget\" data-widget_type=\"html.default\">\n\t\t\t\t<div class=\"elementor-widget-container\">\n\t\t\t\t\t<h2>Ansitzwarten f\u00fcr die Bildgestaltung nutzen<\/h2>\n\n<p>Die Wahl des Ansitzes beeinflusst beim Schwarzkehlchen einen gro\u00dfen Teil der Bildwirkung. Ein nat\u00fcrlicher Zweig erz\u00e4hlt eine andere Geschichte als ein d\u00fcnner Pflanzenst\u00e4ngel oder ein Vogel zwischen dichter Vegetation.<\/p>\n\n<p>Besonders interessant wird es, wenn sich auch die Umgebung bewegt. Auf einem d\u00fcnnen Halm kann bereits Wind daf\u00fcr sorgen, dass sich Position und K\u00f6rperhaltung des Vogels st\u00e4ndig ver\u00e4ndern. Dann arbeite ich lieber mit etwas k\u00fcrzerer Verschlusszeit und beobachte, in welche Richtung sich der Ansitz bewegt.<\/p>\n\n<p>Statt jeden st\u00f6renden Halm aus dem Bild auszuschlie\u00dfen, kann man solche Strukturen bewusst in die Komposition integrieren. So entsteht nicht nur ein Portr\u00e4t des Vogels, sondern gleichzeitig ein Eindruck seines Lebensraums.<\/p>\t\t\t\t<\/div>\n\t\t\t\t<\/div>\n\t\t\t\t<\/div>\n\t\t\t\t\t<\/div>\n\t\t\t\t<\/div>\n\t\t<div class=\"elementor-element elementor-element-6328155 e-flex e-con-boxed e-con e-parent\" data-id=\"6328155\" data-element_type=\"container\" data-e-type=\"container\">\n\t\t\t\t\t<div class=\"e-con-inner\">\n\t\t\t\t<div class=\"elementor-element elementor-element-2455358 elementor-widget elementor-widget-html\" data-id=\"2455358\" data-element_type=\"widget\" data-e-type=\"widget\" data-widget_type=\"html.default\">\n\t\t\t\t<div class=\"elementor-widget-container\">\n\t\t\t\t\t<h2>Nestbau und Brutzeit<\/h2>\t\t\t\t<\/div>\n\t\t\t\t<\/div>\n\t\t\t\t\t<\/div>\n\t\t\t\t<\/div>\n\t\t<div class=\"elementor-element elementor-element-49a21e8 e-flex e-con-boxed e-con e-parent\" data-id=\"49a21e8\" data-element_type=\"container\" data-e-type=\"container\">\n\t\t\t\t\t<div class=\"e-con-inner\">\n\t\t<div class=\"elementor-element elementor-element-4cd142c e-con-full e-flex e-con e-child\" data-id=\"4cd142c\" data-element_type=\"container\" data-e-type=\"container\">\n\t\t\t\t<div class=\"elementor-element elementor-element-b81d4dd elementor-widget elementor-widget-image\" data-id=\"b81d4dd\" data-element_type=\"widget\" data-e-type=\"widget\" data-widget_type=\"image.default\">\n\t\t\t\t<div class=\"elementor-widget-container\">\n\t\t\t\t\t\t\t\t\t\t\t\t\t\t\t<img loading=\"lazy\" decoding=\"async\" width=\"751\" height=\"1001\" src=\"https:\/\/nature-fineart.com\/vogelfotografie-spanien\/wp-content\/uploads\/2026\/08\/Weibliches-Schwarzkehlchen-auf-einem-Ginsterbusch-mit-trockenem-Pflanzenmaterial-im-Schnabel.jpg\" class=\"attachment-large size-large wp-image-10577\" alt=\"Weibliches Schwarzkehlchen auf einem Ginsterbusch mit trockenem Pflanzenmaterial im Schnabel\" srcset=\"https:\/\/nature-fineart.com\/vogelfotografie-spanien\/wp-content\/uploads\/2026\/08\/Weibliches-Schwarzkehlchen-auf-einem-Ginsterbusch-mit-trockenem-Pflanzenmaterial-im-Schnabel.jpg 768w, https:\/\/nature-fineart.com\/vogelfotografie-spanien\/wp-content\/uploads\/2026\/08\/Weibliches-Schwarzkehlchen-auf-einem-Ginsterbusch-mit-trockenem-Pflanzenmaterial-im-Schnabel-450x600.jpg 450w\" sizes=\"(max-width: 751px) 100vw, 751px\" \/>\t\t\t\t\t\t\t\t\t\t\t\t\t\t\t<\/div>\n\t\t\t\t<\/div>\n\t\t\t\t<\/div>\n\t\t<div class=\"elementor-element elementor-element-6e3116a e-con-full e-flex e-con e-child\" data-id=\"6e3116a\" data-element_type=\"container\" data-e-type=\"container\">\n\t\t\t\t<div class=\"elementor-element elementor-element-f7af4d9 elementor-widget elementor-widget-html\" data-id=\"f7af4d9\" data-element_type=\"widget\" data-e-type=\"widget\" data-widget_type=\"html.default\">\n\t\t\t\t<div class=\"elementor-widget-container\">\n\t\t\t\t\t<p>W\u00e4hrend der Brutzeit lassen sich Schwarzkehlchen auch beim Transport von Pflanzenmaterial beobachten. Das Nest wird am Boden zwischen Vegetation angelegt und liegt h\u00e4ufig gesch\u00fctzt unter oder nahe einem Strauch. Es besteht unter anderem aus Gr\u00e4sern und trockenen Pflanzenteilen.<\/p>\n\n<p>Auf einer meiner Aufnahmen tr\u00e4gt ein Weibchen trockenes Pflanzenmaterial im Schnabel. Gerade solche kurzen Verhaltensmomente finde ich f\u00fcr ein Artenportr\u00e4t interessant, weil sie \u00fcber das klassische Foto eines Vogels auf einer Warte hinausgehen.<\/p>\n\n<p>Bei Beobachtungen w\u00e4hrend der Brutzeit ist Zur\u00fcckhaltung besonders wichtig. Ein Vogel mit Nistmaterial oder Nahrung sollte nicht verfolgt werden, um den Standort des Nestes zu finden. Mit ausreichend Abstand lassen sich nat\u00fcrliche Verhaltensweisen beobachten, ohne gezielt in den unmittelbaren Brutbereich einzugreifen.<\/p>\t\t\t\t<\/div>\n\t\t\t\t<\/div>\n\t\t\t\t<\/div>\n\t\t\t\t\t<\/div>\n\t\t\t\t<\/div>\n\t\t<div class=\"elementor-element elementor-element-49e0b82 e-flex e-con-boxed e-con e-parent\" data-id=\"49e0b82\" data-element_type=\"container\" data-e-type=\"container\">\n\t\t\t\t\t<div class=\"e-con-inner\">\n\t\t\t\t<div class=\"elementor-element elementor-element-a37be05 elementor-widget elementor-widget-html\" data-id=\"a37be05\" data-element_type=\"widget\" data-e-type=\"widget\" data-widget_type=\"html.default\">\n\t\t\t\t<div class=\"elementor-widget-container\">\n\t\t\t\t\t<h2>Warum ich Schwarzkehlchen immer wieder fotografiere<\/h2>\n\n<p>Obwohl ich Schwarzkehlchen in Spanien regelm\u00e4\u00dfig sehe, werden sie f\u00fcr mich fotografisch nicht langweilig. Die Art verbindet auff\u00e4lliges Gefieder mit sehr unterschiedlichen Lebensr\u00e4umen und einem aktiven Verhalten.<\/p>\n\n<p>Mal sitzt ein M\u00e4nnchen im ersten Morgenlicht auf einer freien Warte, mal erscheint ein Vogel zwischen bereiften Zweigen im Winter. Dazu kommen Jagd, Abflug, Nestbau und die deutlich unterschiedliche Wirkung von M\u00e4nnchen und Weibchen.<\/p>\n\n<p>Gerade bei h\u00e4ufigeren Arten lohnt es sich deshalb, nicht nur nach dem n\u00e4chsten perfekten Portr\u00e4t zu suchen. Oft entstehen die interessanteren Bilder dann, wenn Verhalten, Wetter, Jahreszeit und Lebensraum ebenfalls Teil der Aufnahme werden.<\/p>\n\n\n<h2>Weitere Singv\u00f6gel fotografieren<\/h2>\n\n<p>In den offenen und halboffenen Landschaften Spaniens lassen sich neben dem Schwarzkehlchen zahlreiche weitere interessante Singv\u00f6gel beobachten und fotografieren.<\/p>\n\n<ul>\n<li><a href=\"https:\/\/nature-fineart.com\/vogelfotografie-spanien\/blaukehlchen\/\">Blaukehlchen fotografieren<\/a><\/li>\n<li><a href=\"https:\/\/nature-fineart.com\/vogelfotografie-spanien\/hausrotschwanz\/\">Hausrotschwanz fotografieren<\/a><\/li>\n<li><a href=\"https:\/\/nature-fineart.com\/vogelfotografie-spanien\/brachpieper\/\">Brachpieper fotografieren<\/a><\/li>\n<li><a href=\"https:\/\/nature-fineart.com\/vogelfotografie-spanien\/zistensaenger\/\">Zistens\u00e4nger fotografieren<\/a><\/li>\n<\/ul>\n\n\n<h2>Vogelfotografie in Spanien<\/h2>\n\n<p>Das Schwarzkehlchen ist eine von vielen Vogelarten, denen ich auf meinen Fotoreisen durch Spanien begegne. Gerade die unterschiedlichen Landschaften und Jahreszeiten sorgen daf\u00fcr, dass selbst bekannte Arten immer wieder neue fotografische M\u00f6glichkeiten bieten.<\/p>\n\n<p><a href=\"https:\/\/nature-fineart.com\/vogelfotografie-spanien\/reisen\/\">Fotoreisen in Spanien entdecken<\/a><\/p>\n\n<p><a href=\"https:\/\/nature-fineart.com\/vogelfotografie-spanien\/tierarten-fotografie\/\">Weitere Tier- und Vogelarten entdecken<\/a><\/p>\n\n\n<h2>Naturfotografie im Wandel der Jahreszeiten<\/h2>\n\n<p>Jede Jahreszeit ver\u00e4ndert die M\u00f6glichkeiten der Naturfotografie in Spanien. Im Fr\u00fchjahr pr\u00e4gen Balz und Brutzeit viele Beobachtungen, w\u00e4hrend im Sommer andere Lichtstimmungen und Lebensr\u00e4ume in den Vordergrund treten. Herbst und Winter bringen wiederum Zugv\u00f6gel, ver\u00e4nderte Landschaften und manchmal sogar Frost und Reif.<\/p>\n\n<p>Auch beim Schwarzkehlchen zeigen sich diese Unterschiede besonders sch\u00f6n. Vom Nestbau im Fr\u00fchjahr bis zu Begegnungen zwischen bereiften Zweigen im Winter entstehen im Laufe des Jahres ganz unterschiedliche Motive. In meinem Blogbeitrag zeige ich, was die vier Jahreszeiten f\u00fcr die Natur- und Vogelfotografie in Spanien besonders macht.<\/p>\n\n<p><a href=\"https:\/\/nature-fineart.com\/vogelfotografie-spanien\/vogelfotografie-und-fotohides-in-spanien\/\">Naturfotografie in Spanien \u2013 die vier Jahreszeiten entdecken<\/a><\/p>\n\n\n<h2>Interesse an einer Fotoreise?<\/h2>\n\n<p>Du m\u00f6chtest die Vogelwelt Spaniens selbst erleben und fotografieren? Auf meinen Fotoreisen stehen nat\u00fcrliche Beobachtungen, kleine Gruppen und intensive fotografische Erlebnisse im Mittelpunkt. Wenn du Fragen zu einer Reise hast oder dich f\u00fcr einen Termin interessierst, kannst du mir hier direkt eine unverbindliche Anfrage senden.<\/p>\t\t\t\t<\/div>\n\t\t\t\t<\/div>\n\t\t\t\t\t<\/div>\n\t\t\t\t<\/div>\n\t\t<div class=\"elementor-element elementor-element-4819d54 e-flex e-con-boxed e-con e-parent\" data-id=\"4819d54\" data-element_type=\"container\" data-e-type=\"container\">\n\t\t\t\t\t<div class=\"e-con-inner\">\n\t\t\t\t<div class=\"elementor-element elementor-element-4e5aca4 elementor-widget elementor-widget-shortcode\" data-id=\"4e5aca4\" data-element_type=\"widget\" data-e-type=\"widget\" data-widget_type=\"shortcode.default\">\n\t\t\t\t<div class=\"elementor-widget-container\">\n\t\t\t\t\t\t\t<div class=\"elementor-shortcode\"><style id=\"wpforms-css-vars-5929\">\n\t\t\t\t#wpforms-5929 {\n\t\t\t\t--wpforms-field-border-color: #5E5E5E;\n--wpforms-field-border-color-spare: #5E5E5E;\n--wpforms-field-text-color: #5e5e5e;\n--wpforms-label-color: #5e5e5e;\n--wpforms-label-sublabel-color: #5e5e5e;\n--wpforms-button-background-color: #6e7b4a;\n--wpforms-container-padding: 0px;\n--wpforms-container-border-width: 1px;\n--wpforms-container-border-radius: 3px;\n--wpforms-background-color: rgba(0, 0, 0, 0);\n--wpforms-field-size-input-height: 43px;\n--wpforms-field-size-input-spacing: 15px;\n--wpforms-field-size-font-size: 16px;\n--wpforms-field-size-line-height: 19px;\n--wpforms-field-size-padding-h: 14px;\n--wpforms-field-size-checkbox-size: 16px;\n--wpforms-field-size-sublabel-spacing: 5px;\n--wpforms-field-size-icon-size: 1;\n--wpforms-label-size-font-size: 16px;\n--wpforms-label-size-line-height: 19px;\n--wpforms-label-size-sublabel-font-size: 14px;\n--wpforms-label-size-sublabel-line-height: 17px;\n--wpforms-button-size-font-size: 17px;\n--wpforms-button-size-height: 41px;\n--wpforms-button-size-padding-h: 15px;\n--wpforms-button-size-margin-top: 10px;\n--wpforms-container-shadow-size-box-shadow: none;\n\t\t\t}\n\t\t\t<\/style><div class=\"wpforms-container wpforms-container-full wpforms-render-modern\" id=\"wpforms-5929\"><form id=\"wpforms-form-5929\" class=\"wpforms-validate wpforms-form wpforms-ajax-form\" data-formid=\"5929\" method=\"post\" enctype=\"multipart\/form-data\" action=\"\/vogelfotografie-spanien\/wp-json\/wp\/v2\/pages\/10568\" data-token=\"6fe8dd5e8c13da77c15288333c0eb977\" data-token-time=\"1788258234\"><noscript class=\"wpforms-error-noscript\">Bitte aktiviere JavaScript in deinem Browser, um dieses Formular fertigzustellen.<\/noscript><div id=\"wpforms-error-noscript\" style=\"display: none;\">Bitte aktiviere JavaScript in deinem Browser, um dieses Formular fertigzustellen.<\/div><div class=\"wpforms-field-container\">\t\t<div id=\"wpforms-5929-field_4-container\"\n\t\t\tclass=\"wpforms-field wpforms-field-text\"\n\t\t\tdata-field-type=\"text\"\n\t\t\tdata-field-id=\"4\"\n\t\t\t>\n\t\t\t<label class=\"wpforms-field-label\" for=\"wpforms-5929-field_4\" >E-Mail-Adresse oder Name<\/label>\n\t\t\t<input type=\"text\" id=\"wpforms-5929-field_4\" class=\"wpforms-field-medium\" name=\"wpforms[fields][4]\" >\n\t\t<\/div>\n\t\t<div id=\"wpforms-5929-field_1-container\" class=\"wpforms-field wpforms-field-name\" data-field-id=\"1\"><fieldset><legend class=\"wpforms-field-label\">Name <span class=\"wpforms-required-label\" aria-hidden=\"true\">*<\/span><\/legend><div class=\"wpforms-field-row wpforms-field-medium\"><div class=\"wpforms-field-row-block wpforms-first wpforms-one-half\"><input type=\"text\" id=\"wpforms-5929-field_1\" class=\"wpforms-field-name-first wpforms-field-required\" name=\"wpforms[fields][1][first]\" aria-errormessage=\"wpforms-5929-field_1-error\" required><label for=\"wpforms-5929-field_1\" class=\"wpforms-field-sublabel after\">Vorname<\/label><\/div><div class=\"wpforms-field-row-block wpforms-one-half\"><input type=\"text\" id=\"wpforms-5929-field_1-last\" class=\"wpforms-field-name-last wpforms-field-required\" name=\"wpforms[fields][1][last]\" aria-errormessage=\"wpforms-5929-field_1-last-error\" required><label for=\"wpforms-5929-field_1-last\" class=\"wpforms-field-sublabel after\">Nachname<\/label><\/div><\/div><\/fieldset><\/div><div id=\"wpforms-5929-field_2-container\" class=\"wpforms-field wpforms-field-email\" data-field-id=\"2\"><label class=\"wpforms-field-label\" for=\"wpforms-5929-field_2\">E-Mail-Adresse <span class=\"wpforms-required-label\" aria-hidden=\"true\">*<\/span><\/label><input type=\"email\" id=\"wpforms-5929-field_2\" class=\"wpforms-field-medium wpforms-field-required\" name=\"wpforms[fields][2]\" spellcheck=\"false\" aria-errormessage=\"wpforms-5929-field_2-error\" required><\/div><div id=\"wpforms-5929-field_3-container\" class=\"wpforms-field wpforms-field-textarea\" data-field-id=\"3\"><label class=\"wpforms-field-label\" for=\"wpforms-5929-field_3\">Kommentar oder Nachricht<\/label><textarea id=\"wpforms-5929-field_3\" class=\"wpforms-field-medium\" name=\"wpforms[fields][3]\" aria-errormessage=\"wpforms-5929-field_3-error\" ><\/textarea><\/div><script>\n\t\t\t\t( function() {\n\t\t\t\t\tconst style = document.createElement( 'style' );\n\t\t\t\t\tstyle.appendChild( document.createTextNode( '#wpforms-5929-field_4-container { position: absolute !important; overflow: hidden !important; display: inline !important; height: 1px !important; width: 1px !important; z-index: -1000 !important; padding: 0 !important; } #wpforms-5929-field_4-container input { visibility: hidden; } #wpforms-conversational-form-page #wpforms-5929-field_4-container label { counter-increment: none; }' ) );\n\t\t\t\t\tdocument.head.appendChild( style );\n\t\t\t\t\tdocument.currentScript?.remove();\n\t\t\t\t} )();\n\t\t\t<\/script><\/div><!-- .wpforms-field-container --><div class=\"wpforms-submit-container\" ><input type=\"hidden\" name=\"wpforms[id]\" value=\"5929\"><input type=\"hidden\" name=\"page_title\" value=\"\"><input type=\"hidden\" name=\"page_url\" value=\"https:\/\/nature-fineart.com\/vogelfotografie-spanien\/wp-json\/wp\/v2\/pages\/10568\"><input type=\"hidden\" name=\"url_referer\" value=\"\"><button type=\"submit\" name=\"wpforms[submit]\" id=\"wpforms-submit-5929\" class=\"wpforms-submit\" data-alt-text=\"Wird gesendet\u00a0\u2026\" data-submit-text=\"Anfrage senden\" aria-live=\"assertive\" value=\"wpforms-submit\">Anfrage senden<\/button><img loading=\"lazy\" decoding=\"async\" src=\"https:\/\/nature-fineart.com\/vogelfotografie-spanien\/wp-content\/plugins\/wpforms-lite\/assets\/images\/submit-spin.svg\" class=\"wpforms-submit-spinner\" style=\"display: none;\" width=\"26\" height=\"26\" alt=\"Wird geladen\"><\/div><\/form><\/div>  <!-- .wpforms-container --><\/div>\n\t\t\t\t\t\t<\/div>\n\t\t\t\t<\/div>\n\t\t\t\t\t<\/div>\n\t\t\t\t<\/div>\n\t\t\t\t<\/div>\n\t\t","protected":false},"excerpt":{"rendered":"<p>Das Schwarzkehlchen (Saxicola rubicola) geh\u00f6rt zu den Singv\u00f6geln, denen ich in Spanien besonders h\u00e4ufig in offenen und halboffenen Landschaften begegne. Ich kenne die Art aus sehr unterschiedlichen Lebensr\u00e4umen, vom Landesinneren und Mittelgebirge bis in k\u00fcstennahe Landschaften. Oft sitzt das Schwarzkehlchen gut sichtbar auf einem erh\u00f6hten Zweig, einem Strauch oder einem einzelnen Halm und beobachtet von&#8230;<\/p>\n","protected":false},"author":2,"featured_media":0,"parent":0,"menu_order":0,"comment_status":"closed","ping_status":"closed","template":"","meta":{"footnotes":""},"class_list":["post-10568","page","type-page","status-publish","hentry"],"_links":{"self":[{"href":"https:\/\/nature-fineart.com\/vogelfotografie-spanien\/wp-json\/wp\/v2\/pages\/10568","targetHints":{"allow":["GET"]}}],"collection":[{"href":"https:\/\/nature-fineart.com\/vogelfotografie-spanien\/wp-json\/wp\/v2\/pages"}],"about":[{"href":"https:\/\/nature-fineart.com\/vogelfotografie-spanien\/wp-json\/wp\/v2\/types\/page"}],"author":[{"embeddable":true,"href":"https:\/\/nature-fineart.com\/vogelfotografie-spanien\/wp-json\/wp\/v2\/users\/2"}],"replies":[{"embeddable":true,"href":"https:\/\/nature-fineart.com\/vogelfotografie-spanien\/wp-json\/wp\/v2\/comments?post=10568"}],"version-history":[{"count":4,"href":"https:\/\/nature-fineart.com\/vogelfotografie-spanien\/wp-json\/wp\/v2\/pages\/10568\/revisions"}],"predecessor-version":[{"id":10580,"href":"https:\/\/nature-fineart.com\/vogelfotografie-spanien\/wp-json\/wp\/v2\/pages\/10568\/revisions\/10580"}],"wp:attachment":[{"href":"https:\/\/nature-fineart.com\/vogelfotografie-spanien\/wp-json\/wp\/v2\/media?parent=10568"}],"curies":[{"name":"wp","href":"https:\/\/api.w.org\/{rel}","templated":true}]}}