{"id":10586,"date":"2026-08-26T11:28:50","date_gmt":"2026-08-26T09:28:50","guid":{"rendered":"https:\/\/nature-fineart.com\/vogelfotografie-spanien\/?page_id=10586"},"modified":"2026-08-26T11:36:51","modified_gmt":"2026-08-26T09:36:51","slug":"braunkehlchen","status":"publish","type":"page","link":"https:\/\/nature-fineart.com\/vogelfotografie-spanien\/braunkehlchen\/","title":{"rendered":"Braunkehlchen fotografieren"},"content":{"rendered":"\t\t<div data-elementor-type=\"wp-page\" data-elementor-id=\"10586\" class=\"elementor elementor-10586\">\n\t\t\t\t<div class=\"elementor-element elementor-element-16e1208 e-flex e-con-boxed e-con e-parent\" data-id=\"16e1208\" data-element_type=\"container\" data-e-type=\"container\">\n\t\t\t\t\t<div class=\"e-con-inner\">\n\t\t\r\n\t\t<div class=\"elementor-element elementor-element-649909c elementor-widget elementor-widget-html\" data-id=\"649909c\" data-element_type=\"widget\" data-e-type=\"widget\" data-widget_type=\"html.default\">\n\t\t\t\t<div class=\"elementor-widget-container\">\n\t\t\t\t\t<p>Das Braunkehlchen <em>(Saxicola rubetra)<\/em> geh\u00f6rt zu den kleinen Singv\u00f6geln offener Landschaften und ist in Spanien vielerorts vor allem w\u00e4hrend des Vogelzugs zu beobachten. Mit seiner warmen Brustf\u00e4rbung, dem auff\u00e4lligen hellen \u00dcberaugenstreif und seinem typischen Verhalten auf erh\u00f6hten Warten ist es ein besonders sch\u00f6nes, aber nicht immer einfach zu fotografierendes Motiv.<\/p>\n\n<p>Meine Begegnungen mit Braunkehlchen sind deutlich seltener als beispielsweise mit dem Schwarzkehlchen. Meist entdecke ich einzelne V\u00f6gel in offenen Landschaften, wo sie auf niedrigen \u00c4sten, Holzst\u00fccken oder Pflanzen sitzen und von dort ihre Umgebung beobachten.<\/p>\t\t\t\t<\/div>\n\t\t\t\t<\/div>\n\t\t\t\t\t<\/div>\n\t\t\t\t<\/div>\n\t\t<div class=\"elementor-element elementor-element-9acdf69 e-flex e-con-boxed e-con e-parent\" data-id=\"9acdf69\" data-element_type=\"container\" data-e-type=\"container\">\n\t\t\t\t\t<div class=\"e-con-inner\">\n\t\t<div class=\"elementor-element elementor-element-d1e1ff5 e-con-full e-flex e-con e-child\" data-id=\"d1e1ff5\" data-element_type=\"container\" data-e-type=\"container\">\n\t\t\t\t<div class=\"elementor-element elementor-element-412ec61 elementor-widget elementor-widget-html\" data-id=\"412ec61\" data-element_type=\"widget\" data-e-type=\"widget\" data-widget_type=\"html.default\">\n\t\t\t\t<div class=\"elementor-widget-container\">\n\t\t\t\t\t<h2>Lebensraum und Vorkommen des Braunkehlchens in Spanien<\/h2>\n\n<p>In Spanien ist das Braunkehlchen sowohl Brutvogel als auch Durchz\u00fcgler. Die Brutvorkommen konzentrieren sich vor allem auf den Norden der Iberischen Halbinsel und geeignete Gebirgslagen. Dort bewohnt die Art offene Landschaften wie Wiesen, Weiden, Heidefl\u00e4chen und strukturreiche Bereiche mit einzelnen B\u00fcschen und erh\u00f6hten Sitzwarten.<\/p>\t\t\t\t<\/div>\n\t\t\t\t<\/div>\n\t\t\t\t<\/div>\n\t\t<div class=\"elementor-element elementor-element-14854b5 e-con-full e-flex e-con e-child\" data-id=\"14854b5\" data-element_type=\"container\" data-e-type=\"container\">\n\t\t\t\t<div class=\"elementor-element elementor-element-3643887 elementor-widget elementor-widget-image\" data-id=\"3643887\" data-element_type=\"widget\" data-e-type=\"widget\" data-widget_type=\"image.default\">\n\t\t\t\t<div class=\"elementor-widget-container\">\n\t\t\t\t\t\t\t\t\t\t\t\t\t\t\t<img fetchpriority=\"high\" decoding=\"async\" width=\"751\" height=\"501\" src=\"https:\/\/nature-fineart.com\/vogelfotografie-spanien\/wp-content\/uploads\/2026\/08\/Braunkehlchen-auf-einer-natuerlichen-Warte-zwischen-Blumen-in-einer-offenen-Landschaft-in-Spanien.jpg\" class=\"attachment-large size-large wp-image-10588\" alt=\"Braunkehlchen auf einer nat\u00fcrlichen Warte zwischen Blumen in einer offenen Landschaft in Spanien\" srcset=\"https:\/\/nature-fineart.com\/vogelfotografie-spanien\/wp-content\/uploads\/2026\/08\/Braunkehlchen-auf-einer-natuerlichen-Warte-zwischen-Blumen-in-einer-offenen-Landschaft-in-Spanien.jpg 1024w, https:\/\/nature-fineart.com\/vogelfotografie-spanien\/wp-content\/uploads\/2026\/08\/Braunkehlchen-auf-einer-natuerlichen-Warte-zwischen-Blumen-in-einer-offenen-Landschaft-in-Spanien-600x400.jpg 600w, https:\/\/nature-fineart.com\/vogelfotografie-spanien\/wp-content\/uploads\/2026\/08\/Braunkehlchen-auf-einer-natuerlichen-Warte-zwischen-Blumen-in-einer-offenen-Landschaft-in-Spanien-768x512.jpg 768w\" sizes=\"(max-width: 751px) 100vw, 751px\" \/>\t\t\t\t\t\t\t\t\t\t\t\t\t\t\t<\/div>\n\t\t\t\t<\/div>\n\t\t\t\t<\/div>\n\t\t\t\t\t<\/div>\n\t\t\t\t<\/div>\n\t\t<div class=\"elementor-element elementor-element-5efb949 e-flex e-con-boxed e-con e-parent\" data-id=\"5efb949\" data-element_type=\"container\" data-e-type=\"container\">\n\t\t\t\t\t<div class=\"e-con-inner\">\n\t\t\t\t<div class=\"elementor-element elementor-element-583bc56 elementor-widget elementor-widget-html\" data-id=\"583bc56\" data-element_type=\"widget\" data-e-type=\"widget\" data-widget_type=\"html.default\">\n\t\t\t\t<div class=\"elementor-widget-container\">\n\t\t\t\t\t<p>W\u00e4hrend des Vogelzugs ist das Braunkehlchen wesentlich weiter verbreitet und kann dann auch au\u00dferhalb seiner spanischen Brutgebiete in unterschiedlichen offenen Landschaften beobachtet werden. Sowohl der Fr\u00fchjahrszug als auch der sp\u00e4tsommerliche und herbstliche Zug bieten gute M\u00f6glichkeiten f\u00fcr Begegnungen mit der Art. Im Fr\u00fchjahr ziehen Braunkehlchen auf dem Weg in ihre europ\u00e4ischen Brutgebiete durch Spanien, w\u00e4hrend der R\u00fcckzug in Richtung der afrikanischen \u00dcberwinterungsgebiete bereits im Sp\u00e4tsommer beginnt.<\/p>\n\n<p>Genau aus solchen Situationen kenne ich die Art besonders gut. Vor allem w\u00e4hrend des Fr\u00fchjahrszugs, aber auch zu anderen Zeiten des Durchzugs, entdecke ich einzelne Braunkehlchen in offenen Landschaften. H\u00e4ufig nutzen sie dort erh\u00f6hte Warten wie Pflanzenst\u00e4ngel, kleine B\u00fcsche oder Holzst\u00fccke. Da meine Begegnungen mit dieser Art deutlich seltener sind als mit dem Schwarzkehlchen, ist eine Sichtung f\u00fcr mich immer etwas Besonderes.<\/p>\t\t\t\t<\/div>\n\t\t\t\t<\/div>\n\t\t\t\t\t<\/div>\n\t\t\t\t<\/div>\n\t\t<div class=\"elementor-element elementor-element-8cbf06a e-flex e-con-boxed e-con e-parent\" data-id=\"8cbf06a\" data-element_type=\"container\" data-e-type=\"container\">\n\t\t\t\t\t<div class=\"e-con-inner\">\n\t\t<div class=\"elementor-element elementor-element-3344787 e-con-full e-flex e-con e-child\" data-id=\"3344787\" data-element_type=\"container\" data-e-type=\"container\">\n\t\t\t\t<div class=\"elementor-element elementor-element-7d2f37c elementor-widget elementor-widget-html\" data-id=\"7d2f37c\" data-element_type=\"widget\" data-e-type=\"widget\" data-widget_type=\"html.default\">\n\t\t\t\t<div class=\"elementor-widget-container\">\n\t\t\t\t\t<h2>Erkennungsmerkmale \u2013 Braunkehlchen und Schwarzkehlchen unterscheiden<\/h2>\n\n<p>Das Braunkehlchen wirkt auf den ersten Blick relativ unauff\u00e4llig, zeigt aus der N\u00e4he jedoch eine sehr feine Gefiederzeichnung. Besonders charakteristisch ist der helle \u00dcberaugenstreif. Dazu kommen die warme orangebraune F\u00e4rbung an Kehle und Brust sowie die dunkler gezeichnete Oberseite.<\/p>\n\n<p>M\u00e4nnchen sind w\u00e4hrend der Brutzeit kontrastreicher gef\u00e4rbt. Weibchen erscheinen insgesamt blasser und weniger kontrastreich. Au\u00dferhalb des ausgepr\u00e4gten Brutkleids sowie bei jungen V\u00f6geln kann die Bestimmung anspruchsvoller werden.<\/p>\n\n<p>Eine naheliegende Verwechslungsm\u00f6glichkeit ist das Schwarzkehlchen. Besonders Weibchen und weniger kontrastreich gef\u00e4rbte V\u00f6gel k\u00f6nnen auf den ersten Blick \u00e4hnlich wirken. Beim Braunkehlchen ist der ausgepr\u00e4gte helle \u00dcberaugenstreif ein wichtiges Merkmal. Auch weitere Merkmale wie Gesichtsmuster, Fl\u00fcgel- und Schwanzzeichnung sollten f\u00fcr eine sichere Bestimmung ber\u00fccksichtigt werden.<\/p>\t\t\t\t<\/div>\n\t\t\t\t<\/div>\n\t\t\t\t<\/div>\n\t\t<div class=\"elementor-element elementor-element-d8f1cb0 e-con-full e-flex e-con e-child\" data-id=\"d8f1cb0\" data-element_type=\"container\" data-e-type=\"container\">\n\t\t\t\t<div class=\"elementor-element elementor-element-920a7cf elementor-widget elementor-widget-image\" data-id=\"920a7cf\" data-element_type=\"widget\" data-e-type=\"widget\" data-widget_type=\"image.default\">\n\t\t\t\t<div class=\"elementor-widget-container\">\n\t\t\t\t\t\t\t\t\t\t\t\t\t\t\t<img decoding=\"async\" width=\"751\" height=\"949\" src=\"https:\/\/nature-fineart.com\/vogelfotografie-spanien\/wp-content\/uploads\/2026\/08\/Braunkehlchen-aus-kurzer-Distanz-mit-hellem-Ueberaugenstreif-und-warmer-Brustfaerbung.jpg\" class=\"attachment-large size-large wp-image-10589\" alt=\"Braunkehlchen aus kurzer Distanz mit hellem \u00dcberaugenstreif und warmer Brustf\u00e4rbung\" srcset=\"https:\/\/nature-fineart.com\/vogelfotografie-spanien\/wp-content\/uploads\/2026\/08\/Braunkehlchen-aus-kurzer-Distanz-mit-hellem-Ueberaugenstreif-und-warmer-Brustfaerbung.jpg 810w, https:\/\/nature-fineart.com\/vogelfotografie-spanien\/wp-content\/uploads\/2026\/08\/Braunkehlchen-aus-kurzer-Distanz-mit-hellem-Ueberaugenstreif-und-warmer-Brustfaerbung-475x600.jpg 475w, https:\/\/nature-fineart.com\/vogelfotografie-spanien\/wp-content\/uploads\/2026\/08\/Braunkehlchen-aus-kurzer-Distanz-mit-hellem-Ueberaugenstreif-und-warmer-Brustfaerbung-768x971.jpg 768w\" sizes=\"(max-width: 751px) 100vw, 751px\" \/>\t\t\t\t\t\t\t\t\t\t\t\t\t\t\t<\/div>\n\t\t\t\t<\/div>\n\t\t\t\t<\/div>\n\t\t\t\t\t<\/div>\n\t\t\t\t<\/div>\n\t\t<div class=\"elementor-element elementor-element-dc5704b e-flex e-con-boxed e-con e-parent\" data-id=\"dc5704b\" data-element_type=\"container\" data-e-type=\"container\">\n\t\t\t\t\t<div class=\"e-con-inner\">\n\t\t\t\t<div class=\"elementor-element elementor-element-8a20f3b elementor-widget elementor-widget-html\" data-id=\"8a20f3b\" data-element_type=\"widget\" data-e-type=\"widget\" data-widget_type=\"html.default\">\n\t\t\t\t<div class=\"elementor-widget-container\">\n\t\t\t\t\t<h2>Gut getarnt in offenen Landschaften<\/h2>\t\t\t\t<\/div>\n\t\t\t\t<\/div>\n\t\t\t\t\t<\/div>\n\t\t\t\t<\/div>\n\t\t<div class=\"elementor-element elementor-element-a5b9bef e-flex e-con-boxed e-con e-parent\" data-id=\"a5b9bef\" data-element_type=\"container\" data-e-type=\"container\">\n\t\t\t\t\t<div class=\"e-con-inner\">\n\t\t<div class=\"elementor-element elementor-element-e1b65f6 e-con-full e-flex e-con e-child\" data-id=\"e1b65f6\" data-element_type=\"container\" data-e-type=\"container\">\n\t\t\t\t<div class=\"elementor-element elementor-element-c05aef6 elementor-widget elementor-widget-image\" data-id=\"c05aef6\" data-element_type=\"widget\" data-e-type=\"widget\" data-widget_type=\"image.default\">\n\t\t\t\t<div class=\"elementor-widget-container\">\n\t\t\t\t\t\t\t\t\t\t\t\t\t\t\t<img decoding=\"async\" width=\"751\" height=\"501\" src=\"https:\/\/nature-fineart.com\/vogelfotografie-spanien\/wp-content\/uploads\/2026\/08\/Braunkehlchen-von-hinten-auf-einer-natuerlichen-Warte-in-einer-offenen-Landschaft.jpg\" class=\"attachment-large size-large wp-image-10590\" alt=\"Braunkehlchen von hinten auf einer nat\u00fcrlichen Warte in einer offenen Landschaft\" srcset=\"https:\/\/nature-fineart.com\/vogelfotografie-spanien\/wp-content\/uploads\/2026\/08\/Braunkehlchen-von-hinten-auf-einer-natuerlichen-Warte-in-einer-offenen-Landschaft.jpg 1024w, https:\/\/nature-fineart.com\/vogelfotografie-spanien\/wp-content\/uploads\/2026\/08\/Braunkehlchen-von-hinten-auf-einer-natuerlichen-Warte-in-einer-offenen-Landschaft-600x400.jpg 600w, https:\/\/nature-fineart.com\/vogelfotografie-spanien\/wp-content\/uploads\/2026\/08\/Braunkehlchen-von-hinten-auf-einer-natuerlichen-Warte-in-einer-offenen-Landschaft-768x512.jpg 768w\" sizes=\"(max-width: 751px) 100vw, 751px\" \/>\t\t\t\t\t\t\t\t\t\t\t\t\t\t\t<\/div>\n\t\t\t\t<\/div>\n\t\t\t\t<\/div>\n\t\t<div class=\"elementor-element elementor-element-826eaf9 e-con-full e-flex e-con e-child\" data-id=\"826eaf9\" data-element_type=\"container\" data-e-type=\"container\">\n\t\t\t\t<div class=\"elementor-element elementor-element-6914371 elementor-widget elementor-widget-html\" data-id=\"6914371\" data-element_type=\"widget\" data-e-type=\"widget\" data-widget_type=\"html.default\">\n\t\t\t\t<div class=\"elementor-widget-container\">\n\t\t\t\t\t<p>Von hinten zeigt das Braunkehlchen eine ganz andere Wirkung als bei einem Blick auf die warme Brustseite. Die braun-beige Oberseite ist von dunkleren Zeichnungen durchzogen und kann sich zwischen trockenen Gr\u00e4sern, Pflanzenst\u00e4ngeln und anderen nat\u00fcrlichen Strukturen hervorragend in die Umgebung einf\u00fcgen.<\/p>\n\n<p>Gerade diese unterschiedlichen Ansichten finde ich fotografisch interessant. Ein Foto muss den Vogel nicht immer frontal und m\u00f6glichst gro\u00df zeigen. Eine R\u00fcckenansicht oder ein kleinerer Vogel innerhalb seines Lebensraums kann viel dar\u00fcber erz\u00e4hlen, wie unauff\u00e4llig eine Art in der Landschaft wirken kann.<\/p>\t\t\t\t<\/div>\n\t\t\t\t<\/div>\n\t\t\t\t<\/div>\n\t\t\t\t\t<\/div>\n\t\t\t\t<\/div>\n\t\t<div class=\"elementor-element elementor-element-c1abc39 e-flex e-con-boxed e-con e-parent\" data-id=\"c1abc39\" data-element_type=\"container\" data-e-type=\"container\">\n\t\t\t\t\t<div class=\"e-con-inner\">\n\t\t\t\t<div class=\"elementor-element elementor-element-82ca00c elementor-widget elementor-widget-html\" data-id=\"82ca00c\" data-element_type=\"widget\" data-e-type=\"widget\" data-widget_type=\"html.default\">\n\t\t\t\t<div class=\"elementor-widget-container\">\n\t\t\t\t\t<h2>Ein Langstreckenzieher zwischen Europa und Afrika<\/h2>\n\n<p>Das Braunkehlchen ist ein ausgepr\u00e4gter Zugvogel. Die europ\u00e4ischen Populationen verlassen ihre Brutgebiete nach der Fortpflanzungszeit und ziehen zur \u00dcberwinterung nach Afrika s\u00fcdlich der Sahara. Spanien liegt damit sowohl innerhalb des Brutareals eines kleineren Teils der Population als auch auf einer wichtigen Zugroute.<\/p>\n\n<p>Im Fr\u00fchjahr ziehen Braunkehlchen wieder nach Norden. Der Fr\u00fchjahrszug durch Spanien erstreckt sich \u00fcber mehrere Monate, w\u00e4hrend der Herbstzug bereits im August beginnen kann und seinen Schwerpunkt sp\u00e4ter im Sp\u00e4tsommer und Fr\u00fchherbst erreicht.<\/p>\n\n<p>F\u00fcr Naturfotografen bedeutet das, dass die Jahreszeit einen gro\u00dfen Einfluss auf die Beobachtungschancen hat. Au\u00dferhalb der spanischen Brutgebiete sind vor allem Fr\u00fchjahr und Sp\u00e4tsommer bis Herbst interessant.<\/p>\t\t\t\t<\/div>\n\t\t\t\t<\/div>\n\t\t\t\t\t<\/div>\n\t\t\t\t<\/div>\n\t\t<div class=\"elementor-element elementor-element-4c1f9f2 e-flex e-con-boxed e-con e-parent\" data-id=\"4c1f9f2\" data-element_type=\"container\" data-e-type=\"container\">\n\t\t\t\t\t<div class=\"e-con-inner\">\n\t\t<div class=\"elementor-element elementor-element-1291219 e-con-full e-flex e-con e-child\" data-id=\"1291219\" data-element_type=\"container\" data-e-type=\"container\">\n\t\t\t\t<div class=\"elementor-element elementor-element-ec116fe elementor-widget elementor-widget-html\" data-id=\"ec116fe\" data-element_type=\"widget\" data-e-type=\"widget\" data-widget_type=\"html.default\">\n\t\t\t\t<div class=\"elementor-widget-container\">\n\t\t\t\t\t<h2>Nahrung und typisches Verhalten<\/h2>\n\n<p>Braunkehlchen ern\u00e4hren sich haupts\u00e4chlich von Wirbellosen. Insekten und andere kleine Beutetiere bilden einen wichtigen Teil der Nahrung. Im Herbst k\u00f6nnen zus\u00e4tzlich Beeren aufgenommen werden.<\/p>\n\n<p>Typisch ist die Nutzung erh\u00f6hter Warten. Pflanzenst\u00e4ngel, kleine B\u00fcsche, \u00c4ste, Pfosten oder andere Strukturen bieten dem Braunkehlchen einen guten \u00dcberblick \u00fcber die Umgebung. Dieses Verhalten er\u00f6ffnet gleichzeitig interessante M\u00f6glichkeiten f\u00fcr die Fotografie.<\/p>\n\n<p>Ein Vogel kann zun\u00e4chst l\u00e4ngere Zeit ruhig auf seiner Warte sitzen und im n\u00e4chsten Moment abfliegen. Deshalb lohnt es sich, auch bei scheinbar ruhigen Situationen aufmerksam zu bleiben.<\/p>\t\t\t\t<\/div>\n\t\t\t\t<\/div>\n\t\t\t\t<\/div>\n\t\t<div class=\"elementor-element elementor-element-7c934d8 e-con-full e-flex e-con e-child\" data-id=\"7c934d8\" data-element_type=\"container\" data-e-type=\"container\">\n\t\t\t\t<div class=\"elementor-element elementor-element-54f9e37 elementor-widget elementor-widget-image\" data-id=\"54f9e37\" data-element_type=\"widget\" data-e-type=\"widget\" data-widget_type=\"image.default\">\n\t\t\t\t<div class=\"elementor-widget-container\">\n\t\t\t\t\t\t\t\t\t\t\t\t\t\t\t<img loading=\"lazy\" decoding=\"async\" width=\"751\" height=\"949\" src=\"https:\/\/nature-fineart.com\/vogelfotografie-spanien\/wp-content\/uploads\/2026\/08\/Braunkehlchen-auf-einem-duennen-Ast-mit-seitlichem-Blick-und-deutlich-erkennbarem-Auge.jpg\" class=\"attachment-large size-large wp-image-10591\" alt=\"Braunkehlchen auf einem d\u00fcnnen Ast mit seitlichem Blick und deutlich erkennbarem Auge\" srcset=\"https:\/\/nature-fineart.com\/vogelfotografie-spanien\/wp-content\/uploads\/2026\/08\/Braunkehlchen-auf-einem-duennen-Ast-mit-seitlichem-Blick-und-deutlich-erkennbarem-Auge.jpg 810w, https:\/\/nature-fineart.com\/vogelfotografie-spanien\/wp-content\/uploads\/2026\/08\/Braunkehlchen-auf-einem-duennen-Ast-mit-seitlichem-Blick-und-deutlich-erkennbarem-Auge-475x600.jpg 475w, https:\/\/nature-fineart.com\/vogelfotografie-spanien\/wp-content\/uploads\/2026\/08\/Braunkehlchen-auf-einem-duennen-Ast-mit-seitlichem-Blick-und-deutlich-erkennbarem-Auge-768x971.jpg 768w\" sizes=\"(max-width: 751px) 100vw, 751px\" \/>\t\t\t\t\t\t\t\t\t\t\t\t\t\t\t<\/div>\n\t\t\t\t<\/div>\n\t\t\t\t<\/div>\n\t\t\t\t\t<\/div>\n\t\t\t\t<\/div>\n\t\t<div class=\"elementor-element elementor-element-62d22ce e-flex e-con-boxed e-con e-parent\" data-id=\"62d22ce\" data-element_type=\"container\" data-e-type=\"container\">\n\t\t\t\t\t<div class=\"e-con-inner\">\n\t\t\t\t<div class=\"elementor-element elementor-element-f95efc4 elementor-widget elementor-widget-html\" data-id=\"f95efc4\" data-element_type=\"widget\" data-e-type=\"widget\" data-widget_type=\"html.default\">\n\t\t\t\t<div class=\"elementor-widget-container\">\n\t\t\t\t\t<h2>Braunkehlchen fotografieren, meine Tipps<\/h2>\n\n<p>Da meine Begegnungen mit Braunkehlchen h\u00e4ufig w\u00e4hrend des Durchzugs entstehen, versuche ich zun\u00e4chst, das Verhalten des einzelnen Vogels zu beobachten. Wiederholt genutzte Warten k\u00f6nnen dabei besonders interessant sein. Statt einem Vogel st\u00e4ndig zu folgen, lohnt es sich h\u00e4ufig mehr, ruhig zu warten und zu beobachten, welche Strukturen er von selbst anfliegt.<\/p>\n\n<p>Eine kurze Verschlusszeit bietet gen\u00fcgend Reserve f\u00fcr spontane Bewegungen und Abfl\u00fcge. Eine Serienaufnahme kann helfen, aus einer kurzen Bewegungssequenz genau den Moment mit der interessantesten K\u00f6rper- oder Kopfhaltung auszuw\u00e4hlen. Bei modernen Kameras kann zus\u00e4tzlich die Augenerkennung hilfreich sein, solange sie den Vogel zuverl\u00e4ssig erfasst.<\/p>\n\n<p>Bei der Belichtung achte ich besonders auf die hellen Bereiche des Gefieders. Der helle \u00dcberaugenstreif kann bei starkem Sonnenlicht schnell sehr hell erscheinen, w\u00e4hrend Auge und dunklere Gefiederpartien gleichzeitig deutlich weniger Licht reflektieren. Weicheres Morgen- oder Abendlicht erleichtert diesen Kontrast und erzeugt gleichzeitig eine angenehmere Stimmung.<\/p>\n\n<p>Besonders sch\u00f6n finde ich Aufnahmen, bei denen der Lebensraum sichtbar bleibt. Ein Braunkehlchen auf einer nat\u00fcrlichen Warte zwischen Gr\u00e4sern oder Blumen muss deshalb nicht immer formatf\u00fcllend fotografiert werden. Etwas mehr Umgebung kann die offene Landschaft und damit einen wichtigen Teil der Begegnung mit der Art zeigen.<\/p>\n\n<h2>Bestand und Schutz<\/h2>\n\n<p>Das Braunkehlchen ist auf strukturreiche offene Landschaften angewiesen. Ver\u00e4nderungen extensiv genutzter Wiesen und Weiden sowie der Verlust geeigneter Brutlebensr\u00e4ume k\u00f6nnen sich negativ auf die Art auswirken. F\u00fcr Europa ist langfristig eine r\u00fcckl\u00e4ufige Bestandsentwicklung dokumentiert.<\/p>\t\t\t\t<\/div>\n\t\t\t\t<\/div>\n\t\t\t\t\t<\/div>\n\t\t\t\t<\/div>\n\t\t<div class=\"elementor-element elementor-element-8dadc98 e-flex e-con-boxed e-con e-parent\" data-id=\"8dadc98\" data-element_type=\"container\" data-e-type=\"container\">\n\t\t\t\t\t<div class=\"e-con-inner\">\n\t\t<div class=\"elementor-element elementor-element-0221877 e-con-full e-flex e-con e-child\" data-id=\"0221877\" data-element_type=\"container\" data-e-type=\"container\">\n\t\t\t\t<div class=\"elementor-element elementor-element-cb59fcd elementor-widget elementor-widget-image\" data-id=\"cb59fcd\" data-element_type=\"widget\" data-e-type=\"widget\" data-widget_type=\"image.default\">\n\t\t\t\t<div class=\"elementor-widget-container\">\n\t\t\t\t\t\t\t\t\t\t\t\t\t\t\t<img loading=\"lazy\" decoding=\"async\" width=\"751\" height=\"501\" src=\"https:\/\/nature-fineart.com\/vogelfotografie-spanien\/wp-content\/uploads\/2026\/08\/Braunkehlchen-seitlich-auf-einem-natuerlichen-Ast-vor-ruhigem-Hintergrund.jpg\" class=\"attachment-large size-large wp-image-10592\" alt=\"Braunkehlchen seitlich auf einem nat\u00fcrlichen Ast vor ruhigem Hintergrund\" srcset=\"https:\/\/nature-fineart.com\/vogelfotografie-spanien\/wp-content\/uploads\/2026\/08\/Braunkehlchen-seitlich-auf-einem-natuerlichen-Ast-vor-ruhigem-Hintergrund.jpg 1024w, https:\/\/nature-fineart.com\/vogelfotografie-spanien\/wp-content\/uploads\/2026\/08\/Braunkehlchen-seitlich-auf-einem-natuerlichen-Ast-vor-ruhigem-Hintergrund-600x400.jpg 600w, https:\/\/nature-fineart.com\/vogelfotografie-spanien\/wp-content\/uploads\/2026\/08\/Braunkehlchen-seitlich-auf-einem-natuerlichen-Ast-vor-ruhigem-Hintergrund-768x512.jpg 768w\" sizes=\"(max-width: 751px) 100vw, 751px\" \/>\t\t\t\t\t\t\t\t\t\t\t\t\t\t\t<\/div>\n\t\t\t\t<\/div>\n\t\t\t\t<\/div>\n\t\t<div class=\"elementor-element elementor-element-ab30c8e e-con-full e-flex e-con e-child\" data-id=\"ab30c8e\" data-element_type=\"container\" data-e-type=\"container\">\n\t\t\t\t<div class=\"elementor-element elementor-element-b130f6a elementor-widget elementor-widget-html\" data-id=\"b130f6a\" data-element_type=\"widget\" data-e-type=\"widget\" data-widget_type=\"html.default\">\n\t\t\t\t<div class=\"elementor-widget-container\">\n\t\t\t\t\t<p>F\u00fcr die spanische Brutpopulation bestehen dagegen noch Wissensl\u00fccken, weshalb konkrete Aussagen \u00fcber die langfristige Entwicklung mit entsprechender Vorsicht betrachtet werden sollten. Der Erhalt geeigneter offener und strukturreicher Lebensr\u00e4ume ist f\u00fcr das Braunkehlchen von besonderer Bedeutung.<\/p>\n\n<p>F\u00fcr Beobachter und Fotografen gilt wie bei allen Wildv\u00f6geln: Abstand halten und das Verhalten des Vogels beobachten. Besonders in m\u00f6glichen Brutgebieten sollte die Fotografie niemals dazu f\u00fchren, dass ein Vogel seine Warte, sein Nest oder seinen Aufenthaltsbereich aufgrund einer Ann\u00e4herung verlassen muss.<\/p>\t\t\t\t<\/div>\n\t\t\t\t<\/div>\n\t\t\t\t<\/div>\n\t\t\t\t\t<\/div>\n\t\t\t\t<\/div>\n\t\t<div class=\"elementor-element elementor-element-76dc176 e-flex e-con-boxed e-con e-parent\" data-id=\"76dc176\" data-element_type=\"container\" data-e-type=\"container\">\n\t\t\t\t\t<div class=\"e-con-inner\">\n\t\t\t\t<div class=\"elementor-element elementor-element-6c3eff6 elementor-widget elementor-widget-html\" data-id=\"6c3eff6\" data-element_type=\"widget\" data-e-type=\"widget\" data-widget_type=\"html.default\">\n\t\t\t\t<div class=\"elementor-widget-container\">\n\t\t\t\t\t<h2>Weitere Vogelarten entdecken<\/h2>\n\n<p>Wer sich f\u00fcr das Braunkehlchen interessiert, findet auf meiner Arten\u00fcbersicht weitere V\u00f6gel der offenen Landschaften und spannende Motive f\u00fcr die Naturfotografie.<\/p>\n\n<p>\n<a href=\"https:\/\/nature-fineart.com\/vogelfotografie-spanien\/schwarzkehlchen\/\">Schwarzkehlchen<\/a> |\n<a href=\"https:\/\/nature-fineart.com\/vogelfotografie-spanien\/wiesenpieper\/\">Wiesenpieper<\/a> |\n<a href=\"https:\/\/nature-fineart.com\/vogelfotografie-spanien\/brachpieper\/\">Brachpieper<\/a> |\n<a href=\"https:\/\/nature-fineart.com\/vogelfotografie-spanien\/schafstelze\/\">Schafstelze<\/a>\n<\/p>\n\n<p><a href=\"https:\/\/nature-fineart.com\/vogelfotografie-spanien\/tierarten-fotografie\/\">Zur Arten\u00fcbersicht<\/a><\/p>\n\n\n<h2>Naturfotografie im Wandel der Jahreszeiten<\/h2>\n\n<p>Die M\u00f6glichkeiten zur Vogelbeobachtung und Naturfotografie ver\u00e4ndern sich in Spanien im Laufe des Jahres deutlich. Beim Braunkehlchen wird das besonders sichtbar: Neben den begrenzten spanischen Brutvorkommen spielt das Land w\u00e4hrend des Fr\u00fchjahrs- und Herbstzugs eine wichtige Rolle.<\/p>\n\n<p>Dadurch k\u00f6nnen Arten, die an einem Ort nur f\u00fcr kurze Zeit auftauchen, zu einer bestimmten Jahreszeit pl\u00f6tzlich Teil der Landschaft werden. In meinem Blogbeitrag \u00fcber die vier Jahreszeiten zeige ich, wie sich Vogelwelt, Landschaft und fotografische M\u00f6glichkeiten im Jahresverlauf ver\u00e4ndern.<\/p>\n\n<p><a href=\"https:\/\/nature-fineart.com\/vogelfotografie-spanien\/vogelfotografie-und-fotohides-in-spanien\/\">Vogelfotografie und Fotohides in Spanien, die Jahreszeiten im \u00dcberblick<\/a><\/p>\n\n\n<h2>V\u00f6gel und Natur in Spanien fotografieren<\/h2>\n\n<p>Spanien bietet im Laufe des Jahres sehr unterschiedliche M\u00f6glichkeiten f\u00fcr die Vogel- und Naturfotografie. Neben bekannten Brutv\u00f6geln sorgen gerade die Zugzeiten immer wieder f\u00fcr \u00fcberraschende Begegnungen mit Arten, die nur vor\u00fcbergehend in einer Region zu beobachten sind.<\/p>\n\n<p><a href=\"https:\/\/nature-fineart.com\/vogelfotografie-spanien\/reisen\/\">Meine Fotoreisen und Naturreisen in Spanien entdecken<\/a><\/p>\n\n<p><strong>Du m\u00f6chtest eine Reise anfragen oder mehr \u00fcber die M\u00f6glichkeiten erfahren?<\/strong><\/p>\t\t\t\t<\/div>\n\t\t\t\t<\/div>\n\t\t\t\t\t<\/div>\n\t\t\t\t<\/div>\n\t\t<div class=\"elementor-element elementor-element-3dbb7d4 e-flex e-con-boxed e-con e-parent\" data-id=\"3dbb7d4\" data-element_type=\"container\" data-e-type=\"container\">\n\t\t\t\t\t<div class=\"e-con-inner\">\n\t\t\t\t<div class=\"elementor-element elementor-element-23b9c4f elementor-widget elementor-widget-shortcode\" data-id=\"23b9c4f\" data-element_type=\"widget\" data-e-type=\"widget\" data-widget_type=\"shortcode.default\">\n\t\t\t\t<div class=\"elementor-widget-container\">\n\t\t\t\t\t\t\t<div class=\"elementor-shortcode\"><style id=\"wpforms-css-vars-5929\">\n\t\t\t\t#wpforms-5929 {\n\t\t\t\t--wpforms-field-border-color: #5E5E5E;\n--wpforms-field-border-color-spare: #5E5E5E;\n--wpforms-field-text-color: #5e5e5e;\n--wpforms-label-color: #5e5e5e;\n--wpforms-label-sublabel-color: #5e5e5e;\n--wpforms-button-background-color: #6e7b4a;\n--wpforms-container-padding: 0px;\n--wpforms-container-border-width: 1px;\n--wpforms-container-border-radius: 3px;\n--wpforms-background-color: rgba(0, 0, 0, 0);\n--wpforms-field-size-input-height: 43px;\n--wpforms-field-size-input-spacing: 15px;\n--wpforms-field-size-font-size: 16px;\n--wpforms-field-size-line-height: 19px;\n--wpforms-field-size-padding-h: 14px;\n--wpforms-field-size-checkbox-size: 16px;\n--wpforms-field-size-sublabel-spacing: 5px;\n--wpforms-field-size-icon-size: 1;\n--wpforms-label-size-font-size: 16px;\n--wpforms-label-size-line-height: 19px;\n--wpforms-label-size-sublabel-font-size: 14px;\n--wpforms-label-size-sublabel-line-height: 17px;\n--wpforms-button-size-font-size: 17px;\n--wpforms-button-size-height: 41px;\n--wpforms-button-size-padding-h: 15px;\n--wpforms-button-size-margin-top: 10px;\n--wpforms-container-shadow-size-box-shadow: none;\n\t\t\t}\n\t\t\t<\/style><div class=\"wpforms-container wpforms-container-full wpforms-render-modern\" id=\"wpforms-5929\"><form id=\"wpforms-form-5929\" class=\"wpforms-validate wpforms-form wpforms-ajax-form\" data-formid=\"5929\" method=\"post\" enctype=\"multipart\/form-data\" action=\"\/vogelfotografie-spanien\/wp-json\/wp\/v2\/pages\/10586\" data-token=\"6fe8dd5e8c13da77c15288333c0eb977\" data-token-time=\"1788256057\"><noscript class=\"wpforms-error-noscript\">Bitte aktiviere JavaScript in deinem Browser, um dieses Formular fertigzustellen.<\/noscript><div id=\"wpforms-error-noscript\" style=\"display: none;\">Bitte aktiviere JavaScript in deinem Browser, um dieses Formular fertigzustellen.<\/div><div class=\"wpforms-field-container\">\t\t<div id=\"wpforms-5929-field_4-container\"\n\t\t\tclass=\"wpforms-field wpforms-field-text\"\n\t\t\tdata-field-type=\"text\"\n\t\t\tdata-field-id=\"4\"\n\t\t\t>\n\t\t\t<label class=\"wpforms-field-label\" for=\"wpforms-5929-field_4\" >Nachricht oder Name<\/label>\n\t\t\t<input type=\"text\" id=\"wpforms-5929-field_4\" class=\"wpforms-field-medium\" name=\"wpforms[fields][4]\" >\n\t\t<\/div>\n\t\t<div id=\"wpforms-5929-field_1-container\" class=\"wpforms-field wpforms-field-name\" data-field-id=\"1\"><fieldset><legend class=\"wpforms-field-label\">Name <span class=\"wpforms-required-label\" aria-hidden=\"true\">*<\/span><\/legend><div class=\"wpforms-field-row wpforms-field-medium\"><div class=\"wpforms-field-row-block wpforms-first wpforms-one-half\"><input type=\"text\" id=\"wpforms-5929-field_1\" class=\"wpforms-field-name-first wpforms-field-required\" name=\"wpforms[fields][1][first]\" aria-errormessage=\"wpforms-5929-field_1-error\" required><label for=\"wpforms-5929-field_1\" class=\"wpforms-field-sublabel after\">Vorname<\/label><\/div><div class=\"wpforms-field-row-block wpforms-one-half\"><input type=\"text\" id=\"wpforms-5929-field_1-last\" class=\"wpforms-field-name-last wpforms-field-required\" name=\"wpforms[fields][1][last]\" aria-errormessage=\"wpforms-5929-field_1-last-error\" required><label for=\"wpforms-5929-field_1-last\" class=\"wpforms-field-sublabel after\">Nachname<\/label><\/div><\/div><\/fieldset><\/div><div id=\"wpforms-5929-field_2-container\" class=\"wpforms-field wpforms-field-email\" data-field-id=\"2\"><label class=\"wpforms-field-label\" for=\"wpforms-5929-field_2\">E-Mail-Adresse <span class=\"wpforms-required-label\" aria-hidden=\"true\">*<\/span><\/label><input type=\"email\" id=\"wpforms-5929-field_2\" class=\"wpforms-field-medium wpforms-field-required\" name=\"wpforms[fields][2]\" spellcheck=\"false\" aria-errormessage=\"wpforms-5929-field_2-error\" required><\/div><div id=\"wpforms-5929-field_3-container\" class=\"wpforms-field wpforms-field-textarea\" data-field-id=\"3\"><label class=\"wpforms-field-label\" for=\"wpforms-5929-field_3\">Kommentar oder Nachricht<\/label><textarea id=\"wpforms-5929-field_3\" class=\"wpforms-field-medium\" name=\"wpforms[fields][3]\" aria-errormessage=\"wpforms-5929-field_3-error\" ><\/textarea><\/div><script>\n\t\t\t\t( function() {\n\t\t\t\t\tconst style = document.createElement( 'style' );\n\t\t\t\t\tstyle.appendChild( document.createTextNode( '#wpforms-5929-field_4-container { position: absolute !important; overflow: hidden !important; display: inline !important; height: 1px !important; width: 1px !important; z-index: -1000 !important; padding: 0 !important; } #wpforms-5929-field_4-container input { visibility: hidden; } #wpforms-conversational-form-page #wpforms-5929-field_4-container label { counter-increment: none; }' ) );\n\t\t\t\t\tdocument.head.appendChild( style );\n\t\t\t\t\tdocument.currentScript?.remove();\n\t\t\t\t} )();\n\t\t\t<\/script><\/div><!-- .wpforms-field-container --><div class=\"wpforms-submit-container\" ><input type=\"hidden\" name=\"wpforms[id]\" value=\"5929\"><input type=\"hidden\" name=\"page_title\" value=\"\"><input type=\"hidden\" name=\"page_url\" value=\"https:\/\/nature-fineart.com\/vogelfotografie-spanien\/wp-json\/wp\/v2\/pages\/10586\"><input type=\"hidden\" name=\"url_referer\" value=\"\"><button type=\"submit\" name=\"wpforms[submit]\" id=\"wpforms-submit-5929\" class=\"wpforms-submit\" data-alt-text=\"Wird gesendet\u00a0\u2026\" data-submit-text=\"Anfrage senden\" aria-live=\"assertive\" value=\"wpforms-submit\">Anfrage senden<\/button><img loading=\"lazy\" decoding=\"async\" src=\"https:\/\/nature-fineart.com\/vogelfotografie-spanien\/wp-content\/plugins\/wpforms-lite\/assets\/images\/submit-spin.svg\" class=\"wpforms-submit-spinner\" style=\"display: none;\" width=\"26\" height=\"26\" alt=\"Wird geladen\"><\/div><\/form><\/div>  <!-- .wpforms-container --><\/div>\n\t\t\t\t\t\t<\/div>\n\t\t\t\t<\/div>\n\t\t\t\t\t<\/div>\n\t\t\t\t<\/div>\n\t\t\t\t<\/div>\n\t\t","protected":false},"excerpt":{"rendered":"<p>Das Braunkehlchen (Saxicola rubetra) geh\u00f6rt zu den kleinen Singv\u00f6geln offener Landschaften und ist in Spanien vielerorts vor allem w\u00e4hrend des Vogelzugs zu beobachten. Mit seiner warmen Brustf\u00e4rbung, dem auff\u00e4lligen hellen \u00dcberaugenstreif und seinem typischen Verhalten auf erh\u00f6hten Warten ist es ein besonders sch\u00f6nes, aber nicht immer einfach zu fotografierendes Motiv. Meine Begegnungen mit Braunkehlchen sind&#8230;<\/p>\n","protected":false},"author":2,"featured_media":0,"parent":0,"menu_order":0,"comment_status":"closed","ping_status":"closed","template":"","meta":{"footnotes":""},"class_list":["post-10586","page","type-page","status-publish","hentry"],"_links":{"self":[{"href":"https:\/\/nature-fineart.com\/vogelfotografie-spanien\/wp-json\/wp\/v2\/pages\/10586","targetHints":{"allow":["GET"]}}],"collection":[{"href":"https:\/\/nature-fineart.com\/vogelfotografie-spanien\/wp-json\/wp\/v2\/pages"}],"about":[{"href":"https:\/\/nature-fineart.com\/vogelfotografie-spanien\/wp-json\/wp\/v2\/types\/page"}],"author":[{"embeddable":true,"href":"https:\/\/nature-fineart.com\/vogelfotografie-spanien\/wp-json\/wp\/v2\/users\/2"}],"replies":[{"embeddable":true,"href":"https:\/\/nature-fineart.com\/vogelfotografie-spanien\/wp-json\/wp\/v2\/comments?post=10586"}],"version-history":[{"count":7,"href":"https:\/\/nature-fineart.com\/vogelfotografie-spanien\/wp-json\/wp\/v2\/pages\/10586\/revisions"}],"predecessor-version":[{"id":10598,"href":"https:\/\/nature-fineart.com\/vogelfotografie-spanien\/wp-json\/wp\/v2\/pages\/10586\/revisions\/10598"}],"wp:attachment":[{"href":"https:\/\/nature-fineart.com\/vogelfotografie-spanien\/wp-json\/wp\/v2\/media?parent=10586"}],"curies":[{"name":"wp","href":"https:\/\/api.w.org\/{rel}","templated":true}]}}