{"id":10603,"date":"2026-08-27T11:21:44","date_gmt":"2026-08-27T09:21:44","guid":{"rendered":"https:\/\/nature-fineart.com\/vogelfotografie-spanien\/?page_id=10603"},"modified":"2026-08-27T11:43:11","modified_gmt":"2026-08-27T09:43:11","slug":"pfuhlschnepfe-fotografieren","status":"publish","type":"page","link":"https:\/\/nature-fineart.com\/vogelfotografie-spanien\/pfuhlschnepfe-fotografieren\/","title":{"rendered":"Pfuhlschnepfe fotografieren"},"content":{"rendered":"\t\t<div data-elementor-type=\"wp-page\" data-elementor-id=\"10603\" class=\"elementor elementor-10603\">\n\t\t\t\t<div class=\"elementor-element elementor-element-71045d5 e-flex e-con-boxed e-con e-parent\" data-id=\"71045d5\" data-element_type=\"container\" data-e-type=\"container\">\n\t\t\t\t\t<div class=\"e-con-inner\">\n\t\t\r\n\t\t<div class=\"elementor-element elementor-element-db2540e elementor-widget elementor-widget-html\" data-id=\"db2540e\" data-element_type=\"widget\" data-e-type=\"widget\" data-widget_type=\"html.default\">\n\t\t\t\t<div class=\"elementor-widget-container\">\n\t\t\t\t\t<p>Die Pfuhlschnepfe <em>(Limosa lapponica)<\/em> geh\u00f6rt mit ihrem langen, leicht aufw\u00e4rts gebogenen Schnabel zu den besonders auff\u00e4lligen Limikolen. In Spanien begegnet sie mir deutlich seltener als vielen anderen Watv\u00f6geln. Besonders w\u00e4hrend des Vogelzugs k\u00f6nnen Pfuhlschnepfen an geeigneten K\u00fcstenabschnitten, Wattfl\u00e4chen und \u00c4stuaren erscheinen und dort teilweise auch in Gruppen beobachtet werden.<\/p>\n\n<p>Fotografisch finde ich die Art besonders spannend, weil sich innerhalb kurzer Zeit sehr unterschiedliche Situationen ergeben k\u00f6nnen: aktive Nahrungssuche im Sand, laufende V\u00f6gel am Wasserrand, Gefiederpflege oder ganze Gruppen mit unterschiedlich weit entwickeltem Brutkleid.<\/p>\t\t\t\t<\/div>\n\t\t\t\t<\/div>\n\t\t\t\t\t<\/div>\n\t\t\t\t<\/div>\n\t\t<div class=\"elementor-element elementor-element-ebbaa0a e-flex e-con-boxed e-con e-parent\" data-id=\"ebbaa0a\" data-element_type=\"container\" data-e-type=\"container\">\n\t\t\t\t\t<div class=\"e-con-inner\">\n\t\t<div class=\"elementor-element elementor-element-20ff116 e-con-full e-flex e-con e-child\" data-id=\"20ff116\" data-element_type=\"container\" data-e-type=\"container\">\n\t\t\t\t<div class=\"elementor-element elementor-element-29a2dea elementor-widget elementor-widget-image\" data-id=\"29a2dea\" data-element_type=\"widget\" data-e-type=\"widget\" data-widget_type=\"image.default\">\n\t\t\t\t<div class=\"elementor-widget-container\">\n\t\t\t\t\t\t\t\t\t\t\t\t\t\t\t<img fetchpriority=\"high\" decoding=\"async\" width=\"751\" height=\"528\" src=\"https:\/\/nature-fineart.com\/vogelfotografie-spanien\/wp-content\/uploads\/2026\/08\/Pfuhlschnepfe-am-Strand-bei-der-Nahrungssuche-in-Nordspanien.jpg\" class=\"attachment-large size-large wp-image-10605\" alt=\"Pfuhlschnepfe am Strand bei der Nahrungssuche in Nordspanien\" srcset=\"https:\/\/nature-fineart.com\/vogelfotografie-spanien\/wp-content\/uploads\/2026\/08\/Pfuhlschnepfe-am-Strand-bei-der-Nahrungssuche-in-Nordspanien.jpg 1024w, https:\/\/nature-fineart.com\/vogelfotografie-spanien\/wp-content\/uploads\/2026\/08\/Pfuhlschnepfe-am-Strand-bei-der-Nahrungssuche-in-Nordspanien-600x422.jpg 600w, https:\/\/nature-fineart.com\/vogelfotografie-spanien\/wp-content\/uploads\/2026\/08\/Pfuhlschnepfe-am-Strand-bei-der-Nahrungssuche-in-Nordspanien-768x540.jpg 768w\" sizes=\"(max-width: 751px) 100vw, 751px\" \/>\t\t\t\t\t\t\t\t\t\t\t\t\t\t\t<\/div>\n\t\t\t\t<\/div>\n\t\t\t\t<\/div>\n\t\t<div class=\"elementor-element elementor-element-8949743 e-con-full e-flex e-con e-child\" data-id=\"8949743\" data-element_type=\"container\" data-e-type=\"container\">\n\t\t\t\t<div class=\"elementor-element elementor-element-82faab3 elementor-widget elementor-widget-html\" data-id=\"82faab3\" data-element_type=\"widget\" data-e-type=\"widget\" data-widget_type=\"html.default\">\n\t\t\t\t<div class=\"elementor-widget-container\">\n\t\t\t\t\t<h2>Lebensraum und Vorkommen der Pfuhlschnepfe in Spanien<\/h2>\n\n<p>Die Pfuhlschnepfe ist in Spanien kein regelm\u00e4\u00dfiger Brutvogel. Ihre wichtigsten Lebensr\u00e4ume liegen hier vor allem an der K\u00fcste. W\u00e4hrend des Vogelzugs nutzt sie Wattfl\u00e4chen, \u00c4stuare, Str\u00e4nde, Salzwiesen und andere flache K\u00fcstenbereiche als Rast- und Nahrungsgebiete. Einzelne Beobachtungen sind auch abseits der typischen K\u00fcstenlebensr\u00e4ume m\u00f6glich.<\/p>\t\t\t\t<\/div>\n\t\t\t\t<\/div>\n\t\t\t\t<\/div>\n\t\t\t\t\t<\/div>\n\t\t\t\t<\/div>\n\t\t<div class=\"elementor-element elementor-element-289ad1c e-flex e-con-boxed e-con e-parent\" data-id=\"289ad1c\" data-element_type=\"container\" data-e-type=\"container\">\n\t\t\t\t\t<div class=\"e-con-inner\">\n\t\t\t\t<div class=\"elementor-element elementor-element-c6e9aa5 elementor-widget elementor-widget-html\" data-id=\"c6e9aa5\" data-element_type=\"widget\" data-e-type=\"widget\" data-widget_type=\"html.default\">\n\t\t\t\t<div class=\"elementor-widget-container\">\n\t\t\t\t\t<p>Neben den Durchz\u00fcglern verbringen auch Pfuhlschnepfen den Winter auf der Iberischen Halbinsel. Die Anzahl der V\u00f6gel und ihre Verteilung k\u00f6nnen dabei regional sehr unterschiedlich sein.<\/p>\n\n<p>Meine eigenen Begegnungen mit der Pfuhlschnepfe stammen von der nordspanischen K\u00fcste. Dort konnte ich sowohl einzelne V\u00f6gel als auch eine gr\u00f6\u00dfere Gruppe beobachten. Gerade an geeigneten Strand- und Wattbereichen lassen sich Nahrungssuche, Ruhephasen und das Verhalten innerhalb einer Gruppe besonders sch\u00f6n beobachten.<\/p>\t\t\t\t<\/div>\n\t\t\t\t<\/div>\n\t\t\t\t\t<\/div>\n\t\t\t\t<\/div>\n\t\t<div class=\"elementor-element elementor-element-649bc6a e-flex e-con-boxed e-con e-parent\" data-id=\"649bc6a\" data-element_type=\"container\" data-e-type=\"container\">\n\t\t\t\t\t<div class=\"e-con-inner\">\n\t\t<div class=\"elementor-element elementor-element-f652fe8 e-con-full e-flex e-con e-child\" data-id=\"f652fe8\" data-element_type=\"container\" data-e-type=\"container\">\n\t\t\t\t<div class=\"elementor-element elementor-element-ca190fb elementor-widget elementor-widget-html\" data-id=\"ca190fb\" data-element_type=\"widget\" data-e-type=\"widget\" data-widget_type=\"html.default\">\n\t\t\t\t<div class=\"elementor-widget-container\">\n\t\t\t\t\t<h2>Nahrungssuche mit einem hoch spezialisierten Schnabel<\/h2>\n\n<p>Der lange, leicht aufw\u00e4rts gebogene Schnabel der Pfuhlschnepfe ist hervorragend f\u00fcr die Nahrungssuche in weichem Untergrund geeignet. An K\u00fcsten und Wattfl\u00e4chen sucht sie vor allem nach wirbellosen Tieren. Dazu geh\u00f6ren unter anderem W\u00fcrmer, kleine Krebstiere und andere im oder auf dem Sediment lebende Beutetiere.<\/p>\n\n<p>Bei der Nahrungssuche l\u00e4uft die Pfuhlschnepfe durch flaches Wasser, \u00fcber feuchten Sand oder Schlick und untersucht den Untergrund mit ihrem Schnabel. Dabei kann sie ihn weit in das weiche Sediment einf\u00fchren und dort nach verborgener Nahrung suchen. Genau dieses Verhalten l\u00e4sst sich auf dem Foto besonders sch\u00f6n erkennen.<\/p>\n\n<p>Fotografisch entstehen dabei st\u00e4ndig wechselnde Situationen. Innerhalb weniger Augenblicke wechselt der Vogel zwischen Laufen, Stochern und kurzen Pausen. Manchmal wird der Schnabel nur kurz in den Untergrund gef\u00fchrt, ein anderes Mal verschwindet ein gro\u00dfer Teil davon im Sediment. Gerade diese unterschiedlichen Bewegungen machen die Nahrungssuche f\u00fcr mich zu einem der interessantesten Verhaltensweisen der Pfuhlschnepfe.<\/p>\t\t\t\t<\/div>\n\t\t\t\t<\/div>\n\t\t\t\t<\/div>\n\t\t<div class=\"elementor-element elementor-element-c5cb365 e-con-full e-flex e-con e-child\" data-id=\"c5cb365\" data-element_type=\"container\" data-e-type=\"container\">\n\t\t\t\t<div class=\"elementor-element elementor-element-9364359 elementor-widget elementor-widget-image\" data-id=\"9364359\" data-element_type=\"widget\" data-e-type=\"widget\" data-widget_type=\"image.default\">\n\t\t\t\t<div class=\"elementor-widget-container\">\n\t\t\t\t\t\t\t\t\t\t\t\t\t\t\t<img decoding=\"async\" width=\"751\" height=\"947\" src=\"https:\/\/nature-fineart.com\/vogelfotografie-spanien\/wp-content\/uploads\/2026\/08\/Pfuhlschnepfe-stochert-mit-ihrem-langen-Schnabel-tief-im-Sand-nach-Nahrung.jpg\" class=\"attachment-large size-large wp-image-10606\" alt=\"Pfuhlschnepfe stochert mit ihrem langen Schnabel tief im Sand nach Nahrung\" srcset=\"https:\/\/nature-fineart.com\/vogelfotografie-spanien\/wp-content\/uploads\/2026\/08\/Pfuhlschnepfe-stochert-mit-ihrem-langen-Schnabel-tief-im-Sand-nach-Nahrung.jpg 812w, https:\/\/nature-fineart.com\/vogelfotografie-spanien\/wp-content\/uploads\/2026\/08\/Pfuhlschnepfe-stochert-mit-ihrem-langen-Schnabel-tief-im-Sand-nach-Nahrung-476x600.jpg 476w, https:\/\/nature-fineart.com\/vogelfotografie-spanien\/wp-content\/uploads\/2026\/08\/Pfuhlschnepfe-stochert-mit-ihrem-langen-Schnabel-tief-im-Sand-nach-Nahrung-768x969.jpg 768w\" sizes=\"(max-width: 751px) 100vw, 751px\" \/>\t\t\t\t\t\t\t\t\t\t\t\t\t\t\t<\/div>\n\t\t\t\t<\/div>\n\t\t\t\t<\/div>\n\t\t\t\t\t<\/div>\n\t\t\t\t<\/div>\n\t\t<div class=\"elementor-element elementor-element-a487f9d e-flex e-con-boxed e-con e-parent\" data-id=\"a487f9d\" data-element_type=\"container\" data-e-type=\"container\">\n\t\t\t\t\t<div class=\"e-con-inner\">\n\t\t\t\t<div class=\"elementor-element elementor-element-c25fbce elementor-widget elementor-widget-html\" data-id=\"c25fbce\" data-element_type=\"widget\" data-e-type=\"widget\" data-widget_type=\"html.default\">\n\t\t\t\t<div class=\"elementor-widget-container\">\n\t\t\t\t\t<p>Wer einen Vogel eine Weile beobachtet, bekommt dadurch nicht nur klassische Seitenportr\u00e4ts, sondern kann auch die typische Nahrungssuche dokumentieren. Eine niedrige Perspektive ist dabei besonders wirkungsvoll: Schnabel, Kopfbewegungen und der unmittelbare Lebensraum am Strand werden st\u00e4rker Teil der Aufnahme.<\/p>\t\t\t\t<\/div>\n\t\t\t\t<\/div>\n\t\t\t\t\t<\/div>\n\t\t\t\t<\/div>\n\t\t<div class=\"elementor-element elementor-element-732e9f8 e-flex e-con-boxed e-con e-parent\" data-id=\"732e9f8\" data-element_type=\"container\" data-e-type=\"container\">\n\t\t\t\t\t<div class=\"e-con-inner\">\n\t\t<div class=\"elementor-element elementor-element-567004a e-con-full e-flex e-con e-child\" data-id=\"567004a\" data-element_type=\"container\" data-e-type=\"container\">\n\t\t\t\t<div class=\"elementor-element elementor-element-8152125 elementor-widget elementor-widget-html\" data-id=\"8152125\" data-element_type=\"widget\" data-e-type=\"widget\" data-widget_type=\"html.default\">\n\t\t\t\t<div class=\"elementor-widget-container\">\n\t\t\t\t\t<h2>Vom Schlichtkleid zum auff\u00e4lligen Brutkleid<\/h2>\n\n<p>Besonders interessant ist die deutliche Ver\u00e4nderung des Gefieders im Jahresverlauf. Im Schlichtkleid wirken Pfuhlschnepfen \u00fcberwiegend grau- und beigebraun mit heller Unterseite. Im Brutkleid k\u00f6nnen dagegen intensive rostrote bis orangebraune Farbt\u00f6ne an Kopf, Hals und Unterseite auftreten.<\/p>\t\t\t\t<\/div>\n\t\t\t\t<\/div>\n\t\t\t\t<\/div>\n\t\t<div class=\"elementor-element elementor-element-572b809 e-con-full e-flex e-con e-child\" data-id=\"572b809\" data-element_type=\"container\" data-e-type=\"container\">\n\t\t\t\t<div class=\"elementor-element elementor-element-3f7aa8f elementor-widget elementor-widget-image\" data-id=\"3f7aa8f\" data-element_type=\"widget\" data-e-type=\"widget\" data-widget_type=\"image.default\">\n\t\t\t\t<div class=\"elementor-widget-container\">\n\t\t\t\t\t\t\t\t\t\t\t\t\t\t\t<img decoding=\"async\" width=\"751\" height=\"475\" src=\"https:\/\/nature-fineart.com\/vogelfotografie-spanien\/wp-content\/uploads\/2026\/08\/Gruppe-von-Pfuhlschnepfen-mit-unterschiedlich-ausgepraegtem-Brutkleid-am-Strand.jpg\" class=\"attachment-large size-large wp-image-10607\" alt=\"Gruppe von Pfuhlschnepfen mit unterschiedlich ausgepr\u00e4gtem Brutkleid am Strand\" srcset=\"https:\/\/nature-fineart.com\/vogelfotografie-spanien\/wp-content\/uploads\/2026\/08\/Gruppe-von-Pfuhlschnepfen-mit-unterschiedlich-ausgepraegtem-Brutkleid-am-Strand.jpg 1024w, https:\/\/nature-fineart.com\/vogelfotografie-spanien\/wp-content\/uploads\/2026\/08\/Gruppe-von-Pfuhlschnepfen-mit-unterschiedlich-ausgepraegtem-Brutkleid-am-Strand-600x379.jpg 600w, https:\/\/nature-fineart.com\/vogelfotografie-spanien\/wp-content\/uploads\/2026\/08\/Gruppe-von-Pfuhlschnepfen-mit-unterschiedlich-ausgepraegtem-Brutkleid-am-Strand-768x485.jpg 768w\" sizes=\"(max-width: 751px) 100vw, 751px\" \/>\t\t\t\t\t\t\t\t\t\t\t\t\t\t\t<\/div>\n\t\t\t\t<\/div>\n\t\t\t\t<\/div>\n\t\t\t\t\t<\/div>\n\t\t\t\t<\/div>\n\t\t<div class=\"elementor-element elementor-element-5db6464 e-flex e-con-boxed e-con e-parent\" data-id=\"5db6464\" data-element_type=\"container\" data-e-type=\"container\">\n\t\t\t\t\t<div class=\"e-con-inner\">\n\t\t\t\t<div class=\"elementor-element elementor-element-4982192 elementor-widget elementor-widget-html\" data-id=\"4982192\" data-element_type=\"widget\" data-e-type=\"widget\" data-widget_type=\"html.default\">\n\t\t\t\t<div class=\"elementor-widget-container\">\n\t\t\t\t\t<p>M\u00e4nnchen zeigen im Brutkleid gew\u00f6hnlich eine intensivere rostrote F\u00e4rbung, w\u00e4hrend Weibchen im Durchschnitt gr\u00f6\u00dfer sind und h\u00e4ufig heller beziehungsweise weniger intensiv gef\u00e4rbt erscheinen. Die individuelle Variation ist allerdings erheblich. Deshalb sollte das Geschlecht eines einzelnen Vogels nicht allein anhand der Intensit\u00e4t der F\u00e4rbung bestimmt werden.<\/p>\n\n<p>Gerade eine Gruppe kann deshalb besonders interessant sein. Auf einem meiner Fotos stehen mehrere Pfuhlschnepfen mit deutlich unterschiedlichen Gefiederstadien zusammen. Dadurch wird auf einem einzigen Bild sichtbar, wie unterschiedlich die Art w\u00e4hrend der \u00dcbergangszeit aussehen kann.<\/p>\t\t\t\t<\/div>\n\t\t\t\t<\/div>\n\t\t\t\t\t<\/div>\n\t\t\t\t<\/div>\n\t\t<div class=\"elementor-element elementor-element-2680810 e-flex e-con-boxed e-con e-parent\" data-id=\"2680810\" data-element_type=\"container\" data-e-type=\"container\">\n\t\t\t\t\t<div class=\"e-con-inner\">\n\t\t<div class=\"elementor-element elementor-element-601bc01 e-con-full e-flex e-con e-child\" data-id=\"601bc01\" data-element_type=\"container\" data-e-type=\"container\">\n\t\t\t\t<div class=\"elementor-element elementor-element-9086f26 elementor-widget elementor-widget-image\" data-id=\"9086f26\" data-element_type=\"widget\" data-e-type=\"widget\" data-widget_type=\"image.default\">\n\t\t\t\t<div class=\"elementor-widget-container\">\n\t\t\t\t\t\t\t\t\t\t\t\t\t\t\t<img loading=\"lazy\" decoding=\"async\" width=\"751\" height=\"982\" src=\"https:\/\/nature-fineart.com\/vogelfotografie-spanien\/wp-content\/uploads\/2026\/08\/Pfuhlschnepfe-bei-der-Gefiederpflege-am-Strand.jpg\" class=\"attachment-large size-large wp-image-10608\" alt=\"Pfuhlschnepfe bei der Gefiederpflege am Strand\" srcset=\"https:\/\/nature-fineart.com\/vogelfotografie-spanien\/wp-content\/uploads\/2026\/08\/Pfuhlschnepfe-bei-der-Gefiederpflege-am-Strand.jpg 783w, https:\/\/nature-fineart.com\/vogelfotografie-spanien\/wp-content\/uploads\/2026\/08\/Pfuhlschnepfe-bei-der-Gefiederpflege-am-Strand-459x600.jpg 459w, https:\/\/nature-fineart.com\/vogelfotografie-spanien\/wp-content\/uploads\/2026\/08\/Pfuhlschnepfe-bei-der-Gefiederpflege-am-Strand-768x1004.jpg 768w\" sizes=\"(max-width: 751px) 100vw, 751px\" \/>\t\t\t\t\t\t\t\t\t\t\t\t\t\t\t<\/div>\n\t\t\t\t<\/div>\n\t\t\t\t<\/div>\n\t\t<div class=\"elementor-element elementor-element-bb61ddc e-con-full e-flex e-con e-child\" data-id=\"bb61ddc\" data-element_type=\"container\" data-e-type=\"container\">\n\t\t\t\t<div class=\"elementor-element elementor-element-7233ce4 elementor-widget elementor-widget-html\" data-id=\"7233ce4\" data-element_type=\"widget\" data-e-type=\"widget\" data-widget_type=\"html.default\">\n\t\t\t\t<div class=\"elementor-widget-container\">\n\t\t\t\t\t<h2>Gefiederpflege und ruhige Verhaltensmomente<\/h2>\n\n<p>Zwischen der aktiven Nahrungssuche nehmen sich die V\u00f6gel immer wieder Zeit f\u00fcr die Pflege ihres Gefieders. Solche Situationen wirken zun\u00e4chst weniger spektakul\u00e4r, bieten fotografisch aber interessante K\u00f6rperhaltungen und zeigen einen weiteren Teil des nat\u00fcrlichen Verhaltens.<\/p>\n\n<p>Wenn ein Vogel l\u00e4ngere Zeit an derselben Stelle bleibt, lohnt es sich deshalb, ihn weiter zu beobachten. Gerade nach l\u00e4ngerer ruhiger Beobachtung entstehen h\u00e4ufig Situationen, die \u00fcber ein klassisches Portr\u00e4t hinausgehen.<\/p>\t\t\t\t<\/div>\n\t\t\t\t<\/div>\n\t\t\t\t<\/div>\n\t\t\t\t\t<\/div>\n\t\t\t\t<\/div>\n\t\t<div class=\"elementor-element elementor-element-03542ba e-flex e-con-boxed e-con e-parent\" data-id=\"03542ba\" data-element_type=\"container\" data-e-type=\"container\">\n\t\t\t\t\t<div class=\"e-con-inner\">\n\t\t\t\t<div class=\"elementor-element elementor-element-be41e4b elementor-widget elementor-widget-html\" data-id=\"be41e4b\" data-element_type=\"widget\" data-e-type=\"widget\" data-widget_type=\"html.default\">\n\t\t\t\t<div class=\"elementor-widget-container\">\n\t\t\t\t\t<h2>Pfuhlschnepfe oder Uferschnepfe?<\/h2>\n\n<p>Eine der naheliegendsten Verwechslungsm\u00f6glichkeiten ist die Uferschnepfe (<em>Limosa limosa<\/em>). Beide Arten besitzen sehr lange Schn\u00e4bel und Beine und k\u00f6nnen auf den ersten Blick \u00e4hnlich wirken.<\/p>\n\n<p>Bei der Pfuhlschnepfe ist der Schnabel typischerweise leicht nach oben gebogen, w\u00e4hrend er bei der Uferschnepfe gerader erscheint. Auch K\u00f6rperproportionen, Gefieder und Schwanzzeichnung unterscheiden sich. Besonders im Flug kommen weitere Merkmale hinzu, die eine sichere Bestimmung erleichtern.<\/p>\t\t\t\t<\/div>\n\t\t\t\t<\/div>\n\t\t\t\t\t<\/div>\n\t\t\t\t<\/div>\n\t\t<div class=\"elementor-element elementor-element-085e4a0 e-flex e-con-boxed e-con e-parent\" data-id=\"085e4a0\" data-element_type=\"container\" data-e-type=\"container\">\n\t\t\t\t\t<div class=\"e-con-inner\">\n\t\t<div class=\"elementor-element elementor-element-044c0a1 e-con-full e-flex e-con e-child\" data-id=\"044c0a1\" data-element_type=\"container\" data-e-type=\"container\">\n\t\t\t\t<div class=\"elementor-element elementor-element-3aac616 elementor-widget elementor-widget-image\" data-id=\"3aac616\" data-element_type=\"widget\" data-e-type=\"widget\" data-widget_type=\"image.default\">\n\t\t\t\t<div class=\"elementor-widget-container\">\n\t\t\t\t\t\t\t\t\t\t\t\t\t\t\t<img loading=\"lazy\" decoding=\"async\" width=\"751\" height=\"487\" src=\"https:\/\/nature-fineart.com\/vogelfotografie-spanien\/wp-content\/uploads\/2026\/08\/Pfuhlschnepfe-im-Schlichtkleid-im-flachen-klaren-Wasser-an-der-Kueste-.jpg\" class=\"attachment-large size-large wp-image-10609\" alt=\"Pfuhlschnepfe im Schlichtkleid im flachen klaren Wasser an der K\u00fcste\" srcset=\"https:\/\/nature-fineart.com\/vogelfotografie-spanien\/wp-content\/uploads\/2026\/08\/Pfuhlschnepfe-im-Schlichtkleid-im-flachen-klaren-Wasser-an-der-Kueste-.jpg 1024w, https:\/\/nature-fineart.com\/vogelfotografie-spanien\/wp-content\/uploads\/2026\/08\/Pfuhlschnepfe-im-Schlichtkleid-im-flachen-klaren-Wasser-an-der-Kueste--600x389.jpg 600w, https:\/\/nature-fineart.com\/vogelfotografie-spanien\/wp-content\/uploads\/2026\/08\/Pfuhlschnepfe-im-Schlichtkleid-im-flachen-klaren-Wasser-an-der-Kueste--768x498.jpg 768w\" sizes=\"(max-width: 751px) 100vw, 751px\" \/>\t\t\t\t\t\t\t\t\t\t\t\t\t\t\t<\/div>\n\t\t\t\t<\/div>\n\t\t\t\t<\/div>\n\t\t<div class=\"elementor-element elementor-element-687ab4c e-con-full e-flex e-con e-child\" data-id=\"687ab4c\" data-element_type=\"container\" data-e-type=\"container\">\n\t\t\t\t<div class=\"elementor-element elementor-element-f71825b elementor-widget elementor-widget-html\" data-id=\"f71825b\" data-element_type=\"widget\" data-e-type=\"widget\" data-widget_type=\"html.default\">\n\t\t\t\t<div class=\"elementor-widget-container\">\n\t\t\t\t\t<p>Interessant sind in diesem Zusammenhang auch die spanischen Namen. Die Pfuhlschnepfe hei\u00dft <em>aguja colipinta<\/em>, die Uferschnepfe dagegen <em>aguja colinegra<\/em>. Der Name der Uferschnepfe verweist auf ihren auff\u00e4lligen schwarzen Schwanzbereich, w\u00e4hrend der Name der Pfuhlschnepfe auf die geb\u00e4nderte beziehungsweise gezeichnete Schwanzpartie Bezug nimmt.<\/p>\t\t\t\t<\/div>\n\t\t\t\t<\/div>\n\t\t\t\t<\/div>\n\t\t\t\t\t<\/div>\n\t\t\t\t<\/div>\n\t\t<div class=\"elementor-element elementor-element-92e9d58 e-flex e-con-boxed e-con e-parent\" data-id=\"92e9d58\" data-element_type=\"container\" data-e-type=\"container\">\n\t\t\t\t\t<div class=\"e-con-inner\">\n\t\t<div class=\"elementor-element elementor-element-4a2287a e-con-full e-flex e-con e-child\" data-id=\"4a2287a\" data-element_type=\"container\" data-e-type=\"container\">\n\t\t\t\t<div class=\"elementor-element elementor-element-8bdff2b elementor-widget elementor-widget-html\" data-id=\"8bdff2b\" data-element_type=\"widget\" data-e-type=\"widget\" data-widget_type=\"html.default\">\n\t\t\t\t<div class=\"elementor-widget-container\">\n\t\t\t\t\t<h2>Ein au\u00dfergew\u00f6hnlicher Langstreckenzieher<\/h2>\n\n<p>Die Pfuhlschnepfe geh\u00f6rt zu den eindrucksvollsten Langstreckenziehern der Vogelwelt. Populationen der Art verbinden ihre weit n\u00f6rdlich gelegenen Brutgebiete mit Rast- und \u00dcberwinterungsgebieten, die Tausende Kilometer entfernt liegen.<\/p>\n\n<p>Wie au\u00dfergew\u00f6hnlich diese Zugleistung sein kann, zeigt eine andere Population der Pfuhlschnepfe: Ein besenderter Jungvogel der Unterart <em>Limosa lapponica baueri<\/em> legte auf seinem Zug von Alaska nach Tasmanien mehr als 13.000 Kilometer ohne dokumentierte Zwischenlandung zur\u00fcck. Solche Rekordfl\u00fcge betreffen nicht die europ\u00e4ischen Pfuhlschnepfen, zeigen aber eindrucksvoll, zu welchen Leistungen diese Art grunds\u00e4tzlich f\u00e4hig ist.<\/p>\n\n<p>F\u00fcr die in Spanien beobachteten V\u00f6gel sind besonders die Zugzeiten interessant. W\u00e4hrend des Fr\u00fchjahrs ziehen Pfuhlschnepfen wieder in Richtung ihrer n\u00f6rdlichen Brutgebiete, wobei noch im April und Mai Durchz\u00fcgler auftreten k\u00f6nnen. Der R\u00fcckzug beginnt sp\u00e4ter im Jahr erneut und bringt die V\u00f6gel auf dem Weg in ihre \u00dcberwinterungsgebiete wieder an geeignete Rastpl\u00e4tze.<\/p>\t\t\t\t<\/div>\n\t\t\t\t<\/div>\n\t\t\t\t<\/div>\n\t\t<div class=\"elementor-element elementor-element-7557982 e-con-full e-flex e-con e-child\" data-id=\"7557982\" data-element_type=\"container\" data-e-type=\"container\">\n\t\t\t\t<div class=\"elementor-element elementor-element-6fde00c elementor-widget elementor-widget-image\" data-id=\"6fde00c\" data-element_type=\"widget\" data-e-type=\"widget\" data-widget_type=\"image.default\">\n\t\t\t\t<div class=\"elementor-widget-container\">\n\t\t\t\t\t\t\t\t\t\t\t\t\t\t\t<img loading=\"lazy\" decoding=\"async\" width=\"751\" height=\"994\" src=\"https:\/\/nature-fineart.com\/vogelfotografie-spanien\/wp-content\/uploads\/2026\/08\/Pfuhlschnepfe-laeuft-am-Strand-entlang-und-zeigt-ihre-schlanke-Koerperform.jpg\" class=\"attachment-large size-large wp-image-10610\" alt=\"Pfuhlschnepfe l\u00e4uft am Strand entlang und zeigt ihre schlanke K\u00f6rperform\" srcset=\"https:\/\/nature-fineart.com\/vogelfotografie-spanien\/wp-content\/uploads\/2026\/08\/Pfuhlschnepfe-laeuft-am-Strand-entlang-und-zeigt-ihre-schlanke-Koerperform.jpg 774w, https:\/\/nature-fineart.com\/vogelfotografie-spanien\/wp-content\/uploads\/2026\/08\/Pfuhlschnepfe-laeuft-am-Strand-entlang-und-zeigt-ihre-schlanke-Koerperform-454x600.jpg 454w, https:\/\/nature-fineart.com\/vogelfotografie-spanien\/wp-content\/uploads\/2026\/08\/Pfuhlschnepfe-laeuft-am-Strand-entlang-und-zeigt-ihre-schlanke-Koerperform-768x1016.jpg 768w\" sizes=\"(max-width: 751px) 100vw, 751px\" \/>\t\t\t\t\t\t\t\t\t\t\t\t\t\t\t<\/div>\n\t\t\t\t<\/div>\n\t\t\t\t<\/div>\n\t\t\t\t\t<\/div>\n\t\t\t\t<\/div>\n\t\t<div class=\"elementor-element elementor-element-2b8b975 e-flex e-con-boxed e-con e-parent\" data-id=\"2b8b975\" data-element_type=\"container\" data-e-type=\"container\">\n\t\t\t\t\t<div class=\"e-con-inner\">\n\t\t\t\t<div class=\"elementor-element elementor-element-010f26d elementor-widget elementor-widget-html\" data-id=\"010f26d\" data-element_type=\"widget\" data-e-type=\"widget\" data-widget_type=\"html.default\">\n\t\t\t\t<div class=\"elementor-widget-container\">\n\t\t\t\t\t<h2>Pfuhlschnepfen fotografieren \u2013 meine Tipps<\/h2>\n\n<p>Pfuhlschnepfen sind w\u00e4hrend der Nahrungssuche st\u00e4ndig in Bewegung. Sie laufen, stoppen kurz, stecken den Schnabel in den Untergrund und wechseln anschlie\u00dfend wieder ihre Position. F\u00fcr solche Situationen arbeite ich gerne mit einer kurzen Verschlusszeit.<\/p>\n\n<p>Kontinuierlicher Autofokus und eine zuverl\u00e4ssige Augenerkennung k\u00f6nnen dabei sehr hilfreich sein. Gerade wenn der Vogel schnell die Kopfposition ver\u00e4ndert oder pl\u00f6tzlich losl\u00e4uft, erh\u00f6ht eine Serienaufnahme zus\u00e4tzlich die Chance, genau den Moment mit einer interessanten Haltung und einem scharfen Auge zu erwischen.<\/p>\n\n<p>Bei der Belichtung sind die helleren Gefiederbereiche im Auge zu behalten. Die Kontraste sind h\u00e4ufig weniger extrem als bei rein wei\u00dfen Vogelarten, trotzdem sollten auch in den hellen Federn m\u00f6glichst noch Strukturen erhalten bleiben.<\/p>\t\t\t\t<\/div>\n\t\t\t\t<\/div>\n\t\t\t\t\t<\/div>\n\t\t\t\t<\/div>\n\t\t<div class=\"elementor-element elementor-element-4df5df7 e-flex e-con-boxed e-con e-parent\" data-id=\"4df5df7\" data-element_type=\"container\" data-e-type=\"container\">\n\t\t\t\t\t<div class=\"e-con-inner\">\n\t\t<div class=\"elementor-element elementor-element-e2f8826 e-con-full e-flex e-con e-child\" data-id=\"e2f8826\" data-element_type=\"container\" data-e-type=\"container\">\n\t\t\t\t<div class=\"elementor-element elementor-element-47371a1 elementor-widget elementor-widget-image\" data-id=\"47371a1\" data-element_type=\"widget\" data-e-type=\"widget\" data-widget_type=\"image.default\">\n\t\t\t\t<div class=\"elementor-widget-container\">\n\t\t\t\t\t\t\t\t\t\t\t\t\t\t\t<img loading=\"lazy\" decoding=\"async\" width=\"751\" height=\"480\" src=\"https:\/\/nature-fineart.com\/vogelfotografie-spanien\/wp-content\/uploads\/2026\/08\/Pfuhlschnepfe-im-rostfarbenen-Brutkleid-am-Strand-mit-Tropfen-am-Schnabel.jpg\" class=\"attachment-large size-large wp-image-10611\" alt=\"Pfuhlschnepfe im rostfarbenen Brutkleid am Strand mit Tropfen am Schnabel\" srcset=\"https:\/\/nature-fineart.com\/vogelfotografie-spanien\/wp-content\/uploads\/2026\/08\/Pfuhlschnepfe-im-rostfarbenen-Brutkleid-am-Strand-mit-Tropfen-am-Schnabel.jpg 1024w, https:\/\/nature-fineart.com\/vogelfotografie-spanien\/wp-content\/uploads\/2026\/08\/Pfuhlschnepfe-im-rostfarbenen-Brutkleid-am-Strand-mit-Tropfen-am-Schnabel-600x384.jpg 600w, https:\/\/nature-fineart.com\/vogelfotografie-spanien\/wp-content\/uploads\/2026\/08\/Pfuhlschnepfe-im-rostfarbenen-Brutkleid-am-Strand-mit-Tropfen-am-Schnabel-768x491.jpg 768w\" sizes=\"(max-width: 751px) 100vw, 751px\" \/>\t\t\t\t\t\t\t\t\t\t\t\t\t\t\t<\/div>\n\t\t\t\t<\/div>\n\t\t\t\t<\/div>\n\t\t<div class=\"elementor-element elementor-element-cbaefd1 e-con-full e-flex e-con e-child\" data-id=\"cbaefd1\" data-element_type=\"container\" data-e-type=\"container\">\n\t\t\t\t<div class=\"elementor-element elementor-element-cd6a550 elementor-widget elementor-widget-html\" data-id=\"cd6a550\" data-element_type=\"widget\" data-e-type=\"widget\" data-widget_type=\"html.default\">\n\t\t\t\t<div class=\"elementor-widget-container\">\n\t\t\t\t\t<p>Besonders wichtig ist f\u00fcr mich die Perspektive. Wenn es die Situation zul\u00e4sst, fotografiere ich Limikolen m\u00f6glichst auf Augenh\u00f6he. Dadurch l\u00f6st sich der Vogel st\u00e4rker vom Hintergrund, Vorder- und Hintergrund werden ruhiger und die Aufnahme vermittelt viel st\u00e4rker das Gef\u00fchl, sich auf derselben Ebene wie der Vogel zu befinden.<\/p>\n\n<p>Auch Lichtreflexe im Auge k\u00f6nnen eine Aufnahme deutlich lebendiger wirken lassen. Bei tiefem Morgen- oder Abendlicht kann das ansonsten dunkle Auge einen warmen br\u00e4unlichen Reflex zeigen.<\/p>\t\t\t\t<\/div>\n\t\t\t\t<\/div>\n\t\t\t\t<\/div>\n\t\t\t\t\t<\/div>\n\t\t\t\t<\/div>\n\t\t<div class=\"elementor-element elementor-element-9a44cc5 e-flex e-con-boxed e-con e-parent\" data-id=\"9a44cc5\" data-element_type=\"container\" data-e-type=\"container\">\n\t\t\t\t\t<div class=\"e-con-inner\">\n\t\t\t\t<div class=\"elementor-element elementor-element-fee3fd8 elementor-widget elementor-widget-html\" data-id=\"fee3fd8\" data-element_type=\"widget\" data-e-type=\"widget\" data-widget_type=\"html.default\">\n\t\t\t\t<div class=\"elementor-widget-container\">\n\t\t\t\t\t<h2>Beobachten statt hinterherlaufen<\/h2>\n\n<p>Gerade bei rastenden Limikolen lohnt es sich, die V\u00f6gel zun\u00e4chst in Ruhe zu beobachten. Bei der Nahrungssuche bewegen sie sich h\u00e4ufig selbst \u00fcber gr\u00f6\u00dfere Bereiche des Strandes. Wer gen\u00fcgend Abstand h\u00e4lt und ihre Bewegungsrichtung beobachtet, kann interessante Situationen entstehen lassen, ohne einem einzelnen Vogel st\u00e4ndig folgen zu m\u00fcssen.<\/p>\t\t\t\t<\/div>\n\t\t\t\t<\/div>\n\t\t\t\t\t<\/div>\n\t\t\t\t<\/div>\n\t\t<div class=\"elementor-element elementor-element-d962776 e-flex e-con-boxed e-con e-parent\" data-id=\"d962776\" data-element_type=\"container\" data-e-type=\"container\">\n\t\t\t\t\t<div class=\"e-con-inner\">\n\t\t<div class=\"elementor-element elementor-element-8215fa1 e-con-full e-flex e-con e-child\" data-id=\"8215fa1\" data-element_type=\"container\" data-e-type=\"container\">\n\t\t\t\t<div class=\"elementor-element elementor-element-4a385f5 elementor-widget elementor-widget-html\" data-id=\"4a385f5\" data-element_type=\"widget\" data-e-type=\"widget\" data-widget_type=\"html.default\">\n\t\t\t\t<div class=\"elementor-widget-container\">\n\t\t\t\t\t<p>Das ist besonders w\u00e4hrend des Vogelzugs wichtig. Rastpl\u00e4tze dienen den V\u00f6geln dazu, Nahrung aufzunehmen und Energiereserven f\u00fcr die n\u00e4chste Etappe zu sammeln. Eine r\u00fccksichtsvolle Beobachtung und Fotografie geh\u00f6rt deshalb f\u00fcr mich selbstverst\u00e4ndlich zu jeder Begegnung mit der Pfuhlschnepfe.<\/p>\t\t\t\t<\/div>\n\t\t\t\t<\/div>\n\t\t\t\t<\/div>\n\t\t<div class=\"elementor-element elementor-element-f023f5a e-con-full e-flex e-con e-child\" data-id=\"f023f5a\" data-element_type=\"container\" data-e-type=\"container\">\n\t\t\t\t<div class=\"elementor-element elementor-element-5e5fec7 elementor-widget elementor-widget-image\" data-id=\"5e5fec7\" data-element_type=\"widget\" data-e-type=\"widget\" data-widget_type=\"image.default\">\n\t\t\t\t<div class=\"elementor-widget-container\">\n\t\t\t\t\t\t\t\t\t\t\t\t\t\t\t<img loading=\"lazy\" decoding=\"async\" width=\"751\" height=\"525\" src=\"https:\/\/nature-fineart.com\/vogelfotografie-spanien\/wp-content\/uploads\/2026\/08\/Pfuhlschnepfe-im-ausgepraegten-Brutkleid-bei-der-Nahrungssuche-am-Strand.jpg\" class=\"attachment-large size-large wp-image-10612\" alt=\"Pfuhlschnepfe im ausgepr\u00e4gten Brutkleid bei der Nahrungssuche am Strand\" srcset=\"https:\/\/nature-fineart.com\/vogelfotografie-spanien\/wp-content\/uploads\/2026\/08\/Pfuhlschnepfe-im-ausgepraegten-Brutkleid-bei-der-Nahrungssuche-am-Strand.jpg 1024w, https:\/\/nature-fineart.com\/vogelfotografie-spanien\/wp-content\/uploads\/2026\/08\/Pfuhlschnepfe-im-ausgepraegten-Brutkleid-bei-der-Nahrungssuche-am-Strand-600x420.jpg 600w, https:\/\/nature-fineart.com\/vogelfotografie-spanien\/wp-content\/uploads\/2026\/08\/Pfuhlschnepfe-im-ausgepraegten-Brutkleid-bei-der-Nahrungssuche-am-Strand-768x537.jpg 768w\" sizes=\"(max-width: 751px) 100vw, 751px\" \/>\t\t\t\t\t\t\t\t\t\t\t\t\t\t\t<\/div>\n\t\t\t\t<\/div>\n\t\t\t\t<\/div>\n\t\t\t\t\t<\/div>\n\t\t\t\t<\/div>\n\t\t<div class=\"elementor-element elementor-element-6a76ac9 e-flex e-con-boxed e-con e-parent\" data-id=\"6a76ac9\" data-element_type=\"container\" data-e-type=\"container\">\n\t\t\t\t\t<div class=\"e-con-inner\">\n\t\t\t\t<div class=\"elementor-element elementor-element-ec27720 elementor-widget elementor-widget-html\" data-id=\"ec27720\" data-element_type=\"widget\" data-e-type=\"widget\" data-widget_type=\"html.default\">\n\t\t\t\t<div class=\"elementor-widget-container\">\n\t\t\t\t\t<h2>Weitere Limikolen entdecken<\/h2>\n\n<p>An Spaniens K\u00fcsten, Lagunen und Feuchtgebieten lassen sich neben der Pfuhlschnepfe zahlreiche weitere Limikolen beobachten und fotografieren. Viele Arten unterscheiden sich deutlich in ihrer Nahrungssuche, ihrem Verhalten und ihren bevorzugten Lebensr\u00e4umen.<\/p>\n\n<p>\n<a href=\"https:\/\/nature-fineart.com\/vogelfotografie-spanien\/bekassine\/\">Bekassine<\/a> |\n<a href=\"https:\/\/nature-fineart.com\/vogelfotografie-spanien\/grosser-brachvogel\/\">Gro\u00dfer Brachvogel<\/a> |\n<a href=\"https:\/\/nature-fineart.com\/vogelfotografie-spanien\/regenbrachvogel\/\">Regenbrachvogel<\/a> |\n<a href=\"https:\/\/nature-fineart.com\/vogelfotografie-spanien\/alpenstrandlaeufer\/\">Alpenstrandl\u00e4ufer<\/a>\n<\/p>\n\n<p><a href=\"https:\/\/nature-fineart.com\/vogelfotografie-spanien\/tierarten-fotografie\/\">Weitere Vogelarten entdecken<\/a><\/p>\n\n\n<h2>Vogelzug und Naturfotografie im Fr\u00fchling<\/h2>\n\n<p>Der Fr\u00fchling geh\u00f6rt f\u00fcr mich zu den spannendsten Zeiten f\u00fcr die Vogelbeobachtung in Spanien. Neben den heimischen Brutv\u00f6geln ziehen zahlreiche Arten durch das Land und nutzen geeignete K\u00fcsten, Feuchtgebiete und offene Landschaften als Rastpl\u00e4tze.<\/p>\n\n<p>Die Pfuhlschnepfe ist ein sch\u00f6nes Beispiel daf\u00fcr, wie der Vogelzug f\u00fcr kurze Zeit Arten in eine Landschaft bringen kann, denen man dort w\u00e4hrend des restlichen Jahres deutlich seltener begegnet.<\/p>\n\n<p><a href=\"https:\/\/nature-fineart.com\/vogelfotografie-spanien\/die-ersten-zeichen-des-fruehlings-in-spanien\/\">Die ersten Zeichen des Fr\u00fchlings in Spanien; Vogelzug, Licht und neue Aktivit\u00e4t<\/a><\/p>\n\n\n<h2>V\u00f6gel in Spanien fotografieren<\/h2>\n\n<p>Von K\u00fcsten und Feuchtgebieten bis zu Steppen, W\u00e4ldern und Gebirgen bietet Spanien sehr unterschiedliche M\u00f6glichkeiten f\u00fcr die Vogel- und Naturfotografie. Gerade w\u00e4hrend des Vogelzugs k\u00f6nnen dabei immer wieder unerwartete Arten und besondere Beobachtungen entstehen.<\/p>\n\n<p><a href=\"https:\/\/nature-fineart.com\/vogelfotografie-spanien\/reisen\/\">Meine Fotoreisen und Naturreisen in Spanien entdecken<\/a><\/p>\n\n<p><strong>Du m\u00f6chtest eine Reise anfragen oder mehr \u00fcber die M\u00f6glichkeiten erfahren?<\/strong><\/p>\t\t\t\t<\/div>\n\t\t\t\t<\/div>\n\t\t\t\t\t<\/div>\n\t\t\t\t<\/div>\n\t\t<div class=\"elementor-element elementor-element-deb944d e-flex e-con-boxed e-con e-parent\" data-id=\"deb944d\" data-element_type=\"container\" data-e-type=\"container\">\n\t\t\t\t\t<div class=\"e-con-inner\">\n\t\t\t\t<div class=\"elementor-element elementor-element-8b9e8ab elementor-widget elementor-widget-shortcode\" data-id=\"8b9e8ab\" data-element_type=\"widget\" data-e-type=\"widget\" data-widget_type=\"shortcode.default\">\n\t\t\t\t<div class=\"elementor-widget-container\">\n\t\t\t\t\t\t\t<div class=\"elementor-shortcode\"><style id=\"wpforms-css-vars-5929\">\n\t\t\t\t#wpforms-5929 {\n\t\t\t\t--wpforms-field-border-color: #5E5E5E;\n--wpforms-field-border-color-spare: #5E5E5E;\n--wpforms-field-text-color: #5e5e5e;\n--wpforms-label-color: #5e5e5e;\n--wpforms-label-sublabel-color: #5e5e5e;\n--wpforms-button-background-color: #6e7b4a;\n--wpforms-container-padding: 0px;\n--wpforms-container-border-width: 1px;\n--wpforms-container-border-radius: 3px;\n--wpforms-background-color: rgba(0, 0, 0, 0);\n--wpforms-field-size-input-height: 43px;\n--wpforms-field-size-input-spacing: 15px;\n--wpforms-field-size-font-size: 16px;\n--wpforms-field-size-line-height: 19px;\n--wpforms-field-size-padding-h: 14px;\n--wpforms-field-size-checkbox-size: 16px;\n--wpforms-field-size-sublabel-spacing: 5px;\n--wpforms-field-size-icon-size: 1;\n--wpforms-label-size-font-size: 16px;\n--wpforms-label-size-line-height: 19px;\n--wpforms-label-size-sublabel-font-size: 14px;\n--wpforms-label-size-sublabel-line-height: 17px;\n--wpforms-button-size-font-size: 17px;\n--wpforms-button-size-height: 41px;\n--wpforms-button-size-padding-h: 15px;\n--wpforms-button-size-margin-top: 10px;\n--wpforms-container-shadow-size-box-shadow: none;\n\t\t\t}\n\t\t\t<\/style><div class=\"wpforms-container wpforms-container-full wpforms-render-modern\" id=\"wpforms-5929\"><form id=\"wpforms-form-5929\" class=\"wpforms-validate wpforms-form wpforms-ajax-form\" data-formid=\"5929\" method=\"post\" enctype=\"multipart\/form-data\" action=\"\/vogelfotografie-spanien\/wp-json\/wp\/v2\/pages\/10603\" data-token=\"6fe8dd5e8c13da77c15288333c0eb977\" data-token-time=\"1788266173\"><noscript class=\"wpforms-error-noscript\">Bitte aktiviere JavaScript in deinem Browser, um dieses Formular fertigzustellen.<\/noscript><div id=\"wpforms-error-noscript\" style=\"display: none;\">Bitte aktiviere JavaScript in deinem Browser, um dieses Formular fertigzustellen.<\/div><div class=\"wpforms-field-container\">\t\t<div id=\"wpforms-5929-field_4-container\"\n\t\t\tclass=\"wpforms-field wpforms-field-text\"\n\t\t\tdata-field-type=\"text\"\n\t\t\tdata-field-id=\"4\"\n\t\t\t>\n\t\t\t<label class=\"wpforms-field-label\" for=\"wpforms-5929-field_4\" >Nachricht oder E-Mail-Adresse<\/label>\n\t\t\t<input type=\"text\" id=\"wpforms-5929-field_4\" class=\"wpforms-field-medium\" name=\"wpforms[fields][4]\" >\n\t\t<\/div>\n\t\t<div id=\"wpforms-5929-field_1-container\" class=\"wpforms-field wpforms-field-name\" data-field-id=\"1\"><fieldset><legend class=\"wpforms-field-label\">Name <span class=\"wpforms-required-label\" aria-hidden=\"true\">*<\/span><\/legend><div class=\"wpforms-field-row wpforms-field-medium\"><div class=\"wpforms-field-row-block wpforms-first wpforms-one-half\"><input type=\"text\" id=\"wpforms-5929-field_1\" class=\"wpforms-field-name-first wpforms-field-required\" name=\"wpforms[fields][1][first]\" aria-errormessage=\"wpforms-5929-field_1-error\" required><label for=\"wpforms-5929-field_1\" class=\"wpforms-field-sublabel after\">Vorname<\/label><\/div><div class=\"wpforms-field-row-block wpforms-one-half\"><input type=\"text\" id=\"wpforms-5929-field_1-last\" class=\"wpforms-field-name-last wpforms-field-required\" name=\"wpforms[fields][1][last]\" aria-errormessage=\"wpforms-5929-field_1-last-error\" required><label for=\"wpforms-5929-field_1-last\" class=\"wpforms-field-sublabel after\">Nachname<\/label><\/div><\/div><\/fieldset><\/div><div id=\"wpforms-5929-field_2-container\" class=\"wpforms-field wpforms-field-email\" data-field-id=\"2\"><label class=\"wpforms-field-label\" for=\"wpforms-5929-field_2\">E-Mail-Adresse <span class=\"wpforms-required-label\" aria-hidden=\"true\">*<\/span><\/label><input type=\"email\" id=\"wpforms-5929-field_2\" class=\"wpforms-field-medium wpforms-field-required\" name=\"wpforms[fields][2]\" spellcheck=\"false\" aria-errormessage=\"wpforms-5929-field_2-error\" required><\/div><div id=\"wpforms-5929-field_3-container\" class=\"wpforms-field wpforms-field-textarea\" data-field-id=\"3\"><label class=\"wpforms-field-label\" for=\"wpforms-5929-field_3\">Kommentar oder Nachricht<\/label><textarea id=\"wpforms-5929-field_3\" class=\"wpforms-field-medium\" name=\"wpforms[fields][3]\" aria-errormessage=\"wpforms-5929-field_3-error\" ><\/textarea><\/div><script>\n\t\t\t\t( function() {\n\t\t\t\t\tconst style = document.createElement( 'style' );\n\t\t\t\t\tstyle.appendChild( document.createTextNode( '#wpforms-5929-field_4-container { position: absolute !important; overflow: hidden !important; display: inline !important; height: 1px !important; width: 1px !important; z-index: -1000 !important; padding: 0 !important; } #wpforms-5929-field_4-container input { visibility: hidden; } #wpforms-conversational-form-page #wpforms-5929-field_4-container label { counter-increment: none; }' ) );\n\t\t\t\t\tdocument.head.appendChild( style );\n\t\t\t\t\tdocument.currentScript?.remove();\n\t\t\t\t} )();\n\t\t\t<\/script><\/div><!-- .wpforms-field-container --><div class=\"wpforms-submit-container\" ><input type=\"hidden\" name=\"wpforms[id]\" value=\"5929\"><input type=\"hidden\" name=\"page_title\" value=\"\"><input type=\"hidden\" name=\"page_url\" value=\"https:\/\/nature-fineart.com\/vogelfotografie-spanien\/wp-json\/wp\/v2\/pages\/10603\"><input type=\"hidden\" name=\"url_referer\" value=\"\"><button type=\"submit\" name=\"wpforms[submit]\" id=\"wpforms-submit-5929\" class=\"wpforms-submit\" data-alt-text=\"Wird gesendet\u00a0\u2026\" data-submit-text=\"Anfrage senden\" aria-live=\"assertive\" value=\"wpforms-submit\">Anfrage senden<\/button><img loading=\"lazy\" decoding=\"async\" src=\"https:\/\/nature-fineart.com\/vogelfotografie-spanien\/wp-content\/plugins\/wpforms-lite\/assets\/images\/submit-spin.svg\" class=\"wpforms-submit-spinner\" style=\"display: none;\" width=\"26\" height=\"26\" alt=\"Wird geladen\"><\/div><\/form><\/div>  <!-- .wpforms-container --><\/div>\n\t\t\t\t\t\t<\/div>\n\t\t\t\t<\/div>\n\t\t\t\t\t<\/div>\n\t\t\t\t<\/div>\n\t\t\t\t<\/div>\n\t\t","protected":false},"excerpt":{"rendered":"<p>Die Pfuhlschnepfe (Limosa lapponica) geh\u00f6rt mit ihrem langen, leicht aufw\u00e4rts gebogenen Schnabel zu den besonders auff\u00e4lligen Limikolen. In Spanien begegnet sie mir deutlich seltener als vielen anderen Watv\u00f6geln. Besonders w\u00e4hrend des Vogelzugs k\u00f6nnen Pfuhlschnepfen an geeigneten K\u00fcstenabschnitten, Wattfl\u00e4chen und \u00c4stuaren erscheinen und dort teilweise auch in Gruppen beobachtet werden. Fotografisch finde ich die Art besonders&#8230;<\/p>\n","protected":false},"author":2,"featured_media":0,"parent":0,"menu_order":0,"comment_status":"closed","ping_status":"closed","template":"","meta":{"footnotes":""},"class_list":["post-10603","page","type-page","status-publish","hentry"],"_links":{"self":[{"href":"https:\/\/nature-fineart.com\/vogelfotografie-spanien\/wp-json\/wp\/v2\/pages\/10603","targetHints":{"allow":["GET"]}}],"collection":[{"href":"https:\/\/nature-fineart.com\/vogelfotografie-spanien\/wp-json\/wp\/v2\/pages"}],"about":[{"href":"https:\/\/nature-fineart.com\/vogelfotografie-spanien\/wp-json\/wp\/v2\/types\/page"}],"author":[{"embeddable":true,"href":"https:\/\/nature-fineart.com\/vogelfotografie-spanien\/wp-json\/wp\/v2\/users\/2"}],"replies":[{"embeddable":true,"href":"https:\/\/nature-fineart.com\/vogelfotografie-spanien\/wp-json\/wp\/v2\/comments?post=10603"}],"version-history":[{"count":7,"href":"https:\/\/nature-fineart.com\/vogelfotografie-spanien\/wp-json\/wp\/v2\/pages\/10603\/revisions"}],"predecessor-version":[{"id":10619,"href":"https:\/\/nature-fineart.com\/vogelfotografie-spanien\/wp-json\/wp\/v2\/pages\/10603\/revisions\/10619"}],"wp:attachment":[{"href":"https:\/\/nature-fineart.com\/vogelfotografie-spanien\/wp-json\/wp\/v2\/media?parent=10603"}],"curies":[{"name":"wp","href":"https:\/\/api.w.org\/{rel}","templated":true}]}}