{"id":10624,"date":"2026-08-28T23:04:49","date_gmt":"2026-08-28T21:04:49","guid":{"rendered":"https:\/\/nature-fineart.com\/vogelfotografie-spanien\/?page_id=10624"},"modified":"2026-08-28T23:17:38","modified_gmt":"2026-08-28T21:17:38","slug":"uferschnepfe","status":"publish","type":"page","link":"https:\/\/nature-fineart.com\/vogelfotografie-spanien\/uferschnepfe\/","title":{"rendered":"Uferschnepfe fotografieren"},"content":{"rendered":"\t\t<div data-elementor-type=\"wp-page\" data-elementor-id=\"10624\" class=\"elementor elementor-10624\">\n\t\t\t\t<div class=\"elementor-element elementor-element-e3011b9 e-flex e-con-boxed e-con e-parent\" data-id=\"e3011b9\" data-element_type=\"container\" data-e-type=\"container\">\n\t\t\t\t\t<div class=\"e-con-inner\">\n\t\t\r\n\t\t<div class=\"elementor-element elementor-element-0e0872e elementor-widget elementor-widget-html\" data-id=\"0e0872e\" data-element_type=\"widget\" data-e-type=\"widget\" data-widget_type=\"html.default\">\n\t\t\t\t<div class=\"elementor-widget-container\">\n\t\t\t\t\t<p>Die Uferschnepfe <em>(Limosa limosa)<\/em> geh\u00f6rt f\u00fcr mich zu den Limikolen, bei denen eine fotografische Begegnung nie selbstverst\u00e4ndlich ist. In Spanien habe ich sie vor allem w\u00e4hrend ihrer Wanderungen beobachtet, sowohl in k\u00fcstennahen Feuchtgebieten als auch an Lagunen im Landesinneren. Tats\u00e4chlich ist die Art in Spanien jedoch nicht nur Durchz\u00fcgler: Sie ist auch ein regelm\u00e4\u00dfiger Wintergast und kann insbesondere in geeigneten Feuchtgebieten \u00fcber l\u00e4ngere Zeit anwesend sein.<\/p>\n\n<p>Mit ihren ausgesprochen langen Beinen und dem langen, weitgehend geraden Schnabel wirkt die Uferschnepfe sehr elegant. Besonders interessant finde ich den starken Unterschied zwischen dem eher unauff\u00e4lligen Schlichtkleid und dem deutlich farbigeren Brutkleid. Hinzu kommen verschiedene Verhaltensweisen bei der Nahrungssuche und ein charakteristisches Flugbild, die ganz unterschiedliche fotografische M\u00f6glichkeiten bieten.<\/p>\t\t\t\t<\/div>\n\t\t\t\t<\/div>\n\t\t\t\t\t<\/div>\n\t\t\t\t<\/div>\n\t\t<div class=\"elementor-element elementor-element-f79e03e e-flex e-con-boxed e-con e-parent\" data-id=\"f79e03e\" data-element_type=\"container\" data-e-type=\"container\">\n\t\t\t\t\t<div class=\"e-con-inner\">\n\t\t<div class=\"elementor-element elementor-element-86ae7de e-con-full e-flex e-con e-child\" data-id=\"86ae7de\" data-element_type=\"container\" data-e-type=\"container\">\n\t\t\t\t<div class=\"elementor-element elementor-element-fc341b6 elementor-widget elementor-widget-html\" data-id=\"fc341b6\" data-element_type=\"widget\" data-e-type=\"widget\" data-widget_type=\"html.default\">\n\t\t\t\t<div class=\"elementor-widget-container\">\n\t\t\t\t\t<h2>Vorkommen der Uferschnepfe in Spanien<\/h2>\n\n<p>Die Uferschnepfe ist in Spanien vor allem au\u00dferhalb der Brutzeit anzutreffen. Durchzug und \u00dcberwinterung \u00fcberschneiden sich dabei \u00fcber einen langen Zeitraum: Regelm\u00e4\u00dfig erscheinen Uferschnepfen zwischen Juli und April. W\u00e4hrend ein Teil der V\u00f6gel Spanien lediglich als Rastgebiet auf dem Weg zwischen Brut- und \u00dcberwinterungsgebieten nutzt, verbringen andere den Winter auf der Iberischen Halbinsel.<\/p>\t\t\t\t<\/div>\n\t\t\t\t<\/div>\n\t\t\t\t<\/div>\n\t\t<div class=\"elementor-element elementor-element-a2cd00e e-con-full e-flex e-con e-child\" data-id=\"a2cd00e\" data-element_type=\"container\" data-e-type=\"container\">\n\t\t\t\t<div class=\"elementor-element elementor-element-6013ace elementor-widget elementor-widget-image\" data-id=\"6013ace\" data-element_type=\"widget\" data-e-type=\"widget\" data-widget_type=\"image.default\">\n\t\t\t\t<div class=\"elementor-widget-container\">\n\t\t\t\t\t\t\t\t\t\t\t\t\t\t\t<img fetchpriority=\"high\" decoding=\"async\" width=\"751\" height=\"501\" src=\"https:\/\/nature-fineart.com\/vogelfotografie-spanien\/wp-content\/uploads\/2026\/08\/Uferschnepfe-im-Schlichtkleid-bei-der-Nahrungssuche-im-flachen-Wasser.jpg\" class=\"attachment-large size-large wp-image-10626\" alt=\"Uferschnepfe im Schlichtkleid bei der Nahrungssuche im flachen Wasser\" srcset=\"https:\/\/nature-fineart.com\/vogelfotografie-spanien\/wp-content\/uploads\/2026\/08\/Uferschnepfe-im-Schlichtkleid-bei-der-Nahrungssuche-im-flachen-Wasser.jpg 1024w, https:\/\/nature-fineart.com\/vogelfotografie-spanien\/wp-content\/uploads\/2026\/08\/Uferschnepfe-im-Schlichtkleid-bei-der-Nahrungssuche-im-flachen-Wasser-600x400.jpg 600w, https:\/\/nature-fineart.com\/vogelfotografie-spanien\/wp-content\/uploads\/2026\/08\/Uferschnepfe-im-Schlichtkleid-bei-der-Nahrungssuche-im-flachen-Wasser-768x512.jpg 768w\" sizes=\"(max-width: 751px) 100vw, 751px\" \/>\t\t\t\t\t\t\t\t\t\t\t\t\t\t\t<\/div>\n\t\t\t\t<\/div>\n\t\t\t\t<\/div>\n\t\t\t\t\t<\/div>\n\t\t\t\t<\/div>\n\t\t<div class=\"elementor-element elementor-element-4b702e4 e-flex e-con-boxed e-con e-parent\" data-id=\"4b702e4\" data-element_type=\"container\" data-e-type=\"container\">\n\t\t\t\t\t<div class=\"e-con-inner\">\n\t\t\t\t<div class=\"elementor-element elementor-element-a489ba1 elementor-widget elementor-widget-html\" data-id=\"a489ba1\" data-element_type=\"widget\" data-e-type=\"widget\" data-widget_type=\"html.default\">\n\t\t\t\t<div class=\"elementor-widget-container\">\n\t\t\t\t\t<p>Als Lebensraum nutzt die Uferschnepfe w\u00e4hrend dieser Zeit unterschiedliche Feuchtgebiete. Dazu geh\u00f6ren flache Lagunen und andere Binnengew\u00e4sser ebenso wie Marschen, Salinen, Reisfelder und \u00c4stuare. Entscheidend sind vor allem geeignete Flachwasserbereiche und weiche B\u00f6den, in denen die V\u00f6gel nach Nahrung suchen k\u00f6nnen.<\/p>\n\n<p>Meine eigenen Begegnungen wirken dagegen oft wesentlich fl\u00fcchtiger. Besonders w\u00e4hrend des Vogelzugs kann eine einzelne Uferschnepfe oder eine kleine Gruppe pl\u00f6tzlich in einem geeigneten Feuchtgebiet auftauchen. Einige meiner Beobachtungen stammen aus Lagunen im Landesinneren, eine andere aus einem Feuchtgebiet in K\u00fcstenn\u00e4he. Gerade diese Unberechenbarkeit macht es schwierig, gezielt gute Fotobedingungen f\u00fcr die Art zu bekommen.<\/p>\t\t\t\t<\/div>\n\t\t\t\t<\/div>\n\t\t\t\t\t<\/div>\n\t\t\t\t<\/div>\n\t\t<div class=\"elementor-element elementor-element-a84e9c2 e-flex e-con-boxed e-con e-parent\" data-id=\"a84e9c2\" data-element_type=\"container\" data-e-type=\"container\">\n\t\t\t\t\t<div class=\"e-con-inner\">\n\t\t<div class=\"elementor-element elementor-element-d65dfff e-con-full e-flex e-con e-child\" data-id=\"d65dfff\" data-element_type=\"container\" data-e-type=\"container\">\n\t\t\t\t<div class=\"elementor-element elementor-element-52f9184 elementor-widget elementor-widget-html\" data-id=\"52f9184\" data-element_type=\"widget\" data-e-type=\"widget\" data-widget_type=\"html.default\">\n\t\t\t\t<div class=\"elementor-widget-container\">\n\t\t\t\t\t<h2>Nahrungssuche mit langem Schnabel<\/h2>\n\n<p>Der au\u00dfergew\u00f6hnlich lange Schnabel der Uferschnepfe ist hervorragend an die Nahrungssuche in weichem Untergrund angepasst. Die Nahrung besteht vor allem aus verschiedenen Wirbellosen, w\u00e4hrend au\u00dferhalb der Brutzeit auch pflanzliche Nahrung eine Rolle spielen kann. Zur Nahrungssuche steckt die Uferschnepfe ihren Schnabel immer wieder tief in Schlamm, Schlick oder weichen Boden.<\/p>\t\t\t\t<\/div>\n\t\t\t\t<\/div>\n\t\t\t\t<\/div>\n\t\t<div class=\"elementor-element elementor-element-539b8a0 e-con-full e-flex e-con e-child\" data-id=\"539b8a0\" data-element_type=\"container\" data-e-type=\"container\">\n\t\t\t\t<div class=\"elementor-element elementor-element-8fe7da7 elementor-widget elementor-widget-image\" data-id=\"8fe7da7\" data-element_type=\"widget\" data-e-type=\"widget\" data-widget_type=\"image.default\">\n\t\t\t\t<div class=\"elementor-widget-container\">\n\t\t\t\t\t\t\t\t\t\t\t\t\t\t\t<img decoding=\"async\" width=\"751\" height=\"542\" src=\"https:\/\/nature-fineart.com\/vogelfotografie-spanien\/wp-content\/uploads\/2026\/08\/Uferschnepfe-im-Uebergang-zum-Brutkleid-in-einem-spanischen-Feuchtgebiet-im-Fruehjahr.jpg\" class=\"attachment-large size-large wp-image-10629\" alt=\"Uferschnepfe im \u00dcbergang zum Brutkleid in einem spanischen Feuchtgebiet\" srcset=\"https:\/\/nature-fineart.com\/vogelfotografie-spanien\/wp-content\/uploads\/2026\/08\/Uferschnepfe-im-Uebergang-zum-Brutkleid-in-einem-spanischen-Feuchtgebiet-im-Fruehjahr.jpg 1024w, https:\/\/nature-fineart.com\/vogelfotografie-spanien\/wp-content\/uploads\/2026\/08\/Uferschnepfe-im-Uebergang-zum-Brutkleid-in-einem-spanischen-Feuchtgebiet-im-Fruehjahr-600x433.jpg 600w, https:\/\/nature-fineart.com\/vogelfotografie-spanien\/wp-content\/uploads\/2026\/08\/Uferschnepfe-im-Uebergang-zum-Brutkleid-in-einem-spanischen-Feuchtgebiet-im-Fruehjahr-768x554.jpg 768w\" sizes=\"(max-width: 751px) 100vw, 751px\" \/>\t\t\t\t\t\t\t\t\t\t\t\t\t\t\t<\/div>\n\t\t\t\t<\/div>\n\t\t\t\t<\/div>\n\t\t\t\t\t<\/div>\n\t\t\t\t<\/div>\n\t\t<div class=\"elementor-element elementor-element-8040d1a e-flex e-con-boxed e-con e-parent\" data-id=\"8040d1a\" data-element_type=\"container\" data-e-type=\"container\">\n\t\t\t\t\t<div class=\"e-con-inner\">\n\t\t\t\t<div class=\"elementor-element elementor-element-b5a8847 elementor-widget elementor-widget-html\" data-id=\"b5a8847\" data-element_type=\"widget\" data-e-type=\"widget\" data-widget_type=\"html.default\">\n\t\t\t\t<div class=\"elementor-widget-container\">\n\t\t\t\t\t<p>Dabei bleibt der Vogel h\u00e4ufig in Bewegung. Der Kopf wird weit nach unten genommen, der Schnabel ins Sediment gef\u00fchrt und anschlie\u00dfend wieder herausgezogen. Im flachen Wasser entstehen dabei manchmal kleine Spritzer und Wassertropfen. Mit einer kurzen Verschlusszeit lassen sich solche Sekundenbruchteile sehr sch\u00f6n festhalten.<\/p>\n\n<p>Fotografisch gef\u00e4llt mir dieses Verhalten wesentlich besser als eine Uferschnepfe, die lediglich ruhig im Wasser steht. Wenn man die Bewegungen eine Weile verfolgt und den Autofokus kontinuierlich auf das Auge h\u00e4lt, ergeben sich immer wieder unterschiedliche K\u00f6rperhaltungen und kleine Verhaltensmomente.<\/p>\t\t\t\t<\/div>\n\t\t\t\t<\/div>\n\t\t\t\t\t<\/div>\n\t\t\t\t<\/div>\n\t\t<div class=\"elementor-element elementor-element-97406ee e-flex e-con-boxed e-con e-parent\" data-id=\"97406ee\" data-element_type=\"container\" data-e-type=\"container\">\n\t\t\t\t\t<div class=\"e-con-inner\">\n\t\t<div class=\"elementor-element elementor-element-9d386e9 e-con-full e-flex e-con e-child\" data-id=\"9d386e9\" data-element_type=\"container\" data-e-type=\"container\">\n\t\t\t\t<div class=\"elementor-element elementor-element-e9be442 elementor-widget elementor-widget-image\" data-id=\"e9be442\" data-element_type=\"widget\" data-e-type=\"widget\" data-widget_type=\"image.default\">\n\t\t\t\t<div class=\"elementor-widget-container\">\n\t\t\t\t\t\t\t\t\t\t\t\t\t\t\t<img decoding=\"async\" width=\"751\" height=\"518\" src=\"https:\/\/nature-fineart.com\/vogelfotografie-spanien\/wp-content\/uploads\/2026\/08\/Zwei-Uferschnepfen-mit-unterschiedlich-ausgepraegtem-Brutkleid.jpg\" class=\"attachment-large size-large wp-image-10630\" alt=\"Zwei Uferschnepfen mit unterschiedlich ausgepr\u00e4gtem Brutkleid\" srcset=\"https:\/\/nature-fineart.com\/vogelfotografie-spanien\/wp-content\/uploads\/2026\/08\/Zwei-Uferschnepfen-mit-unterschiedlich-ausgepraegtem-Brutkleid.jpg 1024w, https:\/\/nature-fineart.com\/vogelfotografie-spanien\/wp-content\/uploads\/2026\/08\/Zwei-Uferschnepfen-mit-unterschiedlich-ausgepraegtem-Brutkleid-600x414.jpg 600w, https:\/\/nature-fineart.com\/vogelfotografie-spanien\/wp-content\/uploads\/2026\/08\/Zwei-Uferschnepfen-mit-unterschiedlich-ausgepraegtem-Brutkleid-768x530.jpg 768w\" sizes=\"(max-width: 751px) 100vw, 751px\" \/>\t\t\t\t\t\t\t\t\t\t\t\t\t\t\t<\/div>\n\t\t\t\t<\/div>\n\t\t\t\t<\/div>\n\t\t<div class=\"elementor-element elementor-element-c62b065 e-con-full e-flex e-con e-child\" data-id=\"c62b065\" data-element_type=\"container\" data-e-type=\"container\">\n\t\t\t\t<div class=\"elementor-element elementor-element-72174d5 elementor-widget elementor-widget-html\" data-id=\"72174d5\" data-element_type=\"widget\" data-e-type=\"widget\" data-widget_type=\"html.default\">\n\t\t\t\t<div class=\"elementor-widget-container\">\n\t\t\t\t\t<h2>Vom grauen Schlichtkleid zum farbigen Brutkleid<\/h2>\n\n<p>Au\u00dferhalb der Brutzeit wirkt die Uferschnepfe \u00fcberwiegend grau bis graubraun und besitzt eine helle Unterseite. Im Brutkleid ver\u00e4ndert sich ihr Erscheinungsbild deutlich. Kopf, Hals und Brust bekommen warme kastanien- bis orangefarbene T\u00f6ne, w\u00e4hrend die Oberseite wesentlich kontrastreicher gezeichnet erscheint.<\/p>\n\t\t\t\t<\/div>\n\t\t\t\t<\/div>\n\t\t\t\t<\/div>\n\t\t\t\t\t<\/div>\n\t\t\t\t<\/div>\n\t\t<div class=\"elementor-element elementor-element-8e7075e e-flex e-con-boxed e-con e-parent\" data-id=\"8e7075e\" data-element_type=\"container\" data-e-type=\"container\">\n\t\t\t\t\t<div class=\"e-con-inner\">\n\t\t\t\t<div class=\"elementor-element elementor-element-dfd94b7 elementor-widget elementor-widget-html\" data-id=\"dfd94b7\" data-element_type=\"widget\" data-e-type=\"widget\" data-widget_type=\"html.default\">\n\t\t\t\t<div class=\"elementor-widget-container\">\n\t\t\t\t\t<p>Auch zwischen den Geschlechtern gibt es Unterschiede. M\u00e4nnchen sind im Brutkleid gew\u00f6hnlich intensiver gef\u00e4rbt, w\u00e4hrend Weibchen im Durchschnitt gr\u00f6\u00dfer und langschn\u00e4bliger sind und meist weniger kr\u00e4ftige kastanienfarbene T\u00f6ne zeigen. Bei einzelnen V\u00f6geln sollte man das Geschlecht anhand eines Fotos dennoch nicht vorschnell allein aus der Farbintensit\u00e4t ableiten.<\/p>\n\n<p>Gerade w\u00e4hrend des Gefiederwechsels k\u00f6nnen Uferschnepfen sehr unterschiedlich aussehen. Bei mehreren V\u00f6geln nebeneinander wird das besonders deutlich. F\u00fcr mich sind solche Situationen fotografisch interessant, weil ein Gruppenbild dadurch gleichzeitig verschiedene Erscheinungsformen der Art dokumentieren kann.<\/p>\t\t\t\t<\/div>\n\t\t\t\t<\/div>\n\t\t\t\t\t<\/div>\n\t\t\t\t<\/div>\n\t\t<div class=\"elementor-element elementor-element-aeaf092 e-flex e-con-boxed e-con e-parent\" data-id=\"aeaf092\" data-element_type=\"container\" data-e-type=\"container\">\n\t\t\t\t\t<div class=\"e-con-inner\">\n\t\t<div class=\"elementor-element elementor-element-5dbea79 e-con-full e-flex e-con e-child\" data-id=\"5dbea79\" data-element_type=\"container\" data-e-type=\"container\">\n\t\t\t\t<div class=\"elementor-element elementor-element-acf761f elementor-widget elementor-widget-html\" data-id=\"acf761f\" data-element_type=\"widget\" data-e-type=\"widget\" data-widget_type=\"html.default\">\n\t\t\t\t<div class=\"elementor-widget-container\">\n\t\t\t\t\t<h2>Uferschnepfe oder Pfuhlschnepfe?<\/h2>\n\n<p>Die gr\u00f6\u00dfte Verwechslungsgefahr besteht mit der Pfuhlschnepfe. Beide Arten besitzen einen sehr langen Schnabel und lange Beine und k\u00f6nnen au\u00dferhalb der Brutzeit auf den ersten Blick \u00e4hnlich wirken. Bei genauerem Hinsehen gibt es jedoch einige gute Unterscheidungsmerkmale.<\/p>\n\n<p>Der Schnabel der Uferschnepfe wirkt typischerweise sehr lang und weitgehend gerade, w\u00e4hrend der Schnabel der Pfuhlschnepfe meist leicht nach oben gebogen erscheint. Auch die K\u00f6rperproportionen und die Zeichnung unterscheiden sich. Besonders hilfreich wird die Bestimmung jedoch, sobald der Vogel auffliegt.<\/p>\n\n<p>Im Flug zeigt die Uferschnepfe eine auff\u00e4llige breite wei\u00dfe Fl\u00fcgelbinde. Dazu kommen der helle B\u00fcrzel und der \u00fcberwiegend wei\u00dfe Schwanz mit einer breiten schwarzen Endbinde. Die langen Beine ragen deutlich \u00fcber den Schwanz hinaus. Die Pfuhlschnepfe besitzt dagegen keine vergleichbar breite wei\u00dfe Fl\u00fcgelbinde und zeigt einen geb\u00e4nderten Schwanz. Gerade eine Flugaufnahme kann deshalb nicht nur fotografisch interessant sein, sondern auch wichtige Bestimmungsmerkmale sichtbar machen.<\/p>\t\t\t\t<\/div>\n\t\t\t\t<\/div>\n\t\t\t\t<\/div>\n\t\t<div class=\"elementor-element elementor-element-8a135b3 e-con-full e-flex e-con e-child\" data-id=\"8a135b3\" data-element_type=\"container\" data-e-type=\"container\">\n\t\t\t\t<div class=\"elementor-element elementor-element-f870f47 elementor-widget elementor-widget-image\" data-id=\"f870f47\" data-element_type=\"widget\" data-e-type=\"widget\" data-widget_type=\"image.default\">\n\t\t\t\t<div class=\"elementor-widget-container\">\n\t\t\t\t\t\t\t\t\t\t\t\t\t\t\t<img loading=\"lazy\" decoding=\"async\" width=\"751\" height=\"927\" src=\"https:\/\/nature-fineart.com\/vogelfotografie-spanien\/wp-content\/uploads\/2026\/08\/Uferschnepfe-im-Flug-mit-weisser-Fluegelbinde-und-schwarz-weissem-Schwanz.jpg\" class=\"attachment-large size-large wp-image-10631\" alt=\"Uferschnepfe im Flug mit wei\u00dfer Fl\u00fcgelbinde und schwarz-wei\u00dfem Schwanz\" srcset=\"https:\/\/nature-fineart.com\/vogelfotografie-spanien\/wp-content\/uploads\/2026\/08\/Uferschnepfe-im-Flug-mit-weisser-Fluegelbinde-und-schwarz-weissem-Schwanz.jpg 830w, https:\/\/nature-fineart.com\/vogelfotografie-spanien\/wp-content\/uploads\/2026\/08\/Uferschnepfe-im-Flug-mit-weisser-Fluegelbinde-und-schwarz-weissem-Schwanz-486x600.jpg 486w, https:\/\/nature-fineart.com\/vogelfotografie-spanien\/wp-content\/uploads\/2026\/08\/Uferschnepfe-im-Flug-mit-weisser-Fluegelbinde-und-schwarz-weissem-Schwanz-768x948.jpg 768w\" sizes=\"(max-width: 751px) 100vw, 751px\" \/>\t\t\t\t\t\t\t\t\t\t\t\t\t\t\t<\/div>\n\t\t\t\t<\/div>\n\t\t\t\t<\/div>\n\t\t\t\t\t<\/div>\n\t\t\t\t<\/div>\n\t\t<div class=\"elementor-element elementor-element-79b4a25 e-flex e-con-boxed e-con e-parent\" data-id=\"79b4a25\" data-element_type=\"container\" data-e-type=\"container\">\n\t\t\t\t\t<div class=\"e-con-inner\">\n\t\t\t\t<div class=\"elementor-element elementor-element-5adf365 elementor-widget elementor-widget-html\" data-id=\"5adf365\" data-element_type=\"widget\" data-e-type=\"widget\" data-widget_type=\"html.default\">\n\t\t\t\t<div class=\"elementor-widget-container\">\n\t\t\t\t\t<p>Auch die spanischen Namen greifen ein wichtiges Unterscheidungsmerkmal auf: Die Uferschnepfe hei\u00dft <em>aguja colinegra<\/em>, die Pfuhlschnepfe <em>aguja colipinta<\/em>. <em>Colinegra<\/em> bedeutet w\u00f6rtlich etwa \u201eschwarzschw\u00e4nzig\u201c, w\u00e4hrend <em>colipinta<\/em> sinngem\u00e4\u00df \u201ebunt- beziehungsweise gezeichnetschw\u00e4nzig\u201c bedeutet. Die spanischen Artnamen nehmen damit direkt Bezug auf die unterschiedliche Schwanzzeichnung der beiden Schnepfen.<\/p>\t\t\t\t<\/div>\n\t\t\t\t<\/div>\n\t\t\t\t\t<\/div>\n\t\t\t\t<\/div>\n\t\t<div class=\"elementor-element elementor-element-7216ab1 e-flex e-con-boxed e-con e-parent\" data-id=\"7216ab1\" data-element_type=\"container\" data-e-type=\"container\">\n\t\t\t\t\t<div class=\"e-con-inner\">\n\t\t<div class=\"elementor-element elementor-element-35e7b47 e-con-full e-flex e-con e-child\" data-id=\"35e7b47\" data-element_type=\"container\" data-e-type=\"container\">\n\t\t\t\t<div class=\"elementor-element elementor-element-aadf9d8 elementor-widget elementor-widget-html\" data-id=\"aadf9d8\" data-element_type=\"widget\" data-e-type=\"widget\" data-widget_type=\"html.default\">\n\t\t\t\t<div class=\"elementor-widget-container\">\n\t\t\t\t\t<h2>Durchz\u00fcgler und Winterg\u00e4ste<\/h2>\n\n<p>Uferschnepfen sind Zugv\u00f6gel, deren Brutgebiete sich \u00fcber weite Teile Europas bis nach Asien erstrecken. V\u00f6gel verschiedener Populationen nutzen dabei unterschiedliche Zug- und \u00dcberwinterungsgebiete. F\u00fcr Spanien ist die Situation besonders interessant, weil hier sowohl die kontinentale Unterart <em>Limosa limosa limosa<\/em> als auch V\u00f6gel der Unterart <em>Limosa limosa islandica<\/em> auftreten k\u00f6nnen.<\/p>\t\t\t\t<\/div>\n\t\t\t\t<\/div>\n\t\t\t\t<\/div>\n\t\t<div class=\"elementor-element elementor-element-39ec498 e-con-full e-flex e-con e-child\" data-id=\"39ec498\" data-element_type=\"container\" data-e-type=\"container\">\n\t\t\t\t<div class=\"elementor-element elementor-element-9e61341 elementor-widget elementor-widget-image\" data-id=\"9e61341\" data-element_type=\"widget\" data-e-type=\"widget\" data-widget_type=\"image.default\">\n\t\t\t\t<div class=\"elementor-widget-container\">\n\t\t\t\t\t\t\t\t\t\t\t\t\t\t\t<img loading=\"lazy\" decoding=\"async\" width=\"751\" height=\"520\" src=\"https:\/\/nature-fineart.com\/vogelfotografie-spanien\/wp-content\/uploads\/2026\/08\/Uferschnepfe-bei-der-Nahrungssuche-in-einer-flachen-Lagune.jpg\" class=\"attachment-large size-large wp-image-10632\" alt=\"Uferschnepfe bei der Nahrungssuche in einer flachen Lagune\" srcset=\"https:\/\/nature-fineart.com\/vogelfotografie-spanien\/wp-content\/uploads\/2026\/08\/Uferschnepfe-bei-der-Nahrungssuche-in-einer-flachen-Lagune.jpg 1024w, https:\/\/nature-fineart.com\/vogelfotografie-spanien\/wp-content\/uploads\/2026\/08\/Uferschnepfe-bei-der-Nahrungssuche-in-einer-flachen-Lagune-600x415.jpg 600w, https:\/\/nature-fineart.com\/vogelfotografie-spanien\/wp-content\/uploads\/2026\/08\/Uferschnepfe-bei-der-Nahrungssuche-in-einer-flachen-Lagune-768x532.jpg 768w\" sizes=\"(max-width: 751px) 100vw, 751px\" \/>\t\t\t\t\t\t\t\t\t\t\t\t\t\t\t<\/div>\n\t\t\t\t<\/div>\n\t\t\t\t<\/div>\n\t\t\t\t\t<\/div>\n\t\t\t\t<\/div>\n\t\t<div class=\"elementor-element elementor-element-1c7c4f4 e-flex e-con-boxed e-con e-parent\" data-id=\"1c7c4f4\" data-element_type=\"container\" data-e-type=\"container\">\n\t\t\t\t\t<div class=\"e-con-inner\">\n\t\t\t\t<div class=\"elementor-element elementor-element-1214b40 elementor-widget elementor-widget-html\" data-id=\"1214b40\" data-element_type=\"widget\" data-e-type=\"widget\" data-widget_type=\"html.default\">\n\t\t\t\t<div class=\"elementor-widget-container\">\n\t\t\t\t\t<p>Spanische Feuchtgebiete dienen Uferschnepfen sowohl als Rastpl\u00e4tze w\u00e4hrend des Vogelzugs als auch als \u00dcberwinterungsgebiete. Deshalb kann man die Art keineswegs nur im Fr\u00fchjahr und Herbst beobachten. Gr\u00f6\u00dfere Konzentrationen finden sich vor allem dort, wo ausgedehnte Flachwasserzonen und gute Nahrungsbedingungen vorhanden sind.<\/p>\n\n<p>Meine eigenen Beobachtungen verbinde ich trotzdem besonders mit dem Vogelzug. Manchmal taucht eine kleine Gruppe auf, beginnt im seichten Wasser mit der Nahrungssuche und ist nach einiger Zeit wieder verschwunden. Solche Begegnungen lassen sehr sch\u00f6n erkennen, welche Bedeutung geeignete Feuchtgebiete als Rast- und Nahrungspl\u00e4tze entlang einer Zugroute haben.<\/p>\t\t\t\t<\/div>\n\t\t\t\t<\/div>\n\t\t\t\t\t<\/div>\n\t\t\t\t<\/div>\n\t\t<div class=\"elementor-element elementor-element-a53ab45 e-flex e-con-boxed e-con e-parent\" data-id=\"a53ab45\" data-element_type=\"container\" data-e-type=\"container\">\n\t\t\t\t\t<div class=\"e-con-inner\">\n\t\t<div class=\"elementor-element elementor-element-f779772 e-con-full e-flex e-con e-child\" data-id=\"f779772\" data-element_type=\"container\" data-e-type=\"container\">\n\t\t\t\t<div class=\"elementor-element elementor-element-5e85b33 elementor-widget elementor-widget-image\" data-id=\"5e85b33\" data-element_type=\"widget\" data-e-type=\"widget\" data-widget_type=\"image.default\">\n\t\t\t\t<div class=\"elementor-widget-container\">\n\t\t\t\t\t\t\t\t\t\t\t\t\t\t\t<img loading=\"lazy\" decoding=\"async\" width=\"751\" height=\"511\" src=\"https:\/\/nature-fineart.com\/vogelfotografie-spanien\/wp-content\/uploads\/2026\/08\/Kleine-Gruppe-Uferschnepfen-im-Winter-in-einer-flachen-Lagune-in-Spanien.jpg\" class=\"attachment-large size-large wp-image-10633\" alt=\"Kleine Gruppe Uferschnepfen im Winter in einer flachen Lagune in Spanien\" srcset=\"https:\/\/nature-fineart.com\/vogelfotografie-spanien\/wp-content\/uploads\/2026\/08\/Kleine-Gruppe-Uferschnepfen-im-Winter-in-einer-flachen-Lagune-in-Spanien.jpg 1024w, https:\/\/nature-fineart.com\/vogelfotografie-spanien\/wp-content\/uploads\/2026\/08\/Kleine-Gruppe-Uferschnepfen-im-Winter-in-einer-flachen-Lagune-in-Spanien-600x408.jpg 600w, https:\/\/nature-fineart.com\/vogelfotografie-spanien\/wp-content\/uploads\/2026\/08\/Kleine-Gruppe-Uferschnepfen-im-Winter-in-einer-flachen-Lagune-in-Spanien-768x523.jpg 768w\" sizes=\"(max-width: 751px) 100vw, 751px\" \/>\t\t\t\t\t\t\t\t\t\t\t\t\t\t\t<\/div>\n\t\t\t\t<\/div>\n\t\t\t\t<\/div>\n\t\t<div class=\"elementor-element elementor-element-2f8c72d e-con-full e-flex e-con e-child\" data-id=\"2f8c72d\" data-element_type=\"container\" data-e-type=\"container\">\n\t\t\t\t<div class=\"elementor-element elementor-element-272236e elementor-widget elementor-widget-html\" data-id=\"272236e\" data-element_type=\"widget\" data-e-type=\"widget\" data-widget_type=\"html.default\">\n\t\t\t\t<div class=\"elementor-widget-container\">\n\t\t\t\t\t<h2>Uferschnepfen fotografieren \u2013 meine Tipps<\/h2>\n\n<p>Eine der gr\u00f6\u00dften Schwierigkeiten besteht f\u00fcr mich darin, eine Uferschnepfe \u00fcberhaupt unter guten fotografischen Bedingungen anzutreffen. Ein Vogel kann zwar in einem Feuchtgebiet vorhanden sein, aber trotzdem weit entfernt stehen oder sich an einer Stelle aufhalten, an der keine niedrige Perspektive m\u00f6glich ist.<\/p>\t\t\t\t<\/div>\n\t\t\t\t<\/div>\n\t\t\t\t<\/div>\n\t\t\t\t\t<\/div>\n\t\t\t\t<\/div>\n\t\t<div class=\"elementor-element elementor-element-f3554ab e-flex e-con-boxed e-con e-parent\" data-id=\"f3554ab\" data-element_type=\"container\" data-e-type=\"container\">\n\t\t\t\t\t<div class=\"e-con-inner\">\n\t\t\t\t<div class=\"elementor-element elementor-element-c505638 elementor-widget elementor-widget-html\" data-id=\"c505638\" data-element_type=\"widget\" data-e-type=\"widget\" data-widget_type=\"html.default\">\n\t\t\t\t<div class=\"elementor-widget-container\">\n\t\t\t\t\t<p>Wenn die Bedingungen es zulassen, fotografiere ich Limikolen m\u00f6glichst auf Augenh\u00f6he. Dadurch wirkt die Aufnahme wesentlich unmittelbarer und der Hintergrund l\u00e4sst sich besser aufl\u00f6sen. Gleichzeitig sollte man aber nicht versuchen, einen Vogel f\u00fcr die gew\u00fcnschte Perspektive st\u00e4ndig zu verfolgen. Oft ist es erfolgreicher, sein Verhalten zu beobachten und abzuwarten, in welche Richtung er sich bei der Nahrungssuche bewegt.<\/p>\n\n<p>Da Uferschnepfen bei der Nahrungssuche st\u00e4ndig den Kopf bewegen, laufen und mit dem Schnabel ins Wasser oder Sediment stechen, arbeite ich normalerweise mit einer kurzen Verschlusszeit. Kontinuierlicher Autofokus, Augenerkennung und Serienaufnahme erh\u00f6hen die Chance, genau den Moment zu erwischen, in dem beispielsweise Wasser vom Schnabel spritzt oder der Vogel den Kopf wieder anhebt.<\/p>\n\n<p>Auch auf die Belichtung sollte man achten. Besonders die hellen Bereiche des Gefieders k\u00f6nnen bei kr\u00e4ftigem Sonnenlicht schnell sehr hell werden. Weicheres Morgen- oder Abendlicht sowie bedeckter Himmel erleichtern eine ausgewogene Belichtung und erhalten gleichzeitig Details in den hellen Gefiederpartien.<\/p>\t\t\t\t<\/div>\n\t\t\t\t<\/div>\n\t\t\t\t\t<\/div>\n\t\t\t\t<\/div>\n\t\t<div class=\"elementor-element elementor-element-f8d2ad3 e-flex e-con-boxed e-con e-parent\" data-id=\"f8d2ad3\" data-element_type=\"container\" data-e-type=\"container\">\n\t\t\t\t\t<div class=\"e-con-inner\">\n\t\t<div class=\"elementor-element elementor-element-027d8a1 e-con-full e-flex e-con e-child\" data-id=\"027d8a1\" data-element_type=\"container\" data-e-type=\"container\">\n\t\t\t\t<div class=\"elementor-element elementor-element-8c83823 elementor-widget elementor-widget-image\" data-id=\"8c83823\" data-element_type=\"widget\" data-e-type=\"widget\" data-widget_type=\"image.default\">\n\t\t\t\t<div class=\"elementor-widget-container\">\n\t\t\t\t\t\t\t\t\t\t\t\t\t\t\t<img loading=\"lazy\" decoding=\"async\" width=\"751\" height=\"852\" src=\"https:\/\/nature-fineart.com\/vogelfotografie-spanien\/wp-content\/uploads\/2026\/08\/Uferschnepfe-mit-Bewegungsunschaerfe-bei-einer-Verschlusszeit-von-180-Sekunde.jpg\" class=\"attachment-large size-large wp-image-10634\" alt=\"Uferschnepfe mit Bewegungsunsch\u00e4rfe bei einer Verschlusszeit von 1\/80 Sekunde\" srcset=\"https:\/\/nature-fineart.com\/vogelfotografie-spanien\/wp-content\/uploads\/2026\/08\/Uferschnepfe-mit-Bewegungsunschaerfe-bei-einer-Verschlusszeit-von-180-Sekunde.jpg 903w, https:\/\/nature-fineart.com\/vogelfotografie-spanien\/wp-content\/uploads\/2026\/08\/Uferschnepfe-mit-Bewegungsunschaerfe-bei-einer-Verschlusszeit-von-180-Sekunde-529x600.jpg 529w, https:\/\/nature-fineart.com\/vogelfotografie-spanien\/wp-content\/uploads\/2026\/08\/Uferschnepfe-mit-Bewegungsunschaerfe-bei-einer-Verschlusszeit-von-180-Sekunde-768x871.jpg 768w\" sizes=\"(max-width: 751px) 100vw, 751px\" \/>\t\t\t\t\t\t\t\t\t\t\t\t\t\t\t<\/div>\n\t\t\t\t<\/div>\n\t\t\t\t<\/div>\n\t\t<div class=\"elementor-element elementor-element-d9447c8 e-con-full e-flex e-con e-child\" data-id=\"d9447c8\" data-element_type=\"container\" data-e-type=\"container\">\n\t\t\t\t<div class=\"elementor-element elementor-element-d05d1bb elementor-widget elementor-widget-html\" data-id=\"d05d1bb\" data-element_type=\"widget\" data-e-type=\"widget\" data-widget_type=\"html.default\">\n\t\t\t\t<div class=\"elementor-widget-container\">\n\t\t\t\t\t<h2>Auch Bewegung darf sichtbar bleiben<\/h2>\n\n<p>Nicht jede Aufnahme einer Uferschnepfe muss mit einer extrem kurzen Verschlusszeit entstehen. Bei einer meiner Aufnahmen habe ich bewusst den entgegengesetzten Weg gew\u00e4hlt und mit 1\/80 Sekunde fotografiert. Ziel war es, die Bewegung der Fl\u00fcgel nicht einzufrieren, sondern als Bewegungsunsch\u00e4rfe sichtbar werden zu lassen.<\/p>\n\n<p>Besonders wichtig ist bei einer solchen Aufnahme f\u00fcr mich ein m\u00f6glichst klarer Ruhepunkt im Bild. Wenn Kopf und vor allem das Auge ausreichend scharf bleiben, k\u00f6nnen die verwischten Fl\u00fcgel die Bewegung des Vogels betonen. Das Ergebnis unterscheidet sich deutlich von einer klassischen dokumentarischen Vogelaufnahme und zeigt, wie unterschiedlich man ein und dieselbe Art fotografisch darstellen kann.<\/p>\n\t\t\t\t<\/div>\n\t\t\t\t<\/div>\n\t\t\t\t<\/div>\n\t\t\t\t\t<\/div>\n\t\t\t\t<\/div>\n\t\t<div class=\"elementor-element elementor-element-85de430 e-flex e-con-boxed e-con e-parent\" data-id=\"85de430\" data-element_type=\"container\" data-e-type=\"container\">\n\t\t\t\t\t<div class=\"e-con-inner\">\n\t\t\t\t<div class=\"elementor-element elementor-element-28a6ca5 elementor-widget elementor-widget-html\" data-id=\"28a6ca5\" data-element_type=\"widget\" data-e-type=\"widget\" data-widget_type=\"html.default\">\n\t\t\t\t<div class=\"elementor-widget-container\">\n\t\t\t\t\t<h2>Uferschnepfen beobachten und fotografieren<\/h2>\n\n<p>F\u00fcr mich geh\u00f6rt die Uferschnepfe zu den Arten, bei denen Geduld und Gelegenheit eine besonders gro\u00dfe Rolle spielen. Nicht jede Beobachtung findet bei idealem Licht, auf kurze Distanz oder auf perfekter Augenh\u00f6he statt. Gerade w\u00e4hrend des Vogelzugs k\u00f6nnen sich die Bedingungen innerhalb kurzer Zeit ver\u00e4ndern.<\/p>\n\n<p>Umso interessanter ist es, unterschiedliche Situationen festzuhalten: die Nahrungssuche im flachen Wasser, verschiedene Gefiederstadien, kleine Gruppen oder den Vogel im Flug. Besonders die Kombination aus Verhalten und erkennbaren Lebensr\u00e4umen erz\u00e4hlt f\u00fcr mich mehr \u00fcber die Uferschnepfe als eine Serie sehr \u00e4hnlicher Portr\u00e4ts.<\/p>\n\n<h2>Weitere Limikolen fotografieren<\/h2>\n\n<p>\nWenn du dich f\u00fcr Uferschnepfen interessierst, lohnt sich besonders ein Blick auf die\n<a href=\"https:\/\/nature-fineart.com\/vogelfotografie-spanien\/pfuhlschnepfe-fotografieren\/\">Pfuhlschnepfe<\/a>.\nWeitere interessante Arten sind die\n<a href=\"https:\/\/nature-fineart.com\/vogelfotografie-spanien\/bekassine\/\">Bekassine<\/a>,\nder <a href=\"https:\/\/nature-fineart.com\/vogelfotografie-spanien\/regenbrachvogel\/\">Regenbrachvogel<\/a>\nund der <a href=\"https:\/\/nature-fineart.com\/vogelfotografie-spanien\/grosser-brachvogel\/\">Gro\u00dfe Brachvogel<\/a>.\n<\/p>\n\n<p>\nWeitere Vogelarten und meine bisherigen Fototipps findest du in der\n<a href=\"https:\/\/nature-fineart.com\/vogelfotografie-spanien\/tierarten-fotografie\/\">Arten\u00fcbersicht<\/a>.\n<\/p>\n\n<h2>V\u00f6gel in Spanien im Jahresverlauf<\/h2>\n\n<p>\nWann eine Vogelart in Spanien zu beobachten ist, h\u00e4ngt stark von Jahreszeit, Vogelzug und Lebensraum ab.\nIn meinem Blogartikel \u00fcber\n<a href=\"https:\/\/nature-fineart.com\/vogelfotografie-spanien\/vogelfotografie-und-fotohides-in-spanien\/\">Vogelfotografie und Fotohides in Spanien, die Jahreszeiten im \u00dcberblick<\/a>\nzeige ich, wie sich die M\u00f6glichkeiten zur Vogelfotografie im Laufe des Jahres ver\u00e4ndern.\n<\/p>\n\n<h2>V\u00f6gel auf einer Fotoreise in Spanien erleben<\/h2>\n\n<p>\nViele der Vogelarten, die ich auf diesen Artenseiten vorstelle, lassen sich auf meinen\n<a href=\"https:\/\/nature-fineart.com\/vogelfotografie-spanien\/reisen\/\">Fotoreisen in Spanien<\/a>\nbeobachten und fotografieren. Welche Arten tats\u00e4chlich zu sehen sind, h\u00e4ngt immer von Region, Jahreszeit und den aktuellen Bedingungen ab.\n<\/p>\n\n<h2>Interesse an einer Fotoreise?<\/h2>\n\n<p>\nDu m\u00f6chtest Uferschnepfen und andere Vogelarten in Spanien fotografieren? Nutze einfach das folgende Anfrageformular. Ich freue mich darauf, von dir zu h\u00f6ren.\n<\/p>\n\t\t\t\t<\/div>\n\t\t\t\t<\/div>\n\t\t\t\t\t<\/div>\n\t\t\t\t<\/div>\n\t\t<div class=\"elementor-element elementor-element-0665efe e-flex e-con-boxed e-con e-parent\" data-id=\"0665efe\" data-element_type=\"container\" data-e-type=\"container\">\n\t\t\t\t\t<div class=\"e-con-inner\">\n\t\t\t\t<div class=\"elementor-element elementor-element-e674ee7 elementor-widget elementor-widget-shortcode\" data-id=\"e674ee7\" data-element_type=\"widget\" data-e-type=\"widget\" data-widget_type=\"shortcode.default\">\n\t\t\t\t<div class=\"elementor-widget-container\">\n\t\t\t\t\t\t\t<div class=\"elementor-shortcode\"><style id=\"wpforms-css-vars-5929\">\n\t\t\t\t#wpforms-5929 {\n\t\t\t\t--wpforms-field-border-color: #5E5E5E;\n--wpforms-field-border-color-spare: #5E5E5E;\n--wpforms-field-text-color: #5e5e5e;\n--wpforms-label-color: #5e5e5e;\n--wpforms-label-sublabel-color: #5e5e5e;\n--wpforms-button-background-color: #6e7b4a;\n--wpforms-container-padding: 0px;\n--wpforms-container-border-width: 1px;\n--wpforms-container-border-radius: 3px;\n--wpforms-background-color: rgba(0, 0, 0, 0);\n--wpforms-field-size-input-height: 43px;\n--wpforms-field-size-input-spacing: 15px;\n--wpforms-field-size-font-size: 16px;\n--wpforms-field-size-line-height: 19px;\n--wpforms-field-size-padding-h: 14px;\n--wpforms-field-size-checkbox-size: 16px;\n--wpforms-field-size-sublabel-spacing: 5px;\n--wpforms-field-size-icon-size: 1;\n--wpforms-label-size-font-size: 16px;\n--wpforms-label-size-line-height: 19px;\n--wpforms-label-size-sublabel-font-size: 14px;\n--wpforms-label-size-sublabel-line-height: 17px;\n--wpforms-button-size-font-size: 17px;\n--wpforms-button-size-height: 41px;\n--wpforms-button-size-padding-h: 15px;\n--wpforms-button-size-margin-top: 10px;\n--wpforms-container-shadow-size-box-shadow: none;\n\t\t\t}\n\t\t\t<\/style><div class=\"wpforms-container wpforms-container-full wpforms-render-modern\" id=\"wpforms-5929\"><form id=\"wpforms-form-5929\" class=\"wpforms-validate wpforms-form wpforms-ajax-form\" data-formid=\"5929\" method=\"post\" enctype=\"multipart\/form-data\" action=\"\/vogelfotografie-spanien\/wp-json\/wp\/v2\/pages\/10624\" data-token=\"6508dd914b2b9b40ad63f292376c1e13\" data-token-time=\"1788349436\"><noscript class=\"wpforms-error-noscript\">Bitte aktiviere JavaScript in deinem Browser, um dieses Formular fertigzustellen.<\/noscript><div id=\"wpforms-error-noscript\" style=\"display: none;\">Bitte aktiviere JavaScript in deinem Browser, um dieses Formular fertigzustellen.<\/div><div class=\"wpforms-field-container\"><div id=\"wpforms-5929-field_1-container\" class=\"wpforms-field wpforms-field-name\" data-field-id=\"1\"><fieldset><legend class=\"wpforms-field-label\">Name <span class=\"wpforms-required-label\" aria-hidden=\"true\">*<\/span><\/legend><div class=\"wpforms-field-row wpforms-field-medium\"><div class=\"wpforms-field-row-block wpforms-first wpforms-one-half\"><input type=\"text\" id=\"wpforms-5929-field_1\" class=\"wpforms-field-name-first wpforms-field-required\" name=\"wpforms[fields][1][first]\" aria-errormessage=\"wpforms-5929-field_1-error\" required><label for=\"wpforms-5929-field_1\" class=\"wpforms-field-sublabel after\">Vorname<\/label><\/div><div class=\"wpforms-field-row-block wpforms-one-half\"><input type=\"text\" id=\"wpforms-5929-field_1-last\" class=\"wpforms-field-name-last wpforms-field-required\" name=\"wpforms[fields][1][last]\" aria-errormessage=\"wpforms-5929-field_1-last-error\" required><label for=\"wpforms-5929-field_1-last\" class=\"wpforms-field-sublabel after\">Nachname<\/label><\/div><\/div><\/fieldset><\/div><div id=\"wpforms-5929-field_2-container\" class=\"wpforms-field wpforms-field-email\" data-field-id=\"2\"><label class=\"wpforms-field-label\" for=\"wpforms-5929-field_2\">E-Mail-Adresse <span class=\"wpforms-required-label\" aria-hidden=\"true\">*<\/span><\/label><input type=\"email\" id=\"wpforms-5929-field_2\" class=\"wpforms-field-medium wpforms-field-required\" name=\"wpforms[fields][2]\" spellcheck=\"false\" aria-errormessage=\"wpforms-5929-field_2-error\" required><\/div>\t\t<div id=\"wpforms-5929-field_4-container\"\n\t\t\tclass=\"wpforms-field wpforms-field-text\"\n\t\t\tdata-field-type=\"text\"\n\t\t\tdata-field-id=\"4\"\n\t\t\t>\n\t\t\t<label class=\"wpforms-field-label\" for=\"wpforms-5929-field_4\" >Kommentar Name oder<\/label>\n\t\t\t<input type=\"text\" id=\"wpforms-5929-field_4\" class=\"wpforms-field-medium\" name=\"wpforms[fields][4]\" >\n\t\t<\/div>\n\t\t<div id=\"wpforms-5929-field_3-container\" class=\"wpforms-field wpforms-field-textarea\" data-field-id=\"3\"><label class=\"wpforms-field-label\" for=\"wpforms-5929-field_3\">Kommentar oder Nachricht<\/label><textarea id=\"wpforms-5929-field_3\" class=\"wpforms-field-medium\" name=\"wpforms[fields][3]\" aria-errormessage=\"wpforms-5929-field_3-error\" ><\/textarea><\/div><script>\n\t\t\t\t( function() {\n\t\t\t\t\tconst style = document.createElement( 'style' );\n\t\t\t\t\tstyle.appendChild( document.createTextNode( '#wpforms-5929-field_4-container { position: absolute !important; overflow: hidden !important; display: inline !important; height: 1px !important; width: 1px !important; z-index: -1000 !important; padding: 0 !important; } #wpforms-5929-field_4-container input { visibility: hidden; } #wpforms-conversational-form-page #wpforms-5929-field_4-container label { counter-increment: none; }' ) );\n\t\t\t\t\tdocument.head.appendChild( style );\n\t\t\t\t\tdocument.currentScript?.remove();\n\t\t\t\t} )();\n\t\t\t<\/script><\/div><!-- .wpforms-field-container --><div class=\"wpforms-submit-container\" ><input type=\"hidden\" name=\"wpforms[id]\" value=\"5929\"><input type=\"hidden\" name=\"page_title\" value=\"\"><input type=\"hidden\" name=\"page_url\" value=\"https:\/\/nature-fineart.com\/vogelfotografie-spanien\/wp-json\/wp\/v2\/pages\/10624\"><input type=\"hidden\" name=\"url_referer\" value=\"\"><button type=\"submit\" name=\"wpforms[submit]\" id=\"wpforms-submit-5929\" class=\"wpforms-submit\" data-alt-text=\"Wird gesendet\u00a0\u2026\" data-submit-text=\"Anfrage senden\" aria-live=\"assertive\" value=\"wpforms-submit\">Anfrage senden<\/button><img loading=\"lazy\" decoding=\"async\" src=\"https:\/\/nature-fineart.com\/vogelfotografie-spanien\/wp-content\/plugins\/wpforms-lite\/assets\/images\/submit-spin.svg\" class=\"wpforms-submit-spinner\" style=\"display: none;\" width=\"26\" height=\"26\" alt=\"Wird geladen\"><\/div><\/form><\/div>  <!-- .wpforms-container --><\/div>\n\t\t\t\t\t\t<\/div>\n\t\t\t\t<\/div>\n\t\t\t\t\t<\/div>\n\t\t\t\t<\/div>\n\t\t\t\t<\/div>\n\t\t","protected":false},"excerpt":{"rendered":"<p>Die Uferschnepfe (Limosa limosa) geh\u00f6rt f\u00fcr mich zu den Limikolen, bei denen eine fotografische Begegnung nie selbstverst\u00e4ndlich ist. In Spanien habe ich sie vor allem w\u00e4hrend ihrer Wanderungen beobachtet, sowohl in k\u00fcstennahen Feuchtgebieten als auch an Lagunen im Landesinneren. Tats\u00e4chlich ist die Art in Spanien jedoch nicht nur Durchz\u00fcgler: Sie ist auch ein regelm\u00e4\u00dfiger Wintergast&#8230;<\/p>\n","protected":false},"author":2,"featured_media":0,"parent":0,"menu_order":0,"comment_status":"closed","ping_status":"closed","template":"","meta":{"footnotes":""},"class_list":["post-10624","page","type-page","status-publish","hentry"],"_links":{"self":[{"href":"https:\/\/nature-fineart.com\/vogelfotografie-spanien\/wp-json\/wp\/v2\/pages\/10624","targetHints":{"allow":["GET"]}}],"collection":[{"href":"https:\/\/nature-fineart.com\/vogelfotografie-spanien\/wp-json\/wp\/v2\/pages"}],"about":[{"href":"https:\/\/nature-fineart.com\/vogelfotografie-spanien\/wp-json\/wp\/v2\/types\/page"}],"author":[{"embeddable":true,"href":"https:\/\/nature-fineart.com\/vogelfotografie-spanien\/wp-json\/wp\/v2\/users\/2"}],"replies":[{"embeddable":true,"href":"https:\/\/nature-fineart.com\/vogelfotografie-spanien\/wp-json\/wp\/v2\/comments?post=10624"}],"version-history":[{"count":4,"href":"https:\/\/nature-fineart.com\/vogelfotografie-spanien\/wp-json\/wp\/v2\/pages\/10624\/revisions"}],"predecessor-version":[{"id":10637,"href":"https:\/\/nature-fineart.com\/vogelfotografie-spanien\/wp-json\/wp\/v2\/pages\/10624\/revisions\/10637"}],"wp:attachment":[{"href":"https:\/\/nature-fineart.com\/vogelfotografie-spanien\/wp-json\/wp\/v2\/media?parent=10624"}],"curies":[{"name":"wp","href":"https:\/\/api.w.org\/{rel}","templated":true}]}}