{"id":10648,"date":"2026-08-29T12:20:53","date_gmt":"2026-08-29T10:20:53","guid":{"rendered":"https:\/\/nature-fineart.com\/vogelfotografie-spanien\/?page_id=10648"},"modified":"2026-08-29T12:31:01","modified_gmt":"2026-08-29T10:31:01","slug":"braunsichler","status":"publish","type":"page","link":"https:\/\/nature-fineart.com\/vogelfotografie-spanien\/braunsichler\/","title":{"rendered":"Braunsichler fotografieren"},"content":{"rendered":"\t\t<div data-elementor-type=\"wp-page\" data-elementor-id=\"10648\" class=\"elementor elementor-10648\">\n\t\t\t\t<div class=\"elementor-element elementor-element-bec2c91 e-flex e-con-boxed e-con e-parent\" data-id=\"bec2c91\" data-element_type=\"container\" data-e-type=\"container\">\n\t\t\t\t\t<div class=\"e-con-inner\">\n\t\t\r\n\t\t<div class=\"elementor-element elementor-element-2f66bce elementor-widget elementor-widget-html\" data-id=\"2f66bce\" data-element_type=\"widget\" data-e-type=\"widget\" data-widget_type=\"html.default\">\n\t\t\t\t<div class=\"elementor-widget-container\">\n\t\t\t\t\t<p>Der Braunsichler <em>(Plegadis falcinellus)<\/em> geh\u00f6rt f\u00fcr mich zu den faszinierendsten V\u00f6geln spanischer Feuchtgebiete. Auf den ersten Blick wirkt sein Gefieder dunkelbraun und beinahe unscheinbar. Trifft jedoch das richtige Licht auf die Federn, erscheinen pl\u00f6tzlich intensive rostbraune, bronzene, gr\u00fcnliche und violette Farbt\u00f6ne. Gerade diese Ver\u00e4nderung macht den Braunsichler zu einem au\u00dfergew\u00f6hnlichen Fotomotiv.<\/p>\n\n<p>In Spanien habe ich die Art in sehr unterschiedlichen Feuchtgebieten beobachtet: an Lagunen im Landesinneren, in ausgedehnten Feuchtgebieten und besonders h\u00e4ufig in Landschaften mit \u00fcberfluteten Reisfeldern. Manchmal begegnen mir nur wenige V\u00f6gel, andernorts k\u00f6nnen sich dagegen sehr gro\u00dfe Gruppen versammeln. Nahrungssuche, Schwarmflug und gemeinschaftliche Schlafpl\u00e4tze bieten dadurch v\u00f6llig unterschiedliche M\u00f6glichkeiten f\u00fcr die Fotografie.<\/p>\t\t\t\t<\/div>\n\t\t\t\t<\/div>\n\t\t\t\t\t<\/div>\n\t\t\t\t<\/div>\n\t\t<div class=\"elementor-element elementor-element-3500159 e-flex e-con-boxed e-con e-parent\" data-id=\"3500159\" data-element_type=\"container\" data-e-type=\"container\">\n\t\t\t\t\t<div class=\"e-con-inner\">\n\t\t<div class=\"elementor-element elementor-element-c13c458 e-con-full e-flex e-con e-child\" data-id=\"c13c458\" data-element_type=\"container\" data-e-type=\"container\">\n\t\t\t\t<div class=\"elementor-element elementor-element-fcd83c8 elementor-widget elementor-widget-image\" data-id=\"fcd83c8\" data-element_type=\"widget\" data-e-type=\"widget\" data-widget_type=\"image.default\">\n\t\t\t\t<div class=\"elementor-widget-container\">\n\t\t\t\t\t\t\t\t\t\t\t\t\t\t\t<img fetchpriority=\"high\" decoding=\"async\" width=\"751\" height=\"501\" src=\"https:\/\/nature-fineart.com\/vogelfotografie-spanien\/wp-content\/uploads\/2026\/08\/Braunsichler-bei-der-Nahrungssuche-in-einer-flachen-Lagune-in-Spanien.jpg\" class=\"attachment-large size-large wp-image-10650\" alt=\"Braunsichler bei der Nahrungssuche in einer flachen Lagune in Spanien\" srcset=\"https:\/\/nature-fineart.com\/vogelfotografie-spanien\/wp-content\/uploads\/2026\/08\/Braunsichler-bei-der-Nahrungssuche-in-einer-flachen-Lagune-in-Spanien.jpg 1024w, https:\/\/nature-fineart.com\/vogelfotografie-spanien\/wp-content\/uploads\/2026\/08\/Braunsichler-bei-der-Nahrungssuche-in-einer-flachen-Lagune-in-Spanien-600x400.jpg 600w, https:\/\/nature-fineart.com\/vogelfotografie-spanien\/wp-content\/uploads\/2026\/08\/Braunsichler-bei-der-Nahrungssuche-in-einer-flachen-Lagune-in-Spanien-768x512.jpg 768w\" sizes=\"(max-width: 751px) 100vw, 751px\" \/>\t\t\t\t\t\t\t\t\t\t\t\t\t\t\t<\/div>\n\t\t\t\t<\/div>\n\t\t\t\t<\/div>\n\t\t<div class=\"elementor-element elementor-element-e3127b3 e-con-full e-flex e-con e-child\" data-id=\"e3127b3\" data-element_type=\"container\" data-e-type=\"container\">\n\t\t\t\t<div class=\"elementor-element elementor-element-4e05691 elementor-widget elementor-widget-html\" data-id=\"4e05691\" data-element_type=\"widget\" data-e-type=\"widget\" data-widget_type=\"html.default\">\n\t\t\t\t<div class=\"elementor-widget-container\">\n\t\t\t\t\t<h2>Vom seltenen Brutvogel zur erfolgreichen Art<\/h2>\n\n<p>Die Geschichte des Braunsichlers in Spanien ist bemerkenswert. Nachdem die Art als Brutvogel zeitweise weitgehend verschwunden war, begann sie sich wieder in geeigneten spanischen Feuchtgebieten anzusiedeln. Seitdem haben sowohl die Best\u00e4nde als auch das Verbreitungsgebiet deutlich zugenommen. Heute br\u00fctet der Braunsichler wieder in verschiedenen Regionen Spaniens und hat in den vergangenen Jahrzehnten zahlreiche Gebiete neu besiedelt.<\/p>\t\t\t\t<\/div>\n\t\t\t\t<\/div>\n\t\t\t\t<\/div>\n\t\t\t\t\t<\/div>\n\t\t\t\t<\/div>\n\t\t<div class=\"elementor-element elementor-element-1ca862a e-flex e-con-boxed e-con e-parent\" data-id=\"1ca862a\" data-element_type=\"container\" data-e-type=\"container\">\n\t\t\t\t\t<div class=\"e-con-inner\">\n\t\t\t\t<div class=\"elementor-element elementor-element-6af5ae6 elementor-widget elementor-widget-html\" data-id=\"6af5ae6\" data-element_type=\"widget\" data-e-type=\"widget\" data-widget_type=\"html.default\">\n\t\t\t\t<div class=\"elementor-widget-container\">\n\t\t\t\t\t<p>Besonders eindrucksvoll sind die gro\u00dfen Ansammlungen, die sich in einigen ausgedehnten Feuchtgebieten, Deltalandschaften und Reisbaugebieten beobachten lassen. Dort k\u00f6nnen sich Hunderte oder sogar Tausende Braunsichler gleichzeitig aufhalten. Auch ich habe solche gro\u00dfen Konzentrationen vor allem in Landschaften mit weitl\u00e4ufigen Reisfeldern erlebt, wo die V\u00f6gel zwischen verschiedenen Nahrungs- und Ruhefl\u00e4chen wechseln.<\/p>\t\t\t\t<\/div>\n\t\t\t\t<\/div>\n\t\t\t\t\t<\/div>\n\t\t\t\t<\/div>\n\t\t<div class=\"elementor-element elementor-element-f09b91a e-flex e-con-boxed e-con e-parent\" data-id=\"f09b91a\" data-element_type=\"container\" data-e-type=\"container\">\n\t\t\t\t\t<div class=\"e-con-inner\">\n\t\t<div class=\"elementor-element elementor-element-a97ee88 e-con-full e-flex e-con e-child\" data-id=\"a97ee88\" data-element_type=\"container\" data-e-type=\"container\">\n\t\t\t\t<div class=\"elementor-element elementor-element-b9fa375 elementor-widget elementor-widget-html\" data-id=\"b9fa375\" data-element_type=\"widget\" data-e-type=\"widget\" data-widget_type=\"html.default\">\n\t\t\t\t<div class=\"elementor-widget-container\">\n\t\t\t\t\t<p>Die iberischen Populationen gelten grunds\u00e4tzlich als resident, der Braunsichler ist jedoch gleichzeitig eine sehr mobile Art. Neben lokalen und weitr\u00e4umigeren Bewegungen kommen saisonale Wanderungen und Dispersionsbewegungen vor. Ein Teil der V\u00f6gel bleibt ganzj\u00e4hrig in Spanien, w\u00e4hrend andere gr\u00f6\u00dfere Strecken zur\u00fccklegen und unter anderem zwischen der Iberischen Halbinsel und Nordafrika wechseln k\u00f6nnen.<\/p>\n\t\t\t\t<\/div>\n\t\t\t\t<\/div>\n\t\t\t\t<\/div>\n\t\t<div class=\"elementor-element elementor-element-e793684 e-con-full e-flex e-con e-child\" data-id=\"e793684\" data-element_type=\"container\" data-e-type=\"container\">\n\t\t\t\t<div class=\"elementor-element elementor-element-c5ec24e elementor-widget elementor-widget-image\" data-id=\"c5ec24e\" data-element_type=\"widget\" data-e-type=\"widget\" data-widget_type=\"image.default\">\n\t\t\t\t<div class=\"elementor-widget-container\">\n\t\t\t\t\t\t\t\t\t\t\t\t\t\t\t<img decoding=\"async\" width=\"751\" height=\"501\" src=\"https:\/\/nature-fineart.com\/vogelfotografie-spanien\/wp-content\/uploads\/2026\/08\/Zwei-Braunsichler-bei-der-gemeinsamen-Nahrungssuche-im-flachen-Wasser.jpg\" class=\"attachment-large size-large wp-image-10651\" alt=\"Zwei Braunsichler bei der gemeinsamen Nahrungssuche im flachen Wasser\" srcset=\"https:\/\/nature-fineart.com\/vogelfotografie-spanien\/wp-content\/uploads\/2026\/08\/Zwei-Braunsichler-bei-der-gemeinsamen-Nahrungssuche-im-flachen-Wasser.jpg 1024w, https:\/\/nature-fineart.com\/vogelfotografie-spanien\/wp-content\/uploads\/2026\/08\/Zwei-Braunsichler-bei-der-gemeinsamen-Nahrungssuche-im-flachen-Wasser-600x400.jpg 600w, https:\/\/nature-fineart.com\/vogelfotografie-spanien\/wp-content\/uploads\/2026\/08\/Zwei-Braunsichler-bei-der-gemeinsamen-Nahrungssuche-im-flachen-Wasser-768x512.jpg 768w\" sizes=\"(max-width: 751px) 100vw, 751px\" \/>\t\t\t\t\t\t\t\t\t\t\t\t\t\t\t<\/div>\n\t\t\t\t<\/div>\n\t\t\t\t<\/div>\n\t\t\t\t\t<\/div>\n\t\t\t\t<\/div>\n\t\t<div class=\"elementor-element elementor-element-7b91e69 e-flex e-con-boxed e-con e-parent\" data-id=\"7b91e69\" data-element_type=\"container\" data-e-type=\"container\">\n\t\t\t\t\t<div class=\"e-con-inner\">\n\t\t\t\t<div class=\"elementor-element elementor-element-4f076c8 elementor-widget elementor-widget-html\" data-id=\"4f076c8\" data-element_type=\"widget\" data-e-type=\"widget\" data-widget_type=\"html.default\">\n\t\t\t\t<div class=\"elementor-widget-container\">\n\t\t\t\t\t<h2>Reisfelder und flache Feuchtgebiete als Lebensraum<\/h2>\n\n<p>Der Braunsichler nutzt sehr unterschiedliche S\u00fc\u00df- und Brackwasserlebensr\u00e4ume. Besonders wichtig sind flache Gew\u00e4sser und feuchte B\u00f6den, in denen die V\u00f6gel mit ihrem langen Schnabel nach Nahrung suchen k\u00f6nnen. Dazu geh\u00f6ren \u00fcberschwemmte Fl\u00e4chen, Lagunen, flache Uferzonen, Marschen und andere Feuchtgebiete.<\/p>\n\t\t\t\t<\/div>\n\t\t\t\t<\/div>\n\t\t\t\t\t<\/div>\n\t\t\t\t<\/div>\n\t\t<div class=\"elementor-element elementor-element-61f5c80 e-flex e-con-boxed e-con e-parent\" data-id=\"61f5c80\" data-element_type=\"container\" data-e-type=\"container\">\n\t\t\t\t\t<div class=\"e-con-inner\">\n\t\t<div class=\"elementor-element elementor-element-2750d60 e-con-full e-flex e-con e-child\" data-id=\"2750d60\" data-element_type=\"container\" data-e-type=\"container\">\n\t\t\t\t<div class=\"elementor-element elementor-element-5e490e9 elementor-widget elementor-widget-image\" data-id=\"5e490e9\" data-element_type=\"widget\" data-e-type=\"widget\" data-widget_type=\"image.default\">\n\t\t\t\t<div class=\"elementor-widget-container\">\n\t\t\t\t\t\t\t\t\t\t\t\t\t\t\t<img decoding=\"async\" width=\"751\" height=\"501\" src=\"https:\/\/nature-fineart.com\/vogelfotografie-spanien\/wp-content\/uploads\/2026\/08\/Gruppe-von-Braunsichlern-bei-der-Nahrungssuche-in-einem-ueberfluteten-Reisfeld.jpg\" class=\"attachment-large size-large wp-image-10652\" alt=\"Gruppe von Braunsichlern bei der Nahrungssuche in einem \u00fcberfluteten Reisfeld\" srcset=\"https:\/\/nature-fineart.com\/vogelfotografie-spanien\/wp-content\/uploads\/2026\/08\/Gruppe-von-Braunsichlern-bei-der-Nahrungssuche-in-einem-ueberfluteten-Reisfeld.jpg 1024w, https:\/\/nature-fineart.com\/vogelfotografie-spanien\/wp-content\/uploads\/2026\/08\/Gruppe-von-Braunsichlern-bei-der-Nahrungssuche-in-einem-ueberfluteten-Reisfeld-600x400.jpg 600w, https:\/\/nature-fineart.com\/vogelfotografie-spanien\/wp-content\/uploads\/2026\/08\/Gruppe-von-Braunsichlern-bei-der-Nahrungssuche-in-einem-ueberfluteten-Reisfeld-768x512.jpg 768w\" sizes=\"(max-width: 751px) 100vw, 751px\" \/>\t\t\t\t\t\t\t\t\t\t\t\t\t\t\t<\/div>\n\t\t\t\t<\/div>\n\t\t\t\t<\/div>\n\t\t<div class=\"elementor-element elementor-element-c5f45d4 e-con-full e-flex e-con e-child\" data-id=\"c5f45d4\" data-element_type=\"container\" data-e-type=\"container\">\n\t\t\t\t<div class=\"elementor-element elementor-element-905c148 elementor-widget elementor-widget-html\" data-id=\"905c148\" data-element_type=\"widget\" data-e-type=\"widget\" data-widget_type=\"html.default\">\n\t\t\t\t<div class=\"elementor-widget-container\">\n\t\t\t\t\t<p>Eine besondere Rolle spielen in Spanien Reisfelder. Die flach \u00fcberstauten Felder k\u00f6nnen gro\u00dfe Nahrungsfl\u00e4chen bieten und werden teilweise von zahlreichen Braunsichlern gleichzeitig genutzt. W\u00e4hrend meiner Beobachtungen habe ich erlebt, wie die V\u00f6gel von einem Reisfeld zum n\u00e4chsten wechseln und dort gemeinsam nach Nahrung suchen. Bei der landwirtschaftlichen Bearbeitung konnte ich sie sogar hinter Maschinen beobachten, wo sie die neu zug\u00e4nglichen Fl\u00e4chen unmittelbar absuchten.<\/p>\t\t\t\t<\/div>\n\t\t\t\t<\/div>\n\t\t\t\t<\/div>\n\t\t\t\t\t<\/div>\n\t\t\t\t<\/div>\n\t\t<div class=\"elementor-element elementor-element-091a482 e-flex e-con-boxed e-con e-parent\" data-id=\"091a482\" data-element_type=\"container\" data-e-type=\"container\">\n\t\t\t\t\t<div class=\"e-con-inner\">\n\t\t\t\t<div class=\"elementor-element elementor-element-ea1c5eb elementor-widget elementor-widget-html\" data-id=\"ea1c5eb\" data-element_type=\"widget\" data-e-type=\"widget\" data-widget_type=\"html.default\">\n\t\t\t\t<div class=\"elementor-widget-container\">\n\t\t\t\t\t<p>F\u00fcr die Fotografie finde ich solche Situationen besonders interessant, weil sie nicht nur den Vogel zeigen, sondern auch etwas \u00fcber seinen Lebensraum erz\u00e4hlen. Eine gr\u00f6\u00dfere Gruppe in einem Reisfeld kann deshalb f\u00fcr mich genauso spannend sein wie eine nahe Aufnahme eines einzelnen Braunsichlers.<\/p>\t\t\t\t<\/div>\n\t\t\t\t<\/div>\n\t\t\t\t\t<\/div>\n\t\t\t\t<\/div>\n\t\t<div class=\"elementor-element elementor-element-97f608b e-flex e-con-boxed e-con e-parent\" data-id=\"97f608b\" data-element_type=\"container\" data-e-type=\"container\">\n\t\t\t\t\t<div class=\"e-con-inner\">\n\t\t<div class=\"elementor-element elementor-element-107a8cd e-con-full e-flex e-con e-child\" data-id=\"107a8cd\" data-element_type=\"container\" data-e-type=\"container\">\n\t\t\t\t<div class=\"elementor-element elementor-element-b02517f elementor-widget elementor-widget-html\" data-id=\"b02517f\" data-element_type=\"widget\" data-e-type=\"widget\" data-widget_type=\"html.default\">\n\t\t\t\t<div class=\"elementor-widget-container\">\n\t\t\t\t\t<h2>Mit dem gebogenen Schnabel auf Nahrungssuche<\/h2>\n\n<p>Das auff\u00e4lligste Merkmal des Braunsichlers ist sein langer, deutlich nach unten gebogener Schnabel. Mit ihm untersucht der Vogel flaches Wasser und weichen Untergrund nach Nahrung. Dabei spielen vor allem wirbellose Tiere eine wichtige Rolle.<\/p>\t\t\t\t<\/div>\n\t\t\t\t<\/div>\n\t\t\t\t<\/div>\n\t\t<div class=\"elementor-element elementor-element-3e4b381 e-con-full e-flex e-con e-child\" data-id=\"3e4b381\" data-element_type=\"container\" data-e-type=\"container\">\n\t\t\t\t<div class=\"elementor-element elementor-element-2c2c85e elementor-widget elementor-widget-image\" data-id=\"2c2c85e\" data-element_type=\"widget\" data-e-type=\"widget\" data-widget_type=\"image.default\">\n\t\t\t\t<div class=\"elementor-widget-container\">\n\t\t\t\t\t\t\t\t\t\t\t\t\t\t\t<img loading=\"lazy\" decoding=\"async\" width=\"751\" height=\"532\" src=\"https:\/\/nature-fineart.com\/vogelfotografie-spanien\/wp-content\/uploads\/2026\/08\/Braunsichler-mit-kleinem-wirbellosem-Beutetier-im-geoeffneten-Schnabel.jpg\" class=\"attachment-large size-large wp-image-10653\" alt=\"Braunsichler mit kleinem wirbellosem Beutetier im ge\u00f6ffneten Schnabel\" srcset=\"https:\/\/nature-fineart.com\/vogelfotografie-spanien\/wp-content\/uploads\/2026\/08\/Braunsichler-mit-kleinem-wirbellosem-Beutetier-im-geoeffneten-Schnabel.jpg 1024w, https:\/\/nature-fineart.com\/vogelfotografie-spanien\/wp-content\/uploads\/2026\/08\/Braunsichler-mit-kleinem-wirbellosem-Beutetier-im-geoeffneten-Schnabel-600x425.jpg 600w, https:\/\/nature-fineart.com\/vogelfotografie-spanien\/wp-content\/uploads\/2026\/08\/Braunsichler-mit-kleinem-wirbellosem-Beutetier-im-geoeffneten-Schnabel-768x545.jpg 768w\" sizes=\"(max-width: 751px) 100vw, 751px\" \/>\t\t\t\t\t\t\t\t\t\t\t\t\t\t\t<\/div>\n\t\t\t\t<\/div>\n\t\t\t\t<\/div>\n\t\t\t\t\t<\/div>\n\t\t\t\t<\/div>\n\t\t<div class=\"elementor-element elementor-element-3818590 e-flex e-con-boxed e-con e-parent\" data-id=\"3818590\" data-element_type=\"container\" data-e-type=\"container\">\n\t\t\t\t\t<div class=\"e-con-inner\">\n\t\t\t\t<div class=\"elementor-element elementor-element-f5ec620 elementor-widget elementor-widget-html\" data-id=\"f5ec620\" data-element_type=\"widget\" data-e-type=\"widget\" data-widget_type=\"html.default\">\n\t\t\t\t<div class=\"elementor-widget-container\">\n\t\t\t\t\t<p>Bei der Nahrungssuche sind Braunsichler fast st\u00e4ndig in Bewegung. Sie laufen durch das Wasser und f\u00fchren den Schnabel immer wieder in Schlamm oder weiches Sediment. Gerade dabei entstehen fotografisch interessante Situationen: Der Vogel hebt den Kopf, Wasser spritzt vom Schnabel oder ein gerade gefundenes Beutetier wird aufgenommen.<\/p>\n\n<p>Solche Momente dauern h\u00e4ufig nur einen Sekundenbruchteil. Deshalb arbeite ich bei der aktiven Nahrungssuche normalerweise mit einer kurzen Verschlusszeit, kontinuierlichem Autofokus und Augenerkennung. Gerade wenn der Braunsichler den Kopf immer wieder schnell ins Wasser oder in den Schlamm f\u00fchrt, hilft eine zuverl\u00e4ssige Motiverkennung dabei, den Fokus m\u00f6glichst auf Kopf und Auge zu halten. Eine schnelle Serienaufnahme erh\u00f6ht zus\u00e4tzlich die Chance, genau die kurze Bewegung zwischen Nahrungssuche und Schlucken einzufangen.<\/p>\t\t\t\t<\/div>\n\t\t\t\t<\/div>\n\t\t\t\t\t<\/div>\n\t\t\t\t<\/div>\n\t\t<div class=\"elementor-element elementor-element-cc36978 e-flex e-con-boxed e-con e-parent\" data-id=\"cc36978\" data-element_type=\"container\" data-e-type=\"container\">\n\t\t\t\t\t<div class=\"e-con-inner\">\n\t\t<div class=\"elementor-element elementor-element-373df8b e-con-full e-flex e-con e-child\" data-id=\"373df8b\" data-element_type=\"container\" data-e-type=\"container\">\n\t\t\t\t<div class=\"elementor-element elementor-element-987c645 elementor-widget elementor-widget-image\" data-id=\"987c645\" data-element_type=\"widget\" data-e-type=\"widget\" data-widget_type=\"image.default\">\n\t\t\t\t<div class=\"elementor-widget-container\">\n\t\t\t\t\t\t\t\t\t\t\t\t\t\t\t<img loading=\"lazy\" decoding=\"async\" width=\"727\" height=\"1024\" src=\"https:\/\/nature-fineart.com\/vogelfotografie-spanien\/wp-content\/uploads\/2026\/08\/Braunsichler-mit-metallisch-schimmerndem-Gefieder-bei-der-Gefiederpflege.jpg\" class=\"attachment-large size-large wp-image-10654\" alt=\"Braunsichler mit metallisch schimmerndem Gefieder bei der Gefiederpflege\" srcset=\"https:\/\/nature-fineart.com\/vogelfotografie-spanien\/wp-content\/uploads\/2026\/08\/Braunsichler-mit-metallisch-schimmerndem-Gefieder-bei-der-Gefiederpflege.jpg 727w, https:\/\/nature-fineart.com\/vogelfotografie-spanien\/wp-content\/uploads\/2026\/08\/Braunsichler-mit-metallisch-schimmerndem-Gefieder-bei-der-Gefiederpflege-426x600.jpg 426w\" sizes=\"(max-width: 727px) 100vw, 727px\" \/>\t\t\t\t\t\t\t\t\t\t\t\t\t\t\t<\/div>\n\t\t\t\t<\/div>\n\t\t\t\t<\/div>\n\t\t<div class=\"elementor-element elementor-element-abb12cf e-con-full e-flex e-con e-child\" data-id=\"abb12cf\" data-element_type=\"container\" data-e-type=\"container\">\n\t\t\t\t<div class=\"elementor-element elementor-element-a477876 elementor-widget elementor-widget-html\" data-id=\"a477876\" data-element_type=\"widget\" data-e-type=\"widget\" data-widget_type=\"html.default\">\n\t\t\t\t<div class=\"elementor-widget-container\">\n\t\t\t\t\t<h2>Ein Gefieder, das sich mit dem Licht ver\u00e4ndert<\/h2>\n\n<p>Der deutsche Name Braunsichler beschreibt nur einen Teil seiner tats\u00e4chlichen Farben. Je nach Gefiederzustand und Lichteinfall k\u00f6nnen die Federn kr\u00e4ftig kastanien- bis rostbraun wirken, w\u00e4hrend besonders die dunkleren Bereiche metallisch schimmern. Gr\u00fcnliche, bronzene und violette Reflexe k\u00f6nnen dabei innerhalb weniger Augenblicke sichtbar werden und anschlie\u00dfend wieder beinahe verschwinden.<\/p>\n\n<p>Besonders auff\u00e4llig ist die Gesichtspartie im Brutkleid. Rund um die dunkle unbefiederte Gesichtshaut k\u00f6nnen bl\u00e4uliche Bereiche beziehungsweise Linien sichtbar werden. Zusammen mit dem warmen K\u00f6rpergefieder und den metallisch gl\u00e4nzenden Fl\u00fcgel- und R\u00fcckenfedern entsteht dann ein sehr farbenreiches Erscheinungsbild.<\/p>\n\n<p>M\u00e4nnchen und Weibchen sehen sich im Gefieder sehr \u00e4hnlich. Unterschiedlich kr\u00e4ftige rostbraune oder metallische Farbt\u00f6ne reichen deshalb nicht aus, um das Geschlecht eines einzelnen Vogels zuverl\u00e4ssig zu bestimmen. Auch Alter, Jahreszeit, Gefiederzustand und vor allem das Licht beeinflussen den Eindruck erheblich.<\/p>\t\t\t\t<\/div>\n\t\t\t\t<\/div>\n\t\t\t\t<\/div>\n\t\t\t\t\t<\/div>\n\t\t\t\t<\/div>\n\t\t<div class=\"elementor-element elementor-element-22d93a7 e-flex e-con-boxed e-con e-parent\" data-id=\"22d93a7\" data-element_type=\"container\" data-e-type=\"container\">\n\t\t\t\t\t<div class=\"e-con-inner\">\n\t\t\t\t<div class=\"elementor-element elementor-element-e97f69d elementor-widget elementor-widget-html\" data-id=\"e97f69d\" data-element_type=\"widget\" data-e-type=\"widget\" data-widget_type=\"html.default\">\n\t\t\t\t<div class=\"elementor-widget-container\">\n\t\t\t\t\t<h2>Braunsichler richtig belichten<\/h2>\n\n<p>Gerade das dunkle Gefieder macht die Belichtung beim Braunsichler interessant. Wird die Aufnahme zu knapp belichtet, k\u00f6nnen die dunkleren Gefiederpartien beinahe schwarz wirken und viele der feinen Farbnuancen verschwinden. Deshalb kontrolliere ich bei dieser Art besonders aufmerksam, ob im dunklen Gefieder noch ausreichend Zeichnung vorhanden ist.<\/p>\n\n<p>Anders als bei vielen sehr hellen Wasserv\u00f6geln fotografiere ich Braunsichler durchaus gerne bei gerichtetem Sonnenlicht. Wenn der Winkel stimmt, bringt das Licht den metallischen Glanz der Federn besonders intensiv hervor. Ein Lichtreflex im Auge kann zus\u00e4tzlich daf\u00fcr sorgen, dass der Blick des ansonsten recht dunklen Vogels deutlich lebendiger wirkt.<\/p>\n\n<p>Das bedeutet nicht, m\u00f6glichst hell zu belichten. Entscheidend ist vielmehr eine Belichtung, bei der die dunklen Bereiche ausreichend Zeichnung behalten, ohne dass besonders stark reflektierende Gefiederpartien ihre Details verlieren.<\/p>\t\t\t\t<\/div>\n\t\t\t\t<\/div>\n\t\t\t\t\t<\/div>\n\t\t\t\t<\/div>\n\t\t<div class=\"elementor-element elementor-element-4aa2ae6 e-flex e-con-boxed e-con e-parent\" data-id=\"4aa2ae6\" data-element_type=\"container\" data-e-type=\"container\">\n\t\t\t\t\t<div class=\"e-con-inner\">\n\t\t<div class=\"elementor-element elementor-element-a071939 e-con-full e-flex e-con e-child\" data-id=\"a071939\" data-element_type=\"container\" data-e-type=\"container\">\n\t\t\t\t<div class=\"elementor-element elementor-element-84c12b7 elementor-widget elementor-widget-image\" data-id=\"84c12b7\" data-element_type=\"widget\" data-e-type=\"widget\" data-widget_type=\"image.default\">\n\t\t\t\t<div class=\"elementor-widget-container\">\n\t\t\t\t\t\t\t\t\t\t\t\t\t\t\t<img loading=\"lazy\" decoding=\"async\" width=\"751\" height=\"517\" src=\"https:\/\/nature-fineart.com\/vogelfotografie-spanien\/wp-content\/uploads\/2026\/08\/Braunsichler-im-Flug-ueber-einer-Lagune-mit-gruenem-Schilf-im-Hintergrund.jpg\" class=\"attachment-large size-large wp-image-10655\" alt=\"Braunsichler im Flug \u00fcber einer Lagune mit gr\u00fcnem Schilf im Hintergrund\" srcset=\"https:\/\/nature-fineart.com\/vogelfotografie-spanien\/wp-content\/uploads\/2026\/08\/Braunsichler-im-Flug-ueber-einer-Lagune-mit-gruenem-Schilf-im-Hintergrund.jpg 1024w, https:\/\/nature-fineart.com\/vogelfotografie-spanien\/wp-content\/uploads\/2026\/08\/Braunsichler-im-Flug-ueber-einer-Lagune-mit-gruenem-Schilf-im-Hintergrund-600x413.jpg 600w, https:\/\/nature-fineart.com\/vogelfotografie-spanien\/wp-content\/uploads\/2026\/08\/Braunsichler-im-Flug-ueber-einer-Lagune-mit-gruenem-Schilf-im-Hintergrund-768x529.jpg 768w\" sizes=\"(max-width: 751px) 100vw, 751px\" \/>\t\t\t\t\t\t\t\t\t\t\t\t\t\t\t<\/div>\n\t\t\t\t<\/div>\n\t\t\t\t<\/div>\n\t\t<div class=\"elementor-element elementor-element-f3be7a3 e-con-full e-flex e-con e-child\" data-id=\"f3be7a3\" data-element_type=\"container\" data-e-type=\"container\">\n\t\t\t\t<div class=\"elementor-element elementor-element-6b35764 elementor-widget elementor-widget-html\" data-id=\"6b35764\" data-element_type=\"widget\" data-e-type=\"widget\" data-widget_type=\"html.default\">\n\t\t\t\t<div class=\"elementor-widget-container\">\n\t\t\t\t\t<h2>Braunsichler im Flug fotografieren<\/h2>\n\n<p>Auch im Flug ist der Braunsichler ein interessantes Motiv. Der lange gebogene Schnabel, die ausgestreckten Beine und die breiten Fl\u00fcgel ergeben eine charakteristische Silhouette. Bei einzelnen V\u00f6geln versuche ich meist, die Bewegung mit einer kurzen Verschlusszeit einzufrieren und den Vogel bereits m\u00f6glichst fr\u00fch mit dem Autofokus zu erfassen.<\/p>\t\t\t\t<\/div>\n\t\t\t\t<\/div>\n\t\t\t\t<\/div>\n\t\t\t\t\t<\/div>\n\t\t\t\t<\/div>\n\t\t<div class=\"elementor-element elementor-element-53ee037 e-flex e-con-boxed e-con e-parent\" data-id=\"53ee037\" data-element_type=\"container\" data-e-type=\"container\">\n\t\t\t\t\t<div class=\"e-con-inner\">\n\t\t\t\t<div class=\"elementor-element elementor-element-bfb64d1 elementor-widget elementor-widget-html\" data-id=\"bfb64d1\" data-element_type=\"widget\" data-e-type=\"widget\" data-widget_type=\"html.default\">\n\t\t\t\t<div class=\"elementor-widget-container\">\n\t\t\t\t\t<p>Die Augenerkennung funktioniert bei fliegenden Braunsichlern nach meiner Erfahrung allerdings nicht immer zuverl\u00e4ssig. Besonders bei einem dunklen Vogel kann es je nach Licht und Hintergrund vorkommen, dass die Kamera nicht nur das Auge, sondern teilweise schon den Vogel selbst nicht sofort sicher erkennt. Hebt sich der Braunsichler nur wenig vom Hintergrund ab, kann die automatische Fokussierung dadurch schwieriger werden. Mir hilft es deshalb, den Vogel m\u00f6glichst fr\u00fch im Sucher zu erfassen und den Fokus bei Bedarf zun\u00e4chst manuell in die richtige Entfernung zu bringen. Anschlie\u00dfend kann die Augenerkennung wesentlich leichter auf den Vogel beziehungsweise das Auge greifen. Gerade bei weiter entfernten Braunsichlern im Flug hat sich diese Vorgehensweise f\u00fcr mich bew\u00e4hrt.<\/p>\t\t\t\t<\/div>\n\t\t\t\t<\/div>\n\t\t\t\t\t<\/div>\n\t\t\t\t<\/div>\n\t\t<div class=\"elementor-element elementor-element-eafb4c6 e-flex e-con-boxed e-con e-parent\" data-id=\"eafb4c6\" data-element_type=\"container\" data-e-type=\"container\">\n\t\t\t\t\t<div class=\"e-con-inner\">\n\t\t<div class=\"elementor-element elementor-element-366dc00 e-con-full e-flex e-con e-child\" data-id=\"366dc00\" data-element_type=\"container\" data-e-type=\"container\">\n\t\t\t\t<div class=\"elementor-element elementor-element-246056a elementor-widget elementor-widget-html\" data-id=\"246056a\" data-element_type=\"widget\" data-e-type=\"widget\" data-widget_type=\"html.default\">\n\t\t\t\t<div class=\"elementor-widget-container\">\n\t\t\t\t\t<p>Besonders spannend finde ich aber Situationen, in denen mehrere V\u00f6gel gleichzeitig auffliegen. Dann geht es f\u00fcr mich weniger um ein klassisches Portr\u00e4t als um Bewegung, Form und die Wirkung der gesamten Szene. Schilf, Wasser oder eine entfernte Landschaft im Hintergrund k\u00f6nnen dabei wesentlich zur Bildwirkung beitragen.<\/p>\t\t\t\t<\/div>\n\t\t\t\t<\/div>\n\t\t\t\t<\/div>\n\t\t<div class=\"elementor-element elementor-element-1249000 e-con-full e-flex e-con e-child\" data-id=\"1249000\" data-element_type=\"container\" data-e-type=\"container\">\n\t\t\t\t<div class=\"elementor-element elementor-element-b40ab57 elementor-widget elementor-widget-image\" data-id=\"b40ab57\" data-element_type=\"widget\" data-e-type=\"widget\" data-widget_type=\"image.default\">\n\t\t\t\t<div class=\"elementor-widget-container\">\n\t\t\t\t\t\t\t\t\t\t\t\t\t\t\t<img loading=\"lazy\" decoding=\"async\" width=\"751\" height=\"524\" src=\"https:\/\/nature-fineart.com\/vogelfotografie-spanien\/wp-content\/uploads\/2026\/08\/Zwei-Braunsichler-in-einer-dynamischen-Flugszene-ueber-einem-Feuchtgebiet.jpg\" class=\"attachment-large size-large wp-image-10656\" alt=\"Zwei Braunsichler in einer dynamischen Flugszene \u00fcber einem Feuchtgebiet\" srcset=\"https:\/\/nature-fineart.com\/vogelfotografie-spanien\/wp-content\/uploads\/2026\/08\/Zwei-Braunsichler-in-einer-dynamischen-Flugszene-ueber-einem-Feuchtgebiet.jpg 1024w, https:\/\/nature-fineart.com\/vogelfotografie-spanien\/wp-content\/uploads\/2026\/08\/Zwei-Braunsichler-in-einer-dynamischen-Flugszene-ueber-einem-Feuchtgebiet-600x418.jpg 600w, https:\/\/nature-fineart.com\/vogelfotografie-spanien\/wp-content\/uploads\/2026\/08\/Zwei-Braunsichler-in-einer-dynamischen-Flugszene-ueber-einem-Feuchtgebiet-768x536.jpg 768w\" sizes=\"(max-width: 751px) 100vw, 751px\" \/>\t\t\t\t\t\t\t\t\t\t\t\t\t\t\t<\/div>\n\t\t\t\t<\/div>\n\t\t\t\t<\/div>\n\t\t\t\t\t<\/div>\n\t\t\t\t<\/div>\n\t\t<div class=\"elementor-element elementor-element-c313247 e-flex e-con-boxed e-con e-parent\" data-id=\"c313247\" data-element_type=\"container\" data-e-type=\"container\">\n\t\t\t\t\t<div class=\"e-con-inner\">\n\t\t\t\t<div class=\"elementor-element elementor-element-ef46419 elementor-widget elementor-widget-html\" data-id=\"ef46419\" data-element_type=\"widget\" data-e-type=\"widget\" data-widget_type=\"html.default\">\n\t\t\t\t<div class=\"elementor-widget-container\">\n\t\t\t\t\t<h2>Gro\u00dfe Gruppen zwischen Nahrungsplatz und Schlafplatz<\/h2>\n\n<p>Braunsichler sind ausgesprochen gesellig. Besonders au\u00dferhalb der Brutpl\u00e4tze k\u00f6nnen sie sich zu gro\u00dfen Gruppen zusammenschlie\u00dfen. In geeigneten spanischen Feuchtgebieten entstehen Ansammlungen von vielen Hunderten oder sogar Tausenden V\u00f6geln.<\/p>\t\t\t\t<\/div>\n\t\t\t\t<\/div>\n\t\t\t\t\t<\/div>\n\t\t\t\t<\/div>\n\t\t<div class=\"elementor-element elementor-element-824cc3d e-flex e-con-boxed e-con e-parent\" data-id=\"824cc3d\" data-element_type=\"container\" data-e-type=\"container\">\n\t\t\t\t\t<div class=\"e-con-inner\">\n\t\t<div class=\"elementor-element elementor-element-c4a9b18 e-con-full e-flex e-con e-child\" data-id=\"c4a9b18\" data-element_type=\"container\" data-e-type=\"container\">\n\t\t\t\t<div class=\"elementor-element elementor-element-981a71b elementor-widget elementor-widget-html\" data-id=\"981a71b\" data-element_type=\"widget\" data-e-type=\"widget\" data-widget_type=\"html.default\">\n\t\t\t\t<div class=\"elementor-widget-container\">\n\t\t\t\t\t<p>Solche Gruppen sind vor allem morgens und abends fotografisch interessant. Wenn die ersten V\u00f6gel einen Schlafplatz verlassen oder gr\u00f6\u00dfere Schw\u00e4rme \u00fcber Schilffl\u00e4chen und Feuchtgebiete ziehen, entstehen Bilder, bei denen nicht mehr der einzelne Braunsichler im Mittelpunkt steht. Stattdessen werden Schwarm, Landschaft, Licht und Atmosph\u00e4re zum eigentlichen Motiv.<\/p>\t\t\t\t<\/div>\n\t\t\t\t<\/div>\n\t\t\t\t<\/div>\n\t\t<div class=\"elementor-element elementor-element-6aa663b e-con-full e-flex e-con e-child\" data-id=\"6aa663b\" data-element_type=\"container\" data-e-type=\"container\">\n\t\t\t\t<div class=\"elementor-element elementor-element-a743f50 elementor-widget elementor-widget-image\" data-id=\"a743f50\" data-element_type=\"widget\" data-e-type=\"widget\" data-widget_type=\"image.default\">\n\t\t\t\t<div class=\"elementor-widget-container\">\n\t\t\t\t\t\t\t\t\t\t\t\t\t\t\t<img loading=\"lazy\" decoding=\"async\" width=\"751\" height=\"501\" src=\"https:\/\/nature-fineart.com\/vogelfotografie-spanien\/wp-content\/uploads\/2026\/08\/Braunsichler-fliegen-am-Morgen-ueber-ein-flaches-spanisches-Feuchtgebiet.jpg\" class=\"attachment-large size-large wp-image-10658\" alt=\"Braunsichler fliegen am Morgen \u00fcber ein flaches spanisches Feuchtgebiet\" srcset=\"https:\/\/nature-fineart.com\/vogelfotografie-spanien\/wp-content\/uploads\/2026\/08\/Braunsichler-fliegen-am-Morgen-ueber-ein-flaches-spanisches-Feuchtgebiet.jpg 1024w, https:\/\/nature-fineart.com\/vogelfotografie-spanien\/wp-content\/uploads\/2026\/08\/Braunsichler-fliegen-am-Morgen-ueber-ein-flaches-spanisches-Feuchtgebiet-600x400.jpg 600w, https:\/\/nature-fineart.com\/vogelfotografie-spanien\/wp-content\/uploads\/2026\/08\/Braunsichler-fliegen-am-Morgen-ueber-ein-flaches-spanisches-Feuchtgebiet-768x512.jpg 768w\" sizes=\"(max-width: 751px) 100vw, 751px\" \/>\t\t\t\t\t\t\t\t\t\t\t\t\t\t\t<\/div>\n\t\t\t\t<\/div>\n\t\t\t\t<\/div>\n\t\t\t\t\t<\/div>\n\t\t\t\t<\/div>\n\t\t<div class=\"elementor-element elementor-element-53fa741 e-flex e-con-boxed e-con e-parent\" data-id=\"53fa741\" data-element_type=\"container\" data-e-type=\"container\">\n\t\t\t\t\t<div class=\"e-con-inner\">\n\t\t\t\t<div class=\"elementor-element elementor-element-e2f13d0 elementor-widget elementor-widget-html\" data-id=\"e2f13d0\" data-element_type=\"widget\" data-e-type=\"widget\" data-widget_type=\"html.default\">\n\t\t\t\t<div class=\"elementor-widget-container\">\n\t\t\t\t\t<h2>Schw\u00e4rme als Teil der Landschaft fotografieren<\/h2>\n\n<p>Bei gro\u00dfen Schw\u00e4rmen arbeite ich gerne mit etwas mehr Umgebung im Bild. Ein langer Telebereich ist dann nicht zwingend daf\u00fcr gedacht, einen einzelnen Vogel m\u00f6glichst gro\u00df abzubilden. Viel interessanter kann es sein, die Formation des Schwarms gemeinsam mit Schilf, Bergen oder einem farbigen Himmel zu zeigen.<\/p>\t\t\t\t<\/div>\n\t\t\t\t<\/div>\n\t\t\t\t\t<\/div>\n\t\t\t\t<\/div>\n\t\t<div class=\"elementor-element elementor-element-dcfcaaf e-flex e-con-boxed e-con e-parent\" data-id=\"dcfcaaf\" data-element_type=\"container\" data-e-type=\"container\">\n\t\t\t\t\t<div class=\"e-con-inner\">\n\t\t<div class=\"elementor-element elementor-element-77d9de5 e-con-full e-flex e-con e-child\" data-id=\"77d9de5\" data-element_type=\"container\" data-e-type=\"container\">\n\t\t\t\t<div class=\"elementor-element elementor-element-f836323 elementor-widget elementor-widget-image\" data-id=\"f836323\" data-element_type=\"widget\" data-e-type=\"widget\" data-widget_type=\"image.default\">\n\t\t\t\t<div class=\"elementor-widget-container\">\n\t\t\t\t\t\t\t\t\t\t\t\t\t\t\t<img loading=\"lazy\" decoding=\"async\" width=\"751\" height=\"501\" src=\"https:\/\/nature-fineart.com\/vogelfotografie-spanien\/wp-content\/uploads\/2026\/08\/Grosser-Schwarm-Braunsichler-ueber-Schilf-im-Abendlicht.jpg\" class=\"attachment-large size-large wp-image-10659\" alt=\"Gro\u00dfer Schwarm Braunsichler \u00fcber Schilf im Abendlicht\" srcset=\"https:\/\/nature-fineart.com\/vogelfotografie-spanien\/wp-content\/uploads\/2026\/08\/Grosser-Schwarm-Braunsichler-ueber-Schilf-im-Abendlicht.jpg 1024w, https:\/\/nature-fineart.com\/vogelfotografie-spanien\/wp-content\/uploads\/2026\/08\/Grosser-Schwarm-Braunsichler-ueber-Schilf-im-Abendlicht-600x400.jpg 600w, https:\/\/nature-fineart.com\/vogelfotografie-spanien\/wp-content\/uploads\/2026\/08\/Grosser-Schwarm-Braunsichler-ueber-Schilf-im-Abendlicht-768x512.jpg 768w\" sizes=\"(max-width: 751px) 100vw, 751px\" \/>\t\t\t\t\t\t\t\t\t\t\t\t\t\t\t<\/div>\n\t\t\t\t<\/div>\n\t\t\t\t<\/div>\n\t\t<div class=\"elementor-element elementor-element-25fd855 e-con-full e-flex e-con e-child\" data-id=\"25fd855\" data-element_type=\"container\" data-e-type=\"container\">\n\t\t\t\t<div class=\"elementor-element elementor-element-7787050 elementor-widget elementor-widget-html\" data-id=\"7787050\" data-element_type=\"widget\" data-e-type=\"widget\" data-widget_type=\"html.default\">\n\t\t\t\t<div class=\"elementor-widget-container\">\n\t\t\t\t\t<p>Gerade bei tief stehender Sonne ver\u00e4ndert sich die Fotografie vollkommen. Einzelheiten im Gefieder verlieren an Bedeutung und die V\u00f6gel werden zu dunklen Silhouetten innerhalb der Landschaft. Solche Aufnahmen erz\u00e4hlen f\u00fcr mich besonders viel \u00fcber die Dimension einer gro\u00dfen Ansammlung und \u00fcber die Atmosph\u00e4re eines Feuchtgebiets.<\/p>\t\t\t\t<\/div>\n\t\t\t\t<\/div>\n\t\t\t\t<\/div>\n\t\t\t\t\t<\/div>\n\t\t\t\t<\/div>\n\t\t<div class=\"elementor-element elementor-element-cee94cc e-flex e-con-boxed e-con e-parent\" data-id=\"cee94cc\" data-element_type=\"container\" data-e-type=\"container\">\n\t\t\t\t\t<div class=\"e-con-inner\">\n\t\t\t\t<div class=\"elementor-element elementor-element-ff49599 elementor-widget elementor-widget-html\" data-id=\"ff49599\" data-element_type=\"widget\" data-e-type=\"widget\" data-widget_type=\"html.default\">\n\t\t\t\t<div class=\"elementor-widget-container\">\n\t\t\t\t\t<h2>Gemeinschaftliche Schlafpl\u00e4tze<\/h2>\n\n<p>Am Abend k\u00f6nnen sich Braunsichler an gemeinschaftlichen Schlafpl\u00e4tzen sammeln. In bedeutenden spanischen Feuchtgebieten k\u00f6nnen solche Ansammlungen au\u00dfergew\u00f6hnliche Gr\u00f6\u00dfen erreichen. Die V\u00f6gel treffen nach und nach aus ihren Nahrungsgebieten ein und versammeln sich an gesch\u00fctzten Bereichen innerhalb des Feuchtgebiets.<\/p>\t\t\t\t<\/div>\n\t\t\t\t<\/div>\n\t\t\t\t\t<\/div>\n\t\t\t\t<\/div>\n\t\t<div class=\"elementor-element elementor-element-3088948 e-flex e-con-boxed e-con e-parent\" data-id=\"3088948\" data-element_type=\"container\" data-e-type=\"container\">\n\t\t\t\t\t<div class=\"e-con-inner\">\n\t\t<div class=\"elementor-element elementor-element-2568571 e-con-full e-flex e-con e-child\" data-id=\"2568571\" data-element_type=\"container\" data-e-type=\"container\">\n\t\t\t\t<div class=\"elementor-element elementor-element-c032491 elementor-widget elementor-widget-image\" data-id=\"c032491\" data-element_type=\"widget\" data-e-type=\"widget\" data-widget_type=\"image.default\">\n\t\t\t\t<div class=\"elementor-widget-container\">\n\t\t\t\t\t\t\t\t\t\t\t\t\t\t\t<img loading=\"lazy\" decoding=\"async\" width=\"751\" height=\"501\" src=\"https:\/\/nature-fineart.com\/vogelfotografie-spanien\/wp-content\/uploads\/2026\/08\/Hunderte-Braunsichler-an-einem-gemeinschaftlichen-Schlafplatz-bei-Sonnenuntergang.jpg\" class=\"attachment-large size-large wp-image-10660\" alt=\"Hunderte Braunsichler an einem gemeinschaftlichen Schlafplatz bei Sonnenuntergang\" srcset=\"https:\/\/nature-fineart.com\/vogelfotografie-spanien\/wp-content\/uploads\/2026\/08\/Hunderte-Braunsichler-an-einem-gemeinschaftlichen-Schlafplatz-bei-Sonnenuntergang.jpg 1024w, https:\/\/nature-fineart.com\/vogelfotografie-spanien\/wp-content\/uploads\/2026\/08\/Hunderte-Braunsichler-an-einem-gemeinschaftlichen-Schlafplatz-bei-Sonnenuntergang-600x400.jpg 600w, https:\/\/nature-fineart.com\/vogelfotografie-spanien\/wp-content\/uploads\/2026\/08\/Hunderte-Braunsichler-an-einem-gemeinschaftlichen-Schlafplatz-bei-Sonnenuntergang-768x512.jpg 768w\" sizes=\"(max-width: 751px) 100vw, 751px\" \/>\t\t\t\t\t\t\t\t\t\t\t\t\t\t\t<\/div>\n\t\t\t\t<\/div>\n\t\t\t\t<\/div>\n\t\t<div class=\"elementor-element elementor-element-8dffd4c e-con-full e-flex e-con e-child\" data-id=\"8dffd4c\" data-element_type=\"container\" data-e-type=\"container\">\n\t\t\t\t<div class=\"elementor-element elementor-element-d03d5bb elementor-widget elementor-widget-html\" data-id=\"d03d5bb\" data-element_type=\"widget\" data-e-type=\"widget\" data-widget_type=\"html.default\">\n\t\t\t\t<div class=\"elementor-widget-container\">\n\t\t\t\t\t<p>Eine meiner eindrucksvollsten Beobachtungen war eine solche Ansammlung bei bereits sehr schwachem Licht. Hunderte Braunsichler bildeten eine gro\u00dfe dunkle Gruppe, w\u00e4hrend sich der Himmel bereits blau und rosa verf\u00e4rbte. In solchen Situationen interessiert mich weniger die perfekte Darstellung eines einzelnen Vogels als die Dimension des Schlafplatzes und die Stimmung des gesamten Moments.<\/p>\t\t\t\t<\/div>\n\t\t\t\t<\/div>\n\t\t\t\t<\/div>\n\t\t\t\t\t<\/div>\n\t\t\t\t<\/div>\n\t\t<div class=\"elementor-element elementor-element-2ad498e e-flex e-con-boxed e-con e-parent\" data-id=\"2ad498e\" data-element_type=\"container\" data-e-type=\"container\">\n\t\t\t\t\t<div class=\"e-con-inner\">\n\t\t\t\t<div class=\"elementor-element elementor-element-746210a elementor-widget elementor-widget-html\" data-id=\"746210a\" data-element_type=\"widget\" data-e-type=\"widget\" data-widget_type=\"html.default\">\n\t\t\t\t<div class=\"elementor-widget-container\">\n\t\t\t\t\t<h2>Braunsichler fotografieren \u2013 meine Tipps<\/h2>\n\n<p>F\u00fcr einzelne Braunsichler bevorzuge ich nach M\u00f6glichkeit eine niedrige Perspektive. Besonders bei der Nahrungssuche im flachen Wasser wirkt ein Foto auf Augenh\u00f6he wesentlich unmittelbarer und der Hintergrund l\u00e4sst sich st\u00e4rker aufl\u00f6sen. Gleichzeitig lohnt es sich, dem Vogel gen\u00fcgend Raum zu lassen und seine Bewegungsrichtung zun\u00e4chst zu beobachten.<\/p>\n\n<p>Eine kurze Verschlusszeit ist f\u00fcr viele Situationen hilfreich. Braunsichler bewegen sich bei der Nahrungssuche schnell, f\u00fchren den Kopf st\u00e4ndig nach unten und wieder nach oben und wechseln manchmal \u00fcberraschend in den Flug. Kontinuierlicher Autofokus und Serienaufnahme sind deshalb f\u00fcr mich die wichtigsten Grundeinstellungen bei aktiven V\u00f6geln.<\/p>\n\n<p>Bei dieser Art lohnt es sich au\u00dferdem, mit dem Licht zu arbeiten. Ein Braunsichler kann bei ung\u00fcnstigem Licht beinahe einfarbig dunkel erscheinen und wenige Minuten sp\u00e4ter intensive rostbraune und metallische Farben zeigen. Deshalb achte ich nicht nur auf die Position des Vogels, sondern besonders auf die Richtung, aus der das Licht auf das Gefieder f\u00e4llt.<\/p>\n\n<p>Bei gr\u00f6\u00dferen Gruppen \u00e4ndere ich meinen fotografischen Ansatz. Dann muss nicht mehr jeder einzelne Vogel perfekt freigestellt sein. Schw\u00e4rme \u00fcber einem Feuchtgebiet, mehrere V\u00f6gel bei der Nahrungssuche oder eine gro\u00dfe Ansammlung am Schlafplatz k\u00f6nnen den Charakter der Art wesentlich besser zeigen als ein weiteres enges Portr\u00e4t.<\/p>\n\n<h2>Weitere V\u00f6gel der spanischen Feuchtgebiete<\/h2>\n\n<p>\nWenn du dich f\u00fcr Braunsichler interessierst, findest du auf meiner Website weitere Arten aus \u00e4hnlichen Lebensr\u00e4umen. Dazu geh\u00f6ren der\n<a href=\"https:\/\/nature-fineart.com\/vogelfotografie-spanien\/stelzenlaeufer\/\">Stelzenl\u00e4ufer<\/a>,\nder <a href=\"https:\/\/nature-fineart.com\/vogelfotografie-spanien\/loeffler\/\">L\u00f6ffler<\/a>,\ndie <a href=\"https:\/\/nature-fineart.com\/vogelfotografie-spanien\/flamingos-fotografieren\/\">Flamingos<\/a>\nund der <a href=\"https:\/\/nature-fineart.com\/vogelfotografie-spanien\/purpurreiher\/\">Purpurreiher<\/a>.\n<\/p>\n\n<p>\nWeitere Vogel- und Tierarten mit meinen Beobachtungen und Fototipps findest du in der\n<a href=\"https:\/\/nature-fineart.com\/vogelfotografie-spanien\/tierarten-fotografie\/\">Arten\u00fcbersicht<\/a>.\n<\/p>\n\n<h2>Vogelparadies Spanien<\/h2>\n\n<p>\nSpanien bietet mit seinen Lagunen, Reisfeldern, Feuchtgebieten, Steppen und Gebirgslandschaften au\u00dfergew\u00f6hnlich unterschiedliche Lebensr\u00e4ume f\u00fcr V\u00f6gel. In meinem Blogartikel\n<a href=\"https:\/\/nature-fineart.com\/vogelfotografie-spanien\/vogelarten-in-spanien-ein-paradies-fuer-naturfotografie\/\">Vogelarten in Spanien \u2013 Ein Paradies f\u00fcr Naturfotografie<\/a>\nerf\u00e4hrst du mehr \u00fcber die Vielfalt der Vogelwelt und die M\u00f6glichkeiten zur Vogelbeobachtung und Naturfotografie.\n<\/p>\n\n<h2>Braunsichler auf einer individuellen Fotoreise erleben<\/h2>\n\n<p>\nJe nach Region, Jahreszeit und aktuellen Bedingungen kann der Braunsichler auch auf einer\n<a href=\"https:\/\/nature-fineart.com\/vogelfotografie-spanien\/trip\/fotoreise-la-mancha-fruehling\/\">Fotoreise La Mancha \u2013 Vogelvielfalt im Fr\u00fchling <\/a>\nzu den m\u00f6glichen Beobachtungen geh\u00f6ren. Eine bestimmte Vogelart l\u00e4sst sich in der Natur selbstverst\u00e4ndlich nicht garantieren, die Reise kann jedoch gezielt an passende Lebensr\u00e4ume und fotografische Interessen angepasst werden.\n<\/p>\n\n<p>\nEinen \u00dcberblick \u00fcber meine weiteren Angebote findest du auf der\n<a href=\"https:\/\/nature-fineart.com\/vogelfotografie-spanien\/reisen\/\">\u00dcbersicht meiner Fotoreisen in Spanien<\/a>.\n<\/p>\n\n<h2>Interesse an einer Fotoreise?<\/h2>\n\n<p>\nDu m\u00f6chtest Braunsichler und andere Vogelarten in Spanien fotografieren? Nutze einfach das folgende Anfrageformular. Ich freue mich darauf, von dir zu h\u00f6ren.\n<\/p>\t\t\t\t<\/div>\n\t\t\t\t<\/div>\n\t\t\t\t\t<\/div>\n\t\t\t\t<\/div>\n\t\t<div class=\"elementor-element elementor-element-4db7dd0 e-flex e-con-boxed e-con e-parent\" data-id=\"4db7dd0\" data-element_type=\"container\" data-e-type=\"container\">\n\t\t\t\t\t<div class=\"e-con-inner\">\n\t\t\t\t<div class=\"elementor-element elementor-element-b71588f elementor-widget elementor-widget-shortcode\" data-id=\"b71588f\" data-element_type=\"widget\" data-e-type=\"widget\" data-widget_type=\"shortcode.default\">\n\t\t\t\t<div class=\"elementor-widget-container\">\n\t\t\t\t\t\t\t<div class=\"elementor-shortcode\"><style id=\"wpforms-css-vars-5929\">\n\t\t\t\t#wpforms-5929 {\n\t\t\t\t--wpforms-field-border-color: #5E5E5E;\n--wpforms-field-border-color-spare: #5E5E5E;\n--wpforms-field-text-color: #5e5e5e;\n--wpforms-label-color: #5e5e5e;\n--wpforms-label-sublabel-color: #5e5e5e;\n--wpforms-button-background-color: #6e7b4a;\n--wpforms-container-padding: 0px;\n--wpforms-container-border-width: 1px;\n--wpforms-container-border-radius: 3px;\n--wpforms-background-color: rgba(0, 0, 0, 0);\n--wpforms-field-size-input-height: 43px;\n--wpforms-field-size-input-spacing: 15px;\n--wpforms-field-size-font-size: 16px;\n--wpforms-field-size-line-height: 19px;\n--wpforms-field-size-padding-h: 14px;\n--wpforms-field-size-checkbox-size: 16px;\n--wpforms-field-size-sublabel-spacing: 5px;\n--wpforms-field-size-icon-size: 1;\n--wpforms-label-size-font-size: 16px;\n--wpforms-label-size-line-height: 19px;\n--wpforms-label-size-sublabel-font-size: 14px;\n--wpforms-label-size-sublabel-line-height: 17px;\n--wpforms-button-size-font-size: 17px;\n--wpforms-button-size-height: 41px;\n--wpforms-button-size-padding-h: 15px;\n--wpforms-button-size-margin-top: 10px;\n--wpforms-container-shadow-size-box-shadow: none;\n\t\t\t}\n\t\t\t<\/style><div class=\"wpforms-container wpforms-container-full wpforms-render-modern\" id=\"wpforms-5929\"><form id=\"wpforms-form-5929\" class=\"wpforms-validate wpforms-form wpforms-ajax-form\" data-formid=\"5929\" method=\"post\" enctype=\"multipart\/form-data\" action=\"\/vogelfotografie-spanien\/wp-json\/wp\/v2\/pages\/10648\" data-token=\"6fe8dd5e8c13da77c15288333c0eb977\" data-token-time=\"1788256063\"><noscript class=\"wpforms-error-noscript\">Bitte aktiviere JavaScript in deinem Browser, um dieses Formular fertigzustellen.<\/noscript><div id=\"wpforms-error-noscript\" style=\"display: none;\">Bitte aktiviere JavaScript in deinem Browser, um dieses Formular fertigzustellen.<\/div><div class=\"wpforms-field-container\">\t\t<div id=\"wpforms-5929-field_4-container\"\n\t\t\tclass=\"wpforms-field wpforms-field-text\"\n\t\t\tdata-field-type=\"text\"\n\t\t\tdata-field-id=\"4\"\n\t\t\t>\n\t\t\t<label class=\"wpforms-field-label\" for=\"wpforms-5929-field_4\" >Name oder Kommentar<\/label>\n\t\t\t<input type=\"text\" id=\"wpforms-5929-field_4\" class=\"wpforms-field-medium\" name=\"wpforms[fields][4]\" >\n\t\t<\/div>\n\t\t<div id=\"wpforms-5929-field_1-container\" class=\"wpforms-field wpforms-field-name\" data-field-id=\"1\"><fieldset><legend class=\"wpforms-field-label\">Name <span class=\"wpforms-required-label\" aria-hidden=\"true\">*<\/span><\/legend><div class=\"wpforms-field-row wpforms-field-medium\"><div class=\"wpforms-field-row-block wpforms-first wpforms-one-half\"><input type=\"text\" id=\"wpforms-5929-field_1\" class=\"wpforms-field-name-first wpforms-field-required\" name=\"wpforms[fields][1][first]\" aria-errormessage=\"wpforms-5929-field_1-error\" required><label for=\"wpforms-5929-field_1\" class=\"wpforms-field-sublabel after\">Vorname<\/label><\/div><div class=\"wpforms-field-row-block wpforms-one-half\"><input type=\"text\" id=\"wpforms-5929-field_1-last\" class=\"wpforms-field-name-last wpforms-field-required\" name=\"wpforms[fields][1][last]\" aria-errormessage=\"wpforms-5929-field_1-last-error\" required><label for=\"wpforms-5929-field_1-last\" class=\"wpforms-field-sublabel after\">Nachname<\/label><\/div><\/div><\/fieldset><\/div><div id=\"wpforms-5929-field_2-container\" class=\"wpforms-field wpforms-field-email\" data-field-id=\"2\"><label class=\"wpforms-field-label\" for=\"wpforms-5929-field_2\">E-Mail-Adresse <span class=\"wpforms-required-label\" aria-hidden=\"true\">*<\/span><\/label><input type=\"email\" id=\"wpforms-5929-field_2\" class=\"wpforms-field-medium wpforms-field-required\" name=\"wpforms[fields][2]\" spellcheck=\"false\" aria-errormessage=\"wpforms-5929-field_2-error\" required><\/div><div id=\"wpforms-5929-field_3-container\" class=\"wpforms-field wpforms-field-textarea\" data-field-id=\"3\"><label class=\"wpforms-field-label\" for=\"wpforms-5929-field_3\">Kommentar oder Nachricht<\/label><textarea id=\"wpforms-5929-field_3\" class=\"wpforms-field-medium\" name=\"wpforms[fields][3]\" aria-errormessage=\"wpforms-5929-field_3-error\" ><\/textarea><\/div><script>\n\t\t\t\t( function() {\n\t\t\t\t\tconst style = document.createElement( 'style' );\n\t\t\t\t\tstyle.appendChild( document.createTextNode( '#wpforms-5929-field_4-container { position: absolute !important; overflow: hidden !important; display: inline !important; height: 1px !important; width: 1px !important; z-index: -1000 !important; padding: 0 !important; } #wpforms-5929-field_4-container input { visibility: hidden; } #wpforms-conversational-form-page #wpforms-5929-field_4-container label { counter-increment: none; }' ) );\n\t\t\t\t\tdocument.head.appendChild( style );\n\t\t\t\t\tdocument.currentScript?.remove();\n\t\t\t\t} )();\n\t\t\t<\/script><\/div><!-- .wpforms-field-container --><div class=\"wpforms-submit-container\" ><input type=\"hidden\" name=\"wpforms[id]\" value=\"5929\"><input type=\"hidden\" name=\"page_title\" value=\"\"><input type=\"hidden\" name=\"page_url\" value=\"https:\/\/nature-fineart.com\/vogelfotografie-spanien\/wp-json\/wp\/v2\/pages\/10648\"><input type=\"hidden\" name=\"url_referer\" value=\"\"><button type=\"submit\" name=\"wpforms[submit]\" id=\"wpforms-submit-5929\" class=\"wpforms-submit\" data-alt-text=\"Wird gesendet\u00a0\u2026\" data-submit-text=\"Anfrage senden\" aria-live=\"assertive\" value=\"wpforms-submit\">Anfrage senden<\/button><img loading=\"lazy\" decoding=\"async\" src=\"https:\/\/nature-fineart.com\/vogelfotografie-spanien\/wp-content\/plugins\/wpforms-lite\/assets\/images\/submit-spin.svg\" class=\"wpforms-submit-spinner\" style=\"display: none;\" width=\"26\" height=\"26\" alt=\"Wird geladen\"><\/div><\/form><\/div>  <!-- .wpforms-container --><\/div>\n\t\t\t\t\t\t<\/div>\n\t\t\t\t<\/div>\n\t\t\t\t\t<\/div>\n\t\t\t\t<\/div>\n\t\t\t\t<\/div>\n\t\t","protected":false},"excerpt":{"rendered":"<p>Der Braunsichler (Plegadis falcinellus) geh\u00f6rt f\u00fcr mich zu den faszinierendsten V\u00f6geln spanischer Feuchtgebiete. Auf den ersten Blick wirkt sein Gefieder dunkelbraun und beinahe unscheinbar. Trifft jedoch das richtige Licht auf die Federn, erscheinen pl\u00f6tzlich intensive rostbraune, bronzene, gr\u00fcnliche und violette Farbt\u00f6ne. Gerade diese Ver\u00e4nderung macht den Braunsichler zu einem au\u00dfergew\u00f6hnlichen Fotomotiv. In Spanien habe ich&#8230;<\/p>\n","protected":false},"author":2,"featured_media":0,"parent":0,"menu_order":0,"comment_status":"closed","ping_status":"closed","template":"","meta":{"footnotes":""},"class_list":["post-10648","page","type-page","status-publish","hentry"],"_links":{"self":[{"href":"https:\/\/nature-fineart.com\/vogelfotografie-spanien\/wp-json\/wp\/v2\/pages\/10648","targetHints":{"allow":["GET"]}}],"collection":[{"href":"https:\/\/nature-fineart.com\/vogelfotografie-spanien\/wp-json\/wp\/v2\/pages"}],"about":[{"href":"https:\/\/nature-fineart.com\/vogelfotografie-spanien\/wp-json\/wp\/v2\/types\/page"}],"author":[{"embeddable":true,"href":"https:\/\/nature-fineart.com\/vogelfotografie-spanien\/wp-json\/wp\/v2\/users\/2"}],"replies":[{"embeddable":true,"href":"https:\/\/nature-fineart.com\/vogelfotografie-spanien\/wp-json\/wp\/v2\/comments?post=10648"}],"version-history":[{"count":7,"href":"https:\/\/nature-fineart.com\/vogelfotografie-spanien\/wp-json\/wp\/v2\/pages\/10648\/revisions"}],"predecessor-version":[{"id":10667,"href":"https:\/\/nature-fineart.com\/vogelfotografie-spanien\/wp-json\/wp\/v2\/pages\/10648\/revisions\/10667"}],"wp:attachment":[{"href":"https:\/\/nature-fineart.com\/vogelfotografie-spanien\/wp-json\/wp\/v2\/media?parent=10648"}],"curies":[{"name":"wp","href":"https:\/\/api.w.org\/{rel}","templated":true}]}}