{"id":10672,"date":"2026-08-30T12:21:25","date_gmt":"2026-08-30T10:21:25","guid":{"rendered":"https:\/\/nature-fineart.com\/vogelfotografie-spanien\/?page_id=10672"},"modified":"2026-08-30T12:32:54","modified_gmt":"2026-08-30T10:32:54","slug":"flussuferlaeufer","status":"publish","type":"page","link":"https:\/\/nature-fineart.com\/vogelfotografie-spanien\/flussuferlaeufer\/","title":{"rendered":"Flussuferl\u00e4ufer fotografieren"},"content":{"rendered":"\t\t<div data-elementor-type=\"wp-page\" data-elementor-id=\"10672\" class=\"elementor elementor-10672\">\n\t\t\t\t<div class=\"elementor-element elementor-element-7939995 e-flex e-con-boxed e-con e-parent\" data-id=\"7939995\" data-element_type=\"container\" data-e-type=\"container\">\n\t\t\t\t\t<div class=\"e-con-inner\">\n\t\t\r\n\t\t<div class=\"elementor-element elementor-element-c0caae5 elementor-widget elementor-widget-html\" data-id=\"c0caae5\" data-element_type=\"widget\" data-e-type=\"widget\" data-widget_type=\"html.default\">\n\t\t\t\t<div class=\"elementor-widget-container\">\n\t\t\t\t\t<p>Der Flussuferl\u00e4ufer <em>(Actitis hypoleucos)<\/em> ist ein kleiner und auf den ersten Blick eher unauff\u00e4lliger Bewohner unterschiedlichster Gew\u00e4sser. In Spanien habe ich ihn an kleinen Fl\u00fcssen, Lagunen und anderen Binnengew\u00e4ssern ebenso beobachtet wie an Flussm\u00fcndungen und in k\u00fcstennahen Feuchtgebieten. Gerade au\u00dferhalb der Brutzeit kann man ihm in sehr unterschiedlichen Lebensr\u00e4umen begegnen.<\/p>\n\n<p>Fotografisch finde ich den Flussuferl\u00e4ufer besonders interessant, weil seine geringe Gr\u00f6\u00dfe und sein Verhalten einige Herausforderungen mit sich bringen. Zwischen Steinen und Ufervegetation kann er erstaunlich gut mit seiner Umgebung verschmelzen. H\u00e4ufig bemerkt der Vogel den Fotografen au\u00dferdem deutlich fr\u00fcher als umgekehrt. Wer ruhig bleibt und ihn auf sich zukommen l\u00e4sst, hat deshalb meist die besseren Chancen auf nat\u00fcrliche Aufnahmen.<\/p>\t\t\t\t<\/div>\n\t\t\t\t<\/div>\n\t\t\t\t\t<\/div>\n\t\t\t\t<\/div>\n\t\t<div class=\"elementor-element elementor-element-46af35f e-flex e-con-boxed e-con e-parent\" data-id=\"46af35f\" data-element_type=\"container\" data-e-type=\"container\">\n\t\t\t\t\t<div class=\"e-con-inner\">\n\t\t<div class=\"elementor-element elementor-element-9af5694 e-con-full e-flex e-con e-child\" data-id=\"9af5694\" data-element_type=\"container\" data-e-type=\"container\">\n\t\t\t\t<div class=\"elementor-element elementor-element-dbfd836 elementor-widget elementor-widget-html\" data-id=\"dbfd836\" data-element_type=\"widget\" data-e-type=\"widget\" data-widget_type=\"html.default\">\n\t\t\t\t<div class=\"elementor-widget-container\">\n\t\t\t\t\t<h2>Flussuferl\u00e4ufer in Spanien<\/h2>\n\n<p>Der Flussuferl\u00e4ufer kann in Spanien das ganze Jahr \u00fcber beobachtet werden. Die Situation ver\u00e4ndert sich allerdings im Jahresverlauf. Die spanische Brutpopulation ist vergleichsweise klein und weit verstreut. Brutvorkommen befinden sich vor allem an geeigneten Flie\u00dfgew\u00e4ssern, insbesondere in der n\u00f6rdlichen H\u00e4lfte der Iberischen Halbinsel.<\/p>\t\t\t\t<\/div>\n\t\t\t\t<\/div>\n\t\t\t\t<\/div>\n\t\t<div class=\"elementor-element elementor-element-4dbe670 e-con-full e-flex e-con e-child\" data-id=\"4dbe670\" data-element_type=\"container\" data-e-type=\"container\">\n\t\t\t\t<div class=\"elementor-element elementor-element-2399968 elementor-widget elementor-widget-image\" data-id=\"2399968\" data-element_type=\"widget\" data-e-type=\"widget\" data-widget_type=\"image.default\">\n\t\t\t\t<div class=\"elementor-widget-container\">\n\t\t\t\t\t\t\t\t\t\t\t\t\t\t\t<img fetchpriority=\"high\" decoding=\"async\" width=\"751\" height=\"502\" src=\"https:\/\/nature-fineart.com\/vogelfotografie-spanien\/wp-content\/uploads\/2026\/08\/Flussuferlaeufer-aus-niedriger-Perspektive-an-einem-Gewaesser-in-Spanien.jpg\" class=\"attachment-large size-large wp-image-10674\" alt=\"Flussuferl\u00e4ufer aus niedriger Perspektive an einem Gew\u00e4sser in Spanien\" srcset=\"https:\/\/nature-fineart.com\/vogelfotografie-spanien\/wp-content\/uploads\/2026\/08\/Flussuferlaeufer-aus-niedriger-Perspektive-an-einem-Gewaesser-in-Spanien.jpg 1024w, https:\/\/nature-fineart.com\/vogelfotografie-spanien\/wp-content\/uploads\/2026\/08\/Flussuferlaeufer-aus-niedriger-Perspektive-an-einem-Gewaesser-in-Spanien-600x401.jpg 600w, https:\/\/nature-fineart.com\/vogelfotografie-spanien\/wp-content\/uploads\/2026\/08\/Flussuferlaeufer-aus-niedriger-Perspektive-an-einem-Gewaesser-in-Spanien-768x513.jpg 768w\" sizes=\"(max-width: 751px) 100vw, 751px\" \/>\t\t\t\t\t\t\t\t\t\t\t\t\t\t\t<\/div>\n\t\t\t\t<\/div>\n\t\t\t\t<\/div>\n\t\t\t\t\t<\/div>\n\t\t\t\t<\/div>\n\t\t<div class=\"elementor-element elementor-element-8b117f5 e-flex e-con-boxed e-con e-parent\" data-id=\"8b117f5\" data-element_type=\"container\" data-e-type=\"container\">\n\t\t\t\t\t<div class=\"e-con-inner\">\n\t\t\t\t<div class=\"elementor-element elementor-element-801f40d elementor-widget elementor-widget-html\" data-id=\"801f40d\" data-element_type=\"widget\" data-e-type=\"widget\" data-widget_type=\"html.default\">\n\t\t\t\t<div class=\"elementor-widget-container\">\n\t\t\t\t\t<p>Au\u00dferhalb der Brutzeit ver\u00e4ndert sich die Verteilung deutlich. Im Winter ist der Flussuferl\u00e4ufer wesentlich breiter \u00fcber Spanien verteilt und weicht dabei verst\u00e4rkt in tiefer gelegene Gebiete mit milderen Temperaturen aus. Zus\u00e4tzlich zur iberischen Population erreichen w\u00e4hrend des Vogelzugs und zur \u00dcberwinterung auch Flussuferl\u00e4ufer aus anderen Teilen Westeuropas die Iberische Halbinsel.<\/p>\n\n<p>Diese Bewegungen k\u00f6nnen sich auch bei der Beobachtung bemerkbar machen. Besonders w\u00e4hrend der Zugzeiten kann es vorkommen, dass an einem geeigneten Gew\u00e4sser innerhalb kurzer Zeit deutlich mehr Flussuferl\u00e4ufer auftauchen. Dabei m\u00fcssen sie keine geschlossene Gruppe bilden, oft begegnet einem immer wieder ein einzelner Vogel entlang desselben Gew\u00e4ssers.<\/p>\t\t\t\t<\/div>\n\t\t\t\t<\/div>\n\t\t\t\t\t<\/div>\n\t\t\t\t<\/div>\n\t\t<div class=\"elementor-element elementor-element-b8492e5 e-flex e-con-boxed e-con e-parent\" data-id=\"b8492e5\" data-element_type=\"container\" data-e-type=\"container\">\n\t\t\t\t\t<div class=\"e-con-inner\">\n\t\t<div class=\"elementor-element elementor-element-2e38129 e-con-full e-flex e-con e-child\" data-id=\"2e38129\" data-element_type=\"container\" data-e-type=\"container\">\n\t\t\t\t<div class=\"elementor-element elementor-element-baba960 elementor-widget elementor-widget-image\" data-id=\"baba960\" data-element_type=\"widget\" data-e-type=\"widget\" data-widget_type=\"image.default\">\n\t\t\t\t<div class=\"elementor-widget-container\">\n\t\t\t\t\t\t\t\t\t\t\t\t\t\t\t<img decoding=\"async\" width=\"751\" height=\"502\" src=\"https:\/\/nature-fineart.com\/vogelfotografie-spanien\/wp-content\/uploads\/2026\/08\/Flussuferlaeufer-aus-naechster-Naehe-im-fruehen-Morgenlicht.jpg\" class=\"attachment-large size-large wp-image-10675\" alt=\"Flussuferl\u00e4ufer aus n\u00e4chster N\u00e4he im fr\u00fchen Morgenlicht\" srcset=\"https:\/\/nature-fineart.com\/vogelfotografie-spanien\/wp-content\/uploads\/2026\/08\/Flussuferlaeufer-aus-naechster-Naehe-im-fruehen-Morgenlicht.jpg 1024w, https:\/\/nature-fineart.com\/vogelfotografie-spanien\/wp-content\/uploads\/2026\/08\/Flussuferlaeufer-aus-naechster-Naehe-im-fruehen-Morgenlicht-600x401.jpg 600w, https:\/\/nature-fineart.com\/vogelfotografie-spanien\/wp-content\/uploads\/2026\/08\/Flussuferlaeufer-aus-naechster-Naehe-im-fruehen-Morgenlicht-768x513.jpg 768w\" sizes=\"(max-width: 751px) 100vw, 751px\" \/>\t\t\t\t\t\t\t\t\t\t\t\t\t\t\t<\/div>\n\t\t\t\t<\/div>\n\t\t\t\t<\/div>\n\t\t<div class=\"elementor-element elementor-element-4bb4fee e-con-full e-flex e-con e-child\" data-id=\"4bb4fee\" data-element_type=\"container\" data-e-type=\"container\">\n\t\t\t\t<div class=\"elementor-element elementor-element-4bcc8d3 elementor-widget elementor-widget-html\" data-id=\"4bcc8d3\" data-element_type=\"widget\" data-e-type=\"widget\" data-widget_type=\"html.default\">\n\t\t\t\t<div class=\"elementor-widget-container\">\n\t\t\t\t\t<h2>Von Fl\u00fcssen bis an die K\u00fcste<\/h2>\n\n<p>Sein deutscher Name l\u00e4sst zun\u00e4chst an einen klassischen Vogel der Flussufer denken. Tats\u00e4chlich nutzt der Flussuferl\u00e4ufer au\u00dferhalb der Brutzeit jedoch ein deutlich breiteres Spektrum an Lebensr\u00e4umen. Dann kann man ihn unter anderem an Fl\u00fcssen und B\u00e4chen, Lagunen, Stauseen, Kan\u00e4len, \u00c4stuaren, Marschen sowie an Str\u00e4nden und felsigen K\u00fcstenabschnitten beobachten.<\/p>\t\t\t\t<\/div>\n\t\t\t\t<\/div>\n\t\t\t\t<\/div>\n\t\t\t\t\t<\/div>\n\t\t\t\t<\/div>\n\t\t<div class=\"elementor-element elementor-element-b6489a9 e-flex e-con-boxed e-con e-parent\" data-id=\"b6489a9\" data-element_type=\"container\" data-e-type=\"container\">\n\t\t\t\t\t<div class=\"e-con-inner\">\n\t\t\t\t<div class=\"elementor-element elementor-element-5ffab36 elementor-widget elementor-widget-html\" data-id=\"5ffab36\" data-element_type=\"widget\" data-e-type=\"widget\" data-widget_type=\"html.default\">\n\t\t\t\t<div class=\"elementor-widget-container\">\n\t\t\t\t\t<p>Typisch sind Bereiche, in denen Wasser und Land unmittelbar aufeinandertreffen. Dort l\u00e4uft der Flussuferl\u00e4ufer h\u00e4ufig an der Uferkante entlang und sucht zwischen Steinen, Schlamm und Vegetation nach Nahrung. F\u00fcr die Fotografie sind solche nat\u00fcrlichen Uferbereiche besonders interessant, weil sich der Lebensraum in die Aufnahme einbeziehen l\u00e4sst.<\/p>\t\t\t\t<\/div>\n\t\t\t\t<\/div>\n\t\t\t\t\t<\/div>\n\t\t\t\t<\/div>\n\t\t<div class=\"elementor-element elementor-element-5d4c1ef e-flex e-con-boxed e-con e-parent\" data-id=\"5d4c1ef\" data-element_type=\"container\" data-e-type=\"container\">\n\t\t\t\t\t<div class=\"e-con-inner\">\n\t\t<div class=\"elementor-element elementor-element-273dad8 e-con-full e-flex e-con e-child\" data-id=\"273dad8\" data-element_type=\"container\" data-e-type=\"container\">\n\t\t\t\t<div class=\"elementor-element elementor-element-e3ffd16 elementor-widget elementor-widget-image\" data-id=\"e3ffd16\" data-element_type=\"widget\" data-e-type=\"widget\" data-widget_type=\"image.default\">\n\t\t\t\t<div class=\"elementor-widget-container\">\n\t\t\t\t\t\t\t\t\t\t\t\t\t\t\t<img decoding=\"async\" width=\"751\" height=\"942\" src=\"https:\/\/nature-fineart.com\/vogelfotografie-spanien\/wp-content\/uploads\/2026\/08\/Flussuferlaeufer-aufmerksam-am-Ufer-eines-Gewaessers.jpg\" class=\"attachment-large size-large wp-image-10676\" alt=\"Flussuferl\u00e4ufer aufmerksam am Ufer eines Gew\u00e4ssers\" srcset=\"https:\/\/nature-fineart.com\/vogelfotografie-spanien\/wp-content\/uploads\/2026\/08\/Flussuferlaeufer-aufmerksam-am-Ufer-eines-Gewaessers.jpg 816w, https:\/\/nature-fineart.com\/vogelfotografie-spanien\/wp-content\/uploads\/2026\/08\/Flussuferlaeufer-aufmerksam-am-Ufer-eines-Gewaessers-478x600.jpg 478w, https:\/\/nature-fineart.com\/vogelfotografie-spanien\/wp-content\/uploads\/2026\/08\/Flussuferlaeufer-aufmerksam-am-Ufer-eines-Gewaessers-768x964.jpg 768w\" sizes=\"(max-width: 751px) 100vw, 751px\" \/>\t\t\t\t\t\t\t\t\t\t\t\t\t\t\t<\/div>\n\t\t\t\t<\/div>\n\t\t\t\t<\/div>\n\t\t<div class=\"elementor-element elementor-element-54e0a01 e-con-full e-flex e-con e-child\" data-id=\"54e0a01\" data-element_type=\"container\" data-e-type=\"container\">\n\t\t\t\t<div class=\"elementor-element elementor-element-6b18226 elementor-widget elementor-widget-html\" data-id=\"6b18226\" data-element_type=\"widget\" data-e-type=\"widget\" data-widget_type=\"html.default\">\n\t\t\t\t<div class=\"elementor-widget-container\">\n\t\t\t\t\t<h2>Klein, schnell und h\u00e4ufig schon einen Schritt voraus<\/h2>\n\n<p>Mit einer K\u00f6rperl\u00e4nge von ungef\u00e4hr 18 bis 20,5 Zentimetern geh\u00f6rt der Flussuferl\u00e4ufer zu den kleineren Limikolen. Auf gr\u00f6\u00dfere Entfernung wirkt er deshalb schnell sehr klein. Gleichzeitig bewegt er sich h\u00e4ufig z\u00fcgig an der Uferkante entlang.<\/p>\n\n<p>Nach meiner Erfahrung bringt es wenig, einem Flussuferl\u00e4ufer mit der Kamera hinterherzulaufen. H\u00e4ufig hat er einen Menschen l\u00e4ngst wahrgenommen, bevor man selbst den Vogel entdeckt hat. Bewegt man sich weiter auf ihn zu, vergr\u00f6\u00dfert er seine Distanz oder fliegt auf.<\/p>\n\n<p>Ich suche mir deshalb lieber eine geeignete Position am Ufer, bleibe m\u00f6glichst ruhig und lasse den Vogel selbst n\u00e4her kommen. Wenn er seinen nat\u00fcrlichen Weg entlang der Uferkante fortsetzt, k\u00f6nnen dadurch mit etwas Geduld sehr nahe Aufnahmen entstehen, ohne ihm st\u00e4ndig folgen zu m\u00fcssen.<\/p>\t\t\t\t<\/div>\n\t\t\t\t<\/div>\n\t\t\t\t<\/div>\n\t\t\t\t\t<\/div>\n\t\t\t\t<\/div>\n\t\t<div class=\"elementor-element elementor-element-52476c1 e-flex e-con-boxed e-con e-parent\" data-id=\"52476c1\" data-element_type=\"container\" data-e-type=\"container\">\n\t\t\t\t\t<div class=\"e-con-inner\">\n\t\t\t\t<div class=\"elementor-element elementor-element-d6529a3 elementor-widget elementor-widget-html\" data-id=\"d6529a3\" data-element_type=\"widget\" data-e-type=\"widget\" data-widget_type=\"html.default\">\n\t\t\t\t<div class=\"elementor-widget-container\">\n\t\t\t\t\t<h2>Nahrungssuche an der Uferkante<\/h2>\n\n<p>Flussuferl\u00e4ufer ern\u00e4hren sich \u00fcberwiegend von Wirbellosen. Besonders Insekten spielen eine wichtige Rolle, daneben werden unter anderem W\u00fcrmer und kleine Krebstiere erbeutet. Die Zusammensetzung der Nahrung kann sich je nach Lebensraum und verf\u00fcgbarem Nahrungsangebot unterscheiden.<\/p>\t\t\t\t<\/div>\n\t\t\t\t<\/div>\n\t\t\t\t\t<\/div>\n\t\t\t\t<\/div>\n\t\t<div class=\"elementor-element elementor-element-91493a8 e-flex e-con-boxed e-con e-parent\" data-id=\"91493a8\" data-element_type=\"container\" data-e-type=\"container\">\n\t\t\t\t\t<div class=\"e-con-inner\">\n\t\t<div class=\"elementor-element elementor-element-4eb0bc1 e-con-full e-flex e-con e-child\" data-id=\"4eb0bc1\" data-element_type=\"container\" data-e-type=\"container\">\n\t\t\t\t<div class=\"elementor-element elementor-element-699651d elementor-widget elementor-widget-html\" data-id=\"699651d\" data-element_type=\"widget\" data-e-type=\"widget\" data-widget_type=\"html.default\">\n\t\t\t\t<div class=\"elementor-widget-container\">\n\t\t\t\t\t<p>Bei der Nahrungssuche bewegt sich der Flussuferl\u00e4ufer h\u00e4ufig unmittelbar an der Grenze zwischen Wasser und Land. Viele Beutetiere werden visuell entdeckt und anschlie\u00dfend aufgenommen. Unter bestimmten Bedingungen kann der Vogel seinen Schnabel aber auch in den Untergrund f\u00fchren, um dort verborgene Beute zu erreichen.<\/p>\t\t\t\t<\/div>\n\t\t\t\t<\/div>\n\t\t\t\t<\/div>\n\t\t<div class=\"elementor-element elementor-element-784c714 e-con-full e-flex e-con e-child\" data-id=\"784c714\" data-element_type=\"container\" data-e-type=\"container\">\n\t\t\t\t<div class=\"elementor-element elementor-element-76b4fd0 elementor-widget elementor-widget-image\" data-id=\"76b4fd0\" data-element_type=\"widget\" data-e-type=\"widget\" data-widget_type=\"image.default\">\n\t\t\t\t<div class=\"elementor-widget-container\">\n\t\t\t\t\t\t\t\t\t\t\t\t\t\t\t<img loading=\"lazy\" decoding=\"async\" width=\"751\" height=\"501\" src=\"https:\/\/nature-fineart.com\/vogelfotografie-spanien\/wp-content\/uploads\/2026\/08\/Flussuferlaeufer-in-seinem-natuerlichen-Lebensraum-am-Rand-einer-Lagune.jpg\" class=\"attachment-large size-large wp-image-10677\" alt=\"Flussuferl\u00e4ufer in seinem nat\u00fcrlichen Lebensraum am Rand einer Lagune\" srcset=\"https:\/\/nature-fineart.com\/vogelfotografie-spanien\/wp-content\/uploads\/2026\/08\/Flussuferlaeufer-in-seinem-natuerlichen-Lebensraum-am-Rand-einer-Lagune.jpg 1024w, https:\/\/nature-fineart.com\/vogelfotografie-spanien\/wp-content\/uploads\/2026\/08\/Flussuferlaeufer-in-seinem-natuerlichen-Lebensraum-am-Rand-einer-Lagune-600x400.jpg 600w, https:\/\/nature-fineart.com\/vogelfotografie-spanien\/wp-content\/uploads\/2026\/08\/Flussuferlaeufer-in-seinem-natuerlichen-Lebensraum-am-Rand-einer-Lagune-768x512.jpg 768w\" sizes=\"(max-width: 751px) 100vw, 751px\" \/>\t\t\t\t\t\t\t\t\t\t\t\t\t\t\t<\/div>\n\t\t\t\t<\/div>\n\t\t\t\t<\/div>\n\t\t\t\t\t<\/div>\n\t\t\t\t<\/div>\n\t\t<div class=\"elementor-element elementor-element-740d9a1 e-flex e-con-boxed e-con e-parent\" data-id=\"740d9a1\" data-element_type=\"container\" data-e-type=\"container\">\n\t\t\t\t\t<div class=\"e-con-inner\">\n\t\t<div class=\"elementor-element elementor-element-ec57fcd e-con-full e-flex e-con e-child\" data-id=\"ec57fcd\" data-element_type=\"container\" data-e-type=\"container\">\n\t\t\t\t<div class=\"elementor-element elementor-element-a9608cd elementor-widget elementor-widget-image\" data-id=\"a9608cd\" data-element_type=\"widget\" data-e-type=\"widget\" data-widget_type=\"image.default\">\n\t\t\t\t<div class=\"elementor-widget-container\">\n\t\t\t\t\t\t\t\t\t\t\t\t\t\t\t<img loading=\"lazy\" decoding=\"async\" width=\"751\" height=\"558\" src=\"https:\/\/nature-fineart.com\/vogelfotografie-spanien\/wp-content\/uploads\/2026\/08\/Flussuferlaeufer-mit-kleinem-wirbellosem-Beutetier-im-Schnabel.jpg\" class=\"attachment-large size-large wp-image-10678\" alt=\"Flussuferl\u00e4ufer mit kleinem wirbellosem Beutetier im Schnabel\" srcset=\"https:\/\/nature-fineart.com\/vogelfotografie-spanien\/wp-content\/uploads\/2026\/08\/Flussuferlaeufer-mit-kleinem-wirbellosem-Beutetier-im-Schnabel.jpg 1024w, https:\/\/nature-fineart.com\/vogelfotografie-spanien\/wp-content\/uploads\/2026\/08\/Flussuferlaeufer-mit-kleinem-wirbellosem-Beutetier-im-Schnabel-600x446.jpg 600w, https:\/\/nature-fineart.com\/vogelfotografie-spanien\/wp-content\/uploads\/2026\/08\/Flussuferlaeufer-mit-kleinem-wirbellosem-Beutetier-im-Schnabel-768x571.jpg 768w\" sizes=\"(max-width: 751px) 100vw, 751px\" \/>\t\t\t\t\t\t\t\t\t\t\t\t\t\t\t<\/div>\n\t\t\t\t<\/div>\n\t\t\t\t<\/div>\n\t\t<div class=\"elementor-element elementor-element-da59f33 e-con-full e-flex e-con e-child\" data-id=\"da59f33\" data-element_type=\"container\" data-e-type=\"container\">\n\t\t\t\t<div class=\"elementor-element elementor-element-aaab454 elementor-widget elementor-widget-html\" data-id=\"aaab454\" data-element_type=\"widget\" data-e-type=\"widget\" data-widget_type=\"html.default\">\n\t\t\t\t<div class=\"elementor-widget-container\">\n\t\t\t\t\t<p>F\u00fcr mich sind genau diese kurzen Momente besonders interessant. Wenn der Vogel pl\u00f6tzlich ein Beutetier aufnimmt und den Kopf hebt, bleibt f\u00fcr die Aufnahme nur wenig Zeit. Eine kurze Verschlusszeit, kontinuierlicher Autofokus, Augenerkennung und Serienaufnahme sind deshalb bei der aktiven Nahrungssuche besonders hilfreich.<\/p>\t\t\t\t<\/div>\n\t\t\t\t<\/div>\n\t\t\t\t<\/div>\n\t\t\t\t\t<\/div>\n\t\t\t\t<\/div>\n\t\t<div class=\"elementor-element elementor-element-3567ab5 e-flex e-con-boxed e-con e-parent\" data-id=\"3567ab5\" data-element_type=\"container\" data-e-type=\"container\">\n\t\t\t\t\t<div class=\"e-con-inner\">\n\t\t\t\t<div class=\"elementor-element elementor-element-ee8eef8 elementor-widget elementor-widget-html\" data-id=\"ee8eef8\" data-element_type=\"widget\" data-e-type=\"widget\" data-widget_type=\"html.default\">\n\t\t\t\t<div class=\"elementor-widget-container\">\n\t\t\t\t\t<h2>Flussuferl\u00e4ufer oder Waldwasserl\u00e4ufer?<\/h2>\n\n<p>Flussuferl\u00e4ufer und Waldwasserl\u00e4ufer k\u00f6nnen auf Fotos durchaus miteinander verwechselt werden. Der Flussuferl\u00e4ufer ist kleiner und wirkt mit seinen relativ kurzen Beinen kompakter. Besonders hilfreich ist jedoch die Gefiederzeichnung.<\/p>\n\n<p>Ein charakteristisches Merkmal des Flussuferl\u00e4ufers ist der helle beziehungsweise wei\u00dfe Einschnitt, der seitlich vor dem Fl\u00fcgelansatz von der wei\u00dfen Unterseite nach oben zieht. Die braune Brustzeichnung endet dadurch nicht gleichm\u00e4\u00dfig am Fl\u00fcgel, sondern l\u00e4sst diesen auff\u00e4lligen hellen Keil frei. Gerade bei einem seitlich stehenden Vogel ist dieses Merkmal h\u00e4ufig sehr gut zu erkennen.<\/p>\n\n<p>Auch im Flug gibt es ein hilfreiches Merkmal: Der Flussuferl\u00e4ufer zeigt eine auff\u00e4llige wei\u00dfe Fl\u00fcgelbinde. Waldwasserl\u00e4ufer besitzen diese breite Fl\u00fcgelbinde nicht. Gr\u00f6\u00dfe allein ist dagegen auf einem einzelnen Foto ohne direkten Vergleich wesentlich schwieriger einzusch\u00e4tzen.<\/p>\t\t\t\t<\/div>\n\t\t\t\t<\/div>\n\t\t\t\t\t<\/div>\n\t\t\t\t<\/div>\n\t\t<div class=\"elementor-element elementor-element-4d34e23 e-flex e-con-boxed e-con e-parent\" data-id=\"4d34e23\" data-element_type=\"container\" data-e-type=\"container\">\n\t\t\t\t\t<div class=\"e-con-inner\">\n\t\t<div class=\"elementor-element elementor-element-a7ef805 e-con-full e-flex e-con e-child\" data-id=\"a7ef805\" data-element_type=\"container\" data-e-type=\"container\">\n\t\t\t\t<div class=\"elementor-element elementor-element-5cc09fb elementor-widget elementor-widget-html\" data-id=\"5cc09fb\" data-element_type=\"widget\" data-e-type=\"widget\" data-widget_type=\"html.default\">\n\t\t\t\t<div class=\"elementor-widget-container\">\n\t\t\t\t\t<h2>Gut getarnt zwischen Steinen und Ufervegetation<\/h2>\n\n<p>Die braune Oberseite des Flussuferl\u00e4ufers kann sich erstaunlich gut in nat\u00fcrliche Uferstrukturen einf\u00fcgen. Zwischen Steinen, trockenem Pflanzenmaterial, Erde und verwittertem Holz f\u00e4llt der kleine Vogel teilweise kaum auf. Erst die Bewegung verr\u00e4t seine Position.<\/p>\n\n<p>Das habe ich besonders an kleinen Fl\u00fcssen und anderen schmalen Gew\u00e4ssern immer wieder erlebt. Manchmal entdecke ich den Flussuferl\u00e4ufer erst in dem Moment, in dem er auffliegt. F\u00fcr die Fotografie lohnt es sich deshalb, geeignete Uferbereiche zun\u00e4chst aufmerksam abzusuchen und nicht sofort weiterzugehen.<\/p>\t\t\t\t<\/div>\n\t\t\t\t<\/div>\n\t\t\t\t<\/div>\n\t\t<div class=\"elementor-element elementor-element-d225d78 e-con-full e-flex e-con e-child\" data-id=\"d225d78\" data-element_type=\"container\" data-e-type=\"container\">\n\t\t\t\t<div class=\"elementor-element elementor-element-5d63042 elementor-widget elementor-widget-image\" data-id=\"5d63042\" data-element_type=\"widget\" data-e-type=\"widget\" data-widget_type=\"image.default\">\n\t\t\t\t<div class=\"elementor-widget-container\">\n\t\t\t\t\t\t\t\t\t\t\t\t\t\t\t<img loading=\"lazy\" decoding=\"async\" width=\"751\" height=\"973\" src=\"https:\/\/nature-fineart.com\/vogelfotografie-spanien\/wp-content\/uploads\/2026\/08\/Flussuferlaeufer-zwischen-Felsen-mit-charakteristischem-weissem-Keil-an-der-Brustseite.jpg\" class=\"attachment-large size-large wp-image-10679\" alt=\"Flussuferl\u00e4ufer zwischen Felsen mit charakteristischem wei\u00dfem Keil an der Brustseite\" srcset=\"https:\/\/nature-fineart.com\/vogelfotografie-spanien\/wp-content\/uploads\/2026\/08\/Flussuferlaeufer-zwischen-Felsen-mit-charakteristischem-weissem-Keil-an-der-Brustseite.jpg 790w, https:\/\/nature-fineart.com\/vogelfotografie-spanien\/wp-content\/uploads\/2026\/08\/Flussuferlaeufer-zwischen-Felsen-mit-charakteristischem-weissem-Keil-an-der-Brustseite-463x600.jpg 463w, https:\/\/nature-fineart.com\/vogelfotografie-spanien\/wp-content\/uploads\/2026\/08\/Flussuferlaeufer-zwischen-Felsen-mit-charakteristischem-weissem-Keil-an-der-Brustseite-768x995.jpg 768w\" sizes=\"(max-width: 751px) 100vw, 751px\" \/>\t\t\t\t\t\t\t\t\t\t\t\t\t\t\t<\/div>\n\t\t\t\t<\/div>\n\t\t\t\t<\/div>\n\t\t\t\t\t<\/div>\n\t\t\t\t<\/div>\n\t\t<div class=\"elementor-element elementor-element-1db5bb7 e-flex e-con-boxed e-con e-parent\" data-id=\"1db5bb7\" data-element_type=\"container\" data-e-type=\"container\">\n\t\t\t\t\t<div class=\"e-con-inner\">\n\t\t\t\t<div class=\"elementor-element elementor-element-73bb0f5 elementor-widget elementor-widget-html\" data-id=\"73bb0f5\" data-element_type=\"widget\" data-e-type=\"widget\" data-widget_type=\"html.default\">\n\t\t\t\t<div class=\"elementor-widget-container\">\n\t\t\t\t\t<h2>Flussuferl\u00e4ufer fotografieren \u2013 meine Tipps<\/h2>\n\n<p>Eine m\u00f6glichst niedrige Perspektive macht beim Flussuferl\u00e4ufer einen gro\u00dfen Unterschied. Weil der Vogel so klein ist, muss man daf\u00fcr h\u00e4ufig sehr weit nach unten. Gelingt eine Aufnahme ann\u00e4hernd auf Augenh\u00f6he, wirkt der Flussuferl\u00e4ufer deutlich pr\u00e4senter und der Hintergrund l\u00e4sst sich wesentlich ruhiger gestalten.<\/p>\t\t\t\t<\/div>\n\t\t\t\t<\/div>\n\t\t\t\t\t<\/div>\n\t\t\t\t<\/div>\n\t\t<div class=\"elementor-element elementor-element-08a9621 e-flex e-con-boxed e-con e-parent\" data-id=\"08a9621\" data-element_type=\"container\" data-e-type=\"container\">\n\t\t\t\t\t<div class=\"e-con-inner\">\n\t\t<div class=\"elementor-element elementor-element-89a0997 e-con-full e-flex e-con e-child\" data-id=\"89a0997\" data-element_type=\"container\" data-e-type=\"container\">\n\t\t\t\t<div class=\"elementor-element elementor-element-b855d82 elementor-widget elementor-widget-image\" data-id=\"b855d82\" data-element_type=\"widget\" data-e-type=\"widget\" data-widget_type=\"image.default\">\n\t\t\t\t<div class=\"elementor-widget-container\">\n\t\t\t\t\t\t\t\t\t\t\t\t\t\t\t<img loading=\"lazy\" decoding=\"async\" width=\"751\" height=\"568\" src=\"https:\/\/nature-fineart.com\/vogelfotografie-spanien\/wp-content\/uploads\/2026\/08\/Flussuferlaeufer-auf-einem-verwitterten-Baumstamm-an-einer-Lagune.jpg\" class=\"attachment-large size-large wp-image-10680\" alt=\"Flussuferl\u00e4ufer auf einem verwitterten Baumstamm an einer Lagune\" srcset=\"https:\/\/nature-fineart.com\/vogelfotografie-spanien\/wp-content\/uploads\/2026\/08\/Flussuferlaeufer-auf-einem-verwitterten-Baumstamm-an-einer-Lagune.jpg 1024w, https:\/\/nature-fineart.com\/vogelfotografie-spanien\/wp-content\/uploads\/2026\/08\/Flussuferlaeufer-auf-einem-verwitterten-Baumstamm-an-einer-Lagune-600x454.jpg 600w, https:\/\/nature-fineart.com\/vogelfotografie-spanien\/wp-content\/uploads\/2026\/08\/Flussuferlaeufer-auf-einem-verwitterten-Baumstamm-an-einer-Lagune-768x581.jpg 768w\" sizes=\"(max-width: 751px) 100vw, 751px\" \/>\t\t\t\t\t\t\t\t\t\t\t\t\t\t\t<\/div>\n\t\t\t\t<\/div>\n\t\t\t\t<\/div>\n\t\t<div class=\"elementor-element elementor-element-9366a84 e-con-full e-flex e-con e-child\" data-id=\"9366a84\" data-element_type=\"container\" data-e-type=\"container\">\n\t\t\t\t<div class=\"elementor-element elementor-element-34d52f1 elementor-widget elementor-widget-html\" data-id=\"34d52f1\" data-element_type=\"widget\" data-e-type=\"widget\" data-widget_type=\"html.default\">\n\t\t\t\t<div class=\"elementor-widget-container\">\n\t\t\t\t\t<p>Bei der Belichtung achte ich besonders auf die wei\u00dfen Gefiederpartien. Bauch, Brustseiten und andere helle Bereiche k\u00f6nnen bei kr\u00e4ftigem Licht schnell sehr hell werden. Gleichzeitig soll die braune Oberseite gen\u00fcgend Zeichnung behalten. Besonders sch\u00f6nes Morgen- oder Abendlicht kann die Oberseite deutlich w\u00e4rmer erscheinen lassen und gleichzeitig f\u00fcr einen Lichtreflex im Auge sorgen.<\/p>\n\n<p>Da sich der Flussuferl\u00e4ufer h\u00e4ufig schnell bewegt, arbeite ich bei aktiven V\u00f6geln gerne mit einer kurzen Verschlusszeit, kontinuierlichem Autofokus, Augenerkennung und Serienaufnahme. Trotzdem ist f\u00fcr mich die wichtigste Voraussetzung nicht die Kameraeinstellung, sondern Geduld. Wenn der Vogel selbst n\u00e4her kommt, entstehen meistens nat\u00fcrlichere Situationen und deutlich bessere Perspektiven.<\/p>\t\t\t\t<\/div>\n\t\t\t\t<\/div>\n\t\t\t\t<\/div>\n\t\t\t\t\t<\/div>\n\t\t\t\t<\/div>\n\t\t<div class=\"elementor-element elementor-element-0165ab9 e-flex e-con-boxed e-con e-parent\" data-id=\"0165ab9\" data-element_type=\"container\" data-e-type=\"container\">\n\t\t\t\t\t<div class=\"e-con-inner\">\n\t\t\t\t<div class=\"elementor-element elementor-element-7954e5c elementor-widget elementor-widget-html\" data-id=\"7954e5c\" data-element_type=\"widget\" data-e-type=\"widget\" data-widget_type=\"html.default\">\n\t\t\t\t<div class=\"elementor-widget-container\">\n\t\t\t\t\t<h2>Auch in der D\u00e4mmerung noch aktiv<\/h2>\n\n<p>Der Flussuferl\u00e4ufer ist \u00fcberwiegend tagaktiv, seine Aktivit\u00e4t muss jedoch nicht mit dem letzten Tageslicht enden. Die Art kann auch w\u00e4hrend der D\u00e4mmerung und in der Nacht aktiv sein. Gerade w\u00e4hrend der Zugzeiten kann Aktivit\u00e4t bei schwachem Licht eine Rolle spielen.<\/p>\t\t\t\t<\/div>\n\t\t\t\t<\/div>\n\t\t\t\t\t<\/div>\n\t\t\t\t<\/div>\n\t\t<div class=\"elementor-element elementor-element-86703d7 e-flex e-con-boxed e-con e-parent\" data-id=\"86703d7\" data-element_type=\"container\" data-e-type=\"container\">\n\t\t\t\t\t<div class=\"e-con-inner\">\n\t\t<div class=\"elementor-element elementor-element-3e84166 e-con-full e-flex e-con e-child\" data-id=\"3e84166\" data-element_type=\"container\" data-e-type=\"container\">\n\t\t\t\t<div class=\"elementor-element elementor-element-488719e elementor-widget elementor-widget-html\" data-id=\"488719e\" data-element_type=\"widget\" data-e-type=\"widget\" data-widget_type=\"html.default\">\n\t\t\t\t<div class=\"elementor-widget-container\">\n\t\t\t\t\t<p>Auch ich habe Flussuferl\u00e4ufer bei bereits sehr wenig Abendlicht noch aktiv am Wasser erlebt. Fotografisch entstehen dabei v\u00f6llig andere Aufnahmen als am hellen Tag. Details und Gefiederfarben treten etwas zur\u00fcck, w\u00e4hrend die Lichtstimmung, die Konturen des Vogels und Reflexionen auf dem Wasser st\u00e4rker in den Vordergrund r\u00fccken.<\/p>\n\n<p>Solche Bilder m\u00fcssen f\u00fcr mich nicht jedes Detail des Gefieders zeigen. Gerade bei einem kleinen, st\u00e4ndig an Gew\u00e4sserr\u00e4ndern unterwegs seienden Vogel kann die Umgebung genauso viel \u00fcber die Beobachtung erz\u00e4hlen wie eine formatf\u00fcllende Aufnahme.<\/p>\t\t\t\t<\/div>\n\t\t\t\t<\/div>\n\t\t\t\t<\/div>\n\t\t<div class=\"elementor-element elementor-element-f17a56f e-con-full e-flex e-con e-child\" data-id=\"f17a56f\" data-element_type=\"container\" data-e-type=\"container\">\n\t\t\t\t<div class=\"elementor-element elementor-element-53742f1 elementor-widget elementor-widget-image\" data-id=\"53742f1\" data-element_type=\"widget\" data-e-type=\"widget\" data-widget_type=\"image.default\">\n\t\t\t\t<div class=\"elementor-widget-container\">\n\t\t\t\t\t\t\t\t\t\t\t\t\t\t\t<img loading=\"lazy\" decoding=\"async\" width=\"751\" height=\"533\" src=\"https:\/\/nature-fineart.com\/vogelfotografie-spanien\/wp-content\/uploads\/2026\/08\/Flussuferlaeufer-in-der-Abenddaemmerung-an-einem-Gewaesser.jpg\" class=\"attachment-large size-large wp-image-10681\" alt=\"Flussuferl\u00e4ufer in der Abendd\u00e4mmerung an einem Gew\u00e4sser\" srcset=\"https:\/\/nature-fineart.com\/vogelfotografie-spanien\/wp-content\/uploads\/2026\/08\/Flussuferlaeufer-in-der-Abenddaemmerung-an-einem-Gewaesser.jpg 1024w, https:\/\/nature-fineart.com\/vogelfotografie-spanien\/wp-content\/uploads\/2026\/08\/Flussuferlaeufer-in-der-Abenddaemmerung-an-einem-Gewaesser-600x426.jpg 600w, https:\/\/nature-fineart.com\/vogelfotografie-spanien\/wp-content\/uploads\/2026\/08\/Flussuferlaeufer-in-der-Abenddaemmerung-an-einem-Gewaesser-768x545.jpg 768w\" sizes=\"(max-width: 751px) 100vw, 751px\" \/>\t\t\t\t\t\t\t\t\t\t\t\t\t\t\t<\/div>\n\t\t\t\t<\/div>\n\t\t\t\t<\/div>\n\t\t\t\t\t<\/div>\n\t\t\t\t<\/div>\n\t\t<div class=\"elementor-element elementor-element-5dde49a e-flex e-con-boxed e-con e-parent\" data-id=\"5dde49a\" data-element_type=\"container\" data-e-type=\"container\">\n\t\t\t\t\t<div class=\"e-con-inner\">\n\t\t\t\t<div class=\"elementor-element elementor-element-3142bc2 elementor-widget elementor-widget-html\" data-id=\"3142bc2\" data-element_type=\"widget\" data-e-type=\"widget\" data-widget_type=\"html.default\">\n\t\t\t\t<div class=\"elementor-widget-container\">\n\t\t\t\t\t<h2>Weitere Limikolen fotografieren<\/h2>\n\n<p>\nWenn du dich f\u00fcr Flussuferl\u00e4ufer und andere Limikolen interessierst, findest du auf meiner Website weitere Arten wie den\n<a href=\"https:\/\/nature-fineart.com\/vogelfotografie-spanien\/bruchwasserlaeufer\/\">Bruchwasserl\u00e4ufer<\/a>,\ndie <a href=\"https:\/\/nature-fineart.com\/vogelfotografie-spanien\/bekassine\/\">Bekassine<\/a>,\nden <a href=\"https:\/\/nature-fineart.com\/vogelfotografie-spanien\/stelzenlaeufer\/\">Stelzenl\u00e4ufer<\/a>\nund die <a href=\"https:\/\/nature-fineart.com\/vogelfotografie-spanien\/uferschnepfe\/\">Uferschnepfe<\/a>.\n<\/p>\n\n<p>\nWeitere Vogel- und Tierarten mit meinen Beobachtungen und Fototipps findest du in der\n<a href=\"https:\/\/nature-fineart.com\/vogelfotografie-spanien\/tierarten-fotografie\/\">Arten\u00fcbersicht<\/a>.\n<\/p>\n\n<h2>V\u00f6gel in Spanien zu verschiedenen Jahreszeiten<\/h2>\n\n<p>\nWelche Vogelarten sich in Spanien zu unterschiedlichen Zeiten beobachten und fotografieren lassen, zeige ich auch in meinem Blogbeitrag \u00fcber\n<a href=\"https:\/\/nature-fineart.com\/vogelfotografie-spanien\/vogelfotografie-und-fotohides-in-spanien\/\">Vogelfotografie und Fotohides in Spanien, die Jahreszeiten im \u00dcberblick<\/a>.\n<\/p>\n\n<h2>V\u00f6gel in Spanien fotografieren<\/h2>\n\n<p>\nAuf meinen Fotoreisen steht nicht eine m\u00f6glichst lange Artenliste im Mittelpunkt, sondern die M\u00f6glichkeit, Tiere in ihren nat\u00fcrlichen Lebensr\u00e4umen zu beobachten und fotografisch interessante Situationen zu nutzen. Einen \u00dcberblick \u00fcber meine Angebote findest du auf der\n<a href=\"https:\/\/nature-fineart.com\/vogelfotografie-spanien\/reisen\/\">\u00dcbersicht meiner Fotoreisen in Spanien<\/a>.\n<\/p>\n\n<h2>Interesse an einer Fotoreise?<\/h2>\n\n<p>\nDu m\u00f6chtest Flussuferl\u00e4ufer und andere Vogelarten in Spanien fotografieren? Nutze einfach das folgende Anfrageformular. Ich freue mich darauf, von dir zu h\u00f6ren.\n<\/p>\t\t\t\t<\/div>\n\t\t\t\t<\/div>\n\t\t\t\t\t<\/div>\n\t\t\t\t<\/div>\n\t\t<div class=\"elementor-element elementor-element-8c1f8fe e-flex e-con-boxed e-con e-parent\" data-id=\"8c1f8fe\" data-element_type=\"container\" data-e-type=\"container\">\n\t\t\t\t\t<div class=\"e-con-inner\">\n\t\t\t\t<div class=\"elementor-element elementor-element-1325d31 elementor-widget elementor-widget-shortcode\" data-id=\"1325d31\" data-element_type=\"widget\" data-e-type=\"widget\" data-widget_type=\"shortcode.default\">\n\t\t\t\t<div class=\"elementor-widget-container\">\n\t\t\t\t\t\t\t<div class=\"elementor-shortcode\"><style id=\"wpforms-css-vars-5929\">\n\t\t\t\t#wpforms-5929 {\n\t\t\t\t--wpforms-field-border-color: #5E5E5E;\n--wpforms-field-border-color-spare: #5E5E5E;\n--wpforms-field-text-color: #5e5e5e;\n--wpforms-label-color: #5e5e5e;\n--wpforms-label-sublabel-color: #5e5e5e;\n--wpforms-button-background-color: #6e7b4a;\n--wpforms-container-padding: 0px;\n--wpforms-container-border-width: 1px;\n--wpforms-container-border-radius: 3px;\n--wpforms-background-color: rgba(0, 0, 0, 0);\n--wpforms-field-size-input-height: 43px;\n--wpforms-field-size-input-spacing: 15px;\n--wpforms-field-size-font-size: 16px;\n--wpforms-field-size-line-height: 19px;\n--wpforms-field-size-padding-h: 14px;\n--wpforms-field-size-checkbox-size: 16px;\n--wpforms-field-size-sublabel-spacing: 5px;\n--wpforms-field-size-icon-size: 1;\n--wpforms-label-size-font-size: 16px;\n--wpforms-label-size-line-height: 19px;\n--wpforms-label-size-sublabel-font-size: 14px;\n--wpforms-label-size-sublabel-line-height: 17px;\n--wpforms-button-size-font-size: 17px;\n--wpforms-button-size-height: 41px;\n--wpforms-button-size-padding-h: 15px;\n--wpforms-button-size-margin-top: 10px;\n--wpforms-container-shadow-size-box-shadow: none;\n\t\t\t}\n\t\t\t<\/style><div class=\"wpforms-container wpforms-container-full wpforms-render-modern\" id=\"wpforms-5929\"><form id=\"wpforms-form-5929\" class=\"wpforms-validate wpforms-form wpforms-ajax-form\" data-formid=\"5929\" method=\"post\" enctype=\"multipart\/form-data\" action=\"\/vogelfotografie-spanien\/wp-json\/wp\/v2\/pages\/10672\" data-token=\"6fe8dd5e8c13da77c15288333c0eb977\" data-token-time=\"1788256053\"><noscript class=\"wpforms-error-noscript\">Bitte aktiviere JavaScript in deinem Browser, um dieses Formular fertigzustellen.<\/noscript><div id=\"wpforms-error-noscript\" style=\"display: none;\">Bitte aktiviere JavaScript in deinem Browser, um dieses Formular fertigzustellen.<\/div><div class=\"wpforms-field-container\">\t\t<div id=\"wpforms-5929-field_4-container\"\n\t\t\tclass=\"wpforms-field wpforms-field-text\"\n\t\t\tdata-field-type=\"text\"\n\t\t\tdata-field-id=\"4\"\n\t\t\t>\n\t\t\t<label class=\"wpforms-field-label\" for=\"wpforms-5929-field_4\" >E-Mail-Adresse Name Nachricht<\/label>\n\t\t\t<input type=\"text\" id=\"wpforms-5929-field_4\" class=\"wpforms-field-medium\" name=\"wpforms[fields][4]\" >\n\t\t<\/div>\n\t\t<div id=\"wpforms-5929-field_1-container\" class=\"wpforms-field wpforms-field-name\" data-field-id=\"1\"><fieldset><legend class=\"wpforms-field-label\">Name <span class=\"wpforms-required-label\" aria-hidden=\"true\">*<\/span><\/legend><div class=\"wpforms-field-row wpforms-field-medium\"><div class=\"wpforms-field-row-block wpforms-first wpforms-one-half\"><input type=\"text\" id=\"wpforms-5929-field_1\" class=\"wpforms-field-name-first wpforms-field-required\" name=\"wpforms[fields][1][first]\" aria-errormessage=\"wpforms-5929-field_1-error\" required><label for=\"wpforms-5929-field_1\" class=\"wpforms-field-sublabel after\">Vorname<\/label><\/div><div class=\"wpforms-field-row-block wpforms-one-half\"><input type=\"text\" id=\"wpforms-5929-field_1-last\" class=\"wpforms-field-name-last wpforms-field-required\" name=\"wpforms[fields][1][last]\" aria-errormessage=\"wpforms-5929-field_1-last-error\" required><label for=\"wpforms-5929-field_1-last\" class=\"wpforms-field-sublabel after\">Nachname<\/label><\/div><\/div><\/fieldset><\/div><div id=\"wpforms-5929-field_2-container\" class=\"wpforms-field wpforms-field-email\" data-field-id=\"2\"><label class=\"wpforms-field-label\" for=\"wpforms-5929-field_2\">E-Mail-Adresse <span class=\"wpforms-required-label\" aria-hidden=\"true\">*<\/span><\/label><input type=\"email\" id=\"wpforms-5929-field_2\" class=\"wpforms-field-medium wpforms-field-required\" name=\"wpforms[fields][2]\" spellcheck=\"false\" aria-errormessage=\"wpforms-5929-field_2-error\" required><\/div><div id=\"wpforms-5929-field_3-container\" class=\"wpforms-field wpforms-field-textarea\" data-field-id=\"3\"><label class=\"wpforms-field-label\" for=\"wpforms-5929-field_3\">Kommentar oder Nachricht<\/label><textarea id=\"wpforms-5929-field_3\" class=\"wpforms-field-medium\" name=\"wpforms[fields][3]\" aria-errormessage=\"wpforms-5929-field_3-error\" ><\/textarea><\/div><script>\n\t\t\t\t( function() {\n\t\t\t\t\tconst style = document.createElement( 'style' );\n\t\t\t\t\tstyle.appendChild( document.createTextNode( '#wpforms-5929-field_4-container { position: absolute !important; overflow: hidden !important; display: inline !important; height: 1px !important; width: 1px !important; z-index: -1000 !important; padding: 0 !important; } #wpforms-5929-field_4-container input { visibility: hidden; } #wpforms-conversational-form-page #wpforms-5929-field_4-container label { counter-increment: none; }' ) );\n\t\t\t\t\tdocument.head.appendChild( style );\n\t\t\t\t\tdocument.currentScript?.remove();\n\t\t\t\t} )();\n\t\t\t<\/script><\/div><!-- .wpforms-field-container --><div class=\"wpforms-submit-container\" ><input type=\"hidden\" name=\"wpforms[id]\" value=\"5929\"><input type=\"hidden\" name=\"page_title\" value=\"\"><input type=\"hidden\" name=\"page_url\" value=\"https:\/\/nature-fineart.com\/vogelfotografie-spanien\/wp-json\/wp\/v2\/pages\/10672\"><input type=\"hidden\" name=\"url_referer\" value=\"\"><button type=\"submit\" name=\"wpforms[submit]\" id=\"wpforms-submit-5929\" class=\"wpforms-submit\" data-alt-text=\"Wird gesendet\u00a0\u2026\" data-submit-text=\"Anfrage senden\" aria-live=\"assertive\" value=\"wpforms-submit\">Anfrage senden<\/button><img loading=\"lazy\" decoding=\"async\" src=\"https:\/\/nature-fineart.com\/vogelfotografie-spanien\/wp-content\/plugins\/wpforms-lite\/assets\/images\/submit-spin.svg\" class=\"wpforms-submit-spinner\" style=\"display: none;\" width=\"26\" height=\"26\" alt=\"Wird geladen\"><\/div><\/form><\/div>  <!-- .wpforms-container --><\/div>\n\t\t\t\t\t\t<\/div>\n\t\t\t\t<\/div>\n\t\t\t\t\t<\/div>\n\t\t\t\t<\/div>\n\t\t\t\t<\/div>\n\t\t","protected":false},"excerpt":{"rendered":"<p>Der Flussuferl\u00e4ufer (Actitis hypoleucos) ist ein kleiner und auf den ersten Blick eher unauff\u00e4lliger Bewohner unterschiedlichster Gew\u00e4sser. In Spanien habe ich ihn an kleinen Fl\u00fcssen, Lagunen und anderen Binnengew\u00e4ssern ebenso beobachtet wie an Flussm\u00fcndungen und in k\u00fcstennahen Feuchtgebieten. Gerade au\u00dferhalb der Brutzeit kann man ihm in sehr unterschiedlichen Lebensr\u00e4umen begegnen. Fotografisch finde ich den Flussuferl\u00e4ufer&#8230;<\/p>\n","protected":false},"author":2,"featured_media":0,"parent":0,"menu_order":0,"comment_status":"closed","ping_status":"closed","template":"","meta":{"footnotes":""},"class_list":["post-10672","page","type-page","status-publish","hentry"],"_links":{"self":[{"href":"https:\/\/nature-fineart.com\/vogelfotografie-spanien\/wp-json\/wp\/v2\/pages\/10672","targetHints":{"allow":["GET"]}}],"collection":[{"href":"https:\/\/nature-fineart.com\/vogelfotografie-spanien\/wp-json\/wp\/v2\/pages"}],"about":[{"href":"https:\/\/nature-fineart.com\/vogelfotografie-spanien\/wp-json\/wp\/v2\/types\/page"}],"author":[{"embeddable":true,"href":"https:\/\/nature-fineart.com\/vogelfotografie-spanien\/wp-json\/wp\/v2\/users\/2"}],"replies":[{"embeddable":true,"href":"https:\/\/nature-fineart.com\/vogelfotografie-spanien\/wp-json\/wp\/v2\/comments?post=10672"}],"version-history":[{"count":4,"href":"https:\/\/nature-fineart.com\/vogelfotografie-spanien\/wp-json\/wp\/v2\/pages\/10672\/revisions"}],"predecessor-version":[{"id":10684,"href":"https:\/\/nature-fineart.com\/vogelfotografie-spanien\/wp-json\/wp\/v2\/pages\/10672\/revisions\/10684"}],"wp:attachment":[{"href":"https:\/\/nature-fineart.com\/vogelfotografie-spanien\/wp-json\/wp\/v2\/media?parent=10672"}],"curies":[{"name":"wp","href":"https:\/\/api.w.org\/{rel}","templated":true}]}}