{"id":10705,"date":"2026-09-01T11:31:05","date_gmt":"2026-09-01T09:31:05","guid":{"rendered":"https:\/\/nature-fineart.com\/vogelfotografie-spanien\/?page_id=10705"},"modified":"2026-09-01T11:43:38","modified_gmt":"2026-09-01T09:43:38","slug":"gruenschenkel","status":"publish","type":"page","link":"https:\/\/nature-fineart.com\/vogelfotografie-spanien\/gruenschenkel\/","title":{"rendered":"Gr\u00fcnschenkel fotografieren"},"content":{"rendered":"\t\t<div data-elementor-type=\"wp-page\" data-elementor-id=\"10705\" class=\"elementor elementor-10705\">\n\t\t\t\t<div class=\"elementor-element elementor-element-e87269c e-flex e-con-boxed e-con e-parent\" data-id=\"e87269c\" data-element_type=\"container\" data-e-type=\"container\">\n\t\t\t\t\t<div class=\"e-con-inner\">\n\t\t\r\n\t\t<div class=\"elementor-element elementor-element-211ab1a elementor-widget elementor-widget-html\" data-id=\"211ab1a\" data-element_type=\"widget\" data-e-type=\"widget\" data-widget_type=\"html.default\">\n\t\t\t\t<div class=\"elementor-widget-container\">\n\t\t\t\t\t<p>Der Gr\u00fcnschenkel <em>(Tringa nebularia)<\/em> ist ein relativ gro\u00dfer und schlanker Limikole, der mit seinen langen Beinen und dem langen, leicht nach oben gebogenen Schnabel eine charakteristische Erscheinung besitzt. In Spanien habe ich ihn besonders h\u00e4ufig in k\u00fcstennahen Feuchtgebieten beobachtet. Dort begegnete er mir an Lagunen, schlammigen Ufern, Flussm\u00fcndungen und \u00fcberfluteten Reisfeldern.<\/p>\n\n<p>Im zentralspanischen Binnenland sind meine Begegnungen dagegen wesentlich seltener. W\u00e4hrend Gr\u00fcnschenkel zur Zugzeit auch an geeigneten Gew\u00e4ssern im Landesinneren auftauchen k\u00f6nnen, liegen ihre Schwerpunkte w\u00e4hrend der \u00dcberwinterung st\u00e4rker in den K\u00fcstenregionen. Entsprechend unterschiedlich k\u00f6nnen die Chancen sein, die Art in verschiedenen Teilen Spaniens zu beobachten und zu fotografieren.<\/p>\t\t\t\t<\/div>\n\t\t\t\t<\/div>\n\t\t\t\t\t<\/div>\n\t\t\t\t<\/div>\n\t\t<div class=\"elementor-element elementor-element-1a72d07 e-flex e-con-boxed e-con e-parent\" data-id=\"1a72d07\" data-element_type=\"container\" data-e-type=\"container\">\n\t\t\t\t\t<div class=\"e-con-inner\">\n\t\t<div class=\"elementor-element elementor-element-7d352ce e-con-full e-flex e-con e-child\" data-id=\"7d352ce\" data-element_type=\"container\" data-e-type=\"container\">\n\t\t\t\t<div class=\"elementor-element elementor-element-4d36705 elementor-widget elementor-widget-image\" data-id=\"4d36705\" data-element_type=\"widget\" data-e-type=\"widget\" data-widget_type=\"image.default\">\n\t\t\t\t<div class=\"elementor-widget-container\">\n\t\t\t\t\t\t\t\t\t\t\t\t\t\t\t<img fetchpriority=\"high\" decoding=\"async\" width=\"751\" height=\"527\" src=\"https:\/\/nature-fineart.com\/vogelfotografie-spanien\/wp-content\/uploads\/2026\/09\/Gruenschenkel-im-Schlick-eines-Feuchtgebietes-in-Spanien.jpg\" class=\"attachment-large size-large wp-image-10707\" alt=\"Gr\u00fcnschenkel im Schlick eines Feuchtgebietes in Spanien\" srcset=\"https:\/\/nature-fineart.com\/vogelfotografie-spanien\/wp-content\/uploads\/2026\/09\/Gruenschenkel-im-Schlick-eines-Feuchtgebietes-in-Spanien.jpg 1024w, https:\/\/nature-fineart.com\/vogelfotografie-spanien\/wp-content\/uploads\/2026\/09\/Gruenschenkel-im-Schlick-eines-Feuchtgebietes-in-Spanien-600x421.jpg 600w, https:\/\/nature-fineart.com\/vogelfotografie-spanien\/wp-content\/uploads\/2026\/09\/Gruenschenkel-im-Schlick-eines-Feuchtgebietes-in-Spanien-768x539.jpg 768w\" sizes=\"(max-width: 751px) 100vw, 751px\" \/>\t\t\t\t\t\t\t\t\t\t\t\t\t\t\t<\/div>\n\t\t\t\t<\/div>\n\t\t\t\t<\/div>\n\t\t<div class=\"elementor-element elementor-element-425bfea e-con-full e-flex e-con e-child\" data-id=\"425bfea\" data-element_type=\"container\" data-e-type=\"container\">\n\t\t\t\t<div class=\"elementor-element elementor-element-aedcbc8 elementor-widget elementor-widget-html\" data-id=\"aedcbc8\" data-element_type=\"widget\" data-e-type=\"widget\" data-widget_type=\"html.default\">\n\t\t\t\t<div class=\"elementor-widget-container\">\n\t\t\t\t\t<h2>Gr\u00fcnschenkel in Spanien<\/h2>\n\n<p>Der Gr\u00fcnschenkel ist in Spanien vor allem Durchz\u00fcgler und Wintergast. Besonders w\u00e4hrend des Vogelzugs kann die Art an zahlreichen geeigneten Gew\u00e4ssern beobachtet werden. Im Winter liegt der Schwerpunkt st\u00e4rker in den K\u00fcstenregionen, w\u00e4hrend Gr\u00fcnschenkel w\u00e4hrend der Zugzeiten auch an Feuchtgebieten weit im Landesinneren auftauchen k\u00f6nnen.<\/p>\t\t\t\t<\/div>\n\t\t\t\t<\/div>\n\t\t\t\t<\/div>\n\t\t\t\t\t<\/div>\n\t\t\t\t<\/div>\n\t\t<div class=\"elementor-element elementor-element-af9b140 e-flex e-con-boxed e-con e-parent\" data-id=\"af9b140\" data-element_type=\"container\" data-e-type=\"container\">\n\t\t\t\t\t<div class=\"e-con-inner\">\n\t\t\t\t<div class=\"elementor-element elementor-element-857c402 elementor-widget elementor-widget-html\" data-id=\"857c402\" data-element_type=\"widget\" data-e-type=\"widget\" data-widget_type=\"html.default\">\n\t\t\t\t<div class=\"elementor-widget-container\">\n\t\t\t\t\t<p>Einzelne noch nicht geschlechtsreife V\u00f6gel k\u00f6nnen den Sommer in Spanien verbringen. Eine regul\u00e4re spanische Brutpopulation gibt es jedoch nicht. Die Brutgebiete der Art liegen wesentlich weiter n\u00f6rdlich und reichen von den Britischen Inseln \u00fcber Nordeuropa bis weit nach Asien.<\/p>\n\n<p>Die H\u00e4ufigkeit kann innerhalb Spaniens entsprechend stark variieren. W\u00e4hrend ich Gr\u00fcnschenkel in k\u00fcstennahen Feuchtgebieten \u00fcber l\u00e4ngere Zeit recht regelm\u00e4\u00dfig beobachten konnte, geh\u00f6ren Begegnungen im zentralspanischen Binnenland f\u00fcr mich eher zu den Ausnahmen.<\/p>\n\n<h2>Flache Gew\u00e4sser und schlammige Ufer<\/h2>\n\n<p>Au\u00dferhalb der Brutzeit nutzt der Gr\u00fcnschenkel unterschiedliche Feuchtgebiete. Dazu geh\u00f6ren Flussm\u00fcndungen, Marschen, Lagunen und andere flache Gew\u00e4sser. W\u00e4hrend des Vogelzugs ist er au\u00dferdem an geeigneten Binnengew\u00e4ssern anzutreffen.<\/p>\n\n<p>Besonders typisch sind f\u00fcr mich Bereiche mit wenig Wasser und schlammigem Untergrund. Oft reichen bereits flache Uferzonen aus, an denen der Vogel laufen und nach Nahrung suchen kann. Gerade in k\u00fcstennahen Feuchtgebieten entstehen solche Bereiche zwischen offenen Wasserfl\u00e4chen, Schlick und salzvertr\u00e4glicher Vegetation.<\/p>\t\t\t\t<\/div>\n\t\t\t\t<\/div>\n\t\t\t\t\t<\/div>\n\t\t\t\t<\/div>\n\t\t<div class=\"elementor-element elementor-element-e8e67f5 e-flex e-con-boxed e-con e-parent\" data-id=\"e8e67f5\" data-element_type=\"container\" data-e-type=\"container\">\n\t\t\t\t\t<div class=\"e-con-inner\">\n\t\t<div class=\"elementor-element elementor-element-f3449e5 e-con-full e-flex e-con e-child\" data-id=\"f3449e5\" data-element_type=\"container\" data-e-type=\"container\">\n\t\t\t\t<div class=\"elementor-element elementor-element-b2e3afa elementor-widget elementor-widget-image\" data-id=\"b2e3afa\" data-element_type=\"widget\" data-e-type=\"widget\" data-widget_type=\"image.default\">\n\t\t\t\t<div class=\"elementor-widget-container\">\n\t\t\t\t\t\t\t\t\t\t\t\t\t\t\t<img decoding=\"async\" width=\"751\" height=\"986\" src=\"https:\/\/nature-fineart.com\/vogelfotografie-spanien\/wp-content\/uploads\/2026\/09\/Ruhender-Gruenschenkel-an-einem-kuestennahen-Feuchtgebiet.jpg\" class=\"attachment-large size-large wp-image-10708\" alt=\"Ruhender Gr\u00fcnschenkel an einem k\u00fcstennahen Feuchtgebiet\" srcset=\"https:\/\/nature-fineart.com\/vogelfotografie-spanien\/wp-content\/uploads\/2026\/09\/Ruhender-Gruenschenkel-an-einem-kuestennahen-Feuchtgebiet.jpg 780w, https:\/\/nature-fineart.com\/vogelfotografie-spanien\/wp-content\/uploads\/2026\/09\/Ruhender-Gruenschenkel-an-einem-kuestennahen-Feuchtgebiet-457x600.jpg 457w, https:\/\/nature-fineart.com\/vogelfotografie-spanien\/wp-content\/uploads\/2026\/09\/Ruhender-Gruenschenkel-an-einem-kuestennahen-Feuchtgebiet-768x1008.jpg 768w\" sizes=\"(max-width: 751px) 100vw, 751px\" \/>\t\t\t\t\t\t\t\t\t\t\t\t\t\t\t<\/div>\n\t\t\t\t<\/div>\n\t\t\t\t<\/div>\n\t\t<div class=\"elementor-element elementor-element-3e64740 e-con-full e-flex e-con e-child\" data-id=\"3e64740\" data-element_type=\"container\" data-e-type=\"container\">\n\t\t\t\t<div class=\"elementor-element elementor-element-1f2f8ac elementor-widget elementor-widget-html\" data-id=\"1f2f8ac\" data-element_type=\"widget\" data-e-type=\"widget\" data-widget_type=\"html.default\">\n\t\t\t\t<div class=\"elementor-widget-container\">\n\t\t\t\t\t<h2>Rasten zwischen den Phasen der Nahrungssuche<\/h2>\n\n<p>Gr\u00fcnschenkel sind nicht st\u00e4ndig aktiv. An geeigneten Rastpl\u00e4tzen lassen sie sich auch l\u00e4ngere Zeit ruhend beobachten. Dabei stehen sie h\u00e4ufig im flachen Wasser oder unmittelbar am Ufer. Wie bei vielen Watv\u00f6geln kann ein Bein ins Gefieder gezogen werden, w\u00e4hrend der Schnabel zwischen den R\u00fcckenfedern ruht.<\/p>\n\n<p>Solche ruhigen Situationen gefallen mir fotografisch besonders, weil sie einen ganz anderen Eindruck vermitteln als die schnelle Nahrungssuche. Gleichzeitig kann die umgebende Vegetation viel vom Charakter des jeweiligen Feuchtgebietes zeigen.<\/p>\t\t\t\t<\/div>\n\t\t\t\t<\/div>\n\t\t\t\t<\/div>\n\t\t\t\t\t<\/div>\n\t\t\t\t<\/div>\n\t\t<div class=\"elementor-element elementor-element-b26c0f6 e-flex e-con-boxed e-con e-parent\" data-id=\"b26c0f6\" data-element_type=\"container\" data-e-type=\"container\">\n\t\t\t\t\t<div class=\"e-con-inner\">\n\t\t<div class=\"elementor-element elementor-element-51b6df8 e-con-full e-flex e-con e-child\" data-id=\"51b6df8\" data-element_type=\"container\" data-e-type=\"container\">\n\t\t\t\t<div class=\"elementor-element elementor-element-9cdb7c6 elementor-widget elementor-widget-html\" data-id=\"9cdb7c6\" data-element_type=\"widget\" data-e-type=\"widget\" data-widget_type=\"html.default\">\n\t\t\t\t<div class=\"elementor-widget-container\">\n\t\t\t\t\t<p>Nicht immer suchen sich die V\u00f6gel daf\u00fcr eine freie Schlammfl\u00e4che. Ich habe Gr\u00fcnschenkel beispielsweise auch auf aus dem Wasser ragendem Holz stehen sehen. Solche Strukturen k\u00f6nnen fotografisch interessant sein, weil sie eine andere Umgebung zeigen als die typischen Aufnahmen eines Watvogels im flachen Wasser.<\/p>\t\t\t\t<\/div>\n\t\t\t\t<\/div>\n\t\t\t\t<\/div>\n\t\t<div class=\"elementor-element elementor-element-c6ee396 e-con-full e-flex e-con e-child\" data-id=\"c6ee396\" data-element_type=\"container\" data-e-type=\"container\">\n\t\t\t\t<div class=\"elementor-element elementor-element-8fcedf3 elementor-widget elementor-widget-image\" data-id=\"8fcedf3\" data-element_type=\"widget\" data-e-type=\"widget\" data-widget_type=\"image.default\">\n\t\t\t\t<div class=\"elementor-widget-container\">\n\t\t\t\t\t\t\t\t\t\t\t\t\t\t\t<img decoding=\"async\" width=\"751\" height=\"559\" src=\"https:\/\/nature-fineart.com\/vogelfotografie-spanien\/wp-content\/uploads\/2026\/09\/Gruenschenkel-auf-einem-Stueck-Holz-im-flachen-Wasser.jpg\" class=\"attachment-large size-large wp-image-10709\" alt=\"Gr\u00fcnschenkel auf einem St\u00fcck Holz im flachen Wasser\" srcset=\"https:\/\/nature-fineart.com\/vogelfotografie-spanien\/wp-content\/uploads\/2026\/09\/Gruenschenkel-auf-einem-Stueck-Holz-im-flachen-Wasser.jpg 1024w, https:\/\/nature-fineart.com\/vogelfotografie-spanien\/wp-content\/uploads\/2026\/09\/Gruenschenkel-auf-einem-Stueck-Holz-im-flachen-Wasser-600x446.jpg 600w, https:\/\/nature-fineart.com\/vogelfotografie-spanien\/wp-content\/uploads\/2026\/09\/Gruenschenkel-auf-einem-Stueck-Holz-im-flachen-Wasser-768x572.jpg 768w\" sizes=\"(max-width: 751px) 100vw, 751px\" \/>\t\t\t\t\t\t\t\t\t\t\t\t\t\t\t<\/div>\n\t\t\t\t<\/div>\n\t\t\t\t<\/div>\n\t\t\t\t\t<\/div>\n\t\t\t\t<\/div>\n\t\t<div class=\"elementor-element elementor-element-ef48136 e-flex e-con-boxed e-con e-parent\" data-id=\"ef48136\" data-element_type=\"container\" data-e-type=\"container\">\n\t\t\t\t\t<div class=\"e-con-inner\">\n\t\t\t\t<div class=\"elementor-element elementor-element-9bbc24f elementor-widget elementor-widget-html\" data-id=\"9bbc24f\" data-element_type=\"widget\" data-e-type=\"widget\" data-widget_type=\"html.default\">\n\t\t\t\t<div class=\"elementor-widget-container\">\n\t\t\t\t\t<h2>Allein oder in kleinen Gruppen<\/h2>\n\n<p>Gr\u00fcnschenkel k\u00f6nnen einzeln auftreten, w\u00e4hrend Zug und \u00dcberwinterung aber auch gemeinsam mit weiteren Artgenossen geeignete Nahrungs- und Rastpl\u00e4tze nutzen. Auch bei meinen Beobachtungen habe ich beides erlebt. H\u00e4ufig war nur ein einzelner Vogel zu sehen, gelegentlich traf ich jedoch kleine Gruppen an derselben Wasserfl\u00e4che an.<\/p>\t\t\t\t<\/div>\n\t\t\t\t<\/div>\n\t\t\t\t\t<\/div>\n\t\t\t\t<\/div>\n\t\t<div class=\"elementor-element elementor-element-bc5678a e-flex e-con-boxed e-con e-parent\" data-id=\"bc5678a\" data-element_type=\"container\" data-e-type=\"container\">\n\t\t\t\t\t<div class=\"e-con-inner\">\n\t\t<div class=\"elementor-element elementor-element-f6bcc4b e-con-full e-flex e-con e-child\" data-id=\"f6bcc4b\" data-element_type=\"container\" data-e-type=\"container\">\n\t\t\t\t<div class=\"elementor-element elementor-element-92209ef elementor-widget elementor-widget-image\" data-id=\"92209ef\" data-element_type=\"widget\" data-e-type=\"widget\" data-widget_type=\"image.default\">\n\t\t\t\t<div class=\"elementor-widget-container\">\n\t\t\t\t\t\t\t\t\t\t\t\t\t\t\t<img loading=\"lazy\" decoding=\"async\" width=\"751\" height=\"495\" src=\"https:\/\/nature-fineart.com\/vogelfotografie-spanien\/wp-content\/uploads\/2026\/09\/Sechs-Gruenschenkel-gemeinsam-an-einem-Rastplatz-in-Spanien.jpg\" class=\"attachment-large size-large wp-image-10710\" alt=\"Sechs Gr\u00fcnschenkel gemeinsam an einem Rastplatz in Spanien\" srcset=\"https:\/\/nature-fineart.com\/vogelfotografie-spanien\/wp-content\/uploads\/2026\/09\/Sechs-Gruenschenkel-gemeinsam-an-einem-Rastplatz-in-Spanien.jpg 1024w, https:\/\/nature-fineart.com\/vogelfotografie-spanien\/wp-content\/uploads\/2026\/09\/Sechs-Gruenschenkel-gemeinsam-an-einem-Rastplatz-in-Spanien-600x396.jpg 600w, https:\/\/nature-fineart.com\/vogelfotografie-spanien\/wp-content\/uploads\/2026\/09\/Sechs-Gruenschenkel-gemeinsam-an-einem-Rastplatz-in-Spanien-768x506.jpg 768w\" sizes=\"(max-width: 751px) 100vw, 751px\" \/>\t\t\t\t\t\t\t\t\t\t\t\t\t\t\t<\/div>\n\t\t\t\t<\/div>\n\t\t\t\t<\/div>\n\t\t<div class=\"elementor-element elementor-element-1d82e80 e-con-full e-flex e-con e-child\" data-id=\"1d82e80\" data-element_type=\"container\" data-e-type=\"container\">\n\t\t\t\t<div class=\"elementor-element elementor-element-6b31f5e elementor-widget elementor-widget-html\" data-id=\"6b31f5e\" data-element_type=\"widget\" data-e-type=\"widget\" data-widget_type=\"html.default\">\n\t\t\t\t<div class=\"elementor-widget-container\">\n\t\t\t\t\t<p>Besonders in Erinnerung geblieben ist mir eine Situation, bei der sechs Gr\u00fcnschenkel gemeinsam an einem Ufer rasteten. Die V\u00f6gel waren eingeflogen und blieben anschlie\u00dfend an dieser Stelle. Einige ruhten, w\u00e4hrend andere ihre Umgebung beobachteten oder sich im Uferbereich bewegten.<\/p>\t\t\t\t<\/div>\n\t\t\t\t<\/div>\n\t\t\t\t<\/div>\n\t\t\t\t\t<\/div>\n\t\t\t\t<\/div>\n\t\t<div class=\"elementor-element elementor-element-d4d19ad e-flex e-con-boxed e-con e-parent\" data-id=\"d4d19ad\" data-element_type=\"container\" data-e-type=\"container\">\n\t\t\t\t\t<div class=\"e-con-inner\">\n\t\t<div class=\"elementor-element elementor-element-ba32f17 e-con-full e-flex e-con e-child\" data-id=\"ba32f17\" data-element_type=\"container\" data-e-type=\"container\">\n\t\t\t\t<div class=\"elementor-element elementor-element-b790c95 elementor-widget elementor-widget-html\" data-id=\"b790c95\" data-element_type=\"widget\" data-e-type=\"widget\" data-widget_type=\"html.default\">\n\t\t\t\t<div class=\"elementor-widget-container\">\n\t\t\t\t\t<h2>Nahrungssuche im flachen Wasser<\/h2>\n\n<p>Die Nahrung des Gr\u00fcnschenkels besteht vor allem aus verschiedenen Wirbellosen. Daneben erbeutet er auch kleine Fische. Sein langer Schnabel erm\u00f6glicht es ihm, im flachen Wasser und im weichen Untergrund nach Nahrung zu suchen.<\/p>\n\n<p>Bei meinen Beobachtungen laufen Gr\u00fcnschenkel h\u00e4ufig durch seichtes Wasser oder direkt an der Uferkante entlang. Dabei suchen sie die Umgebung aufmerksam ab und f\u00fchren den Schnabel immer wieder zum Wasser oder in den weichen Untergrund. Ruhigere Phasen k\u00f6nnen sich dabei sehr schnell mit deutlich dynamischeren Bewegungen abwechseln.<\/p>\n\n<p>F\u00fcr die Fotografie sind gerade diese pl\u00f6tzlichen Aktionen interessant. Innerhalb eines Augenblicks kann der Vogel mit dem Schnabel ins Wasser sto\u00dfen und ihn wieder herausziehen. Dabei kann Wasser hochspritzen und aus einer zun\u00e4chst ruhigen Szene entsteht f\u00fcr wenige Sekundenbruchteile eine wesentlich dynamischere Aufnahme.<\/p>\t\t\t\t<\/div>\n\t\t\t\t<\/div>\n\t\t\t\t<\/div>\n\t\t<div class=\"elementor-element elementor-element-5cdd746 e-con-full e-flex e-con e-child\" data-id=\"5cdd746\" data-element_type=\"container\" data-e-type=\"container\">\n\t\t\t\t<div class=\"elementor-element elementor-element-f02f23a elementor-widget elementor-widget-image\" data-id=\"f02f23a\" data-element_type=\"widget\" data-e-type=\"widget\" data-widget_type=\"image.default\">\n\t\t\t\t<div class=\"elementor-widget-container\">\n\t\t\t\t\t\t\t\t\t\t\t\t\t\t\t<img loading=\"lazy\" decoding=\"async\" width=\"751\" height=\"939\" src=\"https:\/\/nature-fineart.com\/vogelfotografie-spanien\/wp-content\/uploads\/2026\/09\/Gruenschenkel-bei-der-Nahrungssuche-im-Morgenlicht.jpg\" class=\"attachment-large size-large wp-image-10711\" alt=\"Gr\u00fcnschenkel bei der Nahrungssuche im Morgenlicht\" srcset=\"https:\/\/nature-fineart.com\/vogelfotografie-spanien\/wp-content\/uploads\/2026\/09\/Gruenschenkel-bei-der-Nahrungssuche-im-Morgenlicht.jpg 819w, https:\/\/nature-fineart.com\/vogelfotografie-spanien\/wp-content\/uploads\/2026\/09\/Gruenschenkel-bei-der-Nahrungssuche-im-Morgenlicht-480x600.jpg 480w, https:\/\/nature-fineart.com\/vogelfotografie-spanien\/wp-content\/uploads\/2026\/09\/Gruenschenkel-bei-der-Nahrungssuche-im-Morgenlicht-768x960.jpg 768w\" sizes=\"(max-width: 751px) 100vw, 751px\" \/>\t\t\t\t\t\t\t\t\t\t\t\t\t\t\t<\/div>\n\t\t\t\t<\/div>\n\t\t\t\t<\/div>\n\t\t\t\t\t<\/div>\n\t\t\t\t<\/div>\n\t\t<div class=\"elementor-element elementor-element-ab4a5ad e-flex e-con-boxed e-con e-parent\" data-id=\"ab4a5ad\" data-element_type=\"container\" data-e-type=\"container\">\n\t\t\t\t\t<div class=\"e-con-inner\">\n\t\t\t\t<div class=\"elementor-element elementor-element-034bcbd elementor-widget elementor-widget-html\" data-id=\"034bcbd\" data-element_type=\"widget\" data-e-type=\"widget\" data-widget_type=\"html.default\">\n\t\t\t\t<div class=\"elementor-widget-container\">\n\t\t\t\t\t<h2>W\u00e4hrend des Vogelzugs auch im Landesinneren<\/h2>\n\n<p>W\u00e4hrend der Zugzeiten ist der Gr\u00fcnschenkel nicht auf k\u00fcstennahe Feuchtgebiete beschr\u00e4nkt. Dann kann er auch an geeigneten Gew\u00e4ssern weit im Landesinneren auftauchen. Flache Lagunen, Uferzonen und andere tempor\u00e4r geeignete Wasserfl\u00e4chen k\u00f6nnen als Rast- und Nahrungspl\u00e4tze genutzt werden.<\/p>\t\t\t\t<\/div>\n\t\t\t\t<\/div>\n\t\t\t\t\t<\/div>\n\t\t\t\t<\/div>\n\t\t<div class=\"elementor-element elementor-element-5c223e0 e-flex e-con-boxed e-con e-parent\" data-id=\"5c223e0\" data-element_type=\"container\" data-e-type=\"container\">\n\t\t\t\t\t<div class=\"e-con-inner\">\n\t\t<div class=\"elementor-element elementor-element-84c2ab4 e-con-full e-flex e-con e-child\" data-id=\"84c2ab4\" data-element_type=\"container\" data-e-type=\"container\">\n\t\t\t\t<div class=\"elementor-element elementor-element-128038c elementor-widget elementor-widget-image\" data-id=\"128038c\" data-element_type=\"widget\" data-e-type=\"widget\" data-widget_type=\"image.default\">\n\t\t\t\t<div class=\"elementor-widget-container\">\n\t\t\t\t\t\t\t\t\t\t\t\t\t\t\t<img loading=\"lazy\" decoding=\"async\" width=\"751\" height=\"501\" src=\"https:\/\/nature-fineart.com\/vogelfotografie-spanien\/wp-content\/uploads\/2026\/09\/Gruenschenkel-an-einem-flachen-Binnengewaesser-in-Spanien.jpg\" class=\"attachment-large size-large wp-image-10712\" alt=\"Gr\u00fcnschenkel an einem flachen Binnengew\u00e4sser in Spanien\" srcset=\"https:\/\/nature-fineart.com\/vogelfotografie-spanien\/wp-content\/uploads\/2026\/09\/Gruenschenkel-an-einem-flachen-Binnengewaesser-in-Spanien.jpg 1024w, https:\/\/nature-fineart.com\/vogelfotografie-spanien\/wp-content\/uploads\/2026\/09\/Gruenschenkel-an-einem-flachen-Binnengewaesser-in-Spanien-600x400.jpg 600w, https:\/\/nature-fineart.com\/vogelfotografie-spanien\/wp-content\/uploads\/2026\/09\/Gruenschenkel-an-einem-flachen-Binnengewaesser-in-Spanien-768x512.jpg 768w\" sizes=\"(max-width: 751px) 100vw, 751px\" \/>\t\t\t\t\t\t\t\t\t\t\t\t\t\t\t<\/div>\n\t\t\t\t<\/div>\n\t\t\t\t<\/div>\n\t\t<div class=\"elementor-element elementor-element-2d910bc e-con-full e-flex e-con e-child\" data-id=\"2d910bc\" data-element_type=\"container\" data-e-type=\"container\">\n\t\t\t\t<div class=\"elementor-element elementor-element-cbdb3f1 elementor-widget elementor-widget-html\" data-id=\"cbdb3f1\" data-element_type=\"widget\" data-e-type=\"widget\" data-widget_type=\"html.default\">\n\t\t\t\t<div class=\"elementor-widget-container\">\n\t\t\t\t\t<p>F\u00fcr mich sind solche Begegnungen im zentralspanischen Binnenland deutlich seltener als an der K\u00fcste. Gerade deshalb finde ich Aufnahmen interessant, auf denen der Vogel nicht formatf\u00fcllend zu sehen ist, sondern als Teil der Landschaft erscheint. Vegetation, Boden und Wasser erz\u00e4hlen dann ebenso viel \u00fcber die Situation wie der Vogel selbst.<\/p>\t\t\t\t<\/div>\n\t\t\t\t<\/div>\n\t\t\t\t<\/div>\n\t\t\t\t\t<\/div>\n\t\t\t\t<\/div>\n\t\t<div class=\"elementor-element elementor-element-a5da5b0 e-flex e-con-boxed e-con e-parent\" data-id=\"a5da5b0\" data-element_type=\"container\" data-e-type=\"container\">\n\t\t\t\t\t<div class=\"e-con-inner\">\n\t\t<div class=\"elementor-element elementor-element-ac7c45a e-con-full e-flex e-con e-child\" data-id=\"ac7c45a\" data-element_type=\"container\" data-e-type=\"container\">\n\t\t\t\t<div class=\"elementor-element elementor-element-f16b746 elementor-widget elementor-widget-html\" data-id=\"f16b746\" data-element_type=\"widget\" data-e-type=\"widget\" data-widget_type=\"html.default\">\n\t\t\t\t<div class=\"elementor-widget-container\">\n\t\t\t\t\t<h2>Gr\u00fcnschenkel in \u00fcberfluteten Reisfeldern<\/h2>\n\n<p>Auch \u00fcberflutete Reisfelder k\u00f6nnen geeignete Bedingungen f\u00fcr Gr\u00fcnschenkel und andere Limikolen bieten. Das flache Wasser und der weiche Untergrund schaffen Fl\u00e4chen, auf denen die V\u00f6gel nach Nahrung suchen k\u00f6nnen. In den k\u00fcstennahen Gebieten, in denen ich fr\u00fcher regelm\u00e4\u00dfig fotografiert habe, konnte ich Gr\u00fcnschenkel immer wieder auf solchen Fl\u00e4chen beobachten.<\/p>\n\n<p>Fotografisch bieten Reisfelder teilweise sehr offene Situationen. Steht ein Vogel frei im Wasser, lassen sich seine K\u00f6rperform, die langen Beine und der charakteristische Schnabel besonders gut erkennen. Gleichzeitig k\u00f6nnen bei ruhigem Wasser zumindest angedeutete Spiegelungen entstehen.<\/p>\n\t\t\t\t<\/div>\n\t\t\t\t<\/div>\n\t\t\t\t<\/div>\n\t\t<div class=\"elementor-element elementor-element-6ff046d e-con-full e-flex e-con e-child\" data-id=\"6ff046d\" data-element_type=\"container\" data-e-type=\"container\">\n\t\t\t\t<div class=\"elementor-element elementor-element-b36eb3d elementor-widget elementor-widget-image\" data-id=\"b36eb3d\" data-element_type=\"widget\" data-e-type=\"widget\" data-widget_type=\"image.default\">\n\t\t\t\t<div class=\"elementor-widget-container\">\n\t\t\t\t\t\t\t\t\t\t\t\t\t\t\t<img loading=\"lazy\" decoding=\"async\" width=\"751\" height=\"949\" src=\"https:\/\/nature-fineart.com\/vogelfotografie-spanien\/wp-content\/uploads\/2026\/09\/Gruenschenkel-in-einem-ueberfluteten-Reisfeld-in-Spanien.jpg\" class=\"attachment-large size-large wp-image-10713\" alt=\"Gr\u00fcnschenkel in einem \u00fcberfluteten Reisfeld in Spanien\" srcset=\"https:\/\/nature-fineart.com\/vogelfotografie-spanien\/wp-content\/uploads\/2026\/09\/Gruenschenkel-in-einem-ueberfluteten-Reisfeld-in-Spanien.jpg 810w, https:\/\/nature-fineart.com\/vogelfotografie-spanien\/wp-content\/uploads\/2026\/09\/Gruenschenkel-in-einem-ueberfluteten-Reisfeld-in-Spanien-475x600.jpg 475w, https:\/\/nature-fineart.com\/vogelfotografie-spanien\/wp-content\/uploads\/2026\/09\/Gruenschenkel-in-einem-ueberfluteten-Reisfeld-in-Spanien-768x971.jpg 768w\" sizes=\"(max-width: 751px) 100vw, 751px\" \/>\t\t\t\t\t\t\t\t\t\t\t\t\t\t\t<\/div>\n\t\t\t\t<\/div>\n\t\t\t\t<\/div>\n\t\t\t\t\t<\/div>\n\t\t\t\t<\/div>\n\t\t<div class=\"elementor-element elementor-element-db1c1b8 e-flex e-con-boxed e-con e-parent\" data-id=\"db1c1b8\" data-element_type=\"container\" data-e-type=\"container\">\n\t\t\t\t\t<div class=\"e-con-inner\">\n\t\t\t\t<div class=\"elementor-element elementor-element-2ca9a02 elementor-widget elementor-widget-html\" data-id=\"2ca9a02\" data-element_type=\"widget\" data-e-type=\"widget\" data-widget_type=\"html.default\">\n\t\t\t\t<div class=\"elementor-widget-container\">\n\t\t\t\t\t<h2>Gr\u00fcnschenkel erkennen<\/h2>\n\n<p>Mit einer K\u00f6rperl\u00e4nge von etwa 30 bis 33 Zentimetern geh\u00f6rt der Gr\u00fcnschenkel zu den gr\u00f6\u00dferen Vertretern der Limikolen, die sich in Spanien regelm\u00e4\u00dfig beobachten lassen. Sein schlanker K\u00f6rperbau, die langen Beine und vor allem der lange, leicht nach oben gebogene Schnabel sind wichtige Merkmale.<\/p>\n\n<p>Die Beine werden typischerweise als gr\u00fcnlich bis gelblich-gr\u00fcn beschrieben. Auf Fotos kann ihre Wirkung jedoch deutlich variieren. Licht, nasser Schlamm und die Umgebung k\u00f6nnen dazu f\u00fchren, dass sie wesentlich grauer erscheinen. Auch auf meinen Aufnahmen reicht die Wirkung der Beinfarbe von eher grau bis deutlich gelblich-gr\u00fcn.<\/p>\n\n<p>Au\u00dferhalb der Brutzeit wirkt das Gefieder \u00fcberwiegend hellgrau und wei\u00df. Im Brutkleid nimmt die dunkle Zeichnung auf Oberseite, Kopf, Hals und Brust zu. M\u00e4nnchen und Weibchen lassen sich anhand ihres Gefieders im Feld nicht zuverl\u00e4ssig unterscheiden.<\/p>\n\n<p>Ein weiteres wichtiges Bestimmungsmerkmal zeigt sich im Flug. Der wei\u00dfe B\u00fcrzel setzt sich keilf\u00f6rmig weit auf den R\u00fccken fort und bildet einen auff\u00e4lligen Kontrast zu den dunkleren Fl\u00fcgeln.<\/p>\n\n<h2>Gr\u00fcnschenkel oder Rotschenkel?<\/h2>\n\n<p>Eine naheliegende Vergleichsart ist der Rotschenkel. Beide geh\u00f6ren zur Gattung <em>Tringa<\/em>, lassen sich bei guten Beobachtungsbedingungen aber anhand mehrerer Merkmale unterscheiden. Der Gr\u00fcnschenkel ist gr\u00f6\u00dfer und besitzt einen l\u00e4ngeren, leicht nach oben gebogenen Schnabel. Seine Beine sind gr\u00fcnlich bis gelblich-gr\u00fcn, w\u00e4hrend beim Rotschenkel die r\u00f6tlichen Beine besonders auff\u00e4llig sind.<\/p>\n\n<p>Auch im Flug gibt es deutliche Unterschiede. Beim Gr\u00fcnschenkel f\u00e4llt der wei\u00dfe, weit auf den R\u00fccken reichende Keil auf. Der Rotschenkel zeigt dagegen eine auff\u00e4llige wei\u00dfe Hinterkante an den Fl\u00fcgeln. Bei einem pl\u00f6tzlich auffliegenden Vogel k\u00f6nnen diese Merkmale f\u00fcr die Bestimmung besonders hilfreich sein.<\/p>\t\t\t\t<\/div>\n\t\t\t\t<\/div>\n\t\t\t\t\t<\/div>\n\t\t\t\t<\/div>\n\t\t<div class=\"elementor-element elementor-element-77ed7df e-flex e-con-boxed e-con e-parent\" data-id=\"77ed7df\" data-element_type=\"container\" data-e-type=\"container\">\n\t\t\t\t\t<div class=\"e-con-inner\">\n\t\t<div class=\"elementor-element elementor-element-ac73cd6 e-con-full e-flex e-con e-child\" data-id=\"ac73cd6\" data-element_type=\"container\" data-e-type=\"container\">\n\t\t\t\t<div class=\"elementor-element elementor-element-ef786d3 elementor-widget elementor-widget-image\" data-id=\"ef786d3\" data-element_type=\"widget\" data-e-type=\"widget\" data-widget_type=\"image.default\">\n\t\t\t\t<div class=\"elementor-widget-container\">\n\t\t\t\t\t\t\t\t\t\t\t\t\t\t\t<img loading=\"lazy\" decoding=\"async\" width=\"751\" height=\"506\" src=\"https:\/\/nature-fineart.com\/vogelfotografie-spanien\/wp-content\/uploads\/2026\/09\/Gruenschenkel-zwischen-Wasser-und-Schlick-in-einem-Feuchtgebiet.jpg\" class=\"attachment-large size-large wp-image-10714\" alt=\"Gr\u00fcnschenkel zwischen Wasser und Schlick in einem Feuchtgebiet\" srcset=\"https:\/\/nature-fineart.com\/vogelfotografie-spanien\/wp-content\/uploads\/2026\/09\/Gruenschenkel-zwischen-Wasser-und-Schlick-in-einem-Feuchtgebiet.jpg 1024w, https:\/\/nature-fineart.com\/vogelfotografie-spanien\/wp-content\/uploads\/2026\/09\/Gruenschenkel-zwischen-Wasser-und-Schlick-in-einem-Feuchtgebiet-600x404.jpg 600w, https:\/\/nature-fineart.com\/vogelfotografie-spanien\/wp-content\/uploads\/2026\/09\/Gruenschenkel-zwischen-Wasser-und-Schlick-in-einem-Feuchtgebiet-768x518.jpg 768w\" sizes=\"(max-width: 751px) 100vw, 751px\" \/>\t\t\t\t\t\t\t\t\t\t\t\t\t\t\t<\/div>\n\t\t\t\t<\/div>\n\t\t\t\t<\/div>\n\t\t<div class=\"elementor-element elementor-element-a39c36b e-con-full e-flex e-con e-child\" data-id=\"a39c36b\" data-element_type=\"container\" data-e-type=\"container\">\n\t\t\t\t<div class=\"elementor-element elementor-element-012288d elementor-widget elementor-widget-html\" data-id=\"012288d\" data-element_type=\"widget\" data-e-type=\"widget\" data-widget_type=\"html.default\">\n\t\t\t\t<div class=\"elementor-widget-container\">\n\t\t\t\t\t<h2>Gefiederfarben und Umgebung<\/h2>\n\n<p>Auf den ersten Blick wirkt der Gr\u00fcnschenkel mit seinen hellgrauen und wei\u00dfen Gefiederpartien recht kontrastreich. In seinem typischen Lebensraum kann sich dieser Eindruck jedoch schnell ver\u00e4ndern. Zwischen grauem Wasser, Schlick und gedeckten Uferfarben kann sich das Gefieder erstaunlich harmonisch in die Umgebung einf\u00fcgen.<\/p>\n\t\t\t\t<\/div>\n\t\t\t\t<\/div>\n\t\t\t\t<\/div>\n\t\t\t\t\t<\/div>\n\t\t\t\t<\/div>\n\t\t<div class=\"elementor-element elementor-element-c053518 e-flex e-con-boxed e-con e-parent\" data-id=\"c053518\" data-element_type=\"container\" data-e-type=\"container\">\n\t\t\t\t\t<div class=\"e-con-inner\">\n\t\t\t\t<div class=\"elementor-element elementor-element-1c842b5 elementor-widget elementor-widget-html\" data-id=\"1c842b5\" data-element_type=\"widget\" data-e-type=\"widget\" data-widget_type=\"html.default\">\n\t\t\t\t<div class=\"elementor-widget-container\">\n\t\t\t\t\t<p>Gerade bei bedecktem Himmel werden die \u00dcberg\u00e4nge zwischen Vogel und Hintergrund oft weicher. Fotografisch muss das kein Nachteil sein. Solche Aufnahmen k\u00f6nnen den Gr\u00fcnschenkel sehr nat\u00fcrlich in seinem Lebensraum zeigen und wirken v\u00f6llig anders als ein freigestelltes Portr\u00e4t im warmen Morgenlicht.<\/p>\n\n<h2>Gr\u00fcnschenkel fotografieren \u2013 meine Tipps<\/h2>\n\n<p>F\u00fcr mich geh\u00f6rt eine m\u00f6glichst niedrige Perspektive auch beim Gr\u00fcnschenkel zu den wichtigsten Gestaltungsm\u00f6glichkeiten. Da die Art gr\u00f6\u00dfer ist als viele kleinere Limikolen, l\u00e4sst sie sich zwar auch aus einer etwas h\u00f6heren Position gut fotografieren. Nahe der Augenh\u00f6he wirkt der Vogel jedoch pr\u00e4senter und der Hintergrund l\u00e4sst sich h\u00e4ufig ruhiger gestalten.<\/p>\n\n<p>Bei einem ruhig stehenden oder rastenden Gr\u00fcnschenkel ist keine extrem kurze Verschlusszeit notwendig. Gerade morgens, abends oder bei bedecktem Himmel kann man die Verschlusszeit entsprechend anpassen, wenn der Vogel \u00fcber l\u00e4ngere Zeit stillsteht.<\/p>\n\n<p>Anders sieht es bei der Nahrungssuche aus. Hier k\u00f6nnen jederzeit schnelle Bewegungen auftreten. Deshalb arbeite ich bei aktiven V\u00f6geln gerne mit einer kurzen Verschlusszeit, kontinuierlichem Autofokus, Augenerkennung und Serienaufnahme. So steigen die Chancen, auch einen schnellen Schnabelsto\u00df oder hochspritzendes Wasser scharf festzuhalten.<\/p>\n\n<p>Bei der Belichtung achte ich besonders auf die wei\u00dfen Gefiederbereiche. In kr\u00e4ftigem Sonnenlicht k\u00f6nnen diese schnell sehr hell werden. Weiches Morgen- und Abendlicht oder bedeckter Himmel bieten deshalb h\u00e4ufig angenehme Bedingungen. Gleichzeitig kann etwas gerichtetes Licht einen sch\u00f6nen Reflex im Auge erzeugen und dem Vogel dadurch mehr Ausdruck verleihen.<\/p>\n\n<p>Hilfreich ist au\u00dferdem, die Nahrungssuche zun\u00e4chst zu beobachten, anstatt dem Vogel entlang des Ufers zu folgen. Gr\u00fcnschenkel bewegen sich h\u00e4ufig an einer Uferkante oder durch einen bestimmten Bereich des flachen Wassers. Positioniert man sich ruhig an einer passenden Stelle, kann der Vogel im Verlauf seiner Nahrungssuche von selbst n\u00e4her kommen. So lassen sich nat\u00fcrliche Verhaltensweisen fotografieren, ohne ihm st\u00e4ndig hinterherzugehen.<\/p>\n\n<h2>Weitere Limikolen fotografieren<\/h2>\n\n<p>Weitere Limikolen mit eigenen Seiten findest du ebenfalls auf meiner Website. Dazu geh\u00f6ren der <a href=\"https:\/\/nature-fineart.com\/vogelfotografie-spanien\/bruchwasserlaeufer\/\">Bruchwasserl\u00e4ufer<\/a>, der <a href=\"https:\/\/nature-fineart.com\/vogelfotografie-spanien\/waldwasserlaeufer\/\">Waldwasserl\u00e4ufer<\/a> und der <a href=\"https:\/\/nature-fineart.com\/vogelfotografie-spanien\/flussuferlaeufer\/\">Flussuferl\u00e4ufer<\/a>. Auch der Rotschenkel ist eine interessante Vergleichsart zum Gr\u00fcnschenkel.<\/p>\n\n<p>Weitere Vogelarten mit eigenen Fotos, Beobachtungen und Tipps zur Fotografie findest du in meiner <a href=\"https:\/\/nature-fineart.com\/vogelfotografie-spanien\/tierarten-fotografie\/\">Arten\u00fcbersicht<\/a>.<\/p>\n\n<h2>V\u00f6gel in Spanien zu verschiedenen Jahreszeiten<\/h2>\n\n<p>Welche Vogelarten sich in Spanien beobachten lassen, ver\u00e4ndert sich im Laufe des Jahres deutlich. Gerade bei Durchz\u00fcglern und Winterg\u00e4sten wie dem Gr\u00fcnschenkel spielt die Jahreszeit eine wichtige Rolle. In meinem Beitrag \u00fcber <a href=\"https:\/\/nature-fineart.com\/vogelfotografie-spanien\/vogelfotografie-und-fotohides-in-spanien\/\">Vogelfotografie und Fotohides in Spanien, die Jahreszeiten im \u00dcberblick<\/a> findest du weitere Informationen dazu, wie sich die M\u00f6glichkeiten zur Vogelbeobachtung und Vogelfotografie im Jahresverlauf ver\u00e4ndern.<\/p>\n\n<h2>Vogelfotografie in Spanien<\/h2>\n\n<p>Spanien bietet mit seinen K\u00fcsten, Feuchtgebieten, Steppen, Gebirgen und zahlreichen Binnengew\u00e4ssern sehr unterschiedliche M\u00f6glichkeiten f\u00fcr die Vogelfotografie. Einen \u00dcberblick \u00fcber meine Angebote findest du auf der Seite <a href=\"https:\/\/nature-fineart.com\/vogelfotografie-spanien\/reisen\/\">Fotoreisen in Spanien<\/a>.<\/p>\n\n<h2>Interesse an einer Fotoreise?<\/h2>\n\n<p>Du m\u00f6chtest Gr\u00fcnschenkel und andere Vogelarten in Spanien fotografieren? Nutze einfach das folgende Anfrageformular. Ich freue mich darauf, von dir zu h\u00f6ren.<\/p>\t\t\t\t<\/div>\n\t\t\t\t<\/div>\n\t\t\t\t\t<\/div>\n\t\t\t\t<\/div>\n\t\t<div class=\"elementor-element elementor-element-589eb71 e-flex e-con-boxed e-con e-parent\" data-id=\"589eb71\" data-element_type=\"container\" data-e-type=\"container\">\n\t\t\t\t\t<div class=\"e-con-inner\">\n\t\t\t\t<div class=\"elementor-element elementor-element-8963ee7 elementor-widget elementor-widget-shortcode\" data-id=\"8963ee7\" data-element_type=\"widget\" data-e-type=\"widget\" data-widget_type=\"shortcode.default\">\n\t\t\t\t<div class=\"elementor-widget-container\">\n\t\t\t\t\t\t\t<div class=\"elementor-shortcode\"><style id=\"wpforms-css-vars-5929\">\n\t\t\t\t#wpforms-5929 {\n\t\t\t\t--wpforms-field-border-color: #5E5E5E;\n--wpforms-field-border-color-spare: #5E5E5E;\n--wpforms-field-text-color: #5e5e5e;\n--wpforms-label-color: #5e5e5e;\n--wpforms-label-sublabel-color: #5e5e5e;\n--wpforms-button-background-color: #6e7b4a;\n--wpforms-container-padding: 0px;\n--wpforms-container-border-width: 1px;\n--wpforms-container-border-radius: 3px;\n--wpforms-background-color: rgba(0, 0, 0, 0);\n--wpforms-field-size-input-height: 43px;\n--wpforms-field-size-input-spacing: 15px;\n--wpforms-field-size-font-size: 16px;\n--wpforms-field-size-line-height: 19px;\n--wpforms-field-size-padding-h: 14px;\n--wpforms-field-size-checkbox-size: 16px;\n--wpforms-field-size-sublabel-spacing: 5px;\n--wpforms-field-size-icon-size: 1;\n--wpforms-label-size-font-size: 16px;\n--wpforms-label-size-line-height: 19px;\n--wpforms-label-size-sublabel-font-size: 14px;\n--wpforms-label-size-sublabel-line-height: 17px;\n--wpforms-button-size-font-size: 17px;\n--wpforms-button-size-height: 41px;\n--wpforms-button-size-padding-h: 15px;\n--wpforms-button-size-margin-top: 10px;\n--wpforms-container-shadow-size-box-shadow: none;\n\t\t\t}\n\t\t\t<\/style><div class=\"wpforms-container wpforms-container-full wpforms-render-modern\" id=\"wpforms-5929\"><form id=\"wpforms-form-5929\" class=\"wpforms-validate wpforms-form wpforms-ajax-form\" data-formid=\"5929\" method=\"post\" enctype=\"multipart\/form-data\" action=\"\/vogelfotografie-spanien\/wp-json\/wp\/v2\/pages\/10705\" data-token=\"6fe8dd5e8c13da77c15288333c0eb977\" data-token-time=\"1788268222\"><noscript class=\"wpforms-error-noscript\">Bitte aktiviere JavaScript in deinem Browser, um dieses Formular fertigzustellen.<\/noscript><div id=\"wpforms-error-noscript\" style=\"display: none;\">Bitte aktiviere JavaScript in deinem Browser, um dieses Formular fertigzustellen.<\/div><div class=\"wpforms-field-container\"><div id=\"wpforms-5929-field_1-container\" class=\"wpforms-field wpforms-field-name\" data-field-id=\"1\"><fieldset><legend class=\"wpforms-field-label\">Name <span class=\"wpforms-required-label\" aria-hidden=\"true\">*<\/span><\/legend><div class=\"wpforms-field-row wpforms-field-medium\"><div class=\"wpforms-field-row-block wpforms-first wpforms-one-half\"><input type=\"text\" id=\"wpforms-5929-field_1\" class=\"wpforms-field-name-first wpforms-field-required\" name=\"wpforms[fields][1][first]\" aria-errormessage=\"wpforms-5929-field_1-error\" required><label for=\"wpforms-5929-field_1\" class=\"wpforms-field-sublabel after\">Vorname<\/label><\/div><div class=\"wpforms-field-row-block wpforms-one-half\"><input type=\"text\" id=\"wpforms-5929-field_1-last\" class=\"wpforms-field-name-last wpforms-field-required\" name=\"wpforms[fields][1][last]\" aria-errormessage=\"wpforms-5929-field_1-last-error\" required><label for=\"wpforms-5929-field_1-last\" class=\"wpforms-field-sublabel after\">Nachname<\/label><\/div><\/div><\/fieldset><\/div><div id=\"wpforms-5929-field_2-container\" class=\"wpforms-field wpforms-field-email\" data-field-id=\"2\"><label class=\"wpforms-field-label\" for=\"wpforms-5929-field_2\">E-Mail-Adresse <span class=\"wpforms-required-label\" aria-hidden=\"true\">*<\/span><\/label><input type=\"email\" id=\"wpforms-5929-field_2\" class=\"wpforms-field-medium wpforms-field-required\" name=\"wpforms[fields][2]\" spellcheck=\"false\" aria-errormessage=\"wpforms-5929-field_2-error\" required><\/div>\t\t<div id=\"wpforms-5929-field_4-container\"\n\t\t\tclass=\"wpforms-field wpforms-field-text\"\n\t\t\tdata-field-type=\"text\"\n\t\t\tdata-field-id=\"4\"\n\t\t\t>\n\t\t\t<label class=\"wpforms-field-label\" for=\"wpforms-5929-field_4\" >Name Nachricht oder<\/label>\n\t\t\t<input type=\"text\" id=\"wpforms-5929-field_4\" class=\"wpforms-field-medium\" name=\"wpforms[fields][4]\" >\n\t\t<\/div>\n\t\t<div id=\"wpforms-5929-field_3-container\" class=\"wpforms-field wpforms-field-textarea\" data-field-id=\"3\"><label class=\"wpforms-field-label\" for=\"wpforms-5929-field_3\">Kommentar oder Nachricht<\/label><textarea id=\"wpforms-5929-field_3\" class=\"wpforms-field-medium\" name=\"wpforms[fields][3]\" aria-errormessage=\"wpforms-5929-field_3-error\" ><\/textarea><\/div><script>\n\t\t\t\t( function() {\n\t\t\t\t\tconst style = document.createElement( 'style' );\n\t\t\t\t\tstyle.appendChild( document.createTextNode( '#wpforms-5929-field_4-container { position: absolute !important; overflow: hidden !important; display: inline !important; height: 1px !important; width: 1px !important; z-index: -1000 !important; padding: 0 !important; } #wpforms-5929-field_4-container input { visibility: hidden; } #wpforms-conversational-form-page #wpforms-5929-field_4-container label { counter-increment: none; }' ) );\n\t\t\t\t\tdocument.head.appendChild( style );\n\t\t\t\t\tdocument.currentScript?.remove();\n\t\t\t\t} )();\n\t\t\t<\/script><\/div><!-- .wpforms-field-container --><div class=\"wpforms-submit-container\" ><input type=\"hidden\" name=\"wpforms[id]\" value=\"5929\"><input type=\"hidden\" name=\"page_title\" value=\"\"><input type=\"hidden\" name=\"page_url\" value=\"https:\/\/nature-fineart.com\/vogelfotografie-spanien\/wp-json\/wp\/v2\/pages\/10705\"><input type=\"hidden\" name=\"url_referer\" value=\"\"><button type=\"submit\" name=\"wpforms[submit]\" id=\"wpforms-submit-5929\" class=\"wpforms-submit\" data-alt-text=\"Wird gesendet\u00a0\u2026\" data-submit-text=\"Anfrage senden\" aria-live=\"assertive\" value=\"wpforms-submit\">Anfrage senden<\/button><img loading=\"lazy\" decoding=\"async\" src=\"https:\/\/nature-fineart.com\/vogelfotografie-spanien\/wp-content\/plugins\/wpforms-lite\/assets\/images\/submit-spin.svg\" class=\"wpforms-submit-spinner\" style=\"display: none;\" width=\"26\" height=\"26\" alt=\"Wird geladen\"><\/div><\/form><\/div>  <!-- .wpforms-container --><\/div>\n\t\t\t\t\t\t<\/div>\n\t\t\t\t<\/div>\n\t\t\t\t\t<\/div>\n\t\t\t\t<\/div>\n\t\t\t\t<\/div>\n\t\t","protected":false},"excerpt":{"rendered":"<p>Der Gr\u00fcnschenkel (Tringa nebularia) ist ein relativ gro\u00dfer und schlanker Limikole, der mit seinen langen Beinen und dem langen, leicht nach oben gebogenen Schnabel eine charakteristische Erscheinung besitzt. In Spanien habe ich ihn besonders h\u00e4ufig in k\u00fcstennahen Feuchtgebieten beobachtet. Dort begegnete er mir an Lagunen, schlammigen Ufern, Flussm\u00fcndungen und \u00fcberfluteten Reisfeldern. Im zentralspanischen Binnenland sind&#8230;<\/p>\n","protected":false},"author":2,"featured_media":0,"parent":0,"menu_order":0,"comment_status":"closed","ping_status":"closed","template":"","meta":{"footnotes":""},"class_list":["post-10705","page","type-page","status-publish","hentry"],"_links":{"self":[{"href":"https:\/\/nature-fineart.com\/vogelfotografie-spanien\/wp-json\/wp\/v2\/pages\/10705","targetHints":{"allow":["GET"]}}],"collection":[{"href":"https:\/\/nature-fineart.com\/vogelfotografie-spanien\/wp-json\/wp\/v2\/pages"}],"about":[{"href":"https:\/\/nature-fineart.com\/vogelfotografie-spanien\/wp-json\/wp\/v2\/types\/page"}],"author":[{"embeddable":true,"href":"https:\/\/nature-fineart.com\/vogelfotografie-spanien\/wp-json\/wp\/v2\/users\/2"}],"replies":[{"embeddable":true,"href":"https:\/\/nature-fineart.com\/vogelfotografie-spanien\/wp-json\/wp\/v2\/comments?post=10705"}],"version-history":[{"count":7,"href":"https:\/\/nature-fineart.com\/vogelfotografie-spanien\/wp-json\/wp\/v2\/pages\/10705\/revisions"}],"predecessor-version":[{"id":10720,"href":"https:\/\/nature-fineart.com\/vogelfotografie-spanien\/wp-json\/wp\/v2\/pages\/10705\/revisions\/10720"}],"wp:attachment":[{"href":"https:\/\/nature-fineart.com\/vogelfotografie-spanien\/wp-json\/wp\/v2\/media?parent=10705"}],"curies":[{"name":"wp","href":"https:\/\/api.w.org\/{rel}","templated":true}]}}