{"id":7010,"date":"2026-02-08T21:23:10","date_gmt":"2026-02-08T20:23:10","guid":{"rendered":"https:\/\/nature-fineart.com\/vogelfotografie-spanien\/?page_id=7010"},"modified":"2026-09-02T09:48:03","modified_gmt":"2026-09-02T07:48:03","slug":"tierarten-fotografie","status":"publish","type":"page","link":"https:\/\/nature-fineart.com\/vogelfotografie-spanien\/tierarten-fotografie\/","title":{"rendered":"Tierarten &amp; Fotografie"},"content":{"rendered":"\t\t<div data-elementor-type=\"wp-page\" data-elementor-id=\"7010\" class=\"elementor elementor-7010\">\n\t\t\t\t<div class=\"elementor-element elementor-element-e0deeb9 e-flex e-con-boxed e-con e-parent\" data-id=\"e0deeb9\" data-element_type=\"container\" data-e-type=\"container\">\n\t\t\t\t\t<div class=\"e-con-inner\">\n\t\t\r\n\t\t<div class=\"elementor-element elementor-element-fb391c5 elementor-widget elementor-widget-html\" data-id=\"fb391c5\" data-element_type=\"widget\" data-e-type=\"widget\" data-widget_type=\"html.default\">\n\t\t\t\t<div class=\"elementor-widget-container\">\n\t\t\t\t\t<h3>Vogelfotografie in Spanien; Tierarten, Lebensr\u00e4ume und Fotoreisen<\/h3>\n\n<p>Spanien geh\u00f6rt zu den faszinierendsten Regionen Europas f\u00fcr Natur- und Vogelfotografie. \nVon majest\u00e4tischen Greifv\u00f6geln \u00fcber seltene Steppenarten bis hin zu farbenpr\u00e4chtigen \nSchilfbewohnern bietet das Land eine au\u00dfergew\u00f6hnliche Vielfalt an Motiven, oft aus n\u00e4chster N\u00e4he \nund unter idealen Lichtbedingungen.<\/p>\n\n<p>Auf dieser Seite findest du ausgew\u00e4hlte Tierarten der Vogelfotografie in Spanien, \nfotografische Hintergr\u00fcnde aus der Praxis sowie passende Fotoreisen in kleinen Gruppen. \nJede Art wird mit Lebensraum, Beobachtungsm\u00f6glichkeiten und fotografischen Tipps vorgestellt, \ndirekt aus der Erfahrung eines Naturfotografen vor Ort.<\/p>\n\n<p>Entdecke beeindruckende Greifv\u00f6gel wie den Iberischen Kaiseradler, seltene Steppenv\u00f6gel \noder charakteristische Arten mediterraner Landschaften und plane deine n\u00e4chste \nFotoreise zu den besten Beobachtungsgebieten Spaniens.<\/p>\t\t\t\t<\/div>\n\t\t\t\t<\/div>\n\t\t\t\t\t<\/div>\n\t\t\t\t<\/div>\n\t\t<div class=\"elementor-element elementor-element-ed2f58e e-flex e-con-boxed e-con e-parent\" data-id=\"ed2f58e\" data-element_type=\"container\" data-e-type=\"container\">\n\t\t\t\t\t<div class=\"e-con-inner\">\n\t\t\t\t<div class=\"elementor-element elementor-element-4171231 elementor-widget elementor-widget-html\" data-id=\"4171231\" data-element_type=\"widget\" data-e-type=\"widget\" data-widget_type=\"html.default\">\n\t\t\t\t<div class=\"elementor-widget-container\">\n\t\t\t\t\t<div class=\"bird-search-box\">\n  <input type=\"text\" id=\"birdSearch\" placeholder=\"\ud83d\udd0d Tierart suchen...\" \/>\n<\/div>\n\n<style>\n.bird-search-box {\n  max-width: 520px;\n  margin: 40px auto 60px auto;\n  text-align: center;\n}\n\n#birdSearch {\n  width: 100%;\n  padding: 16px 22px;\n  font-size: 18px;\n  border: 1px solid #cfcfcf;\n  border-radius: 40px;\n  outline: none;\n}\n\n#birdSearch:focus {\n  border-color: #8b8b5f;\n}\n<\/style>\n\n<script>\ndocument.addEventListener(\"DOMContentLoaded\", function () {\n  const searchInput = document.getElementById(\"birdSearch\");\n  const birdItems = document.querySelectorAll(\".bird-item\");\n\n  searchInput.addEventListener(\"input\", function () {\n    const searchTerm = this.value.toLowerCase().trim();\n\n    birdItems.forEach(function (item) {\n      const boldTitle = item.querySelector(\"strong, b\");\n      let birdName = \"\";\n\n      if (boldTitle) {\n        birdName = boldTitle.innerText.toLowerCase().trim();\n      } else {\n        birdName = item.innerText.split(\"\\n\")[0].toLowerCase().trim();\n      }\n\n      if (searchTerm === \"\" || birdName.includes(searchTerm)) {\n        item.style.display = \"\";\n      } else {\n        item.style.display = \"none\";\n      }\n    });\n  });\n});\n<\/script>\t\t\t\t<\/div>\n\t\t\t\t<\/div>\n\t\t\t\t\t<\/div>\n\t\t\t\t<\/div>\n\t\t<div class=\"elementor-element elementor-element-923d6dc bird-item e-flex e-con-boxed e-con e-parent\" data-id=\"923d6dc\" data-element_type=\"container\" data-e-type=\"container\">\n\t\t\t\t\t<div class=\"e-con-inner\">\n\t\t\t\t<div class=\"elementor-element elementor-element-f92102d elementor-widget elementor-widget-spacer\" data-id=\"f92102d\" data-element_type=\"widget\" data-e-type=\"widget\" data-widget_type=\"spacer.default\">\n\t\t\t\t<div class=\"elementor-widget-container\">\n\t\t\t\t\t\t\t<div class=\"elementor-spacer\">\n\t\t\t<div class=\"elementor-spacer-inner\"><\/div>\n\t\t<\/div>\n\t\t\t\t\t\t<\/div>\n\t\t\t\t<\/div>\n\t\t<div class=\"elementor-element elementor-element-9e56be8 e-con-full e-flex e-con e-child\" data-id=\"9e56be8\" data-element_type=\"container\" data-e-type=\"container\">\n\t\t\t\t<div class=\"elementor-element elementor-element-b0c01c5 elementor-widget elementor-widget-tourmbutton\" data-id=\"b0c01c5\" data-element_type=\"widget\" data-e-type=\"widget\" data-widget_type=\"tourmbutton.default\">\n\t\t\t\t<div class=\"elementor-widget-container\">\n\t\t\t\t\t<div class=\"btn-wrapper\"><a class=\"th-btn th_btn th-icon \" href=\"https:\/\/nature-fineart.com\/vogelfotografie-spanien\/iberischen-luchs\/\">Art entdecken<\/a><\/div>\t\t\t\t<\/div>\n\t\t\t\t<\/div>\n\t\t<div class=\"elementor-element elementor-element-4485c9a e-con-full e-flex e-con e-child\" data-id=\"4485c9a\" data-element_type=\"container\" data-e-type=\"container\">\n\t\t\t\t<div class=\"elementor-element elementor-element-80796bd elementor-widget elementor-widget-text-editor\" data-id=\"80796bd\" data-element_type=\"widget\" data-e-type=\"widget\" data-widget_type=\"text-editor.default\">\n\t\t\t\t<div class=\"elementor-widget-container\">\n\t\t\t\t\t\t\t\t\t<p><strong>Iberischer Luchs<\/strong> \u2013 Eleganter J\u00e4ger der mediterranen W\u00e4lder:\u00a0<\/p><p>Der Iberische Luchs z\u00e4hlt zu den seltensten Wildkatzen der Welt. Erfahre mehr \u00fcber Lebensraum, Verhalten und erhalte Tipps, wie du ihn in Spanien beobachten und fotografieren kannst.<\/p>\t\t\t\t\t\t\t\t<\/div>\n\t\t\t\t<\/div>\n\t\t\t\t<\/div>\n\t\t<div class=\"elementor-element elementor-element-0d5c763 e-con-full e-flex e-con e-child\" data-id=\"0d5c763\" data-element_type=\"container\" data-e-type=\"container\">\n\t\t\t\t<div class=\"elementor-element elementor-element-9eabe88 elementor-widget elementor-widget-image\" data-id=\"9eabe88\" data-element_type=\"widget\" data-e-type=\"widget\" data-widget_type=\"image.default\">\n\t\t\t\t<div class=\"elementor-widget-container\">\n\t\t\t\t\t\t\t\t\t\t\t\t\t\t\t<img fetchpriority=\"high\" decoding=\"async\" width=\"600\" height=\"400\" src=\"https:\/\/nature-fineart.com\/vogelfotografie-spanien\/wp-content\/uploads\/2025\/11\/Luchs.Winter-600x400.jpg\" class=\"attachment-medium size-medium wp-image-6019\" alt=\"\" srcset=\"https:\/\/nature-fineart.com\/vogelfotografie-spanien\/wp-content\/uploads\/2025\/11\/Luchs.Winter-600x400.jpg 600w, https:\/\/nature-fineart.com\/vogelfotografie-spanien\/wp-content\/uploads\/2025\/11\/Luchs.Winter-768x512.jpg 768w, https:\/\/nature-fineart.com\/vogelfotografie-spanien\/wp-content\/uploads\/2025\/11\/Luchs.Winter.jpg 1024w\" sizes=\"(max-width: 600px) 100vw, 600px\" \/>\t\t\t\t\t\t\t\t\t\t\t\t\t\t\t<\/div>\n\t\t\t\t<\/div>\n\t\t\t\t<\/div>\n\t\t\t\t<\/div>\n\t\t\t\t\t<\/div>\n\t\t\t\t<\/div>\n\t\t<div class=\"elementor-element elementor-element-9817398 bird-item e-flex e-con-boxed e-con e-parent\" data-id=\"9817398\" data-element_type=\"container\" data-e-type=\"container\">\n\t\t\t\t\t<div class=\"e-con-inner\">\n\t\t\t\t<div class=\"elementor-element elementor-element-01680df elementor-widget elementor-widget-spacer\" data-id=\"01680df\" data-element_type=\"widget\" data-e-type=\"widget\" data-widget_type=\"spacer.default\">\n\t\t\t\t<div class=\"elementor-widget-container\">\n\t\t\t\t\t\t\t<div class=\"elementor-spacer\">\n\t\t\t<div class=\"elementor-spacer-inner\"><\/div>\n\t\t<\/div>\n\t\t\t\t\t\t<\/div>\n\t\t\t\t<\/div>\n\t\t<div class=\"elementor-element elementor-element-cee87d5 e-con-full e-flex e-con e-child\" data-id=\"cee87d5\" data-element_type=\"container\" data-e-type=\"container\">\n\t\t\t\t<div class=\"elementor-element elementor-element-4aef356 elementor-widget elementor-widget-tourmbutton\" data-id=\"4aef356\" data-element_type=\"widget\" data-e-type=\"widget\" data-widget_type=\"tourmbutton.default\">\n\t\t\t\t<div class=\"elementor-widget-container\">\n\t\t\t\t\t<div class=\"btn-wrapper\"><a class=\"th-btn th_btn th-icon \" href=\"https:\/\/nature-fineart.com\/vogelfotografie-spanien\/iberischer-kaiseradler\/\">Art entdecken<\/a><\/div>\t\t\t\t<\/div>\n\t\t\t\t<\/div>\n\t\t<div class=\"elementor-element elementor-element-6723423 e-con-full e-flex e-con e-child\" data-id=\"6723423\" data-element_type=\"container\" data-e-type=\"container\">\n\t\t\t\t<div class=\"elementor-element elementor-element-d519774 elementor-widget elementor-widget-text-editor\" data-id=\"d519774\" data-element_type=\"widget\" data-e-type=\"widget\" data-widget_type=\"text-editor.default\">\n\t\t\t\t<div class=\"elementor-widget-container\">\n\t\t\t\t\t\t\t\t\t<p><strong>Iberischer Kaiseradler<\/strong> \u2013 Symbol der spanischen Wildnis:<\/p><p>Eine der seltensten Greifvogelarten Europas und ein unvergessliches Motiv f\u00fcr intensive Naturbeobachtungen.<br \/>Erlebe den Kaiseradler auf spezialisierten Fotoreisen in seinem nat\u00fcrlichen Lebensraum.<\/p>\t\t\t\t\t\t\t\t<\/div>\n\t\t\t\t<\/div>\n\t\t\t\t<\/div>\n\t\t<div class=\"elementor-element elementor-element-39c80fc e-con-full e-flex e-con e-child\" data-id=\"39c80fc\" data-element_type=\"container\" data-e-type=\"container\">\n\t\t\t\t<div class=\"elementor-element elementor-element-fbf3d26 elementor-widget elementor-widget-image\" data-id=\"fbf3d26\" data-element_type=\"widget\" data-e-type=\"widget\" data-widget_type=\"image.default\">\n\t\t\t\t<div class=\"elementor-widget-container\">\n\t\t\t\t\t\t\t\t\t\t\t\t\t\t\t<img decoding=\"async\" width=\"600\" height=\"400\" src=\"https:\/\/nature-fineart.com\/vogelfotografie-spanien\/wp-content\/uploads\/2026\/02\/Iberienadler-Spanien-600x400.jpg\" class=\"attachment-medium size-medium wp-image-7011\" alt=\"\" srcset=\"https:\/\/nature-fineart.com\/vogelfotografie-spanien\/wp-content\/uploads\/2026\/02\/Iberienadler-Spanien-600x400.jpg 600w, https:\/\/nature-fineart.com\/vogelfotografie-spanien\/wp-content\/uploads\/2026\/02\/Iberienadler-Spanien-768x512.jpg 768w, https:\/\/nature-fineart.com\/vogelfotografie-spanien\/wp-content\/uploads\/2026\/02\/Iberienadler-Spanien.jpg 1024w\" sizes=\"(max-width: 600px) 100vw, 600px\" \/>\t\t\t\t\t\t\t\t\t\t\t\t\t\t\t<\/div>\n\t\t\t\t<\/div>\n\t\t\t\t<\/div>\n\t\t\t\t<\/div>\n\t\t\t\t\t<\/div>\n\t\t\t\t<\/div>\n\t\t<div class=\"elementor-element elementor-element-43b2944 bird-item e-flex e-con-boxed e-con e-parent\" data-id=\"43b2944\" data-element_type=\"container\" data-e-type=\"container\">\n\t\t\t\t\t<div class=\"e-con-inner\">\n\t\t\t\t<div class=\"elementor-element elementor-element-f2cc163 elementor-widget elementor-widget-spacer\" data-id=\"f2cc163\" data-element_type=\"widget\" data-e-type=\"widget\" data-widget_type=\"spacer.default\">\n\t\t\t\t<div class=\"elementor-widget-container\">\n\t\t\t\t\t\t\t<div class=\"elementor-spacer\">\n\t\t\t<div class=\"elementor-spacer-inner\"><\/div>\n\t\t<\/div>\n\t\t\t\t\t\t<\/div>\n\t\t\t\t<\/div>\n\t\t<div class=\"elementor-element elementor-element-65eb472 e-con-full e-flex e-con e-child\" data-id=\"65eb472\" data-element_type=\"container\" data-e-type=\"container\">\n\t\t\t\t<div class=\"elementor-element elementor-element-40decaf elementor-widget elementor-widget-tourmbutton\" data-id=\"40decaf\" data-element_type=\"widget\" data-e-type=\"widget\" data-widget_type=\"tourmbutton.default\">\n\t\t\t\t<div class=\"elementor-widget-container\">\n\t\t\t\t\t<div class=\"btn-wrapper\"><a class=\"th-btn th_btn th-icon \" href=\"https:\/\/nature-fineart.com\/vogelfotografie-spanien\/steinadler\/\">Art entdecken<\/a><\/div>\t\t\t\t<\/div>\n\t\t\t\t<\/div>\n\t\t<div class=\"elementor-element elementor-element-4a34033 e-con-full e-flex e-con e-child\" data-id=\"4a34033\" data-element_type=\"container\" data-e-type=\"container\">\n\t\t\t\t<div class=\"elementor-element elementor-element-bdf4c5f elementor-widget elementor-widget-text-editor\" data-id=\"bdf4c5f\" data-element_type=\"widget\" data-e-type=\"widget\" data-widget_type=\"text-editor.default\">\n\t\t\t\t<div class=\"elementor-widget-container\">\n\t\t\t\t\t\t\t\t\t<p><strong>Steinadler<\/strong> \u2013 Majest\u00e4tischer Herrscher der Berge:<\/p><p>Beobachte den Steinadler in Spaniens wilden Berglandschaften. Tipps zu Verhalten, Fotografie und gef\u00fchrte Fotoreisen in kleinen Gruppen entdecken.<\/p>\t\t\t\t\t\t\t\t<\/div>\n\t\t\t\t<\/div>\n\t\t\t\t<\/div>\n\t\t<div class=\"elementor-element elementor-element-2c66c37 e-con-full e-flex e-con e-child\" data-id=\"2c66c37\" data-element_type=\"container\" data-e-type=\"container\">\n\t\t\t\t<div class=\"elementor-element elementor-element-cf670cf elementor-widget elementor-widget-image\" data-id=\"cf670cf\" data-element_type=\"widget\" data-e-type=\"widget\" data-widget_type=\"image.default\">\n\t\t\t\t<div class=\"elementor-widget-container\">\n\t\t\t\t\t\t\t\t\t\t\t\t\t\t\t<img decoding=\"async\" width=\"600\" height=\"338\" src=\"https:\/\/nature-fineart.com\/vogelfotografie-spanien\/wp-content\/uploads\/2026\/06\/Steinadler-im-Anflug-600x338.jpg\" class=\"attachment-medium size-medium wp-image-8640\" alt=\"\" srcset=\"https:\/\/nature-fineart.com\/vogelfotografie-spanien\/wp-content\/uploads\/2026\/06\/Steinadler-im-Anflug-600x338.jpg 600w, https:\/\/nature-fineart.com\/vogelfotografie-spanien\/wp-content\/uploads\/2026\/06\/Steinadler-im-Anflug-768x432.jpg 768w, https:\/\/nature-fineart.com\/vogelfotografie-spanien\/wp-content\/uploads\/2026\/06\/Steinadler-im-Anflug.jpg 1024w\" sizes=\"(max-width: 600px) 100vw, 600px\" \/>\t\t\t\t\t\t\t\t\t\t\t\t\t\t\t<\/div>\n\t\t\t\t<\/div>\n\t\t\t\t<\/div>\n\t\t\t\t<\/div>\n\t\t\t\t\t<\/div>\n\t\t\t\t<\/div>\n\t\t<div class=\"elementor-element elementor-element-7cb2aff bird-item e-flex e-con-boxed e-con e-parent\" data-id=\"7cb2aff\" data-element_type=\"container\" data-e-type=\"container\">\n\t\t\t\t\t<div class=\"e-con-inner\">\n\t\t\t\t<div class=\"elementor-element elementor-element-cc41d7e elementor-widget elementor-widget-spacer\" data-id=\"cc41d7e\" data-element_type=\"widget\" data-e-type=\"widget\" data-widget_type=\"spacer.default\">\n\t\t\t\t<div class=\"elementor-widget-container\">\n\t\t\t\t\t\t\t<div class=\"elementor-spacer\">\n\t\t\t<div class=\"elementor-spacer-inner\"><\/div>\n\t\t<\/div>\n\t\t\t\t\t\t<\/div>\n\t\t\t\t<\/div>\n\t\t<div class=\"elementor-element elementor-element-18ae6db e-con-full e-flex e-con e-child\" data-id=\"18ae6db\" data-element_type=\"container\" data-e-type=\"container\">\n\t\t\t\t<div class=\"elementor-element elementor-element-d20b5ab elementor-widget elementor-widget-tourmbutton\" data-id=\"d20b5ab\" data-element_type=\"widget\" data-e-type=\"widget\" data-widget_type=\"tourmbutton.default\">\n\t\t\t\t<div class=\"elementor-widget-container\">\n\t\t\t\t\t<div class=\"btn-wrapper\"><a class=\"th-btn th_btn th-icon \" href=\"https:\/\/nature-fineart.com\/vogelfotografie-spanien\/bartgeier\/\">Art entdecken<\/a><\/div>\t\t\t\t<\/div>\n\t\t\t\t<\/div>\n\t\t<div class=\"elementor-element elementor-element-53aed2a e-con-full e-flex e-con e-child\" data-id=\"53aed2a\" data-element_type=\"container\" data-e-type=\"container\">\n\t\t\t\t<div class=\"elementor-element elementor-element-ab1007d elementor-widget elementor-widget-text-editor\" data-id=\"ab1007d\" data-element_type=\"widget\" data-e-type=\"widget\" data-widget_type=\"text-editor.default\">\n\t\t\t\t<div class=\"elementor-widget-container\">\n\t\t\t\t\t\t\t\t\t<p><strong>Bartgeier<\/strong> \u2013 Knochenbrecher der Hochgebirge:<\/p><p>Der Bartgeier ist eines der spektakul\u00e4rsten Motive Europas. In den Pyren\u00e4en Spaniens hast du die besten Chancen auf eindrucksvolle Flugaufnahmen; mit der richtigen Jahreszeit, Licht und Standortwahl.<\/p>\t\t\t\t\t\t\t\t<\/div>\n\t\t\t\t<\/div>\n\t\t\t\t<\/div>\n\t\t<div class=\"elementor-element elementor-element-99a6a4a e-con-full e-flex e-con e-child\" data-id=\"99a6a4a\" data-element_type=\"container\" data-e-type=\"container\">\n\t\t\t\t<div class=\"elementor-element elementor-element-d024f64 elementor-widget elementor-widget-image\" data-id=\"d024f64\" data-element_type=\"widget\" data-e-type=\"widget\" data-widget_type=\"image.default\">\n\t\t\t\t<div class=\"elementor-widget-container\">\n\t\t\t\t\t\t\t\t\t\t\t\t\t\t\t<img loading=\"lazy\" decoding=\"async\" width=\"600\" height=\"400\" src=\"https:\/\/nature-fineart.com\/vogelfotografie-spanien\/wp-content\/uploads\/2026\/02\/Bartgeier-im-Schnee-600x400.jpg\" class=\"attachment-medium size-medium wp-image-7501\" alt=\"\" srcset=\"https:\/\/nature-fineart.com\/vogelfotografie-spanien\/wp-content\/uploads\/2026\/02\/Bartgeier-im-Schnee-600x400.jpg 600w, https:\/\/nature-fineart.com\/vogelfotografie-spanien\/wp-content\/uploads\/2026\/02\/Bartgeier-im-Schnee-768x512.jpg 768w, https:\/\/nature-fineart.com\/vogelfotografie-spanien\/wp-content\/uploads\/2026\/02\/Bartgeier-im-Schnee.jpg 1024w\" sizes=\"(max-width: 600px) 100vw, 600px\" \/>\t\t\t\t\t\t\t\t\t\t\t\t\t\t\t<\/div>\n\t\t\t\t<\/div>\n\t\t\t\t<\/div>\n\t\t\t\t<\/div>\n\t\t\t\t\t<\/div>\n\t\t\t\t<\/div>\n\t\t<div class=\"elementor-element elementor-element-b6f51fb bird-item e-flex e-con-boxed e-con e-parent\" data-id=\"b6f51fb\" data-element_type=\"container\" data-e-type=\"container\">\n\t\t\t\t\t<div class=\"e-con-inner\">\n\t\t\t\t<div class=\"elementor-element elementor-element-f00b52b elementor-widget elementor-widget-spacer\" data-id=\"f00b52b\" data-element_type=\"widget\" data-e-type=\"widget\" data-widget_type=\"spacer.default\">\n\t\t\t\t<div class=\"elementor-widget-container\">\n\t\t\t\t\t\t\t<div class=\"elementor-spacer\">\n\t\t\t<div class=\"elementor-spacer-inner\"><\/div>\n\t\t<\/div>\n\t\t\t\t\t\t<\/div>\n\t\t\t\t<\/div>\n\t\t<div class=\"elementor-element elementor-element-7d67ea1 e-con-full e-flex e-con e-child\" data-id=\"7d67ea1\" data-element_type=\"container\" data-e-type=\"container\">\n\t\t\t\t<div class=\"elementor-element elementor-element-317e41c elementor-widget elementor-widget-tourmbutton\" data-id=\"317e41c\" data-element_type=\"widget\" data-e-type=\"widget\" data-widget_type=\"tourmbutton.default\">\n\t\t\t\t<div class=\"elementor-widget-container\">\n\t\t\t\t\t<div class=\"btn-wrapper\"><a class=\"th-btn th_btn th-icon \" href=\"https:\/\/nature-fineart.com\/vogelfotografie-spanien\/kranich\/\">Art entdecken<\/a><\/div>\t\t\t\t<\/div>\n\t\t\t\t<\/div>\n\t\t<div class=\"elementor-element elementor-element-c0d40bd e-con-full e-flex e-con e-child\" data-id=\"c0d40bd\" data-element_type=\"container\" data-e-type=\"container\">\n\t\t\t\t<div class=\"elementor-element elementor-element-d242a7e elementor-widget elementor-widget-text-editor\" data-id=\"d242a7e\" data-element_type=\"widget\" data-e-type=\"widget\" data-widget_type=\"text-editor.default\">\n\t\t\t\t<div class=\"elementor-widget-container\">\n\t\t\t\t\t\t\t\t\t<p><strong>Kranich<\/strong>\u00a0\u2013 Winterg\u00e4ste in weiten Landschaften :<\/p><p>Im Winter sammeln sich tausende Kraniche in den weiten Landschaften Spaniens. Ruhige Morgenstimmungen, ihre weithin h\u00f6rbaren Rufe und eindrucksvolle Flugformationen machen diese Art zu einem besonderen Motiv der Naturfotografie.<\/p>\t\t\t\t\t\t\t\t<\/div>\n\t\t\t\t<\/div>\n\t\t\t\t<\/div>\n\t\t<div class=\"elementor-element elementor-element-49e7eff e-con-full e-flex e-con e-child\" data-id=\"49e7eff\" data-element_type=\"container\" data-e-type=\"container\">\n\t\t\t\t<div class=\"elementor-element elementor-element-ba60dd2 elementor-widget elementor-widget-image\" data-id=\"ba60dd2\" data-element_type=\"widget\" data-e-type=\"widget\" data-widget_type=\"image.default\">\n\t\t\t\t<div class=\"elementor-widget-container\">\n\t\t\t\t\t\t\t\t\t\t\t\t\t\t\t<img loading=\"lazy\" decoding=\"async\" width=\"600\" height=\"400\" src=\"https:\/\/nature-fineart.com\/vogelfotografie-spanien\/wp-content\/uploads\/2026\/02\/Kraniche-600x400.jpg\" class=\"attachment-medium size-medium wp-image-7310\" alt=\"Kraniche im Flug \u00fcber einer weiten spanischen Winterlandschaft mit weiteren Kranichen im Hintergrund\" srcset=\"https:\/\/nature-fineart.com\/vogelfotografie-spanien\/wp-content\/uploads\/2026\/02\/Kraniche-600x400.jpg 600w, https:\/\/nature-fineart.com\/vogelfotografie-spanien\/wp-content\/uploads\/2026\/02\/Kraniche-768x512.jpg 768w, https:\/\/nature-fineart.com\/vogelfotografie-spanien\/wp-content\/uploads\/2026\/02\/Kraniche.jpg 1024w\" sizes=\"(max-width: 600px) 100vw, 600px\" \/>\t\t\t\t\t\t\t\t\t\t\t\t\t\t\t<\/div>\n\t\t\t\t<\/div>\n\t\t\t\t<\/div>\n\t\t\t\t<\/div>\n\t\t\t\t\t<\/div>\n\t\t\t\t<\/div>\n\t\t<div class=\"elementor-element elementor-element-1c965f4 bird-item e-flex e-con-boxed e-con e-parent\" data-id=\"1c965f4\" data-element_type=\"container\" data-e-type=\"container\">\n\t\t\t\t\t<div class=\"e-con-inner\">\n\t\t\t\t<div class=\"elementor-element elementor-element-db2c562 elementor-widget elementor-widget-spacer\" data-id=\"db2c562\" data-element_type=\"widget\" data-e-type=\"widget\" data-widget_type=\"spacer.default\">\n\t\t\t\t<div class=\"elementor-widget-container\">\n\t\t\t\t\t\t\t<div class=\"elementor-spacer\">\n\t\t\t<div class=\"elementor-spacer-inner\"><\/div>\n\t\t<\/div>\n\t\t\t\t\t\t<\/div>\n\t\t\t\t<\/div>\n\t\t<div class=\"elementor-element elementor-element-dc6ea57 e-con-full e-flex e-con e-child\" data-id=\"dc6ea57\" data-element_type=\"container\" data-e-type=\"container\">\n\t\t\t\t<div class=\"elementor-element elementor-element-94ef574 elementor-widget elementor-widget-tourmbutton\" data-id=\"94ef574\" data-element_type=\"widget\" data-e-type=\"widget\" data-widget_type=\"tourmbutton.default\">\n\t\t\t\t<div class=\"elementor-widget-container\">\n\t\t\t\t\t<div class=\"btn-wrapper\"><a class=\"th-btn th_btn th-icon \" href=\"https:\/\/nature-fineart.com\/vogelfotografie-spanien\/schmutzgeier\/\">Art entdecken<\/a><\/div>\t\t\t\t<\/div>\n\t\t\t\t<\/div>\n\t\t<div class=\"elementor-element elementor-element-bae29df e-con-full e-flex e-con e-child\" data-id=\"bae29df\" data-element_type=\"container\" data-e-type=\"container\">\n\t\t\t\t<div class=\"elementor-element elementor-element-f983566 elementor-widget elementor-widget-text-editor\" data-id=\"f983566\" data-element_type=\"widget\" data-e-type=\"widget\" data-widget_type=\"text-editor.default\">\n\t\t\t\t<div class=\"elementor-widget-container\">\n\t\t\t\t\t\t\t\t\t<p><strong>Schmutzgeier<\/strong> \u2013 Eleganter Segler mit hellem Gefieder:<\/p><p>Der Schmutzgeier ist der kleinste Geier Europas und beeindruckt mit seinem hellen Gefieder und seinem eleganten Flug. Erfahre mehr \u00fcber Lebensraum, Verhalten und erhalte Tipps f\u00fcr die Natur- und Vogelfotografie in Spanien.<\/p>\t\t\t\t\t\t\t\t<\/div>\n\t\t\t\t<\/div>\n\t\t\t\t<\/div>\n\t\t<div class=\"elementor-element elementor-element-ea147a1 e-con-full e-flex e-con e-child\" data-id=\"ea147a1\" data-element_type=\"container\" data-e-type=\"container\">\n\t\t\t\t<div class=\"elementor-element elementor-element-6281094 elementor-widget elementor-widget-image\" data-id=\"6281094\" data-element_type=\"widget\" data-e-type=\"widget\" data-widget_type=\"image.default\">\n\t\t\t\t<div class=\"elementor-widget-container\">\n\t\t\t\t\t\t\t\t\t\t\t\t\t\t\t<img loading=\"lazy\" decoding=\"async\" width=\"600\" height=\"400\" src=\"https:\/\/nature-fineart.com\/vogelfotografie-spanien\/wp-content\/uploads\/2025\/12\/Schmutzgeier-600x400.jpg\" class=\"attachment-medium size-medium wp-image-6156\" alt=\"\" srcset=\"https:\/\/nature-fineart.com\/vogelfotografie-spanien\/wp-content\/uploads\/2025\/12\/Schmutzgeier-600x400.jpg 600w, https:\/\/nature-fineart.com\/vogelfotografie-spanien\/wp-content\/uploads\/2025\/12\/Schmutzgeier-768x512.jpg 768w, https:\/\/nature-fineart.com\/vogelfotografie-spanien\/wp-content\/uploads\/2025\/12\/Schmutzgeier.jpg 1024w\" sizes=\"(max-width: 600px) 100vw, 600px\" \/>\t\t\t\t\t\t\t\t\t\t\t\t\t\t\t<\/div>\n\t\t\t\t<\/div>\n\t\t\t\t<\/div>\n\t\t\t\t<\/div>\n\t\t\t\t\t<\/div>\n\t\t\t\t<\/div>\n\t\t<div class=\"elementor-element elementor-element-c04956c bird-item e-flex e-con-boxed e-con e-parent\" data-id=\"c04956c\" data-element_type=\"container\" data-e-type=\"container\">\n\t\t\t\t\t<div class=\"e-con-inner\">\n\t\t\t\t<div class=\"elementor-element elementor-element-4b774b4 elementor-widget elementor-widget-spacer\" data-id=\"4b774b4\" data-element_type=\"widget\" data-e-type=\"widget\" data-widget_type=\"spacer.default\">\n\t\t\t\t<div class=\"elementor-widget-container\">\n\t\t\t\t\t\t\t<div class=\"elementor-spacer\">\n\t\t\t<div class=\"elementor-spacer-inner\"><\/div>\n\t\t<\/div>\n\t\t\t\t\t\t<\/div>\n\t\t\t\t<\/div>\n\t\t<div class=\"elementor-element elementor-element-e3517a3 e-con-full e-flex e-con e-child\" data-id=\"e3517a3\" data-element_type=\"container\" data-e-type=\"container\">\n\t\t\t\t<div class=\"elementor-element elementor-element-c04b7de elementor-widget elementor-widget-tourmbutton\" data-id=\"c04b7de\" data-element_type=\"widget\" data-e-type=\"widget\" data-widget_type=\"tourmbutton.default\">\n\t\t\t\t<div class=\"elementor-widget-container\">\n\t\t\t\t\t<div class=\"btn-wrapper\"><a class=\"th-btn th_btn th-icon \" href=\"https:\/\/nature-fineart.com\/vogelfotografie-spanien\/moenchsgeier\/\">Art entdecken<\/a><\/div>\t\t\t\t<\/div>\n\t\t\t\t<\/div>\n\t\t<div class=\"elementor-element elementor-element-ef265ab e-con-full e-flex e-con e-child\" data-id=\"ef265ab\" data-element_type=\"container\" data-e-type=\"container\">\n\t\t\t\t<div class=\"elementor-element elementor-element-1e7ac08 elementor-widget elementor-widget-text-editor\" data-id=\"1e7ac08\" data-element_type=\"widget\" data-e-type=\"widget\" data-widget_type=\"text-editor.default\">\n\t\t\t\t<div class=\"elementor-widget-container\">\n\t\t\t\t\t\t\t\t\t<p><strong>M\u00f6nchsgeier<\/strong> \u2013 Kraftvoller Gigant der L\u00fcfte:\u00a0<\/p><p>Der M\u00f6nchsgeier z\u00e4hlt zu den gr\u00f6\u00dften flugf\u00e4higen V\u00f6geln Europas. Erfahre mehr \u00fcber Lebensraum, Verhalten und erhalte praktische Tipps f\u00fcr beeindruckende Natur- und Vogelfotografie in Spanien.<\/p>\t\t\t\t\t\t\t\t<\/div>\n\t\t\t\t<\/div>\n\t\t\t\t<\/div>\n\t\t<div class=\"elementor-element elementor-element-190bb05 e-con-full e-flex e-con e-child\" data-id=\"190bb05\" data-element_type=\"container\" data-e-type=\"container\">\n\t\t\t\t<div class=\"elementor-element elementor-element-b3fbb6e elementor-widget elementor-widget-image\" data-id=\"b3fbb6e\" data-element_type=\"widget\" data-e-type=\"widget\" data-widget_type=\"image.default\">\n\t\t\t\t<div class=\"elementor-widget-container\">\n\t\t\t\t\t\t\t\t\t\t\t\t\t\t\t<img loading=\"lazy\" decoding=\"async\" width=\"600\" height=\"400\" src=\"https:\/\/nature-fineart.com\/vogelfotografie-spanien\/wp-content\/uploads\/2009\/06\/Moenchsgeier-1-600x400.jpg\" class=\"attachment-medium size-medium wp-image-5475\" alt=\"\" srcset=\"https:\/\/nature-fineart.com\/vogelfotografie-spanien\/wp-content\/uploads\/2009\/06\/Moenchsgeier-1-600x400.jpg 600w, https:\/\/nature-fineart.com\/vogelfotografie-spanien\/wp-content\/uploads\/2009\/06\/Moenchsgeier-1-768x512.jpg 768w, https:\/\/nature-fineart.com\/vogelfotografie-spanien\/wp-content\/uploads\/2009\/06\/Moenchsgeier-1.jpg 1024w\" sizes=\"(max-width: 600px) 100vw, 600px\" \/>\t\t\t\t\t\t\t\t\t\t\t\t\t\t\t<\/div>\n\t\t\t\t<\/div>\n\t\t\t\t<\/div>\n\t\t\t\t<\/div>\n\t\t\t\t\t<\/div>\n\t\t\t\t<\/div>\n\t\t<div class=\"elementor-element elementor-element-25415a2 bird-item e-flex e-con-boxed e-con e-parent\" data-id=\"25415a2\" data-element_type=\"container\" data-e-type=\"container\">\n\t\t\t\t\t<div class=\"e-con-inner\">\n\t\t\t\t<div class=\"elementor-element elementor-element-9e13389 elementor-widget elementor-widget-spacer\" data-id=\"9e13389\" data-element_type=\"widget\" data-e-type=\"widget\" data-widget_type=\"spacer.default\">\n\t\t\t\t<div class=\"elementor-widget-container\">\n\t\t\t\t\t\t\t<div class=\"elementor-spacer\">\n\t\t\t<div class=\"elementor-spacer-inner\"><\/div>\n\t\t<\/div>\n\t\t\t\t\t\t<\/div>\n\t\t\t\t<\/div>\n\t\t<div class=\"elementor-element elementor-element-187356d e-con-full e-flex e-con e-child\" data-id=\"187356d\" data-element_type=\"container\" data-e-type=\"container\">\n\t\t\t\t<div class=\"elementor-element elementor-element-da6e0dc elementor-widget elementor-widget-tourmbutton\" data-id=\"da6e0dc\" data-element_type=\"widget\" data-e-type=\"widget\" data-widget_type=\"tourmbutton.default\">\n\t\t\t\t<div class=\"elementor-widget-container\">\n\t\t\t\t\t<div class=\"btn-wrapper\"><a class=\"th-btn th_btn th-icon \" href=\"https:\/\/nature-fineart.com\/vogelfotografie-spanien\/gaensegeier\/\">Art entdecken<\/a><\/div>\t\t\t\t<\/div>\n\t\t\t\t<\/div>\n\t\t<div class=\"elementor-element elementor-element-5b075fc e-con-full e-flex e-con e-child\" data-id=\"5b075fc\" data-element_type=\"container\" data-e-type=\"container\">\n\t\t\t\t<div class=\"elementor-element elementor-element-4274f29 elementor-widget elementor-widget-text-editor\" data-id=\"4274f29\" data-element_type=\"widget\" data-e-type=\"widget\" data-widget_type=\"text-editor.default\">\n\t\t\t\t<div class=\"elementor-widget-container\">\n\t\t\t\t\t\t\t\t\t<p><strong>G\u00e4nsegeier<\/strong> \u2013 Majest\u00e4tischer Segler der L\u00fcfte:\u00a0<\/p><p>Entdecke den G\u00e4nsegeier, einen der gr\u00f6\u00dften Greifv\u00f6gel Europas. Erfahre mehr \u00fcber Lebensraum, Verhalten und erhalte praktische Tipps f\u00fcr eindrucksvolle Natur- und Vogelfotografie in Spanien.<\/p>\t\t\t\t\t\t\t\t<\/div>\n\t\t\t\t<\/div>\n\t\t\t\t<\/div>\n\t\t<div class=\"elementor-element elementor-element-0bb9711 e-con-full e-flex e-con e-child\" data-id=\"0bb9711\" data-element_type=\"container\" data-e-type=\"container\">\n\t\t\t\t<div class=\"elementor-element elementor-element-9572878 elementor-widget elementor-widget-image\" data-id=\"9572878\" data-element_type=\"widget\" data-e-type=\"widget\" data-widget_type=\"image.default\">\n\t\t\t\t<div class=\"elementor-widget-container\">\n\t\t\t\t\t\t\t\t\t\t\t\t\t\t\t<img loading=\"lazy\" decoding=\"async\" width=\"600\" height=\"400\" src=\"https:\/\/nature-fineart.com\/vogelfotografie-spanien\/wp-content\/uploads\/2026\/02\/Gaensegeier-Zentralspanien-600x400.jpg\" class=\"attachment-medium size-medium wp-image-7129\" alt=\"\" srcset=\"https:\/\/nature-fineart.com\/vogelfotografie-spanien\/wp-content\/uploads\/2026\/02\/Gaensegeier-Zentralspanien-600x400.jpg 600w, https:\/\/nature-fineart.com\/vogelfotografie-spanien\/wp-content\/uploads\/2026\/02\/Gaensegeier-Zentralspanien-768x512.jpg 768w, https:\/\/nature-fineart.com\/vogelfotografie-spanien\/wp-content\/uploads\/2026\/02\/Gaensegeier-Zentralspanien.jpg 1024w\" sizes=\"(max-width: 600px) 100vw, 600px\" \/>\t\t\t\t\t\t\t\t\t\t\t\t\t\t\t<\/div>\n\t\t\t\t<\/div>\n\t\t\t\t<\/div>\n\t\t\t\t<\/div>\n\t\t\t\t\t<\/div>\n\t\t\t\t<\/div>\n\t\t<div class=\"elementor-element elementor-element-072f2fc bird-item e-flex e-con-boxed e-con e-parent\" data-id=\"072f2fc\" data-element_type=\"container\" data-e-type=\"container\">\n\t\t\t\t\t<div class=\"e-con-inner\">\n\t\t\t\t<div class=\"elementor-element elementor-element-73f86b4 elementor-widget elementor-widget-spacer\" data-id=\"73f86b4\" data-element_type=\"widget\" data-e-type=\"widget\" data-widget_type=\"spacer.default\">\n\t\t\t\t<div class=\"elementor-widget-container\">\n\t\t\t\t\t\t\t<div class=\"elementor-spacer\">\n\t\t\t<div class=\"elementor-spacer-inner\"><\/div>\n\t\t<\/div>\n\t\t\t\t\t\t<\/div>\n\t\t\t\t<\/div>\n\t\t<div class=\"elementor-element elementor-element-a2cd45c e-con-full e-flex e-con e-child\" data-id=\"a2cd45c\" data-element_type=\"container\" data-e-type=\"container\">\n\t\t\t\t<div class=\"elementor-element elementor-element-6bd4a26 elementor-widget elementor-widget-tourmbutton\" data-id=\"6bd4a26\" data-element_type=\"widget\" data-e-type=\"widget\" data-widget_type=\"tourmbutton.default\">\n\t\t\t\t<div class=\"elementor-widget-container\">\n\t\t\t\t\t<div class=\"btn-wrapper\"><a class=\"th-btn th_btn th-icon \" href=\"https:\/\/nature-fineart.com\/vogelfotografie-spanien\/habichtsadler\/\">Art entdecken<\/a><\/div>\t\t\t\t<\/div>\n\t\t\t\t<\/div>\n\t\t<div class=\"elementor-element elementor-element-e4a5109 e-con-full e-flex e-con e-child\" data-id=\"e4a5109\" data-element_type=\"container\" data-e-type=\"container\">\n\t\t\t\t<div class=\"elementor-element elementor-element-9c43d53 elementor-widget elementor-widget-text-editor\" data-id=\"9c43d53\" data-element_type=\"widget\" data-e-type=\"widget\" data-widget_type=\"text-editor.default\">\n\t\t\t\t<div class=\"elementor-widget-container\">\n\t\t\t\t\t\t\t\t\t<p><strong>Habichtsadler<\/strong> \u2013 Kraftvoller J\u00e4ger der Felslandschaften:<\/p><p>Schnell, elegant und selten: Der Habichtsadler geh\u00f6rt zu den anspruchsvollsten Greifvogelmotiven Spaniens, ein echtes Highlight f\u00fcr Naturfotografen.<\/p>\t\t\t\t\t\t\t\t<\/div>\n\t\t\t\t<\/div>\n\t\t\t\t<\/div>\n\t\t<div class=\"elementor-element elementor-element-c278bca e-con-full e-flex e-con e-child\" data-id=\"c278bca\" data-element_type=\"container\" data-e-type=\"container\">\n\t\t\t\t<div class=\"elementor-element elementor-element-4d1858a elementor-widget elementor-widget-image\" data-id=\"4d1858a\" data-element_type=\"widget\" data-e-type=\"widget\" data-widget_type=\"image.default\">\n\t\t\t\t<div class=\"elementor-widget-container\">\n\t\t\t\t\t\t\t\t\t\t\t\t\t\t\t<img loading=\"lazy\" decoding=\"async\" width=\"600\" height=\"400\" src=\"https:\/\/nature-fineart.com\/vogelfotografie-spanien\/wp-content\/uploads\/2026\/02\/Habichtsadler-600x400.jpg\" class=\"attachment-medium size-medium wp-image-7208\" alt=\"\" srcset=\"https:\/\/nature-fineart.com\/vogelfotografie-spanien\/wp-content\/uploads\/2026\/02\/Habichtsadler-600x400.jpg 600w, https:\/\/nature-fineart.com\/vogelfotografie-spanien\/wp-content\/uploads\/2026\/02\/Habichtsadler-768x512.jpg 768w, https:\/\/nature-fineart.com\/vogelfotografie-spanien\/wp-content\/uploads\/2026\/02\/Habichtsadler.jpg 1024w\" sizes=\"(max-width: 600px) 100vw, 600px\" \/>\t\t\t\t\t\t\t\t\t\t\t\t\t\t\t<\/div>\n\t\t\t\t<\/div>\n\t\t\t\t<\/div>\n\t\t\t\t<\/div>\n\t\t\t\t\t<\/div>\n\t\t\t\t<\/div>\n\t\t<div class=\"elementor-element elementor-element-5dcae8a bird-item e-flex e-con-boxed e-con e-parent\" data-id=\"5dcae8a\" data-element_type=\"container\" data-e-type=\"container\">\n\t\t\t\t\t<div class=\"e-con-inner\">\n\t\t\t\t<div class=\"elementor-element elementor-element-b08d669 elementor-widget elementor-widget-spacer\" data-id=\"b08d669\" data-element_type=\"widget\" data-e-type=\"widget\" data-widget_type=\"spacer.default\">\n\t\t\t\t<div class=\"elementor-widget-container\">\n\t\t\t\t\t\t\t<div class=\"elementor-spacer\">\n\t\t\t<div class=\"elementor-spacer-inner\"><\/div>\n\t\t<\/div>\n\t\t\t\t\t\t<\/div>\n\t\t\t\t<\/div>\n\t\t<div class=\"elementor-element elementor-element-bda44d7 e-con-full e-flex e-con e-child\" data-id=\"bda44d7\" data-element_type=\"container\" data-e-type=\"container\">\n\t\t\t\t<div class=\"elementor-element elementor-element-1285d73 elementor-widget elementor-widget-tourmbutton\" data-id=\"1285d73\" data-element_type=\"widget\" data-e-type=\"widget\" data-widget_type=\"tourmbutton.default\">\n\t\t\t\t<div class=\"elementor-widget-container\">\n\t\t\t\t\t<div class=\"btn-wrapper\"><a class=\"th-btn th_btn th-icon \" href=\"https:\/\/nature-fineart.com\/vogelfotografie-spanien\/schlangenadler\/\">Art entdecken<\/a><\/div>\t\t\t\t<\/div>\n\t\t\t\t<\/div>\n\t\t<div class=\"elementor-element elementor-element-de4a4b1 e-con-full e-flex e-con e-child\" data-id=\"de4a4b1\" data-element_type=\"container\" data-e-type=\"container\">\n\t\t\t\t<div class=\"elementor-element elementor-element-17db2fc elementor-widget elementor-widget-text-editor\" data-id=\"17db2fc\" data-element_type=\"widget\" data-e-type=\"widget\" data-widget_type=\"text-editor.default\">\n\t\t\t\t<div class=\"elementor-widget-container\">\n\t\t\t\t\t\t\t\t\t<p><strong>Schlangenadler<\/strong> \u2013 Der Reptilienj\u00e4ger:<\/p><p>Der Schlangenadler ist ein eindrucksvoller Greifvogel mit gro\u00dfen gelben Augen, breitem Kopf und einer besonderen Spezialisierung auf Reptilien. In Spanien z\u00e4hlt er zu den spannenden Motiven der Naturfotografie.<\/p>\t\t\t\t\t\t\t\t<\/div>\n\t\t\t\t<\/div>\n\t\t\t\t<\/div>\n\t\t<div class=\"elementor-element elementor-element-e91a6dc e-con-full e-flex e-con e-child\" data-id=\"e91a6dc\" data-element_type=\"container\" data-e-type=\"container\">\n\t\t\t\t<div class=\"elementor-element elementor-element-32d7a76 elementor-widget elementor-widget-image\" data-id=\"32d7a76\" data-element_type=\"widget\" data-e-type=\"widget\" data-widget_type=\"image.default\">\n\t\t\t\t<div class=\"elementor-widget-container\">\n\t\t\t\t\t\t\t\t\t\t\t\t\t\t\t<img loading=\"lazy\" decoding=\"async\" width=\"600\" height=\"400\" src=\"https:\/\/nature-fineart.com\/vogelfotografie-spanien\/wp-content\/uploads\/2024\/12\/IMG_7432-DeNoiseAI-standard-600x400.jpg\" class=\"attachment-medium size-medium wp-image-3521\" alt=\"\" srcset=\"https:\/\/nature-fineart.com\/vogelfotografie-spanien\/wp-content\/uploads\/2024\/12\/IMG_7432-DeNoiseAI-standard-600x400.jpg 600w, https:\/\/nature-fineart.com\/vogelfotografie-spanien\/wp-content\/uploads\/2024\/12\/IMG_7432-DeNoiseAI-standard-768x512.jpg 768w, https:\/\/nature-fineart.com\/vogelfotografie-spanien\/wp-content\/uploads\/2024\/12\/IMG_7432-DeNoiseAI-standard.jpg 1024w\" sizes=\"(max-width: 600px) 100vw, 600px\" \/>\t\t\t\t\t\t\t\t\t\t\t\t\t\t\t<\/div>\n\t\t\t\t<\/div>\n\t\t\t\t<\/div>\n\t\t\t\t<\/div>\n\t\t\t\t\t<\/div>\n\t\t\t\t<\/div>\n\t\t<div class=\"elementor-element elementor-element-5be6c09 bird-item e-flex e-con-boxed e-con e-parent\" data-id=\"5be6c09\" data-element_type=\"container\" data-e-type=\"container\">\n\t\t\t\t\t<div class=\"e-con-inner\">\n\t\t\t\t<div class=\"elementor-element elementor-element-bb7f79b elementor-widget elementor-widget-spacer\" data-id=\"bb7f79b\" data-element_type=\"widget\" data-e-type=\"widget\" data-widget_type=\"spacer.default\">\n\t\t\t\t<div class=\"elementor-widget-container\">\n\t\t\t\t\t\t\t<div class=\"elementor-spacer\">\n\t\t\t<div class=\"elementor-spacer-inner\"><\/div>\n\t\t<\/div>\n\t\t\t\t\t\t<\/div>\n\t\t\t\t<\/div>\n\t\t<div class=\"elementor-element elementor-element-8ebe2c2 e-con-full e-flex e-con e-child\" data-id=\"8ebe2c2\" data-element_type=\"container\" data-e-type=\"container\">\n\t\t\t\t<div class=\"elementor-element elementor-element-db11385 elementor-widget elementor-widget-tourmbutton\" data-id=\"db11385\" data-element_type=\"widget\" data-e-type=\"widget\" data-widget_type=\"tourmbutton.default\">\n\t\t\t\t<div class=\"elementor-widget-container\">\n\t\t\t\t\t<div class=\"btn-wrapper\"><a class=\"th-btn th_btn th-icon \" href=\"https:\/\/nature-fineart.com\/vogelfotografie-spanien\/fischadler\/\">Art entdecken<\/a><\/div>\t\t\t\t<\/div>\n\t\t\t\t<\/div>\n\t\t<div class=\"elementor-element elementor-element-0716725 e-con-full e-flex e-con e-child\" data-id=\"0716725\" data-element_type=\"container\" data-e-type=\"container\">\n\t\t\t\t<div class=\"elementor-element elementor-element-d8c7646 elementor-widget elementor-widget-text-editor\" data-id=\"d8c7646\" data-element_type=\"widget\" data-e-type=\"widget\" data-widget_type=\"text-editor.default\">\n\t\t\t\t<div class=\"elementor-widget-container\">\n\t\t\t\t\t\t\t\t\t<p><strong>Fischadler<\/strong> \u2013 Eleganter J\u00e4ger \u00fcber Seen und K\u00fcsten:<\/p><p>Der Fischadler l\u00e4sst sich in Spanien h\u00e4ufig im Flug oder aus gr\u00f6\u00dferer Entfernung beobachten. Mit kurzer Verschlusszeit, guter Vorbereitung und viel Geduld k\u00f6nnen interessante Flug- und Verhaltensaufnahmen entstehen.<\/p>\t\t\t\t\t\t\t\t<\/div>\n\t\t\t\t<\/div>\n\t\t\t\t<\/div>\n\t\t<div class=\"elementor-element elementor-element-1f949bc e-con-full e-flex e-con e-child\" data-id=\"1f949bc\" data-element_type=\"container\" data-e-type=\"container\">\n\t\t\t\t<div class=\"elementor-element elementor-element-5fa66cb elementor-widget elementor-widget-image\" data-id=\"5fa66cb\" data-element_type=\"widget\" data-e-type=\"widget\" data-widget_type=\"image.default\">\n\t\t\t\t<div class=\"elementor-widget-container\">\n\t\t\t\t\t\t\t\t\t\t\t\t\t\t\t<img loading=\"lazy\" decoding=\"async\" width=\"600\" height=\"434\" src=\"https:\/\/nature-fineart.com\/vogelfotografie-spanien\/wp-content\/uploads\/2026\/07\/Fischadler-fotografieren-in-Spanien-600x434.jpg\" class=\"attachment-medium size-medium wp-image-9197\" alt=\"\" srcset=\"https:\/\/nature-fineart.com\/vogelfotografie-spanien\/wp-content\/uploads\/2026\/07\/Fischadler-fotografieren-in-Spanien-600x434.jpg 600w, https:\/\/nature-fineart.com\/vogelfotografie-spanien\/wp-content\/uploads\/2026\/07\/Fischadler-fotografieren-in-Spanien-768x556.jpg 768w, https:\/\/nature-fineart.com\/vogelfotografie-spanien\/wp-content\/uploads\/2026\/07\/Fischadler-fotografieren-in-Spanien.jpg 1024w\" sizes=\"(max-width: 600px) 100vw, 600px\" \/>\t\t\t\t\t\t\t\t\t\t\t\t\t\t\t<\/div>\n\t\t\t\t<\/div>\n\t\t\t\t<\/div>\n\t\t\t\t<\/div>\n\t\t\t\t\t<\/div>\n\t\t\t\t<\/div>\n\t\t<div class=\"elementor-element elementor-element-4b25066 bird-item e-flex e-con-boxed e-con e-parent\" data-id=\"4b25066\" data-element_type=\"container\" data-e-type=\"container\">\n\t\t\t\t\t<div class=\"e-con-inner\">\n\t\t\t\t<div class=\"elementor-element elementor-element-36b5eaa elementor-widget elementor-widget-spacer\" data-id=\"36b5eaa\" data-element_type=\"widget\" data-e-type=\"widget\" data-widget_type=\"spacer.default\">\n\t\t\t\t<div class=\"elementor-widget-container\">\n\t\t\t\t\t\t\t<div class=\"elementor-spacer\">\n\t\t\t<div class=\"elementor-spacer-inner\"><\/div>\n\t\t<\/div>\n\t\t\t\t\t\t<\/div>\n\t\t\t\t<\/div>\n\t\t<div class=\"elementor-element elementor-element-2fda1bb e-con-full e-flex e-con e-child\" data-id=\"2fda1bb\" data-element_type=\"container\" data-e-type=\"container\">\n\t\t\t\t<div class=\"elementor-element elementor-element-67e7a03 elementor-widget elementor-widget-tourmbutton\" data-id=\"67e7a03\" data-element_type=\"widget\" data-e-type=\"widget\" data-widget_type=\"tourmbutton.default\">\n\t\t\t\t<div class=\"elementor-widget-container\">\n\t\t\t\t\t<div class=\"btn-wrapper\"><a class=\"th-btn th_btn th-icon \" href=\"https:\/\/nature-fineart.com\/vogelfotografie-spanien\/habicht\/\">Art entdecken<\/a><\/div>\t\t\t\t<\/div>\n\t\t\t\t<\/div>\n\t\t<div class=\"elementor-element elementor-element-1a5653b e-con-full e-flex e-con e-child\" data-id=\"1a5653b\" data-element_type=\"container\" data-e-type=\"container\">\n\t\t\t\t<div class=\"elementor-element elementor-element-cf5dacb elementor-widget elementor-widget-text-editor\" data-id=\"cf5dacb\" data-element_type=\"widget\" data-e-type=\"widget\" data-widget_type=\"text-editor.default\">\n\t\t\t\t<div class=\"elementor-widget-container\">\n\t\t\t\t\t\t\t\t\t<p><strong>Habicht<\/strong> \u2013 kraftvoller J\u00e4ger mit intensivem Blick:<\/p><p>Der Habicht ist ein schneller und wendiger Greifvogel, der h\u00e4ufig \u00fcberraschend auf einer Warte erscheint. Sein intensiver Blick, die feine Brustzeichnung und seine kraftvolle K\u00f6rperform machen ihn zu einem anspruchsvollen und eindrucksvollen Fotomotiv.<\/p>\t\t\t\t\t\t\t\t<\/div>\n\t\t\t\t<\/div>\n\t\t\t\t<\/div>\n\t\t<div class=\"elementor-element elementor-element-985851c e-con-full e-flex e-con e-child\" data-id=\"985851c\" data-element_type=\"container\" data-e-type=\"container\">\n\t\t\t\t<div class=\"elementor-element elementor-element-2549fcf elementor-widget elementor-widget-image\" data-id=\"2549fcf\" data-element_type=\"widget\" data-e-type=\"widget\" data-widget_type=\"image.default\">\n\t\t\t\t<div class=\"elementor-widget-container\">\n\t\t\t\t\t\t\t\t\t\t\t\t\t\t\t<img loading=\"lazy\" decoding=\"async\" width=\"600\" height=\"400\" src=\"https:\/\/nature-fineart.com\/vogelfotografie-spanien\/wp-content\/uploads\/2026\/07\/Adulter-Habicht-auf-einem-Ast-mit-aufmerksam-zur-Seite-gerichtetem-Blick-600x400.jpg\" class=\"attachment-medium size-medium wp-image-9380\" alt=\"\" srcset=\"https:\/\/nature-fineart.com\/vogelfotografie-spanien\/wp-content\/uploads\/2026\/07\/Adulter-Habicht-auf-einem-Ast-mit-aufmerksam-zur-Seite-gerichtetem-Blick-600x400.jpg 600w, https:\/\/nature-fineart.com\/vogelfotografie-spanien\/wp-content\/uploads\/2026\/07\/Adulter-Habicht-auf-einem-Ast-mit-aufmerksam-zur-Seite-gerichtetem-Blick-768x512.jpg 768w, https:\/\/nature-fineart.com\/vogelfotografie-spanien\/wp-content\/uploads\/2026\/07\/Adulter-Habicht-auf-einem-Ast-mit-aufmerksam-zur-Seite-gerichtetem-Blick.jpg 1024w\" sizes=\"(max-width: 600px) 100vw, 600px\" \/>\t\t\t\t\t\t\t\t\t\t\t\t\t\t\t<\/div>\n\t\t\t\t<\/div>\n\t\t\t\t<\/div>\n\t\t\t\t<\/div>\n\t\t\t\t\t<\/div>\n\t\t\t\t<\/div>\n\t\t<div class=\"elementor-element elementor-element-099aa54 bird-item e-flex e-con-boxed e-con e-parent\" data-id=\"099aa54\" data-element_type=\"container\" data-e-type=\"container\">\n\t\t\t\t\t<div class=\"e-con-inner\">\n\t\t\t\t<div class=\"elementor-element elementor-element-413a307 elementor-widget elementor-widget-spacer\" data-id=\"413a307\" data-element_type=\"widget\" data-e-type=\"widget\" data-widget_type=\"spacer.default\">\n\t\t\t\t<div class=\"elementor-widget-container\">\n\t\t\t\t\t\t\t<div class=\"elementor-spacer\">\n\t\t\t<div class=\"elementor-spacer-inner\"><\/div>\n\t\t<\/div>\n\t\t\t\t\t\t<\/div>\n\t\t\t\t<\/div>\n\t\t<div class=\"elementor-element elementor-element-ca54b74 e-con-full e-flex e-con e-child\" data-id=\"ca54b74\" data-element_type=\"container\" data-e-type=\"container\">\n\t\t\t\t<div class=\"elementor-element elementor-element-b00d260 elementor-widget elementor-widget-tourmbutton\" data-id=\"b00d260\" data-element_type=\"widget\" data-e-type=\"widget\" data-widget_type=\"tourmbutton.default\">\n\t\t\t\t<div class=\"elementor-widget-container\">\n\t\t\t\t\t<div class=\"btn-wrapper\"><a class=\"th-btn th_btn th-icon \" href=\"https:\/\/nature-fineart.com\/vogelfotografie-spanien\/gleitaar\/\">Art entdecken<\/a><\/div>\t\t\t\t<\/div>\n\t\t\t\t<\/div>\n\t\t<div class=\"elementor-element elementor-element-a81d9b4 e-con-full e-flex e-con e-child\" data-id=\"a81d9b4\" data-element_type=\"container\" data-e-type=\"container\">\n\t\t\t\t<div class=\"elementor-element elementor-element-6d9b8f1 elementor-widget elementor-widget-text-editor\" data-id=\"6d9b8f1\" data-element_type=\"widget\" data-e-type=\"widget\" data-widget_type=\"text-editor.default\">\n\t\t\t\t<div class=\"elementor-widget-container\">\n\t\t\t\t\t\t\t\t\t<p><strong>Gleitaar<\/strong> \u2013 Eleganter J\u00e4ger der spanischen Landschaften:<\/p><p>Der Gleitaar geh\u00f6rt zu den faszinierendsten Greifv\u00f6geln Spaniens. Sein heller K\u00f6rper, die roten Augen und der charakteristische R\u00fcttelflug machen ihn zu einem au\u00dfergew\u00f6hnlichen Motiv der Naturfotografie.<\/p>\t\t\t\t\t\t\t\t<\/div>\n\t\t\t\t<\/div>\n\t\t\t\t<\/div>\n\t\t<div class=\"elementor-element elementor-element-0d507a7 e-con-full e-flex e-con e-child\" data-id=\"0d507a7\" data-element_type=\"container\" data-e-type=\"container\">\n\t\t\t\t<div class=\"elementor-element elementor-element-5f54ce3 elementor-widget elementor-widget-image\" data-id=\"5f54ce3\" data-element_type=\"widget\" data-e-type=\"widget\" data-widget_type=\"image.default\">\n\t\t\t\t<div class=\"elementor-widget-container\">\n\t\t\t\t\t\t\t\t\t\t\t\t\t\t\t<img loading=\"lazy\" decoding=\"async\" width=\"600\" height=\"400\" src=\"https:\/\/nature-fineart.com\/vogelfotografie-spanien\/wp-content\/uploads\/2025\/10\/Gleitaar-600x400.jpg\" class=\"attachment-medium size-medium wp-image-5861\" alt=\"\" srcset=\"https:\/\/nature-fineart.com\/vogelfotografie-spanien\/wp-content\/uploads\/2025\/10\/Gleitaar-600x400.jpg 600w, https:\/\/nature-fineart.com\/vogelfotografie-spanien\/wp-content\/uploads\/2025\/10\/Gleitaar-768x512.jpg 768w, https:\/\/nature-fineart.com\/vogelfotografie-spanien\/wp-content\/uploads\/2025\/10\/Gleitaar.jpg 1024w\" sizes=\"(max-width: 600px) 100vw, 600px\" \/>\t\t\t\t\t\t\t\t\t\t\t\t\t\t\t<\/div>\n\t\t\t\t<\/div>\n\t\t\t\t<\/div>\n\t\t\t\t<\/div>\n\t\t\t\t\t<\/div>\n\t\t\t\t<\/div>\n\t\t<div class=\"elementor-element elementor-element-1232413 bird-item e-flex e-con-boxed e-con e-parent\" data-id=\"1232413\" data-element_type=\"container\" data-e-type=\"container\">\n\t\t\t\t\t<div class=\"e-con-inner\">\n\t\t\t\t<div class=\"elementor-element elementor-element-8c173f9 elementor-widget elementor-widget-spacer\" data-id=\"8c173f9\" data-element_type=\"widget\" data-e-type=\"widget\" data-widget_type=\"spacer.default\">\n\t\t\t\t<div class=\"elementor-widget-container\">\n\t\t\t\t\t\t\t<div class=\"elementor-spacer\">\n\t\t\t<div class=\"elementor-spacer-inner\"><\/div>\n\t\t<\/div>\n\t\t\t\t\t\t<\/div>\n\t\t\t\t<\/div>\n\t\t<div class=\"elementor-element elementor-element-5f4cd6c e-con-full e-flex e-con e-child\" data-id=\"5f4cd6c\" data-element_type=\"container\" data-e-type=\"container\">\n\t\t\t\t<div class=\"elementor-element elementor-element-459ae76 elementor-widget elementor-widget-tourmbutton\" data-id=\"459ae76\" data-element_type=\"widget\" data-e-type=\"widget\" data-widget_type=\"tourmbutton.default\">\n\t\t\t\t<div class=\"elementor-widget-container\">\n\t\t\t\t\t<div class=\"btn-wrapper\"><a class=\"th-btn th_btn th-icon \" href=\"https:\/\/nature-fineart.com\/vogelfotografie-spanien\/roetelfalke\/\">Art entdecken<\/a><\/div>\t\t\t\t<\/div>\n\t\t\t\t<\/div>\n\t\t<div class=\"elementor-element elementor-element-86bf6ba e-con-full e-flex e-con e-child\" data-id=\"86bf6ba\" data-element_type=\"container\" data-e-type=\"container\">\n\t\t\t\t<div class=\"elementor-element elementor-element-7b53ed8 elementor-widget elementor-widget-text-editor\" data-id=\"7b53ed8\" data-element_type=\"widget\" data-e-type=\"widget\" data-widget_type=\"text-editor.default\">\n\t\t\t\t<div class=\"elementor-widget-container\">\n\t\t\t\t\t\t\t\t\t<p><strong>R\u00f6telfalken<\/strong> \u2013 Eleganter J\u00e4ger der Steppenlandschaft:<\/p><p>Elegante Flugaufnahmen, ruhige Naturmomente und intensive Beobachtungen in den offenen Landschaften Zentralspaniens.<br \/>Der R\u00f6telfalke z\u00e4hlt zu den faszinierendsten Greifv\u00f6geln der spanischen Agrargebiete.<\/p>\t\t\t\t\t\t\t\t<\/div>\n\t\t\t\t<\/div>\n\t\t\t\t<\/div>\n\t\t<div class=\"elementor-element elementor-element-02b1818 e-con-full e-flex e-con e-child\" data-id=\"02b1818\" data-element_type=\"container\" data-e-type=\"container\">\n\t\t\t\t<div class=\"elementor-element elementor-element-45b0475 elementor-widget elementor-widget-image\" data-id=\"45b0475\" data-element_type=\"widget\" data-e-type=\"widget\" data-widget_type=\"image.default\">\n\t\t\t\t<div class=\"elementor-widget-container\">\n\t\t\t\t\t\t\t\t\t\t\t\t\t\t\t<img loading=\"lazy\" decoding=\"async\" width=\"600\" height=\"400\" src=\"https:\/\/nature-fineart.com\/vogelfotografie-spanien\/wp-content\/uploads\/2026\/05\/Roetelfalken-Maennchen-Portrait-600x400.jpg\" class=\"attachment-medium size-medium wp-image-7902\" alt=\"\" srcset=\"https:\/\/nature-fineart.com\/vogelfotografie-spanien\/wp-content\/uploads\/2026\/05\/Roetelfalken-Maennchen-Portrait-600x400.jpg 600w, https:\/\/nature-fineart.com\/vogelfotografie-spanien\/wp-content\/uploads\/2026\/05\/Roetelfalken-Maennchen-Portrait-768x512.jpg 768w, https:\/\/nature-fineart.com\/vogelfotografie-spanien\/wp-content\/uploads\/2026\/05\/Roetelfalken-Maennchen-Portrait.jpg 1024w\" sizes=\"(max-width: 600px) 100vw, 600px\" \/>\t\t\t\t\t\t\t\t\t\t\t\t\t\t\t<\/div>\n\t\t\t\t<\/div>\n\t\t\t\t<\/div>\n\t\t\t\t<\/div>\n\t\t\t\t\t<\/div>\n\t\t\t\t<\/div>\n\t\t<div class=\"elementor-element elementor-element-d55e71e bird-item e-flex e-con-boxed e-con e-parent\" data-id=\"d55e71e\" data-element_type=\"container\" data-e-type=\"container\">\n\t\t\t\t\t<div class=\"e-con-inner\">\n\t\t\t\t<div class=\"elementor-element elementor-element-bf27ae4 elementor-widget elementor-widget-spacer\" data-id=\"bf27ae4\" data-element_type=\"widget\" data-e-type=\"widget\" data-widget_type=\"spacer.default\">\n\t\t\t\t<div class=\"elementor-widget-container\">\n\t\t\t\t\t\t\t<div class=\"elementor-spacer\">\n\t\t\t<div class=\"elementor-spacer-inner\"><\/div>\n\t\t<\/div>\n\t\t\t\t\t\t<\/div>\n\t\t\t\t<\/div>\n\t\t<div class=\"elementor-element elementor-element-c71d55d e-con-full e-flex e-con e-child\" data-id=\"c71d55d\" data-element_type=\"container\" data-e-type=\"container\">\n\t\t\t\t<div class=\"elementor-element elementor-element-2191c76 elementor-widget elementor-widget-tourmbutton\" data-id=\"2191c76\" data-element_type=\"widget\" data-e-type=\"widget\" data-widget_type=\"tourmbutton.default\">\n\t\t\t\t<div class=\"elementor-widget-container\">\n\t\t\t\t\t<div class=\"btn-wrapper\"><a class=\"th-btn th_btn th-icon \" href=\"https:\/\/nature-fineart.com\/vogelfotografie-spanien\/turmfalke\/\">Art entdecken<\/a><\/div>\t\t\t\t<\/div>\n\t\t\t\t<\/div>\n\t\t<div class=\"elementor-element elementor-element-0c36e7e e-con-full e-flex e-con e-child\" data-id=\"0c36e7e\" data-element_type=\"container\" data-e-type=\"container\">\n\t\t\t\t<div class=\"elementor-element elementor-element-f75c11b elementor-widget elementor-widget-text-editor\" data-id=\"f75c11b\" data-element_type=\"widget\" data-e-type=\"widget\" data-widget_type=\"text-editor.default\">\n\t\t\t\t<div class=\"elementor-widget-container\">\n\t\t\t\t\t\t\t\t\t<p><strong>Turmfalke<\/strong> \u2013 J\u00e4ger \u00fcber Feld und Wiese:<\/p><p>Der Turmfalke geh\u00f6rt zu den h\u00e4ufigsten und zugleich faszinierendsten Greifv\u00f6geln Spaniens. Besonders in offenen Landschaften und traditionellen Kulturr\u00e4umen entstehen eindrucksvolle Flugaufnahmen und nat\u00fcrliche Beobachtungen.<\/p>\t\t\t\t\t\t\t\t<\/div>\n\t\t\t\t<\/div>\n\t\t\t\t<\/div>\n\t\t<div class=\"elementor-element elementor-element-fa82d8b e-con-full e-flex e-con e-child\" data-id=\"fa82d8b\" data-element_type=\"container\" data-e-type=\"container\">\n\t\t\t\t<div class=\"elementor-element elementor-element-835d14e elementor-widget elementor-widget-image\" data-id=\"835d14e\" data-element_type=\"widget\" data-e-type=\"widget\" data-widget_type=\"image.default\">\n\t\t\t\t<div class=\"elementor-widget-container\">\n\t\t\t\t\t\t\t\t\t\t\t\t\t\t\t<img loading=\"lazy\" decoding=\"async\" width=\"600\" height=\"400\" src=\"https:\/\/nature-fineart.com\/vogelfotografie-spanien\/wp-content\/uploads\/2026\/05\/Turmfalke-fotografieren-in-Spanien-600x400.jpg\" class=\"attachment-medium size-medium wp-image-7927\" alt=\"\" srcset=\"https:\/\/nature-fineart.com\/vogelfotografie-spanien\/wp-content\/uploads\/2026\/05\/Turmfalke-fotografieren-in-Spanien-600x400.jpg 600w, https:\/\/nature-fineart.com\/vogelfotografie-spanien\/wp-content\/uploads\/2026\/05\/Turmfalke-fotografieren-in-Spanien-768x512.jpg 768w, https:\/\/nature-fineart.com\/vogelfotografie-spanien\/wp-content\/uploads\/2026\/05\/Turmfalke-fotografieren-in-Spanien.jpg 1024w\" sizes=\"(max-width: 600px) 100vw, 600px\" \/>\t\t\t\t\t\t\t\t\t\t\t\t\t\t\t<\/div>\n\t\t\t\t<\/div>\n\t\t\t\t<\/div>\n\t\t\t\t<\/div>\n\t\t\t\t\t<\/div>\n\t\t\t\t<\/div>\n\t\t<div class=\"elementor-element elementor-element-2a2b57e bird-item e-flex e-con-boxed e-con e-parent\" data-id=\"2a2b57e\" data-element_type=\"container\" data-e-type=\"container\">\n\t\t\t\t\t<div class=\"e-con-inner\">\n\t\t\t\t<div class=\"elementor-element elementor-element-b76374d elementor-widget elementor-widget-spacer\" data-id=\"b76374d\" data-element_type=\"widget\" data-e-type=\"widget\" data-widget_type=\"spacer.default\">\n\t\t\t\t<div class=\"elementor-widget-container\">\n\t\t\t\t\t\t\t<div class=\"elementor-spacer\">\n\t\t\t<div class=\"elementor-spacer-inner\"><\/div>\n\t\t<\/div>\n\t\t\t\t\t\t<\/div>\n\t\t\t\t<\/div>\n\t\t<div class=\"elementor-element elementor-element-12e0ef1 e-con-full e-flex e-con e-child\" data-id=\"12e0ef1\" data-element_type=\"container\" data-e-type=\"container\">\n\t\t\t\t<div class=\"elementor-element elementor-element-6fccc49 elementor-widget elementor-widget-tourmbutton\" data-id=\"6fccc49\" data-element_type=\"widget\" data-e-type=\"widget\" data-widget_type=\"tourmbutton.default\">\n\t\t\t\t<div class=\"elementor-widget-container\">\n\t\t\t\t\t<div class=\"btn-wrapper\"><a class=\"th-btn th_btn th-icon \" href=\"https:\/\/nature-fineart.com\/vogelfotografie-spanien\/rohrweihe\/\">Art entdecken<\/a><\/div>\t\t\t\t<\/div>\n\t\t\t\t<\/div>\n\t\t<div class=\"elementor-element elementor-element-ca94e15 e-con-full e-flex e-con e-child\" data-id=\"ca94e15\" data-element_type=\"container\" data-e-type=\"container\">\n\t\t\t\t<div class=\"elementor-element elementor-element-fcf563a elementor-widget elementor-widget-text-editor\" data-id=\"fcf563a\" data-element_type=\"widget\" data-e-type=\"widget\" data-widget_type=\"text-editor.default\">\n\t\t\t\t<div class=\"elementor-widget-container\">\n\t\t\t\t\t\t\t\t\t<p><strong>Rohrweihe<\/strong> \u2013 Lautlos \u00fcber den Schilfgebieten:<\/p><p>Tiefe Fl\u00fcge \u00fcber Schilf, wechselnde Lichtstimmungen und ruhige Feuchtgebiete machen die Rohrweihe zu einem faszinierenden Motiv der spanischen Wildlife-Fotografie.<\/p>\t\t\t\t\t\t\t\t<\/div>\n\t\t\t\t<\/div>\n\t\t\t\t<\/div>\n\t\t<div class=\"elementor-element elementor-element-7eac290 e-con-full e-flex e-con e-child\" data-id=\"7eac290\" data-element_type=\"container\" data-e-type=\"container\">\n\t\t\t\t<div class=\"elementor-element elementor-element-b66db1f elementor-widget elementor-widget-image\" data-id=\"b66db1f\" data-element_type=\"widget\" data-e-type=\"widget\" data-widget_type=\"image.default\">\n\t\t\t\t<div class=\"elementor-widget-container\">\n\t\t\t\t\t\t\t\t\t\t\t\t\t\t\t<img loading=\"lazy\" decoding=\"async\" width=\"600\" height=\"400\" src=\"https:\/\/nature-fineart.com\/vogelfotografie-spanien\/wp-content\/uploads\/2026\/05\/Rohrweihe--600x400.jpg\" class=\"attachment-medium size-medium wp-image-7878\" alt=\"\" srcset=\"https:\/\/nature-fineart.com\/vogelfotografie-spanien\/wp-content\/uploads\/2026\/05\/Rohrweihe--600x400.jpg 600w, https:\/\/nature-fineart.com\/vogelfotografie-spanien\/wp-content\/uploads\/2026\/05\/Rohrweihe--768x512.jpg 768w, https:\/\/nature-fineart.com\/vogelfotografie-spanien\/wp-content\/uploads\/2026\/05\/Rohrweihe-.jpg 1024w\" sizes=\"(max-width: 600px) 100vw, 600px\" \/>\t\t\t\t\t\t\t\t\t\t\t\t\t\t\t<\/div>\n\t\t\t\t<\/div>\n\t\t\t\t<\/div>\n\t\t\t\t<\/div>\n\t\t\t\t\t<\/div>\n\t\t\t\t<\/div>\n\t\t<div class=\"elementor-element elementor-element-eee3d0b bird-item e-flex e-con-boxed e-con e-parent\" data-id=\"eee3d0b\" data-element_type=\"container\" data-e-type=\"container\">\n\t\t\t\t\t<div class=\"e-con-inner\">\n\t\t\t\t<div class=\"elementor-element elementor-element-f801bde elementor-widget elementor-widget-spacer\" data-id=\"f801bde\" data-element_type=\"widget\" data-e-type=\"widget\" data-widget_type=\"spacer.default\">\n\t\t\t\t<div class=\"elementor-widget-container\">\n\t\t\t\t\t\t\t<div class=\"elementor-spacer\">\n\t\t\t<div class=\"elementor-spacer-inner\"><\/div>\n\t\t<\/div>\n\t\t\t\t\t\t<\/div>\n\t\t\t\t<\/div>\n\t\t<div class=\"elementor-element elementor-element-3a59db8 e-con-full e-flex e-con e-child\" data-id=\"3a59db8\" data-element_type=\"container\" data-e-type=\"container\">\n\t\t\t\t<div class=\"elementor-element elementor-element-8fa7c58 elementor-widget elementor-widget-tourmbutton\" data-id=\"8fa7c58\" data-element_type=\"widget\" data-e-type=\"widget\" data-widget_type=\"tourmbutton.default\">\n\t\t\t\t<div class=\"elementor-widget-container\">\n\t\t\t\t\t<div class=\"btn-wrapper\"><a class=\"th-btn th_btn th-icon \" href=\"https:\/\/nature-fineart.com\/vogelfotografie-spanien\/steinkauz\/\">Art entdecken<\/a><\/div>\t\t\t\t<\/div>\n\t\t\t\t<\/div>\n\t\t<div class=\"elementor-element elementor-element-9611316 e-con-full e-flex e-con e-child\" data-id=\"9611316\" data-element_type=\"container\" data-e-type=\"container\">\n\t\t\t\t<div class=\"elementor-element elementor-element-46b842d elementor-widget elementor-widget-text-editor\" data-id=\"46b842d\" data-element_type=\"widget\" data-e-type=\"widget\" data-widget_type=\"text-editor.default\">\n\t\t\t\t<div class=\"elementor-widget-container\">\n\t\t\t\t\t\t\t\t\t<p><strong>Steinkauz<\/strong> \u2013 Gelbe Augen in der offenen Kulturlandschaft:<\/p><p>Der Steinkauz lebt in offenen Agrarlandschaften und f\u00e4llt durch seine gelben Augen und hervorragende Tarnung auf. Erfahre mehr \u00fcber Jagd, Lebensraum, Verhalten und seine Fotografie in Spanien.<\/p>\t\t\t\t\t\t\t\t<\/div>\n\t\t\t\t<\/div>\n\t\t\t\t<\/div>\n\t\t<div class=\"elementor-element elementor-element-30e400d e-con-full e-flex e-con e-child\" data-id=\"30e400d\" data-element_type=\"container\" data-e-type=\"container\">\n\t\t\t\t<div class=\"elementor-element elementor-element-5ff0222 elementor-widget elementor-widget-image\" data-id=\"5ff0222\" data-element_type=\"widget\" data-e-type=\"widget\" data-widget_type=\"image.default\">\n\t\t\t\t<div class=\"elementor-widget-container\">\n\t\t\t\t\t\t\t\t\t\t\t\t\t\t\t<img loading=\"lazy\" decoding=\"async\" width=\"600\" height=\"400\" src=\"https:\/\/nature-fineart.com\/vogelfotografie-spanien\/wp-content\/uploads\/2026\/08\/Steinkauz-sitzt-auf-einem-Stein-in-einer-offenen-spanischen-Landschaft-und-blickt-zur-Seite-600x400.jpg\" class=\"attachment-medium size-medium wp-image-10465\" alt=\"Steinkauz sitzt auf einem Stein in einer offenen spanischen Landschaft und blickt zur Seite\" srcset=\"https:\/\/nature-fineart.com\/vogelfotografie-spanien\/wp-content\/uploads\/2026\/08\/Steinkauz-sitzt-auf-einem-Stein-in-einer-offenen-spanischen-Landschaft-und-blickt-zur-Seite-600x400.jpg 600w, https:\/\/nature-fineart.com\/vogelfotografie-spanien\/wp-content\/uploads\/2026\/08\/Steinkauz-sitzt-auf-einem-Stein-in-einer-offenen-spanischen-Landschaft-und-blickt-zur-Seite-768x512.jpg 768w, https:\/\/nature-fineart.com\/vogelfotografie-spanien\/wp-content\/uploads\/2026\/08\/Steinkauz-sitzt-auf-einem-Stein-in-einer-offenen-spanischen-Landschaft-und-blickt-zur-Seite.jpg 1024w\" sizes=\"(max-width: 600px) 100vw, 600px\" \/>\t\t\t\t\t\t\t\t\t\t\t\t\t\t\t<\/div>\n\t\t\t\t<\/div>\n\t\t\t\t<\/div>\n\t\t\t\t<\/div>\n\t\t\t\t\t<\/div>\n\t\t\t\t<\/div>\n\t\t<div class=\"elementor-element elementor-element-5a6ced2 bird-item e-flex e-con-boxed e-con e-parent\" data-id=\"5a6ced2\" data-element_type=\"container\" data-e-type=\"container\">\n\t\t\t\t\t<div class=\"e-con-inner\">\n\t\t\t\t<div class=\"elementor-element elementor-element-1033279 elementor-widget elementor-widget-spacer\" data-id=\"1033279\" data-element_type=\"widget\" data-e-type=\"widget\" data-widget_type=\"spacer.default\">\n\t\t\t\t<div class=\"elementor-widget-container\">\n\t\t\t\t\t\t\t<div class=\"elementor-spacer\">\n\t\t\t<div class=\"elementor-spacer-inner\"><\/div>\n\t\t<\/div>\n\t\t\t\t\t\t<\/div>\n\t\t\t\t<\/div>\n\t\t<div class=\"elementor-element elementor-element-45b422c e-con-full e-flex e-con e-child\" data-id=\"45b422c\" data-element_type=\"container\" data-e-type=\"container\">\n\t\t\t\t<div class=\"elementor-element elementor-element-68a9e10 elementor-widget elementor-widget-tourmbutton\" data-id=\"68a9e10\" data-element_type=\"widget\" data-e-type=\"widget\" data-widget_type=\"tourmbutton.default\">\n\t\t\t\t<div class=\"elementor-widget-container\">\n\t\t\t\t\t<div class=\"btn-wrapper\"><a class=\"th-btn th_btn th-icon \" href=\"https:\/\/nature-fineart.com\/vogelfotografie-spanien\/zwergohreule\/\">Art entdecken<\/a><\/div>\t\t\t\t<\/div>\n\t\t\t\t<\/div>\n\t\t<div class=\"elementor-element elementor-element-acd576e e-con-full e-flex e-con e-child\" data-id=\"acd576e\" data-element_type=\"container\" data-e-type=\"container\">\n\t\t\t\t<div class=\"elementor-element elementor-element-b92084a elementor-widget elementor-widget-text-editor\" data-id=\"b92084a\" data-element_type=\"widget\" data-e-type=\"widget\" data-widget_type=\"text-editor.default\">\n\t\t\t\t<div class=\"elementor-widget-container\">\n\t\t\t\t\t\t\t\t\t<p><strong>Zwergohreule<\/strong> \u2013 Der Ruf des spanischen Fr\u00fchlings:<\/p><p>Jedes Fr\u00fchjahr kehrt die Zwergohreule nach Spanien zur\u00fcck. Oft h\u00f6rt man sie lange, bevor man sie zwischen den \u00c4sten eines Baumes entdeckt.<\/p>\t\t\t\t\t\t\t\t<\/div>\n\t\t\t\t<\/div>\n\t\t\t\t<\/div>\n\t\t<div class=\"elementor-element elementor-element-9e98dd2 e-con-full e-flex e-con e-child\" data-id=\"9e98dd2\" data-element_type=\"container\" data-e-type=\"container\">\n\t\t\t\t<div class=\"elementor-element elementor-element-6caa075 elementor-widget elementor-widget-image\" data-id=\"6caa075\" data-element_type=\"widget\" data-e-type=\"widget\" data-widget_type=\"image.default\">\n\t\t\t\t<div class=\"elementor-widget-container\">\n\t\t\t\t\t\t\t\t\t\t\t\t\t\t\t<img loading=\"lazy\" decoding=\"async\" width=\"600\" height=\"400\" src=\"https:\/\/nature-fineart.com\/vogelfotografie-spanien\/wp-content\/uploads\/2026\/07\/Zwergohreule-sitzt-gut-getarnt-in-einem-Baum-in-Spanien-600x400.jpg\" class=\"attachment-medium size-medium wp-image-9663\" alt=\"\" srcset=\"https:\/\/nature-fineart.com\/vogelfotografie-spanien\/wp-content\/uploads\/2026\/07\/Zwergohreule-sitzt-gut-getarnt-in-einem-Baum-in-Spanien-600x400.jpg 600w, https:\/\/nature-fineart.com\/vogelfotografie-spanien\/wp-content\/uploads\/2026\/07\/Zwergohreule-sitzt-gut-getarnt-in-einem-Baum-in-Spanien-768x512.jpg 768w, https:\/\/nature-fineart.com\/vogelfotografie-spanien\/wp-content\/uploads\/2026\/07\/Zwergohreule-sitzt-gut-getarnt-in-einem-Baum-in-Spanien.jpg 1024w\" sizes=\"(max-width: 600px) 100vw, 600px\" \/>\t\t\t\t\t\t\t\t\t\t\t\t\t\t\t<\/div>\n\t\t\t\t<\/div>\n\t\t\t\t<\/div>\n\t\t\t\t<\/div>\n\t\t\t\t\t<\/div>\n\t\t\t\t<\/div>\n\t\t<div class=\"elementor-element elementor-element-eaf6bc1 bird-item e-flex e-con-boxed e-con e-parent\" data-id=\"eaf6bc1\" data-element_type=\"container\" data-e-type=\"container\">\n\t\t\t\t\t<div class=\"e-con-inner\">\n\t\t\t\t<div class=\"elementor-element elementor-element-2323a14 elementor-widget elementor-widget-spacer\" data-id=\"2323a14\" data-element_type=\"widget\" data-e-type=\"widget\" data-widget_type=\"spacer.default\">\n\t\t\t\t<div class=\"elementor-widget-container\">\n\t\t\t\t\t\t\t<div class=\"elementor-spacer\">\n\t\t\t<div class=\"elementor-spacer-inner\"><\/div>\n\t\t<\/div>\n\t\t\t\t\t\t<\/div>\n\t\t\t\t<\/div>\n\t\t<div class=\"elementor-element elementor-element-05dac1b e-con-full e-flex e-con e-child\" data-id=\"05dac1b\" data-element_type=\"container\" data-e-type=\"container\">\n\t\t\t\t<div class=\"elementor-element elementor-element-8615303 elementor-widget elementor-widget-tourmbutton\" data-id=\"8615303\" data-element_type=\"widget\" data-e-type=\"widget\" data-widget_type=\"tourmbutton.default\">\n\t\t\t\t<div class=\"elementor-widget-container\">\n\t\t\t\t\t<div class=\"btn-wrapper\"><a class=\"th-btn th_btn th-icon \" href=\"https:\/\/nature-fineart.com\/vogelfotografie-spanien\/blauracke\/\">Art entdecken<\/a><\/div>\t\t\t\t<\/div>\n\t\t\t\t<\/div>\n\t\t<div class=\"elementor-element elementor-element-2a0225c e-con-full e-flex e-con e-child\" data-id=\"2a0225c\" data-element_type=\"container\" data-e-type=\"container\">\n\t\t\t\t<div class=\"elementor-element elementor-element-469568b elementor-widget elementor-widget-text-editor\" data-id=\"469568b\" data-element_type=\"widget\" data-e-type=\"widget\" data-widget_type=\"text-editor.default\">\n\t\t\t\t<div class=\"elementor-widget-container\">\n\t\t\t\t\t\t\t\t\t<p><strong>Blauracke<\/strong> \u2013 Farbenpr\u00e4chtiger J\u00e4ger offener Landschaften:<\/p><p>Erlebe die Blauracke in Spaniens offenen Agrarlandschaften und Kieferngebieten. Tipps zu Verhalten, Licht und Fotodistanz \u2013 plus passende Fotoreisen in kleinen Gruppen entdecken.<\/p>\t\t\t\t\t\t\t\t<\/div>\n\t\t\t\t<\/div>\n\t\t\t\t<\/div>\n\t\t<div class=\"elementor-element elementor-element-c538d55 e-con-full e-flex e-con e-child\" data-id=\"c538d55\" data-element_type=\"container\" data-e-type=\"container\">\n\t\t\t\t<div class=\"elementor-element elementor-element-abc8c54 elementor-widget elementor-widget-image\" data-id=\"abc8c54\" data-element_type=\"widget\" data-e-type=\"widget\" data-widget_type=\"image.default\">\n\t\t\t\t<div class=\"elementor-widget-container\">\n\t\t\t\t\t\t\t\t\t\t\t\t\t\t\t<img loading=\"lazy\" decoding=\"async\" width=\"600\" height=\"400\" src=\"https:\/\/nature-fineart.com\/vogelfotografie-spanien\/wp-content\/uploads\/2019\/02\/Blauracke-600x400.jpg\" class=\"attachment-medium size-medium wp-image-5476\" alt=\"\" srcset=\"https:\/\/nature-fineart.com\/vogelfotografie-spanien\/wp-content\/uploads\/2019\/02\/Blauracke-600x400.jpg 600w, https:\/\/nature-fineart.com\/vogelfotografie-spanien\/wp-content\/uploads\/2019\/02\/Blauracke-768x512.jpg 768w, https:\/\/nature-fineart.com\/vogelfotografie-spanien\/wp-content\/uploads\/2019\/02\/Blauracke.jpg 1024w\" sizes=\"(max-width: 600px) 100vw, 600px\" \/>\t\t\t\t\t\t\t\t\t\t\t\t\t\t\t<\/div>\n\t\t\t\t<\/div>\n\t\t\t\t<\/div>\n\t\t\t\t<\/div>\n\t\t\t\t\t<\/div>\n\t\t\t\t<\/div>\n\t\t<div class=\"elementor-element elementor-element-968a92f bird-item e-flex e-con-boxed e-con e-parent\" data-id=\"968a92f\" data-element_type=\"container\" data-e-type=\"container\">\n\t\t\t\t\t<div class=\"e-con-inner\">\n\t\t\t\t<div class=\"elementor-element elementor-element-7303a2d elementor-widget elementor-widget-spacer\" data-id=\"7303a2d\" data-element_type=\"widget\" data-e-type=\"widget\" data-widget_type=\"spacer.default\">\n\t\t\t\t<div class=\"elementor-widget-container\">\n\t\t\t\t\t\t\t<div class=\"elementor-spacer\">\n\t\t\t<div class=\"elementor-spacer-inner\"><\/div>\n\t\t<\/div>\n\t\t\t\t\t\t<\/div>\n\t\t\t\t<\/div>\n\t\t<div class=\"elementor-element elementor-element-7647a7b e-con-full e-flex e-con e-child\" data-id=\"7647a7b\" data-element_type=\"container\" data-e-type=\"container\">\n\t\t\t\t<div class=\"elementor-element elementor-element-a854b3c elementor-widget elementor-widget-tourmbutton\" data-id=\"a854b3c\" data-element_type=\"widget\" data-e-type=\"widget\" data-widget_type=\"tourmbutton.default\">\n\t\t\t\t<div class=\"elementor-widget-container\">\n\t\t\t\t\t<div class=\"btn-wrapper\"><a class=\"th-btn th_btn th-icon \" href=\"https:\/\/nature-fineart.com\/vogelfotografie-spanien\/schwarzstorch\/\">Art entdecken<\/a><\/div>\t\t\t\t<\/div>\n\t\t\t\t<\/div>\n\t\t<div class=\"elementor-element elementor-element-15d15d3 e-con-full e-flex e-con e-child\" data-id=\"15d15d3\" data-element_type=\"container\" data-e-type=\"container\">\n\t\t\t\t<div class=\"elementor-element elementor-element-593fa22 elementor-widget elementor-widget-text-editor\" data-id=\"593fa22\" data-element_type=\"widget\" data-e-type=\"widget\" data-widget_type=\"text-editor.default\">\n\t\t\t\t<div class=\"elementor-widget-container\">\n\t\t\t\t\t\t\t\t\t<p><strong>Schwarzstorch<\/strong> \u2013 Der scheue Storch der W\u00e4lder:<\/p><p>Der Schwarzstorch geh\u00f6rt zu den verborgensten Vogelarten Europas. Begegnungen in Spaniens stillen Flusslandschaften sind selten und genau deshalb fotografisch so besonders.<\/p>\t\t\t\t\t\t\t\t<\/div>\n\t\t\t\t<\/div>\n\t\t\t\t<\/div>\n\t\t<div class=\"elementor-element elementor-element-5e1624e e-con-full e-flex e-con e-child\" data-id=\"5e1624e\" data-element_type=\"container\" data-e-type=\"container\">\n\t\t\t\t<div class=\"elementor-element elementor-element-2e7c08e elementor-widget elementor-widget-image\" data-id=\"2e7c08e\" data-element_type=\"widget\" data-e-type=\"widget\" data-widget_type=\"image.default\">\n\t\t\t\t<div class=\"elementor-widget-container\">\n\t\t\t\t\t\t\t\t\t\t\t\t\t\t\t<img loading=\"lazy\" decoding=\"async\" width=\"600\" height=\"400\" src=\"https:\/\/nature-fineart.com\/vogelfotografie-spanien\/wp-content\/uploads\/2026\/02\/Schwarzstorch-in-Spanien-600x400.jpg\" class=\"attachment-medium size-medium wp-image-7332\" alt=\"\" srcset=\"https:\/\/nature-fineart.com\/vogelfotografie-spanien\/wp-content\/uploads\/2026\/02\/Schwarzstorch-in-Spanien-600x400.jpg 600w, https:\/\/nature-fineart.com\/vogelfotografie-spanien\/wp-content\/uploads\/2026\/02\/Schwarzstorch-in-Spanien-768x512.jpg 768w, https:\/\/nature-fineart.com\/vogelfotografie-spanien\/wp-content\/uploads\/2026\/02\/Schwarzstorch-in-Spanien.jpg 1024w\" sizes=\"(max-width: 600px) 100vw, 600px\" \/>\t\t\t\t\t\t\t\t\t\t\t\t\t\t\t<\/div>\n\t\t\t\t<\/div>\n\t\t\t\t<\/div>\n\t\t\t\t<\/div>\n\t\t\t\t\t<\/div>\n\t\t\t\t<\/div>\n\t\t<div class=\"elementor-element elementor-element-813c305 bird-item e-flex e-con-boxed e-con e-parent\" data-id=\"813c305\" data-element_type=\"container\" data-e-type=\"container\">\n\t\t\t\t\t<div class=\"e-con-inner\">\n\t\t\t\t<div class=\"elementor-element elementor-element-7dc0753 elementor-widget elementor-widget-spacer\" data-id=\"7dc0753\" data-element_type=\"widget\" data-e-type=\"widget\" data-widget_type=\"spacer.default\">\n\t\t\t\t<div class=\"elementor-widget-container\">\n\t\t\t\t\t\t\t<div class=\"elementor-spacer\">\n\t\t\t<div class=\"elementor-spacer-inner\"><\/div>\n\t\t<\/div>\n\t\t\t\t\t\t<\/div>\n\t\t\t\t<\/div>\n\t\t<div class=\"elementor-element elementor-element-7f69966 e-con-full e-flex e-con e-child\" data-id=\"7f69966\" data-element_type=\"container\" data-e-type=\"container\">\n\t\t\t\t<div class=\"elementor-element elementor-element-10dda85 elementor-widget elementor-widget-tourmbutton\" data-id=\"10dda85\" data-element_type=\"widget\" data-e-type=\"widget\" data-widget_type=\"tourmbutton.default\">\n\t\t\t\t<div class=\"elementor-widget-container\">\n\t\t\t\t\t<div class=\"btn-wrapper\"><a class=\"th-btn th_btn th-icon \" href=\"https:\/\/nature-fineart.com\/vogelfotografie-spanien\/weissstorch\/\">Art entdecken<\/a><\/div>\t\t\t\t<\/div>\n\t\t\t\t<\/div>\n\t\t<div class=\"elementor-element elementor-element-3f74bc6 e-con-full e-flex e-con e-child\" data-id=\"3f74bc6\" data-element_type=\"container\" data-e-type=\"container\">\n\t\t\t\t<div class=\"elementor-element elementor-element-9472ea8 elementor-widget elementor-widget-text-editor\" data-id=\"9472ea8\" data-element_type=\"widget\" data-e-type=\"widget\" data-widget_type=\"text-editor.default\">\n\t\t\t\t<div class=\"elementor-widget-container\">\n\t\t\t\t\t\t\t\t\t<p><strong>Wei\u00dfstorch<\/strong> \u2013 zwischen Feuchtgebieten, Feldern und D\u00f6rfern:<\/p><p>Der Wei\u00dfstorch ist in Spanien in sehr unterschiedlichen Lebensr\u00e4umen anzutreffen. Gro\u00dfe Nester, Zuggruppen, Flugaufnahmen und sein Leben zwischen Kulturlandschaft und Feuchtgebieten bieten abwechslungsreiche Fotomotive.<\/p>\t\t\t\t\t\t\t\t<\/div>\n\t\t\t\t<\/div>\n\t\t\t\t<\/div>\n\t\t<div class=\"elementor-element elementor-element-13c40aa e-con-full e-flex e-con e-child\" data-id=\"13c40aa\" data-element_type=\"container\" data-e-type=\"container\">\n\t\t\t\t<div class=\"elementor-element elementor-element-cc8a8ce elementor-widget elementor-widget-image\" data-id=\"cc8a8ce\" data-element_type=\"widget\" data-e-type=\"widget\" data-widget_type=\"image.default\">\n\t\t\t\t<div class=\"elementor-widget-container\">\n\t\t\t\t\t\t\t\t\t\t\t\t\t\t\t<img loading=\"lazy\" decoding=\"async\" width=\"600\" height=\"400\" src=\"https:\/\/nature-fineart.com\/vogelfotografie-spanien\/wp-content\/uploads\/2026\/07\/Weissstoerche-in-einer-Lagune-bei-warmem-Abendlicht-600x400.jpg\" class=\"attachment-medium size-medium wp-image-9306\" alt=\"\" srcset=\"https:\/\/nature-fineart.com\/vogelfotografie-spanien\/wp-content\/uploads\/2026\/07\/Weissstoerche-in-einer-Lagune-bei-warmem-Abendlicht-600x400.jpg 600w, https:\/\/nature-fineart.com\/vogelfotografie-spanien\/wp-content\/uploads\/2026\/07\/Weissstoerche-in-einer-Lagune-bei-warmem-Abendlicht-768x512.jpg 768w, https:\/\/nature-fineart.com\/vogelfotografie-spanien\/wp-content\/uploads\/2026\/07\/Weissstoerche-in-einer-Lagune-bei-warmem-Abendlicht.jpg 1024w\" sizes=\"(max-width: 600px) 100vw, 600px\" \/>\t\t\t\t\t\t\t\t\t\t\t\t\t\t\t<\/div>\n\t\t\t\t<\/div>\n\t\t\t\t<\/div>\n\t\t\t\t<\/div>\n\t\t\t\t\t<\/div>\n\t\t\t\t<\/div>\n\t\t<div class=\"elementor-element elementor-element-24647d2 bird-item e-flex e-con-boxed e-con e-parent\" data-id=\"24647d2\" data-element_type=\"container\" data-e-type=\"container\">\n\t\t\t\t\t<div class=\"e-con-inner\">\n\t\t\t\t<div class=\"elementor-element elementor-element-9191ee2 elementor-widget elementor-widget-spacer\" data-id=\"9191ee2\" data-element_type=\"widget\" data-e-type=\"widget\" data-widget_type=\"spacer.default\">\n\t\t\t\t<div class=\"elementor-widget-container\">\n\t\t\t\t\t\t\t<div class=\"elementor-spacer\">\n\t\t\t<div class=\"elementor-spacer-inner\"><\/div>\n\t\t<\/div>\n\t\t\t\t\t\t<\/div>\n\t\t\t\t<\/div>\n\t\t<div class=\"elementor-element elementor-element-038a793 e-con-full e-flex e-con e-child\" data-id=\"038a793\" data-element_type=\"container\" data-e-type=\"container\">\n\t\t\t\t<div class=\"elementor-element elementor-element-9f2fe14 elementor-widget elementor-widget-tourmbutton\" data-id=\"9f2fe14\" data-element_type=\"widget\" data-e-type=\"widget\" data-widget_type=\"tourmbutton.default\">\n\t\t\t\t<div class=\"elementor-widget-container\">\n\t\t\t\t\t<div class=\"btn-wrapper\"><a class=\"th-btn th_btn th-icon \" href=\"https:\/\/nature-fineart.com\/vogelfotografie-spanien\/grosstrappe-spanien\/\">Art entdecken<\/a><\/div>\t\t\t\t<\/div>\n\t\t\t\t<\/div>\n\t\t<div class=\"elementor-element elementor-element-a340d81 e-con-full e-flex e-con e-child\" data-id=\"a340d81\" data-element_type=\"container\" data-e-type=\"container\">\n\t\t\t\t<div class=\"elementor-element elementor-element-15655fd elementor-widget elementor-widget-text-editor\" data-id=\"15655fd\" data-element_type=\"widget\" data-e-type=\"widget\" data-widget_type=\"text-editor.default\">\n\t\t\t\t<div class=\"elementor-widget-container\">\n\t\t\t\t\t\t\t\t\t<p><strong>Gro\u00dftrappe<\/strong> \u2013 Gigant der spanischen Steppen:<\/p><p>Die Gro\u00dftrappe geh\u00f6rt zu den beeindruckendsten Vogelarten Spaniens. Erfahre mehr \u00fcber ihre spektakul\u00e4re Balz, ihren Lebensraum und meine Erfahrungen bei der Fotografie.<\/p>\t\t\t\t\t\t\t\t<\/div>\n\t\t\t\t<\/div>\n\t\t\t\t<\/div>\n\t\t<div class=\"elementor-element elementor-element-1e6782d e-con-full e-flex e-con e-child\" data-id=\"1e6782d\" data-element_type=\"container\" data-e-type=\"container\">\n\t\t\t\t<div class=\"elementor-element elementor-element-34e5c5a elementor-widget elementor-widget-image\" data-id=\"34e5c5a\" data-element_type=\"widget\" data-e-type=\"widget\" data-widget_type=\"image.default\">\n\t\t\t\t<div class=\"elementor-widget-container\">\n\t\t\t\t\t\t\t\t\t\t\t\t\t\t\t<img loading=\"lazy\" decoding=\"async\" width=\"600\" height=\"400\" src=\"https:\/\/nature-fineart.com\/vogelfotografie-spanien\/wp-content\/uploads\/2026\/07\/Balzendes-Grosstrappen-Maennchen-in-Spanien-600x400.jpg\" class=\"attachment-medium size-medium wp-image-9567\" alt=\"\" srcset=\"https:\/\/nature-fineart.com\/vogelfotografie-spanien\/wp-content\/uploads\/2026\/07\/Balzendes-Grosstrappen-Maennchen-in-Spanien-600x400.jpg 600w, https:\/\/nature-fineart.com\/vogelfotografie-spanien\/wp-content\/uploads\/2026\/07\/Balzendes-Grosstrappen-Maennchen-in-Spanien-768x512.jpg 768w, https:\/\/nature-fineart.com\/vogelfotografie-spanien\/wp-content\/uploads\/2026\/07\/Balzendes-Grosstrappen-Maennchen-in-Spanien.jpg 1024w\" sizes=\"(max-width: 600px) 100vw, 600px\" \/>\t\t\t\t\t\t\t\t\t\t\t\t\t\t\t<\/div>\n\t\t\t\t<\/div>\n\t\t\t\t<\/div>\n\t\t\t\t<\/div>\n\t\t\t\t\t<\/div>\n\t\t\t\t<\/div>\n\t\t<div class=\"elementor-element elementor-element-29199b4 bird-item e-flex e-con-boxed e-con e-parent\" data-id=\"29199b4\" data-element_type=\"container\" data-e-type=\"container\">\n\t\t\t\t\t<div class=\"e-con-inner\">\n\t\t\t\t<div class=\"elementor-element elementor-element-e1b73a2 elementor-widget elementor-widget-spacer\" data-id=\"e1b73a2\" data-element_type=\"widget\" data-e-type=\"widget\" data-widget_type=\"spacer.default\">\n\t\t\t\t<div class=\"elementor-widget-container\">\n\t\t\t\t\t\t\t<div class=\"elementor-spacer\">\n\t\t\t<div class=\"elementor-spacer-inner\"><\/div>\n\t\t<\/div>\n\t\t\t\t\t\t<\/div>\n\t\t\t\t<\/div>\n\t\t<div class=\"elementor-element elementor-element-22630f5 e-con-full e-flex e-con e-child\" data-id=\"22630f5\" data-element_type=\"container\" data-e-type=\"container\">\n\t\t\t\t<div class=\"elementor-element elementor-element-9a35df0 elementor-widget elementor-widget-tourmbutton\" data-id=\"9a35df0\" data-element_type=\"widget\" data-e-type=\"widget\" data-widget_type=\"tourmbutton.default\">\n\t\t\t\t<div class=\"elementor-widget-container\">\n\t\t\t\t\t<div class=\"btn-wrapper\"><a class=\"th-btn th_btn th-icon \" href=\"https:\/\/nature-fineart.com\/vogelfotografie-spanien\/zwergtrappe\/\">Art entdecken<\/a><\/div>\t\t\t\t<\/div>\n\t\t\t\t<\/div>\n\t\t<div class=\"elementor-element elementor-element-8bc88be e-con-full e-flex e-con e-child\" data-id=\"8bc88be\" data-element_type=\"container\" data-e-type=\"container\">\n\t\t\t\t<div class=\"elementor-element elementor-element-ce38f72 elementor-widget elementor-widget-text-editor\" data-id=\"ce38f72\" data-element_type=\"widget\" data-e-type=\"widget\" data-widget_type=\"text-editor.default\">\n\t\t\t\t<div class=\"elementor-widget-container\">\n\t\t\t\t\t\t\t\t\t<p><strong>Zwergtrappe<\/strong> \u2013 seltener Steppenvogel Spaniens:<\/p><p>Die Zwergtrappe geh\u00f6rt zu den faszinierendsten Steppenv\u00f6geln Spaniens. Besonders im Fr\u00fchjahr sind die balzenden M\u00e4nnchen mit ihrem dunklen Halskragen ein au\u00dfergew\u00f6hnliches Motiv f\u00fcr Naturfotografen.<\/p>\t\t\t\t\t\t\t\t<\/div>\n\t\t\t\t<\/div>\n\t\t\t\t<\/div>\n\t\t<div class=\"elementor-element elementor-element-49d2322 e-con-full e-flex e-con e-child\" data-id=\"49d2322\" data-element_type=\"container\" data-e-type=\"container\">\n\t\t\t\t<div class=\"elementor-element elementor-element-0e35a6d elementor-widget elementor-widget-image\" data-id=\"0e35a6d\" data-element_type=\"widget\" data-e-type=\"widget\" data-widget_type=\"image.default\">\n\t\t\t\t<div class=\"elementor-widget-container\">\n\t\t\t\t\t\t\t\t\t\t\t\t\t\t\t<img loading=\"lazy\" decoding=\"async\" width=\"600\" height=\"430\" src=\"https:\/\/nature-fineart.com\/vogelfotografie-spanien\/wp-content\/uploads\/2026\/07\/Zwergtrappe-Vogelfotografie-Spanien-600x430.jpg\" class=\"attachment-medium size-medium wp-image-8902\" alt=\"\" srcset=\"https:\/\/nature-fineart.com\/vogelfotografie-spanien\/wp-content\/uploads\/2026\/07\/Zwergtrappe-Vogelfotografie-Spanien-600x430.jpg 600w, https:\/\/nature-fineart.com\/vogelfotografie-spanien\/wp-content\/uploads\/2026\/07\/Zwergtrappe-Vogelfotografie-Spanien-768x551.jpg 768w, https:\/\/nature-fineart.com\/vogelfotografie-spanien\/wp-content\/uploads\/2026\/07\/Zwergtrappe-Vogelfotografie-Spanien.jpg 1024w\" sizes=\"(max-width: 600px) 100vw, 600px\" \/>\t\t\t\t\t\t\t\t\t\t\t\t\t\t\t<\/div>\n\t\t\t\t<\/div>\n\t\t\t\t<\/div>\n\t\t\t\t<\/div>\n\t\t\t\t\t<\/div>\n\t\t\t\t<\/div>\n\t\t<div class=\"elementor-element elementor-element-87b1c75 bird-item e-flex e-con-boxed e-con e-parent\" data-id=\"87b1c75\" data-element_type=\"container\" data-e-type=\"container\">\n\t\t\t\t\t<div class=\"e-con-inner\">\n\t\t\t\t<div class=\"elementor-element elementor-element-090202b elementor-widget elementor-widget-spacer\" data-id=\"090202b\" data-element_type=\"widget\" data-e-type=\"widget\" data-widget_type=\"spacer.default\">\n\t\t\t\t<div class=\"elementor-widget-container\">\n\t\t\t\t\t\t\t<div class=\"elementor-spacer\">\n\t\t\t<div class=\"elementor-spacer-inner\"><\/div>\n\t\t<\/div>\n\t\t\t\t\t\t<\/div>\n\t\t\t\t<\/div>\n\t\t<div class=\"elementor-element elementor-element-fca19ab e-con-full e-flex e-con e-child\" data-id=\"fca19ab\" data-element_type=\"container\" data-e-type=\"container\">\n\t\t\t\t<div class=\"elementor-element elementor-element-26fdb51 elementor-widget elementor-widget-tourmbutton\" data-id=\"26fdb51\" data-element_type=\"widget\" data-e-type=\"widget\" data-widget_type=\"tourmbutton.default\">\n\t\t\t\t<div class=\"elementor-widget-container\">\n\t\t\t\t\t<div class=\"btn-wrapper\"><a class=\"th-btn th_btn th-icon \" href=\"https:\/\/nature-fineart.com\/vogelfotografie-spanien\/spiessflughuhn\/\">Art entdecken<\/a><\/div>\t\t\t\t<\/div>\n\t\t\t\t<\/div>\n\t\t<div class=\"elementor-element elementor-element-fed41b5 e-con-full e-flex e-con e-child\" data-id=\"fed41b5\" data-element_type=\"container\" data-e-type=\"container\">\n\t\t\t\t<div class=\"elementor-element elementor-element-267284e elementor-widget elementor-widget-text-editor\" data-id=\"267284e\" data-element_type=\"widget\" data-e-type=\"widget\" data-widget_type=\"text-editor.default\">\n\t\t\t\t<div class=\"elementor-widget-container\">\n\t\t\t\t\t\t\t\t\t<p><strong>Spie\u00dfflughuhn<\/strong> \u2013 Spezialist der trockenen Steppen:<\/p><p>Entdecke einen der faszinierendsten Steppenv\u00f6gel Spaniens. Erfahre mehr \u00fcber Lebensraum, Verhalten und erhalte praktische Tipps f\u00fcr eindrucksvolle Natur- und Vogelfotografie.<\/p>\t\t\t\t\t\t\t\t<\/div>\n\t\t\t\t<\/div>\n\t\t\t\t<\/div>\n\t\t<div class=\"elementor-element elementor-element-d4ca5e7 e-con-full e-flex e-con e-child\" data-id=\"d4ca5e7\" data-element_type=\"container\" data-e-type=\"container\">\n\t\t\t\t<div class=\"elementor-element elementor-element-9fbd3b8 elementor-widget elementor-widget-image\" data-id=\"9fbd3b8\" data-element_type=\"widget\" data-e-type=\"widget\" data-widget_type=\"image.default\">\n\t\t\t\t<div class=\"elementor-widget-container\">\n\t\t\t\t\t\t\t\t\t\t\t\t\t\t\t<img loading=\"lazy\" decoding=\"async\" width=\"600\" height=\"400\" src=\"https:\/\/nature-fineart.com\/vogelfotografie-spanien\/wp-content\/uploads\/2026\/02\/Spiessflughuhngruppe-600x400.jpg\" class=\"attachment-medium size-medium wp-image-7370\" alt=\"\" srcset=\"https:\/\/nature-fineart.com\/vogelfotografie-spanien\/wp-content\/uploads\/2026\/02\/Spiessflughuhngruppe-600x400.jpg 600w, https:\/\/nature-fineart.com\/vogelfotografie-spanien\/wp-content\/uploads\/2026\/02\/Spiessflughuhngruppe-768x512.jpg 768w, https:\/\/nature-fineart.com\/vogelfotografie-spanien\/wp-content\/uploads\/2026\/02\/Spiessflughuhngruppe.jpg 1024w\" sizes=\"(max-width: 600px) 100vw, 600px\" \/>\t\t\t\t\t\t\t\t\t\t\t\t\t\t\t<\/div>\n\t\t\t\t<\/div>\n\t\t\t\t<\/div>\n\t\t\t\t<\/div>\n\t\t\t\t\t<\/div>\n\t\t\t\t<\/div>\n\t\t<div class=\"elementor-element elementor-element-ac868e1 bird-item e-flex e-con-boxed e-con e-parent\" data-id=\"ac868e1\" data-element_type=\"container\" data-e-type=\"container\">\n\t\t\t\t\t<div class=\"e-con-inner\">\n\t\t\t\t<div class=\"elementor-element elementor-element-5a0e883 elementor-widget elementor-widget-spacer\" data-id=\"5a0e883\" data-element_type=\"widget\" data-e-type=\"widget\" data-widget_type=\"spacer.default\">\n\t\t\t\t<div class=\"elementor-widget-container\">\n\t\t\t\t\t\t\t<div class=\"elementor-spacer\">\n\t\t\t<div class=\"elementor-spacer-inner\"><\/div>\n\t\t<\/div>\n\t\t\t\t\t\t<\/div>\n\t\t\t\t<\/div>\n\t\t<div class=\"elementor-element elementor-element-fca3f88 e-con-full e-flex e-con e-child\" data-id=\"fca3f88\" data-element_type=\"container\" data-e-type=\"container\">\n\t\t\t\t<div class=\"elementor-element elementor-element-0bb3479 elementor-widget elementor-widget-tourmbutton\" data-id=\"0bb3479\" data-element_type=\"widget\" data-e-type=\"widget\" data-widget_type=\"tourmbutton.default\">\n\t\t\t\t<div class=\"elementor-widget-container\">\n\t\t\t\t\t<div class=\"btn-wrapper\"><a class=\"th-btn th_btn th-icon \" href=\"https:\/\/nature-fineart.com\/vogelfotografie-spanien\/sandflughuhn\/\">Art entdecken<\/a><\/div>\t\t\t\t<\/div>\n\t\t\t\t<\/div>\n\t\t<div class=\"elementor-element elementor-element-ceb3eae e-con-full e-flex e-con e-child\" data-id=\"ceb3eae\" data-element_type=\"container\" data-e-type=\"container\">\n\t\t\t\t<div class=\"elementor-element elementor-element-906f9cd elementor-widget elementor-widget-text-editor\" data-id=\"906f9cd\" data-element_type=\"widget\" data-e-type=\"widget\" data-widget_type=\"text-editor.default\">\n\t\t\t\t<div class=\"elementor-widget-container\">\n\t\t\t\t\t\t\t\t\t<p><strong>Sandflughuhn<\/strong> \u2013 Perfekt angepasst an die trockenen Steppen:<\/p><p>Erfahre mehr \u00fcber den faszinierenden Steppenvogel der Iberischen Halbinsel. Informationen zu Lebensraum, Verhalten und wertvolle Tipps f\u00fcr eindrucksvolle Natur- und Vogelfotografie.<\/p>\t\t\t\t\t\t\t\t<\/div>\n\t\t\t\t<\/div>\n\t\t\t\t<\/div>\n\t\t<div class=\"elementor-element elementor-element-306aae0 e-con-full e-flex e-con e-child\" data-id=\"306aae0\" data-element_type=\"container\" data-e-type=\"container\">\n\t\t\t\t<div class=\"elementor-element elementor-element-7d8618d elementor-widget elementor-widget-image\" data-id=\"7d8618d\" data-element_type=\"widget\" data-e-type=\"widget\" data-widget_type=\"image.default\">\n\t\t\t\t<div class=\"elementor-widget-container\">\n\t\t\t\t\t\t\t\t\t\t\t\t\t\t\t<img loading=\"lazy\" decoding=\"async\" width=\"600\" height=\"400\" src=\"https:\/\/nature-fineart.com\/vogelfotografie-spanien\/wp-content\/uploads\/2026\/02\/Sandflughuhn-Paerchen-600x400.jpg\" class=\"attachment-medium size-medium wp-image-7375\" alt=\"\" srcset=\"https:\/\/nature-fineart.com\/vogelfotografie-spanien\/wp-content\/uploads\/2026\/02\/Sandflughuhn-Paerchen-600x400.jpg 600w, https:\/\/nature-fineart.com\/vogelfotografie-spanien\/wp-content\/uploads\/2026\/02\/Sandflughuhn-Paerchen-768x512.jpg 768w, https:\/\/nature-fineart.com\/vogelfotografie-spanien\/wp-content\/uploads\/2026\/02\/Sandflughuhn-Paerchen.jpg 1024w\" sizes=\"(max-width: 600px) 100vw, 600px\" \/>\t\t\t\t\t\t\t\t\t\t\t\t\t\t\t<\/div>\n\t\t\t\t<\/div>\n\t\t\t\t<\/div>\n\t\t\t\t<\/div>\n\t\t\t\t\t<\/div>\n\t\t\t\t<\/div>\n\t\t<div class=\"elementor-element elementor-element-6c88a23 bird-item e-flex e-con-boxed e-con e-parent\" data-id=\"6c88a23\" data-element_type=\"container\" data-e-type=\"container\">\n\t\t\t\t\t<div class=\"e-con-inner\">\n\t\t\t\t<div class=\"elementor-element elementor-element-b9275f7 elementor-widget elementor-widget-spacer\" data-id=\"b9275f7\" data-element_type=\"widget\" data-e-type=\"widget\" data-widget_type=\"spacer.default\">\n\t\t\t\t<div class=\"elementor-widget-container\">\n\t\t\t\t\t\t\t<div class=\"elementor-spacer\">\n\t\t\t<div class=\"elementor-spacer-inner\"><\/div>\n\t\t<\/div>\n\t\t\t\t\t\t<\/div>\n\t\t\t\t<\/div>\n\t\t<div class=\"elementor-element elementor-element-e782c2a e-con-full e-flex e-con e-child\" data-id=\"e782c2a\" data-element_type=\"container\" data-e-type=\"container\">\n\t\t\t\t<div class=\"elementor-element elementor-element-f7b6d09 elementor-widget elementor-widget-tourmbutton\" data-id=\"f7b6d09\" data-element_type=\"widget\" data-e-type=\"widget\" data-widget_type=\"tourmbutton.default\">\n\t\t\t\t<div class=\"elementor-widget-container\">\n\t\t\t\t\t<div class=\"btn-wrapper\"><a class=\"th-btn th_btn th-icon \" href=\"https:\/\/nature-fineart.com\/vogelfotografie-spanien\/triel\/\">Art entdecken<\/a><\/div>\t\t\t\t<\/div>\n\t\t\t\t<\/div>\n\t\t<div class=\"elementor-element elementor-element-eb91af8 e-con-full e-flex e-con e-child\" data-id=\"eb91af8\" data-element_type=\"container\" data-e-type=\"container\">\n\t\t\t\t<div class=\"elementor-element elementor-element-cb1d2b8 elementor-widget elementor-widget-text-editor\" data-id=\"cb1d2b8\" data-element_type=\"widget\" data-e-type=\"widget\" data-widget_type=\"text-editor.default\">\n\t\t\t\t<div class=\"elementor-widget-container\">\n\t\t\t\t\t\t\t\t\t<p><strong>Triel<\/strong> \u2013 Meister der Tarnung in der Steppenlandschaft:<\/p><p>Der Triel geh\u00f6rt zu den spannendsten Vogelarten der offenen Landschaften Spaniens. Erfahre mehr \u00fcber Lebensraum, Verhalten, Fotografie-Tipps und authentische Naturbeobachtungen in mediterranen Steppenregionen.<\/p>\t\t\t\t\t\t\t\t<\/div>\n\t\t\t\t<\/div>\n\t\t\t\t<\/div>\n\t\t<div class=\"elementor-element elementor-element-6a1b636 e-con-full e-flex e-con e-child\" data-id=\"6a1b636\" data-element_type=\"container\" data-e-type=\"container\">\n\t\t\t\t<div class=\"elementor-element elementor-element-eb212d4 elementor-widget elementor-widget-image\" data-id=\"eb212d4\" data-element_type=\"widget\" data-e-type=\"widget\" data-widget_type=\"image.default\">\n\t\t\t\t<div class=\"elementor-widget-container\">\n\t\t\t\t\t\t\t\t\t\t\t\t\t\t\t<img loading=\"lazy\" decoding=\"async\" width=\"600\" height=\"399\" src=\"https:\/\/nature-fineart.com\/vogelfotografie-spanien\/wp-content\/uploads\/2026\/05\/Triel-im-Abendlicht-in-Spanien-600x399.jpg\" class=\"attachment-medium size-medium wp-image-8223\" alt=\"\" srcset=\"https:\/\/nature-fineart.com\/vogelfotografie-spanien\/wp-content\/uploads\/2026\/05\/Triel-im-Abendlicht-in-Spanien-600x399.jpg 600w, https:\/\/nature-fineart.com\/vogelfotografie-spanien\/wp-content\/uploads\/2026\/05\/Triel-im-Abendlicht-in-Spanien-768x511.jpg 768w, https:\/\/nature-fineart.com\/vogelfotografie-spanien\/wp-content\/uploads\/2026\/05\/Triel-im-Abendlicht-in-Spanien.jpg 1024w\" sizes=\"(max-width: 600px) 100vw, 600px\" \/>\t\t\t\t\t\t\t\t\t\t\t\t\t\t\t<\/div>\n\t\t\t\t<\/div>\n\t\t\t\t<\/div>\n\t\t\t\t<\/div>\n\t\t\t\t\t<\/div>\n\t\t\t\t<\/div>\n\t\t<div class=\"elementor-element elementor-element-4b25aad bird-item e-flex e-con-boxed e-con e-parent\" data-id=\"4b25aad\" data-element_type=\"container\" data-e-type=\"container\">\n\t\t\t\t\t<div class=\"e-con-inner\">\n\t\t\t\t<div class=\"elementor-element elementor-element-8fef57b elementor-widget elementor-widget-spacer\" data-id=\"8fef57b\" data-element_type=\"widget\" data-e-type=\"widget\" data-widget_type=\"spacer.default\">\n\t\t\t\t<div class=\"elementor-widget-container\">\n\t\t\t\t\t\t\t<div class=\"elementor-spacer\">\n\t\t\t<div class=\"elementor-spacer-inner\"><\/div>\n\t\t<\/div>\n\t\t\t\t\t\t<\/div>\n\t\t\t\t<\/div>\n\t\t<div class=\"elementor-element elementor-element-b5a1815 e-con-full e-flex e-con e-child\" data-id=\"b5a1815\" data-element_type=\"container\" data-e-type=\"container\">\n\t\t\t\t<div class=\"elementor-element elementor-element-1ea7c74 elementor-widget elementor-widget-tourmbutton\" data-id=\"1ea7c74\" data-element_type=\"widget\" data-e-type=\"widget\" data-widget_type=\"tourmbutton.default\">\n\t\t\t\t<div class=\"elementor-widget-container\">\n\t\t\t\t\t<div class=\"btn-wrapper\"><a class=\"th-btn th_btn th-icon \" href=\"https:\/\/nature-fineart.com\/vogelfotografie-spanien\/rothuhn\/\">Art entdecken<\/a><\/div>\t\t\t\t<\/div>\n\t\t\t\t<\/div>\n\t\t<div class=\"elementor-element elementor-element-42cc29c e-con-full e-flex e-con e-child\" data-id=\"42cc29c\" data-element_type=\"container\" data-e-type=\"container\">\n\t\t\t\t<div class=\"elementor-element elementor-element-01cd4ba elementor-widget elementor-widget-text-editor\" data-id=\"01cd4ba\" data-element_type=\"widget\" data-e-type=\"widget\" data-widget_type=\"text-editor.default\">\n\t\t\t\t<div class=\"elementor-widget-container\">\n\t\t\t\t\t\t\t\t\t<p><strong>Rothuhn<\/strong> \u2013 farbenpr\u00e4chtiger Vogel offener Landschaften:<\/p><p>Das Rothuhn begegnet mir in Spanien in Steppen, Agrarlandschaften und Gebirgsregionen. Rufende H\u00e4hne, Familien mit K\u00fcken und Aufnahmen zwischen Blumen machen die Art zu einem vielseitigen Fotomotiv.<\/p>\t\t\t\t\t\t\t\t<\/div>\n\t\t\t\t<\/div>\n\t\t\t\t<\/div>\n\t\t<div class=\"elementor-element elementor-element-ee27d21 e-con-full e-flex e-con e-child\" data-id=\"ee27d21\" data-element_type=\"container\" data-e-type=\"container\">\n\t\t\t\t<div class=\"elementor-element elementor-element-30c2b09 elementor-widget elementor-widget-image\" data-id=\"30c2b09\" data-element_type=\"widget\" data-e-type=\"widget\" data-widget_type=\"image.default\">\n\t\t\t\t<div class=\"elementor-widget-container\">\n\t\t\t\t\t\t\t\t\t\t\t\t\t\t\t<img loading=\"lazy\" decoding=\"async\" width=\"600\" height=\"449\" src=\"https:\/\/nature-fineart.com\/vogelfotografie-spanien\/wp-content\/uploads\/2026\/07\/Rothuhn-fotografieren-in-Spanien-600x449.jpg\" class=\"attachment-medium size-medium wp-image-9054\" alt=\"\" srcset=\"https:\/\/nature-fineart.com\/vogelfotografie-spanien\/wp-content\/uploads\/2026\/07\/Rothuhn-fotografieren-in-Spanien-600x449.jpg 600w, https:\/\/nature-fineart.com\/vogelfotografie-spanien\/wp-content\/uploads\/2026\/07\/Rothuhn-fotografieren-in-Spanien-768x575.jpg 768w, https:\/\/nature-fineart.com\/vogelfotografie-spanien\/wp-content\/uploads\/2026\/07\/Rothuhn-fotografieren-in-Spanien.jpg 1024w\" sizes=\"(max-width: 600px) 100vw, 600px\" \/>\t\t\t\t\t\t\t\t\t\t\t\t\t\t\t<\/div>\n\t\t\t\t<\/div>\n\t\t\t\t<\/div>\n\t\t\t\t<\/div>\n\t\t\t\t\t<\/div>\n\t\t\t\t<\/div>\n\t\t<div class=\"elementor-element elementor-element-567368c bird-item e-flex e-con-boxed e-con e-parent\" data-id=\"567368c\" data-element_type=\"container\" data-e-type=\"container\">\n\t\t\t\t\t<div class=\"e-con-inner\">\n\t\t\t\t<div class=\"elementor-element elementor-element-84a9579 elementor-widget elementor-widget-spacer\" data-id=\"84a9579\" data-element_type=\"widget\" data-e-type=\"widget\" data-widget_type=\"spacer.default\">\n\t\t\t\t<div class=\"elementor-widget-container\">\n\t\t\t\t\t\t\t<div class=\"elementor-spacer\">\n\t\t\t<div class=\"elementor-spacer-inner\"><\/div>\n\t\t<\/div>\n\t\t\t\t\t\t<\/div>\n\t\t\t\t<\/div>\n\t\t<div class=\"elementor-element elementor-element-f4731f3 e-con-full e-flex e-con e-child\" data-id=\"f4731f3\" data-element_type=\"container\" data-e-type=\"container\">\n\t\t\t\t<div class=\"elementor-element elementor-element-3cf5f65 elementor-widget elementor-widget-tourmbutton\" data-id=\"3cf5f65\" data-element_type=\"widget\" data-e-type=\"widget\" data-widget_type=\"tourmbutton.default\">\n\t\t\t\t<div class=\"elementor-widget-container\">\n\t\t\t\t\t<div class=\"btn-wrapper\"><a class=\"th-btn th_btn th-icon \" href=\"https:\/\/nature-fineart.com\/vogelfotografie-spanien\/turteltaube\/\">Art entdecken<\/a><\/div>\t\t\t\t<\/div>\n\t\t\t\t<\/div>\n\t\t<div class=\"elementor-element elementor-element-b39a3bf e-con-full e-flex e-con e-child\" data-id=\"b39a3bf\" data-element_type=\"container\" data-e-type=\"container\">\n\t\t\t\t<div class=\"elementor-element elementor-element-6e1e677 elementor-widget elementor-widget-text-editor\" data-id=\"6e1e677\" data-element_type=\"widget\" data-e-type=\"widget\" data-widget_type=\"text-editor.default\">\n\t\t\t\t<div class=\"elementor-widget-container\">\n\t\t\t\t\t\t\t\t\t<p><strong>Turteltaube<\/strong> \u2013 eine der sch\u00f6nsten Wildtauben Europas:<\/p><p>Die Turteltaube geh\u00f6rt mit ihrem fein gezeichneten Gefieder, dem roten Auge und der auff\u00e4lligen Halszeichnung zu den sch\u00f6nsten Wildtauben Europas. Erfahre mehr \u00fcber ihren Lebensraum, ihr Verhalten und die Fotografie an Wasserstellen.<\/p>\t\t\t\t\t\t\t\t<\/div>\n\t\t\t\t<\/div>\n\t\t\t\t<\/div>\n\t\t<div class=\"elementor-element elementor-element-c2c5e54 e-con-full e-flex e-con e-child\" data-id=\"c2c5e54\" data-element_type=\"container\" data-e-type=\"container\">\n\t\t\t\t<div class=\"elementor-element elementor-element-677e5af elementor-widget elementor-widget-image\" data-id=\"677e5af\" data-element_type=\"widget\" data-e-type=\"widget\" data-widget_type=\"image.default\">\n\t\t\t\t<div class=\"elementor-widget-container\">\n\t\t\t\t\t\t\t\t\t\t\t\t\t\t\t<img loading=\"lazy\" decoding=\"async\" width=\"600\" height=\"400\" src=\"https:\/\/nature-fineart.com\/vogelfotografie-spanien\/wp-content\/uploads\/2026\/07\/Turteltaube-an-einer-Wasserstelle-in-einer-trockenen-Steppenlandschaft-600x400.jpg\" class=\"attachment-medium size-medium wp-image-9585\" alt=\"\" srcset=\"https:\/\/nature-fineart.com\/vogelfotografie-spanien\/wp-content\/uploads\/2026\/07\/Turteltaube-an-einer-Wasserstelle-in-einer-trockenen-Steppenlandschaft-600x400.jpg 600w, https:\/\/nature-fineart.com\/vogelfotografie-spanien\/wp-content\/uploads\/2026\/07\/Turteltaube-an-einer-Wasserstelle-in-einer-trockenen-Steppenlandschaft-768x512.jpg 768w, https:\/\/nature-fineart.com\/vogelfotografie-spanien\/wp-content\/uploads\/2026\/07\/Turteltaube-an-einer-Wasserstelle-in-einer-trockenen-Steppenlandschaft.jpg 1024w\" sizes=\"(max-width: 600px) 100vw, 600px\" \/>\t\t\t\t\t\t\t\t\t\t\t\t\t\t\t<\/div>\n\t\t\t\t<\/div>\n\t\t\t\t<\/div>\n\t\t\t\t<\/div>\n\t\t\t\t\t<\/div>\n\t\t\t\t<\/div>\n\t\t<div class=\"elementor-element elementor-element-e62fa55 bird-item e-flex e-con-boxed e-con e-parent\" data-id=\"e62fa55\" data-element_type=\"container\" data-e-type=\"container\">\n\t\t\t\t\t<div class=\"e-con-inner\">\n\t\t\t\t<div class=\"elementor-element elementor-element-bb4d4ad elementor-widget elementor-widget-spacer\" data-id=\"bb4d4ad\" data-element_type=\"widget\" data-e-type=\"widget\" data-widget_type=\"spacer.default\">\n\t\t\t\t<div class=\"elementor-widget-container\">\n\t\t\t\t\t\t\t<div class=\"elementor-spacer\">\n\t\t\t<div class=\"elementor-spacer-inner\"><\/div>\n\t\t<\/div>\n\t\t\t\t\t\t<\/div>\n\t\t\t\t<\/div>\n\t\t<div class=\"elementor-element elementor-element-1234dc7 e-con-full e-flex e-con e-child\" data-id=\"1234dc7\" data-element_type=\"container\" data-e-type=\"container\">\n\t\t\t\t<div class=\"elementor-element elementor-element-8db4f9f elementor-widget elementor-widget-tourmbutton\" data-id=\"8db4f9f\" data-element_type=\"widget\" data-e-type=\"widget\" data-widget_type=\"tourmbutton.default\">\n\t\t\t\t<div class=\"elementor-widget-container\">\n\t\t\t\t\t<div class=\"btn-wrapper\"><a class=\"th-btn th_btn th-icon \" href=\"https:\/\/nature-fineart.com\/vogelfotografie-spanien\/bienenfresser-spanien\/\">Art entdecken<\/a><\/div>\t\t\t\t<\/div>\n\t\t\t\t<\/div>\n\t\t<div class=\"elementor-element elementor-element-7e5a752 e-con-full e-flex e-con e-child\" data-id=\"7e5a752\" data-element_type=\"container\" data-e-type=\"container\">\n\t\t\t\t<div class=\"elementor-element elementor-element-d521c1b elementor-widget elementor-widget-text-editor\" data-id=\"d521c1b\" data-element_type=\"widget\" data-e-type=\"widget\" data-widget_type=\"text-editor.default\">\n\t\t\t\t<div class=\"elementor-widget-container\">\n\t\t\t\t\t\t\t\t\t<p><strong>Bienenfresser<\/strong> \u2013 Farbenpr\u00e4chtiger J\u00e4ger der L\u00fcfte:<\/p><p>Der Bienenfresser geh\u00f6rt zu den farbenpr\u00e4chtigsten Vogelarten Europas und z\u00e4hlt zu den eindrucksvollsten Motiven der Vogelfotografie in Spanien. Besonders in den warmen Monaten entstehen an Ansitzen, Wasserstellen und w\u00e4hrend der Jagd dynamische Flugaufnahmen und intensive Naturmomente.<\/p>\t\t\t\t\t\t\t\t<\/div>\n\t\t\t\t<\/div>\n\t\t\t\t<\/div>\n\t\t<div class=\"elementor-element elementor-element-bd31945 e-con-full e-flex e-con e-child\" data-id=\"bd31945\" data-element_type=\"container\" data-e-type=\"container\">\n\t\t\t\t<div class=\"elementor-element elementor-element-4c393d6 elementor-widget elementor-widget-image\" data-id=\"4c393d6\" data-element_type=\"widget\" data-e-type=\"widget\" data-widget_type=\"image.default\">\n\t\t\t\t<div class=\"elementor-widget-container\">\n\t\t\t\t\t\t\t\t\t\t\t\t\t\t\t<img loading=\"lazy\" decoding=\"async\" width=\"600\" height=\"400\" src=\"https:\/\/nature-fineart.com\/vogelfotografie-spanien\/wp-content\/uploads\/2026\/05\/Bienenfresser-fotografieren-in-Spanien-600x400.jpg\" class=\"attachment-medium size-medium wp-image-8079\" alt=\"\" srcset=\"https:\/\/nature-fineart.com\/vogelfotografie-spanien\/wp-content\/uploads\/2026\/05\/Bienenfresser-fotografieren-in-Spanien-600x400.jpg 600w, https:\/\/nature-fineart.com\/vogelfotografie-spanien\/wp-content\/uploads\/2026\/05\/Bienenfresser-fotografieren-in-Spanien-768x512.jpg 768w, https:\/\/nature-fineart.com\/vogelfotografie-spanien\/wp-content\/uploads\/2026\/05\/Bienenfresser-fotografieren-in-Spanien.jpg 1024w\" sizes=\"(max-width: 600px) 100vw, 600px\" \/>\t\t\t\t\t\t\t\t\t\t\t\t\t\t\t<\/div>\n\t\t\t\t<\/div>\n\t\t\t\t<\/div>\n\t\t\t\t<\/div>\n\t\t\t\t\t<\/div>\n\t\t\t\t<\/div>\n\t\t<div class=\"elementor-element elementor-element-7154648 bird-item e-flex e-con-boxed e-con e-parent\" data-id=\"7154648\" data-element_type=\"container\" data-e-type=\"container\">\n\t\t\t\t\t<div class=\"e-con-inner\">\n\t\t\t\t<div class=\"elementor-element elementor-element-3d9602a elementor-widget elementor-widget-spacer\" data-id=\"3d9602a\" data-element_type=\"widget\" data-e-type=\"widget\" data-widget_type=\"spacer.default\">\n\t\t\t\t<div class=\"elementor-widget-container\">\n\t\t\t\t\t\t\t<div class=\"elementor-spacer\">\n\t\t\t<div class=\"elementor-spacer-inner\"><\/div>\n\t\t<\/div>\n\t\t\t\t\t\t<\/div>\n\t\t\t\t<\/div>\n\t\t<div class=\"elementor-element elementor-element-87da65a e-con-full e-flex e-con e-child\" data-id=\"87da65a\" data-element_type=\"container\" data-e-type=\"container\">\n\t\t\t\t<div class=\"elementor-element elementor-element-80238ca elementor-widget elementor-widget-tourmbutton\" data-id=\"80238ca\" data-element_type=\"widget\" data-e-type=\"widget\" data-widget_type=\"tourmbutton.default\">\n\t\t\t\t<div class=\"elementor-widget-container\">\n\t\t\t\t\t<div class=\"btn-wrapper\"><a class=\"th-btn th_btn th-icon \" href=\"https:\/\/nature-fineart.com\/vogelfotografie-spanien\/wiedehopf\/\">Art entdecken<\/a><\/div>\t\t\t\t<\/div>\n\t\t\t\t<\/div>\n\t\t<div class=\"elementor-element elementor-element-ca76a04 e-con-full e-flex e-con e-child\" data-id=\"ca76a04\" data-element_type=\"container\" data-e-type=\"container\">\n\t\t\t\t<div class=\"elementor-element elementor-element-47eb948 elementor-widget elementor-widget-text-editor\" data-id=\"47eb948\" data-element_type=\"widget\" data-e-type=\"widget\" data-widget_type=\"text-editor.default\">\n\t\t\t\t<div class=\"elementor-widget-container\">\n\t\t\t\t\t\t\t\t\t<p><strong>Wiedehopf<\/strong> \u2013 Haube, Schnabel und schwarz-wei\u00dfe Fl\u00fcgel:<\/p><p>Der Wiedehopf geh\u00f6rt zu den auff\u00e4lligsten Vogelarten Spaniens. Mit seiner Federhaube, dem langen Schnabel und den schwarz-wei\u00dfen Fl\u00fcgeln ist er ein faszinierendes Motiv f\u00fcr Naturfotografen.<\/p>\t\t\t\t\t\t\t\t<\/div>\n\t\t\t\t<\/div>\n\t\t\t\t<\/div>\n\t\t<div class=\"elementor-element elementor-element-6a5ad7a e-con-full e-flex e-con e-child\" data-id=\"6a5ad7a\" data-element_type=\"container\" data-e-type=\"container\">\n\t\t\t\t<div class=\"elementor-element elementor-element-b6613b4 elementor-widget elementor-widget-image\" data-id=\"b6613b4\" data-element_type=\"widget\" data-e-type=\"widget\" data-widget_type=\"image.default\">\n\t\t\t\t<div class=\"elementor-widget-container\">\n\t\t\t\t\t\t\t\t\t\t\t\t\t\t\t<img loading=\"lazy\" decoding=\"async\" width=\"600\" height=\"400\" src=\"https:\/\/nature-fineart.com\/vogelfotografie-spanien\/wp-content\/uploads\/2026\/07\/Wiedehopf-Vogelfotografie-Spanien-600x400.jpg\" class=\"attachment-medium size-medium wp-image-8890\" alt=\"\" srcset=\"https:\/\/nature-fineart.com\/vogelfotografie-spanien\/wp-content\/uploads\/2026\/07\/Wiedehopf-Vogelfotografie-Spanien-600x400.jpg 600w, https:\/\/nature-fineart.com\/vogelfotografie-spanien\/wp-content\/uploads\/2026\/07\/Wiedehopf-Vogelfotografie-Spanien-768x512.jpg 768w, https:\/\/nature-fineart.com\/vogelfotografie-spanien\/wp-content\/uploads\/2026\/07\/Wiedehopf-Vogelfotografie-Spanien.jpg 1024w\" sizes=\"(max-width: 600px) 100vw, 600px\" \/>\t\t\t\t\t\t\t\t\t\t\t\t\t\t\t<\/div>\n\t\t\t\t<\/div>\n\t\t\t\t<\/div>\n\t\t\t\t<\/div>\n\t\t\t\t\t<\/div>\n\t\t\t\t<\/div>\n\t\t<div class=\"elementor-element elementor-element-ed0d080 bird-item e-flex e-con-boxed e-con e-parent\" data-id=\"ed0d080\" data-element_type=\"container\" data-e-type=\"container\">\n\t\t\t\t\t<div class=\"e-con-inner\">\n\t\t\t\t<div class=\"elementor-element elementor-element-77e0c3d elementor-widget elementor-widget-spacer\" data-id=\"77e0c3d\" data-element_type=\"widget\" data-e-type=\"widget\" data-widget_type=\"spacer.default\">\n\t\t\t\t<div class=\"elementor-widget-container\">\n\t\t\t\t\t\t\t<div class=\"elementor-spacer\">\n\t\t\t<div class=\"elementor-spacer-inner\"><\/div>\n\t\t<\/div>\n\t\t\t\t\t\t<\/div>\n\t\t\t\t<\/div>\n\t\t<div class=\"elementor-element elementor-element-74b5e1c e-con-full e-flex e-con e-child\" data-id=\"74b5e1c\" data-element_type=\"container\" data-e-type=\"container\">\n\t\t\t\t<div class=\"elementor-element elementor-element-c1dae24 elementor-widget elementor-widget-tourmbutton\" data-id=\"c1dae24\" data-element_type=\"widget\" data-e-type=\"widget\" data-widget_type=\"tourmbutton.default\">\n\t\t\t\t<div class=\"elementor-widget-container\">\n\t\t\t\t\t<div class=\"btn-wrapper\"><a class=\"th-btn th_btn th-icon \" href=\"https:\/\/nature-fineart.com\/vogelfotografie-spanien\/pirol\/\">Art entdecken<\/a><\/div>\t\t\t\t<\/div>\n\t\t\t\t<\/div>\n\t\t<div class=\"elementor-element elementor-element-742fc2c e-con-full e-flex e-con e-child\" data-id=\"742fc2c\" data-element_type=\"container\" data-e-type=\"container\">\n\t\t\t\t<div class=\"elementor-element elementor-element-cff0ae6 elementor-widget elementor-widget-text-editor\" data-id=\"cff0ae6\" data-element_type=\"widget\" data-e-type=\"widget\" data-widget_type=\"text-editor.default\">\n\t\t\t\t<div class=\"elementor-widget-container\">\n\t\t\t\t\t\t\t\t\t<p><strong>Pirol<\/strong> \u2013 Farbe in mediterranen Landschaften:<\/p><p>Erlebe den leuchtend gelben Pirol in offenen Auen, Obstg\u00e4rten und lichten W\u00e4ldern Spaniens. Tipps zu Lebensraum, Verhalten, Fotografie und passenden Fotoreisen in kleinen Gruppen entdecken.<\/p>\t\t\t\t\t\t\t\t<\/div>\n\t\t\t\t<\/div>\n\t\t\t\t<\/div>\n\t\t<div class=\"elementor-element elementor-element-1564286 e-con-full e-flex e-con e-child\" data-id=\"1564286\" data-element_type=\"container\" data-e-type=\"container\">\n\t\t\t\t<div class=\"elementor-element elementor-element-41738ea elementor-widget elementor-widget-image\" data-id=\"41738ea\" data-element_type=\"widget\" data-e-type=\"widget\" data-widget_type=\"image.default\">\n\t\t\t\t<div class=\"elementor-widget-container\">\n\t\t\t\t\t\t\t\t\t\t\t\t\t\t\t<img loading=\"lazy\" decoding=\"async\" width=\"600\" height=\"400\" src=\"https:\/\/nature-fineart.com\/vogelfotografie-spanien\/wp-content\/uploads\/2026\/02\/Pirol-auf-einem-Baumstamm-600x400.jpg\" class=\"attachment-medium size-medium wp-image-7261\" alt=\"\" srcset=\"https:\/\/nature-fineart.com\/vogelfotografie-spanien\/wp-content\/uploads\/2026\/02\/Pirol-auf-einem-Baumstamm-600x400.jpg 600w, https:\/\/nature-fineart.com\/vogelfotografie-spanien\/wp-content\/uploads\/2026\/02\/Pirol-auf-einem-Baumstamm-768x512.jpg 768w, https:\/\/nature-fineart.com\/vogelfotografie-spanien\/wp-content\/uploads\/2026\/02\/Pirol-auf-einem-Baumstamm.jpg 1024w\" sizes=\"(max-width: 600px) 100vw, 600px\" \/>\t\t\t\t\t\t\t\t\t\t\t\t\t\t\t<\/div>\n\t\t\t\t<\/div>\n\t\t\t\t<\/div>\n\t\t\t\t<\/div>\n\t\t\t\t\t<\/div>\n\t\t\t\t<\/div>\n\t\t<div class=\"elementor-element elementor-element-9c1b52e bird-item e-flex e-con-boxed e-con e-parent\" data-id=\"9c1b52e\" data-element_type=\"container\" data-e-type=\"container\">\n\t\t\t\t\t<div class=\"e-con-inner\">\n\t\t\t\t<div class=\"elementor-element elementor-element-76307a7 elementor-widget elementor-widget-spacer\" data-id=\"76307a7\" data-element_type=\"widget\" data-e-type=\"widget\" data-widget_type=\"spacer.default\">\n\t\t\t\t<div class=\"elementor-widget-container\">\n\t\t\t\t\t\t\t<div class=\"elementor-spacer\">\n\t\t\t<div class=\"elementor-spacer-inner\"><\/div>\n\t\t<\/div>\n\t\t\t\t\t\t<\/div>\n\t\t\t\t<\/div>\n\t\t<div class=\"elementor-element elementor-element-8c2ecf2 e-con-full e-flex e-con e-child\" data-id=\"8c2ecf2\" data-element_type=\"container\" data-e-type=\"container\">\n\t\t\t\t<div class=\"elementor-element elementor-element-ab2df5b elementor-widget elementor-widget-tourmbutton\" data-id=\"ab2df5b\" data-element_type=\"widget\" data-e-type=\"widget\" data-widget_type=\"tourmbutton.default\">\n\t\t\t\t<div class=\"elementor-widget-container\">\n\t\t\t\t\t<div class=\"btn-wrapper\"><a class=\"th-btn th_btn th-icon \" href=\"https:\/\/nature-fineart.com\/vogelfotografie-spanien\/blauelster\/\">Art entdecken<\/a><\/div>\t\t\t\t<\/div>\n\t\t\t\t<\/div>\n\t\t<div class=\"elementor-element elementor-element-69a2a99 e-con-full e-flex e-con e-child\" data-id=\"69a2a99\" data-element_type=\"container\" data-e-type=\"container\">\n\t\t\t\t<div class=\"elementor-element elementor-element-5c266eb elementor-widget elementor-widget-text-editor\" data-id=\"5c266eb\" data-element_type=\"widget\" data-e-type=\"widget\" data-widget_type=\"text-editor.default\">\n\t\t\t\t<div class=\"elementor-widget-container\">\n\t\t\t\t\t\t\t\t\t<p><strong>Blauelster<\/strong>\u00a0\u2013 elegante Farben der Dehesa:<\/p><p>Beobachte die Iberische Blauelster in offenen Eichenlandschaften Zentral- und S\u00fcdspaniens. Informationen zu Verhalten, Lebensraum, Fotografie und gef\u00fchrten Fotoreisen entdecken.<\/p>\t\t\t\t\t\t\t\t<\/div>\n\t\t\t\t<\/div>\n\t\t\t\t<\/div>\n\t\t<div class=\"elementor-element elementor-element-24b7681 e-con-full e-flex e-con e-child\" data-id=\"24b7681\" data-element_type=\"container\" data-e-type=\"container\">\n\t\t\t\t<div class=\"elementor-element elementor-element-65e2737 elementor-widget elementor-widget-image\" data-id=\"65e2737\" data-element_type=\"widget\" data-e-type=\"widget\" data-widget_type=\"image.default\">\n\t\t\t\t<div class=\"elementor-widget-container\">\n\t\t\t\t\t\t\t\t\t\t\t\t\t\t\t<img loading=\"lazy\" decoding=\"async\" width=\"600\" height=\"400\" src=\"https:\/\/nature-fineart.com\/vogelfotografie-spanien\/wp-content\/uploads\/2026\/02\/Blauelster-auf-Baumstamm-600x400.jpg\" class=\"attachment-medium size-medium wp-image-7285\" alt=\"\" srcset=\"https:\/\/nature-fineart.com\/vogelfotografie-spanien\/wp-content\/uploads\/2026\/02\/Blauelster-auf-Baumstamm-600x400.jpg 600w, https:\/\/nature-fineart.com\/vogelfotografie-spanien\/wp-content\/uploads\/2026\/02\/Blauelster-auf-Baumstamm-768x512.jpg 768w, https:\/\/nature-fineart.com\/vogelfotografie-spanien\/wp-content\/uploads\/2026\/02\/Blauelster-auf-Baumstamm.jpg 1024w\" sizes=\"(max-width: 600px) 100vw, 600px\" \/>\t\t\t\t\t\t\t\t\t\t\t\t\t\t\t<\/div>\n\t\t\t\t<\/div>\n\t\t\t\t<\/div>\n\t\t\t\t<\/div>\n\t\t\t\t\t<\/div>\n\t\t\t\t<\/div>\n\t\t<div class=\"elementor-element elementor-element-835fe26 bird-item e-flex e-con-boxed e-con e-parent\" data-id=\"835fe26\" data-element_type=\"container\" data-e-type=\"container\">\n\t\t\t\t\t<div class=\"e-con-inner\">\n\t\t\t\t<div class=\"elementor-element elementor-element-c3e1215 elementor-widget elementor-widget-spacer\" data-id=\"c3e1215\" data-element_type=\"widget\" data-e-type=\"widget\" data-widget_type=\"spacer.default\">\n\t\t\t\t<div class=\"elementor-widget-container\">\n\t\t\t\t\t\t\t<div class=\"elementor-spacer\">\n\t\t\t<div class=\"elementor-spacer-inner\"><\/div>\n\t\t<\/div>\n\t\t\t\t\t\t<\/div>\n\t\t\t\t<\/div>\n\t\t<div class=\"elementor-element elementor-element-7ce9ded e-con-full e-flex e-con e-child\" data-id=\"7ce9ded\" data-element_type=\"container\" data-e-type=\"container\">\n\t\t\t\t<div class=\"elementor-element elementor-element-f35f6a1 elementor-widget elementor-widget-tourmbutton\" data-id=\"f35f6a1\" data-element_type=\"widget\" data-e-type=\"widget\" data-widget_type=\"tourmbutton.default\">\n\t\t\t\t<div class=\"elementor-widget-container\">\n\t\t\t\t\t<div class=\"btn-wrapper\"><a class=\"th-btn th_btn th-icon \" href=\"https:\/\/nature-fineart.com\/vogelfotografie-spanien\/mittelspecht\/\">Art entdecken<\/a><\/div>\t\t\t\t<\/div>\n\t\t\t\t<\/div>\n\t\t<div class=\"elementor-element elementor-element-f853a93 e-con-full e-flex e-con e-child\" data-id=\"f853a93\" data-element_type=\"container\" data-e-type=\"container\">\n\t\t\t\t<div class=\"elementor-element elementor-element-24b48c2 elementor-widget elementor-widget-text-editor\" data-id=\"24b48c2\" data-element_type=\"widget\" data-e-type=\"widget\" data-widget_type=\"text-editor.default\">\n\t\t\t\t<div class=\"elementor-widget-container\">\n\t\t\t\t\t\t\t\t\t<p><strong>Mittelspecht<\/strong> \u2013 Der Specht der alten Laubw\u00e4lder:<\/p><p>Der Mittelspecht z\u00e4hlt zu den charakteristischen Waldv\u00f6geln Nordspaniens. Mit seiner roten Kopfplatte, dem hellen Gesicht und seinem lebhaften Verhalten bietet er spannende Motive f\u00fcr Naturfotografen. Besonders in alten Laub- und Eichenw\u00e4ldern lassen sich nat\u00fcrliche Beobachtungen und authentische Aufnahmen dieser faszinierenden Spechtart machen.<\/p>\t\t\t\t\t\t\t\t<\/div>\n\t\t\t\t<\/div>\n\t\t\t\t<\/div>\n\t\t<div class=\"elementor-element elementor-element-b9b56c3 e-con-full e-flex e-con e-child\" data-id=\"b9b56c3\" data-element_type=\"container\" data-e-type=\"container\">\n\t\t\t\t<div class=\"elementor-element elementor-element-aeafd64 elementor-widget elementor-widget-image\" data-id=\"aeafd64\" data-element_type=\"widget\" data-e-type=\"widget\" data-widget_type=\"image.default\">\n\t\t\t\t<div class=\"elementor-widget-container\">\n\t\t\t\t\t\t\t\t\t\t\t\t\t\t\t<img loading=\"lazy\" decoding=\"async\" width=\"600\" height=\"400\" src=\"https:\/\/nature-fineart.com\/vogelfotografie-spanien\/wp-content\/uploads\/2010\/03\/Mittelspecht-fotografieren-600x400.jpg\" class=\"attachment-medium size-medium wp-image-8290\" alt=\"\" srcset=\"https:\/\/nature-fineart.com\/vogelfotografie-spanien\/wp-content\/uploads\/2010\/03\/Mittelspecht-fotografieren-600x400.jpg 600w, https:\/\/nature-fineart.com\/vogelfotografie-spanien\/wp-content\/uploads\/2010\/03\/Mittelspecht-fotografieren-768x512.jpg 768w, https:\/\/nature-fineart.com\/vogelfotografie-spanien\/wp-content\/uploads\/2010\/03\/Mittelspecht-fotografieren.jpg 1024w\" sizes=\"(max-width: 600px) 100vw, 600px\" \/>\t\t\t\t\t\t\t\t\t\t\t\t\t\t\t<\/div>\n\t\t\t\t<\/div>\n\t\t\t\t<\/div>\n\t\t\t\t<\/div>\n\t\t\t\t\t<\/div>\n\t\t\t\t<\/div>\n\t\t<div class=\"elementor-element elementor-element-e7d4c78 bird-item e-flex e-con-boxed e-con e-parent\" data-id=\"e7d4c78\" data-element_type=\"container\" data-e-type=\"container\">\n\t\t\t\t\t<div class=\"e-con-inner\">\n\t\t\t\t<div class=\"elementor-element elementor-element-d209c9d elementor-widget elementor-widget-spacer\" data-id=\"d209c9d\" data-element_type=\"widget\" data-e-type=\"widget\" data-widget_type=\"spacer.default\">\n\t\t\t\t<div class=\"elementor-widget-container\">\n\t\t\t\t\t\t\t<div class=\"elementor-spacer\">\n\t\t\t<div class=\"elementor-spacer-inner\"><\/div>\n\t\t<\/div>\n\t\t\t\t\t\t<\/div>\n\t\t\t\t<\/div>\n\t\t<div class=\"elementor-element elementor-element-cad6175 e-con-full e-flex e-con e-child\" data-id=\"cad6175\" data-element_type=\"container\" data-e-type=\"container\">\n\t\t\t\t<div class=\"elementor-element elementor-element-1032383 elementor-widget elementor-widget-tourmbutton\" data-id=\"1032383\" data-element_type=\"widget\" data-e-type=\"widget\" data-widget_type=\"tourmbutton.default\">\n\t\t\t\t<div class=\"elementor-widget-container\">\n\t\t\t\t\t<div class=\"btn-wrapper\"><a class=\"th-btn th_btn th-icon \" href=\"https:\/\/nature-fineart.com\/vogelfotografie-spanien\/iberischen-gruenspecht\/\">Art entdecken<\/a><\/div>\t\t\t\t<\/div>\n\t\t\t\t<\/div>\n\t\t<div class=\"elementor-element elementor-element-1097b78 e-con-full e-flex e-con e-child\" data-id=\"1097b78\" data-element_type=\"container\" data-e-type=\"container\">\n\t\t\t\t<div class=\"elementor-element elementor-element-0509881 elementor-widget elementor-widget-text-editor\" data-id=\"0509881\" data-element_type=\"widget\" data-e-type=\"widget\" data-widget_type=\"text-editor.default\">\n\t\t\t\t<div class=\"elementor-widget-container\">\n\t\t\t\t\t\t\t\t\t<p><strong>Iberischer Gr\u00fcnspecht<\/strong> \u2013 Der gr\u00fcne Specht der Iberischen Halbinsel:<\/p><p>Der Iberische Gr\u00fcnspecht ist eine charakteristische Vogelart der Iberischen Halbinsel. Mit seinem leuchtend gr\u00fcnen Gefieder, seinem markanten Ruf und seiner h\u00e4ufigen Nahrungssuche am Boden bietet er spannende Motive f\u00fcr Naturfotografen in Spanien.<\/p>\t\t\t\t\t\t\t\t<\/div>\n\t\t\t\t<\/div>\n\t\t\t\t<\/div>\n\t\t<div class=\"elementor-element elementor-element-b0c4566 e-con-full e-flex e-con e-child\" data-id=\"b0c4566\" data-element_type=\"container\" data-e-type=\"container\">\n\t\t\t\t<div class=\"elementor-element elementor-element-9b7b8e5 elementor-widget elementor-widget-image\" data-id=\"9b7b8e5\" data-element_type=\"widget\" data-e-type=\"widget\" data-widget_type=\"image.default\">\n\t\t\t\t<div class=\"elementor-widget-container\">\n\t\t\t\t\t\t\t\t\t\t\t\t\t\t\t<img loading=\"lazy\" decoding=\"async\" width=\"600\" height=\"400\" src=\"https:\/\/nature-fineart.com\/vogelfotografie-spanien\/wp-content\/uploads\/2026\/06\/Iberischer-Gruenspecht-fotografieren-in-Spanien-600x400.jpg\" class=\"attachment-medium size-medium wp-image-8350\" alt=\"\" srcset=\"https:\/\/nature-fineart.com\/vogelfotografie-spanien\/wp-content\/uploads\/2026\/06\/Iberischer-Gruenspecht-fotografieren-in-Spanien-600x400.jpg 600w, https:\/\/nature-fineart.com\/vogelfotografie-spanien\/wp-content\/uploads\/2026\/06\/Iberischer-Gruenspecht-fotografieren-in-Spanien-768x512.jpg 768w, https:\/\/nature-fineart.com\/vogelfotografie-spanien\/wp-content\/uploads\/2026\/06\/Iberischer-Gruenspecht-fotografieren-in-Spanien.jpg 1024w\" sizes=\"(max-width: 600px) 100vw, 600px\" \/>\t\t\t\t\t\t\t\t\t\t\t\t\t\t\t<\/div>\n\t\t\t\t<\/div>\n\t\t\t\t<\/div>\n\t\t\t\t<\/div>\n\t\t\t\t\t<\/div>\n\t\t\t\t<\/div>\n\t\t<div class=\"elementor-element elementor-element-016397c bird-item e-flex e-con-boxed e-con e-parent\" data-id=\"016397c\" data-element_type=\"container\" data-e-type=\"container\">\n\t\t\t\t\t<div class=\"e-con-inner\">\n\t\t\t\t<div class=\"elementor-element elementor-element-90c439d elementor-widget elementor-widget-spacer\" data-id=\"90c439d\" data-element_type=\"widget\" data-e-type=\"widget\" data-widget_type=\"spacer.default\">\n\t\t\t\t<div class=\"elementor-widget-container\">\n\t\t\t\t\t\t\t<div class=\"elementor-spacer\">\n\t\t\t<div class=\"elementor-spacer-inner\"><\/div>\n\t\t<\/div>\n\t\t\t\t\t\t<\/div>\n\t\t\t\t<\/div>\n\t\t<div class=\"elementor-element elementor-element-e4f0126 e-con-full e-flex e-con e-child\" data-id=\"e4f0126\" data-element_type=\"container\" data-e-type=\"container\">\n\t\t\t\t<div class=\"elementor-element elementor-element-2d8f82c elementor-widget elementor-widget-tourmbutton\" data-id=\"2d8f82c\" data-element_type=\"widget\" data-e-type=\"widget\" data-widget_type=\"tourmbutton.default\">\n\t\t\t\t<div class=\"elementor-widget-container\">\n\t\t\t\t\t<div class=\"btn-wrapper\"><a class=\"th-btn th_btn th-icon \" href=\"https:\/\/nature-fineart.com\/vogelfotografie-spanien\/buntspecht\/\">Art entdecken<\/a><\/div>\t\t\t\t<\/div>\n\t\t\t\t<\/div>\n\t\t<div class=\"elementor-element elementor-element-d79f659 e-con-full e-flex e-con e-child\" data-id=\"d79f659\" data-element_type=\"container\" data-e-type=\"container\">\n\t\t\t\t<div class=\"elementor-element elementor-element-7e33208 elementor-widget elementor-widget-text-editor\" data-id=\"7e33208\" data-element_type=\"widget\" data-e-type=\"widget\" data-widget_type=\"text-editor.default\">\n\t\t\t\t<div class=\"elementor-widget-container\">\n\t\t\t\t\t\t\t\t\t<p><strong>Buntspecht<\/strong> \u2013 Der Klang des Waldes:<\/p><p>Der Buntspecht ist ein faszinierender Waldbewohner, der sich mit etwas Geduld immer wieder gut beobachten und fotografieren l\u00e4sst. Sein kontrastreiches schwarz-wei\u00dfes Gefieder mit den roten Farbakzenten macht ihn zu einem besonders ausdrucksstarken Motiv in der Naturfotografie.<\/p>\t\t\t\t\t\t\t\t<\/div>\n\t\t\t\t<\/div>\n\t\t\t\t<\/div>\n\t\t<div class=\"elementor-element elementor-element-51e8717 e-con-full e-flex e-con e-child\" data-id=\"51e8717\" data-element_type=\"container\" data-e-type=\"container\">\n\t\t\t\t<div class=\"elementor-element elementor-element-9020b36 elementor-widget elementor-widget-image\" data-id=\"9020b36\" data-element_type=\"widget\" data-e-type=\"widget\" data-widget_type=\"image.default\">\n\t\t\t\t<div class=\"elementor-widget-container\">\n\t\t\t\t\t\t\t\t\t\t\t\t\t\t\t<img loading=\"lazy\" decoding=\"async\" width=\"600\" height=\"400\" src=\"https:\/\/nature-fineart.com\/vogelfotografie-spanien\/wp-content\/uploads\/2026\/06\/Buntspecht-an-einem-Baumstamm--600x400.jpg\" class=\"attachment-medium size-medium wp-image-8381\" alt=\"\" srcset=\"https:\/\/nature-fineart.com\/vogelfotografie-spanien\/wp-content\/uploads\/2026\/06\/Buntspecht-an-einem-Baumstamm--600x400.jpg 600w, https:\/\/nature-fineart.com\/vogelfotografie-spanien\/wp-content\/uploads\/2026\/06\/Buntspecht-an-einem-Baumstamm--768x512.jpg 768w, https:\/\/nature-fineart.com\/vogelfotografie-spanien\/wp-content\/uploads\/2026\/06\/Buntspecht-an-einem-Baumstamm-.jpg 1024w\" sizes=\"(max-width: 600px) 100vw, 600px\" \/>\t\t\t\t\t\t\t\t\t\t\t\t\t\t\t<\/div>\n\t\t\t\t<\/div>\n\t\t\t\t<\/div>\n\t\t\t\t<\/div>\n\t\t\t\t\t<\/div>\n\t\t\t\t<\/div>\n\t\t<div class=\"elementor-element elementor-element-fa80ff8 bird-item e-flex e-con-boxed e-con e-parent\" data-id=\"fa80ff8\" data-element_type=\"container\" data-e-type=\"container\">\n\t\t\t\t\t<div class=\"e-con-inner\">\n\t\t\t\t<div class=\"elementor-element elementor-element-99e1564 elementor-widget elementor-widget-spacer\" data-id=\"99e1564\" data-element_type=\"widget\" data-e-type=\"widget\" data-widget_type=\"spacer.default\">\n\t\t\t\t<div class=\"elementor-widget-container\">\n\t\t\t\t\t\t\t<div class=\"elementor-spacer\">\n\t\t\t<div class=\"elementor-spacer-inner\"><\/div>\n\t\t<\/div>\n\t\t\t\t\t\t<\/div>\n\t\t\t\t<\/div>\n\t\t<div class=\"elementor-element elementor-element-e46901e e-con-full e-flex e-con e-child\" data-id=\"e46901e\" data-element_type=\"container\" data-e-type=\"container\">\n\t\t\t\t<div class=\"elementor-element elementor-element-7489879 elementor-widget elementor-widget-tourmbutton\" data-id=\"7489879\" data-element_type=\"widget\" data-e-type=\"widget\" data-widget_type=\"tourmbutton.default\">\n\t\t\t\t<div class=\"elementor-widget-container\">\n\t\t\t\t\t<div class=\"btn-wrapper\"><a class=\"th-btn th_btn th-icon \" href=\"https:\/\/nature-fineart.com\/vogelfotografie-spanien\/wendehals\/\">Art entdecken<\/a><\/div>\t\t\t\t<\/div>\n\t\t\t\t<\/div>\n\t\t<div class=\"elementor-element elementor-element-ce84431 e-con-full e-flex e-con e-child\" data-id=\"ce84431\" data-element_type=\"container\" data-e-type=\"container\">\n\t\t\t\t<div class=\"elementor-element elementor-element-e850877 elementor-widget elementor-widget-text-editor\" data-id=\"e850877\" data-element_type=\"widget\" data-e-type=\"widget\" data-widget_type=\"text-editor.default\">\n\t\t\t\t<div class=\"elementor-widget-container\">\n\t\t\t\t\t\t\t\t\t<p><strong>Wendehals<\/strong> \u2013 Meister der Tarnung:<\/p><p>Der Wendehals begeistert mit seiner au\u00dfergew\u00f6hnlichen Tarnung und seinem charakteristischen Verhalten. Entdecke eine der spannendsten und oft \u00fcbersehenen Vogelarten Spaniens.<\/p>\t\t\t\t\t\t\t\t<\/div>\n\t\t\t\t<\/div>\n\t\t\t\t<\/div>\n\t\t<div class=\"elementor-element elementor-element-6c55b2e e-con-full e-flex e-con e-child\" data-id=\"6c55b2e\" data-element_type=\"container\" data-e-type=\"container\">\n\t\t\t\t<div class=\"elementor-element elementor-element-4938064 elementor-widget elementor-widget-image\" data-id=\"4938064\" data-element_type=\"widget\" data-e-type=\"widget\" data-widget_type=\"image.default\">\n\t\t\t\t<div class=\"elementor-widget-container\">\n\t\t\t\t\t\t\t\t\t\t\t\t\t\t\t<img loading=\"lazy\" decoding=\"async\" width=\"600\" height=\"400\" src=\"https:\/\/nature-fineart.com\/vogelfotografie-spanien\/wp-content\/uploads\/2026\/06\/Wendehals-in-Nordspanien-fotografiert-auf-einer-Fototour-600x400.jpg\" class=\"attachment-medium size-medium wp-image-8295\" alt=\"\" srcset=\"https:\/\/nature-fineart.com\/vogelfotografie-spanien\/wp-content\/uploads\/2026\/06\/Wendehals-in-Nordspanien-fotografiert-auf-einer-Fototour-600x400.jpg 600w, https:\/\/nature-fineart.com\/vogelfotografie-spanien\/wp-content\/uploads\/2026\/06\/Wendehals-in-Nordspanien-fotografiert-auf-einer-Fototour-768x512.jpg 768w, https:\/\/nature-fineart.com\/vogelfotografie-spanien\/wp-content\/uploads\/2026\/06\/Wendehals-in-Nordspanien-fotografiert-auf-einer-Fototour.jpg 1024w\" sizes=\"(max-width: 600px) 100vw, 600px\" \/>\t\t\t\t\t\t\t\t\t\t\t\t\t\t\t<\/div>\n\t\t\t\t<\/div>\n\t\t\t\t<\/div>\n\t\t\t\t<\/div>\n\t\t\t\t\t<\/div>\n\t\t\t\t<\/div>\n\t\t<div class=\"elementor-element elementor-element-ea64684 bird-item e-flex e-con-boxed e-con e-parent\" data-id=\"ea64684\" data-element_type=\"container\" data-e-type=\"container\">\n\t\t\t\t\t<div class=\"e-con-inner\">\n\t\t\t\t<div class=\"elementor-element elementor-element-57f88ae elementor-widget elementor-widget-spacer\" data-id=\"57f88ae\" data-element_type=\"widget\" data-e-type=\"widget\" data-widget_type=\"spacer.default\">\n\t\t\t\t<div class=\"elementor-widget-container\">\n\t\t\t\t\t\t\t<div class=\"elementor-spacer\">\n\t\t\t<div class=\"elementor-spacer-inner\"><\/div>\n\t\t<\/div>\n\t\t\t\t\t\t<\/div>\n\t\t\t\t<\/div>\n\t\t<div class=\"elementor-element elementor-element-9aa3104 e-con-full e-flex e-con e-child\" data-id=\"9aa3104\" data-element_type=\"container\" data-e-type=\"container\">\n\t\t\t\t<div class=\"elementor-element elementor-element-ba59061 elementor-widget elementor-widget-tourmbutton\" data-id=\"ba59061\" data-element_type=\"widget\" data-e-type=\"widget\" data-widget_type=\"tourmbutton.default\">\n\t\t\t\t<div class=\"elementor-widget-container\">\n\t\t\t\t\t<div class=\"btn-wrapper\"><a class=\"th-btn th_btn th-icon \" href=\"https:\/\/nature-fineart.com\/vogelfotografie-spanien\/eichelhaeher\/\">Art entdecken<\/a><\/div>\t\t\t\t<\/div>\n\t\t\t\t<\/div>\n\t\t<div class=\"elementor-element elementor-element-0c65531 e-con-full e-flex e-con e-child\" data-id=\"0c65531\" data-element_type=\"container\" data-e-type=\"container\">\n\t\t\t\t<div class=\"elementor-element elementor-element-5b00db8 elementor-widget elementor-widget-text-editor\" data-id=\"5b00db8\" data-element_type=\"widget\" data-e-type=\"widget\" data-widget_type=\"text-editor.default\">\n\t\t\t\t<div class=\"elementor-widget-container\">\n\t\t\t\t\t\t\t\t\t<p><strong>Eichelh\u00e4her<\/strong> \u2013 Der F\u00f6rster des Waldes:<\/p><p>Der Eichelh\u00e4her geh\u00f6rt zu den intelligentesten Singv\u00f6geln Europas. Seine blauen Fl\u00fcgelfedern, sein vielseitiges Verhalten und seine wichtige Rolle im Wald machen ihn zu einem spannenden Motiv der Naturfotografie.<\/p>\t\t\t\t\t\t\t\t<\/div>\n\t\t\t\t<\/div>\n\t\t\t\t<\/div>\n\t\t<div class=\"elementor-element elementor-element-d92a83a e-con-full e-flex e-con e-child\" data-id=\"d92a83a\" data-element_type=\"container\" data-e-type=\"container\">\n\t\t\t\t<div class=\"elementor-element elementor-element-c26b15e elementor-widget elementor-widget-image\" data-id=\"c26b15e\" data-element_type=\"widget\" data-e-type=\"widget\" data-widget_type=\"image.default\">\n\t\t\t\t<div class=\"elementor-widget-container\">\n\t\t\t\t\t\t\t\t\t\t\t\t\t\t\t<img loading=\"lazy\" decoding=\"async\" width=\"600\" height=\"400\" src=\"https:\/\/nature-fineart.com\/vogelfotografie-spanien\/wp-content\/uploads\/2026\/06\/Eichelhaeher-mit-blauen-Fluegelfedern-600x400.jpg\" class=\"attachment-medium size-medium wp-image-8524\" alt=\"\" srcset=\"https:\/\/nature-fineart.com\/vogelfotografie-spanien\/wp-content\/uploads\/2026\/06\/Eichelhaeher-mit-blauen-Fluegelfedern-600x400.jpg 600w, https:\/\/nature-fineart.com\/vogelfotografie-spanien\/wp-content\/uploads\/2026\/06\/Eichelhaeher-mit-blauen-Fluegelfedern-768x512.jpg 768w, https:\/\/nature-fineart.com\/vogelfotografie-spanien\/wp-content\/uploads\/2026\/06\/Eichelhaeher-mit-blauen-Fluegelfedern.jpg 1024w\" sizes=\"(max-width: 600px) 100vw, 600px\" \/>\t\t\t\t\t\t\t\t\t\t\t\t\t\t\t<\/div>\n\t\t\t\t<\/div>\n\t\t\t\t<\/div>\n\t\t\t\t<\/div>\n\t\t\t\t\t<\/div>\n\t\t\t\t<\/div>\n\t\t<div class=\"elementor-element elementor-element-145c391 bird-item e-flex e-con-boxed e-con e-parent\" data-id=\"145c391\" data-element_type=\"container\" data-e-type=\"container\">\n\t\t\t\t\t<div class=\"e-con-inner\">\n\t\t\t\t<div class=\"elementor-element elementor-element-d9d5451 elementor-widget elementor-widget-spacer\" data-id=\"d9d5451\" data-element_type=\"widget\" data-e-type=\"widget\" data-widget_type=\"spacer.default\">\n\t\t\t\t<div class=\"elementor-widget-container\">\n\t\t\t\t\t\t\t<div class=\"elementor-spacer\">\n\t\t\t<div class=\"elementor-spacer-inner\"><\/div>\n\t\t<\/div>\n\t\t\t\t\t\t<\/div>\n\t\t\t\t<\/div>\n\t\t<div class=\"elementor-element elementor-element-7a671f6 e-con-full e-flex e-con e-child\" data-id=\"7a671f6\" data-element_type=\"container\" data-e-type=\"container\">\n\t\t\t\t<div class=\"elementor-element elementor-element-3438868 elementor-widget elementor-widget-tourmbutton\" data-id=\"3438868\" data-element_type=\"widget\" data-e-type=\"widget\" data-widget_type=\"tourmbutton.default\">\n\t\t\t\t<div class=\"elementor-widget-container\">\n\t\t\t\t\t<div class=\"btn-wrapper\"><a class=\"th-btn th_btn th-icon \" href=\"https:\/\/nature-fineart.com\/vogelfotografie-spanien\/wasserralle\/\">Art entdecken<\/a><\/div>\t\t\t\t<\/div>\n\t\t\t\t<\/div>\n\t\t<div class=\"elementor-element elementor-element-7e134cf e-con-full e-flex e-con e-child\" data-id=\"7e134cf\" data-element_type=\"container\" data-e-type=\"container\">\n\t\t\t\t<div class=\"elementor-element elementor-element-0909511 elementor-widget elementor-widget-text-editor\" data-id=\"0909511\" data-element_type=\"widget\" data-e-type=\"widget\" data-widget_type=\"text-editor.default\">\n\t\t\t\t<div class=\"elementor-widget-container\">\n\t\t\t\t\t\t\t\t\t<p><strong>Wasserralle <\/strong>\u2013 Heimlicher Bewohner der Schilfg\u00fcrtel:<\/p><p>Zwischen Schilf, Wasserfl\u00e4chen und dichter Vegetation ergeben sich bei der Wasserralle besonders intensive und oft \u00fcberraschende Naturbeobachtungen.<\/p>\t\t\t\t\t\t\t\t<\/div>\n\t\t\t\t<\/div>\n\t\t\t\t<\/div>\n\t\t<div class=\"elementor-element elementor-element-3274a0c e-con-full e-flex e-con e-child\" data-id=\"3274a0c\" data-element_type=\"container\" data-e-type=\"container\">\n\t\t\t\t<div class=\"elementor-element elementor-element-9618a37 elementor-widget elementor-widget-image\" data-id=\"9618a37\" data-element_type=\"widget\" data-e-type=\"widget\" data-widget_type=\"image.default\">\n\t\t\t\t<div class=\"elementor-widget-container\">\n\t\t\t\t\t\t\t\t\t\t\t\t\t\t\t<img loading=\"lazy\" decoding=\"async\" width=\"600\" height=\"400\" src=\"https:\/\/nature-fineart.com\/vogelfotografie-spanien\/wp-content\/uploads\/2026\/05\/Wasserralle-in-Spanien-600x400.jpg\" class=\"attachment-medium size-medium wp-image-8037\" alt=\"\" srcset=\"https:\/\/nature-fineart.com\/vogelfotografie-spanien\/wp-content\/uploads\/2026\/05\/Wasserralle-in-Spanien-600x400.jpg 600w, https:\/\/nature-fineart.com\/vogelfotografie-spanien\/wp-content\/uploads\/2026\/05\/Wasserralle-in-Spanien-768x512.jpg 768w, https:\/\/nature-fineart.com\/vogelfotografie-spanien\/wp-content\/uploads\/2026\/05\/Wasserralle-in-Spanien.jpg 1024w\" sizes=\"(max-width: 600px) 100vw, 600px\" \/>\t\t\t\t\t\t\t\t\t\t\t\t\t\t\t<\/div>\n\t\t\t\t<\/div>\n\t\t\t\t<\/div>\n\t\t\t\t<\/div>\n\t\t\t\t\t<\/div>\n\t\t\t\t<\/div>\n\t\t<div class=\"elementor-element elementor-element-7264952 bird-item e-flex e-con-boxed e-con e-parent\" data-id=\"7264952\" data-element_type=\"container\" data-e-type=\"container\">\n\t\t\t\t\t<div class=\"e-con-inner\">\n\t\t\t\t<div class=\"elementor-element elementor-element-9fceeea elementor-widget elementor-widget-spacer\" data-id=\"9fceeea\" data-element_type=\"widget\" data-e-type=\"widget\" data-widget_type=\"spacer.default\">\n\t\t\t\t<div class=\"elementor-widget-container\">\n\t\t\t\t\t\t\t<div class=\"elementor-spacer\">\n\t\t\t<div class=\"elementor-spacer-inner\"><\/div>\n\t\t<\/div>\n\t\t\t\t\t\t<\/div>\n\t\t\t\t<\/div>\n\t\t<div class=\"elementor-element elementor-element-daf8608 e-con-full e-flex e-con e-child\" data-id=\"daf8608\" data-element_type=\"container\" data-e-type=\"container\">\n\t\t\t\t<div class=\"elementor-element elementor-element-c28ec98 elementor-widget elementor-widget-tourmbutton\" data-id=\"c28ec98\" data-element_type=\"widget\" data-e-type=\"widget\" data-widget_type=\"tourmbutton.default\">\n\t\t\t\t<div class=\"elementor-widget-container\">\n\t\t\t\t\t<div class=\"btn-wrapper\"><a class=\"th-btn th_btn th-icon \" href=\"https:\/\/nature-fineart.com\/vogelfotografie-spanien\/purpurhuhn\/\">Art entdecken<\/a><\/div>\t\t\t\t<\/div>\n\t\t\t\t<\/div>\n\t\t<div class=\"elementor-element elementor-element-aabfb75 e-con-full e-flex e-con e-child\" data-id=\"aabfb75\" data-element_type=\"container\" data-e-type=\"container\">\n\t\t\t\t<div class=\"elementor-element elementor-element-171d4ae elementor-widget elementor-widget-text-editor\" data-id=\"171d4ae\" data-element_type=\"widget\" data-e-type=\"widget\" data-widget_type=\"text-editor.default\">\n\t\t\t\t<div class=\"elementor-widget-container\">\n\t\t\t\t\t\t\t\t\t<p><strong>Purpurhuhn<\/strong> \u2013 Farbenpracht im Schilf:<\/p><p>Zwischen Wasserfl\u00e4chen, Schilf und dichter Vegetation geh\u00f6rt das Purpurhuhn zu den auff\u00e4lligsten Vogelarten der spanischen Feuchtgebiete.<\/p>\t\t\t\t\t\t\t\t<\/div>\n\t\t\t\t<\/div>\n\t\t\t\t<\/div>\n\t\t<div class=\"elementor-element elementor-element-5577cec e-con-full e-flex e-con e-child\" data-id=\"5577cec\" data-element_type=\"container\" data-e-type=\"container\">\n\t\t\t\t<div class=\"elementor-element elementor-element-c2eba7a elementor-widget elementor-widget-image\" data-id=\"c2eba7a\" data-element_type=\"widget\" data-e-type=\"widget\" data-widget_type=\"image.default\">\n\t\t\t\t<div class=\"elementor-widget-container\">\n\t\t\t\t\t\t\t\t\t\t\t\t\t\t\t<img loading=\"lazy\" decoding=\"async\" width=\"600\" height=\"400\" src=\"https:\/\/nature-fineart.com\/vogelfotografie-spanien\/wp-content\/uploads\/2026\/05\/Purpurhuhn-zwischen-Schilf-in-Spanien-600x400.jpg\" class=\"attachment-medium size-medium wp-image-7976\" alt=\"\" srcset=\"https:\/\/nature-fineart.com\/vogelfotografie-spanien\/wp-content\/uploads\/2026\/05\/Purpurhuhn-zwischen-Schilf-in-Spanien-600x400.jpg 600w, https:\/\/nature-fineart.com\/vogelfotografie-spanien\/wp-content\/uploads\/2026\/05\/Purpurhuhn-zwischen-Schilf-in-Spanien-768x512.jpg 768w, https:\/\/nature-fineart.com\/vogelfotografie-spanien\/wp-content\/uploads\/2026\/05\/Purpurhuhn-zwischen-Schilf-in-Spanien.jpg 1024w\" sizes=\"(max-width: 600px) 100vw, 600px\" \/>\t\t\t\t\t\t\t\t\t\t\t\t\t\t\t<\/div>\n\t\t\t\t<\/div>\n\t\t\t\t<\/div>\n\t\t\t\t<\/div>\n\t\t\t\t\t<\/div>\n\t\t\t\t<\/div>\n\t\t<div class=\"elementor-element elementor-element-b9fb813 bird-item e-flex e-con-boxed e-con e-parent\" data-id=\"b9fb813\" data-element_type=\"container\" data-e-type=\"container\">\n\t\t\t\t\t<div class=\"e-con-inner\">\n\t\t\t\t<div class=\"elementor-element elementor-element-80c5a05 elementor-widget elementor-widget-spacer\" data-id=\"80c5a05\" data-element_type=\"widget\" data-e-type=\"widget\" data-widget_type=\"spacer.default\">\n\t\t\t\t<div class=\"elementor-widget-container\">\n\t\t\t\t\t\t\t<div class=\"elementor-spacer\">\n\t\t\t<div class=\"elementor-spacer-inner\"><\/div>\n\t\t<\/div>\n\t\t\t\t\t\t<\/div>\n\t\t\t\t<\/div>\n\t\t<div class=\"elementor-element elementor-element-6152e85 e-con-full e-flex e-con e-child\" data-id=\"6152e85\" data-element_type=\"container\" data-e-type=\"container\">\n\t\t\t\t<div class=\"elementor-element elementor-element-8d54a2b elementor-widget elementor-widget-tourmbutton\" data-id=\"8d54a2b\" data-element_type=\"widget\" data-e-type=\"widget\" data-widget_type=\"tourmbutton.default\">\n\t\t\t\t<div class=\"elementor-widget-container\">\n\t\t\t\t\t<div class=\"btn-wrapper\"><a class=\"th-btn th_btn th-icon \" href=\"https:\/\/nature-fineart.com\/vogelfotografie-spanien\/blaesshuhn\/\">Art entdecken<\/a><\/div>\t\t\t\t<\/div>\n\t\t\t\t<\/div>\n\t\t<div class=\"elementor-element elementor-element-be567d6 e-con-full e-flex e-con e-child\" data-id=\"be567d6\" data-element_type=\"container\" data-e-type=\"container\">\n\t\t\t\t<div class=\"elementor-element elementor-element-52ee933 elementor-widget elementor-widget-text-editor\" data-id=\"52ee933\" data-element_type=\"widget\" data-e-type=\"widget\" data-widget_type=\"text-editor.default\">\n\t\t\t\t<div class=\"elementor-widget-container\">\n\t\t\t\t\t\t\t\t\t<p><strong>Bl\u00e4sshuhn<\/strong> \u2013 Geschickter Schwimmer der Seen und Teiche:<\/p><p>Das Bl\u00e4sshuhn wird als Fotomotiv oft untersch\u00e4tzt. Erfahre, wie nat\u00fcrliche Aufnahmen auf Augenh\u00f6he gelingen und worauf du bei Licht, Belichtung und Verhalten achten solltest.<\/p>\t\t\t\t\t\t\t\t<\/div>\n\t\t\t\t<\/div>\n\t\t\t\t<\/div>\n\t\t<div class=\"elementor-element elementor-element-261dc42 e-con-full e-flex e-con e-child\" data-id=\"261dc42\" data-element_type=\"container\" data-e-type=\"container\">\n\t\t\t\t<div class=\"elementor-element elementor-element-9845006 elementor-widget elementor-widget-image\" data-id=\"9845006\" data-element_type=\"widget\" data-e-type=\"widget\" data-widget_type=\"image.default\">\n\t\t\t\t<div class=\"elementor-widget-container\">\n\t\t\t\t\t\t\t\t\t\t\t\t\t\t\t<img loading=\"lazy\" decoding=\"async\" width=\"600\" height=\"400\" src=\"https:\/\/nature-fineart.com\/vogelfotografie-spanien\/wp-content\/uploads\/2026\/07\/Blaesshuhn-im-warmen-Sonnenlicht-auf-Augenhoehe-fotografiert-600x400.jpg\" class=\"attachment-medium size-medium wp-image-9422\" alt=\"\" srcset=\"https:\/\/nature-fineart.com\/vogelfotografie-spanien\/wp-content\/uploads\/2026\/07\/Blaesshuhn-im-warmen-Sonnenlicht-auf-Augenhoehe-fotografiert-600x400.jpg 600w, https:\/\/nature-fineart.com\/vogelfotografie-spanien\/wp-content\/uploads\/2026\/07\/Blaesshuhn-im-warmen-Sonnenlicht-auf-Augenhoehe-fotografiert-768x512.jpg 768w, https:\/\/nature-fineart.com\/vogelfotografie-spanien\/wp-content\/uploads\/2026\/07\/Blaesshuhn-im-warmen-Sonnenlicht-auf-Augenhoehe-fotografiert.jpg 1024w\" sizes=\"(max-width: 600px) 100vw, 600px\" \/>\t\t\t\t\t\t\t\t\t\t\t\t\t\t\t<\/div>\n\t\t\t\t<\/div>\n\t\t\t\t<\/div>\n\t\t\t\t<\/div>\n\t\t\t\t\t<\/div>\n\t\t\t\t<\/div>\n\t\t<div class=\"elementor-element elementor-element-41ef763 bird-item e-flex e-con-boxed e-con e-parent\" data-id=\"41ef763\" data-element_type=\"container\" data-e-type=\"container\">\n\t\t\t\t\t<div class=\"e-con-inner\">\n\t\t\t\t<div class=\"elementor-element elementor-element-86cf68e elementor-widget elementor-widget-spacer\" data-id=\"86cf68e\" data-element_type=\"widget\" data-e-type=\"widget\" data-widget_type=\"spacer.default\">\n\t\t\t\t<div class=\"elementor-widget-container\">\n\t\t\t\t\t\t\t<div class=\"elementor-spacer\">\n\t\t\t<div class=\"elementor-spacer-inner\"><\/div>\n\t\t<\/div>\n\t\t\t\t\t\t<\/div>\n\t\t\t\t<\/div>\n\t\t<div class=\"elementor-element elementor-element-e561c69 e-con-full e-flex e-con e-child\" data-id=\"e561c69\" data-element_type=\"container\" data-e-type=\"container\">\n\t\t\t\t<div class=\"elementor-element elementor-element-db56bf6 elementor-widget elementor-widget-tourmbutton\" data-id=\"db56bf6\" data-element_type=\"widget\" data-e-type=\"widget\" data-widget_type=\"tourmbutton.default\">\n\t\t\t\t<div class=\"elementor-widget-container\">\n\t\t\t\t\t<div class=\"btn-wrapper\"><a class=\"th-btn th_btn th-icon \" href=\"https:\/\/nature-fineart.com\/vogelfotografie-spanien\/teichhuhn\/\">Art entdecken<\/a><\/div>\t\t\t\t<\/div>\n\t\t\t\t<\/div>\n\t\t<div class=\"elementor-element elementor-element-9ea9b72 e-con-full e-flex e-con e-child\" data-id=\"9ea9b72\" data-element_type=\"container\" data-e-type=\"container\">\n\t\t\t\t<div class=\"elementor-element elementor-element-51d0459 elementor-widget elementor-widget-text-editor\" data-id=\"51d0459\" data-element_type=\"widget\" data-e-type=\"widget\" data-widget_type=\"text-editor.default\">\n\t\t\t\t<div class=\"elementor-widget-container\">\n\t\t\t\t\t\t\t\t\t<p><strong>Teichhuhn<\/strong> \u2013 Heimlicher Bewohner dichter Ufervegetation:<\/p><p>Das Teichhuhn wird als Fotomotiv oft untersch\u00e4tzt. Erfahre, wie nat\u00fcrliche Aufnahmen am Schilfrand, im Wasser und bei der Jungenaufzucht gelingen.<\/p>\t\t\t\t\t\t\t\t<\/div>\n\t\t\t\t<\/div>\n\t\t\t\t<\/div>\n\t\t<div class=\"elementor-element elementor-element-45afac5 e-con-full e-flex e-con e-child\" data-id=\"45afac5\" data-element_type=\"container\" data-e-type=\"container\">\n\t\t\t\t<div class=\"elementor-element elementor-element-4081c22 elementor-widget elementor-widget-image\" data-id=\"4081c22\" data-element_type=\"widget\" data-e-type=\"widget\" data-widget_type=\"image.default\">\n\t\t\t\t<div class=\"elementor-widget-container\">\n\t\t\t\t\t\t\t\t\t\t\t\t\t\t\t<img loading=\"lazy\" decoding=\"async\" width=\"600\" height=\"431\" src=\"https:\/\/nature-fineart.com\/vogelfotografie-spanien\/wp-content\/uploads\/2026\/07\/Teichhuhn-auf-einem-Weg-am-Schilfrand-in-Spanien-600x431.jpg\" class=\"attachment-medium size-medium wp-image-9454\" alt=\"\" srcset=\"https:\/\/nature-fineart.com\/vogelfotografie-spanien\/wp-content\/uploads\/2026\/07\/Teichhuhn-auf-einem-Weg-am-Schilfrand-in-Spanien-600x431.jpg 600w, https:\/\/nature-fineart.com\/vogelfotografie-spanien\/wp-content\/uploads\/2026\/07\/Teichhuhn-auf-einem-Weg-am-Schilfrand-in-Spanien-768x552.jpg 768w, https:\/\/nature-fineart.com\/vogelfotografie-spanien\/wp-content\/uploads\/2026\/07\/Teichhuhn-auf-einem-Weg-am-Schilfrand-in-Spanien.jpg 1024w\" sizes=\"(max-width: 600px) 100vw, 600px\" \/>\t\t\t\t\t\t\t\t\t\t\t\t\t\t\t<\/div>\n\t\t\t\t<\/div>\n\t\t\t\t<\/div>\n\t\t\t\t<\/div>\n\t\t\t\t\t<\/div>\n\t\t\t\t<\/div>\n\t\t<div class=\"elementor-element elementor-element-5030912 bird-item e-flex e-con-boxed e-con e-parent\" data-id=\"5030912\" data-element_type=\"container\" data-e-type=\"container\">\n\t\t\t\t\t<div class=\"e-con-inner\">\n\t\t\t\t<div class=\"elementor-element elementor-element-3ae0985 elementor-widget elementor-widget-spacer\" data-id=\"3ae0985\" data-element_type=\"widget\" data-e-type=\"widget\" data-widget_type=\"spacer.default\">\n\t\t\t\t<div class=\"elementor-widget-container\">\n\t\t\t\t\t\t\t<div class=\"elementor-spacer\">\n\t\t\t<div class=\"elementor-spacer-inner\"><\/div>\n\t\t<\/div>\n\t\t\t\t\t\t<\/div>\n\t\t\t\t<\/div>\n\t\t<div class=\"elementor-element elementor-element-a41f27f e-con-full e-flex e-con e-child\" data-id=\"a41f27f\" data-element_type=\"container\" data-e-type=\"container\">\n\t\t\t\t<div class=\"elementor-element elementor-element-0d74b5a elementor-widget elementor-widget-tourmbutton\" data-id=\"0d74b5a\" data-element_type=\"widget\" data-e-type=\"widget\" data-widget_type=\"tourmbutton.default\">\n\t\t\t\t<div class=\"elementor-widget-container\">\n\t\t\t\t\t<div class=\"btn-wrapper\"><a class=\"th-btn th_btn th-icon \" href=\"https:\/\/nature-fineart.com\/vogelfotografie-spanien\/zwergtaucher\/\">Art entdecken<\/a><\/div>\t\t\t\t<\/div>\n\t\t\t\t<\/div>\n\t\t<div class=\"elementor-element elementor-element-5b208c1 e-con-full e-flex e-con e-child\" data-id=\"5b208c1\" data-element_type=\"container\" data-e-type=\"container\">\n\t\t\t\t<div class=\"elementor-element elementor-element-e5f2585 elementor-widget elementor-widget-text-editor\" data-id=\"e5f2585\" data-element_type=\"widget\" data-e-type=\"widget\" data-widget_type=\"text-editor.default\">\n\t\t\t\t<div class=\"elementor-widget-container\">\n\t\t\t\t\t\t\t\t\t<p><strong>Zwergtaucher<\/strong> \u2013 kleiner Taucher mit erstaunlichem Verhalten:<\/p><p>Der Zwergtaucher ist der kleinste Lappentaucher Europas. Sein Tauchverhalten, der Wechsel zwischen Pracht- und Schlichtkleid und seine geringe Gr\u00f6\u00dfe machen ihn zu einem spannenden Motiv der Vogelfotografie.<\/p>\t\t\t\t\t\t\t\t<\/div>\n\t\t\t\t<\/div>\n\t\t\t\t<\/div>\n\t\t<div class=\"elementor-element elementor-element-66919b5 e-con-full e-flex e-con e-child\" data-id=\"66919b5\" data-element_type=\"container\" data-e-type=\"container\">\n\t\t\t\t<div class=\"elementor-element elementor-element-b4bd576 elementor-widget elementor-widget-image\" data-id=\"b4bd576\" data-element_type=\"widget\" data-e-type=\"widget\" data-widget_type=\"image.default\">\n\t\t\t\t<div class=\"elementor-widget-container\">\n\t\t\t\t\t\t\t\t\t\t\t\t\t\t\t<img loading=\"lazy\" decoding=\"async\" width=\"600\" height=\"400\" src=\"https:\/\/nature-fineart.com\/vogelfotografie-spanien\/wp-content\/uploads\/2026\/08\/Zwergtaucher-im-Prachtkleid-schwimmt-auf-Augenhoehe-zwischen-Schilf-600x400.jpg\" class=\"attachment-medium size-medium wp-image-10501\" alt=\"Zwergtaucher im Prachtkleid schwimmt auf Augenh\u00f6he zwischen Schilf\" srcset=\"https:\/\/nature-fineart.com\/vogelfotografie-spanien\/wp-content\/uploads\/2026\/08\/Zwergtaucher-im-Prachtkleid-schwimmt-auf-Augenhoehe-zwischen-Schilf-600x400.jpg 600w, https:\/\/nature-fineart.com\/vogelfotografie-spanien\/wp-content\/uploads\/2026\/08\/Zwergtaucher-im-Prachtkleid-schwimmt-auf-Augenhoehe-zwischen-Schilf-768x512.jpg 768w, https:\/\/nature-fineart.com\/vogelfotografie-spanien\/wp-content\/uploads\/2026\/08\/Zwergtaucher-im-Prachtkleid-schwimmt-auf-Augenhoehe-zwischen-Schilf.jpg 1024w\" sizes=\"(max-width: 600px) 100vw, 600px\" \/>\t\t\t\t\t\t\t\t\t\t\t\t\t\t\t<\/div>\n\t\t\t\t<\/div>\n\t\t\t\t<\/div>\n\t\t\t\t<\/div>\n\t\t\t\t\t<\/div>\n\t\t\t\t<\/div>\n\t\t<div class=\"elementor-element elementor-element-87be966 bird-item e-flex e-con-boxed e-con e-parent\" data-id=\"87be966\" data-element_type=\"container\" data-e-type=\"container\">\n\t\t\t\t\t<div class=\"e-con-inner\">\n\t\t\t\t<div class=\"elementor-element elementor-element-086dd42 elementor-widget elementor-widget-spacer\" data-id=\"086dd42\" data-element_type=\"widget\" data-e-type=\"widget\" data-widget_type=\"spacer.default\">\n\t\t\t\t<div class=\"elementor-widget-container\">\n\t\t\t\t\t\t\t<div class=\"elementor-spacer\">\n\t\t\t<div class=\"elementor-spacer-inner\"><\/div>\n\t\t<\/div>\n\t\t\t\t\t\t<\/div>\n\t\t\t\t<\/div>\n\t\t<div class=\"elementor-element elementor-element-4bf7af0 e-con-full e-flex e-con e-child\" data-id=\"4bf7af0\" data-element_type=\"container\" data-e-type=\"container\">\n\t\t\t\t<div class=\"elementor-element elementor-element-749d0bc elementor-widget elementor-widget-tourmbutton\" data-id=\"749d0bc\" data-element_type=\"widget\" data-e-type=\"widget\" data-widget_type=\"tourmbutton.default\">\n\t\t\t\t<div class=\"elementor-widget-container\">\n\t\t\t\t\t<div class=\"btn-wrapper\"><a class=\"th-btn th_btn th-icon \" href=\"https:\/\/nature-fineart.com\/vogelfotografie-spanien\/schwarzhalstaucher\/\">Art entdecken<\/a><\/div>\t\t\t\t<\/div>\n\t\t\t\t<\/div>\n\t\t<div class=\"elementor-element elementor-element-a5ce544 e-con-full e-flex e-con e-child\" data-id=\"a5ce544\" data-element_type=\"container\" data-e-type=\"container\">\n\t\t\t\t<div class=\"elementor-element elementor-element-1927d15 elementor-widget elementor-widget-text-editor\" data-id=\"1927d15\" data-element_type=\"widget\" data-e-type=\"widget\" data-widget_type=\"text-editor.default\">\n\t\t\t\t<div class=\"elementor-widget-container\">\n\t\t\t\t\t\t\t\t\t<p><strong>Schwarzhalstaucher<\/strong> \u2013 Rotes Auge und goldenes Prachtkleid:<\/p><p>Der Schwarzhalstaucher f\u00e4llt im Prachtkleid durch sein rotes Auge und goldgelbe Schmuckfedern auf. Erfahre mehr \u00fcber Tauchverhalten, Jahreszeiten und seine Fotografie in Spanien.<\/p>\t\t\t\t\t\t\t\t<\/div>\n\t\t\t\t<\/div>\n\t\t\t\t<\/div>\n\t\t<div class=\"elementor-element elementor-element-5a3cf75 e-con-full e-flex e-con e-child\" data-id=\"5a3cf75\" data-element_type=\"container\" data-e-type=\"container\">\n\t\t\t\t<div class=\"elementor-element elementor-element-5035fe1 elementor-widget elementor-widget-image\" data-id=\"5035fe1\" data-element_type=\"widget\" data-e-type=\"widget\" data-widget_type=\"image.default\">\n\t\t\t\t<div class=\"elementor-widget-container\">\n\t\t\t\t\t\t\t\t\t\t\t\t\t\t\t<img loading=\"lazy\" decoding=\"async\" width=\"600\" height=\"400\" src=\"https:\/\/nature-fineart.com\/vogelfotografie-spanien\/wp-content\/uploads\/2026\/08\/Schwarzhalstaucher-im-Prachtkleid-mit-rotem-Auge-und-goldgelben-Schmuckfedern-auf-Augenhoehe-600x400.jpg\" class=\"attachment-medium size-medium wp-image-10485\" alt=\"Schwarzhalstaucher im Prachtkleid mit rotem Auge und goldgelben Schmuckfedern auf Augenh\u00f6he\" srcset=\"https:\/\/nature-fineart.com\/vogelfotografie-spanien\/wp-content\/uploads\/2026\/08\/Schwarzhalstaucher-im-Prachtkleid-mit-rotem-Auge-und-goldgelben-Schmuckfedern-auf-Augenhoehe-600x400.jpg 600w, https:\/\/nature-fineart.com\/vogelfotografie-spanien\/wp-content\/uploads\/2026\/08\/Schwarzhalstaucher-im-Prachtkleid-mit-rotem-Auge-und-goldgelben-Schmuckfedern-auf-Augenhoehe-768x512.jpg 768w, https:\/\/nature-fineart.com\/vogelfotografie-spanien\/wp-content\/uploads\/2026\/08\/Schwarzhalstaucher-im-Prachtkleid-mit-rotem-Auge-und-goldgelben-Schmuckfedern-auf-Augenhoehe.jpg 1024w\" sizes=\"(max-width: 600px) 100vw, 600px\" \/>\t\t\t\t\t\t\t\t\t\t\t\t\t\t\t<\/div>\n\t\t\t\t<\/div>\n\t\t\t\t<\/div>\n\t\t\t\t<\/div>\n\t\t\t\t\t<\/div>\n\t\t\t\t<\/div>\n\t\t<div class=\"elementor-element elementor-element-465f397 bird-item e-flex e-con-boxed e-con e-parent\" data-id=\"465f397\" data-element_type=\"container\" data-e-type=\"container\">\n\t\t\t\t\t<div class=\"e-con-inner\">\n\t\t\t\t<div class=\"elementor-element elementor-element-e84c1fe elementor-widget elementor-widget-spacer\" data-id=\"e84c1fe\" data-element_type=\"widget\" data-e-type=\"widget\" data-widget_type=\"spacer.default\">\n\t\t\t\t<div class=\"elementor-widget-container\">\n\t\t\t\t\t\t\t<div class=\"elementor-spacer\">\n\t\t\t<div class=\"elementor-spacer-inner\"><\/div>\n\t\t<\/div>\n\t\t\t\t\t\t<\/div>\n\t\t\t\t<\/div>\n\t\t<div class=\"elementor-element elementor-element-c294bc2 e-con-full e-flex e-con e-child\" data-id=\"c294bc2\" data-element_type=\"container\" data-e-type=\"container\">\n\t\t\t\t<div class=\"elementor-element elementor-element-e3d1cff elementor-widget elementor-widget-tourmbutton\" data-id=\"e3d1cff\" data-element_type=\"widget\" data-e-type=\"widget\" data-widget_type=\"tourmbutton.default\">\n\t\t\t\t<div class=\"elementor-widget-container\">\n\t\t\t\t\t<div class=\"btn-wrapper\"><a class=\"th-btn th_btn th-icon \" href=\"https:\/\/nature-fineart.com\/vogelfotografie-spanien\/haubentaucher\/\">Art entdecken<\/a><\/div>\t\t\t\t<\/div>\n\t\t\t\t<\/div>\n\t\t<div class=\"elementor-element elementor-element-18a355c e-con-full e-flex e-con e-child\" data-id=\"18a355c\" data-element_type=\"container\" data-e-type=\"container\">\n\t\t\t\t<div class=\"elementor-element elementor-element-93657bb elementor-widget elementor-widget-text-editor\" data-id=\"93657bb\" data-element_type=\"widget\" data-e-type=\"widget\" data-widget_type=\"text-editor.default\">\n\t\t\t\t<div class=\"elementor-widget-container\">\n\t\t\t\t\t\t\t\t\t<p><strong>Haubentaucher<\/strong> \u2013 Eleganter Taucher mit au\u00dfergew\u00f6hnlicher Balz:<\/p><p>Der Haubentaucher f\u00e4llt durch seinen auff\u00e4lligen Kopfschmuck und seine au\u00dfergew\u00f6hnliche Balz auf. Fischfang, Tauchverhalten und die Jungen auf dem R\u00fccken bieten abwechslungsreiche Motive f\u00fcr die Naturfotografie.<\/p>\t\t\t\t\t\t\t\t<\/div>\n\t\t\t\t<\/div>\n\t\t\t\t<\/div>\n\t\t<div class=\"elementor-element elementor-element-d6eced8 e-con-full e-flex e-con e-child\" data-id=\"d6eced8\" data-element_type=\"container\" data-e-type=\"container\">\n\t\t\t\t<div class=\"elementor-element elementor-element-14ade8f elementor-widget elementor-widget-image\" data-id=\"14ade8f\" data-element_type=\"widget\" data-e-type=\"widget\" data-widget_type=\"image.default\">\n\t\t\t\t<div class=\"elementor-widget-container\">\n\t\t\t\t\t\t\t\t\t\t\t\t\t\t\t<img loading=\"lazy\" decoding=\"async\" width=\"600\" height=\"422\" src=\"https:\/\/nature-fineart.com\/vogelfotografie-spanien\/wp-content\/uploads\/2026\/08\/Haubentaucher-im-Prachtkleid-auf-einer-Wasserflaeche-im-warmen-Licht-600x422.jpg\" class=\"attachment-medium size-medium wp-image-10548\" alt=\"Haubentaucher im Prachtkleid auf einer Wasserfl\u00e4che im warmen Licht\" srcset=\"https:\/\/nature-fineart.com\/vogelfotografie-spanien\/wp-content\/uploads\/2026\/08\/Haubentaucher-im-Prachtkleid-auf-einer-Wasserflaeche-im-warmen-Licht-600x422.jpg 600w, https:\/\/nature-fineart.com\/vogelfotografie-spanien\/wp-content\/uploads\/2026\/08\/Haubentaucher-im-Prachtkleid-auf-einer-Wasserflaeche-im-warmen-Licht-768x540.jpg 768w, https:\/\/nature-fineart.com\/vogelfotografie-spanien\/wp-content\/uploads\/2026\/08\/Haubentaucher-im-Prachtkleid-auf-einer-Wasserflaeche-im-warmen-Licht.jpg 1024w\" sizes=\"(max-width: 600px) 100vw, 600px\" \/>\t\t\t\t\t\t\t\t\t\t\t\t\t\t\t<\/div>\n\t\t\t\t<\/div>\n\t\t\t\t<\/div>\n\t\t\t\t<\/div>\n\t\t\t\t\t<\/div>\n\t\t\t\t<\/div>\n\t\t<div class=\"elementor-element elementor-element-b66d913 bird-item e-flex e-con-boxed e-con e-parent\" data-id=\"b66d913\" data-element_type=\"container\" data-e-type=\"container\">\n\t\t\t\t\t<div class=\"e-con-inner\">\n\t\t\t\t<div class=\"elementor-element elementor-element-1824737 elementor-widget elementor-widget-spacer\" data-id=\"1824737\" data-element_type=\"widget\" data-e-type=\"widget\" data-widget_type=\"spacer.default\">\n\t\t\t\t<div class=\"elementor-widget-container\">\n\t\t\t\t\t\t\t<div class=\"elementor-spacer\">\n\t\t\t<div class=\"elementor-spacer-inner\"><\/div>\n\t\t<\/div>\n\t\t\t\t\t\t<\/div>\n\t\t\t\t<\/div>\n\t\t<div class=\"elementor-element elementor-element-ec8ce52 e-con-full e-flex e-con e-child\" data-id=\"ec8ce52\" data-element_type=\"container\" data-e-type=\"container\">\n\t\t\t\t<div class=\"elementor-element elementor-element-9244005 elementor-widget elementor-widget-tourmbutton\" data-id=\"9244005\" data-element_type=\"widget\" data-e-type=\"widget\" data-widget_type=\"tourmbutton.default\">\n\t\t\t\t<div class=\"elementor-widget-container\">\n\t\t\t\t\t<div class=\"btn-wrapper\"><a class=\"th-btn th_btn th-icon \" href=\"https:\/\/nature-fineart.com\/vogelfotografie-spanien\/krickente\/\">Art entdecken<\/a><\/div>\t\t\t\t<\/div>\n\t\t\t\t<\/div>\n\t\t<div class=\"elementor-element elementor-element-43acee6 e-con-full e-flex e-con e-child\" data-id=\"43acee6\" data-element_type=\"container\" data-e-type=\"container\">\n\t\t\t\t<div class=\"elementor-element elementor-element-67c1af6 elementor-widget elementor-widget-text-editor\" data-id=\"67c1af6\" data-element_type=\"widget\" data-e-type=\"widget\" data-widget_type=\"text-editor.default\">\n\t\t\t\t<div class=\"elementor-widget-container\">\n\t\t\t\t\t\t\t\t\t<p><strong>Krickente<\/strong> \u2013 Kleiner Farbtupfer der Wintergew\u00e4sser:<\/p><p>Die Krickente geh\u00f6rt zu den kleinsten Enten spanischer Feuchtgebiete und ist besonders im Winter zu beobachten. Erfahre mehr \u00fcber Verhalten, Lebensraum und ihre Fotografie.<\/p>\t\t\t\t\t\t\t\t<\/div>\n\t\t\t\t<\/div>\n\t\t\t\t<\/div>\n\t\t<div class=\"elementor-element elementor-element-5450a00 e-con-full e-flex e-con e-child\" data-id=\"5450a00\" data-element_type=\"container\" data-e-type=\"container\">\n\t\t\t\t<div class=\"elementor-element elementor-element-af58349 elementor-widget elementor-widget-image\" data-id=\"af58349\" data-element_type=\"widget\" data-e-type=\"widget\" data-widget_type=\"image.default\">\n\t\t\t\t<div class=\"elementor-widget-container\">\n\t\t\t\t\t\t\t\t\t\t\t\t\t\t\t<img loading=\"lazy\" decoding=\"async\" width=\"600\" height=\"467\" src=\"https:\/\/nature-fineart.com\/vogelfotografie-spanien\/wp-content\/uploads\/2026\/08\/Maennliche-Krickente-im-Prachtkleid-auf-ruhigem-Wasser-mit-leichter-Spiegelung-600x467.jpg\" class=\"attachment-medium size-medium wp-image-10258\" alt=\"\" srcset=\"https:\/\/nature-fineart.com\/vogelfotografie-spanien\/wp-content\/uploads\/2026\/08\/Maennliche-Krickente-im-Prachtkleid-auf-ruhigem-Wasser-mit-leichter-Spiegelung-600x467.jpg 600w, https:\/\/nature-fineart.com\/vogelfotografie-spanien\/wp-content\/uploads\/2026\/08\/Maennliche-Krickente-im-Prachtkleid-auf-ruhigem-Wasser-mit-leichter-Spiegelung-768x598.jpg 768w, https:\/\/nature-fineart.com\/vogelfotografie-spanien\/wp-content\/uploads\/2026\/08\/Maennliche-Krickente-im-Prachtkleid-auf-ruhigem-Wasser-mit-leichter-Spiegelung.jpg 1024w\" sizes=\"(max-width: 600px) 100vw, 600px\" \/>\t\t\t\t\t\t\t\t\t\t\t\t\t\t\t<\/div>\n\t\t\t\t<\/div>\n\t\t\t\t<\/div>\n\t\t\t\t<\/div>\n\t\t\t\t\t<\/div>\n\t\t\t\t<\/div>\n\t\t<div class=\"elementor-element elementor-element-238b7a0 bird-item e-flex e-con-boxed e-con e-parent\" data-id=\"238b7a0\" data-element_type=\"container\" data-e-type=\"container\">\n\t\t\t\t\t<div class=\"e-con-inner\">\n\t\t\t\t<div class=\"elementor-element elementor-element-86fffe5 elementor-widget elementor-widget-spacer\" data-id=\"86fffe5\" data-element_type=\"widget\" data-e-type=\"widget\" data-widget_type=\"spacer.default\">\n\t\t\t\t<div class=\"elementor-widget-container\">\n\t\t\t\t\t\t\t<div class=\"elementor-spacer\">\n\t\t\t<div class=\"elementor-spacer-inner\"><\/div>\n\t\t<\/div>\n\t\t\t\t\t\t<\/div>\n\t\t\t\t<\/div>\n\t\t<div class=\"elementor-element elementor-element-2e4285b e-con-full e-flex e-con e-child\" data-id=\"2e4285b\" data-element_type=\"container\" data-e-type=\"container\">\n\t\t\t\t<div class=\"elementor-element elementor-element-49f3a41 elementor-widget elementor-widget-tourmbutton\" data-id=\"49f3a41\" data-element_type=\"widget\" data-e-type=\"widget\" data-widget_type=\"tourmbutton.default\">\n\t\t\t\t<div class=\"elementor-widget-container\">\n\t\t\t\t\t<div class=\"btn-wrapper\"><a class=\"th-btn th_btn th-icon \" href=\"https:\/\/nature-fineart.com\/vogelfotografie-spanien\/knaekente\/\">Art entdecken<\/a><\/div>\t\t\t\t<\/div>\n\t\t\t\t<\/div>\n\t\t<div class=\"elementor-element elementor-element-cc9d55a e-con-full e-flex e-con e-child\" data-id=\"cc9d55a\" data-element_type=\"container\" data-e-type=\"container\">\n\t\t\t\t<div class=\"elementor-element elementor-element-6340a25 elementor-widget elementor-widget-text-editor\" data-id=\"6340a25\" data-element_type=\"widget\" data-e-type=\"widget\" data-widget_type=\"text-editor.default\">\n\t\t\t\t<div class=\"elementor-widget-container\">\n\t\t\t\t\t\t\t\t\t<p><strong>Kn\u00e4kente<\/strong> \u2013 Kleiner Durchz\u00fcgler mit markantem Augenstreif:<\/p><p>Die Kn\u00e4kente zieht vor allem im Fr\u00fchjahr durch Spanien und f\u00e4llt beim M\u00e4nnchen durch den breiten wei\u00dfen Augenstreif auf. Erfahre mehr \u00fcber Lebensraum, Verhalten und ihre Fotografie.<\/p>\t\t\t\t\t\t\t\t<\/div>\n\t\t\t\t<\/div>\n\t\t\t\t<\/div>\n\t\t<div class=\"elementor-element elementor-element-7d02ce0 e-con-full e-flex e-con e-child\" data-id=\"7d02ce0\" data-element_type=\"container\" data-e-type=\"container\">\n\t\t\t\t<div class=\"elementor-element elementor-element-b1a9568 elementor-widget elementor-widget-image\" data-id=\"b1a9568\" data-element_type=\"widget\" data-e-type=\"widget\" data-widget_type=\"image.default\">\n\t\t\t\t<div class=\"elementor-widget-container\">\n\t\t\t\t\t\t\t\t\t\t\t\t\t\t\t<img loading=\"lazy\" decoding=\"async\" width=\"600\" height=\"401\" src=\"https:\/\/nature-fineart.com\/vogelfotografie-spanien\/wp-content\/uploads\/2026\/08\/Maennliche-Knaekente-schwimmt-entlang-einer-flachen-Uferzone-in-Spanien-600x401.jpg\" class=\"attachment-medium size-medium wp-image-10360\" alt=\"M\u00e4nnliche Kn\u00e4kente schwimmt entlang einer flachen Uferzone in Spanien\" srcset=\"https:\/\/nature-fineart.com\/vogelfotografie-spanien\/wp-content\/uploads\/2026\/08\/Maennliche-Knaekente-schwimmt-entlang-einer-flachen-Uferzone-in-Spanien-600x401.jpg 600w, https:\/\/nature-fineart.com\/vogelfotografie-spanien\/wp-content\/uploads\/2026\/08\/Maennliche-Knaekente-schwimmt-entlang-einer-flachen-Uferzone-in-Spanien-768x513.jpg 768w, https:\/\/nature-fineart.com\/vogelfotografie-spanien\/wp-content\/uploads\/2026\/08\/Maennliche-Knaekente-schwimmt-entlang-einer-flachen-Uferzone-in-Spanien.jpg 1024w\" sizes=\"(max-width: 600px) 100vw, 600px\" \/>\t\t\t\t\t\t\t\t\t\t\t\t\t\t\t<\/div>\n\t\t\t\t<\/div>\n\t\t\t\t<\/div>\n\t\t\t\t<\/div>\n\t\t\t\t\t<\/div>\n\t\t\t\t<\/div>\n\t\t<div class=\"elementor-element elementor-element-60acdcd bird-item e-flex e-con-boxed e-con e-parent\" data-id=\"60acdcd\" data-element_type=\"container\" data-e-type=\"container\">\n\t\t\t\t\t<div class=\"e-con-inner\">\n\t\t\t\t<div class=\"elementor-element elementor-element-02d2bc9 elementor-widget elementor-widget-spacer\" data-id=\"02d2bc9\" data-element_type=\"widget\" data-e-type=\"widget\" data-widget_type=\"spacer.default\">\n\t\t\t\t<div class=\"elementor-widget-container\">\n\t\t\t\t\t\t\t<div class=\"elementor-spacer\">\n\t\t\t<div class=\"elementor-spacer-inner\"><\/div>\n\t\t<\/div>\n\t\t\t\t\t\t<\/div>\n\t\t\t\t<\/div>\n\t\t<div class=\"elementor-element elementor-element-2c95b2a e-con-full e-flex e-con e-child\" data-id=\"2c95b2a\" data-element_type=\"container\" data-e-type=\"container\">\n\t\t\t\t<div class=\"elementor-element elementor-element-8fa7a72 elementor-widget elementor-widget-tourmbutton\" data-id=\"8fa7a72\" data-element_type=\"widget\" data-e-type=\"widget\" data-widget_type=\"tourmbutton.default\">\n\t\t\t\t<div class=\"elementor-widget-container\">\n\t\t\t\t\t<div class=\"btn-wrapper\"><a class=\"th-btn th_btn th-icon \" href=\"https:\/\/nature-fineart.com\/vogelfotografie-spanien\/loeffelente\/\">Art entdecken<\/a><\/div>\t\t\t\t<\/div>\n\t\t\t\t<\/div>\n\t\t<div class=\"elementor-element elementor-element-1654c0d e-con-full e-flex e-con e-child\" data-id=\"1654c0d\" data-element_type=\"container\" data-e-type=\"container\">\n\t\t\t\t<div class=\"elementor-element elementor-element-ea0dc91 elementor-widget elementor-widget-text-editor\" data-id=\"ea0dc91\" data-element_type=\"widget\" data-e-type=\"widget\" data-widget_type=\"text-editor.default\">\n\t\t\t\t<div class=\"elementor-widget-container\">\n\t\t\t\t\t\t\t\t\t<p><strong>L\u00f6ffelente<\/strong> \u2013 Farbenpr\u00e4chtiger Spezialist mit Filterschnabel:<\/p><p>Die L\u00f6ffelente f\u00e4llt durch ihren breiten Schnabel und das farbenpr\u00e4chtige M\u00e4nnchen sofort auf. Erfahre mehr \u00fcber Nahrungssuche, Verhalten und die Fotografie dieser besonderen Ente.<\/p>\t\t\t\t\t\t\t\t<\/div>\n\t\t\t\t<\/div>\n\t\t\t\t<\/div>\n\t\t<div class=\"elementor-element elementor-element-862f793 e-con-full e-flex e-con e-child\" data-id=\"862f793\" data-element_type=\"container\" data-e-type=\"container\">\n\t\t\t\t<div class=\"elementor-element elementor-element-9ef3b10 elementor-widget elementor-widget-image\" data-id=\"9ef3b10\" data-element_type=\"widget\" data-e-type=\"widget\" data-widget_type=\"image.default\">\n\t\t\t\t<div class=\"elementor-widget-container\">\n\t\t\t\t\t\t\t\t\t\t\t\t\t\t\t<img loading=\"lazy\" decoding=\"async\" width=\"600\" height=\"431\" src=\"https:\/\/nature-fineart.com\/vogelfotografie-spanien\/wp-content\/uploads\/2026\/08\/Portraet-einer-maennlichen-Loeffelente-mit-gelbem-Auge-und-sichtbaren-Lamellen-am-breiten-Schnabel-600x431.jpg\" class=\"attachment-medium size-medium wp-image-10305\" alt=\"Portr\u00e4t einer m\u00e4nnlichen L\u00f6ffelente mit gelbem Auge und sichtbaren Lamellen am breiten Schnabel\" srcset=\"https:\/\/nature-fineart.com\/vogelfotografie-spanien\/wp-content\/uploads\/2026\/08\/Portraet-einer-maennlichen-Loeffelente-mit-gelbem-Auge-und-sichtbaren-Lamellen-am-breiten-Schnabel-600x431.jpg 600w, https:\/\/nature-fineart.com\/vogelfotografie-spanien\/wp-content\/uploads\/2026\/08\/Portraet-einer-maennlichen-Loeffelente-mit-gelbem-Auge-und-sichtbaren-Lamellen-am-breiten-Schnabel-768x551.jpg 768w, https:\/\/nature-fineart.com\/vogelfotografie-spanien\/wp-content\/uploads\/2026\/08\/Portraet-einer-maennlichen-Loeffelente-mit-gelbem-Auge-und-sichtbaren-Lamellen-am-breiten-Schnabel.jpg 1024w\" sizes=\"(max-width: 600px) 100vw, 600px\" \/>\t\t\t\t\t\t\t\t\t\t\t\t\t\t\t<\/div>\n\t\t\t\t<\/div>\n\t\t\t\t<\/div>\n\t\t\t\t<\/div>\n\t\t\t\t\t<\/div>\n\t\t\t\t<\/div>\n\t\t<div class=\"elementor-element elementor-element-1225125 bird-item e-flex e-con-boxed e-con e-parent\" data-id=\"1225125\" data-element_type=\"container\" data-e-type=\"container\">\n\t\t\t\t\t<div class=\"e-con-inner\">\n\t\t\t\t<div class=\"elementor-element elementor-element-9c6551d elementor-widget elementor-widget-spacer\" data-id=\"9c6551d\" data-element_type=\"widget\" data-e-type=\"widget\" data-widget_type=\"spacer.default\">\n\t\t\t\t<div class=\"elementor-widget-container\">\n\t\t\t\t\t\t\t<div class=\"elementor-spacer\">\n\t\t\t<div class=\"elementor-spacer-inner\"><\/div>\n\t\t<\/div>\n\t\t\t\t\t\t<\/div>\n\t\t\t\t<\/div>\n\t\t<div class=\"elementor-element elementor-element-974cc57 e-con-full e-flex e-con e-child\" data-id=\"974cc57\" data-element_type=\"container\" data-e-type=\"container\">\n\t\t\t\t<div class=\"elementor-element elementor-element-451cb7c elementor-widget elementor-widget-tourmbutton\" data-id=\"451cb7c\" data-element_type=\"widget\" data-e-type=\"widget\" data-widget_type=\"tourmbutton.default\">\n\t\t\t\t<div class=\"elementor-widget-container\">\n\t\t\t\t\t<div class=\"btn-wrapper\"><a class=\"th-btn th_btn th-icon \" href=\"https:\/\/nature-fineart.com\/vogelfotografie-spanien\/spiessente\/\">Art entdecken<\/a><\/div>\t\t\t\t<\/div>\n\t\t\t\t<\/div>\n\t\t<div class=\"elementor-element elementor-element-5ec6067 e-con-full e-flex e-con e-child\" data-id=\"5ec6067\" data-element_type=\"container\" data-e-type=\"container\">\n\t\t\t\t<div class=\"elementor-element elementor-element-c24c7f6 elementor-widget elementor-widget-text-editor\" data-id=\"c24c7f6\" data-element_type=\"widget\" data-e-type=\"widget\" data-widget_type=\"text-editor.default\">\n\t\t\t\t<div class=\"elementor-widget-container\">\n\t\t\t\t\t\t\t\t\t<p><strong>Spie\u00dfente<\/strong> \u2013 elegante Wildente mit langem Schwanz:<\/p><p>Die Spie\u00dfente z\u00e4hlt zu den elegantesten Wildenten. Besonders das M\u00e4nnchen f\u00e4llt im Prachtkleid durch seinen dunkelbraunen Kopf, die helle Brust und die langen Schwanzfedern auf. In Spanien l\u00e4sst sie sich vor allem im Winterhalbjahr in gro\u00dfen Feuchtgebieten beobachten.<\/p>\t\t\t\t\t\t\t\t<\/div>\n\t\t\t\t<\/div>\n\t\t\t\t<\/div>\n\t\t<div class=\"elementor-element elementor-element-a82ac2b e-con-full e-flex e-con e-child\" data-id=\"a82ac2b\" data-element_type=\"container\" data-e-type=\"container\">\n\t\t\t\t<div class=\"elementor-element elementor-element-eb8ec7d elementor-widget elementor-widget-image\" data-id=\"eb8ec7d\" data-element_type=\"widget\" data-e-type=\"widget\" data-widget_type=\"image.default\">\n\t\t\t\t<div class=\"elementor-widget-container\">\n\t\t\t\t\t\t\t\t\t\t\t\t\t\t\t<img loading=\"lazy\" decoding=\"async\" width=\"600\" height=\"400\" src=\"https:\/\/nature-fineart.com\/vogelfotografie-spanien\/wp-content\/uploads\/2026\/07\/Maennliche-und-weibliche-Spiessente-gemeinsam-auf-dem-Wasser-600x400.jpg\" class=\"attachment-medium size-medium wp-image-9408\" alt=\"\" srcset=\"https:\/\/nature-fineart.com\/vogelfotografie-spanien\/wp-content\/uploads\/2026\/07\/Maennliche-und-weibliche-Spiessente-gemeinsam-auf-dem-Wasser-600x400.jpg 600w, https:\/\/nature-fineart.com\/vogelfotografie-spanien\/wp-content\/uploads\/2026\/07\/Maennliche-und-weibliche-Spiessente-gemeinsam-auf-dem-Wasser-768x512.jpg 768w, https:\/\/nature-fineart.com\/vogelfotografie-spanien\/wp-content\/uploads\/2026\/07\/Maennliche-und-weibliche-Spiessente-gemeinsam-auf-dem-Wasser.jpg 1024w\" sizes=\"(max-width: 600px) 100vw, 600px\" \/>\t\t\t\t\t\t\t\t\t\t\t\t\t\t\t<\/div>\n\t\t\t\t<\/div>\n\t\t\t\t<\/div>\n\t\t\t\t<\/div>\n\t\t\t\t\t<\/div>\n\t\t\t\t<\/div>\n\t\t<div class=\"elementor-element elementor-element-462cf1e bird-item e-flex e-con-boxed e-con e-parent\" data-id=\"462cf1e\" data-element_type=\"container\" data-e-type=\"container\">\n\t\t\t\t\t<div class=\"e-con-inner\">\n\t\t\t\t<div class=\"elementor-element elementor-element-147902d elementor-widget elementor-widget-spacer\" data-id=\"147902d\" data-element_type=\"widget\" data-e-type=\"widget\" data-widget_type=\"spacer.default\">\n\t\t\t\t<div class=\"elementor-widget-container\">\n\t\t\t\t\t\t\t<div class=\"elementor-spacer\">\n\t\t\t<div class=\"elementor-spacer-inner\"><\/div>\n\t\t<\/div>\n\t\t\t\t\t\t<\/div>\n\t\t\t\t<\/div>\n\t\t<div class=\"elementor-element elementor-element-b440467 e-con-full e-flex e-con e-child\" data-id=\"b440467\" data-element_type=\"container\" data-e-type=\"container\">\n\t\t\t\t<div class=\"elementor-element elementor-element-3755abb elementor-widget elementor-widget-tourmbutton\" data-id=\"3755abb\" data-element_type=\"widget\" data-e-type=\"widget\" data-widget_type=\"tourmbutton.default\">\n\t\t\t\t<div class=\"elementor-widget-container\">\n\t\t\t\t\t<div class=\"btn-wrapper\"><a class=\"th-btn th_btn th-icon \" href=\"https:\/\/nature-fineart.com\/vogelfotografie-spanien\/stockente\/\">Art entdecken<\/a><\/div>\t\t\t\t<\/div>\n\t\t\t\t<\/div>\n\t\t<div class=\"elementor-element elementor-element-bac54a7 e-con-full e-flex e-con e-child\" data-id=\"bac54a7\" data-element_type=\"container\" data-e-type=\"container\">\n\t\t\t\t<div class=\"elementor-element elementor-element-e13e9f6 elementor-widget elementor-widget-text-editor\" data-id=\"e13e9f6\" data-element_type=\"widget\" data-e-type=\"widget\" data-widget_type=\"text-editor.default\">\n\t\t\t\t<div class=\"elementor-widget-container\">\n\t\t\t\t\t\t\t\t\t<p><strong>Stockente<\/strong> \u2013 Farbenpr\u00e4chtiger Klassiker, oft untersch\u00e4tzt:<\/p><p>Die Stockente geh\u00f6rt zu den h\u00e4ufigsten Enten Europas und wird als Fotomotiv leicht untersch\u00e4tzt. Erfahre mehr \u00fcber Gefieder, Verhalten und die Fotografie dieser vielseitigen Art.<\/p>\t\t\t\t\t\t\t\t<\/div>\n\t\t\t\t<\/div>\n\t\t\t\t<\/div>\n\t\t<div class=\"elementor-element elementor-element-69b865c e-con-full e-flex e-con e-child\" data-id=\"69b865c\" data-element_type=\"container\" data-e-type=\"container\">\n\t\t\t\t<div class=\"elementor-element elementor-element-08d9f56 elementor-widget elementor-widget-image\" data-id=\"08d9f56\" data-element_type=\"widget\" data-e-type=\"widget\" data-widget_type=\"image.default\">\n\t\t\t\t<div class=\"elementor-widget-container\">\n\t\t\t\t\t\t\t\t\t\t\t\t\t\t\t<img loading=\"lazy\" decoding=\"async\" width=\"600\" height=\"400\" src=\"https:\/\/nature-fineart.com\/vogelfotografie-spanien\/wp-content\/uploads\/2026\/08\/Maennliche-Stockente-im-warmen-Abendlicht-zwischen-trockenem-Gras-nahe-einer-Lagune-600x400.jpg\" class=\"attachment-medium size-medium wp-image-10378\" alt=\"M\u00e4nnliche Stockente im warmen Abendlicht zwischen trockenem Gras nahe einer Lagune\" srcset=\"https:\/\/nature-fineart.com\/vogelfotografie-spanien\/wp-content\/uploads\/2026\/08\/Maennliche-Stockente-im-warmen-Abendlicht-zwischen-trockenem-Gras-nahe-einer-Lagune-600x400.jpg 600w, https:\/\/nature-fineart.com\/vogelfotografie-spanien\/wp-content\/uploads\/2026\/08\/Maennliche-Stockente-im-warmen-Abendlicht-zwischen-trockenem-Gras-nahe-einer-Lagune-768x512.jpg 768w, https:\/\/nature-fineart.com\/vogelfotografie-spanien\/wp-content\/uploads\/2026\/08\/Maennliche-Stockente-im-warmen-Abendlicht-zwischen-trockenem-Gras-nahe-einer-Lagune.jpg 1024w\" sizes=\"(max-width: 600px) 100vw, 600px\" \/>\t\t\t\t\t\t\t\t\t\t\t\t\t\t\t<\/div>\n\t\t\t\t<\/div>\n\t\t\t\t<\/div>\n\t\t\t\t<\/div>\n\t\t\t\t\t<\/div>\n\t\t\t\t<\/div>\n\t\t<div class=\"elementor-element elementor-element-d97077b bird-item e-flex e-con-boxed e-con e-parent\" data-id=\"d97077b\" data-element_type=\"container\" data-e-type=\"container\">\n\t\t\t\t\t<div class=\"e-con-inner\">\n\t\t\t\t<div class=\"elementor-element elementor-element-3eba7de elementor-widget elementor-widget-spacer\" data-id=\"3eba7de\" data-element_type=\"widget\" data-e-type=\"widget\" data-widget_type=\"spacer.default\">\n\t\t\t\t<div class=\"elementor-widget-container\">\n\t\t\t\t\t\t\t<div class=\"elementor-spacer\">\n\t\t\t<div class=\"elementor-spacer-inner\"><\/div>\n\t\t<\/div>\n\t\t\t\t\t\t<\/div>\n\t\t\t\t<\/div>\n\t\t<div class=\"elementor-element elementor-element-27a9c90 e-con-full e-flex e-con e-child\" data-id=\"27a9c90\" data-element_type=\"container\" data-e-type=\"container\">\n\t\t\t\t<div class=\"elementor-element elementor-element-d489b66 elementor-widget elementor-widget-tourmbutton\" data-id=\"d489b66\" data-element_type=\"widget\" data-e-type=\"widget\" data-widget_type=\"tourmbutton.default\">\n\t\t\t\t<div class=\"elementor-widget-container\">\n\t\t\t\t\t<div class=\"btn-wrapper\"><a class=\"th-btn th_btn th-icon \" href=\"https:\/\/nature-fineart.com\/vogelfotografie-spanien\/pfeifente\/\">Art entdecken<\/a><\/div>\t\t\t\t<\/div>\n\t\t\t\t<\/div>\n\t\t<div class=\"elementor-element elementor-element-2991354 e-con-full e-flex e-con e-child\" data-id=\"2991354\" data-element_type=\"container\" data-e-type=\"container\">\n\t\t\t\t<div class=\"elementor-element elementor-element-c645c73 elementor-widget elementor-widget-text-editor\" data-id=\"c645c73\" data-element_type=\"widget\" data-e-type=\"widget\" data-widget_type=\"text-editor.default\">\n\t\t\t\t<div class=\"elementor-widget-container\">\n\t\t\t\t\t\t\t\t\t<p><strong>Pfeifente<\/strong> \u2013 Wintergast mit markanter Kopfzeichnung:<\/p><p>Die Pfeifente f\u00e4llt besonders beim M\u00e4nnchen durch den kastanienbraunen Kopf und die helle Stirn auf. Erfahre mehr \u00fcber Wintervorkommen, Verhalten und ihre Fotografie.<\/p>\t\t\t\t\t\t\t\t<\/div>\n\t\t\t\t<\/div>\n\t\t\t\t<\/div>\n\t\t<div class=\"elementor-element elementor-element-825956d e-con-full e-flex e-con e-child\" data-id=\"825956d\" data-element_type=\"container\" data-e-type=\"container\">\n\t\t\t\t<div class=\"elementor-element elementor-element-ac6fb22 elementor-widget elementor-widget-image\" data-id=\"ac6fb22\" data-element_type=\"widget\" data-e-type=\"widget\" data-widget_type=\"image.default\">\n\t\t\t\t<div class=\"elementor-widget-container\">\n\t\t\t\t\t\t\t\t\t\t\t\t\t\t\t<img loading=\"lazy\" decoding=\"async\" width=\"600\" height=\"428\" src=\"https:\/\/nature-fineart.com\/vogelfotografie-spanien\/wp-content\/uploads\/2026\/08\/Maennliche-Pfeifente-im-Prachtkleid-auf-einer-Wasserflaeche-mit-kastanienbraunem-Kopf-und-heller-Stirn-600x428.jpg\" class=\"attachment-medium size-medium wp-image-10320\" alt=\"M\u00e4nnliche Pfeifente im Prachtkleid auf einer Wasserfl\u00e4che mit kastanienbraunem Kopf und heller Stirn\" srcset=\"https:\/\/nature-fineart.com\/vogelfotografie-spanien\/wp-content\/uploads\/2026\/08\/Maennliche-Pfeifente-im-Prachtkleid-auf-einer-Wasserflaeche-mit-kastanienbraunem-Kopf-und-heller-Stirn-600x428.jpg 600w, https:\/\/nature-fineart.com\/vogelfotografie-spanien\/wp-content\/uploads\/2026\/08\/Maennliche-Pfeifente-im-Prachtkleid-auf-einer-Wasserflaeche-mit-kastanienbraunem-Kopf-und-heller-Stirn-768x548.jpg 768w, https:\/\/nature-fineart.com\/vogelfotografie-spanien\/wp-content\/uploads\/2026\/08\/Maennliche-Pfeifente-im-Prachtkleid-auf-einer-Wasserflaeche-mit-kastanienbraunem-Kopf-und-heller-Stirn.jpg 1024w\" sizes=\"(max-width: 600px) 100vw, 600px\" \/>\t\t\t\t\t\t\t\t\t\t\t\t\t\t\t<\/div>\n\t\t\t\t<\/div>\n\t\t\t\t<\/div>\n\t\t\t\t<\/div>\n\t\t\t\t\t<\/div>\n\t\t\t\t<\/div>\n\t\t<div class=\"elementor-element elementor-element-27e315a bird-item e-flex e-con-boxed e-con e-parent\" data-id=\"27e315a\" data-element_type=\"container\" data-e-type=\"container\">\n\t\t\t\t\t<div class=\"e-con-inner\">\n\t\t\t\t<div class=\"elementor-element elementor-element-ea2924d elementor-widget elementor-widget-spacer\" data-id=\"ea2924d\" data-element_type=\"widget\" data-e-type=\"widget\" data-widget_type=\"spacer.default\">\n\t\t\t\t<div class=\"elementor-widget-container\">\n\t\t\t\t\t\t\t<div class=\"elementor-spacer\">\n\t\t\t<div class=\"elementor-spacer-inner\"><\/div>\n\t\t<\/div>\n\t\t\t\t\t\t<\/div>\n\t\t\t\t<\/div>\n\t\t<div class=\"elementor-element elementor-element-a213a38 e-con-full e-flex e-con e-child\" data-id=\"a213a38\" data-element_type=\"container\" data-e-type=\"container\">\n\t\t\t\t<div class=\"elementor-element elementor-element-2329a6b elementor-widget elementor-widget-tourmbutton\" data-id=\"2329a6b\" data-element_type=\"widget\" data-e-type=\"widget\" data-widget_type=\"tourmbutton.default\">\n\t\t\t\t<div class=\"elementor-widget-container\">\n\t\t\t\t\t<div class=\"btn-wrapper\"><a class=\"th-btn th_btn th-icon \" href=\"https:\/\/nature-fineart.com\/vogelfotografie-spanien\/schnatterente\/\">Art entdecken<\/a><\/div>\t\t\t\t<\/div>\n\t\t\t\t<\/div>\n\t\t<div class=\"elementor-element elementor-element-45820f8 e-con-full e-flex e-con e-child\" data-id=\"45820f8\" data-element_type=\"container\" data-e-type=\"container\">\n\t\t\t\t<div class=\"elementor-element elementor-element-29ff70f elementor-widget elementor-widget-text-editor\" data-id=\"29ff70f\" data-element_type=\"widget\" data-e-type=\"widget\" data-widget_type=\"text-editor.default\">\n\t\t\t\t<div class=\"elementor-widget-container\">\n\t\t\t\t\t\t\t\t\t<p><strong>Schnatterente<\/strong> \u2013 Unscheinbar erst auf den ersten Blick:<\/p><p>Die Schnatterente wirkt zun\u00e4chst schlicht, zeigt aus der N\u00e4he aber eine erstaunlich feine Gefiederzeichnung. Erfahre mehr \u00fcber Lebensraum, Verhalten und ihre Fotografie.<\/p>\t\t\t\t\t\t\t\t<\/div>\n\t\t\t\t<\/div>\n\t\t\t\t<\/div>\n\t\t<div class=\"elementor-element elementor-element-a27a4ab e-con-full e-flex e-con e-child\" data-id=\"a27a4ab\" data-element_type=\"container\" data-e-type=\"container\">\n\t\t\t\t<div class=\"elementor-element elementor-element-67b1695 elementor-widget elementor-widget-image\" data-id=\"67b1695\" data-element_type=\"widget\" data-e-type=\"widget\" data-widget_type=\"image.default\">\n\t\t\t\t<div class=\"elementor-widget-container\">\n\t\t\t\t\t\t\t\t\t\t\t\t\t\t\t<img loading=\"lazy\" decoding=\"async\" width=\"600\" height=\"449\" src=\"https:\/\/nature-fineart.com\/vogelfotografie-spanien\/wp-content\/uploads\/2026\/08\/Schnatterenten-Paar-auf-ruhigem-Wasser-mit-Wassertropfen-am-Schnabel-des-Maennchens-600x449.jpg\" class=\"attachment-medium size-medium wp-image-10285\" alt=\"Schnatterenten-Paar auf ruhigem Wasser mit Wassertropfen am Schnabel des M\u00e4nnchens\" srcset=\"https:\/\/nature-fineart.com\/vogelfotografie-spanien\/wp-content\/uploads\/2026\/08\/Schnatterenten-Paar-auf-ruhigem-Wasser-mit-Wassertropfen-am-Schnabel-des-Maennchens-600x449.jpg 600w, https:\/\/nature-fineart.com\/vogelfotografie-spanien\/wp-content\/uploads\/2026\/08\/Schnatterenten-Paar-auf-ruhigem-Wasser-mit-Wassertropfen-am-Schnabel-des-Maennchens-768x575.jpg 768w, https:\/\/nature-fineart.com\/vogelfotografie-spanien\/wp-content\/uploads\/2026\/08\/Schnatterenten-Paar-auf-ruhigem-Wasser-mit-Wassertropfen-am-Schnabel-des-Maennchens.jpg 1024w\" sizes=\"(max-width: 600px) 100vw, 600px\" \/>\t\t\t\t\t\t\t\t\t\t\t\t\t\t\t<\/div>\n\t\t\t\t<\/div>\n\t\t\t\t<\/div>\n\t\t\t\t<\/div>\n\t\t\t\t\t<\/div>\n\t\t\t\t<\/div>\n\t\t<div class=\"elementor-element elementor-element-8bbbba5 bird-item e-flex e-con-boxed e-con e-parent\" data-id=\"8bbbba5\" data-element_type=\"container\" data-e-type=\"container\">\n\t\t\t\t\t<div class=\"e-con-inner\">\n\t\t\t\t<div class=\"elementor-element elementor-element-77d04ab elementor-widget elementor-widget-spacer\" data-id=\"77d04ab\" data-element_type=\"widget\" data-e-type=\"widget\" data-widget_type=\"spacer.default\">\n\t\t\t\t<div class=\"elementor-widget-container\">\n\t\t\t\t\t\t\t<div class=\"elementor-spacer\">\n\t\t\t<div class=\"elementor-spacer-inner\"><\/div>\n\t\t<\/div>\n\t\t\t\t\t\t<\/div>\n\t\t\t\t<\/div>\n\t\t<div class=\"elementor-element elementor-element-d11177d e-con-full e-flex e-con e-child\" data-id=\"d11177d\" data-element_type=\"container\" data-e-type=\"container\">\n\t\t\t\t<div class=\"elementor-element elementor-element-1e8129a elementor-widget elementor-widget-tourmbutton\" data-id=\"1e8129a\" data-element_type=\"widget\" data-e-type=\"widget\" data-widget_type=\"tourmbutton.default\">\n\t\t\t\t<div class=\"elementor-widget-container\">\n\t\t\t\t\t<div class=\"btn-wrapper\"><a class=\"th-btn th_btn th-icon \" href=\"https:\/\/nature-fineart.com\/vogelfotografie-spanien\/kolbenente\/\">Art entdecken<\/a><\/div>\t\t\t\t<\/div>\n\t\t\t\t<\/div>\n\t\t<div class=\"elementor-element elementor-element-009c0da e-con-full e-flex e-con e-child\" data-id=\"009c0da\" data-element_type=\"container\" data-e-type=\"container\">\n\t\t\t\t<div class=\"elementor-element elementor-element-242b5d0 elementor-widget elementor-widget-text-editor\" data-id=\"242b5d0\" data-element_type=\"widget\" data-e-type=\"widget\" data-widget_type=\"text-editor.default\">\n\t\t\t\t<div class=\"elementor-widget-container\">\n\t\t\t\t\t\t\t\t\t<p><strong>Kolbenente<\/strong> \u2013 Farbenpracht zwischen Orange, Rot und Schwarz:<\/p><p>Die Kolbenente f\u00e4llt besonders durch das farbenpr\u00e4chtige M\u00e4nnchen und seine markante Kopfform auf. Erfahre mehr \u00fcber Tauchverhalten, Lebensraum und die Fotografie dieser besonderen Ente.<\/p>\t\t\t\t\t\t\t\t<\/div>\n\t\t\t\t<\/div>\n\t\t\t\t<\/div>\n\t\t<div class=\"elementor-element elementor-element-0d8f561 e-con-full e-flex e-con e-child\" data-id=\"0d8f561\" data-element_type=\"container\" data-e-type=\"container\">\n\t\t\t\t<div class=\"elementor-element elementor-element-6ae9710 elementor-widget elementor-widget-image\" data-id=\"6ae9710\" data-element_type=\"widget\" data-e-type=\"widget\" data-widget_type=\"image.default\">\n\t\t\t\t<div class=\"elementor-widget-container\">\n\t\t\t\t\t\t\t\t\t\t\t\t\t\t\t<img loading=\"lazy\" decoding=\"async\" width=\"600\" height=\"443\" src=\"https:\/\/nature-fineart.com\/vogelfotografie-spanien\/wp-content\/uploads\/2026\/08\/Maennliche-Kolbenente-im-Prachtkleid-mit-auffaellig-rundem-orangefarbenem-Kopf-auf-einer-Wasserflaeche-600x443.jpg\" class=\"attachment-medium size-medium wp-image-10344\" alt=\"M\u00e4nnliche Kolbenente im Prachtkleid mit auff\u00e4llig rundem orangefarbenem Kopf auf einer Wasserfl\u00e4che\" srcset=\"https:\/\/nature-fineart.com\/vogelfotografie-spanien\/wp-content\/uploads\/2026\/08\/Maennliche-Kolbenente-im-Prachtkleid-mit-auffaellig-rundem-orangefarbenem-Kopf-auf-einer-Wasserflaeche-600x443.jpg 600w, https:\/\/nature-fineart.com\/vogelfotografie-spanien\/wp-content\/uploads\/2026\/08\/Maennliche-Kolbenente-im-Prachtkleid-mit-auffaellig-rundem-orangefarbenem-Kopf-auf-einer-Wasserflaeche-768x567.jpg 768w, https:\/\/nature-fineart.com\/vogelfotografie-spanien\/wp-content\/uploads\/2026\/08\/Maennliche-Kolbenente-im-Prachtkleid-mit-auffaellig-rundem-orangefarbenem-Kopf-auf-einer-Wasserflaeche.jpg 1024w\" sizes=\"(max-width: 600px) 100vw, 600px\" \/>\t\t\t\t\t\t\t\t\t\t\t\t\t\t\t<\/div>\n\t\t\t\t<\/div>\n\t\t\t\t<\/div>\n\t\t\t\t<\/div>\n\t\t\t\t\t<\/div>\n\t\t\t\t<\/div>\n\t\t<div class=\"elementor-element elementor-element-2fc1ac9 bird-item e-flex e-con-boxed e-con e-parent\" data-id=\"2fc1ac9\" data-element_type=\"container\" data-e-type=\"container\">\n\t\t\t\t\t<div class=\"e-con-inner\">\n\t\t\t\t<div class=\"elementor-element elementor-element-576427a elementor-widget elementor-widget-spacer\" data-id=\"576427a\" data-element_type=\"widget\" data-e-type=\"widget\" data-widget_type=\"spacer.default\">\n\t\t\t\t<div class=\"elementor-widget-container\">\n\t\t\t\t\t\t\t<div class=\"elementor-spacer\">\n\t\t\t<div class=\"elementor-spacer-inner\"><\/div>\n\t\t<\/div>\n\t\t\t\t\t\t<\/div>\n\t\t\t\t<\/div>\n\t\t<div class=\"elementor-element elementor-element-7bcfc20 e-con-full e-flex e-con e-child\" data-id=\"7bcfc20\" data-element_type=\"container\" data-e-type=\"container\">\n\t\t\t\t<div class=\"elementor-element elementor-element-7138b7c elementor-widget elementor-widget-tourmbutton\" data-id=\"7138b7c\" data-element_type=\"widget\" data-e-type=\"widget\" data-widget_type=\"tourmbutton.default\">\n\t\t\t\t<div class=\"elementor-widget-container\">\n\t\t\t\t\t<div class=\"btn-wrapper\"><a class=\"th-btn th_btn th-icon \" href=\"https:\/\/nature-fineart.com\/vogelfotografie-spanien\/tafelente\/\">Art entdecken<\/a><\/div>\t\t\t\t<\/div>\n\t\t\t\t<\/div>\n\t\t<div class=\"elementor-element elementor-element-2f35e06 e-con-full e-flex e-con e-child\" data-id=\"2f35e06\" data-element_type=\"container\" data-e-type=\"container\">\n\t\t\t\t<div class=\"elementor-element elementor-element-e24c61f elementor-widget elementor-widget-text-editor\" data-id=\"e24c61f\" data-element_type=\"widget\" data-e-type=\"widget\" data-widget_type=\"text-editor.default\">\n\t\t\t\t<div class=\"elementor-widget-container\">\n\t\t\t\t\t\t\t\t\t<p><strong>Tafelente<\/strong> \u2013 Rot\u00e4ugige Tauchente der Feuchtgebiete:<\/p><p>Die Tafelente f\u00e4llt beim M\u00e4nnchen durch ihr rotes Auge, den kastanienbraunen Kopf und das silbrig-graue Gefieder auf. Erfahre mehr \u00fcber Tauchverhalten, Lebensraum und ihre Fotografie.<\/p>\t\t\t\t\t\t\t\t<\/div>\n\t\t\t\t<\/div>\n\t\t\t\t<\/div>\n\t\t<div class=\"elementor-element elementor-element-a4ac52d e-con-full e-flex e-con e-child\" data-id=\"a4ac52d\" data-element_type=\"container\" data-e-type=\"container\">\n\t\t\t\t<div class=\"elementor-element elementor-element-c163fc2 elementor-widget elementor-widget-image\" data-id=\"c163fc2\" data-element_type=\"widget\" data-e-type=\"widget\" data-widget_type=\"image.default\">\n\t\t\t\t<div class=\"elementor-widget-container\">\n\t\t\t\t\t\t\t\t\t\t\t\t\t\t\t<img loading=\"lazy\" decoding=\"async\" width=\"600\" height=\"400\" src=\"https:\/\/nature-fineart.com\/vogelfotografie-spanien\/wp-content\/uploads\/2026\/08\/Maennliche-Tafelente-mit-kastanienbraunem-Kopf-und-rotem-Auge-auf-einer-blauen-Wasserflaeche-600x400.jpg\" class=\"attachment-medium size-medium wp-image-10425\" alt=\"M\u00e4nnliche Tafelente mit kastanienbraunem Kopf und rotem Auge auf einer blauen Wasserfl\u00e4che\" srcset=\"https:\/\/nature-fineart.com\/vogelfotografie-spanien\/wp-content\/uploads\/2026\/08\/Maennliche-Tafelente-mit-kastanienbraunem-Kopf-und-rotem-Auge-auf-einer-blauen-Wasserflaeche-600x400.jpg 600w, https:\/\/nature-fineart.com\/vogelfotografie-spanien\/wp-content\/uploads\/2026\/08\/Maennliche-Tafelente-mit-kastanienbraunem-Kopf-und-rotem-Auge-auf-einer-blauen-Wasserflaeche-768x512.jpg 768w, https:\/\/nature-fineart.com\/vogelfotografie-spanien\/wp-content\/uploads\/2026\/08\/Maennliche-Tafelente-mit-kastanienbraunem-Kopf-und-rotem-Auge-auf-einer-blauen-Wasserflaeche.jpg 1024w\" sizes=\"(max-width: 600px) 100vw, 600px\" \/>\t\t\t\t\t\t\t\t\t\t\t\t\t\t\t<\/div>\n\t\t\t\t<\/div>\n\t\t\t\t<\/div>\n\t\t\t\t<\/div>\n\t\t\t\t\t<\/div>\n\t\t\t\t<\/div>\n\t\t<div class=\"elementor-element elementor-element-ba8735b bird-item e-flex e-con-boxed e-con e-parent\" data-id=\"ba8735b\" data-element_type=\"container\" data-e-type=\"container\">\n\t\t\t\t\t<div class=\"e-con-inner\">\n\t\t\t\t<div class=\"elementor-element elementor-element-008a4d8 elementor-widget elementor-widget-spacer\" data-id=\"008a4d8\" data-element_type=\"widget\" data-e-type=\"widget\" data-widget_type=\"spacer.default\">\n\t\t\t\t<div class=\"elementor-widget-container\">\n\t\t\t\t\t\t\t<div class=\"elementor-spacer\">\n\t\t\t<div class=\"elementor-spacer-inner\"><\/div>\n\t\t<\/div>\n\t\t\t\t\t\t<\/div>\n\t\t\t\t<\/div>\n\t\t<div class=\"elementor-element elementor-element-437a8ff e-con-full e-flex e-con e-child\" data-id=\"437a8ff\" data-element_type=\"container\" data-e-type=\"container\">\n\t\t\t\t<div class=\"elementor-element elementor-element-8397ba3 elementor-widget elementor-widget-tourmbutton\" data-id=\"8397ba3\" data-element_type=\"widget\" data-e-type=\"widget\" data-widget_type=\"tourmbutton.default\">\n\t\t\t\t<div class=\"elementor-widget-container\">\n\t\t\t\t\t<div class=\"btn-wrapper\"><a class=\"th-btn th_btn th-icon \" href=\"https:\/\/nature-fineart.com\/vogelfotografie-spanien\/weisskopf-ruderente\/\">Art entdecken<\/a><\/div>\t\t\t\t<\/div>\n\t\t\t\t<\/div>\n\t\t<div class=\"elementor-element elementor-element-3714b1e e-con-full e-flex e-con e-child\" data-id=\"3714b1e\" data-element_type=\"container\" data-e-type=\"container\">\n\t\t\t\t<div class=\"elementor-element elementor-element-e02bce4 elementor-widget elementor-widget-text-editor\" data-id=\"e02bce4\" data-element_type=\"widget\" data-e-type=\"widget\" data-widget_type=\"text-editor.default\">\n\t\t\t\t<div class=\"elementor-widget-container\">\n\t\t\t\t\t\t\t\t\t<p><strong>Wei\u00dfkopf-Ruderente<\/strong> \u2013 Blauer Schnabel und au\u00dfergew\u00f6hnliches Verhalten:<\/p><p>Die Wei\u00dfkopf-Ruderente geh\u00f6rt zu den au\u00dfergew\u00f6hnlichsten Enten Spaniens. Erfahre mehr \u00fcber ihren blauen Schnabel, das Tauchverhalten, ihren Lebensraum und die Fotografie dieser bedrohten Art.<\/p>\t\t\t\t\t\t\t\t<\/div>\n\t\t\t\t<\/div>\n\t\t\t\t<\/div>\n\t\t<div class=\"elementor-element elementor-element-db70403 e-con-full e-flex e-con e-child\" data-id=\"db70403\" data-element_type=\"container\" data-e-type=\"container\">\n\t\t\t\t<div class=\"elementor-element elementor-element-1bea97b elementor-widget elementor-widget-image\" data-id=\"1bea97b\" data-element_type=\"widget\" data-e-type=\"widget\" data-widget_type=\"image.default\">\n\t\t\t\t<div class=\"elementor-widget-container\">\n\t\t\t\t\t\t\t\t\t\t\t\t\t\t\t<img loading=\"lazy\" decoding=\"async\" width=\"600\" height=\"400\" src=\"https:\/\/nature-fineart.com\/vogelfotografie-spanien\/wp-content\/uploads\/2026\/08\/Maennliche-Weisskopf-Ruderente-mit-blauem-Schnabel-auf-Augenhoehe-auf-einer-Wasserflaeche-in-Spanien-600x400.jpg\" class=\"attachment-medium size-medium wp-image-10401\" alt=\"M\u00e4nnliche Wei\u00dfkopf-Ruderente mit blauem Schnabel auf Augenh\u00f6he auf einer Wasserfl\u00e4che in Spanien\" srcset=\"https:\/\/nature-fineart.com\/vogelfotografie-spanien\/wp-content\/uploads\/2026\/08\/Maennliche-Weisskopf-Ruderente-mit-blauem-Schnabel-auf-Augenhoehe-auf-einer-Wasserflaeche-in-Spanien-600x400.jpg 600w, https:\/\/nature-fineart.com\/vogelfotografie-spanien\/wp-content\/uploads\/2026\/08\/Maennliche-Weisskopf-Ruderente-mit-blauem-Schnabel-auf-Augenhoehe-auf-einer-Wasserflaeche-in-Spanien-768x512.jpg 768w, https:\/\/nature-fineart.com\/vogelfotografie-spanien\/wp-content\/uploads\/2026\/08\/Maennliche-Weisskopf-Ruderente-mit-blauem-Schnabel-auf-Augenhoehe-auf-einer-Wasserflaeche-in-Spanien.jpg 1024w\" sizes=\"(max-width: 600px) 100vw, 600px\" \/>\t\t\t\t\t\t\t\t\t\t\t\t\t\t\t<\/div>\n\t\t\t\t<\/div>\n\t\t\t\t<\/div>\n\t\t\t\t<\/div>\n\t\t\t\t\t<\/div>\n\t\t\t\t<\/div>\n\t\t<div class=\"elementor-element elementor-element-6c0b784 bird-item e-flex e-con-boxed e-con e-parent\" data-id=\"6c0b784\" data-element_type=\"container\" data-e-type=\"container\">\n\t\t\t\t\t<div class=\"e-con-inner\">\n\t\t\t\t<div class=\"elementor-element elementor-element-c2958ed elementor-widget elementor-widget-spacer\" data-id=\"c2958ed\" data-element_type=\"widget\" data-e-type=\"widget\" data-widget_type=\"spacer.default\">\n\t\t\t\t<div class=\"elementor-widget-container\">\n\t\t\t\t\t\t\t<div class=\"elementor-spacer\">\n\t\t\t<div class=\"elementor-spacer-inner\"><\/div>\n\t\t<\/div>\n\t\t\t\t\t\t<\/div>\n\t\t\t\t<\/div>\n\t\t<div class=\"elementor-element elementor-element-b4a11b5 e-con-full e-flex e-con e-child\" data-id=\"b4a11b5\" data-element_type=\"container\" data-e-type=\"container\">\n\t\t\t\t<div class=\"elementor-element elementor-element-40e0d7a elementor-widget elementor-widget-tourmbutton\" data-id=\"40e0d7a\" data-element_type=\"widget\" data-e-type=\"widget\" data-widget_type=\"tourmbutton.default\">\n\t\t\t\t<div class=\"elementor-widget-container\">\n\t\t\t\t\t<div class=\"btn-wrapper\"><a class=\"th-btn th_btn th-icon \" href=\"https:\/\/nature-fineart.com\/vogelfotografie-spanien\/marmelente\/\">Art entdecken<\/a><\/div>\t\t\t\t<\/div>\n\t\t\t\t<\/div>\n\t\t<div class=\"elementor-element elementor-element-f7e29db e-con-full e-flex e-con e-child\" data-id=\"f7e29db\" data-element_type=\"container\" data-e-type=\"container\">\n\t\t\t\t<div class=\"elementor-element elementor-element-61bce65 elementor-widget elementor-widget-text-editor\" data-id=\"61bce65\" data-element_type=\"widget\" data-e-type=\"widget\" data-widget_type=\"text-editor.default\">\n\t\t\t\t<div class=\"elementor-widget-container\">\n\t\t\t\t\t\t\t\t\t<p><strong>Marmelente<\/strong> \u2013 seltene Sch\u00f6nheit spanischer Feuchtgebiete:<\/p><p>Die seltene Marmelente f\u00e4llt durch ihr fein marmoriertes Gefieder, den dunklen Augenbereich und ihre verl\u00e4ngerten Hinterkopffedern auf. In flachen spanischen Feuchtgebieten l\u00e4sst sie sich bei der ruhigen Nahrungssuche an der Wasseroberfl\u00e4che beobachten.<\/p>\t\t\t\t\t\t\t\t<\/div>\n\t\t\t\t<\/div>\n\t\t\t\t<\/div>\n\t\t<div class=\"elementor-element elementor-element-f296123 e-con-full e-flex e-con e-child\" data-id=\"f296123\" data-element_type=\"container\" data-e-type=\"container\">\n\t\t\t\t<div class=\"elementor-element elementor-element-a5107b7 elementor-widget elementor-widget-image\" data-id=\"a5107b7\" data-element_type=\"widget\" data-e-type=\"widget\" data-widget_type=\"image.default\">\n\t\t\t\t<div class=\"elementor-widget-container\">\n\t\t\t\t\t\t\t\t\t\t\t\t\t\t\t<img loading=\"lazy\" decoding=\"async\" width=\"600\" height=\"400\" src=\"https:\/\/nature-fineart.com\/vogelfotografie-spanien\/wp-content\/uploads\/2026\/07\/Marmelente-mit-verlaengerten-Hinterkopffedern-auf-einem-Gewaesser-in-Spanien-600x400.jpg\" class=\"attachment-medium size-medium wp-image-9393\" alt=\"\" srcset=\"https:\/\/nature-fineart.com\/vogelfotografie-spanien\/wp-content\/uploads\/2026\/07\/Marmelente-mit-verlaengerten-Hinterkopffedern-auf-einem-Gewaesser-in-Spanien-600x400.jpg 600w, https:\/\/nature-fineart.com\/vogelfotografie-spanien\/wp-content\/uploads\/2026\/07\/Marmelente-mit-verlaengerten-Hinterkopffedern-auf-einem-Gewaesser-in-Spanien-768x512.jpg 768w, https:\/\/nature-fineart.com\/vogelfotografie-spanien\/wp-content\/uploads\/2026\/07\/Marmelente-mit-verlaengerten-Hinterkopffedern-auf-einem-Gewaesser-in-Spanien.jpg 1024w\" sizes=\"(max-width: 600px) 100vw, 600px\" \/>\t\t\t\t\t\t\t\t\t\t\t\t\t\t\t<\/div>\n\t\t\t\t<\/div>\n\t\t\t\t<\/div>\n\t\t\t\t<\/div>\n\t\t\t\t\t<\/div>\n\t\t\t\t<\/div>\n\t\t<div class=\"elementor-element elementor-element-8583cbf bird-item e-flex e-con-boxed e-con e-parent\" data-id=\"8583cbf\" data-element_type=\"container\" data-e-type=\"container\">\n\t\t\t\t\t<div class=\"e-con-inner\">\n\t\t\t\t<div class=\"elementor-element elementor-element-b115623 elementor-widget elementor-widget-spacer\" data-id=\"b115623\" data-element_type=\"widget\" data-e-type=\"widget\" data-widget_type=\"spacer.default\">\n\t\t\t\t<div class=\"elementor-widget-container\">\n\t\t\t\t\t\t\t<div class=\"elementor-spacer\">\n\t\t\t<div class=\"elementor-spacer-inner\"><\/div>\n\t\t<\/div>\n\t\t\t\t\t\t<\/div>\n\t\t\t\t<\/div>\n\t\t<div class=\"elementor-element elementor-element-32d60ee e-con-full e-flex e-con e-child\" data-id=\"32d60ee\" data-element_type=\"container\" data-e-type=\"container\">\n\t\t\t\t<div class=\"elementor-element elementor-element-e54aa5b elementor-widget elementor-widget-tourmbutton\" data-id=\"e54aa5b\" data-element_type=\"widget\" data-e-type=\"widget\" data-widget_type=\"tourmbutton.default\">\n\t\t\t\t<div class=\"elementor-widget-container\">\n\t\t\t\t\t<div class=\"btn-wrapper\"><a class=\"th-btn th_btn th-icon \" href=\"https:\/\/nature-fineart.com\/vogelfotografie-spanien\/gaensesaeger\/\">Art entdecken<\/a><\/div>\t\t\t\t<\/div>\n\t\t\t\t<\/div>\n\t\t<div class=\"elementor-element elementor-element-f824412 e-con-full e-flex e-con e-child\" data-id=\"f824412\" data-element_type=\"container\" data-e-type=\"container\">\n\t\t\t\t<div class=\"elementor-element elementor-element-35568d8 elementor-widget elementor-widget-text-editor\" data-id=\"35568d8\" data-element_type=\"widget\" data-e-type=\"widget\" data-widget_type=\"text-editor.default\">\n\t\t\t\t<div class=\"elementor-widget-container\">\n\t\t\t\t\t\t\t\t\t<p><strong>G\u00e4nses\u00e4ger<\/strong> \u2013 Seltener Fischj\u00e4ger des Winters:<\/p><p>Der G\u00e4nses\u00e4ger ist in Spanien ein seltener Wintergast und f\u00e4llt durch seinen langen, schmalen Schnabel und seine Tauchjagd auf. Erfahre mehr \u00fcber Verhalten, Lebensraum und seine Fotografie.<\/p>\t\t\t\t\t\t\t\t<\/div>\n\t\t\t\t<\/div>\n\t\t\t\t<\/div>\n\t\t<div class=\"elementor-element elementor-element-d110872 e-con-full e-flex e-con e-child\" data-id=\"d110872\" data-element_type=\"container\" data-e-type=\"container\">\n\t\t\t\t<div class=\"elementor-element elementor-element-db8626b elementor-widget elementor-widget-image\" data-id=\"db8626b\" data-element_type=\"widget\" data-e-type=\"widget\" data-widget_type=\"image.default\">\n\t\t\t\t<div class=\"elementor-widget-container\">\n\t\t\t\t\t\t\t\t\t\t\t\t\t\t\t<img loading=\"lazy\" decoding=\"async\" width=\"600\" height=\"425\" src=\"https:\/\/nature-fineart.com\/vogelfotografie-spanien\/wp-content\/uploads\/2026\/08\/Weibchenfarbener-Gaensesaeger-auf-einer-Wasserflaeche-mit-Wassertropfen-am-Schnabel-600x425.jpg\" class=\"attachment-medium size-medium wp-image-10332\" alt=\"Weibchenfarbener G\u00e4nses\u00e4ger auf einer Wasserfl\u00e4che mit Wassertropfen am Schnabel\" srcset=\"https:\/\/nature-fineart.com\/vogelfotografie-spanien\/wp-content\/uploads\/2026\/08\/Weibchenfarbener-Gaensesaeger-auf-einer-Wasserflaeche-mit-Wassertropfen-am-Schnabel-600x425.jpg 600w, https:\/\/nature-fineart.com\/vogelfotografie-spanien\/wp-content\/uploads\/2026\/08\/Weibchenfarbener-Gaensesaeger-auf-einer-Wasserflaeche-mit-Wassertropfen-am-Schnabel-768x545.jpg 768w, https:\/\/nature-fineart.com\/vogelfotografie-spanien\/wp-content\/uploads\/2026\/08\/Weibchenfarbener-Gaensesaeger-auf-einer-Wasserflaeche-mit-Wassertropfen-am-Schnabel.jpg 1024w\" sizes=\"(max-width: 600px) 100vw, 600px\" \/>\t\t\t\t\t\t\t\t\t\t\t\t\t\t\t<\/div>\n\t\t\t\t<\/div>\n\t\t\t\t<\/div>\n\t\t\t\t<\/div>\n\t\t\t\t\t<\/div>\n\t\t\t\t<\/div>\n\t\t<div class=\"elementor-element elementor-element-d67a10b bird-item e-flex e-con-boxed e-con e-parent\" data-id=\"d67a10b\" data-element_type=\"container\" data-e-type=\"container\">\n\t\t\t\t\t<div class=\"e-con-inner\">\n\t\t\t\t<div class=\"elementor-element elementor-element-1fd9cec elementor-widget elementor-widget-spacer\" data-id=\"1fd9cec\" data-element_type=\"widget\" data-e-type=\"widget\" data-widget_type=\"spacer.default\">\n\t\t\t\t<div class=\"elementor-widget-container\">\n\t\t\t\t\t\t\t<div class=\"elementor-spacer\">\n\t\t\t<div class=\"elementor-spacer-inner\"><\/div>\n\t\t<\/div>\n\t\t\t\t\t\t<\/div>\n\t\t\t\t<\/div>\n\t\t<div class=\"elementor-element elementor-element-bbaf126 e-con-full e-flex e-con e-child\" data-id=\"bbaf126\" data-element_type=\"container\" data-e-type=\"container\">\n\t\t\t\t<div class=\"elementor-element elementor-element-c2b529f elementor-widget elementor-widget-tourmbutton\" data-id=\"c2b529f\" data-element_type=\"widget\" data-e-type=\"widget\" data-widget_type=\"tourmbutton.default\">\n\t\t\t\t<div class=\"elementor-widget-container\">\n\t\t\t\t\t<div class=\"btn-wrapper\"><a class=\"th-btn th_btn th-icon \" href=\"https:\/\/nature-fineart.com\/vogelfotografie-spanien\/brandgans\/\">Art entdecken<\/a><\/div>\t\t\t\t<\/div>\n\t\t\t\t<\/div>\n\t\t<div class=\"elementor-element elementor-element-4fe2b5d e-con-full e-flex e-con e-child\" data-id=\"4fe2b5d\" data-element_type=\"container\" data-e-type=\"container\">\n\t\t\t\t<div class=\"elementor-element elementor-element-60f385a elementor-widget elementor-widget-text-editor\" data-id=\"60f385a\" data-element_type=\"widget\" data-e-type=\"widget\" data-widget_type=\"text-editor.default\">\n\t\t\t\t<div class=\"elementor-widget-container\">\n\t\t\t\t\t\t\t\t\t<p><strong>Brandgans<\/strong> \u2013 Farbenpr\u00e4chtige Halbgans der Feuchtgebiete:<\/p><p>Die Brandgans f\u00e4llt durch ihr kontrastreiches Gefieder und den roten Schnabel sofort auf. Erfahre mehr \u00fcber Lebensraum, Verhalten und die Fotografie dieser besonderen Halbgans.<\/p>\t\t\t\t\t\t\t\t<\/div>\n\t\t\t\t<\/div>\n\t\t\t\t<\/div>\n\t\t<div class=\"elementor-element elementor-element-8a3cac7 e-con-full e-flex e-con e-child\" data-id=\"8a3cac7\" data-element_type=\"container\" data-e-type=\"container\">\n\t\t\t\t<div class=\"elementor-element elementor-element-b4d8011 elementor-widget elementor-widget-image\" data-id=\"b4d8011\" data-element_type=\"widget\" data-e-type=\"widget\" data-widget_type=\"image.default\">\n\t\t\t\t<div class=\"elementor-widget-container\">\n\t\t\t\t\t\t\t\t\t\t\t\t\t\t\t<img loading=\"lazy\" decoding=\"async\" width=\"600\" height=\"400\" src=\"https:\/\/nature-fineart.com\/vogelfotografie-spanien\/wp-content\/uploads\/2026\/08\/Brandgans-auf-kurzem-Gras-am-Ufer-einer-Lagune-in-Spanien-600x400.jpg\" class=\"attachment-medium size-medium wp-image-10226\" alt=\"\" srcset=\"https:\/\/nature-fineart.com\/vogelfotografie-spanien\/wp-content\/uploads\/2026\/08\/Brandgans-auf-kurzem-Gras-am-Ufer-einer-Lagune-in-Spanien-600x400.jpg 600w, https:\/\/nature-fineart.com\/vogelfotografie-spanien\/wp-content\/uploads\/2026\/08\/Brandgans-auf-kurzem-Gras-am-Ufer-einer-Lagune-in-Spanien-768x512.jpg 768w, https:\/\/nature-fineart.com\/vogelfotografie-spanien\/wp-content\/uploads\/2026\/08\/Brandgans-auf-kurzem-Gras-am-Ufer-einer-Lagune-in-Spanien.jpg 1024w\" sizes=\"(max-width: 600px) 100vw, 600px\" \/>\t\t\t\t\t\t\t\t\t\t\t\t\t\t\t<\/div>\n\t\t\t\t<\/div>\n\t\t\t\t<\/div>\n\t\t\t\t<\/div>\n\t\t\t\t\t<\/div>\n\t\t\t\t<\/div>\n\t\t<div class=\"elementor-element elementor-element-e90f693 bird-item e-flex e-con-boxed e-con e-parent\" data-id=\"e90f693\" data-element_type=\"container\" data-e-type=\"container\">\n\t\t\t\t\t<div class=\"e-con-inner\">\n\t\t\t\t<div class=\"elementor-element elementor-element-f9a0538 elementor-widget elementor-widget-spacer\" data-id=\"f9a0538\" data-element_type=\"widget\" data-e-type=\"widget\" data-widget_type=\"spacer.default\">\n\t\t\t\t<div class=\"elementor-widget-container\">\n\t\t\t\t\t\t\t<div class=\"elementor-spacer\">\n\t\t\t<div class=\"elementor-spacer-inner\"><\/div>\n\t\t<\/div>\n\t\t\t\t\t\t<\/div>\n\t\t\t\t<\/div>\n\t\t<div class=\"elementor-element elementor-element-785b6c7 e-con-full e-flex e-con e-child\" data-id=\"785b6c7\" data-element_type=\"container\" data-e-type=\"container\">\n\t\t\t\t<div class=\"elementor-element elementor-element-20b2084 elementor-widget elementor-widget-tourmbutton\" data-id=\"20b2084\" data-element_type=\"widget\" data-e-type=\"widget\" data-widget_type=\"tourmbutton.default\">\n\t\t\t\t<div class=\"elementor-widget-container\">\n\t\t\t\t\t<div class=\"btn-wrapper\"><a class=\"th-btn th_btn th-icon \" href=\"https:\/\/nature-fineart.com\/vogelfotografie-spanien\/graugans\/\">Art entdecken<\/a><\/div>\t\t\t\t<\/div>\n\t\t\t\t<\/div>\n\t\t<div class=\"elementor-element elementor-element-7f71ee2 e-con-full e-flex e-con e-child\" data-id=\"7f71ee2\" data-element_type=\"container\" data-e-type=\"container\">\n\t\t\t\t<div class=\"elementor-element elementor-element-5f33587 elementor-widget elementor-widget-text-editor\" data-id=\"5f33587\" data-element_type=\"widget\" data-e-type=\"widget\" data-widget_type=\"text-editor.default\">\n\t\t\t\t<div class=\"elementor-widget-container\">\n\t\t\t\t\t\t\t\t\t<p><strong>Graugans<\/strong> \u2013 Geselliger Wintergast der Feuchtgebiete:<\/p><p>Die Graugans ist besonders im Winter in gro\u00dfen Trupps an spanischen Feuchtgebieten zu beobachten. Erfahre mehr \u00fcber Verhalten, Nahrung, Familienleben und ihre Fotografie.<\/p>\t\t\t\t\t\t\t\t<\/div>\n\t\t\t\t<\/div>\n\t\t\t\t<\/div>\n\t\t<div class=\"elementor-element elementor-element-e9cfd27 e-con-full e-flex e-con e-child\" data-id=\"e9cfd27\" data-element_type=\"container\" data-e-type=\"container\">\n\t\t\t\t<div class=\"elementor-element elementor-element-4a7fc26 elementor-widget elementor-widget-image\" data-id=\"4a7fc26\" data-element_type=\"widget\" data-e-type=\"widget\" data-widget_type=\"image.default\">\n\t\t\t\t<div class=\"elementor-widget-container\">\n\t\t\t\t\t\t\t\t\t\t\t\t\t\t\t<img loading=\"lazy\" decoding=\"async\" width=\"600\" height=\"421\" src=\"https:\/\/nature-fineart.com\/vogelfotografie-spanien\/wp-content\/uploads\/2026\/08\/Graugans-auf-Augenhoehe-in-einer-Lagune-in-Spanien-600x421.jpg\" class=\"attachment-medium size-medium wp-image-10242\" alt=\"\" srcset=\"https:\/\/nature-fineart.com\/vogelfotografie-spanien\/wp-content\/uploads\/2026\/08\/Graugans-auf-Augenhoehe-in-einer-Lagune-in-Spanien-600x421.jpg 600w, https:\/\/nature-fineart.com\/vogelfotografie-spanien\/wp-content\/uploads\/2026\/08\/Graugans-auf-Augenhoehe-in-einer-Lagune-in-Spanien-768x539.jpg 768w, https:\/\/nature-fineart.com\/vogelfotografie-spanien\/wp-content\/uploads\/2026\/08\/Graugans-auf-Augenhoehe-in-einer-Lagune-in-Spanien.jpg 1024w\" sizes=\"(max-width: 600px) 100vw, 600px\" \/>\t\t\t\t\t\t\t\t\t\t\t\t\t\t\t<\/div>\n\t\t\t\t<\/div>\n\t\t\t\t<\/div>\n\t\t\t\t<\/div>\n\t\t\t\t\t<\/div>\n\t\t\t\t<\/div>\n\t\t<div class=\"elementor-element elementor-element-863db4c bird-item e-flex e-con-boxed e-con e-parent\" data-id=\"863db4c\" data-element_type=\"container\" data-e-type=\"container\">\n\t\t\t\t\t<div class=\"e-con-inner\">\n\t\t\t\t<div class=\"elementor-element elementor-element-b8a42d1 elementor-widget elementor-widget-spacer\" data-id=\"b8a42d1\" data-element_type=\"widget\" data-e-type=\"widget\" data-widget_type=\"spacer.default\">\n\t\t\t\t<div class=\"elementor-widget-container\">\n\t\t\t\t\t\t\t<div class=\"elementor-spacer\">\n\t\t\t<div class=\"elementor-spacer-inner\"><\/div>\n\t\t<\/div>\n\t\t\t\t\t\t<\/div>\n\t\t\t\t<\/div>\n\t\t<div class=\"elementor-element elementor-element-26b3606 e-con-full e-flex e-con e-child\" data-id=\"26b3606\" data-element_type=\"container\" data-e-type=\"container\">\n\t\t\t\t<div class=\"elementor-element elementor-element-eae721d elementor-widget elementor-widget-tourmbutton\" data-id=\"eae721d\" data-element_type=\"widget\" data-e-type=\"widget\" data-widget_type=\"tourmbutton.default\">\n\t\t\t\t<div class=\"elementor-widget-container\">\n\t\t\t\t\t<div class=\"btn-wrapper\"><a class=\"th-btn th_btn th-icon \" href=\"https:\/\/nature-fineart.com\/vogelfotografie-spanien\/hoeckerschwan\/\">Art entdecken<\/a><\/div>\t\t\t\t<\/div>\n\t\t\t\t<\/div>\n\t\t<div class=\"elementor-element elementor-element-d23f2fe e-con-full e-flex e-con e-child\" data-id=\"d23f2fe\" data-element_type=\"container\" data-e-type=\"container\">\n\t\t\t\t<div class=\"elementor-element elementor-element-f9a092e elementor-widget elementor-widget-text-editor\" data-id=\"f9a092e\" data-element_type=\"widget\" data-e-type=\"widget\" data-widget_type=\"text-editor.default\">\n\t\t\t\t<div class=\"elementor-widget-container\">\n\t\t\t\t\t\t\t\t\t<p><strong>H\u00f6ckerschwan<\/strong> \u2013 Eleganz zwischen Fluss und K\u00fcstenlandschaft:<\/p><p>Der H\u00f6ckerschwan ist weit mehr als ein vertrauter Parkvogel. Erfahre mehr \u00fcber frei lebende Schw\u00e4ne, Lebensraum, Verhalten und die Fotografie dieser eindrucksvollen Art.<\/p>\t\t\t\t\t\t\t\t<\/div>\n\t\t\t\t<\/div>\n\t\t\t\t<\/div>\n\t\t<div class=\"elementor-element elementor-element-65438c2 e-con-full e-flex e-con e-child\" data-id=\"65438c2\" data-element_type=\"container\" data-e-type=\"container\">\n\t\t\t\t<div class=\"elementor-element elementor-element-a91b284 elementor-widget elementor-widget-image\" data-id=\"a91b284\" data-element_type=\"widget\" data-e-type=\"widget\" data-widget_type=\"image.default\">\n\t\t\t\t<div class=\"elementor-widget-container\">\n\t\t\t\t\t\t\t\t\t\t\t\t\t\t\t<img loading=\"lazy\" decoding=\"async\" width=\"600\" height=\"403\" src=\"https:\/\/nature-fineart.com\/vogelfotografie-spanien\/wp-content\/uploads\/2026\/08\/Hoeckerschwan-auf-einer-natuerlichen-Grasflaeche-an-der-nordspanischen-Kueste-mit-Blick-zur-Kamera-600x403.jpg\" class=\"attachment-medium size-medium wp-image-10450\" alt=\"H\u00f6ckerschwan auf einer nat\u00fcrlichen Grasfl\u00e4che an der nordspanischen K\u00fcste mit Blick zur Kamera\" srcset=\"https:\/\/nature-fineart.com\/vogelfotografie-spanien\/wp-content\/uploads\/2026\/08\/Hoeckerschwan-auf-einer-natuerlichen-Grasflaeche-an-der-nordspanischen-Kueste-mit-Blick-zur-Kamera-600x403.jpg 600w, https:\/\/nature-fineart.com\/vogelfotografie-spanien\/wp-content\/uploads\/2026\/08\/Hoeckerschwan-auf-einer-natuerlichen-Grasflaeche-an-der-nordspanischen-Kueste-mit-Blick-zur-Kamera-768x516.jpg 768w, https:\/\/nature-fineart.com\/vogelfotografie-spanien\/wp-content\/uploads\/2026\/08\/Hoeckerschwan-auf-einer-natuerlichen-Grasflaeche-an-der-nordspanischen-Kueste-mit-Blick-zur-Kamera.jpg 1024w\" sizes=\"(max-width: 600px) 100vw, 600px\" \/>\t\t\t\t\t\t\t\t\t\t\t\t\t\t\t<\/div>\n\t\t\t\t<\/div>\n\t\t\t\t<\/div>\n\t\t\t\t<\/div>\n\t\t\t\t\t<\/div>\n\t\t\t\t<\/div>\n\t\t<div class=\"elementor-element elementor-element-bc67f98 bird-item e-flex e-con-boxed e-con e-parent\" data-id=\"bc67f98\" data-element_type=\"container\" data-e-type=\"container\">\n\t\t\t\t\t<div class=\"e-con-inner\">\n\t\t\t\t<div class=\"elementor-element elementor-element-0578923 elementor-widget elementor-widget-spacer\" data-id=\"0578923\" data-element_type=\"widget\" data-e-type=\"widget\" data-widget_type=\"spacer.default\">\n\t\t\t\t<div class=\"elementor-widget-container\">\n\t\t\t\t\t\t\t<div class=\"elementor-spacer\">\n\t\t\t<div class=\"elementor-spacer-inner\"><\/div>\n\t\t<\/div>\n\t\t\t\t\t\t<\/div>\n\t\t\t\t<\/div>\n\t\t<div class=\"elementor-element elementor-element-8901ace e-con-full e-flex e-con e-child\" data-id=\"8901ace\" data-element_type=\"container\" data-e-type=\"container\">\n\t\t\t\t<div class=\"elementor-element elementor-element-7b59729 elementor-widget elementor-widget-tourmbutton\" data-id=\"7b59729\" data-element_type=\"widget\" data-e-type=\"widget\" data-widget_type=\"tourmbutton.default\">\n\t\t\t\t<div class=\"elementor-widget-container\">\n\t\t\t\t\t<div class=\"btn-wrapper\"><a class=\"th-btn th_btn th-icon \" href=\"https:\/\/nature-fineart.com\/vogelfotografie-spanien\/flamingos-fotografieren\/\">Art entdecken<\/a><\/div>\t\t\t\t<\/div>\n\t\t\t\t<\/div>\n\t\t<div class=\"elementor-element elementor-element-f47d4e2 e-con-full e-flex e-con e-child\" data-id=\"f47d4e2\" data-element_type=\"container\" data-e-type=\"container\">\n\t\t\t\t<div class=\"elementor-element elementor-element-ac2c55a elementor-widget elementor-widget-text-editor\" data-id=\"ac2c55a\" data-element_type=\"widget\" data-e-type=\"widget\" data-widget_type=\"text-editor.default\">\n\t\t\t\t<div class=\"elementor-widget-container\">\n\t\t\t\t\t\t\t\t\t<p><strong>Flamingos<\/strong> \u2013 Wenn Geduld Farbe bekommt:<\/p><p>Zwischen Spiegelungen, langen Beinen und besonderen Lichtstimmungen entstehen beim Fotografieren von Flamingos einzigartige Momente in den Feuchtgebieten Spaniens.<\/p>\t\t\t\t\t\t\t\t<\/div>\n\t\t\t\t<\/div>\n\t\t\t\t<\/div>\n\t\t<div class=\"elementor-element elementor-element-5ee3ca9 e-con-full e-flex e-con e-child\" data-id=\"5ee3ca9\" data-element_type=\"container\" data-e-type=\"container\">\n\t\t\t\t<div class=\"elementor-element elementor-element-c5c043c elementor-widget elementor-widget-image\" data-id=\"c5c043c\" data-element_type=\"widget\" data-e-type=\"widget\" data-widget_type=\"image.default\">\n\t\t\t\t<div class=\"elementor-widget-container\">\n\t\t\t\t\t\t\t\t\t\t\t\t\t\t\t<img loading=\"lazy\" decoding=\"async\" width=\"600\" height=\"400\" src=\"https:\/\/nature-fineart.com\/vogelfotografie-spanien\/wp-content\/uploads\/2026\/07\/Flamingos-beim-Balztanz-600x400.jpg\" class=\"attachment-medium size-medium wp-image-9924\" alt=\"\" srcset=\"https:\/\/nature-fineart.com\/vogelfotografie-spanien\/wp-content\/uploads\/2026\/07\/Flamingos-beim-Balztanz-600x400.jpg 600w, https:\/\/nature-fineart.com\/vogelfotografie-spanien\/wp-content\/uploads\/2026\/07\/Flamingos-beim-Balztanz-768x512.jpg 768w, https:\/\/nature-fineart.com\/vogelfotografie-spanien\/wp-content\/uploads\/2026\/07\/Flamingos-beim-Balztanz.jpg 1024w\" sizes=\"(max-width: 600px) 100vw, 600px\" \/>\t\t\t\t\t\t\t\t\t\t\t\t\t\t\t<\/div>\n\t\t\t\t<\/div>\n\t\t\t\t<\/div>\n\t\t\t\t<\/div>\n\t\t\t\t\t<\/div>\n\t\t\t\t<\/div>\n\t\t<div class=\"elementor-element elementor-element-4cd1ea2 bird-item e-flex e-con-boxed e-con e-parent\" data-id=\"4cd1ea2\" data-element_type=\"container\" data-e-type=\"container\">\n\t\t\t\t\t<div class=\"e-con-inner\">\n\t\t\t\t<div class=\"elementor-element elementor-element-c634dfe elementor-widget elementor-widget-spacer\" data-id=\"c634dfe\" data-element_type=\"widget\" data-e-type=\"widget\" data-widget_type=\"spacer.default\">\n\t\t\t\t<div class=\"elementor-widget-container\">\n\t\t\t\t\t\t\t<div class=\"elementor-spacer\">\n\t\t\t<div class=\"elementor-spacer-inner\"><\/div>\n\t\t<\/div>\n\t\t\t\t\t\t<\/div>\n\t\t\t\t<\/div>\n\t\t<div class=\"elementor-element elementor-element-190f8db e-con-full e-flex e-con e-child\" data-id=\"190f8db\" data-element_type=\"container\" data-e-type=\"container\">\n\t\t\t\t<div class=\"elementor-element elementor-element-1159b2c elementor-widget elementor-widget-tourmbutton\" data-id=\"1159b2c\" data-element_type=\"widget\" data-e-type=\"widget\" data-widget_type=\"tourmbutton.default\">\n\t\t\t\t<div class=\"elementor-widget-container\">\n\t\t\t\t\t<div class=\"btn-wrapper\"><a class=\"th-btn th_btn th-icon \" href=\"https:\/\/nature-fineart.com\/vogelfotografie-spanien\/loeffler\/\">Art entdecken<\/a><\/div>\t\t\t\t<\/div>\n\t\t\t\t<\/div>\n\t\t<div class=\"elementor-element elementor-element-d78a958 e-con-full e-flex e-con e-child\" data-id=\"d78a958\" data-element_type=\"container\" data-e-type=\"container\">\n\t\t\t\t<div class=\"elementor-element elementor-element-2c4a3aa elementor-widget elementor-widget-text-editor\" data-id=\"2c4a3aa\" data-element_type=\"widget\" data-e-type=\"widget\" data-widget_type=\"text-editor.default\">\n\t\t\t\t<div class=\"elementor-widget-container\">\n\t\t\t\t\t\t\t\t\t<p><strong>L\u00f6ffler<\/strong> \u2013 unverwechselbarer Schnabel und elegante Bewegungen:<\/p><p>Der L\u00f6ffler f\u00e4llt durch seinen breiten, l\u00f6ffelf\u00f6rmigen Schnabel und die typische Nahrungssuche im flachen Wasser auf. Brutkleid, dynamische Anfl\u00fcge und seine klare Silhouette bieten abwechslungsreiche Fotomotive.<\/p>\t\t\t\t\t\t\t\t<\/div>\n\t\t\t\t<\/div>\n\t\t\t\t<\/div>\n\t\t<div class=\"elementor-element elementor-element-2cb9ded e-con-full e-flex e-con e-child\" data-id=\"2cb9ded\" data-element_type=\"container\" data-e-type=\"container\">\n\t\t\t\t<div class=\"elementor-element elementor-element-6ae4623 elementor-widget elementor-widget-image\" data-id=\"6ae4623\" data-element_type=\"widget\" data-e-type=\"widget\" data-widget_type=\"image.default\">\n\t\t\t\t<div class=\"elementor-widget-container\">\n\t\t\t\t\t\t\t\t\t\t\t\t\t\t\t<img loading=\"lazy\" decoding=\"async\" width=\"600\" height=\"448\" src=\"https:\/\/nature-fineart.com\/vogelfotografie-spanien\/wp-content\/uploads\/2026\/07\/Loeffler-im-Profil-mit-langem-Schopf-und-Wassertropfen-am-Schnabe-600x448.jpg\" class=\"attachment-medium size-medium wp-image-9336\" alt=\"\" srcset=\"https:\/\/nature-fineart.com\/vogelfotografie-spanien\/wp-content\/uploads\/2026\/07\/Loeffler-im-Profil-mit-langem-Schopf-und-Wassertropfen-am-Schnabe-600x448.jpg 600w, https:\/\/nature-fineart.com\/vogelfotografie-spanien\/wp-content\/uploads\/2026\/07\/Loeffler-im-Profil-mit-langem-Schopf-und-Wassertropfen-am-Schnabe-768x573.jpg 768w, https:\/\/nature-fineart.com\/vogelfotografie-spanien\/wp-content\/uploads\/2026\/07\/Loeffler-im-Profil-mit-langem-Schopf-und-Wassertropfen-am-Schnabe.jpg 1024w\" sizes=\"(max-width: 600px) 100vw, 600px\" \/>\t\t\t\t\t\t\t\t\t\t\t\t\t\t\t<\/div>\n\t\t\t\t<\/div>\n\t\t\t\t<\/div>\n\t\t\t\t<\/div>\n\t\t\t\t\t<\/div>\n\t\t\t\t<\/div>\n\t\t<div class=\"elementor-element elementor-element-f4216e8 bird-item e-flex e-con-boxed e-con e-parent\" data-id=\"f4216e8\" data-element_type=\"container\" data-e-type=\"container\">\n\t\t\t\t\t<div class=\"e-con-inner\">\n\t\t\t\t<div class=\"elementor-element elementor-element-d9c7146 elementor-widget elementor-widget-spacer\" data-id=\"d9c7146\" data-element_type=\"widget\" data-e-type=\"widget\" data-widget_type=\"spacer.default\">\n\t\t\t\t<div class=\"elementor-widget-container\">\n\t\t\t\t\t\t\t<div class=\"elementor-spacer\">\n\t\t\t<div class=\"elementor-spacer-inner\"><\/div>\n\t\t<\/div>\n\t\t\t\t\t\t<\/div>\n\t\t\t\t<\/div>\n\t\t<div class=\"elementor-element elementor-element-d8cddc1 e-con-full e-flex e-con e-child\" data-id=\"d8cddc1\" data-element_type=\"container\" data-e-type=\"container\">\n\t\t\t\t<div class=\"elementor-element elementor-element-ebe5e39 elementor-widget elementor-widget-tourmbutton\" data-id=\"ebe5e39\" data-element_type=\"widget\" data-e-type=\"widget\" data-widget_type=\"tourmbutton.default\">\n\t\t\t\t<div class=\"elementor-widget-container\">\n\t\t\t\t\t<div class=\"btn-wrapper\"><a class=\"th-btn th_btn th-icon \" href=\"https:\/\/nature-fineart.com\/vogelfotografie-spanien\/braunsichler\/\">Art entdecken<\/a><\/div>\t\t\t\t<\/div>\n\t\t\t\t<\/div>\n\t\t<div class=\"elementor-element elementor-element-824d99a e-con-full e-flex e-con e-child\" data-id=\"824d99a\" data-element_type=\"container\" data-e-type=\"container\">\n\t\t\t\t<div class=\"elementor-element elementor-element-5c4d30c elementor-widget elementor-widget-text-editor\" data-id=\"5c4d30c\" data-element_type=\"widget\" data-e-type=\"widget\" data-widget_type=\"text-editor.default\">\n\t\t\t\t<div class=\"elementor-widget-container\">\n\t\t\t\t\t\t\t\t\t<p><strong>Braunsichler<\/strong> \u2013 metallischer Glanz \u00fcber den Feuchtgebieten:<\/p><p>Der Braunsichler zeigt im richtigen Licht rostbraune, gr\u00fcne, violette und bronzefarbene Reflexe. In Spaniens Feuchtgebieten und Reisfeldern l\u00e4sst er sich bei der Nahrungssuche, im Flug und teilweise in gro\u00dfen Schw\u00e4rmen beobachten und fotografieren.<\/p>\t\t\t\t\t\t\t\t<\/div>\n\t\t\t\t<\/div>\n\t\t\t\t<\/div>\n\t\t<div class=\"elementor-element elementor-element-50bea19 e-con-full e-flex e-con e-child\" data-id=\"50bea19\" data-element_type=\"container\" data-e-type=\"container\">\n\t\t\t\t<div class=\"elementor-element elementor-element-f0f08e2 elementor-widget elementor-widget-image\" data-id=\"f0f08e2\" data-element_type=\"widget\" data-e-type=\"widget\" data-widget_type=\"image.default\">\n\t\t\t\t<div class=\"elementor-widget-container\">\n\t\t\t\t\t\t\t\t\t\t\t\t\t\t\t<img loading=\"lazy\" decoding=\"async\" width=\"600\" height=\"400\" src=\"https:\/\/nature-fineart.com\/vogelfotografie-spanien\/wp-content\/uploads\/2026\/08\/Braunsichler-bei-der-Nahrungssuche-in-einer-flachen-Lagune-in-Spanien-600x400.jpg\" class=\"attachment-medium size-medium wp-image-10650\" alt=\"Braunsichler bei der Nahrungssuche in einer flachen Lagune in Spanien\" srcset=\"https:\/\/nature-fineart.com\/vogelfotografie-spanien\/wp-content\/uploads\/2026\/08\/Braunsichler-bei-der-Nahrungssuche-in-einer-flachen-Lagune-in-Spanien-600x400.jpg 600w, https:\/\/nature-fineart.com\/vogelfotografie-spanien\/wp-content\/uploads\/2026\/08\/Braunsichler-bei-der-Nahrungssuche-in-einer-flachen-Lagune-in-Spanien-768x512.jpg 768w, https:\/\/nature-fineart.com\/vogelfotografie-spanien\/wp-content\/uploads\/2026\/08\/Braunsichler-bei-der-Nahrungssuche-in-einer-flachen-Lagune-in-Spanien.jpg 1024w\" sizes=\"(max-width: 600px) 100vw, 600px\" \/>\t\t\t\t\t\t\t\t\t\t\t\t\t\t\t<\/div>\n\t\t\t\t<\/div>\n\t\t\t\t<\/div>\n\t\t\t\t<\/div>\n\t\t\t\t\t<\/div>\n\t\t\t\t<\/div>\n\t\t<div class=\"elementor-element elementor-element-c3281a2 bird-item e-flex e-con-boxed e-con e-parent\" data-id=\"c3281a2\" data-element_type=\"container\" data-e-type=\"container\">\n\t\t\t\t\t<div class=\"e-con-inner\">\n\t\t\t\t<div class=\"elementor-element elementor-element-11cabf3 elementor-widget elementor-widget-spacer\" data-id=\"11cabf3\" data-element_type=\"widget\" data-e-type=\"widget\" data-widget_type=\"spacer.default\">\n\t\t\t\t<div class=\"elementor-widget-container\">\n\t\t\t\t\t\t\t<div class=\"elementor-spacer\">\n\t\t\t<div class=\"elementor-spacer-inner\"><\/div>\n\t\t<\/div>\n\t\t\t\t\t\t<\/div>\n\t\t\t\t<\/div>\n\t\t<div class=\"elementor-element elementor-element-63947e9 e-con-full e-flex e-con e-child\" data-id=\"63947e9\" data-element_type=\"container\" data-e-type=\"container\">\n\t\t\t\t<div class=\"elementor-element elementor-element-f2ab41c elementor-widget elementor-widget-tourmbutton\" data-id=\"f2ab41c\" data-element_type=\"widget\" data-e-type=\"widget\" data-widget_type=\"tourmbutton.default\">\n\t\t\t\t<div class=\"elementor-widget-container\">\n\t\t\t\t\t<div class=\"btn-wrapper\"><a class=\"th-btn th_btn th-icon \" href=\"https:\/\/nature-fineart.com\/vogelfotografie-spanien\/purpurreiher\/\">Art entdecken<\/a><\/div>\t\t\t\t<\/div>\n\t\t\t\t<\/div>\n\t\t<div class=\"elementor-element elementor-element-9a15390 e-con-full e-flex e-con e-child\" data-id=\"9a15390\" data-element_type=\"container\" data-e-type=\"container\">\n\t\t\t\t<div class=\"elementor-element elementor-element-8d9643b elementor-widget elementor-widget-text-editor\" data-id=\"8d9643b\" data-element_type=\"widget\" data-e-type=\"widget\" data-widget_type=\"text-editor.default\">\n\t\t\t\t<div class=\"elementor-widget-container\">\n\t\t\t\t\t\t\t\t\t<p><strong>Purpurreiher<\/strong> \u2013 heimlicher J\u00e4ger im Schilf:<\/p><p>Der Purpurreiher lebt verborgen in Schilfgebieten und dicht bewachsenen Feuchtgebieten. Seine warmen Gefiederfarben, die langen Schmuckfedern und seltene freie Beobachtungsmomente machen ihn zu einem besonders reizvollen Fotomotiv.<\/p>\t\t\t\t\t\t\t\t<\/div>\n\t\t\t\t<\/div>\n\t\t\t\t<\/div>\n\t\t<div class=\"elementor-element elementor-element-728fdb0 e-con-full e-flex e-con e-child\" data-id=\"728fdb0\" data-element_type=\"container\" data-e-type=\"container\">\n\t\t\t\t<div class=\"elementor-element elementor-element-e135157 elementor-widget elementor-widget-image\" data-id=\"e135157\" data-element_type=\"widget\" data-e-type=\"widget\" data-widget_type=\"image.default\">\n\t\t\t\t<div class=\"elementor-widget-container\">\n\t\t\t\t\t\t\t\t\t\t\t\t\t\t\t<img loading=\"lazy\" decoding=\"async\" width=\"600\" height=\"400\" src=\"https:\/\/nature-fineart.com\/vogelfotografie-spanien\/wp-content\/uploads\/2026\/07\/Purpurreiher-zwischen-gruenen-Wasserpflanzen-600x400.jpg\" class=\"attachment-medium size-medium wp-image-9269\" alt=\"\" srcset=\"https:\/\/nature-fineart.com\/vogelfotografie-spanien\/wp-content\/uploads\/2026\/07\/Purpurreiher-zwischen-gruenen-Wasserpflanzen-600x400.jpg 600w, https:\/\/nature-fineart.com\/vogelfotografie-spanien\/wp-content\/uploads\/2026\/07\/Purpurreiher-zwischen-gruenen-Wasserpflanzen-768x512.jpg 768w, https:\/\/nature-fineart.com\/vogelfotografie-spanien\/wp-content\/uploads\/2026\/07\/Purpurreiher-zwischen-gruenen-Wasserpflanzen.jpg 1024w\" sizes=\"(max-width: 600px) 100vw, 600px\" \/>\t\t\t\t\t\t\t\t\t\t\t\t\t\t\t<\/div>\n\t\t\t\t<\/div>\n\t\t\t\t<\/div>\n\t\t\t\t<\/div>\n\t\t\t\t\t<\/div>\n\t\t\t\t<\/div>\n\t\t<div class=\"elementor-element elementor-element-0289167 bird-item e-flex e-con-boxed e-con e-parent\" data-id=\"0289167\" data-element_type=\"container\" data-e-type=\"container\">\n\t\t\t\t\t<div class=\"e-con-inner\">\n\t\t\t\t<div class=\"elementor-element elementor-element-fd653ed elementor-widget elementor-widget-spacer\" data-id=\"fd653ed\" data-element_type=\"widget\" data-e-type=\"widget\" data-widget_type=\"spacer.default\">\n\t\t\t\t<div class=\"elementor-widget-container\">\n\t\t\t\t\t\t\t<div class=\"elementor-spacer\">\n\t\t\t<div class=\"elementor-spacer-inner\"><\/div>\n\t\t<\/div>\n\t\t\t\t\t\t<\/div>\n\t\t\t\t<\/div>\n\t\t<div class=\"elementor-element elementor-element-38af391 e-con-full e-flex e-con e-child\" data-id=\"38af391\" data-element_type=\"container\" data-e-type=\"container\">\n\t\t\t\t<div class=\"elementor-element elementor-element-9757fbd elementor-widget elementor-widget-tourmbutton\" data-id=\"9757fbd\" data-element_type=\"widget\" data-e-type=\"widget\" data-widget_type=\"tourmbutton.default\">\n\t\t\t\t<div class=\"elementor-widget-container\">\n\t\t\t\t\t<div class=\"btn-wrapper\"><a class=\"th-btn th_btn th-icon \" href=\"https:\/\/nature-fineart.com\/vogelfotografie-spanien\/graureiher\/\">Art entdecken<\/a><\/div>\t\t\t\t<\/div>\n\t\t\t\t<\/div>\n\t\t<div class=\"elementor-element elementor-element-29e397d e-con-full e-flex e-con e-child\" data-id=\"29e397d\" data-element_type=\"container\" data-e-type=\"container\">\n\t\t\t\t<div class=\"elementor-element elementor-element-886acb3 elementor-widget elementor-widget-text-editor\" data-id=\"886acb3\" data-element_type=\"widget\" data-e-type=\"widget\" data-widget_type=\"text-editor.default\">\n\t\t\t\t<div class=\"elementor-widget-container\">\n\t\t\t\t\t\t\t\t\t<p><strong>Graureiher<\/strong> \u2013 ruhiger J\u00e4ger und atmosph\u00e4risches Fotomotiv:<\/p><p>Der Graureiher ist an vielen Gew\u00e4ssern anzutreffen und dennoch fotografisch vielseitig. Spiegelungen, besondere Lichtstimmungen, langsame Bewegungen und pl\u00f6tzliche Jagdmomente machen ihn zu einem abwechslungsreichen Motiv.<\/p>\t\t\t\t\t\t\t\t<\/div>\n\t\t\t\t<\/div>\n\t\t\t\t<\/div>\n\t\t<div class=\"elementor-element elementor-element-556f9f7 e-con-full e-flex e-con e-child\" data-id=\"556f9f7\" data-element_type=\"container\" data-e-type=\"container\">\n\t\t\t\t<div class=\"elementor-element elementor-element-74879fd elementor-widget elementor-widget-image\" data-id=\"74879fd\" data-element_type=\"widget\" data-e-type=\"widget\" data-widget_type=\"image.default\">\n\t\t\t\t<div class=\"elementor-widget-container\">\n\t\t\t\t\t\t\t\t\t\t\t\t\t\t\t<img loading=\"lazy\" decoding=\"async\" width=\"600\" height=\"400\" src=\"https:\/\/nature-fineart.com\/vogelfotografie-spanien\/wp-content\/uploads\/2026\/07\/Graureiher-im-Anflug-ueber-dem-Wasser-mit-Spiegelung-600x400.jpg\" class=\"attachment-medium size-medium wp-image-9245\" alt=\"\" srcset=\"https:\/\/nature-fineart.com\/vogelfotografie-spanien\/wp-content\/uploads\/2026\/07\/Graureiher-im-Anflug-ueber-dem-Wasser-mit-Spiegelung-600x400.jpg 600w, https:\/\/nature-fineart.com\/vogelfotografie-spanien\/wp-content\/uploads\/2026\/07\/Graureiher-im-Anflug-ueber-dem-Wasser-mit-Spiegelung-768x512.jpg 768w, https:\/\/nature-fineart.com\/vogelfotografie-spanien\/wp-content\/uploads\/2026\/07\/Graureiher-im-Anflug-ueber-dem-Wasser-mit-Spiegelung.jpg 1024w\" sizes=\"(max-width: 600px) 100vw, 600px\" \/>\t\t\t\t\t\t\t\t\t\t\t\t\t\t\t<\/div>\n\t\t\t\t<\/div>\n\t\t\t\t<\/div>\n\t\t\t\t<\/div>\n\t\t\t\t\t<\/div>\n\t\t\t\t<\/div>\n\t\t<div class=\"elementor-element elementor-element-0a9d4bb bird-item e-flex e-con-boxed e-con e-parent\" data-id=\"0a9d4bb\" data-element_type=\"container\" data-e-type=\"container\">\n\t\t\t\t\t<div class=\"e-con-inner\">\n\t\t\t\t<div class=\"elementor-element elementor-element-98292cf elementor-widget elementor-widget-spacer\" data-id=\"98292cf\" data-element_type=\"widget\" data-e-type=\"widget\" data-widget_type=\"spacer.default\">\n\t\t\t\t<div class=\"elementor-widget-container\">\n\t\t\t\t\t\t\t<div class=\"elementor-spacer\">\n\t\t\t<div class=\"elementor-spacer-inner\"><\/div>\n\t\t<\/div>\n\t\t\t\t\t\t<\/div>\n\t\t\t\t<\/div>\n\t\t<div class=\"elementor-element elementor-element-fde857e e-con-full e-flex e-con e-child\" data-id=\"fde857e\" data-element_type=\"container\" data-e-type=\"container\">\n\t\t\t\t<div class=\"elementor-element elementor-element-33c9fc9 elementor-widget elementor-widget-tourmbutton\" data-id=\"33c9fc9\" data-element_type=\"widget\" data-e-type=\"widget\" data-widget_type=\"tourmbutton.default\">\n\t\t\t\t<div class=\"elementor-widget-container\">\n\t\t\t\t\t<div class=\"btn-wrapper\"><a class=\"th-btn th_btn th-icon \" href=\"https:\/\/nature-fineart.com\/vogelfotografie-spanien\/silberreiher\/\">Art entdecken<\/a><\/div>\t\t\t\t<\/div>\n\t\t\t\t<\/div>\n\t\t<div class=\"elementor-element elementor-element-3ef2e6d e-con-full e-flex e-con e-child\" data-id=\"3ef2e6d\" data-element_type=\"container\" data-e-type=\"container\">\n\t\t\t\t<div class=\"elementor-element elementor-element-3dda0c4 elementor-widget elementor-widget-text-editor\" data-id=\"3dda0c4\" data-element_type=\"widget\" data-e-type=\"widget\" data-widget_type=\"text-editor.default\">\n\t\t\t\t<div class=\"elementor-widget-container\">\n\t\t\t\t\t\t\t\t\t<p><strong>Silberreiher<\/strong> \u2013 Eleganter J\u00e4ger der Feuchtgebiete:<\/p><p>Der Silberreiher beeindruckt durch seine Gr\u00f6\u00dfe und sein wei\u00dfes Gefieder. Erfahre mehr \u00fcber Prachtkleid, Verhalten, Lebensraum und die Fotografie dieser eleganten Reiherart.<\/p>\t\t\t\t\t\t\t\t<\/div>\n\t\t\t\t<\/div>\n\t\t\t\t<\/div>\n\t\t<div class=\"elementor-element elementor-element-9b71e32 e-con-full e-flex e-con e-child\" data-id=\"9b71e32\" data-element_type=\"container\" data-e-type=\"container\">\n\t\t\t\t<div class=\"elementor-element elementor-element-f7d22f0 elementor-widget elementor-widget-image\" data-id=\"f7d22f0\" data-element_type=\"widget\" data-e-type=\"widget\" data-widget_type=\"image.default\">\n\t\t\t\t<div class=\"elementor-widget-container\">\n\t\t\t\t\t\t\t\t\t\t\t\t\t\t\t<img loading=\"lazy\" decoding=\"async\" width=\"600\" height=\"429\" src=\"https:\/\/nature-fineart.com\/vogelfotografie-spanien\/wp-content\/uploads\/2026\/08\/Silberreiher-im-Prachtkleid-mit-Fisch-im-Schnabel-in-einem-spanischen-Feuchtgebiet-600x429.jpg\" class=\"attachment-medium size-medium wp-image-10209\" alt=\"\" srcset=\"https:\/\/nature-fineart.com\/vogelfotografie-spanien\/wp-content\/uploads\/2026\/08\/Silberreiher-im-Prachtkleid-mit-Fisch-im-Schnabel-in-einem-spanischen-Feuchtgebiet-600x429.jpg 600w, https:\/\/nature-fineart.com\/vogelfotografie-spanien\/wp-content\/uploads\/2026\/08\/Silberreiher-im-Prachtkleid-mit-Fisch-im-Schnabel-in-einem-spanischen-Feuchtgebiet-768x550.jpg 768w, https:\/\/nature-fineart.com\/vogelfotografie-spanien\/wp-content\/uploads\/2026\/08\/Silberreiher-im-Prachtkleid-mit-Fisch-im-Schnabel-in-einem-spanischen-Feuchtgebiet.jpg 1024w\" sizes=\"(max-width: 600px) 100vw, 600px\" \/>\t\t\t\t\t\t\t\t\t\t\t\t\t\t\t<\/div>\n\t\t\t\t<\/div>\n\t\t\t\t<\/div>\n\t\t\t\t<\/div>\n\t\t\t\t\t<\/div>\n\t\t\t\t<\/div>\n\t\t<div class=\"elementor-element elementor-element-92ab49b bird-item e-flex e-con-boxed e-con e-parent\" data-id=\"92ab49b\" data-element_type=\"container\" data-e-type=\"container\">\n\t\t\t\t\t<div class=\"e-con-inner\">\n\t\t\t\t<div class=\"elementor-element elementor-element-e5abe12 elementor-widget elementor-widget-spacer\" data-id=\"e5abe12\" data-element_type=\"widget\" data-e-type=\"widget\" data-widget_type=\"spacer.default\">\n\t\t\t\t<div class=\"elementor-widget-container\">\n\t\t\t\t\t\t\t<div class=\"elementor-spacer\">\n\t\t\t<div class=\"elementor-spacer-inner\"><\/div>\n\t\t<\/div>\n\t\t\t\t\t\t<\/div>\n\t\t\t\t<\/div>\n\t\t<div class=\"elementor-element elementor-element-cf70c7c e-con-full e-flex e-con e-child\" data-id=\"cf70c7c\" data-element_type=\"container\" data-e-type=\"container\">\n\t\t\t\t<div class=\"elementor-element elementor-element-ffaa9c8 elementor-widget elementor-widget-tourmbutton\" data-id=\"ffaa9c8\" data-element_type=\"widget\" data-e-type=\"widget\" data-widget_type=\"tourmbutton.default\">\n\t\t\t\t<div class=\"elementor-widget-container\">\n\t\t\t\t\t<div class=\"btn-wrapper\"><a class=\"th-btn th_btn th-icon \" href=\"https:\/\/nature-fineart.com\/vogelfotografie-spanien\/seidenreiher\/\">Art entdecken<\/a><\/div>\t\t\t\t<\/div>\n\t\t\t\t<\/div>\n\t\t<div class=\"elementor-element elementor-element-537c9b4 e-con-full e-flex e-con e-child\" data-id=\"537c9b4\" data-element_type=\"container\" data-e-type=\"container\">\n\t\t\t\t<div class=\"elementor-element elementor-element-efee1c1 elementor-widget elementor-widget-text-editor\" data-id=\"efee1c1\" data-element_type=\"widget\" data-e-type=\"widget\" data-widget_type=\"text-editor.default\">\n\t\t\t\t<div class=\"elementor-widget-container\">\n\t\t\t\t\t\t\t\t\t<p><strong>Seidenreiher<\/strong> \u2013 Eleganter J\u00e4ger auf gelben F\u00fc\u00dfen:<\/p><p>Der Seidenreiher f\u00e4llt durch sein wei\u00dfes Gefieder, schwarze Beine und leuchtend gelbe F\u00fc\u00dfe auf. Erfahre mehr \u00fcber Verhalten, Lebensraum und seine Fotografie in Spanien.<\/p>\t\t\t\t\t\t\t\t<\/div>\n\t\t\t\t<\/div>\n\t\t\t\t<\/div>\n\t\t<div class=\"elementor-element elementor-element-613c18e e-con-full e-flex e-con e-child\" data-id=\"613c18e\" data-element_type=\"container\" data-e-type=\"container\">\n\t\t\t\t<div class=\"elementor-element elementor-element-3b7238d elementor-widget elementor-widget-image\" data-id=\"3b7238d\" data-element_type=\"widget\" data-e-type=\"widget\" data-widget_type=\"image.default\">\n\t\t\t\t<div class=\"elementor-widget-container\">\n\t\t\t\t\t\t\t\t\t\t\t\t\t\t\t<img loading=\"lazy\" decoding=\"async\" width=\"600\" height=\"400\" src=\"https:\/\/nature-fineart.com\/vogelfotografie-spanien\/wp-content\/uploads\/2026\/08\/Seidenreiher-laeuft-auf-Augenhoehe-durch-flaches-Wasser-und-blickt-direkt-zur-Kamera-600x400.jpg\" class=\"attachment-medium size-medium wp-image-10186\" alt=\"\" srcset=\"https:\/\/nature-fineart.com\/vogelfotografie-spanien\/wp-content\/uploads\/2026\/08\/Seidenreiher-laeuft-auf-Augenhoehe-durch-flaches-Wasser-und-blickt-direkt-zur-Kamera-600x400.jpg 600w, https:\/\/nature-fineart.com\/vogelfotografie-spanien\/wp-content\/uploads\/2026\/08\/Seidenreiher-laeuft-auf-Augenhoehe-durch-flaches-Wasser-und-blickt-direkt-zur-Kamera-768x512.jpg 768w, https:\/\/nature-fineart.com\/vogelfotografie-spanien\/wp-content\/uploads\/2026\/08\/Seidenreiher-laeuft-auf-Augenhoehe-durch-flaches-Wasser-und-blickt-direkt-zur-Kamera.jpg 1024w\" sizes=\"(max-width: 600px) 100vw, 600px\" \/>\t\t\t\t\t\t\t\t\t\t\t\t\t\t\t<\/div>\n\t\t\t\t<\/div>\n\t\t\t\t<\/div>\n\t\t\t\t<\/div>\n\t\t\t\t\t<\/div>\n\t\t\t\t<\/div>\n\t\t<div class=\"elementor-element elementor-element-e35c401 bird-item e-flex e-con-boxed e-con e-parent\" data-id=\"e35c401\" data-element_type=\"container\" data-e-type=\"container\">\n\t\t\t\t\t<div class=\"e-con-inner\">\n\t\t\t\t<div class=\"elementor-element elementor-element-8d34f84 elementor-widget elementor-widget-spacer\" data-id=\"8d34f84\" data-element_type=\"widget\" data-e-type=\"widget\" data-widget_type=\"spacer.default\">\n\t\t\t\t<div class=\"elementor-widget-container\">\n\t\t\t\t\t\t\t<div class=\"elementor-spacer\">\n\t\t\t<div class=\"elementor-spacer-inner\"><\/div>\n\t\t<\/div>\n\t\t\t\t\t\t<\/div>\n\t\t\t\t<\/div>\n\t\t<div class=\"elementor-element elementor-element-a0cfe3d e-con-full e-flex e-con e-child\" data-id=\"a0cfe3d\" data-element_type=\"container\" data-e-type=\"container\">\n\t\t\t\t<div class=\"elementor-element elementor-element-a05cbc1 elementor-widget elementor-widget-tourmbutton\" data-id=\"a05cbc1\" data-element_type=\"widget\" data-e-type=\"widget\" data-widget_type=\"tourmbutton.default\">\n\t\t\t\t<div class=\"elementor-widget-container\">\n\t\t\t\t\t<div class=\"btn-wrapper\"><a class=\"th-btn th_btn th-icon \" href=\"https:\/\/nature-fineart.com\/vogelfotografie-spanien\/rallenreiher\/\">Art entdecken<\/a><\/div>\t\t\t\t<\/div>\n\t\t\t\t<\/div>\n\t\t<div class=\"elementor-element elementor-element-97ee44f e-con-full e-flex e-con e-child\" data-id=\"97ee44f\" data-element_type=\"container\" data-e-type=\"container\">\n\t\t\t\t<div class=\"elementor-element elementor-element-b370870 elementor-widget elementor-widget-text-editor\" data-id=\"b370870\" data-element_type=\"widget\" data-e-type=\"widget\" data-widget_type=\"text-editor.default\">\n\t\t\t\t<div class=\"elementor-widget-container\">\n\t\t\t\t\t\t\t\t\t<p><strong>Rallenreiher<\/strong> \u2013 heimlich, farbenpr\u00e4chtig und \u00fcberraschend wei\u00df:<\/p><p>Der Rallenreiher ist zwischen dichter Ufervegetation hervorragend getarnt. Im Brutkleid zeigt er intensive Farben und lange Schmuckfedern, w\u00e4hrend im Flug pl\u00f6tzlich seine auff\u00e4llig wei\u00dfen Fl\u00fcgel sichtbar werden.<\/p>\t\t\t\t\t\t\t\t<\/div>\n\t\t\t\t<\/div>\n\t\t\t\t<\/div>\n\t\t<div class=\"elementor-element elementor-element-4e20dde e-con-full e-flex e-con e-child\" data-id=\"4e20dde\" data-element_type=\"container\" data-e-type=\"container\">\n\t\t\t\t<div class=\"elementor-element elementor-element-bd22943 elementor-widget elementor-widget-image\" data-id=\"bd22943\" data-element_type=\"widget\" data-e-type=\"widget\" data-widget_type=\"image.default\">\n\t\t\t\t<div class=\"elementor-widget-container\">\n\t\t\t\t\t\t\t\t\t\t\t\t\t\t\t<img loading=\"lazy\" decoding=\"async\" width=\"600\" height=\"420\" src=\"https:\/\/nature-fineart.com\/vogelfotografie-spanien\/wp-content\/uploads\/2026\/07\/IMG_6992-standard-2-600x420.jpg\" class=\"attachment-medium size-medium wp-image-9322\" alt=\"\" srcset=\"https:\/\/nature-fineart.com\/vogelfotografie-spanien\/wp-content\/uploads\/2026\/07\/IMG_6992-standard-2-600x420.jpg 600w, https:\/\/nature-fineart.com\/vogelfotografie-spanien\/wp-content\/uploads\/2026\/07\/IMG_6992-standard-2-768x538.jpg 768w, https:\/\/nature-fineart.com\/vogelfotografie-spanien\/wp-content\/uploads\/2026\/07\/IMG_6992-standard-2.jpg 1024w\" sizes=\"(max-width: 600px) 100vw, 600px\" \/>\t\t\t\t\t\t\t\t\t\t\t\t\t\t\t<\/div>\n\t\t\t\t<\/div>\n\t\t\t\t<\/div>\n\t\t\t\t<\/div>\n\t\t\t\t\t<\/div>\n\t\t\t\t<\/div>\n\t\t<div class=\"elementor-element elementor-element-8810384 bird-item e-flex e-con-boxed e-con e-parent\" data-id=\"8810384\" data-element_type=\"container\" data-e-type=\"container\">\n\t\t\t\t\t<div class=\"e-con-inner\">\n\t\t\t\t<div class=\"elementor-element elementor-element-cab8e19 elementor-widget elementor-widget-spacer\" data-id=\"cab8e19\" data-element_type=\"widget\" data-e-type=\"widget\" data-widget_type=\"spacer.default\">\n\t\t\t\t<div class=\"elementor-widget-container\">\n\t\t\t\t\t\t\t<div class=\"elementor-spacer\">\n\t\t\t<div class=\"elementor-spacer-inner\"><\/div>\n\t\t<\/div>\n\t\t\t\t\t\t<\/div>\n\t\t\t\t<\/div>\n\t\t<div class=\"elementor-element elementor-element-a9c982c e-con-full e-flex e-con e-child\" data-id=\"a9c982c\" data-element_type=\"container\" data-e-type=\"container\">\n\t\t\t\t<div class=\"elementor-element elementor-element-1843630 elementor-widget elementor-widget-tourmbutton\" data-id=\"1843630\" data-element_type=\"widget\" data-e-type=\"widget\" data-widget_type=\"tourmbutton.default\">\n\t\t\t\t<div class=\"elementor-widget-container\">\n\t\t\t\t\t<div class=\"btn-wrapper\"><a class=\"th-btn th_btn th-icon \" href=\"https:\/\/nature-fineart.com\/vogelfotografie-spanien\/kuhreiher\/\">Art entdecken<\/a><\/div>\t\t\t\t<\/div>\n\t\t\t\t<\/div>\n\t\t<div class=\"elementor-element elementor-element-901dafa e-con-full e-flex e-con e-child\" data-id=\"901dafa\" data-element_type=\"container\" data-e-type=\"container\">\n\t\t\t\t<div class=\"elementor-element elementor-element-c2a483c elementor-widget elementor-widget-text-editor\" data-id=\"c2a483c\" data-element_type=\"widget\" data-e-type=\"widget\" data-widget_type=\"text-editor.default\">\n\t\t\t\t<div class=\"elementor-widget-container\">\n\t\t\t\t\t\t\t\t\t<p><strong>Kuhreiher<\/strong> \u2013 zwischen Weidetieren und Feuchtgebieten:<\/p><p>Der Kuhreiher ist auf Wiesen, Weiden, Agrarfl\u00e4chen und an Feuchtgebieten anzutreffen. Besonders charakteristisch sind seine N\u00e4he zu gro\u00dfen Weidetieren und das auff\u00e4llige orangebraune Brutkleid.<\/p>\t\t\t\t\t\t\t\t<\/div>\n\t\t\t\t<\/div>\n\t\t\t\t<\/div>\n\t\t<div class=\"elementor-element elementor-element-5765a76 e-con-full e-flex e-con e-child\" data-id=\"5765a76\" data-element_type=\"container\" data-e-type=\"container\">\n\t\t\t\t<div class=\"elementor-element elementor-element-662edff elementor-widget elementor-widget-image\" data-id=\"662edff\" data-element_type=\"widget\" data-e-type=\"widget\" data-widget_type=\"image.default\">\n\t\t\t\t<div class=\"elementor-widget-container\">\n\t\t\t\t\t\t\t\t\t\t\t\t\t\t\t<img loading=\"lazy\" decoding=\"async\" width=\"600\" height=\"400\" src=\"https:\/\/nature-fineart.com\/vogelfotografie-spanien\/wp-content\/uploads\/2026\/07\/Kuhreiher-auf-einem-Schaf-in-einer-Schafherde-600x400.jpg\" class=\"attachment-medium size-medium wp-image-9291\" alt=\"\" srcset=\"https:\/\/nature-fineart.com\/vogelfotografie-spanien\/wp-content\/uploads\/2026\/07\/Kuhreiher-auf-einem-Schaf-in-einer-Schafherde-600x400.jpg 600w, https:\/\/nature-fineart.com\/vogelfotografie-spanien\/wp-content\/uploads\/2026\/07\/Kuhreiher-auf-einem-Schaf-in-einer-Schafherde-768x512.jpg 768w, https:\/\/nature-fineart.com\/vogelfotografie-spanien\/wp-content\/uploads\/2026\/07\/Kuhreiher-auf-einem-Schaf-in-einer-Schafherde.jpg 1024w\" sizes=\"(max-width: 600px) 100vw, 600px\" \/>\t\t\t\t\t\t\t\t\t\t\t\t\t\t\t<\/div>\n\t\t\t\t<\/div>\n\t\t\t\t<\/div>\n\t\t\t\t<\/div>\n\t\t\t\t\t<\/div>\n\t\t\t\t<\/div>\n\t\t<div class=\"elementor-element elementor-element-d8ca109 bird-item e-flex e-con-boxed e-con e-parent\" data-id=\"d8ca109\" data-element_type=\"container\" data-e-type=\"container\">\n\t\t\t\t\t<div class=\"e-con-inner\">\n\t\t\t\t<div class=\"elementor-element elementor-element-b8ef6ea elementor-widget elementor-widget-spacer\" data-id=\"b8ef6ea\" data-element_type=\"widget\" data-e-type=\"widget\" data-widget_type=\"spacer.default\">\n\t\t\t\t<div class=\"elementor-widget-container\">\n\t\t\t\t\t\t\t<div class=\"elementor-spacer\">\n\t\t\t<div class=\"elementor-spacer-inner\"><\/div>\n\t\t<\/div>\n\t\t\t\t\t\t<\/div>\n\t\t\t\t<\/div>\n\t\t<div class=\"elementor-element elementor-element-0245688 e-con-full e-flex e-con e-child\" data-id=\"0245688\" data-element_type=\"container\" data-e-type=\"container\">\n\t\t\t\t<div class=\"elementor-element elementor-element-43090aa elementor-widget elementor-widget-tourmbutton\" data-id=\"43090aa\" data-element_type=\"widget\" data-e-type=\"widget\" data-widget_type=\"tourmbutton.default\">\n\t\t\t\t<div class=\"elementor-widget-container\">\n\t\t\t\t\t<div class=\"btn-wrapper\"><a class=\"th-btn th_btn th-icon \" href=\"https:\/\/nature-fineart.com\/vogelfotografie-spanien\/nachtreiher\/\">Art entdecken<\/a><\/div>\t\t\t\t<\/div>\n\t\t\t\t<\/div>\n\t\t<div class=\"elementor-element elementor-element-f67dfa4 e-con-full e-flex e-con e-child\" data-id=\"f67dfa4\" data-element_type=\"container\" data-e-type=\"container\">\n\t\t\t\t<div class=\"elementor-element elementor-element-f5e3190 elementor-widget elementor-widget-text-editor\" data-id=\"f5e3190\" data-element_type=\"widget\" data-e-type=\"widget\" data-widget_type=\"text-editor.default\">\n\t\t\t\t<div class=\"elementor-widget-container\">\n\t\t\t\t\t\t\t\t\t<p><strong>Nachtreiher<\/strong> \u2013 rote Augen und ein verborgenes Leben:<\/p><p>Der Nachtreiher ruht tags\u00fcber h\u00e4ufig verborgen zwischen \u00c4sten und dichter Ufervegetation. Rote Augen, lange wei\u00dfe Schmuckfedern und die erh\u00f6hte Aktivit\u00e4t in der D\u00e4mmerung machen ihn zu einem au\u00dfergew\u00f6hnlichen Fotomotiv.<\/p>\t\t\t\t\t\t\t\t<\/div>\n\t\t\t\t<\/div>\n\t\t\t\t<\/div>\n\t\t<div class=\"elementor-element elementor-element-4b4433f e-con-full e-flex e-con e-child\" data-id=\"4b4433f\" data-element_type=\"container\" data-e-type=\"container\">\n\t\t\t\t<div class=\"elementor-element elementor-element-d81fc49 elementor-widget elementor-widget-image\" data-id=\"d81fc49\" data-element_type=\"widget\" data-e-type=\"widget\" data-widget_type=\"image.default\">\n\t\t\t\t<div class=\"elementor-widget-container\">\n\t\t\t\t\t\t\t\t\t\t\t\t\t\t\t<img loading=\"lazy\" decoding=\"async\" width=\"600\" height=\"452\" src=\"https:\/\/nature-fineart.com\/vogelfotografie-spanien\/wp-content\/uploads\/2026\/07\/Portraet-eines-adulten-Nachtreihers-mit-rotem-Auge-600x452.jpg\" class=\"attachment-medium size-medium wp-image-9355\" alt=\"\" srcset=\"https:\/\/nature-fineart.com\/vogelfotografie-spanien\/wp-content\/uploads\/2026\/07\/Portraet-eines-adulten-Nachtreihers-mit-rotem-Auge-600x452.jpg 600w, https:\/\/nature-fineart.com\/vogelfotografie-spanien\/wp-content\/uploads\/2026\/07\/Portraet-eines-adulten-Nachtreihers-mit-rotem-Auge-768x578.jpg 768w, https:\/\/nature-fineart.com\/vogelfotografie-spanien\/wp-content\/uploads\/2026\/07\/Portraet-eines-adulten-Nachtreihers-mit-rotem-Auge.jpg 1024w\" sizes=\"(max-width: 600px) 100vw, 600px\" \/>\t\t\t\t\t\t\t\t\t\t\t\t\t\t\t<\/div>\n\t\t\t\t<\/div>\n\t\t\t\t<\/div>\n\t\t\t\t<\/div>\n\t\t\t\t\t<\/div>\n\t\t\t\t<\/div>\n\t\t<div class=\"elementor-element elementor-element-f42dc4c bird-item e-flex e-con-boxed e-con e-parent\" data-id=\"f42dc4c\" data-element_type=\"container\" data-e-type=\"container\">\n\t\t\t\t\t<div class=\"e-con-inner\">\n\t\t\t\t<div class=\"elementor-element elementor-element-287abf7 elementor-widget elementor-widget-spacer\" data-id=\"287abf7\" data-element_type=\"widget\" data-e-type=\"widget\" data-widget_type=\"spacer.default\">\n\t\t\t\t<div class=\"elementor-widget-container\">\n\t\t\t\t\t\t\t<div class=\"elementor-spacer\">\n\t\t\t<div class=\"elementor-spacer-inner\"><\/div>\n\t\t<\/div>\n\t\t\t\t\t\t<\/div>\n\t\t\t\t<\/div>\n\t\t<div class=\"elementor-element elementor-element-370efb6 e-con-full e-flex e-con e-child\" data-id=\"370efb6\" data-element_type=\"container\" data-e-type=\"container\">\n\t\t\t\t<div class=\"elementor-element elementor-element-97ca74b elementor-widget elementor-widget-tourmbutton\" data-id=\"97ca74b\" data-element_type=\"widget\" data-e-type=\"widget\" data-widget_type=\"tourmbutton.default\">\n\t\t\t\t<div class=\"elementor-widget-container\">\n\t\t\t\t\t<div class=\"btn-wrapper\"><a class=\"th-btn th_btn th-icon \" href=\"https:\/\/nature-fineart.com\/vogelfotografie-spanien\/kiebitz\/\">Art entdecken<\/a><\/div>\t\t\t\t<\/div>\n\t\t\t\t<\/div>\n\t\t<div class=\"elementor-element elementor-element-b1c9d40 e-con-full e-flex e-con e-child\" data-id=\"b1c9d40\" data-element_type=\"container\" data-e-type=\"container\">\n\t\t\t\t<div class=\"elementor-element elementor-element-f7123e2 elementor-widget elementor-widget-text-editor\" data-id=\"f7123e2\" data-element_type=\"widget\" data-e-type=\"widget\" data-widget_type=\"text-editor.default\">\n\t\t\t\t<div class=\"elementor-widget-container\">\n\t\t\t\t\t\t\t\t\t<p><strong>Kiebitz<\/strong> \u2013 Akrobat der Feuchtwiesen:<\/p><p>Der Kiebitz begeistert mit seiner markanten Federhaube, dem schimmernden Gefieder und seinem auff\u00e4lligen Flugverhalten. Hier erf\u00e4hrst du, wie nat\u00fcrliche Aufnahmen gelingen und worauf du bei Licht, Verhalten und der Wahl des Standorts achten solltest.<\/p>\t\t\t\t\t\t\t\t<\/div>\n\t\t\t\t<\/div>\n\t\t\t\t<\/div>\n\t\t<div class=\"elementor-element elementor-element-438b375 e-con-full e-flex e-con e-child\" data-id=\"438b375\" data-element_type=\"container\" data-e-type=\"container\">\n\t\t\t\t<div class=\"elementor-element elementor-element-c924460 elementor-widget elementor-widget-image\" data-id=\"c924460\" data-element_type=\"widget\" data-e-type=\"widget\" data-widget_type=\"image.default\">\n\t\t\t\t<div class=\"elementor-widget-container\">\n\t\t\t\t\t\t\t\t\t\t\t\t\t\t\t<img loading=\"lazy\" decoding=\"async\" width=\"600\" height=\"400\" src=\"https:\/\/nature-fineart.com\/vogelfotografie-spanien\/wp-content\/uploads\/2026\/07\/Kiebitz-im-trockenen-Gras-eines-spanischen-Feuchtgebiets-600x400.jpg\" class=\"attachment-medium size-medium wp-image-9439\" alt=\"\" srcset=\"https:\/\/nature-fineart.com\/vogelfotografie-spanien\/wp-content\/uploads\/2026\/07\/Kiebitz-im-trockenen-Gras-eines-spanischen-Feuchtgebiets-600x400.jpg 600w, https:\/\/nature-fineart.com\/vogelfotografie-spanien\/wp-content\/uploads\/2026\/07\/Kiebitz-im-trockenen-Gras-eines-spanischen-Feuchtgebiets-768x512.jpg 768w, https:\/\/nature-fineart.com\/vogelfotografie-spanien\/wp-content\/uploads\/2026\/07\/Kiebitz-im-trockenen-Gras-eines-spanischen-Feuchtgebiets.jpg 1024w\" sizes=\"(max-width: 600px) 100vw, 600px\" \/>\t\t\t\t\t\t\t\t\t\t\t\t\t\t\t<\/div>\n\t\t\t\t<\/div>\n\t\t\t\t<\/div>\n\t\t\t\t<\/div>\n\t\t\t\t\t<\/div>\n\t\t\t\t<\/div>\n\t\t<div class=\"elementor-element elementor-element-2a5d71c bird-item e-flex e-con-boxed e-con e-parent\" data-id=\"2a5d71c\" data-element_type=\"container\" data-e-type=\"container\">\n\t\t\t\t\t<div class=\"e-con-inner\">\n\t\t\t\t<div class=\"elementor-element elementor-element-1d13e0c elementor-widget elementor-widget-spacer\" data-id=\"1d13e0c\" data-element_type=\"widget\" data-e-type=\"widget\" data-widget_type=\"spacer.default\">\n\t\t\t\t<div class=\"elementor-widget-container\">\n\t\t\t\t\t\t\t<div class=\"elementor-spacer\">\n\t\t\t<div class=\"elementor-spacer-inner\"><\/div>\n\t\t<\/div>\n\t\t\t\t\t\t<\/div>\n\t\t\t\t<\/div>\n\t\t<div class=\"elementor-element elementor-element-a44d44e e-con-full e-flex e-con e-child\" data-id=\"a44d44e\" data-element_type=\"container\" data-e-type=\"container\">\n\t\t\t\t<div class=\"elementor-element elementor-element-27dc8b0 elementor-widget elementor-widget-tourmbutton\" data-id=\"27dc8b0\" data-element_type=\"widget\" data-e-type=\"widget\" data-widget_type=\"tourmbutton.default\">\n\t\t\t\t<div class=\"elementor-widget-container\">\n\t\t\t\t\t<div class=\"btn-wrapper\"><a class=\"th-btn th_btn th-icon \" href=\"https:\/\/nature-fineart.com\/vogelfotografie-spanien\/goldregenpfeifer\/\">Art entdecken<\/a><\/div>\t\t\t\t<\/div>\n\t\t\t\t<\/div>\n\t\t<div class=\"elementor-element elementor-element-6f71dc0 e-con-full e-flex e-con e-child\" data-id=\"6f71dc0\" data-element_type=\"container\" data-e-type=\"container\">\n\t\t\t\t<div class=\"elementor-element elementor-element-c77cbb7 elementor-widget elementor-widget-text-editor\" data-id=\"c77cbb7\" data-element_type=\"widget\" data-e-type=\"widget\" data-widget_type=\"text-editor.default\">\n\t\t\t\t<div class=\"elementor-widget-container\">\n\t\t\t\t\t\t\t\t\t<p><strong>Goldregenpfeifer<\/strong> \u2013 goldene Zeichnung auf offenen Feldern:<\/p><p>Im Winter ist der Goldregenpfeifer mit seinem fein gemusterten Gefieder auf offenen Feldern hervorragend getarnt. Bei der Nahrungssuche, in kleinen Gruppen und im warmen Licht entstehen nat\u00fcrliche Aufnahmen dieser eleganten Limikole.<\/p>\t\t\t\t\t\t\t\t<\/div>\n\t\t\t\t<\/div>\n\t\t\t\t<\/div>\n\t\t<div class=\"elementor-element elementor-element-cf1d98d e-con-full e-flex e-con e-child\" data-id=\"cf1d98d\" data-element_type=\"container\" data-e-type=\"container\">\n\t\t\t\t<div class=\"elementor-element elementor-element-2bd9735 elementor-widget elementor-widget-image\" data-id=\"2bd9735\" data-element_type=\"widget\" data-e-type=\"widget\" data-widget_type=\"image.default\">\n\t\t\t\t<div class=\"elementor-widget-container\">\n\t\t\t\t\t\t\t\t\t\t\t\t\t\t\t<img loading=\"lazy\" decoding=\"async\" width=\"600\" height=\"400\" src=\"https:\/\/nature-fineart.com\/vogelfotografie-spanien\/wp-content\/uploads\/2026\/07\/Goldregenpfeifer-auf-einem-offenen-Acker-im-Winter-600x400.jpg\" class=\"attachment-medium size-medium wp-image-9485\" alt=\"\" srcset=\"https:\/\/nature-fineart.com\/vogelfotografie-spanien\/wp-content\/uploads\/2026\/07\/Goldregenpfeifer-auf-einem-offenen-Acker-im-Winter-600x400.jpg 600w, https:\/\/nature-fineart.com\/vogelfotografie-spanien\/wp-content\/uploads\/2026\/07\/Goldregenpfeifer-auf-einem-offenen-Acker-im-Winter-768x512.jpg 768w, https:\/\/nature-fineart.com\/vogelfotografie-spanien\/wp-content\/uploads\/2026\/07\/Goldregenpfeifer-auf-einem-offenen-Acker-im-Winter.jpg 1024w\" sizes=\"(max-width: 600px) 100vw, 600px\" \/>\t\t\t\t\t\t\t\t\t\t\t\t\t\t\t<\/div>\n\t\t\t\t<\/div>\n\t\t\t\t<\/div>\n\t\t\t\t<\/div>\n\t\t\t\t\t<\/div>\n\t\t\t\t<\/div>\n\t\t<div class=\"elementor-element elementor-element-d41f3d6 bird-item e-flex e-con-boxed e-con e-parent\" data-id=\"d41f3d6\" data-element_type=\"container\" data-e-type=\"container\">\n\t\t\t\t\t<div class=\"e-con-inner\">\n\t\t\t\t<div class=\"elementor-element elementor-element-061d02a elementor-widget elementor-widget-spacer\" data-id=\"061d02a\" data-element_type=\"widget\" data-e-type=\"widget\" data-widget_type=\"spacer.default\">\n\t\t\t\t<div class=\"elementor-widget-container\">\n\t\t\t\t\t\t\t<div class=\"elementor-spacer\">\n\t\t\t<div class=\"elementor-spacer-inner\"><\/div>\n\t\t<\/div>\n\t\t\t\t\t\t<\/div>\n\t\t\t\t<\/div>\n\t\t<div class=\"elementor-element elementor-element-01747d7 e-con-full e-flex e-con e-child\" data-id=\"01747d7\" data-element_type=\"container\" data-e-type=\"container\">\n\t\t\t\t<div class=\"elementor-element elementor-element-4a44449 elementor-widget elementor-widget-tourmbutton\" data-id=\"4a44449\" data-element_type=\"widget\" data-e-type=\"widget\" data-widget_type=\"tourmbutton.default\">\n\t\t\t\t<div class=\"elementor-widget-container\">\n\t\t\t\t\t<div class=\"btn-wrapper\"><a class=\"th-btn th_btn th-icon \" href=\"https:\/\/nature-fineart.com\/vogelfotografie-spanien\/mornellregenpfeifer\/\">Art entdecken<\/a><\/div>\t\t\t\t<\/div>\n\t\t\t\t<\/div>\n\t\t<div class=\"elementor-element elementor-element-0547c04 e-con-full e-flex e-con e-child\" data-id=\"0547c04\" data-element_type=\"container\" data-e-type=\"container\">\n\t\t\t\t<div class=\"elementor-element elementor-element-69ee38e elementor-widget elementor-widget-text-editor\" data-id=\"69ee38e\" data-element_type=\"widget\" data-e-type=\"widget\" data-widget_type=\"text-editor.default\">\n\t\t\t\t<div class=\"elementor-widget-container\">\n\t\t\t\t\t\t\t\t\t<p><strong>Mornellregenpfeifer<\/strong> \u2013 perfekt getarnt auf offenen Feldern:<\/p><p>W\u00e4hrend des Vogelzugs rasten Mornellregenpfeifer auf offenen \u00c4ckern und verschmelzen mit ihrem unauff\u00e4lligen Gefieder beinahe mit dem Boden. Einzelne V\u00f6gel, ziehende Trupps und warmes Licht erm\u00f6glichen sehr unterschiedliche Naturaufnahmen.<\/p>\t\t\t\t\t\t\t\t<\/div>\n\t\t\t\t<\/div>\n\t\t\t\t<\/div>\n\t\t<div class=\"elementor-element elementor-element-49394ca e-con-full e-flex e-con e-child\" data-id=\"49394ca\" data-element_type=\"container\" data-e-type=\"container\">\n\t\t\t\t<div class=\"elementor-element elementor-element-85e8d0c elementor-widget elementor-widget-image\" data-id=\"85e8d0c\" data-element_type=\"widget\" data-e-type=\"widget\" data-widget_type=\"image.default\">\n\t\t\t\t<div class=\"elementor-widget-container\">\n\t\t\t\t\t\t\t\t\t\t\t\t\t\t\t<img loading=\"lazy\" decoding=\"async\" width=\"600\" height=\"400\" src=\"https:\/\/nature-fineart.com\/vogelfotografie-spanien\/wp-content\/uploads\/2026\/07\/Mornellregenpfeifer-auf-einem-offenen-Acker-in-einer-Agrarlandschaft-600x400.jpg\" class=\"attachment-medium size-medium wp-image-9470\" alt=\"\" srcset=\"https:\/\/nature-fineart.com\/vogelfotografie-spanien\/wp-content\/uploads\/2026\/07\/Mornellregenpfeifer-auf-einem-offenen-Acker-in-einer-Agrarlandschaft-600x400.jpg 600w, https:\/\/nature-fineart.com\/vogelfotografie-spanien\/wp-content\/uploads\/2026\/07\/Mornellregenpfeifer-auf-einem-offenen-Acker-in-einer-Agrarlandschaft-768x512.jpg 768w, https:\/\/nature-fineart.com\/vogelfotografie-spanien\/wp-content\/uploads\/2026\/07\/Mornellregenpfeifer-auf-einem-offenen-Acker-in-einer-Agrarlandschaft.jpg 1024w\" sizes=\"(max-width: 600px) 100vw, 600px\" \/>\t\t\t\t\t\t\t\t\t\t\t\t\t\t\t<\/div>\n\t\t\t\t<\/div>\n\t\t\t\t<\/div>\n\t\t\t\t<\/div>\n\t\t\t\t\t<\/div>\n\t\t\t\t<\/div>\n\t\t<div class=\"elementor-element elementor-element-1954efa bird-item e-flex e-con-boxed e-con e-parent\" data-id=\"1954efa\" data-element_type=\"container\" data-e-type=\"container\">\n\t\t\t\t\t<div class=\"e-con-inner\">\n\t\t\t\t<div class=\"elementor-element elementor-element-22eaed4 elementor-widget elementor-widget-spacer\" data-id=\"22eaed4\" data-element_type=\"widget\" data-e-type=\"widget\" data-widget_type=\"spacer.default\">\n\t\t\t\t<div class=\"elementor-widget-container\">\n\t\t\t\t\t\t\t<div class=\"elementor-spacer\">\n\t\t\t<div class=\"elementor-spacer-inner\"><\/div>\n\t\t<\/div>\n\t\t\t\t\t\t<\/div>\n\t\t\t\t<\/div>\n\t\t<div class=\"elementor-element elementor-element-b0d3c80 e-con-full e-flex e-con e-child\" data-id=\"b0d3c80\" data-element_type=\"container\" data-e-type=\"container\">\n\t\t\t\t<div class=\"elementor-element elementor-element-08513f9 elementor-widget elementor-widget-tourmbutton\" data-id=\"08513f9\" data-element_type=\"widget\" data-e-type=\"widget\" data-widget_type=\"tourmbutton.default\">\n\t\t\t\t<div class=\"elementor-widget-container\">\n\t\t\t\t\t<div class=\"btn-wrapper\"><a class=\"th-btn th_btn th-icon \" href=\"https:\/\/nature-fineart.com\/vogelfotografie-spanien\/kiebitzregenpfeifer\/\">Art entdecken<\/a><\/div>\t\t\t\t<\/div>\n\t\t\t\t<\/div>\n\t\t<div class=\"elementor-element elementor-element-615323b e-con-full e-flex e-con e-child\" data-id=\"615323b\" data-element_type=\"container\" data-e-type=\"container\">\n\t\t\t\t<div class=\"elementor-element elementor-element-a0020f3 elementor-widget elementor-widget-text-editor\" data-id=\"a0020f3\" data-element_type=\"widget\" data-e-type=\"widget\" data-widget_type=\"text-editor.default\">\n\t\t\t\t<div class=\"elementor-widget-container\">\n\t\t\t\t\t\t\t\t\t<p><strong>Kiebitzregenpfeifer<\/strong> \u2013 Wintergast an Spaniens K\u00fcsten:<\/p><p>An Spaniens K\u00fcsten beobachte ich Kiebitzregenpfeifer im Winterkleid an Str\u00e4nden, in flachen Wasserzonen und gemeinsam mit anderen Limikolen. Eine Artenseite \u00fcber K\u00fcstenlicht, Nahrungssuche und nat\u00fcrliche Fotomomente.<\/p>\t\t\t\t\t\t\t\t<\/div>\n\t\t\t\t<\/div>\n\t\t\t\t<\/div>\n\t\t<div class=\"elementor-element elementor-element-24327d4 e-con-full e-flex e-con e-child\" data-id=\"24327d4\" data-element_type=\"container\" data-e-type=\"container\">\n\t\t\t\t<div class=\"elementor-element elementor-element-1fda1de elementor-widget elementor-widget-image\" data-id=\"1fda1de\" data-element_type=\"widget\" data-e-type=\"widget\" data-widget_type=\"image.default\">\n\t\t\t\t<div class=\"elementor-widget-container\">\n\t\t\t\t\t\t\t\t\t\t\t\t\t\t\t<img loading=\"lazy\" decoding=\"async\" width=\"600\" height=\"400\" src=\"https:\/\/nature-fineart.com\/vogelfotografie-spanien\/wp-content\/uploads\/2026\/07\/Kiebitzregenpfeifer-im-flachen-blauen-Wasser-an-der-spanischen-Kueste-600x400.jpg\" class=\"attachment-medium size-medium wp-image-9501\" alt=\"\" srcset=\"https:\/\/nature-fineart.com\/vogelfotografie-spanien\/wp-content\/uploads\/2026\/07\/Kiebitzregenpfeifer-im-flachen-blauen-Wasser-an-der-spanischen-Kueste-600x400.jpg 600w, https:\/\/nature-fineart.com\/vogelfotografie-spanien\/wp-content\/uploads\/2026\/07\/Kiebitzregenpfeifer-im-flachen-blauen-Wasser-an-der-spanischen-Kueste-768x512.jpg 768w, https:\/\/nature-fineart.com\/vogelfotografie-spanien\/wp-content\/uploads\/2026\/07\/Kiebitzregenpfeifer-im-flachen-blauen-Wasser-an-der-spanischen-Kueste.jpg 1024w\" sizes=\"(max-width: 600px) 100vw, 600px\" \/>\t\t\t\t\t\t\t\t\t\t\t\t\t\t\t<\/div>\n\t\t\t\t<\/div>\n\t\t\t\t<\/div>\n\t\t\t\t<\/div>\n\t\t\t\t\t<\/div>\n\t\t\t\t<\/div>\n\t\t<div class=\"elementor-element elementor-element-4735c2d bird-item e-flex e-con-boxed e-con e-parent\" data-id=\"4735c2d\" data-element_type=\"container\" data-e-type=\"container\">\n\t\t\t\t\t<div class=\"e-con-inner\">\n\t\t\t\t<div class=\"elementor-element elementor-element-abbc4bc elementor-widget elementor-widget-spacer\" data-id=\"abbc4bc\" data-element_type=\"widget\" data-e-type=\"widget\" data-widget_type=\"spacer.default\">\n\t\t\t\t<div class=\"elementor-widget-container\">\n\t\t\t\t\t\t\t<div class=\"elementor-spacer\">\n\t\t\t<div class=\"elementor-spacer-inner\"><\/div>\n\t\t<\/div>\n\t\t\t\t\t\t<\/div>\n\t\t\t\t<\/div>\n\t\t<div class=\"elementor-element elementor-element-bbe7aea e-con-full e-flex e-con e-child\" data-id=\"bbe7aea\" data-element_type=\"container\" data-e-type=\"container\">\n\t\t\t\t<div class=\"elementor-element elementor-element-70b0a5a elementor-widget elementor-widget-tourmbutton\" data-id=\"70b0a5a\" data-element_type=\"widget\" data-e-type=\"widget\" data-widget_type=\"tourmbutton.default\">\n\t\t\t\t<div class=\"elementor-widget-container\">\n\t\t\t\t\t<div class=\"btn-wrapper\"><a class=\"th-btn th_btn th-icon \" href=\"https:\/\/nature-fineart.com\/vogelfotografie-spanien\/sandregenpfeifer\/\">Art entdecken<\/a><\/div>\t\t\t\t<\/div>\n\t\t\t\t<\/div>\n\t\t<div class=\"elementor-element elementor-element-6585e2b e-con-full e-flex e-con e-child\" data-id=\"6585e2b\" data-element_type=\"container\" data-e-type=\"container\">\n\t\t\t\t<div class=\"elementor-element elementor-element-951f1ae elementor-widget elementor-widget-text-editor\" data-id=\"951f1ae\" data-element_type=\"widget\" data-e-type=\"widget\" data-widget_type=\"text-editor.default\">\n\t\t\t\t<div class=\"elementor-widget-container\">\n\t\t\t\t\t\t\t\t\t<p><strong>Sandregenpfeifer<\/strong> \u2013 Eleganter K\u00fcstenvogel zwischen Strand und Lagune:<\/p><p>Der Sandregenpfeifer z\u00e4hlt zu den charakteristischen Limikolen der spanischen K\u00fcsten. Erfahre mehr \u00fcber seine Lebensr\u00e4ume, Erkennungsmerkmale und erhalte praktische Tipps f\u00fcr nat\u00fcrliche Aufnahmen an Strand, Lagunen und Salinen.<\/p>\t\t\t\t\t\t\t\t<\/div>\n\t\t\t\t<\/div>\n\t\t\t\t<\/div>\n\t\t<div class=\"elementor-element elementor-element-4b9d3c1 e-con-full e-flex e-con e-child\" data-id=\"4b9d3c1\" data-element_type=\"container\" data-e-type=\"container\">\n\t\t\t\t<div class=\"elementor-element elementor-element-2025e20 elementor-widget elementor-widget-image\" data-id=\"2025e20\" data-element_type=\"widget\" data-e-type=\"widget\" data-widget_type=\"image.default\">\n\t\t\t\t<div class=\"elementor-widget-container\">\n\t\t\t\t\t\t\t\t\t\t\t\t\t\t\t<img loading=\"lazy\" decoding=\"async\" width=\"600\" height=\"408\" src=\"https:\/\/nature-fineart.com\/vogelfotografie-spanien\/wp-content\/uploads\/2026\/07\/Sandregenpfeifer-im-Profil-im-warmen-Morgenlicht-an-einer-Lagune-in-Spanien-600x408.jpg\" class=\"attachment-medium size-medium wp-image-9976\" alt=\"\" srcset=\"https:\/\/nature-fineart.com\/vogelfotografie-spanien\/wp-content\/uploads\/2026\/07\/Sandregenpfeifer-im-Profil-im-warmen-Morgenlicht-an-einer-Lagune-in-Spanien-600x408.jpg 600w, https:\/\/nature-fineart.com\/vogelfotografie-spanien\/wp-content\/uploads\/2026\/07\/Sandregenpfeifer-im-Profil-im-warmen-Morgenlicht-an-einer-Lagune-in-Spanien-768x523.jpg 768w, https:\/\/nature-fineart.com\/vogelfotografie-spanien\/wp-content\/uploads\/2026\/07\/Sandregenpfeifer-im-Profil-im-warmen-Morgenlicht-an-einer-Lagune-in-Spanien.jpg 1024w\" sizes=\"(max-width: 600px) 100vw, 600px\" \/>\t\t\t\t\t\t\t\t\t\t\t\t\t\t\t<\/div>\n\t\t\t\t<\/div>\n\t\t\t\t<\/div>\n\t\t\t\t<\/div>\n\t\t\t\t\t<\/div>\n\t\t\t\t<\/div>\n\t\t<div class=\"elementor-element elementor-element-b18e664 bird-item e-flex e-con-boxed e-con e-parent\" data-id=\"b18e664\" data-element_type=\"container\" data-e-type=\"container\">\n\t\t\t\t\t<div class=\"e-con-inner\">\n\t\t\t\t<div class=\"elementor-element elementor-element-3bcf2f0 elementor-widget elementor-widget-spacer\" data-id=\"3bcf2f0\" data-element_type=\"widget\" data-e-type=\"widget\" data-widget_type=\"spacer.default\">\n\t\t\t\t<div class=\"elementor-widget-container\">\n\t\t\t\t\t\t\t<div class=\"elementor-spacer\">\n\t\t\t<div class=\"elementor-spacer-inner\"><\/div>\n\t\t<\/div>\n\t\t\t\t\t\t<\/div>\n\t\t\t\t<\/div>\n\t\t<div class=\"elementor-element elementor-element-e004bbf e-con-full e-flex e-con e-child\" data-id=\"e004bbf\" data-element_type=\"container\" data-e-type=\"container\">\n\t\t\t\t<div class=\"elementor-element elementor-element-55491de elementor-widget elementor-widget-tourmbutton\" data-id=\"55491de\" data-element_type=\"widget\" data-e-type=\"widget\" data-widget_type=\"tourmbutton.default\">\n\t\t\t\t<div class=\"elementor-widget-container\">\n\t\t\t\t\t<div class=\"btn-wrapper\"><a class=\"th-btn th_btn th-icon \" href=\"https:\/\/nature-fineart.com\/vogelfotografie-spanien\/flussregenpfeifer\/\">Art entdecken<\/a><\/div>\t\t\t\t<\/div>\n\t\t\t\t<\/div>\n\t\t<div class=\"elementor-element elementor-element-7275d74 e-con-full e-flex e-con e-child\" data-id=\"7275d74\" data-element_type=\"container\" data-e-type=\"container\">\n\t\t\t\t<div class=\"elementor-element elementor-element-2552da5 elementor-widget elementor-widget-text-editor\" data-id=\"2552da5\" data-element_type=\"widget\" data-e-type=\"widget\" data-widget_type=\"text-editor.default\">\n\t\t\t\t<div class=\"elementor-widget-container\">\n\t\t\t\t\t\t\t\t\t<p><strong>Flussregenpfeifer<\/strong> \u2013 Der kleine L\u00e4ufer mit dem leuchtenden Augenring:<\/p><p>Der Flussregenpfeifer f\u00e4llt durch seinen leuchtenden Augenring und seine blitzartigen Bewegungen auf. Erfahre mehr \u00fcber Lebensraum, Verhalten und Fotografie.<\/p>\t\t\t\t\t\t\t\t<\/div>\n\t\t\t\t<\/div>\n\t\t\t\t<\/div>\n\t\t<div class=\"elementor-element elementor-element-1624813 e-con-full e-flex e-con e-child\" data-id=\"1624813\" data-element_type=\"container\" data-e-type=\"container\">\n\t\t\t\t<div class=\"elementor-element elementor-element-dc0ab13 elementor-widget elementor-widget-image\" data-id=\"dc0ab13\" data-element_type=\"widget\" data-e-type=\"widget\" data-widget_type=\"image.default\">\n\t\t\t\t<div class=\"elementor-widget-container\">\n\t\t\t\t\t\t\t\t\t\t\t\t\t\t\t<img loading=\"lazy\" decoding=\"async\" width=\"600\" height=\"418\" src=\"https:\/\/nature-fineart.com\/vogelfotografie-spanien\/wp-content\/uploads\/2026\/07\/Flussregenpfeifer-mit-leuchtendem-Augenring-und-weich-verschwommenem-Vordergrund-600x418.jpg\" class=\"attachment-medium size-medium wp-image-9902\" alt=\"\" srcset=\"https:\/\/nature-fineart.com\/vogelfotografie-spanien\/wp-content\/uploads\/2026\/07\/Flussregenpfeifer-mit-leuchtendem-Augenring-und-weich-verschwommenem-Vordergrund-600x418.jpg 600w, https:\/\/nature-fineart.com\/vogelfotografie-spanien\/wp-content\/uploads\/2026\/07\/Flussregenpfeifer-mit-leuchtendem-Augenring-und-weich-verschwommenem-Vordergrund-768x536.jpg 768w, https:\/\/nature-fineart.com\/vogelfotografie-spanien\/wp-content\/uploads\/2026\/07\/Flussregenpfeifer-mit-leuchtendem-Augenring-und-weich-verschwommenem-Vordergrund.jpg 1024w\" sizes=\"(max-width: 600px) 100vw, 600px\" \/>\t\t\t\t\t\t\t\t\t\t\t\t\t\t\t<\/div>\n\t\t\t\t<\/div>\n\t\t\t\t<\/div>\n\t\t\t\t<\/div>\n\t\t\t\t\t<\/div>\n\t\t\t\t<\/div>\n\t\t<div class=\"elementor-element elementor-element-91f89bb bird-item e-flex e-con-boxed e-con e-parent\" data-id=\"91f89bb\" data-element_type=\"container\" data-e-type=\"container\">\n\t\t\t\t\t<div class=\"e-con-inner\">\n\t\t\t\t<div class=\"elementor-element elementor-element-a974cce elementor-widget elementor-widget-spacer\" data-id=\"a974cce\" data-element_type=\"widget\" data-e-type=\"widget\" data-widget_type=\"spacer.default\">\n\t\t\t\t<div class=\"elementor-widget-container\">\n\t\t\t\t\t\t\t<div class=\"elementor-spacer\">\n\t\t\t<div class=\"elementor-spacer-inner\"><\/div>\n\t\t<\/div>\n\t\t\t\t\t\t<\/div>\n\t\t\t\t<\/div>\n\t\t<div class=\"elementor-element elementor-element-5c9f857 e-con-full e-flex e-con e-child\" data-id=\"5c9f857\" data-element_type=\"container\" data-e-type=\"container\">\n\t\t\t\t<div class=\"elementor-element elementor-element-3f6fcd1 elementor-widget elementor-widget-tourmbutton\" data-id=\"3f6fcd1\" data-element_type=\"widget\" data-e-type=\"widget\" data-widget_type=\"tourmbutton.default\">\n\t\t\t\t<div class=\"elementor-widget-container\">\n\t\t\t\t\t<div class=\"btn-wrapper\"><a class=\"th-btn th_btn th-icon \" href=\"https:\/\/nature-fineart.com\/vogelfotografie-spanien\/seeregenpfeifer\/\">Art entdecken<\/a><\/div>\t\t\t\t<\/div>\n\t\t\t\t<\/div>\n\t\t<div class=\"elementor-element elementor-element-bbd374a e-con-full e-flex e-con e-child\" data-id=\"bbd374a\" data-element_type=\"container\" data-e-type=\"container\">\n\t\t\t\t<div class=\"elementor-element elementor-element-6e75d3c elementor-widget elementor-widget-text-editor\" data-id=\"6e75d3c\" data-element_type=\"widget\" data-e-type=\"widget\" data-widget_type=\"text-editor.default\">\n\t\t\t\t<div class=\"elementor-widget-container\">\n\t\t\t\t\t\t\t\t\t<p><strong>Seeregenpfeifer<\/strong> \u2013 kleiner Strandvogel mit neugierigem Blick:<\/p><p>Seeregenpfeifer bewegen sich mit schnellen Schritten \u00fcber Str\u00e4nde, Lagunen und flache Uferbereiche. Ihre charaktervolle Zeichnung und ihr neugieriges Verhalten machen sie zu besonderen Fotomotiven.<\/p>\t\t\t\t\t\t\t\t<\/div>\n\t\t\t\t<\/div>\n\t\t\t\t<\/div>\n\t\t<div class=\"elementor-element elementor-element-7e7235a e-con-full e-flex e-con e-child\" data-id=\"7e7235a\" data-element_type=\"container\" data-e-type=\"container\">\n\t\t\t\t<div class=\"elementor-element elementor-element-f3eab52 elementor-widget elementor-widget-image\" data-id=\"f3eab52\" data-element_type=\"widget\" data-e-type=\"widget\" data-widget_type=\"image.default\">\n\t\t\t\t<div class=\"elementor-widget-container\">\n\t\t\t\t\t\t\t\t\t\t\t\t\t\t\t<img loading=\"lazy\" decoding=\"async\" width=\"600\" height=\"416\" src=\"https:\/\/nature-fineart.com\/vogelfotografie-spanien\/wp-content\/uploads\/2026\/07\/Maennlicher-Seeregenpfeifer-mit-schraeg-gehaltenem-Kopf-zwischen-angeschwemmten-Segelquallen-am-Strand-600x416.jpg\" class=\"attachment-medium size-medium wp-image-9716\" alt=\"\" srcset=\"https:\/\/nature-fineart.com\/vogelfotografie-spanien\/wp-content\/uploads\/2026\/07\/Maennlicher-Seeregenpfeifer-mit-schraeg-gehaltenem-Kopf-zwischen-angeschwemmten-Segelquallen-am-Strand-600x416.jpg 600w, https:\/\/nature-fineart.com\/vogelfotografie-spanien\/wp-content\/uploads\/2026\/07\/Maennlicher-Seeregenpfeifer-mit-schraeg-gehaltenem-Kopf-zwischen-angeschwemmten-Segelquallen-am-Strand-768x533.jpg 768w, https:\/\/nature-fineart.com\/vogelfotografie-spanien\/wp-content\/uploads\/2026\/07\/Maennlicher-Seeregenpfeifer-mit-schraeg-gehaltenem-Kopf-zwischen-angeschwemmten-Segelquallen-am-Strand.jpg 1024w\" sizes=\"(max-width: 600px) 100vw, 600px\" \/>\t\t\t\t\t\t\t\t\t\t\t\t\t\t\t<\/div>\n\t\t\t\t<\/div>\n\t\t\t\t<\/div>\n\t\t\t\t<\/div>\n\t\t\t\t\t<\/div>\n\t\t\t\t<\/div>\n\t\t<div class=\"elementor-element elementor-element-d8bb7d1 bird-item e-flex e-con-boxed e-con e-parent\" data-id=\"d8bb7d1\" data-element_type=\"container\" data-e-type=\"container\">\n\t\t\t\t\t<div class=\"e-con-inner\">\n\t\t\t\t<div class=\"elementor-element elementor-element-138c2d5 elementor-widget elementor-widget-spacer\" data-id=\"138c2d5\" data-element_type=\"widget\" data-e-type=\"widget\" data-widget_type=\"spacer.default\">\n\t\t\t\t<div class=\"elementor-widget-container\">\n\t\t\t\t\t\t\t<div class=\"elementor-spacer\">\n\t\t\t<div class=\"elementor-spacer-inner\"><\/div>\n\t\t<\/div>\n\t\t\t\t\t\t<\/div>\n\t\t\t\t<\/div>\n\t\t<div class=\"elementor-element elementor-element-036e54b e-con-full e-flex e-con e-child\" data-id=\"036e54b\" data-element_type=\"container\" data-e-type=\"container\">\n\t\t\t\t<div class=\"elementor-element elementor-element-979c24d elementor-widget elementor-widget-tourmbutton\" data-id=\"979c24d\" data-element_type=\"widget\" data-e-type=\"widget\" data-widget_type=\"tourmbutton.default\">\n\t\t\t\t<div class=\"elementor-widget-container\">\n\t\t\t\t\t<div class=\"btn-wrapper\"><a class=\"th-btn th_btn th-icon \" href=\"https:\/\/nature-fineart.com\/vogelfotografie-spanien\/alpenstrandlaeufer\/\">Art entdecken<\/a><\/div>\t\t\t\t<\/div>\n\t\t\t\t<\/div>\n\t\t<div class=\"elementor-element elementor-element-bcd2bd1 e-con-full e-flex e-con e-child\" data-id=\"bcd2bd1\" data-element_type=\"container\" data-e-type=\"container\">\n\t\t\t\t<div class=\"elementor-element elementor-element-95f8883 elementor-widget elementor-widget-text-editor\" data-id=\"95f8883\" data-element_type=\"widget\" data-e-type=\"widget\" data-widget_type=\"text-editor.default\">\n\t\t\t\t<div class=\"elementor-widget-container\">\n\t\t\t\t\t\t\t\t\t<p><strong>Alpenstrandl\u00e4ufer<\/strong> \u2013 Rastvogel zwischen Schlick und Salinen:<\/p><p>Der Alpenstrandl\u00e4ufer z\u00e4hlt zu den h\u00e4ufigsten Strandl\u00e4ufern w\u00e4hrend des Vogelzugs und im Winter. Erfahre mehr \u00fcber Lebensraum, Verhalten und erhalte praktische Tipps f\u00fcr die Natur- und Vogelfotografie in Spanien.<\/p>\t\t\t\t\t\t\t\t<\/div>\n\t\t\t\t<\/div>\n\t\t\t\t<\/div>\n\t\t<div class=\"elementor-element elementor-element-3f9178c e-con-full e-flex e-con e-child\" data-id=\"3f9178c\" data-element_type=\"container\" data-e-type=\"container\">\n\t\t\t\t<div class=\"elementor-element elementor-element-92b3bff elementor-widget elementor-widget-image\" data-id=\"92b3bff\" data-element_type=\"widget\" data-e-type=\"widget\" data-widget_type=\"image.default\">\n\t\t\t\t<div class=\"elementor-widget-container\">\n\t\t\t\t\t\t\t\t\t\t\t\t\t\t\t<img loading=\"lazy\" decoding=\"async\" width=\"600\" height=\"400\" src=\"https:\/\/nature-fineart.com\/vogelfotografie-spanien\/wp-content\/uploads\/2026\/07\/Alpenstrandlaeufer-im-Schlichtkleid-an-einer-Lagune-in-Spanien-600x400.jpg\" class=\"attachment-medium size-medium wp-image-10096\" alt=\"\" srcset=\"https:\/\/nature-fineart.com\/vogelfotografie-spanien\/wp-content\/uploads\/2026\/07\/Alpenstrandlaeufer-im-Schlichtkleid-an-einer-Lagune-in-Spanien-600x400.jpg 600w, https:\/\/nature-fineart.com\/vogelfotografie-spanien\/wp-content\/uploads\/2026\/07\/Alpenstrandlaeufer-im-Schlichtkleid-an-einer-Lagune-in-Spanien-768x512.jpg 768w, https:\/\/nature-fineart.com\/vogelfotografie-spanien\/wp-content\/uploads\/2026\/07\/Alpenstrandlaeufer-im-Schlichtkleid-an-einer-Lagune-in-Spanien.jpg 1024w\" sizes=\"(max-width: 600px) 100vw, 600px\" \/>\t\t\t\t\t\t\t\t\t\t\t\t\t\t\t<\/div>\n\t\t\t\t<\/div>\n\t\t\t\t<\/div>\n\t\t\t\t<\/div>\n\t\t\t\t\t<\/div>\n\t\t\t\t<\/div>\n\t\t<div class=\"elementor-element elementor-element-b952382 bird-item e-flex e-con-boxed e-con e-parent\" data-id=\"b952382\" data-element_type=\"container\" data-e-type=\"container\">\n\t\t\t\t\t<div class=\"e-con-inner\">\n\t\t\t\t<div class=\"elementor-element elementor-element-2863603 elementor-widget elementor-widget-spacer\" data-id=\"2863603\" data-element_type=\"widget\" data-e-type=\"widget\" data-widget_type=\"spacer.default\">\n\t\t\t\t<div class=\"elementor-widget-container\">\n\t\t\t\t\t\t\t<div class=\"elementor-spacer\">\n\t\t\t<div class=\"elementor-spacer-inner\"><\/div>\n\t\t<\/div>\n\t\t\t\t\t\t<\/div>\n\t\t\t\t<\/div>\n\t\t<div class=\"elementor-element elementor-element-cc0361d e-con-full e-flex e-con e-child\" data-id=\"cc0361d\" data-element_type=\"container\" data-e-type=\"container\">\n\t\t\t\t<div class=\"elementor-element elementor-element-c596506 elementor-widget elementor-widget-tourmbutton\" data-id=\"c596506\" data-element_type=\"widget\" data-e-type=\"widget\" data-widget_type=\"tourmbutton.default\">\n\t\t\t\t<div class=\"elementor-widget-container\">\n\t\t\t\t\t<div class=\"btn-wrapper\"><a class=\"th-btn th_btn th-icon \" href=\"https:\/\/nature-fineart.com\/vogelfotografie-spanien\/meerstrandlaeufer\/\">Art entdecken<\/a><\/div>\t\t\t\t<\/div>\n\t\t\t\t<\/div>\n\t\t<div class=\"elementor-element elementor-element-4b6bd16 e-con-full e-flex e-con e-child\" data-id=\"4b6bd16\" data-element_type=\"container\" data-e-type=\"container\">\n\t\t\t\t<div class=\"elementor-element elementor-element-ac852c8 elementor-widget elementor-widget-text-editor\" data-id=\"ac852c8\" data-element_type=\"widget\" data-e-type=\"widget\" data-widget_type=\"text-editor.default\">\n\t\t\t\t<div class=\"elementor-widget-container\">\n\t\t\t\t\t\t\t\t\t<p><strong>Meerstrandl\u00e4ufer<\/strong> \u2013 Spezialist der felsigen K\u00fcsten:<\/p><p>Der Meerstrandl\u00e4ufer lebt an felsigen K\u00fcsten und sucht zwischen Algen und Steinen nach Nahrung. Erfahre mehr \u00fcber seine Lebensweise und erhalte praktische Tipps f\u00fcr die Vogelfotografie.<\/p>\t\t\t\t\t\t\t\t<\/div>\n\t\t\t\t<\/div>\n\t\t\t\t<\/div>\n\t\t<div class=\"elementor-element elementor-element-0f62d5c e-con-full e-flex e-con e-child\" data-id=\"0f62d5c\" data-element_type=\"container\" data-e-type=\"container\">\n\t\t\t\t<div class=\"elementor-element elementor-element-a8d38ed elementor-widget elementor-widget-image\" data-id=\"a8d38ed\" data-element_type=\"widget\" data-e-type=\"widget\" data-widget_type=\"image.default\">\n\t\t\t\t<div class=\"elementor-widget-container\">\n\t\t\t\t\t\t\t\t\t\t\t\t\t\t\t<img loading=\"lazy\" decoding=\"async\" width=\"600\" height=\"408\" src=\"https:\/\/nature-fineart.com\/vogelfotografie-spanien\/wp-content\/uploads\/2026\/08\/Meerstrandlaeufer-mit-Algen-im-Schnabel-auf-einem-bewachsenen-Felsen-an-der-Atlantikkueste-Spaniens-600x408.jpg\" class=\"attachment-medium size-medium wp-image-10117\" alt=\"\" srcset=\"https:\/\/nature-fineart.com\/vogelfotografie-spanien\/wp-content\/uploads\/2026\/08\/Meerstrandlaeufer-mit-Algen-im-Schnabel-auf-einem-bewachsenen-Felsen-an-der-Atlantikkueste-Spaniens-600x408.jpg 600w, https:\/\/nature-fineart.com\/vogelfotografie-spanien\/wp-content\/uploads\/2026\/08\/Meerstrandlaeufer-mit-Algen-im-Schnabel-auf-einem-bewachsenen-Felsen-an-der-Atlantikkueste-Spaniens-768x523.jpg 768w, https:\/\/nature-fineart.com\/vogelfotografie-spanien\/wp-content\/uploads\/2026\/08\/Meerstrandlaeufer-mit-Algen-im-Schnabel-auf-einem-bewachsenen-Felsen-an-der-Atlantikkueste-Spaniens.jpg 1024w\" sizes=\"(max-width: 600px) 100vw, 600px\" \/>\t\t\t\t\t\t\t\t\t\t\t\t\t\t\t<\/div>\n\t\t\t\t<\/div>\n\t\t\t\t<\/div>\n\t\t\t\t<\/div>\n\t\t\t\t\t<\/div>\n\t\t\t\t<\/div>\n\t\t<div class=\"elementor-element elementor-element-2e9f751 bird-item e-flex e-con-boxed e-con e-parent\" data-id=\"2e9f751\" data-element_type=\"container\" data-e-type=\"container\">\n\t\t\t\t\t<div class=\"e-con-inner\">\n\t\t\t\t<div class=\"elementor-element elementor-element-27f715c elementor-widget elementor-widget-spacer\" data-id=\"27f715c\" data-element_type=\"widget\" data-e-type=\"widget\" data-widget_type=\"spacer.default\">\n\t\t\t\t<div class=\"elementor-widget-container\">\n\t\t\t\t\t\t\t<div class=\"elementor-spacer\">\n\t\t\t<div class=\"elementor-spacer-inner\"><\/div>\n\t\t<\/div>\n\t\t\t\t\t\t<\/div>\n\t\t\t\t<\/div>\n\t\t<div class=\"elementor-element elementor-element-a078a66 e-con-full e-flex e-con e-child\" data-id=\"a078a66\" data-element_type=\"container\" data-e-type=\"container\">\n\t\t\t\t<div class=\"elementor-element elementor-element-5699d12 elementor-widget elementor-widget-tourmbutton\" data-id=\"5699d12\" data-element_type=\"widget\" data-e-type=\"widget\" data-widget_type=\"tourmbutton.default\">\n\t\t\t\t<div class=\"elementor-widget-container\">\n\t\t\t\t\t<div class=\"btn-wrapper\"><a class=\"th-btn th_btn th-icon \" href=\"https:\/\/nature-fineart.com\/vogelfotografie-spanien\/sanderling\/\">Art entdecken<\/a><\/div>\t\t\t\t<\/div>\n\t\t\t\t<\/div>\n\t\t<div class=\"elementor-element elementor-element-e63779d e-con-full e-flex e-con e-child\" data-id=\"e63779d\" data-element_type=\"container\" data-e-type=\"container\">\n\t\t\t\t<div class=\"elementor-element elementor-element-4570f6a elementor-widget elementor-widget-text-editor\" data-id=\"4570f6a\" data-element_type=\"widget\" data-e-type=\"widget\" data-widget_type=\"text-editor.default\">\n\t\t\t\t<div class=\"elementor-widget-container\">\n\t\t\t\t\t\t\t\t\t<p><strong>Sanderling<\/strong>\u00a0\u2013 Verhalten, Lebensraum und Fototipps:<\/p><p>Sanderlinge laufen flink an der Wasserkante entlang und bieten besonders aus niedriger Perspektive spannende Fotomotive. Auf dieser Seite findest du Informationen zu Verhalten, Lebensraum, Gefieder und Fotografie in Spanien.<\/p>\t\t\t\t\t\t\t\t<\/div>\n\t\t\t\t<\/div>\n\t\t\t\t<\/div>\n\t\t<div class=\"elementor-element elementor-element-787e959 e-con-full e-flex e-con e-child\" data-id=\"787e959\" data-element_type=\"container\" data-e-type=\"container\">\n\t\t\t\t<div class=\"elementor-element elementor-element-d5f6157 elementor-widget elementor-widget-image\" data-id=\"d5f6157\" data-element_type=\"widget\" data-e-type=\"widget\" data-widget_type=\"image.default\">\n\t\t\t\t<div class=\"elementor-widget-container\">\n\t\t\t\t\t\t\t\t\t\t\t\t\t\t\t<img loading=\"lazy\" decoding=\"async\" width=\"600\" height=\"411\" src=\"https:\/\/nature-fineart.com\/vogelfotografie-spanien\/wp-content\/uploads\/2026\/07\/Sanderling-im-braunen-Prachtkleid-laeuft-an-einem-Strand-in-Spanien-600x411.jpg\" class=\"attachment-medium size-medium wp-image-9786\" alt=\"\" srcset=\"https:\/\/nature-fineart.com\/vogelfotografie-spanien\/wp-content\/uploads\/2026\/07\/Sanderling-im-braunen-Prachtkleid-laeuft-an-einem-Strand-in-Spanien-600x411.jpg 600w, https:\/\/nature-fineart.com\/vogelfotografie-spanien\/wp-content\/uploads\/2026\/07\/Sanderling-im-braunen-Prachtkleid-laeuft-an-einem-Strand-in-Spanien-768x526.jpg 768w, https:\/\/nature-fineart.com\/vogelfotografie-spanien\/wp-content\/uploads\/2026\/07\/Sanderling-im-braunen-Prachtkleid-laeuft-an-einem-Strand-in-Spanien.jpg 1024w\" sizes=\"(max-width: 600px) 100vw, 600px\" \/>\t\t\t\t\t\t\t\t\t\t\t\t\t\t\t<\/div>\n\t\t\t\t<\/div>\n\t\t\t\t<\/div>\n\t\t\t\t<\/div>\n\t\t\t\t\t<\/div>\n\t\t\t\t<\/div>\n\t\t<div class=\"elementor-element elementor-element-187e5f1 bird-item e-flex e-con-boxed e-con e-parent\" data-id=\"187e5f1\" data-element_type=\"container\" data-e-type=\"container\">\n\t\t\t\t\t<div class=\"e-con-inner\">\n\t\t\t\t<div class=\"elementor-element elementor-element-ca78e81 elementor-widget elementor-widget-spacer\" data-id=\"ca78e81\" data-element_type=\"widget\" data-e-type=\"widget\" data-widget_type=\"spacer.default\">\n\t\t\t\t<div class=\"elementor-widget-container\">\n\t\t\t\t\t\t\t<div class=\"elementor-spacer\">\n\t\t\t<div class=\"elementor-spacer-inner\"><\/div>\n\t\t<\/div>\n\t\t\t\t\t\t<\/div>\n\t\t\t\t<\/div>\n\t\t<div class=\"elementor-element elementor-element-3367fc1 e-con-full e-flex e-con e-child\" data-id=\"3367fc1\" data-element_type=\"container\" data-e-type=\"container\">\n\t\t\t\t<div class=\"elementor-element elementor-element-6108a1a elementor-widget elementor-widget-tourmbutton\" data-id=\"6108a1a\" data-element_type=\"widget\" data-e-type=\"widget\" data-widget_type=\"tourmbutton.default\">\n\t\t\t\t<div class=\"elementor-widget-container\">\n\t\t\t\t\t<div class=\"btn-wrapper\"><a class=\"th-btn th_btn th-icon \" href=\"https:\/\/nature-fineart.com\/vogelfotografie-spanien\/sichelstrandlaeufer\/\">Art entdecken<\/a><\/div>\t\t\t\t<\/div>\n\t\t\t\t<\/div>\n\t\t<div class=\"elementor-element elementor-element-f93a578 e-con-full e-flex e-con e-child\" data-id=\"f93a578\" data-element_type=\"container\" data-e-type=\"container\">\n\t\t\t\t<div class=\"elementor-element elementor-element-7d8afed elementor-widget elementor-widget-text-editor\" data-id=\"7d8afed\" data-element_type=\"widget\" data-e-type=\"widget\" data-widget_type=\"text-editor.default\">\n\t\t\t\t<div class=\"elementor-widget-container\">\n\t\t\t\t\t\t\t\t\t<p><strong>Sichelstrandl\u00e4ufer<\/strong> \u2013 eleganter Zugvogel mit gebogenem Schnabel:<\/p><p>Sichelstrandl\u00e4ufer ziehen in Trupps durch spanische Feuchtgebiete. Ihr langer, gebogener Schnabel und der Wechsel ins rostfarbene Prachtkleid machen sie zu einem besonderen Fotomotiv.<\/p>\t\t\t\t\t\t\t\t<\/div>\n\t\t\t\t<\/div>\n\t\t\t\t<\/div>\n\t\t<div class=\"elementor-element elementor-element-aee507c e-con-full e-flex e-con e-child\" data-id=\"aee507c\" data-element_type=\"container\" data-e-type=\"container\">\n\t\t\t\t<div class=\"elementor-element elementor-element-dd40791 elementor-widget elementor-widget-image\" data-id=\"dd40791\" data-element_type=\"widget\" data-e-type=\"widget\" data-widget_type=\"image.default\">\n\t\t\t\t<div class=\"elementor-widget-container\">\n\t\t\t\t\t\t\t\t\t\t\t\t\t\t\t<img loading=\"lazy\" decoding=\"async\" width=\"600\" height=\"409\" src=\"https:\/\/nature-fineart.com\/vogelfotografie-spanien\/wp-content\/uploads\/2026\/07\/Sichelstrandlaeufer-im-Wechsel-zum-rostfarbenen-Prachtkleid-in-Spanien-600x409.jpg\" class=\"attachment-medium size-medium wp-image-9682\" alt=\"\" srcset=\"https:\/\/nature-fineart.com\/vogelfotografie-spanien\/wp-content\/uploads\/2026\/07\/Sichelstrandlaeufer-im-Wechsel-zum-rostfarbenen-Prachtkleid-in-Spanien-600x409.jpg 600w, https:\/\/nature-fineart.com\/vogelfotografie-spanien\/wp-content\/uploads\/2026\/07\/Sichelstrandlaeufer-im-Wechsel-zum-rostfarbenen-Prachtkleid-in-Spanien-768x524.jpg 768w, https:\/\/nature-fineart.com\/vogelfotografie-spanien\/wp-content\/uploads\/2026\/07\/Sichelstrandlaeufer-im-Wechsel-zum-rostfarbenen-Prachtkleid-in-Spanien.jpg 1024w\" sizes=\"(max-width: 600px) 100vw, 600px\" \/>\t\t\t\t\t\t\t\t\t\t\t\t\t\t\t<\/div>\n\t\t\t\t<\/div>\n\t\t\t\t<\/div>\n\t\t\t\t<\/div>\n\t\t\t\t\t<\/div>\n\t\t\t\t<\/div>\n\t\t<div class=\"elementor-element elementor-element-72d6359 bird-item e-flex e-con-boxed e-con e-parent\" data-id=\"72d6359\" data-element_type=\"container\" data-e-type=\"container\">\n\t\t\t\t\t<div class=\"e-con-inner\">\n\t\t\t\t<div class=\"elementor-element elementor-element-75bafe9 elementor-widget elementor-widget-spacer\" data-id=\"75bafe9\" data-element_type=\"widget\" data-e-type=\"widget\" data-widget_type=\"spacer.default\">\n\t\t\t\t<div class=\"elementor-widget-container\">\n\t\t\t\t\t\t\t<div class=\"elementor-spacer\">\n\t\t\t<div class=\"elementor-spacer-inner\"><\/div>\n\t\t<\/div>\n\t\t\t\t\t\t<\/div>\n\t\t\t\t<\/div>\n\t\t<div class=\"elementor-element elementor-element-d1741ad e-con-full e-flex e-con e-child\" data-id=\"d1741ad\" data-element_type=\"container\" data-e-type=\"container\">\n\t\t\t\t<div class=\"elementor-element elementor-element-37586ac elementor-widget elementor-widget-tourmbutton\" data-id=\"37586ac\" data-element_type=\"widget\" data-e-type=\"widget\" data-widget_type=\"tourmbutton.default\">\n\t\t\t\t<div class=\"elementor-widget-container\">\n\t\t\t\t\t<div class=\"btn-wrapper\"><a class=\"th-btn th_btn th-icon \" href=\"https:\/\/nature-fineart.com\/vogelfotografie-spanien\/zwergstrandlaeufer\/\">Art entdecken<\/a><\/div>\t\t\t\t<\/div>\n\t\t\t\t<\/div>\n\t\t<div class=\"elementor-element elementor-element-dadfa51 e-con-full e-flex e-con e-child\" data-id=\"dadfa51\" data-element_type=\"container\" data-e-type=\"container\">\n\t\t\t\t<div class=\"elementor-element elementor-element-cc0d0db elementor-widget elementor-widget-text-editor\" data-id=\"cc0d0db\" data-element_type=\"widget\" data-e-type=\"widget\" data-widget_type=\"text-editor.default\">\n\t\t\t\t<div class=\"elementor-widget-container\">\n\t\t\t\t\t\t\t\t\t<p><strong>Zwergstrandl\u00e4ufer<\/strong>\u00a0\u2013 Klein, schnell und leicht zu \u00fcbersehen:<\/p><p>Der Zwergstrandl\u00e4ufer ist einer der kleinsten Strandl\u00e4ufer Europas. Erfahre mehr \u00fcber Lebensraum, Verhalten und praktische Tipps, um diesen schnellen Limikolen auf Augenh\u00f6he zu fotografieren.<\/p>\t\t\t\t\t\t\t\t<\/div>\n\t\t\t\t<\/div>\n\t\t\t\t<\/div>\n\t\t<div class=\"elementor-element elementor-element-b54205d e-con-full e-flex e-con e-child\" data-id=\"b54205d\" data-element_type=\"container\" data-e-type=\"container\">\n\t\t\t\t<div class=\"elementor-element elementor-element-fcd6cbe elementor-widget elementor-widget-image\" data-id=\"fcd6cbe\" data-element_type=\"widget\" data-e-type=\"widget\" data-widget_type=\"image.default\">\n\t\t\t\t<div class=\"elementor-widget-container\">\n\t\t\t\t\t\t\t\t\t\t\t\t\t\t\t<img loading=\"lazy\" decoding=\"async\" width=\"600\" height=\"400\" src=\"https:\/\/nature-fineart.com\/vogelfotografie-spanien\/wp-content\/uploads\/2026\/07\/Zwergstrandlaeufer-im-Profil-mit-aufmerksamem-Blick-zur-Kamera-600x400.jpg\" class=\"attachment-medium size-medium wp-image-9849\" alt=\"\" srcset=\"https:\/\/nature-fineart.com\/vogelfotografie-spanien\/wp-content\/uploads\/2026\/07\/Zwergstrandlaeufer-im-Profil-mit-aufmerksamem-Blick-zur-Kamera-600x400.jpg 600w, https:\/\/nature-fineart.com\/vogelfotografie-spanien\/wp-content\/uploads\/2026\/07\/Zwergstrandlaeufer-im-Profil-mit-aufmerksamem-Blick-zur-Kamera-768x512.jpg 768w, https:\/\/nature-fineart.com\/vogelfotografie-spanien\/wp-content\/uploads\/2026\/07\/Zwergstrandlaeufer-im-Profil-mit-aufmerksamem-Blick-zur-Kamera.jpg 1024w\" sizes=\"(max-width: 600px) 100vw, 600px\" \/>\t\t\t\t\t\t\t\t\t\t\t\t\t\t\t<\/div>\n\t\t\t\t<\/div>\n\t\t\t\t<\/div>\n\t\t\t\t<\/div>\n\t\t\t\t\t<\/div>\n\t\t\t\t<\/div>\n\t\t<div class=\"elementor-element elementor-element-19c3cb6 bird-item e-flex e-con-boxed e-con e-parent\" data-id=\"19c3cb6\" data-element_type=\"container\" data-e-type=\"container\">\n\t\t\t\t\t<div class=\"e-con-inner\">\n\t\t\t\t<div class=\"elementor-element elementor-element-a552b5a elementor-widget elementor-widget-spacer\" data-id=\"a552b5a\" data-element_type=\"widget\" data-e-type=\"widget\" data-widget_type=\"spacer.default\">\n\t\t\t\t<div class=\"elementor-widget-container\">\n\t\t\t\t\t\t\t<div class=\"elementor-spacer\">\n\t\t\t<div class=\"elementor-spacer-inner\"><\/div>\n\t\t<\/div>\n\t\t\t\t\t\t<\/div>\n\t\t\t\t<\/div>\n\t\t<div class=\"elementor-element elementor-element-1155137 e-con-full e-flex e-con e-child\" data-id=\"1155137\" data-element_type=\"container\" data-e-type=\"container\">\n\t\t\t\t<div class=\"elementor-element elementor-element-ba4ca20 elementor-widget elementor-widget-tourmbutton\" data-id=\"ba4ca20\" data-element_type=\"widget\" data-e-type=\"widget\" data-widget_type=\"tourmbutton.default\">\n\t\t\t\t<div class=\"elementor-widget-container\">\n\t\t\t\t\t<div class=\"btn-wrapper\"><a class=\"th-btn th_btn th-icon \" href=\"https:\/\/nature-fineart.com\/vogelfotografie-spanien\/rotschenkel\/\">Art entdecken<\/a><\/div>\t\t\t\t<\/div>\n\t\t\t\t<\/div>\n\t\t<div class=\"elementor-element elementor-element-6b54068 e-con-full e-flex e-con e-child\" data-id=\"6b54068\" data-element_type=\"container\" data-e-type=\"container\">\n\t\t\t\t<div class=\"elementor-element elementor-element-f8a3fd4 elementor-widget elementor-widget-text-editor\" data-id=\"f8a3fd4\" data-element_type=\"widget\" data-e-type=\"widget\" data-widget_type=\"text-editor.default\">\n\t\t\t\t<div class=\"elementor-widget-container\">\n\t\t\t\t\t\t\t\t\t<p><strong>Rotschenkel<\/strong> \u2013 auff\u00e4llige Beine an Spaniens Gew\u00e4ssern:<\/p><p>Der Rotschenkel f\u00e4llt durch seine orange-roten Beine und die r\u00f6tliche Schnabelbasis auf. In Spaniens Feuchtgebieten l\u00e4sst er sich bei der Nahrungssuche, beim Rasten und w\u00e4hrend des Vogelzugs beobachten und fotografieren.<\/p>\t\t\t\t\t\t\t\t<\/div>\n\t\t\t\t<\/div>\n\t\t\t\t<\/div>\n\t\t<div class=\"elementor-element elementor-element-d2a7bab e-con-full e-flex e-con e-child\" data-id=\"d2a7bab\" data-element_type=\"container\" data-e-type=\"container\">\n\t\t\t\t<div class=\"elementor-element elementor-element-372b893 elementor-widget elementor-widget-image\" data-id=\"372b893\" data-element_type=\"widget\" data-e-type=\"widget\" data-widget_type=\"image.default\">\n\t\t\t\t<div class=\"elementor-widget-container\">\n\t\t\t\t\t\t\t\t\t\t\t\t\t\t\t<img loading=\"lazy\" decoding=\"async\" width=\"600\" height=\"430\" src=\"https:\/\/nature-fineart.com\/vogelfotografie-spanien\/wp-content\/uploads\/2026\/09\/Rotschenkel-an-einem-Feuchtgebiet-in-Spanien-600x430.jpg\" class=\"attachment-medium size-medium wp-image-10728\" alt=\"Rotschenkel an einem Feuchtgebiet in Spanien\" srcset=\"https:\/\/nature-fineart.com\/vogelfotografie-spanien\/wp-content\/uploads\/2026\/09\/Rotschenkel-an-einem-Feuchtgebiet-in-Spanien-600x430.jpg 600w, https:\/\/nature-fineart.com\/vogelfotografie-spanien\/wp-content\/uploads\/2026\/09\/Rotschenkel-an-einem-Feuchtgebiet-in-Spanien-768x551.jpg 768w, https:\/\/nature-fineart.com\/vogelfotografie-spanien\/wp-content\/uploads\/2026\/09\/Rotschenkel-an-einem-Feuchtgebiet-in-Spanien.jpg 1024w\" sizes=\"(max-width: 600px) 100vw, 600px\" \/>\t\t\t\t\t\t\t\t\t\t\t\t\t\t\t<\/div>\n\t\t\t\t<\/div>\n\t\t\t\t<\/div>\n\t\t\t\t<\/div>\n\t\t\t\t\t<\/div>\n\t\t\t\t<\/div>\n\t\t<div class=\"elementor-element elementor-element-e089f09 bird-item e-flex e-con-boxed e-con e-parent\" data-id=\"e089f09\" data-element_type=\"container\" data-e-type=\"container\">\n\t\t\t\t\t<div class=\"e-con-inner\">\n\t\t\t\t<div class=\"elementor-element elementor-element-c7c8c30 elementor-widget elementor-widget-spacer\" data-id=\"c7c8c30\" data-element_type=\"widget\" data-e-type=\"widget\" data-widget_type=\"spacer.default\">\n\t\t\t\t<div class=\"elementor-widget-container\">\n\t\t\t\t\t\t\t<div class=\"elementor-spacer\">\n\t\t\t<div class=\"elementor-spacer-inner\"><\/div>\n\t\t<\/div>\n\t\t\t\t\t\t<\/div>\n\t\t\t\t<\/div>\n\t\t<div class=\"elementor-element elementor-element-a111350 e-con-full e-flex e-con e-child\" data-id=\"a111350\" data-element_type=\"container\" data-e-type=\"container\">\n\t\t\t\t<div class=\"elementor-element elementor-element-5c1d903 elementor-widget elementor-widget-tourmbutton\" data-id=\"5c1d903\" data-element_type=\"widget\" data-e-type=\"widget\" data-widget_type=\"tourmbutton.default\">\n\t\t\t\t<div class=\"elementor-widget-container\">\n\t\t\t\t\t<div class=\"btn-wrapper\"><a class=\"th-btn th_btn th-icon \" href=\"https:\/\/nature-fineart.com\/vogelfotografie-spanien\/gruenschenkel\/\">Art entdecken<\/a><\/div>\t\t\t\t<\/div>\n\t\t\t\t<\/div>\n\t\t<div class=\"elementor-element elementor-element-ad168fb e-con-full e-flex e-con e-child\" data-id=\"ad168fb\" data-element_type=\"container\" data-e-type=\"container\">\n\t\t\t\t<div class=\"elementor-element elementor-element-f82f20b elementor-widget elementor-widget-text-editor\" data-id=\"f82f20b\" data-element_type=\"widget\" data-e-type=\"widget\" data-widget_type=\"text-editor.default\">\n\t\t\t\t<div class=\"elementor-widget-container\">\n\t\t\t\t\t\t\t\t\t<p><strong>Gr\u00fcnschenkel<\/strong> \u2013 langbeiniger Gast an Spaniens Gew\u00e4ssern:<\/p><p>Der Gr\u00fcnschenkel ist in Spanien vor allem Durchz\u00fcgler und Wintergast. An K\u00fcsten, Lagunen und Binnengew\u00e4ssern l\u00e4sst sich der langbeinige Limikole bei der Nahrungssuche, beim Rasten und gelegentlich in kleinen Gruppen beobachten.<\/p>\t\t\t\t\t\t\t\t<\/div>\n\t\t\t\t<\/div>\n\t\t\t\t<\/div>\n\t\t<div class=\"elementor-element elementor-element-29c27fc e-con-full e-flex e-con e-child\" data-id=\"29c27fc\" data-element_type=\"container\" data-e-type=\"container\">\n\t\t\t\t<div class=\"elementor-element elementor-element-b23aac3 elementor-widget elementor-widget-image\" data-id=\"b23aac3\" data-element_type=\"widget\" data-e-type=\"widget\" data-widget_type=\"image.default\">\n\t\t\t\t<div class=\"elementor-widget-container\">\n\t\t\t\t\t\t\t\t\t\t\t\t\t\t\t<img loading=\"lazy\" decoding=\"async\" width=\"600\" height=\"421\" src=\"https:\/\/nature-fineart.com\/vogelfotografie-spanien\/wp-content\/uploads\/2026\/09\/Gruenschenkel-im-Schlick-eines-Feuchtgebietes-in-Spanien-600x421.jpg\" class=\"attachment-medium size-medium wp-image-10707\" alt=\"Gr\u00fcnschenkel im Schlick eines Feuchtgebietes in Spanien\" srcset=\"https:\/\/nature-fineart.com\/vogelfotografie-spanien\/wp-content\/uploads\/2026\/09\/Gruenschenkel-im-Schlick-eines-Feuchtgebietes-in-Spanien-600x421.jpg 600w, https:\/\/nature-fineart.com\/vogelfotografie-spanien\/wp-content\/uploads\/2026\/09\/Gruenschenkel-im-Schlick-eines-Feuchtgebietes-in-Spanien-768x539.jpg 768w, https:\/\/nature-fineart.com\/vogelfotografie-spanien\/wp-content\/uploads\/2026\/09\/Gruenschenkel-im-Schlick-eines-Feuchtgebietes-in-Spanien.jpg 1024w\" sizes=\"(max-width: 600px) 100vw, 600px\" \/>\t\t\t\t\t\t\t\t\t\t\t\t\t\t\t<\/div>\n\t\t\t\t<\/div>\n\t\t\t\t<\/div>\n\t\t\t\t<\/div>\n\t\t\t\t\t<\/div>\n\t\t\t\t<\/div>\n\t\t<div class=\"elementor-element elementor-element-339dfd2 bird-item e-flex e-con-boxed e-con e-parent\" data-id=\"339dfd2\" data-element_type=\"container\" data-e-type=\"container\">\n\t\t\t\t\t<div class=\"e-con-inner\">\n\t\t\t\t<div class=\"elementor-element elementor-element-33446da elementor-widget elementor-widget-spacer\" data-id=\"33446da\" data-element_type=\"widget\" data-e-type=\"widget\" data-widget_type=\"spacer.default\">\n\t\t\t\t<div class=\"elementor-widget-container\">\n\t\t\t\t\t\t\t<div class=\"elementor-spacer\">\n\t\t\t<div class=\"elementor-spacer-inner\"><\/div>\n\t\t<\/div>\n\t\t\t\t\t\t<\/div>\n\t\t\t\t<\/div>\n\t\t<div class=\"elementor-element elementor-element-19b450b e-con-full e-flex e-con e-child\" data-id=\"19b450b\" data-element_type=\"container\" data-e-type=\"container\">\n\t\t\t\t<div class=\"elementor-element elementor-element-2f8098f elementor-widget elementor-widget-tourmbutton\" data-id=\"2f8098f\" data-element_type=\"widget\" data-e-type=\"widget\" data-widget_type=\"tourmbutton.default\">\n\t\t\t\t<div class=\"elementor-widget-container\">\n\t\t\t\t\t<div class=\"btn-wrapper\"><a class=\"th-btn th_btn th-icon \" href=\"https:\/\/nature-fineart.com\/vogelfotografie-spanien\/bruchwasserlaeufer\/\">Art entdecken<\/a><\/div>\t\t\t\t<\/div>\n\t\t\t\t<\/div>\n\t\t<div class=\"elementor-element elementor-element-d7b2d17 e-con-full e-flex e-con e-child\" data-id=\"d7b2d17\" data-element_type=\"container\" data-e-type=\"container\">\n\t\t\t\t<div class=\"elementor-element elementor-element-46edabe elementor-widget elementor-widget-text-editor\" data-id=\"46edabe\" data-element_type=\"widget\" data-e-type=\"widget\" data-widget_type=\"text-editor.default\">\n\t\t\t\t<div class=\"elementor-widget-container\">\n\t\t\t\t\t\t\t\t\t<p><strong>Bruchwasserl\u00e4ufer<\/strong> \u2013 Die elegante Limikole:<\/p><p>Der Bruchwasserl\u00e4ufer ist eine spannende Limikole der Feuchtgebiete. Mit seiner eleganten Erscheinung, den gelblichen Beinen und seinem aktiven Verhalten bietet er interessante Motive f\u00fcr die Naturfotografie.<\/p>\t\t\t\t\t\t\t\t<\/div>\n\t\t\t\t<\/div>\n\t\t\t\t<\/div>\n\t\t<div class=\"elementor-element elementor-element-4195f34 e-con-full e-flex e-con e-child\" data-id=\"4195f34\" data-element_type=\"container\" data-e-type=\"container\">\n\t\t\t\t<div class=\"elementor-element elementor-element-67d03b7 elementor-widget elementor-widget-image\" data-id=\"67d03b7\" data-element_type=\"widget\" data-e-type=\"widget\" data-widget_type=\"image.default\">\n\t\t\t\t<div class=\"elementor-widget-container\">\n\t\t\t\t\t\t\t\t\t\t\t\t\t\t\t<img loading=\"lazy\" decoding=\"async\" width=\"600\" height=\"400\" src=\"https:\/\/nature-fineart.com\/vogelfotografie-spanien\/wp-content\/uploads\/2026\/06\/Bruchwasserlaeufer-fotografieren-600x400.jpg\" class=\"attachment-medium size-medium wp-image-8714\" alt=\"\" srcset=\"https:\/\/nature-fineart.com\/vogelfotografie-spanien\/wp-content\/uploads\/2026\/06\/Bruchwasserlaeufer-fotografieren-600x400.jpg 600w, https:\/\/nature-fineart.com\/vogelfotografie-spanien\/wp-content\/uploads\/2026\/06\/Bruchwasserlaeufer-fotografieren-768x512.jpg 768w, https:\/\/nature-fineart.com\/vogelfotografie-spanien\/wp-content\/uploads\/2026\/06\/Bruchwasserlaeufer-fotografieren.jpg 1024w\" sizes=\"(max-width: 600px) 100vw, 600px\" \/>\t\t\t\t\t\t\t\t\t\t\t\t\t\t\t<\/div>\n\t\t\t\t<\/div>\n\t\t\t\t<\/div>\n\t\t\t\t<\/div>\n\t\t\t\t\t<\/div>\n\t\t\t\t<\/div>\n\t\t<div class=\"elementor-element elementor-element-006e361 bird-item e-flex e-con-boxed e-con e-parent\" data-id=\"006e361\" data-element_type=\"container\" data-e-type=\"container\">\n\t\t\t\t\t<div class=\"e-con-inner\">\n\t\t\t\t<div class=\"elementor-element elementor-element-a8675fd elementor-widget elementor-widget-spacer\" data-id=\"a8675fd\" data-element_type=\"widget\" data-e-type=\"widget\" data-widget_type=\"spacer.default\">\n\t\t\t\t<div class=\"elementor-widget-container\">\n\t\t\t\t\t\t\t<div class=\"elementor-spacer\">\n\t\t\t<div class=\"elementor-spacer-inner\"><\/div>\n\t\t<\/div>\n\t\t\t\t\t\t<\/div>\n\t\t\t\t<\/div>\n\t\t<div class=\"elementor-element elementor-element-b3860b4 e-con-full e-flex e-con e-child\" data-id=\"b3860b4\" data-element_type=\"container\" data-e-type=\"container\">\n\t\t\t\t<div class=\"elementor-element elementor-element-f71c13b elementor-widget elementor-widget-tourmbutton\" data-id=\"f71c13b\" data-element_type=\"widget\" data-e-type=\"widget\" data-widget_type=\"tourmbutton.default\">\n\t\t\t\t<div class=\"elementor-widget-container\">\n\t\t\t\t\t<div class=\"btn-wrapper\"><a class=\"th-btn th_btn th-icon \" href=\"https:\/\/nature-fineart.com\/vogelfotografie-spanien\/waldwasserlaeufer\/\">Art entdecken<\/a><\/div>\t\t\t\t<\/div>\n\t\t\t\t<\/div>\n\t\t<div class=\"elementor-element elementor-element-6ee8d97 e-con-full e-flex e-con e-child\" data-id=\"6ee8d97\" data-element_type=\"container\" data-e-type=\"container\">\n\t\t\t\t<div class=\"elementor-element elementor-element-af38872 elementor-widget elementor-widget-text-editor\" data-id=\"af38872\" data-element_type=\"widget\" data-e-type=\"widget\" data-widget_type=\"text-editor.default\">\n\t\t\t\t<div class=\"elementor-widget-container\">\n\t\t\t\t\t\t\t\t\t<p><strong>Waldwasserl\u00e4ufer<\/strong> \u2013 rastlos unterwegs an Spaniens Gew\u00e4ssern:<\/p><p>Der Waldwasserl\u00e4ufer ist in Spanien vor allem Durchz\u00fcgler und Wintergast. An flachen Binnengew\u00e4ssern l\u00e4sst sich der dunkel gef\u00e4rbte Limikole bei der aktiven Nahrungssuche beobachten und fotografieren.<\/p>\t\t\t\t\t\t\t\t<\/div>\n\t\t\t\t<\/div>\n\t\t\t\t<\/div>\n\t\t<div class=\"elementor-element elementor-element-94dab22 e-con-full e-flex e-con e-child\" data-id=\"94dab22\" data-element_type=\"container\" data-e-type=\"container\">\n\t\t\t\t<div class=\"elementor-element elementor-element-9ab502d elementor-widget elementor-widget-image\" data-id=\"9ab502d\" data-element_type=\"widget\" data-e-type=\"widget\" data-widget_type=\"image.default\">\n\t\t\t\t<div class=\"elementor-widget-container\">\n\t\t\t\t\t\t\t\t\t\t\t\t\t\t\t<img loading=\"lazy\" decoding=\"async\" width=\"600\" height=\"400\" src=\"https:\/\/nature-fineart.com\/vogelfotografie-spanien\/wp-content\/uploads\/2026\/08\/Waldwasserlaeufer-in-einer-flachen-Lagune-in-Spanien-600x400.jpg\" class=\"attachment-medium size-medium wp-image-10691\" alt=\"Waldwasserl\u00e4ufer in einer flachen Lagune in Spanien\" srcset=\"https:\/\/nature-fineart.com\/vogelfotografie-spanien\/wp-content\/uploads\/2026\/08\/Waldwasserlaeufer-in-einer-flachen-Lagune-in-Spanien-600x400.jpg 600w, https:\/\/nature-fineart.com\/vogelfotografie-spanien\/wp-content\/uploads\/2026\/08\/Waldwasserlaeufer-in-einer-flachen-Lagune-in-Spanien-768x512.jpg 768w, https:\/\/nature-fineart.com\/vogelfotografie-spanien\/wp-content\/uploads\/2026\/08\/Waldwasserlaeufer-in-einer-flachen-Lagune-in-Spanien.jpg 1024w\" sizes=\"(max-width: 600px) 100vw, 600px\" \/>\t\t\t\t\t\t\t\t\t\t\t\t\t\t\t<\/div>\n\t\t\t\t<\/div>\n\t\t\t\t<\/div>\n\t\t\t\t<\/div>\n\t\t\t\t\t<\/div>\n\t\t\t\t<\/div>\n\t\t<div class=\"elementor-element elementor-element-fba2ff2 bird-item e-flex e-con-boxed e-con e-parent\" data-id=\"fba2ff2\" data-element_type=\"container\" data-e-type=\"container\">\n\t\t\t\t\t<div class=\"e-con-inner\">\n\t\t\t\t<div class=\"elementor-element elementor-element-172dc67 elementor-widget elementor-widget-spacer\" data-id=\"172dc67\" data-element_type=\"widget\" data-e-type=\"widget\" data-widget_type=\"spacer.default\">\n\t\t\t\t<div class=\"elementor-widget-container\">\n\t\t\t\t\t\t\t<div class=\"elementor-spacer\">\n\t\t\t<div class=\"elementor-spacer-inner\"><\/div>\n\t\t<\/div>\n\t\t\t\t\t\t<\/div>\n\t\t\t\t<\/div>\n\t\t<div class=\"elementor-element elementor-element-8a2394a e-con-full e-flex e-con e-child\" data-id=\"8a2394a\" data-element_type=\"container\" data-e-type=\"container\">\n\t\t\t\t<div class=\"elementor-element elementor-element-cfe8e04 elementor-widget elementor-widget-tourmbutton\" data-id=\"cfe8e04\" data-element_type=\"widget\" data-e-type=\"widget\" data-widget_type=\"tourmbutton.default\">\n\t\t\t\t<div class=\"elementor-widget-container\">\n\t\t\t\t\t<div class=\"btn-wrapper\"><a class=\"th-btn th_btn th-icon \" href=\"https:\/\/nature-fineart.com\/vogelfotografie-spanien\/flussuferlaeufer\/\">Art entdecken<\/a><\/div>\t\t\t\t<\/div>\n\t\t\t\t<\/div>\n\t\t<div class=\"elementor-element elementor-element-f161288 e-con-full e-flex e-con e-child\" data-id=\"f161288\" data-element_type=\"container\" data-e-type=\"container\">\n\t\t\t\t<div class=\"elementor-element elementor-element-418c59f elementor-widget elementor-widget-text-editor\" data-id=\"418c59f\" data-element_type=\"widget\" data-e-type=\"widget\" data-widget_type=\"text-editor.default\">\n\t\t\t\t<div class=\"elementor-widget-container\">\n\t\t\t\t\t\t\t\t\t<p><strong>Flussuferl\u00e4ufer<\/strong> \u2013 kleiner L\u00e4ufer an Spaniens Gew\u00e4ssern:<\/p><p>Der kleine Flussuferl\u00e4ufer ist an Fl\u00fcssen, Lagunen und K\u00fcstengew\u00e4ssern Spaniens zu beobachten. Seine niedrige K\u00f6rperhaltung, die gute Tarnung und die schnelle Nahrungssuche machen ihn zu einem spannenden Motiv f\u00fcr die Vogelfotografie.<\/p>\t\t\t\t\t\t\t\t<\/div>\n\t\t\t\t<\/div>\n\t\t\t\t<\/div>\n\t\t<div class=\"elementor-element elementor-element-155bcd5 e-con-full e-flex e-con e-child\" data-id=\"155bcd5\" data-element_type=\"container\" data-e-type=\"container\">\n\t\t\t\t<div class=\"elementor-element elementor-element-1830c84 elementor-widget elementor-widget-image\" data-id=\"1830c84\" data-element_type=\"widget\" data-e-type=\"widget\" data-widget_type=\"image.default\">\n\t\t\t\t<div class=\"elementor-widget-container\">\n\t\t\t\t\t\t\t\t\t\t\t\t\t\t\t<img loading=\"lazy\" decoding=\"async\" width=\"600\" height=\"401\" src=\"https:\/\/nature-fineart.com\/vogelfotografie-spanien\/wp-content\/uploads\/2026\/08\/Flussuferlaeufer-aus-niedriger-Perspektive-an-einem-Gewaesser-in-Spanien-600x401.jpg\" class=\"attachment-medium size-medium wp-image-10674\" alt=\"Flussuferl\u00e4ufer aus niedriger Perspektive an einem Gew\u00e4sser in Spanien\" srcset=\"https:\/\/nature-fineart.com\/vogelfotografie-spanien\/wp-content\/uploads\/2026\/08\/Flussuferlaeufer-aus-niedriger-Perspektive-an-einem-Gewaesser-in-Spanien-600x401.jpg 600w, https:\/\/nature-fineart.com\/vogelfotografie-spanien\/wp-content\/uploads\/2026\/08\/Flussuferlaeufer-aus-niedriger-Perspektive-an-einem-Gewaesser-in-Spanien-768x513.jpg 768w, https:\/\/nature-fineart.com\/vogelfotografie-spanien\/wp-content\/uploads\/2026\/08\/Flussuferlaeufer-aus-niedriger-Perspektive-an-einem-Gewaesser-in-Spanien.jpg 1024w\" sizes=\"(max-width: 600px) 100vw, 600px\" \/>\t\t\t\t\t\t\t\t\t\t\t\t\t\t\t<\/div>\n\t\t\t\t<\/div>\n\t\t\t\t<\/div>\n\t\t\t\t<\/div>\n\t\t\t\t\t<\/div>\n\t\t\t\t<\/div>\n\t\t<div class=\"elementor-element elementor-element-08eb5d7 bird-item e-flex e-con-boxed e-con e-parent\" data-id=\"08eb5d7\" data-element_type=\"container\" data-e-type=\"container\">\n\t\t\t\t\t<div class=\"e-con-inner\">\n\t\t\t\t<div class=\"elementor-element elementor-element-302cc92 elementor-widget elementor-widget-spacer\" data-id=\"302cc92\" data-element_type=\"widget\" data-e-type=\"widget\" data-widget_type=\"spacer.default\">\n\t\t\t\t<div class=\"elementor-widget-container\">\n\t\t\t\t\t\t\t<div class=\"elementor-spacer\">\n\t\t\t<div class=\"elementor-spacer-inner\"><\/div>\n\t\t<\/div>\n\t\t\t\t\t\t<\/div>\n\t\t\t\t<\/div>\n\t\t<div class=\"elementor-element elementor-element-5e06f86 e-con-full e-flex e-con e-child\" data-id=\"5e06f86\" data-element_type=\"container\" data-e-type=\"container\">\n\t\t\t\t<div class=\"elementor-element elementor-element-f48c10d elementor-widget elementor-widget-tourmbutton\" data-id=\"f48c10d\" data-element_type=\"widget\" data-e-type=\"widget\" data-widget_type=\"tourmbutton.default\">\n\t\t\t\t<div class=\"elementor-widget-container\">\n\t\t\t\t\t<div class=\"btn-wrapper\"><a class=\"th-btn th_btn th-icon \" href=\"https:\/\/nature-fineart.com\/vogelfotografie-spanien\/steinwaelzer\/\">Art entdecken<\/a><\/div>\t\t\t\t<\/div>\n\t\t\t\t<\/div>\n\t\t<div class=\"elementor-element elementor-element-c17b7cf e-con-full e-flex e-con e-child\" data-id=\"c17b7cf\" data-element_type=\"container\" data-e-type=\"container\">\n\t\t\t\t<div class=\"elementor-element elementor-element-62bfeae elementor-widget elementor-widget-text-editor\" data-id=\"62bfeae\" data-element_type=\"widget\" data-e-type=\"widget\" data-widget_type=\"text-editor.default\">\n\t\t\t\t<div class=\"elementor-widget-container\">\n\t\t\t\t\t\t\t\t\t<p><strong>Steinw\u00e4lzer<\/strong> \u2013 aktiver Watvogel mit besonderer Futtersuchtechnik:<\/p><p>Steinw\u00e4lzer suchen zwischen Sand, Steinen und angeschwemmten Pflanzenresten nach Nahrung. Ihr kontrastreiches Gefieder und ihr lebhaftes Verhalten machen sie zu spannenden Fotomotiven.<\/p>\t\t\t\t\t\t\t\t<\/div>\n\t\t\t\t<\/div>\n\t\t\t\t<\/div>\n\t\t<div class=\"elementor-element elementor-element-26ff7aa e-con-full e-flex e-con e-child\" data-id=\"26ff7aa\" data-element_type=\"container\" data-e-type=\"container\">\n\t\t\t\t<div class=\"elementor-element elementor-element-840c4b8 elementor-widget elementor-widget-image\" data-id=\"840c4b8\" data-element_type=\"widget\" data-e-type=\"widget\" data-widget_type=\"image.default\">\n\t\t\t\t<div class=\"elementor-widget-container\">\n\t\t\t\t\t\t\t\t\t\t\t\t\t\t\t<img loading=\"lazy\" decoding=\"async\" width=\"600\" height=\"430\" src=\"https:\/\/nature-fineart.com\/vogelfotografie-spanien\/wp-content\/uploads\/2026\/07\/Vier-Steinwaelzer-am-Strand-von-denen-ein-Vogel-aufmerksam-in-die-Kamera-blickt-600x430.jpg\" class=\"attachment-medium size-medium wp-image-9701\" alt=\"\" srcset=\"https:\/\/nature-fineart.com\/vogelfotografie-spanien\/wp-content\/uploads\/2026\/07\/Vier-Steinwaelzer-am-Strand-von-denen-ein-Vogel-aufmerksam-in-die-Kamera-blickt-600x430.jpg 600w, https:\/\/nature-fineart.com\/vogelfotografie-spanien\/wp-content\/uploads\/2026\/07\/Vier-Steinwaelzer-am-Strand-von-denen-ein-Vogel-aufmerksam-in-die-Kamera-blickt-768x551.jpg 768w, https:\/\/nature-fineart.com\/vogelfotografie-spanien\/wp-content\/uploads\/2026\/07\/Vier-Steinwaelzer-am-Strand-von-denen-ein-Vogel-aufmerksam-in-die-Kamera-blickt.jpg 1024w\" sizes=\"(max-width: 600px) 100vw, 600px\" \/>\t\t\t\t\t\t\t\t\t\t\t\t\t\t\t<\/div>\n\t\t\t\t<\/div>\n\t\t\t\t<\/div>\n\t\t\t\t<\/div>\n\t\t\t\t\t<\/div>\n\t\t\t\t<\/div>\n\t\t<div class=\"elementor-element elementor-element-466b16c bird-item e-flex e-con-boxed e-con e-parent\" data-id=\"466b16c\" data-element_type=\"container\" data-e-type=\"container\">\n\t\t\t\t\t<div class=\"e-con-inner\">\n\t\t\t\t<div class=\"elementor-element elementor-element-6b885ab elementor-widget elementor-widget-spacer\" data-id=\"6b885ab\" data-element_type=\"widget\" data-e-type=\"widget\" data-widget_type=\"spacer.default\">\n\t\t\t\t<div class=\"elementor-widget-container\">\n\t\t\t\t\t\t\t<div class=\"elementor-spacer\">\n\t\t\t<div class=\"elementor-spacer-inner\"><\/div>\n\t\t<\/div>\n\t\t\t\t\t\t<\/div>\n\t\t\t\t<\/div>\n\t\t<div class=\"elementor-element elementor-element-a7a8ec4 e-con-full e-flex e-con e-child\" data-id=\"a7a8ec4\" data-element_type=\"container\" data-e-type=\"container\">\n\t\t\t\t<div class=\"elementor-element elementor-element-18602e9 elementor-widget elementor-widget-tourmbutton\" data-id=\"18602e9\" data-element_type=\"widget\" data-e-type=\"widget\" data-widget_type=\"tourmbutton.default\">\n\t\t\t\t<div class=\"elementor-widget-container\">\n\t\t\t\t\t<div class=\"btn-wrapper\"><a class=\"th-btn th_btn th-icon \" href=\"https:\/\/nature-fineart.com\/vogelfotografie-spanien\/bekassine\/\">Art entdecken<\/a><\/div>\t\t\t\t<\/div>\n\t\t\t\t<\/div>\n\t\t<div class=\"elementor-element elementor-element-4700dbf e-con-full e-flex e-con e-child\" data-id=\"4700dbf\" data-element_type=\"container\" data-e-type=\"container\">\n\t\t\t\t<div class=\"elementor-element elementor-element-4bf81e0 elementor-widget elementor-widget-text-editor\" data-id=\"4bf81e0\" data-element_type=\"widget\" data-e-type=\"widget\" data-widget_type=\"text-editor.default\">\n\t\t\t\t<div class=\"elementor-widget-container\">\n\t\t\t\t\t\t\t\t\t<p><strong>Bekassine <\/strong>\u2013 Meisterin der Feuchtwiesen:<\/p><p>Mit ihrem langen Schnabel, perfekter Tarnung und spannenden Begegnungen z\u00e4hlt die Bekassine zu den faszinierendsten Limikolen der Naturfotografie.<\/p>\t\t\t\t\t\t\t\t<\/div>\n\t\t\t\t<\/div>\n\t\t\t\t<\/div>\n\t\t<div class=\"elementor-element elementor-element-6bbafd6 e-con-full e-flex e-con e-child\" data-id=\"6bbafd6\" data-element_type=\"container\" data-e-type=\"container\">\n\t\t\t\t<div class=\"elementor-element elementor-element-1a2fbc5 elementor-widget elementor-widget-image\" data-id=\"1a2fbc5\" data-element_type=\"widget\" data-e-type=\"widget\" data-widget_type=\"image.default\">\n\t\t\t\t<div class=\"elementor-widget-container\">\n\t\t\t\t\t\t\t\t\t\t\t\t\t\t\t<img loading=\"lazy\" decoding=\"async\" width=\"600\" height=\"400\" src=\"https:\/\/nature-fineart.com\/vogelfotografie-spanien\/wp-content\/uploads\/2026\/06\/Bekassine-Portraet-600x400.jpg\" class=\"attachment-medium size-medium wp-image-8695\" alt=\"\" srcset=\"https:\/\/nature-fineart.com\/vogelfotografie-spanien\/wp-content\/uploads\/2026\/06\/Bekassine-Portraet-600x400.jpg 600w, https:\/\/nature-fineart.com\/vogelfotografie-spanien\/wp-content\/uploads\/2026\/06\/Bekassine-Portraet-768x512.jpg 768w, https:\/\/nature-fineart.com\/vogelfotografie-spanien\/wp-content\/uploads\/2026\/06\/Bekassine-Portraet.jpg 1024w\" sizes=\"(max-width: 600px) 100vw, 600px\" \/>\t\t\t\t\t\t\t\t\t\t\t\t\t\t\t<\/div>\n\t\t\t\t<\/div>\n\t\t\t\t<\/div>\n\t\t\t\t<\/div>\n\t\t\t\t\t<\/div>\n\t\t\t\t<\/div>\n\t\t<div class=\"elementor-element elementor-element-3710ec8 bird-item e-flex e-con-boxed e-con e-parent\" data-id=\"3710ec8\" data-element_type=\"container\" data-e-type=\"container\">\n\t\t\t\t\t<div class=\"e-con-inner\">\n\t\t\t\t<div class=\"elementor-element elementor-element-965ea8a elementor-widget elementor-widget-spacer\" data-id=\"965ea8a\" data-element_type=\"widget\" data-e-type=\"widget\" data-widget_type=\"spacer.default\">\n\t\t\t\t<div class=\"elementor-widget-container\">\n\t\t\t\t\t\t\t<div class=\"elementor-spacer\">\n\t\t\t<div class=\"elementor-spacer-inner\"><\/div>\n\t\t<\/div>\n\t\t\t\t\t\t<\/div>\n\t\t\t\t<\/div>\n\t\t<div class=\"elementor-element elementor-element-2104b1c e-con-full e-flex e-con e-child\" data-id=\"2104b1c\" data-element_type=\"container\" data-e-type=\"container\">\n\t\t\t\t<div class=\"elementor-element elementor-element-0eaefb7 elementor-widget elementor-widget-tourmbutton\" data-id=\"0eaefb7\" data-element_type=\"widget\" data-e-type=\"widget\" data-widget_type=\"tourmbutton.default\">\n\t\t\t\t<div class=\"elementor-widget-container\">\n\t\t\t\t\t<div class=\"btn-wrapper\"><a class=\"th-btn th_btn th-icon \" href=\"https:\/\/nature-fineart.com\/vogelfotografie-spanien\/stelzenlaeufer\/\">Art entdecken<\/a><\/div>\t\t\t\t<\/div>\n\t\t\t\t<\/div>\n\t\t<div class=\"elementor-element elementor-element-093c04a e-con-full e-flex e-con e-child\" data-id=\"093c04a\" data-element_type=\"container\" data-e-type=\"container\">\n\t\t\t\t<div class=\"elementor-element elementor-element-bde3cc2 elementor-widget elementor-widget-text-editor\" data-id=\"bde3cc2\" data-element_type=\"widget\" data-e-type=\"widget\" data-widget_type=\"text-editor.default\">\n\t\t\t\t<div class=\"elementor-widget-container\">\n\t\t\t\t\t\t\t\t\t<p><strong>Stelzenl\u00e4ufer<\/strong> \u2013 Eleganz im Flachwasser:<\/p><p>Zwischen flachen Gew\u00e4ssern und offenen Uferzonen zeigt sich der Stelzenl\u00e4ufer mit seinen auffallend langen rosafarbenen Beinen und seiner eleganten Erscheinung. Besonders auf Augenh\u00f6he entstehen eindrucksvolle Aufnahmen dieses charakteristischen Watvogels.<\/p>\t\t\t\t\t\t\t\t<\/div>\n\t\t\t\t<\/div>\n\t\t\t\t<\/div>\n\t\t<div class=\"elementor-element elementor-element-77fa151 e-con-full e-flex e-con e-child\" data-id=\"77fa151\" data-element_type=\"container\" data-e-type=\"container\">\n\t\t\t\t<div class=\"elementor-element elementor-element-b86359f elementor-widget elementor-widget-image\" data-id=\"b86359f\" data-element_type=\"widget\" data-e-type=\"widget\" data-widget_type=\"image.default\">\n\t\t\t\t<div class=\"elementor-widget-container\">\n\t\t\t\t\t\t\t\t\t\t\t\t\t\t\t<img loading=\"lazy\" decoding=\"async\" width=\"600\" height=\"400\" src=\"https:\/\/nature-fineart.com\/vogelfotografie-spanien\/wp-content\/uploads\/2026\/06\/Stelzenlaeufer-fotografieren-in-Spanien-600x400.jpg\" class=\"attachment-medium size-medium wp-image-8727\" alt=\"\" srcset=\"https:\/\/nature-fineart.com\/vogelfotografie-spanien\/wp-content\/uploads\/2026\/06\/Stelzenlaeufer-fotografieren-in-Spanien-600x400.jpg 600w, https:\/\/nature-fineart.com\/vogelfotografie-spanien\/wp-content\/uploads\/2026\/06\/Stelzenlaeufer-fotografieren-in-Spanien-768x512.jpg 768w, https:\/\/nature-fineart.com\/vogelfotografie-spanien\/wp-content\/uploads\/2026\/06\/Stelzenlaeufer-fotografieren-in-Spanien.jpg 1024w\" sizes=\"(max-width: 600px) 100vw, 600px\" \/>\t\t\t\t\t\t\t\t\t\t\t\t\t\t\t<\/div>\n\t\t\t\t<\/div>\n\t\t\t\t<\/div>\n\t\t\t\t<\/div>\n\t\t\t\t\t<\/div>\n\t\t\t\t<\/div>\n\t\t<div class=\"elementor-element elementor-element-911f6ec bird-item e-flex e-con-boxed e-con e-parent\" data-id=\"911f6ec\" data-element_type=\"container\" data-e-type=\"container\">\n\t\t\t\t\t<div class=\"e-con-inner\">\n\t\t\t\t<div class=\"elementor-element elementor-element-d6e979b elementor-widget elementor-widget-spacer\" data-id=\"d6e979b\" data-element_type=\"widget\" data-e-type=\"widget\" data-widget_type=\"spacer.default\">\n\t\t\t\t<div class=\"elementor-widget-container\">\n\t\t\t\t\t\t\t<div class=\"elementor-spacer\">\n\t\t\t<div class=\"elementor-spacer-inner\"><\/div>\n\t\t<\/div>\n\t\t\t\t\t\t<\/div>\n\t\t\t\t<\/div>\n\t\t<div class=\"elementor-element elementor-element-d4f683f e-con-full e-flex e-con e-child\" data-id=\"d4f683f\" data-element_type=\"container\" data-e-type=\"container\">\n\t\t\t\t<div class=\"elementor-element elementor-element-c60a363 elementor-widget elementor-widget-tourmbutton\" data-id=\"c60a363\" data-element_type=\"widget\" data-e-type=\"widget\" data-widget_type=\"tourmbutton.default\">\n\t\t\t\t<div class=\"elementor-widget-container\">\n\t\t\t\t\t<div class=\"btn-wrapper\"><a class=\"th-btn th_btn th-icon \" href=\"https:\/\/nature-fineart.com\/vogelfotografie-spanien\/pfuhlschnepfe-fotografieren\/\">Art entdecken<\/a><\/div>\t\t\t\t<\/div>\n\t\t\t\t<\/div>\n\t\t<div class=\"elementor-element elementor-element-b7c93bb e-con-full e-flex e-con e-child\" data-id=\"b7c93bb\" data-element_type=\"container\" data-e-type=\"container\">\n\t\t\t\t<div class=\"elementor-element elementor-element-f4c52c3 elementor-widget elementor-widget-text-editor\" data-id=\"f4c52c3\" data-element_type=\"widget\" data-e-type=\"widget\" data-widget_type=\"text-editor.default\">\n\t\t\t\t<div class=\"elementor-widget-container\">\n\t\t\t\t\t\t\t\t\t<p><strong>Pfuhlschnepfe<\/strong> \u2013 Langstreckenzieher mit gebogenem Schnabel:<\/p><p>Die Pfuhlschnepfe geh\u00f6rt zu den faszinierenden Langstreckenziehern der Vogelwelt. An Spaniens K\u00fcsten l\u00e4sst sie sich vor allem w\u00e4hrend des Vogelzugs bei der Nahrungssuche beobachten und bietet mit ihrem langen Schnabel und dem rostfarbenen Brutkleid spannende Fotomotive.<\/p>\t\t\t\t\t\t\t\t<\/div>\n\t\t\t\t<\/div>\n\t\t\t\t<\/div>\n\t\t<div class=\"elementor-element elementor-element-54cefd9 e-con-full e-flex e-con e-child\" data-id=\"54cefd9\" data-element_type=\"container\" data-e-type=\"container\">\n\t\t\t\t<div class=\"elementor-element elementor-element-c714207 elementor-widget elementor-widget-image\" data-id=\"c714207\" data-element_type=\"widget\" data-e-type=\"widget\" data-widget_type=\"image.default\">\n\t\t\t\t<div class=\"elementor-widget-container\">\n\t\t\t\t\t\t\t\t\t\t\t\t\t\t\t<img loading=\"lazy\" decoding=\"async\" width=\"600\" height=\"422\" src=\"https:\/\/nature-fineart.com\/vogelfotografie-spanien\/wp-content\/uploads\/2026\/08\/Pfuhlschnepfe-am-Strand-bei-der-Nahrungssuche-in-Nordspanien-600x422.jpg\" class=\"attachment-medium size-medium wp-image-10605\" alt=\"Pfuhlschnepfe am Strand bei der Nahrungssuche in Nordspanien\" srcset=\"https:\/\/nature-fineart.com\/vogelfotografie-spanien\/wp-content\/uploads\/2026\/08\/Pfuhlschnepfe-am-Strand-bei-der-Nahrungssuche-in-Nordspanien-600x422.jpg 600w, https:\/\/nature-fineart.com\/vogelfotografie-spanien\/wp-content\/uploads\/2026\/08\/Pfuhlschnepfe-am-Strand-bei-der-Nahrungssuche-in-Nordspanien-768x540.jpg 768w, https:\/\/nature-fineart.com\/vogelfotografie-spanien\/wp-content\/uploads\/2026\/08\/Pfuhlschnepfe-am-Strand-bei-der-Nahrungssuche-in-Nordspanien.jpg 1024w\" sizes=\"(max-width: 600px) 100vw, 600px\" \/>\t\t\t\t\t\t\t\t\t\t\t\t\t\t\t<\/div>\n\t\t\t\t<\/div>\n\t\t\t\t<\/div>\n\t\t\t\t<\/div>\n\t\t\t\t\t<\/div>\n\t\t\t\t<\/div>\n\t\t<div class=\"elementor-element elementor-element-366bd86 bird-item e-flex e-con-boxed e-con e-parent\" data-id=\"366bd86\" data-element_type=\"container\" data-e-type=\"container\">\n\t\t\t\t\t<div class=\"e-con-inner\">\n\t\t\t\t<div class=\"elementor-element elementor-element-3fa997f elementor-widget elementor-widget-spacer\" data-id=\"3fa997f\" data-element_type=\"widget\" data-e-type=\"widget\" data-widget_type=\"spacer.default\">\n\t\t\t\t<div class=\"elementor-widget-container\">\n\t\t\t\t\t\t\t<div class=\"elementor-spacer\">\n\t\t\t<div class=\"elementor-spacer-inner\"><\/div>\n\t\t<\/div>\n\t\t\t\t\t\t<\/div>\n\t\t\t\t<\/div>\n\t\t<div class=\"elementor-element elementor-element-bbe4a7c e-con-full e-flex e-con e-child\" data-id=\"bbe4a7c\" data-element_type=\"container\" data-e-type=\"container\">\n\t\t\t\t<div class=\"elementor-element elementor-element-72d9dc6 elementor-widget elementor-widget-tourmbutton\" data-id=\"72d9dc6\" data-element_type=\"widget\" data-e-type=\"widget\" data-widget_type=\"tourmbutton.default\">\n\t\t\t\t<div class=\"elementor-widget-container\">\n\t\t\t\t\t<div class=\"btn-wrapper\"><a class=\"th-btn th_btn th-icon \" href=\"https:\/\/nature-fineart.com\/vogelfotografie-spanien\/uferschnepfe\/\">Art entdecken<\/a><\/div>\t\t\t\t<\/div>\n\t\t\t\t<\/div>\n\t\t<div class=\"elementor-element elementor-element-51dfd1c e-con-full e-flex e-con e-child\" data-id=\"51dfd1c\" data-element_type=\"container\" data-e-type=\"container\">\n\t\t\t\t<div class=\"elementor-element elementor-element-acd502e elementor-widget elementor-widget-text-editor\" data-id=\"acd502e\" data-element_type=\"widget\" data-e-type=\"widget\" data-widget_type=\"text-editor.default\">\n\t\t\t\t<div class=\"elementor-widget-container\">\n\t\t\t\t\t\t\t\t\t<p><strong>Uferschnepfe<\/strong> \u2013 eleganter Langschnabel der Feuchtgebiete:<\/p><p>Mit ihren langen Beinen und dem geraden Schnabel ist die Uferschnepfe unverwechselbar, sobald man ihre typischen Merkmale kennt. In Spaniens Feuchtgebieten l\u00e4sst sie sich auf dem Vogelzug und im Winter bei der Nahrungssuche beobachten und bietet vom farbigen Brutkleid bis zum charakteristischen Flugbild abwechslungsreiche Fotomotive.<\/p>\t\t\t\t\t\t\t\t<\/div>\n\t\t\t\t<\/div>\n\t\t\t\t<\/div>\n\t\t<div class=\"elementor-element elementor-element-40b2c21 e-con-full e-flex e-con e-child\" data-id=\"40b2c21\" data-element_type=\"container\" data-e-type=\"container\">\n\t\t\t\t<div class=\"elementor-element elementor-element-1e1f5e9 elementor-widget elementor-widget-image\" data-id=\"1e1f5e9\" data-element_type=\"widget\" data-e-type=\"widget\" data-widget_type=\"image.default\">\n\t\t\t\t<div class=\"elementor-widget-container\">\n\t\t\t\t\t\t\t\t\t\t\t\t\t\t\t<img loading=\"lazy\" decoding=\"async\" width=\"600\" height=\"400\" src=\"https:\/\/nature-fineart.com\/vogelfotografie-spanien\/wp-content\/uploads\/2026\/08\/Uferschnepfe-im-Schlichtkleid-bei-der-Nahrungssuche-im-flachen-Wasser-600x400.jpg\" class=\"attachment-medium size-medium wp-image-10626\" alt=\"Uferschnepfe im Schlichtkleid bei der Nahrungssuche im flachen Wasser\" srcset=\"https:\/\/nature-fineart.com\/vogelfotografie-spanien\/wp-content\/uploads\/2026\/08\/Uferschnepfe-im-Schlichtkleid-bei-der-Nahrungssuche-im-flachen-Wasser-600x400.jpg 600w, https:\/\/nature-fineart.com\/vogelfotografie-spanien\/wp-content\/uploads\/2026\/08\/Uferschnepfe-im-Schlichtkleid-bei-der-Nahrungssuche-im-flachen-Wasser-768x512.jpg 768w, https:\/\/nature-fineart.com\/vogelfotografie-spanien\/wp-content\/uploads\/2026\/08\/Uferschnepfe-im-Schlichtkleid-bei-der-Nahrungssuche-im-flachen-Wasser.jpg 1024w\" sizes=\"(max-width: 600px) 100vw, 600px\" \/>\t\t\t\t\t\t\t\t\t\t\t\t\t\t\t<\/div>\n\t\t\t\t<\/div>\n\t\t\t\t<\/div>\n\t\t\t\t<\/div>\n\t\t\t\t\t<\/div>\n\t\t\t\t<\/div>\n\t\t<div class=\"elementor-element elementor-element-f55973f bird-item e-flex e-con-boxed e-con e-parent\" data-id=\"f55973f\" data-element_type=\"container\" data-e-type=\"container\">\n\t\t\t\t\t<div class=\"e-con-inner\">\n\t\t\t\t<div class=\"elementor-element elementor-element-011a438 elementor-widget elementor-widget-spacer\" data-id=\"011a438\" data-element_type=\"widget\" data-e-type=\"widget\" data-widget_type=\"spacer.default\">\n\t\t\t\t<div class=\"elementor-widget-container\">\n\t\t\t\t\t\t\t<div class=\"elementor-spacer\">\n\t\t\t<div class=\"elementor-spacer-inner\"><\/div>\n\t\t<\/div>\n\t\t\t\t\t\t<\/div>\n\t\t\t\t<\/div>\n\t\t<div class=\"elementor-element elementor-element-0c38b29 e-con-full e-flex e-con e-child\" data-id=\"0c38b29\" data-element_type=\"container\" data-e-type=\"container\">\n\t\t\t\t<div class=\"elementor-element elementor-element-c87c5b2 elementor-widget elementor-widget-tourmbutton\" data-id=\"c87c5b2\" data-element_type=\"widget\" data-e-type=\"widget\" data-widget_type=\"tourmbutton.default\">\n\t\t\t\t<div class=\"elementor-widget-container\">\n\t\t\t\t\t<div class=\"btn-wrapper\"><a class=\"th-btn th_btn th-icon \" href=\"https:\/\/nature-fineart.com\/vogelfotografie-spanien\/regenbrachvogel\/\">Art entdecken<\/a><\/div>\t\t\t\t<\/div>\n\t\t\t\t<\/div>\n\t\t<div class=\"elementor-element elementor-element-7a850c4 e-con-full e-flex e-con e-child\" data-id=\"7a850c4\" data-element_type=\"container\" data-e-type=\"container\">\n\t\t\t\t<div class=\"elementor-element elementor-element-6797eaa elementor-widget elementor-widget-text-editor\" data-id=\"6797eaa\" data-element_type=\"widget\" data-e-type=\"widget\" data-widget_type=\"text-editor.default\">\n\t\t\t\t<div class=\"elementor-widget-container\">\n\t\t\t\t\t\t\t\t\t<p><strong>Regenbrachvogel<\/strong> \u2013 Schlanker K\u00fcstenbewohner:<\/p><p>Der Regenbrachvogel ist vor allem w\u00e4hrend des Vogelzugs an Spaniens K\u00fcsten zu beobachten. Erfahre mehr \u00fcber seine Lebensweise, die Unterscheidung vom Gro\u00dfen Brachvogel und meine Erfahrungen bei der Fotografie.<\/p>\t\t\t\t\t\t\t\t<\/div>\n\t\t\t\t<\/div>\n\t\t\t\t<\/div>\n\t\t<div class=\"elementor-element elementor-element-0b178e3 e-con-full e-flex e-con e-child\" data-id=\"0b178e3\" data-element_type=\"container\" data-e-type=\"container\">\n\t\t\t\t<div class=\"elementor-element elementor-element-7347129 elementor-widget elementor-widget-image\" data-id=\"7347129\" data-element_type=\"widget\" data-e-type=\"widget\" data-widget_type=\"image.default\">\n\t\t\t\t<div class=\"elementor-widget-container\">\n\t\t\t\t\t\t\t\t\t\t\t\t\t\t\t<img loading=\"lazy\" decoding=\"async\" width=\"600\" height=\"425\" src=\"https:\/\/nature-fineart.com\/vogelfotografie-spanien\/wp-content\/uploads\/2026\/07\/Regenbrachvogel-auf-einem-Felsen-an-der-spanischen-Atlantikkueste-600x425.jpg\" class=\"attachment-medium size-medium wp-image-9538\" alt=\"\" srcset=\"https:\/\/nature-fineart.com\/vogelfotografie-spanien\/wp-content\/uploads\/2026\/07\/Regenbrachvogel-auf-einem-Felsen-an-der-spanischen-Atlantikkueste-600x425.jpg 600w, https:\/\/nature-fineart.com\/vogelfotografie-spanien\/wp-content\/uploads\/2026\/07\/Regenbrachvogel-auf-einem-Felsen-an-der-spanischen-Atlantikkueste-768x545.jpg 768w, https:\/\/nature-fineart.com\/vogelfotografie-spanien\/wp-content\/uploads\/2026\/07\/Regenbrachvogel-auf-einem-Felsen-an-der-spanischen-Atlantikkueste.jpg 1024w\" sizes=\"(max-width: 600px) 100vw, 600px\" \/>\t\t\t\t\t\t\t\t\t\t\t\t\t\t\t<\/div>\n\t\t\t\t<\/div>\n\t\t\t\t<\/div>\n\t\t\t\t<\/div>\n\t\t\t\t\t<\/div>\n\t\t\t\t<\/div>\n\t\t<div class=\"elementor-element elementor-element-37a1614 bird-item e-flex e-con-boxed e-con e-parent\" data-id=\"37a1614\" data-element_type=\"container\" data-e-type=\"container\">\n\t\t\t\t\t<div class=\"e-con-inner\">\n\t\t\t\t<div class=\"elementor-element elementor-element-2bf3021 elementor-widget elementor-widget-spacer\" data-id=\"2bf3021\" data-element_type=\"widget\" data-e-type=\"widget\" data-widget_type=\"spacer.default\">\n\t\t\t\t<div class=\"elementor-widget-container\">\n\t\t\t\t\t\t\t<div class=\"elementor-spacer\">\n\t\t\t<div class=\"elementor-spacer-inner\"><\/div>\n\t\t<\/div>\n\t\t\t\t\t\t<\/div>\n\t\t\t\t<\/div>\n\t\t<div class=\"elementor-element elementor-element-e570c14 e-con-full e-flex e-con e-child\" data-id=\"e570c14\" data-element_type=\"container\" data-e-type=\"container\">\n\t\t\t\t<div class=\"elementor-element elementor-element-3f1a26f elementor-widget elementor-widget-tourmbutton\" data-id=\"3f1a26f\" data-element_type=\"widget\" data-e-type=\"widget\" data-widget_type=\"tourmbutton.default\">\n\t\t\t\t<div class=\"elementor-widget-container\">\n\t\t\t\t\t<div class=\"btn-wrapper\"><a class=\"th-btn th_btn th-icon \" href=\"https:\/\/nature-fineart.com\/vogelfotografie-spanien\/grosser-brachvogel\/\">Art entdecken<\/a><\/div>\t\t\t\t<\/div>\n\t\t\t\t<\/div>\n\t\t<div class=\"elementor-element elementor-element-76887e5 e-con-full e-flex e-con e-child\" data-id=\"76887e5\" data-element_type=\"container\" data-e-type=\"container\">\n\t\t\t\t<div class=\"elementor-element elementor-element-cb6f89a elementor-widget elementor-widget-text-editor\" data-id=\"cb6f89a\" data-element_type=\"widget\" data-e-type=\"widget\" data-widget_type=\"text-editor.default\">\n\t\t\t\t<div class=\"elementor-widget-container\">\n\t\t\t\t\t\t\t\t\t<p><strong>Gro\u00dfer Brachvogel<\/strong> \u2013 Majest\u00e4tischer Watvogel mit langem Schnabe:<\/p><p>Der Gro\u00dfe Brachvogel begegnet mir in Spanien vor allem an Lagunen und in offenen Feuchtlandschaften. Erfahre mehr \u00fcber seine Lebensweise und die r\u00fccksichtsvolle Fotografie dieser vorsichtigen Limikole.<\/p>\t\t\t\t\t\t\t\t<\/div>\n\t\t\t\t<\/div>\n\t\t\t\t<\/div>\n\t\t<div class=\"elementor-element elementor-element-06fa790 e-con-full e-flex e-con e-child\" data-id=\"06fa790\" data-element_type=\"container\" data-e-type=\"container\">\n\t\t\t\t<div class=\"elementor-element elementor-element-8c744fb elementor-widget elementor-widget-image\" data-id=\"8c744fb\" data-element_type=\"widget\" data-e-type=\"widget\" data-widget_type=\"image.default\">\n\t\t\t\t<div class=\"elementor-widget-container\">\n\t\t\t\t\t\t\t\t\t\t\t\t\t\t\t<img loading=\"lazy\" decoding=\"async\" width=\"600\" height=\"400\" src=\"https:\/\/nature-fineart.com\/vogelfotografie-spanien\/wp-content\/uploads\/2026\/07\/Grosser-Brachvogel-im-flachen-Wasser-einer-Lagune-in-Spanien-600x400.jpg\" class=\"attachment-medium size-medium wp-image-9524\" alt=\"\" srcset=\"https:\/\/nature-fineart.com\/vogelfotografie-spanien\/wp-content\/uploads\/2026\/07\/Grosser-Brachvogel-im-flachen-Wasser-einer-Lagune-in-Spanien-600x400.jpg 600w, https:\/\/nature-fineart.com\/vogelfotografie-spanien\/wp-content\/uploads\/2026\/07\/Grosser-Brachvogel-im-flachen-Wasser-einer-Lagune-in-Spanien-768x512.jpg 768w, https:\/\/nature-fineart.com\/vogelfotografie-spanien\/wp-content\/uploads\/2026\/07\/Grosser-Brachvogel-im-flachen-Wasser-einer-Lagune-in-Spanien.jpg 1024w\" sizes=\"(max-width: 600px) 100vw, 600px\" \/>\t\t\t\t\t\t\t\t\t\t\t\t\t\t\t<\/div>\n\t\t\t\t<\/div>\n\t\t\t\t<\/div>\n\t\t\t\t<\/div>\n\t\t\t\t\t<\/div>\n\t\t\t\t<\/div>\n\t\t<div class=\"elementor-element elementor-element-641d214 bird-item e-flex e-con-boxed e-con e-parent\" data-id=\"641d214\" data-element_type=\"container\" data-e-type=\"container\">\n\t\t\t\t\t<div class=\"e-con-inner\">\n\t\t\t\t<div class=\"elementor-element elementor-element-61d2600 elementor-widget elementor-widget-spacer\" data-id=\"61d2600\" data-element_type=\"widget\" data-e-type=\"widget\" data-widget_type=\"spacer.default\">\n\t\t\t\t<div class=\"elementor-widget-container\">\n\t\t\t\t\t\t\t<div class=\"elementor-spacer\">\n\t\t\t<div class=\"elementor-spacer-inner\"><\/div>\n\t\t<\/div>\n\t\t\t\t\t\t<\/div>\n\t\t\t\t<\/div>\n\t\t<div class=\"elementor-element elementor-element-a5548e0 e-con-full e-flex e-con e-child\" data-id=\"a5548e0\" data-element_type=\"container\" data-e-type=\"container\">\n\t\t\t\t<div class=\"elementor-element elementor-element-3dd28bd elementor-widget elementor-widget-tourmbutton\" data-id=\"3dd28bd\" data-element_type=\"widget\" data-e-type=\"widget\" data-widget_type=\"tourmbutton.default\">\n\t\t\t\t<div class=\"elementor-widget-container\">\n\t\t\t\t\t<div class=\"btn-wrapper\"><a class=\"th-btn th_btn th-icon \" href=\"https:\/\/nature-fineart.com\/vogelfotografie-spanien\/eisvogel\/\">Art entdecken<\/a><\/div>\t\t\t\t<\/div>\n\t\t\t\t<\/div>\n\t\t<div class=\"elementor-element elementor-element-9ca4906 e-con-full e-flex e-con e-child\" data-id=\"9ca4906\" data-element_type=\"container\" data-e-type=\"container\">\n\t\t\t\t<div class=\"elementor-element elementor-element-78b0255 elementor-widget elementor-widget-text-editor\" data-id=\"78b0255\" data-element_type=\"widget\" data-e-type=\"widget\" data-widget_type=\"text-editor.default\">\n\t\t\t\t<div class=\"elementor-widget-container\">\n\t\t\t\t\t\t\t\t\t<p><strong>Eisvogel<\/strong> \u2013 leuchtende Farben und blitzschnelle Jagd:<\/p><p>Der Eisvogel fasziniert mit leuchtendem blau-t\u00fcrkisem Gefieder, rasanter Jagd und au\u00dfergew\u00f6hnlichen Verhaltensweisen. An seinen bevorzugten Warten lassen sich mit Geduld besondere Momente beobachten, vom ungew\u00f6hnlichen Ansitz bis zum erfolgreichen Fang eines Fisches.<\/p>\t\t\t\t\t\t\t\t<\/div>\n\t\t\t\t<\/div>\n\t\t\t\t<\/div>\n\t\t<div class=\"elementor-element elementor-element-7598962 e-con-full e-flex e-con e-child\" data-id=\"7598962\" data-element_type=\"container\" data-e-type=\"container\">\n\t\t\t\t<div class=\"elementor-element elementor-element-2d148e7 elementor-widget elementor-widget-image\" data-id=\"2d148e7\" data-element_type=\"widget\" data-e-type=\"widget\" data-widget_type=\"image.default\">\n\t\t\t\t<div class=\"elementor-widget-container\">\n\t\t\t\t\t\t\t\t\t\t\t\t\t\t\t<img loading=\"lazy\" decoding=\"async\" width=\"600\" height=\"429\" src=\"https:\/\/nature-fineart.com\/vogelfotografie-spanien\/wp-content\/uploads\/2026\/07\/Eisvogel-auf-einem-duennen-gebogenen-Halm-600x429.jpg\" class=\"attachment-medium size-medium wp-image-9228\" alt=\"\" srcset=\"https:\/\/nature-fineart.com\/vogelfotografie-spanien\/wp-content\/uploads\/2026\/07\/Eisvogel-auf-einem-duennen-gebogenen-Halm-600x429.jpg 600w, https:\/\/nature-fineart.com\/vogelfotografie-spanien\/wp-content\/uploads\/2026\/07\/Eisvogel-auf-einem-duennen-gebogenen-Halm-768x550.jpg 768w, https:\/\/nature-fineart.com\/vogelfotografie-spanien\/wp-content\/uploads\/2026\/07\/Eisvogel-auf-einem-duennen-gebogenen-Halm.jpg 1024w\" sizes=\"(max-width: 600px) 100vw, 600px\" \/>\t\t\t\t\t\t\t\t\t\t\t\t\t\t\t<\/div>\n\t\t\t\t<\/div>\n\t\t\t\t<\/div>\n\t\t\t\t<\/div>\n\t\t\t\t\t<\/div>\n\t\t\t\t<\/div>\n\t\t<div class=\"elementor-element elementor-element-c67f25c bird-item e-flex e-con-boxed e-con e-parent\" data-id=\"c67f25c\" data-element_type=\"container\" data-e-type=\"container\">\n\t\t\t\t\t<div class=\"e-con-inner\">\n\t\t\t\t<div class=\"elementor-element elementor-element-521da84 elementor-widget elementor-widget-spacer\" data-id=\"521da84\" data-element_type=\"widget\" data-e-type=\"widget\" data-widget_type=\"spacer.default\">\n\t\t\t\t<div class=\"elementor-widget-container\">\n\t\t\t\t\t\t\t<div class=\"elementor-spacer\">\n\t\t\t<div class=\"elementor-spacer-inner\"><\/div>\n\t\t<\/div>\n\t\t\t\t\t\t<\/div>\n\t\t\t\t<\/div>\n\t\t<div class=\"elementor-element elementor-element-45f5850 e-con-full e-flex e-con e-child\" data-id=\"45f5850\" data-element_type=\"container\" data-e-type=\"container\">\n\t\t\t\t<div class=\"elementor-element elementor-element-0b7ec13 elementor-widget elementor-widget-tourmbutton\" data-id=\"0b7ec13\" data-element_type=\"widget\" data-e-type=\"widget\" data-widget_type=\"tourmbutton.default\">\n\t\t\t\t<div class=\"elementor-widget-container\">\n\t\t\t\t\t<div class=\"btn-wrapper\"><a class=\"th-btn th_btn th-icon \" href=\"https:\/\/nature-fineart.com\/vogelfotografie-spanien\/seidensaenger\/\">Art entdecken<\/a><\/div>\t\t\t\t<\/div>\n\t\t\t\t<\/div>\n\t\t<div class=\"elementor-element elementor-element-30588ac e-con-full e-flex e-con e-child\" data-id=\"30588ac\" data-element_type=\"container\" data-e-type=\"container\">\n\t\t\t\t<div class=\"elementor-element elementor-element-9ec4e97 elementor-widget elementor-widget-text-editor\" data-id=\"9ec4e97\" data-element_type=\"widget\" data-e-type=\"widget\" data-widget_type=\"text-editor.default\">\n\t\t\t\t<div class=\"elementor-widget-container\">\n\t\t\t\t\t\t\t\t\t<p><strong>Seidens\u00e4nger<\/strong> \u2013 Versteckter S\u00e4nger im dichten Schilf:<\/p><p>Zwischen Schilf, Licht und dichter Vegetation entstehen beim Seidens\u00e4nger besonders lebendige und nat\u00fcrliche Momente der Wildlife-Fotografie in Spanien.<\/p>\t\t\t\t\t\t\t\t<\/div>\n\t\t\t\t<\/div>\n\t\t\t\t<\/div>\n\t\t<div class=\"elementor-element elementor-element-0c66d8c e-con-full e-flex e-con e-child\" data-id=\"0c66d8c\" data-element_type=\"container\" data-e-type=\"container\">\n\t\t\t\t<div class=\"elementor-element elementor-element-28b2c51 elementor-widget elementor-widget-image\" data-id=\"28b2c51\" data-element_type=\"widget\" data-e-type=\"widget\" data-widget_type=\"image.default\">\n\t\t\t\t<div class=\"elementor-widget-container\">\n\t\t\t\t\t\t\t\t\t\t\t\t\t\t\t<img loading=\"lazy\" decoding=\"async\" width=\"600\" height=\"400\" src=\"https:\/\/nature-fineart.com\/vogelfotografie-spanien\/wp-content\/uploads\/2026\/05\/Seidensaenger-600x400.jpg\" class=\"attachment-medium size-medium wp-image-7879\" alt=\"\" srcset=\"https:\/\/nature-fineart.com\/vogelfotografie-spanien\/wp-content\/uploads\/2026\/05\/Seidensaenger-600x400.jpg 600w, https:\/\/nature-fineart.com\/vogelfotografie-spanien\/wp-content\/uploads\/2026\/05\/Seidensaenger-768x512.jpg 768w, https:\/\/nature-fineart.com\/vogelfotografie-spanien\/wp-content\/uploads\/2026\/05\/Seidensaenger.jpg 1024w\" sizes=\"(max-width: 600px) 100vw, 600px\" \/>\t\t\t\t\t\t\t\t\t\t\t\t\t\t\t<\/div>\n\t\t\t\t<\/div>\n\t\t\t\t<\/div>\n\t\t\t\t<\/div>\n\t\t\t\t\t<\/div>\n\t\t\t\t<\/div>\n\t\t<div class=\"elementor-element elementor-element-4cf7e4f bird-item e-flex e-con-boxed e-con e-parent\" data-id=\"4cf7e4f\" data-element_type=\"container\" data-e-type=\"container\">\n\t\t\t\t\t<div class=\"e-con-inner\">\n\t\t\t\t<div class=\"elementor-element elementor-element-d3bfedd elementor-widget elementor-widget-spacer\" data-id=\"d3bfedd\" data-element_type=\"widget\" data-e-type=\"widget\" data-widget_type=\"spacer.default\">\n\t\t\t\t<div class=\"elementor-widget-container\">\n\t\t\t\t\t\t\t<div class=\"elementor-spacer\">\n\t\t\t<div class=\"elementor-spacer-inner\"><\/div>\n\t\t<\/div>\n\t\t\t\t\t\t<\/div>\n\t\t\t\t<\/div>\n\t\t<div class=\"elementor-element elementor-element-1c66c38 e-con-full e-flex e-con e-child\" data-id=\"1c66c38\" data-element_type=\"container\" data-e-type=\"container\">\n\t\t\t\t<div class=\"elementor-element elementor-element-78b5d67 elementor-widget elementor-widget-tourmbutton\" data-id=\"78b5d67\" data-element_type=\"widget\" data-e-type=\"widget\" data-widget_type=\"tourmbutton.default\">\n\t\t\t\t<div class=\"elementor-widget-container\">\n\t\t\t\t\t<div class=\"btn-wrapper\"><a class=\"th-btn th_btn th-icon \" href=\"https:\/\/nature-fineart.com\/vogelfotografie-spanien\/bartmeise\/\">Art entdecken<\/a><\/div>\t\t\t\t<\/div>\n\t\t\t\t<\/div>\n\t\t<div class=\"elementor-element elementor-element-7a16725 e-con-full e-flex e-con e-child\" data-id=\"7a16725\" data-element_type=\"container\" data-e-type=\"container\">\n\t\t\t\t<div class=\"elementor-element elementor-element-9b643ec elementor-widget elementor-widget-text-editor\" data-id=\"9b643ec\" data-element_type=\"widget\" data-e-type=\"widget\" data-widget_type=\"text-editor.default\">\n\t\t\t\t<div class=\"elementor-widget-container\">\n\t\t\t\t\t\t\t\t\t<p><strong>Bartmeise<\/strong> \u2013 Eleganz zwischen den Schilfhalmen:<\/p><p>Zwischen Schilfhalmen und weichem Morgenlicht entstehen bei der Bartmeise besonders ruhige und stimmungsvolle Naturmomente in den spanischen Feuchtgebieten.<\/p>\t\t\t\t\t\t\t\t<\/div>\n\t\t\t\t<\/div>\n\t\t\t\t<\/div>\n\t\t<div class=\"elementor-element elementor-element-8c097ae e-con-full e-flex e-con e-child\" data-id=\"8c097ae\" data-element_type=\"container\" data-e-type=\"container\">\n\t\t\t\t<div class=\"elementor-element elementor-element-4fa8dd5 elementor-widget elementor-widget-image\" data-id=\"4fa8dd5\" data-element_type=\"widget\" data-e-type=\"widget\" data-widget_type=\"image.default\">\n\t\t\t\t<div class=\"elementor-widget-container\">\n\t\t\t\t\t\t\t\t\t\t\t\t\t\t\t<img loading=\"lazy\" decoding=\"async\" width=\"600\" height=\"400\" src=\"https:\/\/nature-fineart.com\/vogelfotografie-spanien\/wp-content\/uploads\/2026\/05\/Bartmeise-600x400.jpg\" class=\"attachment-medium size-medium wp-image-7876\" alt=\"\" srcset=\"https:\/\/nature-fineart.com\/vogelfotografie-spanien\/wp-content\/uploads\/2026\/05\/Bartmeise-600x400.jpg 600w, https:\/\/nature-fineart.com\/vogelfotografie-spanien\/wp-content\/uploads\/2026\/05\/Bartmeise-768x512.jpg 768w, https:\/\/nature-fineart.com\/vogelfotografie-spanien\/wp-content\/uploads\/2026\/05\/Bartmeise.jpg 1024w\" sizes=\"(max-width: 600px) 100vw, 600px\" \/>\t\t\t\t\t\t\t\t\t\t\t\t\t\t\t<\/div>\n\t\t\t\t<\/div>\n\t\t\t\t<\/div>\n\t\t\t\t<\/div>\n\t\t\t\t\t<\/div>\n\t\t\t\t<\/div>\n\t\t<div class=\"elementor-element elementor-element-b9512d0 bird-item e-flex e-con-boxed e-con e-parent\" data-id=\"b9512d0\" data-element_type=\"container\" data-e-type=\"container\">\n\t\t\t\t\t<div class=\"e-con-inner\">\n\t\t\t\t<div class=\"elementor-element elementor-element-f89430f elementor-widget elementor-widget-spacer\" data-id=\"f89430f\" data-element_type=\"widget\" data-e-type=\"widget\" data-widget_type=\"spacer.default\">\n\t\t\t\t<div class=\"elementor-widget-container\">\n\t\t\t\t\t\t\t<div class=\"elementor-spacer\">\n\t\t\t<div class=\"elementor-spacer-inner\"><\/div>\n\t\t<\/div>\n\t\t\t\t\t\t<\/div>\n\t\t\t\t<\/div>\n\t\t<div class=\"elementor-element elementor-element-8ef1c0f e-con-full e-flex e-con e-child\" data-id=\"8ef1c0f\" data-element_type=\"container\" data-e-type=\"container\">\n\t\t\t\t<div class=\"elementor-element elementor-element-ac5cc74 elementor-widget elementor-widget-tourmbutton\" data-id=\"ac5cc74\" data-element_type=\"widget\" data-e-type=\"widget\" data-widget_type=\"tourmbutton.default\">\n\t\t\t\t<div class=\"elementor-widget-container\">\n\t\t\t\t\t<div class=\"btn-wrapper\"><a class=\"th-btn th_btn th-icon \" href=\"https:\/\/nature-fineart.com\/vogelfotografie-spanien\/beutelmeise\/\">Art entdecken<\/a><\/div>\t\t\t\t<\/div>\n\t\t\t\t<\/div>\n\t\t<div class=\"elementor-element elementor-element-f7df2f8 e-con-full e-flex e-con e-child\" data-id=\"f7df2f8\" data-element_type=\"container\" data-e-type=\"container\">\n\t\t\t\t<div class=\"elementor-element elementor-element-6f4c7bd elementor-widget elementor-widget-text-editor\" data-id=\"6f4c7bd\" data-element_type=\"widget\" data-e-type=\"widget\" data-widget_type=\"text-editor.default\">\n\t\t\t\t<div class=\"elementor-widget-container\">\n\t\t\t\t\t\t\t\t\t<p><strong>Beutelmeise<\/strong> \u2013 Baumeisterin im Schilf:<\/p><p>Die Beutelmeise f\u00e4llt durch ihre dunkle Augenmaske und ihr kunstvoll gebautes Beutelnest auf. Besonders im Fr\u00fchjahr bieten trockenes Schilf, warmes Licht und der Nestbau spannende M\u00f6glichkeiten f\u00fcr Naturfotografen.<\/p>\t\t\t\t\t\t\t\t<\/div>\n\t\t\t\t<\/div>\n\t\t\t\t<\/div>\n\t\t<div class=\"elementor-element elementor-element-cacb348 e-con-full e-flex e-con e-child\" data-id=\"cacb348\" data-element_type=\"container\" data-e-type=\"container\">\n\t\t\t\t<div class=\"elementor-element elementor-element-72044d3 elementor-widget elementor-widget-image\" data-id=\"72044d3\" data-element_type=\"widget\" data-e-type=\"widget\" data-widget_type=\"image.default\">\n\t\t\t\t<div class=\"elementor-widget-container\">\n\t\t\t\t\t\t\t\t\t\t\t\t\t\t\t<img loading=\"lazy\" decoding=\"async\" width=\"600\" height=\"400\" src=\"https:\/\/nature-fineart.com\/vogelfotografie-spanien\/wp-content\/uploads\/2026\/05\/Beutelmeise-im-Schilf-600x400.jpg\" class=\"attachment-medium size-medium wp-image-7875\" alt=\"\" srcset=\"https:\/\/nature-fineart.com\/vogelfotografie-spanien\/wp-content\/uploads\/2026\/05\/Beutelmeise-im-Schilf-600x400.jpg 600w, https:\/\/nature-fineart.com\/vogelfotografie-spanien\/wp-content\/uploads\/2026\/05\/Beutelmeise-im-Schilf-768x512.jpg 768w, https:\/\/nature-fineart.com\/vogelfotografie-spanien\/wp-content\/uploads\/2026\/05\/Beutelmeise-im-Schilf.jpg 1024w\" sizes=\"(max-width: 600px) 100vw, 600px\" \/>\t\t\t\t\t\t\t\t\t\t\t\t\t\t\t<\/div>\n\t\t\t\t<\/div>\n\t\t\t\t<\/div>\n\t\t\t\t<\/div>\n\t\t\t\t\t<\/div>\n\t\t\t\t<\/div>\n\t\t<div class=\"elementor-element elementor-element-c5a7f63 bird-item e-flex e-con-boxed e-con e-parent\" data-id=\"c5a7f63\" data-element_type=\"container\" data-e-type=\"container\">\n\t\t\t\t\t<div class=\"e-con-inner\">\n\t\t\t\t<div class=\"elementor-element elementor-element-b0d3bab elementor-widget elementor-widget-spacer\" data-id=\"b0d3bab\" data-element_type=\"widget\" data-e-type=\"widget\" data-widget_type=\"spacer.default\">\n\t\t\t\t<div class=\"elementor-widget-container\">\n\t\t\t\t\t\t\t<div class=\"elementor-spacer\">\n\t\t\t<div class=\"elementor-spacer-inner\"><\/div>\n\t\t<\/div>\n\t\t\t\t\t\t<\/div>\n\t\t\t\t<\/div>\n\t\t<div class=\"elementor-element elementor-element-c2a50ba e-con-full e-flex e-con e-child\" data-id=\"c2a50ba\" data-element_type=\"container\" data-e-type=\"container\">\n\t\t\t\t<div class=\"elementor-element elementor-element-7823e3b elementor-widget elementor-widget-tourmbutton\" data-id=\"7823e3b\" data-element_type=\"widget\" data-e-type=\"widget\" data-widget_type=\"tourmbutton.default\">\n\t\t\t\t<div class=\"elementor-widget-container\">\n\t\t\t\t\t<div class=\"btn-wrapper\"><a class=\"th-btn th_btn th-icon \" href=\"https:\/\/nature-fineart.com\/vogelfotografie-spanien\/rohrammer\/\">Art entdecken<\/a><\/div>\t\t\t\t<\/div>\n\t\t\t\t<\/div>\n\t\t<div class=\"elementor-element elementor-element-852c211 e-con-full e-flex e-con e-child\" data-id=\"852c211\" data-element_type=\"container\" data-e-type=\"container\">\n\t\t\t\t<div class=\"elementor-element elementor-element-deac8e4 elementor-widget elementor-widget-text-editor\" data-id=\"deac8e4\" data-element_type=\"widget\" data-e-type=\"widget\" data-widget_type=\"text-editor.default\">\n\t\t\t\t<div class=\"elementor-widget-container\">\n\t\t\t\t\t\t\t\t\t<p><strong>Rohrammer<\/strong> \u2013 Perfekt getarnt im Schilf:<\/p><p>Zwischen den trockenen Halmen eines spanischen Deltas war die Rohrammer kaum zu entdecken. Erst nach geduldigem Warten zeigte sie sich frei im weichen Licht des zeitigen Fr\u00fchjahrs.<\/p>\t\t\t\t\t\t\t\t<\/div>\n\t\t\t\t<\/div>\n\t\t\t\t<\/div>\n\t\t<div class=\"elementor-element elementor-element-9d5cb0b e-con-full e-flex e-con e-child\" data-id=\"9d5cb0b\" data-element_type=\"container\" data-e-type=\"container\">\n\t\t\t\t<div class=\"elementor-element elementor-element-1b99ec1 elementor-widget elementor-widget-image\" data-id=\"1b99ec1\" data-element_type=\"widget\" data-e-type=\"widget\" data-widget_type=\"image.default\">\n\t\t\t\t<div class=\"elementor-widget-container\">\n\t\t\t\t\t\t\t\t\t\t\t\t\t\t\t<img loading=\"lazy\" decoding=\"async\" width=\"600\" height=\"400\" src=\"https:\/\/nature-fineart.com\/vogelfotografie-spanien\/wp-content\/uploads\/2026\/07\/Rohrammer-auf-einem-Schilfhalm-im-trockenen-Roehricht-eines-spanischen-Deltas-600x400.jpg\" class=\"attachment-medium size-medium wp-image-9647\" alt=\"\" srcset=\"https:\/\/nature-fineart.com\/vogelfotografie-spanien\/wp-content\/uploads\/2026\/07\/Rohrammer-auf-einem-Schilfhalm-im-trockenen-Roehricht-eines-spanischen-Deltas-600x400.jpg 600w, https:\/\/nature-fineart.com\/vogelfotografie-spanien\/wp-content\/uploads\/2026\/07\/Rohrammer-auf-einem-Schilfhalm-im-trockenen-Roehricht-eines-spanischen-Deltas-768x512.jpg 768w, https:\/\/nature-fineart.com\/vogelfotografie-spanien\/wp-content\/uploads\/2026\/07\/Rohrammer-auf-einem-Schilfhalm-im-trockenen-Roehricht-eines-spanischen-Deltas.jpg 1024w\" sizes=\"(max-width: 600px) 100vw, 600px\" \/>\t\t\t\t\t\t\t\t\t\t\t\t\t\t\t<\/div>\n\t\t\t\t<\/div>\n\t\t\t\t<\/div>\n\t\t\t\t<\/div>\n\t\t\t\t\t<\/div>\n\t\t\t\t<\/div>\n\t\t<div class=\"elementor-element elementor-element-52101b1 bird-item e-flex e-con-boxed e-con e-parent\" data-id=\"52101b1\" data-element_type=\"container\" data-e-type=\"container\">\n\t\t\t\t\t<div class=\"e-con-inner\">\n\t\t\t\t<div class=\"elementor-element elementor-element-b7d6be1 elementor-widget elementor-widget-spacer\" data-id=\"b7d6be1\" data-element_type=\"widget\" data-e-type=\"widget\" data-widget_type=\"spacer.default\">\n\t\t\t\t<div class=\"elementor-widget-container\">\n\t\t\t\t\t\t\t<div class=\"elementor-spacer\">\n\t\t\t<div class=\"elementor-spacer-inner\"><\/div>\n\t\t<\/div>\n\t\t\t\t\t\t<\/div>\n\t\t\t\t<\/div>\n\t\t<div class=\"elementor-element elementor-element-69e5e92 e-con-full e-flex e-con e-child\" data-id=\"69e5e92\" data-element_type=\"container\" data-e-type=\"container\">\n\t\t\t\t<div class=\"elementor-element elementor-element-28880be elementor-widget elementor-widget-tourmbutton\" data-id=\"28880be\" data-element_type=\"widget\" data-e-type=\"widget\" data-widget_type=\"tourmbutton.default\">\n\t\t\t\t<div class=\"elementor-widget-container\">\n\t\t\t\t\t<div class=\"btn-wrapper\"><a class=\"th-btn th_btn th-icon \" href=\"https:\/\/nature-fineart.com\/vogelfotografie-spanien\/gimpel\/\">Art entdecken<\/a><\/div>\t\t\t\t<\/div>\n\t\t\t\t<\/div>\n\t\t<div class=\"elementor-element elementor-element-c2e1cfe e-con-full e-flex e-con e-child\" data-id=\"c2e1cfe\" data-element_type=\"container\" data-e-type=\"container\">\n\t\t\t\t<div class=\"elementor-element elementor-element-a119eb5 elementor-widget elementor-widget-text-editor\" data-id=\"a119eb5\" data-element_type=\"widget\" data-e-type=\"widget\" data-widget_type=\"text-editor.default\">\n\t\t\t\t<div class=\"elementor-widget-container\">\n\t\t\t\t\t\t\t\t\t<p><strong>Gimpel<\/strong> \u2013 Der rote Farbtupfer des Waldes:<\/p><p>Der Gimpel geh\u00f6rt mit seiner kr\u00e4ftigen F\u00e4rbung zu den sch\u00f6nsten Singv\u00f6geln Europas. In den Bergw\u00e4ldern und strukturreichen Landschaften Nordspaniens bietet er stimmungsvolle Motive f\u00fcr ruhige und nat\u00fcrliche Vogelfotografie.<\/p>\t\t\t\t\t\t\t\t<\/div>\n\t\t\t\t<\/div>\n\t\t\t\t<\/div>\n\t\t<div class=\"elementor-element elementor-element-e6beade e-con-full e-flex e-con e-child\" data-id=\"e6beade\" data-element_type=\"container\" data-e-type=\"container\">\n\t\t\t\t<div class=\"elementor-element elementor-element-34621bd elementor-widget elementor-widget-image\" data-id=\"34621bd\" data-element_type=\"widget\" data-e-type=\"widget\" data-widget_type=\"image.default\">\n\t\t\t\t<div class=\"elementor-widget-container\">\n\t\t\t\t\t\t\t\t\t\t\t\t\t\t\t<img loading=\"lazy\" decoding=\"async\" width=\"600\" height=\"400\" src=\"https:\/\/nature-fineart.com\/vogelfotografie-spanien\/wp-content\/uploads\/2026\/06\/Gimpel-auf-Ansitz-in-Nordspanien-600x400.jpg\" class=\"attachment-medium size-medium wp-image-8367\" alt=\"\" srcset=\"https:\/\/nature-fineart.com\/vogelfotografie-spanien\/wp-content\/uploads\/2026\/06\/Gimpel-auf-Ansitz-in-Nordspanien-600x400.jpg 600w, https:\/\/nature-fineart.com\/vogelfotografie-spanien\/wp-content\/uploads\/2026\/06\/Gimpel-auf-Ansitz-in-Nordspanien-768x512.jpg 768w, https:\/\/nature-fineart.com\/vogelfotografie-spanien\/wp-content\/uploads\/2026\/06\/Gimpel-auf-Ansitz-in-Nordspanien.jpg 1024w\" sizes=\"(max-width: 600px) 100vw, 600px\" \/>\t\t\t\t\t\t\t\t\t\t\t\t\t\t\t<\/div>\n\t\t\t\t<\/div>\n\t\t\t\t<\/div>\n\t\t\t\t<\/div>\n\t\t\t\t\t<\/div>\n\t\t\t\t<\/div>\n\t\t<div class=\"elementor-element elementor-element-2513978 bird-item e-flex e-con-boxed e-con e-parent\" data-id=\"2513978\" data-element_type=\"container\" data-e-type=\"container\">\n\t\t\t\t\t<div class=\"e-con-inner\">\n\t\t\t\t<div class=\"elementor-element elementor-element-ae6cfd8 elementor-widget elementor-widget-spacer\" data-id=\"ae6cfd8\" data-element_type=\"widget\" data-e-type=\"widget\" data-widget_type=\"spacer.default\">\n\t\t\t\t<div class=\"elementor-widget-container\">\n\t\t\t\t\t\t\t<div class=\"elementor-spacer\">\n\t\t\t<div class=\"elementor-spacer-inner\"><\/div>\n\t\t<\/div>\n\t\t\t\t\t\t<\/div>\n\t\t\t\t<\/div>\n\t\t<div class=\"elementor-element elementor-element-91a2a97 e-con-full e-flex e-con e-child\" data-id=\"91a2a97\" data-element_type=\"container\" data-e-type=\"container\">\n\t\t\t\t<div class=\"elementor-element elementor-element-8880e72 elementor-widget elementor-widget-tourmbutton\" data-id=\"8880e72\" data-element_type=\"widget\" data-e-type=\"widget\" data-widget_type=\"tourmbutton.default\">\n\t\t\t\t<div class=\"elementor-widget-container\">\n\t\t\t\t\t<div class=\"btn-wrapper\"><a class=\"th-btn th_btn th-icon \" href=\"https:\/\/nature-fineart.com\/vogelfotografie-spanien\/stieglitz\/\">Art entdecken<\/a><\/div>\t\t\t\t<\/div>\n\t\t\t\t<\/div>\n\t\t<div class=\"elementor-element elementor-element-0e1b9ac e-con-full e-flex e-con e-child\" data-id=\"0e1b9ac\" data-element_type=\"container\" data-e-type=\"container\">\n\t\t\t\t<div class=\"elementor-element elementor-element-4696b9b elementor-widget elementor-widget-text-editor\" data-id=\"4696b9b\" data-element_type=\"widget\" data-e-type=\"widget\" data-widget_type=\"text-editor.default\">\n\t\t\t\t<div class=\"elementor-widget-container\">\n\t\t\t\t\t\t\t\t\t<p><strong>Stieglitz<\/strong> \u2013 Farben zwischen den Disteln:<\/p><p>Der Stieglitz, auch Distelfink genannt, geh\u00f6rt zu den farbenpr\u00e4chtigsten Singv\u00f6geln Europas. Besonders auf Disteln und im weichen Morgenlicht entstehen stimmungsvolle Naturaufnahmen dieser faszinierenden Art.<\/p>\t\t\t\t\t\t\t\t<\/div>\n\t\t\t\t<\/div>\n\t\t\t\t<\/div>\n\t\t<div class=\"elementor-element elementor-element-0d0ecc2 e-con-full e-flex e-con e-child\" data-id=\"0d0ecc2\" data-element_type=\"container\" data-e-type=\"container\">\n\t\t\t\t<div class=\"elementor-element elementor-element-a50d28f elementor-widget elementor-widget-image\" data-id=\"a50d28f\" data-element_type=\"widget\" data-e-type=\"widget\" data-widget_type=\"image.default\">\n\t\t\t\t<div class=\"elementor-widget-container\">\n\t\t\t\t\t\t\t\t\t\t\t\t\t\t\t<img loading=\"lazy\" decoding=\"async\" width=\"600\" height=\"400\" src=\"https:\/\/nature-fineart.com\/vogelfotografie-spanien\/wp-content\/uploads\/2026\/06\/Stieglitz-beim-Fressen-an-einer-Distel-600x400.jpg\" class=\"attachment-medium size-medium wp-image-8772\" alt=\"\" srcset=\"https:\/\/nature-fineart.com\/vogelfotografie-spanien\/wp-content\/uploads\/2026\/06\/Stieglitz-beim-Fressen-an-einer-Distel-600x400.jpg 600w, https:\/\/nature-fineart.com\/vogelfotografie-spanien\/wp-content\/uploads\/2026\/06\/Stieglitz-beim-Fressen-an-einer-Distel-768x512.jpg 768w, https:\/\/nature-fineart.com\/vogelfotografie-spanien\/wp-content\/uploads\/2026\/06\/Stieglitz-beim-Fressen-an-einer-Distel.jpg 1024w\" sizes=\"(max-width: 600px) 100vw, 600px\" \/>\t\t\t\t\t\t\t\t\t\t\t\t\t\t\t<\/div>\n\t\t\t\t<\/div>\n\t\t\t\t<\/div>\n\t\t\t\t<\/div>\n\t\t\t\t\t<\/div>\n\t\t\t\t<\/div>\n\t\t<div class=\"elementor-element elementor-element-83e74d9 bird-item e-flex e-con-boxed e-con e-parent\" data-id=\"83e74d9\" data-element_type=\"container\" data-e-type=\"container\">\n\t\t\t\t\t<div class=\"e-con-inner\">\n\t\t\t\t<div class=\"elementor-element elementor-element-d6a15be elementor-widget elementor-widget-spacer\" data-id=\"d6a15be\" data-element_type=\"widget\" data-e-type=\"widget\" data-widget_type=\"spacer.default\">\n\t\t\t\t<div class=\"elementor-widget-container\">\n\t\t\t\t\t\t\t<div class=\"elementor-spacer\">\n\t\t\t<div class=\"elementor-spacer-inner\"><\/div>\n\t\t<\/div>\n\t\t\t\t\t\t<\/div>\n\t\t\t\t<\/div>\n\t\t<div class=\"elementor-element elementor-element-1cb9209 e-con-full e-flex e-con e-child\" data-id=\"1cb9209\" data-element_type=\"container\" data-e-type=\"container\">\n\t\t\t\t<div class=\"elementor-element elementor-element-a533075 elementor-widget elementor-widget-tourmbutton\" data-id=\"a533075\" data-element_type=\"widget\" data-e-type=\"widget\" data-widget_type=\"tourmbutton.default\">\n\t\t\t\t<div class=\"elementor-widget-container\">\n\t\t\t\t\t<div class=\"btn-wrapper\"><a class=\"th-btn th_btn th-icon \" href=\"https:\/\/nature-fineart.com\/vogelfotografie-spanien\/gruenfink\/\">Art entdecken<\/a><\/div>\t\t\t\t<\/div>\n\t\t\t\t<\/div>\n\t\t<div class=\"elementor-element elementor-element-d0a8ccf e-con-full e-flex e-con e-child\" data-id=\"d0a8ccf\" data-element_type=\"container\" data-e-type=\"container\">\n\t\t\t\t<div class=\"elementor-element elementor-element-d5b2b8a elementor-widget elementor-widget-text-editor\" data-id=\"d5b2b8a\" data-element_type=\"widget\" data-e-type=\"widget\" data-widget_type=\"text-editor.default\">\n\t\t\t\t<div class=\"elementor-widget-container\">\n\t\t\t\t\t\t\t\t\t<p><strong>Gr\u00fcnfink<\/strong> \u2013 Farben der Vogelwelt:<\/p><p>Der Gr\u00fcnfink geh\u00f6rt zu den bekanntesten Finken Europas. Sein gr\u00fcn-gelbes Gefieder, der kr\u00e4ftige Schnabel und sein charakteristischer Flugruf machen ihn zu einem beliebten Motiv f\u00fcr Naturfotografen.<\/p>\t\t\t\t\t\t\t\t<\/div>\n\t\t\t\t<\/div>\n\t\t\t\t<\/div>\n\t\t<div class=\"elementor-element elementor-element-884d55f e-con-full e-flex e-con e-child\" data-id=\"884d55f\" data-element_type=\"container\" data-e-type=\"container\">\n\t\t\t\t<div class=\"elementor-element elementor-element-84add1a elementor-widget elementor-widget-image\" data-id=\"84add1a\" data-element_type=\"widget\" data-e-type=\"widget\" data-widget_type=\"image.default\">\n\t\t\t\t<div class=\"elementor-widget-container\">\n\t\t\t\t\t\t\t\t\t\t\t\t\t\t\t<img loading=\"lazy\" decoding=\"async\" width=\"600\" height=\"400\" src=\"https:\/\/nature-fineart.com\/vogelfotografie-spanien\/wp-content\/uploads\/2026\/06\/Gruenfink-bei-der-Nahrungssuche-600x400.jpg\" class=\"attachment-medium size-medium wp-image-8444\" alt=\"\" srcset=\"https:\/\/nature-fineart.com\/vogelfotografie-spanien\/wp-content\/uploads\/2026\/06\/Gruenfink-bei-der-Nahrungssuche-600x400.jpg 600w, https:\/\/nature-fineart.com\/vogelfotografie-spanien\/wp-content\/uploads\/2026\/06\/Gruenfink-bei-der-Nahrungssuche-768x512.jpg 768w, https:\/\/nature-fineart.com\/vogelfotografie-spanien\/wp-content\/uploads\/2026\/06\/Gruenfink-bei-der-Nahrungssuche.jpg 1024w\" sizes=\"(max-width: 600px) 100vw, 600px\" \/>\t\t\t\t\t\t\t\t\t\t\t\t\t\t\t<\/div>\n\t\t\t\t<\/div>\n\t\t\t\t<\/div>\n\t\t\t\t<\/div>\n\t\t\t\t\t<\/div>\n\t\t\t\t<\/div>\n\t\t<div class=\"elementor-element elementor-element-99f9de8 bird-item e-flex e-con-boxed e-con e-parent\" data-id=\"99f9de8\" data-element_type=\"container\" data-e-type=\"container\">\n\t\t\t\t\t<div class=\"e-con-inner\">\n\t\t\t\t<div class=\"elementor-element elementor-element-09931d5 elementor-widget elementor-widget-spacer\" data-id=\"09931d5\" data-element_type=\"widget\" data-e-type=\"widget\" data-widget_type=\"spacer.default\">\n\t\t\t\t<div class=\"elementor-widget-container\">\n\t\t\t\t\t\t\t<div class=\"elementor-spacer\">\n\t\t\t<div class=\"elementor-spacer-inner\"><\/div>\n\t\t<\/div>\n\t\t\t\t\t\t<\/div>\n\t\t\t\t<\/div>\n\t\t<div class=\"elementor-element elementor-element-ac600f9 e-con-full e-flex e-con e-child\" data-id=\"ac600f9\" data-element_type=\"container\" data-e-type=\"container\">\n\t\t\t\t<div class=\"elementor-element elementor-element-2fca060 elementor-widget elementor-widget-tourmbutton\" data-id=\"2fca060\" data-element_type=\"widget\" data-e-type=\"widget\" data-widget_type=\"tourmbutton.default\">\n\t\t\t\t<div class=\"elementor-widget-container\">\n\t\t\t\t\t<div class=\"btn-wrapper\"><a class=\"th-btn th_btn th-icon \" href=\"https:\/\/nature-fineart.com\/vogelfotografie-spanien\/buchfink\/\">Art entdecken<\/a><\/div>\t\t\t\t<\/div>\n\t\t\t\t<\/div>\n\t\t<div class=\"elementor-element elementor-element-ee995a6 e-con-full e-flex e-con e-child\" data-id=\"ee995a6\" data-element_type=\"container\" data-e-type=\"container\">\n\t\t\t\t<div class=\"elementor-element elementor-element-c66efec elementor-widget elementor-widget-text-editor\" data-id=\"c66efec\" data-element_type=\"widget\" data-e-type=\"widget\" data-widget_type=\"text-editor.default\">\n\t\t\t\t<div class=\"elementor-widget-container\">\n\t\t\t\t\t\t\t\t\t<p><strong>Buchfink<\/strong> \u2013 Einer der bekanntesten Singv\u00f6gel Europas:<\/p><p>Der Buchfink geh\u00f6rt zu den h\u00e4ufigsten Singv\u00f6geln Europas. Sein markanter Gesang, die kontrastreiche F\u00e4rbung und sein lebhaftes Verhalten machen ihn zu einem interessanten Motiv der Naturfotografie.<\/p>\t\t\t\t\t\t\t\t<\/div>\n\t\t\t\t<\/div>\n\t\t\t\t<\/div>\n\t\t<div class=\"elementor-element elementor-element-8a9dd28 e-con-full e-flex e-con e-child\" data-id=\"8a9dd28\" data-element_type=\"container\" data-e-type=\"container\">\n\t\t\t\t<div class=\"elementor-element elementor-element-190b140 elementor-widget elementor-widget-image\" data-id=\"190b140\" data-element_type=\"widget\" data-e-type=\"widget\" data-widget_type=\"image.default\">\n\t\t\t\t<div class=\"elementor-widget-container\">\n\t\t\t\t\t\t\t\t\t\t\t\t\t\t\t<img loading=\"lazy\" decoding=\"async\" width=\"600\" height=\"400\" src=\"https:\/\/nature-fineart.com\/vogelfotografie-spanien\/wp-content\/uploads\/2026\/06\/Buchfink-auf-natuerlichem-Ansitz-600x400.jpg\" class=\"attachment-medium size-medium wp-image-8460\" alt=\"\" srcset=\"https:\/\/nature-fineart.com\/vogelfotografie-spanien\/wp-content\/uploads\/2026\/06\/Buchfink-auf-natuerlichem-Ansitz-600x400.jpg 600w, https:\/\/nature-fineart.com\/vogelfotografie-spanien\/wp-content\/uploads\/2026\/06\/Buchfink-auf-natuerlichem-Ansitz-768x512.jpg 768w, https:\/\/nature-fineart.com\/vogelfotografie-spanien\/wp-content\/uploads\/2026\/06\/Buchfink-auf-natuerlichem-Ansitz.jpg 1024w\" sizes=\"(max-width: 600px) 100vw, 600px\" \/>\t\t\t\t\t\t\t\t\t\t\t\t\t\t\t<\/div>\n\t\t\t\t<\/div>\n\t\t\t\t<\/div>\n\t\t\t\t<\/div>\n\t\t\t\t\t<\/div>\n\t\t\t\t<\/div>\n\t\t<div class=\"elementor-element elementor-element-5590b19 bird-item e-flex e-con-boxed e-con e-parent\" data-id=\"5590b19\" data-element_type=\"container\" data-e-type=\"container\">\n\t\t\t\t\t<div class=\"e-con-inner\">\n\t\t\t\t<div class=\"elementor-element elementor-element-3ad7560 elementor-widget elementor-widget-spacer\" data-id=\"3ad7560\" data-element_type=\"widget\" data-e-type=\"widget\" data-widget_type=\"spacer.default\">\n\t\t\t\t<div class=\"elementor-widget-container\">\n\t\t\t\t\t\t\t<div class=\"elementor-spacer\">\n\t\t\t<div class=\"elementor-spacer-inner\"><\/div>\n\t\t<\/div>\n\t\t\t\t\t\t<\/div>\n\t\t\t\t<\/div>\n\t\t<div class=\"elementor-element elementor-element-fadecf6 e-con-full e-flex e-con e-child\" data-id=\"fadecf6\" data-element_type=\"container\" data-e-type=\"container\">\n\t\t\t\t<div class=\"elementor-element elementor-element-b3b3f11 elementor-widget elementor-widget-tourmbutton\" data-id=\"b3b3f11\" data-element_type=\"widget\" data-e-type=\"widget\" data-widget_type=\"tourmbutton.default\">\n\t\t\t\t<div class=\"elementor-widget-container\">\n\t\t\t\t\t<div class=\"btn-wrapper\"><a class=\"th-btn th_btn th-icon \" href=\"https:\/\/nature-fineart.com\/vogelfotografie-spanien\/gartenbaumlaeufer\/\">Art entdecken<\/a><\/div>\t\t\t\t<\/div>\n\t\t\t\t<\/div>\n\t\t<div class=\"elementor-element elementor-element-1b83051 e-con-full e-flex e-con e-child\" data-id=\"1b83051\" data-element_type=\"container\" data-e-type=\"container\">\n\t\t\t\t<div class=\"elementor-element elementor-element-dbdddbe elementor-widget elementor-widget-text-editor\" data-id=\"dbdddbe\" data-element_type=\"widget\" data-e-type=\"widget\" data-widget_type=\"text-editor.default\">\n\t\t\t\t<div class=\"elementor-widget-container\">\n\t\t\t\t\t\t\t\t\t<p><strong>Gartenbauml\u00e4ufer<\/strong> \u2013 perfekt getarnt an der Baumrinde:<\/p><p>Der Gartenbauml\u00e4ufer l\u00e4uft schnell und teilweise spiralf\u00f6rmig an Baumst\u00e4mmen hinauf. Mit Geduld, kurzer Verschlusszeit und gezieltem Autofokus entstehen abwechslungsreiche Aufnahmen seines besonderen Verhaltens.<\/p>\t\t\t\t\t\t\t\t<\/div>\n\t\t\t\t<\/div>\n\t\t\t\t<\/div>\n\t\t<div class=\"elementor-element elementor-element-39d4a5c e-con-full e-flex e-con e-child\" data-id=\"39d4a5c\" data-element_type=\"container\" data-e-type=\"container\">\n\t\t\t\t<div class=\"elementor-element elementor-element-023543a elementor-widget elementor-widget-image\" data-id=\"023543a\" data-element_type=\"widget\" data-e-type=\"widget\" data-widget_type=\"image.default\">\n\t\t\t\t<div class=\"elementor-widget-container\">\n\t\t\t\t\t\t\t\t\t\t\t\t\t\t\t<img loading=\"lazy\" decoding=\"async\" width=\"600\" height=\"400\" src=\"https:\/\/nature-fineart.com\/vogelfotografie-spanien\/wp-content\/uploads\/2026\/07\/Gartenbaumlaeufer-fotografieren-600x400.jpg\" class=\"attachment-medium size-medium wp-image-9183\" alt=\"\" srcset=\"https:\/\/nature-fineart.com\/vogelfotografie-spanien\/wp-content\/uploads\/2026\/07\/Gartenbaumlaeufer-fotografieren-600x400.jpg 600w, https:\/\/nature-fineart.com\/vogelfotografie-spanien\/wp-content\/uploads\/2026\/07\/Gartenbaumlaeufer-fotografieren-768x512.jpg 768w, https:\/\/nature-fineart.com\/vogelfotografie-spanien\/wp-content\/uploads\/2026\/07\/Gartenbaumlaeufer-fotografieren.jpg 1024w\" sizes=\"(max-width: 600px) 100vw, 600px\" \/>\t\t\t\t\t\t\t\t\t\t\t\t\t\t\t<\/div>\n\t\t\t\t<\/div>\n\t\t\t\t<\/div>\n\t\t\t\t<\/div>\n\t\t\t\t\t<\/div>\n\t\t\t\t<\/div>\n\t\t<div class=\"elementor-element elementor-element-b39befb bird-item e-flex e-con-boxed e-con e-parent\" data-id=\"b39befb\" data-element_type=\"container\" data-e-type=\"container\">\n\t\t\t\t\t<div class=\"e-con-inner\">\n\t\t\t\t<div class=\"elementor-element elementor-element-7d11bab elementor-widget elementor-widget-spacer\" data-id=\"7d11bab\" data-element_type=\"widget\" data-e-type=\"widget\" data-widget_type=\"spacer.default\">\n\t\t\t\t<div class=\"elementor-widget-container\">\n\t\t\t\t\t\t\t<div class=\"elementor-spacer\">\n\t\t\t<div class=\"elementor-spacer-inner\"><\/div>\n\t\t<\/div>\n\t\t\t\t\t\t<\/div>\n\t\t\t\t<\/div>\n\t\t<div class=\"elementor-element elementor-element-dcb64db e-con-full e-flex e-con e-child\" data-id=\"dcb64db\" data-element_type=\"container\" data-e-type=\"container\">\n\t\t\t\t<div class=\"elementor-element elementor-element-f86ce3e elementor-widget elementor-widget-tourmbutton\" data-id=\"f86ce3e\" data-element_type=\"widget\" data-e-type=\"widget\" data-widget_type=\"tourmbutton.default\">\n\t\t\t\t<div class=\"elementor-widget-container\">\n\t\t\t\t\t<div class=\"btn-wrapper\"><a class=\"th-btn th_btn th-icon \" href=\"https:\/\/nature-fineart.com\/vogelfotografie-spanien\/kleiber\/\">Art entdecken<\/a><\/div>\t\t\t\t<\/div>\n\t\t\t\t<\/div>\n\t\t<div class=\"elementor-element elementor-element-32cf227 e-con-full e-flex e-con e-child\" data-id=\"32cf227\" data-element_type=\"container\" data-e-type=\"container\">\n\t\t\t\t<div class=\"elementor-element elementor-element-44dd855 elementor-widget elementor-widget-text-editor\" data-id=\"44dd855\" data-element_type=\"widget\" data-e-type=\"widget\" data-widget_type=\"text-editor.default\">\n\t\t\t\t<div class=\"elementor-widget-container\">\n\t\t\t\t\t\t\t\t\t<p><strong>Kleiber<\/strong> \u2013 Der Akrobat am Baumstamm:<\/p><p>Der Kleiber ist einer der wenigen europ\u00e4ischen Singv\u00f6gel, die Baumst\u00e4mme kopf\u00fcber hinunterlaufen k\u00f6nnen. Sein unverwechselbares Verhalten macht ihn zu einem spannenden Motiv der Naturfotografie.<\/p>\t\t\t\t\t\t\t\t<\/div>\n\t\t\t\t<\/div>\n\t\t\t\t<\/div>\n\t\t<div class=\"elementor-element elementor-element-fb4d5a1 e-con-full e-flex e-con e-child\" data-id=\"fb4d5a1\" data-element_type=\"container\" data-e-type=\"container\">\n\t\t\t\t<div class=\"elementor-element elementor-element-1cf7d95 elementor-widget elementor-widget-image\" data-id=\"1cf7d95\" data-element_type=\"widget\" data-e-type=\"widget\" data-widget_type=\"image.default\">\n\t\t\t\t<div class=\"elementor-widget-container\">\n\t\t\t\t\t\t\t\t\t\t\t\t\t\t\t<img loading=\"lazy\" decoding=\"async\" width=\"600\" height=\"400\" src=\"https:\/\/nature-fineart.com\/vogelfotografie-spanien\/wp-content\/uploads\/2026\/06\/Kleiber-am-Baumstamm-600x400.jpg\" class=\"attachment-medium size-medium wp-image-8472\" alt=\"\" srcset=\"https:\/\/nature-fineart.com\/vogelfotografie-spanien\/wp-content\/uploads\/2026\/06\/Kleiber-am-Baumstamm-600x400.jpg 600w, https:\/\/nature-fineart.com\/vogelfotografie-spanien\/wp-content\/uploads\/2026\/06\/Kleiber-am-Baumstamm-768x512.jpg 768w, https:\/\/nature-fineart.com\/vogelfotografie-spanien\/wp-content\/uploads\/2026\/06\/Kleiber-am-Baumstamm.jpg 1024w\" sizes=\"(max-width: 600px) 100vw, 600px\" \/>\t\t\t\t\t\t\t\t\t\t\t\t\t\t\t<\/div>\n\t\t\t\t<\/div>\n\t\t\t\t<\/div>\n\t\t\t\t<\/div>\n\t\t\t\t\t<\/div>\n\t\t\t\t<\/div>\n\t\t<div class=\"elementor-element elementor-element-e39bbad bird-item e-flex e-con-boxed e-con e-parent\" data-id=\"e39bbad\" data-element_type=\"container\" data-e-type=\"container\">\n\t\t\t\t\t<div class=\"e-con-inner\">\n\t\t\t\t<div class=\"elementor-element elementor-element-f3c0211 elementor-widget elementor-widget-spacer\" data-id=\"f3c0211\" data-element_type=\"widget\" data-e-type=\"widget\" data-widget_type=\"spacer.default\">\n\t\t\t\t<div class=\"elementor-widget-container\">\n\t\t\t\t\t\t\t<div class=\"elementor-spacer\">\n\t\t\t<div class=\"elementor-spacer-inner\"><\/div>\n\t\t<\/div>\n\t\t\t\t\t\t<\/div>\n\t\t\t\t<\/div>\n\t\t<div class=\"elementor-element elementor-element-31aaddd e-con-full e-flex e-con e-child\" data-id=\"31aaddd\" data-element_type=\"container\" data-e-type=\"container\">\n\t\t\t\t<div class=\"elementor-element elementor-element-fdb4a6e elementor-widget elementor-widget-tourmbutton\" data-id=\"fdb4a6e\" data-element_type=\"widget\" data-e-type=\"widget\" data-widget_type=\"tourmbutton.default\">\n\t\t\t\t<div class=\"elementor-widget-container\">\n\t\t\t\t\t<div class=\"btn-wrapper\"><a class=\"th-btn th_btn th-icon \" href=\"https:\/\/nature-fineart.com\/vogelfotografie-spanien\/blaumerle-spanien\/\">Art entdecken<\/a><\/div>\t\t\t\t<\/div>\n\t\t\t\t<\/div>\n\t\t<div class=\"elementor-element elementor-element-e815b77 e-con-full e-flex e-con e-child\" data-id=\"e815b77\" data-element_type=\"container\" data-e-type=\"container\">\n\t\t\t\t<div class=\"elementor-element elementor-element-64709f1 elementor-widget elementor-widget-text-editor\" data-id=\"64709f1\" data-element_type=\"widget\" data-e-type=\"widget\" data-widget_type=\"text-editor.default\">\n\t\t\t\t<div class=\"elementor-widget-container\">\n\t\t\t\t\t\t\t\t\t<p><strong>Blaumerle<\/strong> \u2013 blaues Juwel felsiger Landschaften:<\/p><p>Die Blaumerle lebt in trockenen, felsigen Landschaften und nutzt h\u00e4ufig erh\u00f6hte Warten. Im richtigen Licht kommen ihr tiefblaues Gefieder und die besondere Wirkung des Lebensraums besonders sch\u00f6n zur Geltung.<\/p>\t\t\t\t\t\t\t\t<\/div>\n\t\t\t\t<\/div>\n\t\t\t\t<\/div>\n\t\t<div class=\"elementor-element elementor-element-3a2ca9b e-con-full e-flex e-con e-child\" data-id=\"3a2ca9b\" data-element_type=\"container\" data-e-type=\"container\">\n\t\t\t\t<div class=\"elementor-element elementor-element-61cfe61 elementor-widget elementor-widget-image\" data-id=\"61cfe61\" data-element_type=\"widget\" data-e-type=\"widget\" data-widget_type=\"image.default\">\n\t\t\t\t<div class=\"elementor-widget-container\">\n\t\t\t\t\t\t\t\t\t\t\t\t\t\t\t<img loading=\"lazy\" decoding=\"async\" width=\"600\" height=\"400\" src=\"https:\/\/nature-fineart.com\/vogelfotografie-spanien\/wp-content\/uploads\/2025\/06\/Blaumerle-600x400.jpg\" class=\"attachment-medium size-medium wp-image-5124\" alt=\"\" srcset=\"https:\/\/nature-fineart.com\/vogelfotografie-spanien\/wp-content\/uploads\/2025\/06\/Blaumerle-600x400.jpg 600w, https:\/\/nature-fineart.com\/vogelfotografie-spanien\/wp-content\/uploads\/2025\/06\/Blaumerle-768x512.jpg 768w, https:\/\/nature-fineart.com\/vogelfotografie-spanien\/wp-content\/uploads\/2025\/06\/Blaumerle.jpg 1024w\" sizes=\"(max-width: 600px) 100vw, 600px\" \/>\t\t\t\t\t\t\t\t\t\t\t\t\t\t\t<\/div>\n\t\t\t\t<\/div>\n\t\t\t\t<\/div>\n\t\t\t\t<\/div>\n\t\t\t\t\t<\/div>\n\t\t\t\t<\/div>\n\t\t<div class=\"elementor-element elementor-element-061559b bird-item e-flex e-con-boxed e-con e-parent\" data-id=\"061559b\" data-element_type=\"container\" data-e-type=\"container\">\n\t\t\t\t\t<div class=\"e-con-inner\">\n\t\t\t\t<div class=\"elementor-element elementor-element-35f8650 elementor-widget elementor-widget-spacer\" data-id=\"35f8650\" data-element_type=\"widget\" data-e-type=\"widget\" data-widget_type=\"spacer.default\">\n\t\t\t\t<div class=\"elementor-widget-container\">\n\t\t\t\t\t\t\t<div class=\"elementor-spacer\">\n\t\t\t<div class=\"elementor-spacer-inner\"><\/div>\n\t\t<\/div>\n\t\t\t\t\t\t<\/div>\n\t\t\t\t<\/div>\n\t\t<div class=\"elementor-element elementor-element-fe6c79a e-con-full e-flex e-con e-child\" data-id=\"fe6c79a\" data-element_type=\"container\" data-e-type=\"container\">\n\t\t\t\t<div class=\"elementor-element elementor-element-4b85bf1 elementor-widget elementor-widget-tourmbutton\" data-id=\"4b85bf1\" data-element_type=\"widget\" data-e-type=\"widget\" data-widget_type=\"tourmbutton.default\">\n\t\t\t\t<div class=\"elementor-widget-container\">\n\t\t\t\t\t<div class=\"btn-wrapper\"><a class=\"th-btn th_btn th-icon \" href=\"https:\/\/nature-fineart.com\/vogelfotografie-spanien\/blaukehlchen\/\">Art entdecken<\/a><\/div>\t\t\t\t<\/div>\n\t\t\t\t<\/div>\n\t\t<div class=\"elementor-element elementor-element-2402eb3 e-con-full e-flex e-con e-child\" data-id=\"2402eb3\" data-element_type=\"container\" data-e-type=\"container\">\n\t\t\t\t<div class=\"elementor-element elementor-element-35b6598 elementor-widget elementor-widget-text-editor\" data-id=\"35b6598\" data-element_type=\"widget\" data-e-type=\"widget\" data-widget_type=\"text-editor.default\">\n\t\t\t\t<div class=\"elementor-widget-container\">\n\t\t\t\t\t\t\t\t\t<p><strong>Blaukehlchen<\/strong> \u2013 Der S\u00e4nger mit der leuchtend blauen Kehle:<\/p><p>Das Blaukehlchen geh\u00f6rt zu den farbenpr\u00e4chtigsten Singv\u00f6geln Europas. In Spanien l\u00e4sst es sich je nach Jahreszeit in Feuchtgebieten oder w\u00e4hrend der Brutzeit in den Gebirgslandschaften Nordspaniens beobachten und fotografieren.<\/p>\t\t\t\t\t\t\t\t<\/div>\n\t\t\t\t<\/div>\n\t\t\t\t<\/div>\n\t\t<div class=\"elementor-element elementor-element-fc58d06 e-con-full e-flex e-con e-child\" data-id=\"fc58d06\" data-element_type=\"container\" data-e-type=\"container\">\n\t\t\t\t<div class=\"elementor-element elementor-element-0f2458e elementor-widget elementor-widget-image\" data-id=\"0f2458e\" data-element_type=\"widget\" data-e-type=\"widget\" data-widget_type=\"image.default\">\n\t\t\t\t<div class=\"elementor-widget-container\">\n\t\t\t\t\t\t\t\t\t\t\t\t\t\t\t<img loading=\"lazy\" decoding=\"async\" width=\"600\" height=\"400\" src=\"https:\/\/nature-fineart.com\/vogelfotografie-spanien\/wp-content\/uploads\/2026\/06\/Blaukehlchen-auf-Gister-in-Spanien-600x400.jpg\" class=\"attachment-medium size-medium wp-image-8507\" alt=\"\" srcset=\"https:\/\/nature-fineart.com\/vogelfotografie-spanien\/wp-content\/uploads\/2026\/06\/Blaukehlchen-auf-Gister-in-Spanien-600x400.jpg 600w, https:\/\/nature-fineart.com\/vogelfotografie-spanien\/wp-content\/uploads\/2026\/06\/Blaukehlchen-auf-Gister-in-Spanien-768x512.jpg 768w, https:\/\/nature-fineart.com\/vogelfotografie-spanien\/wp-content\/uploads\/2026\/06\/Blaukehlchen-auf-Gister-in-Spanien.jpg 1024w\" sizes=\"(max-width: 600px) 100vw, 600px\" \/>\t\t\t\t\t\t\t\t\t\t\t\t\t\t\t<\/div>\n\t\t\t\t<\/div>\n\t\t\t\t<\/div>\n\t\t\t\t<\/div>\n\t\t\t\t\t<\/div>\n\t\t\t\t<\/div>\n\t\t<div class=\"elementor-element elementor-element-b5ddca6 bird-item e-flex e-con-boxed e-con e-parent\" data-id=\"b5ddca6\" data-element_type=\"container\" data-e-type=\"container\">\n\t\t\t\t\t<div class=\"e-con-inner\">\n\t\t\t\t<div class=\"elementor-element elementor-element-ca65dcd elementor-widget elementor-widget-spacer\" data-id=\"ca65dcd\" data-element_type=\"widget\" data-e-type=\"widget\" data-widget_type=\"spacer.default\">\n\t\t\t\t<div class=\"elementor-widget-container\">\n\t\t\t\t\t\t\t<div class=\"elementor-spacer\">\n\t\t\t<div class=\"elementor-spacer-inner\"><\/div>\n\t\t<\/div>\n\t\t\t\t\t\t<\/div>\n\t\t\t\t<\/div>\n\t\t<div class=\"elementor-element elementor-element-dcd44ca e-con-full e-flex e-con e-child\" data-id=\"dcd44ca\" data-element_type=\"container\" data-e-type=\"container\">\n\t\t\t\t<div class=\"elementor-element elementor-element-d252696 elementor-widget elementor-widget-tourmbutton\" data-id=\"d252696\" data-element_type=\"widget\" data-e-type=\"widget\" data-widget_type=\"tourmbutton.default\">\n\t\t\t\t<div class=\"elementor-widget-container\">\n\t\t\t\t\t<div class=\"btn-wrapper\"><a class=\"th-btn th_btn th-icon \" href=\"https:\/\/nature-fineart.com\/vogelfotografie-spanien\/heckenbraunelle\/\">Art entdecken<\/a><\/div>\t\t\t\t<\/div>\n\t\t\t\t<\/div>\n\t\t<div class=\"elementor-element elementor-element-4b19971 e-con-full e-flex e-con e-child\" data-id=\"4b19971\" data-element_type=\"container\" data-e-type=\"container\">\n\t\t\t\t<div class=\"elementor-element elementor-element-babbeea elementor-widget elementor-widget-text-editor\" data-id=\"babbeea\" data-element_type=\"widget\" data-e-type=\"widget\" data-widget_type=\"text-editor.default\">\n\t\t\t\t<div class=\"elementor-widget-container\">\n\t\t\t\t\t\t\t\t\t<p><strong>Heckenbraunelle<\/strong> \u2013 zur\u00fcckhaltende Sch\u00f6nheit im Geb\u00fcsch:<\/p><p>Die Heckenbraunelle wirkt zun\u00e4chst unscheinbar, zeigt im richtigen Licht aber feine Grau- und Braunt\u00f6ne. Besonders im Fr\u00fchjahr l\u00e4sst sie sich auf Ginster, Steinen und niedrigen Singwarten fotografieren.<\/p>\t\t\t\t\t\t\t\t<\/div>\n\t\t\t\t<\/div>\n\t\t\t\t<\/div>\n\t\t<div class=\"elementor-element elementor-element-da79221 e-con-full e-flex e-con e-child\" data-id=\"da79221\" data-element_type=\"container\" data-e-type=\"container\">\n\t\t\t\t<div class=\"elementor-element elementor-element-46b7680 elementor-widget elementor-widget-image\" data-id=\"46b7680\" data-element_type=\"widget\" data-e-type=\"widget\" data-widget_type=\"image.default\">\n\t\t\t\t<div class=\"elementor-widget-container\">\n\t\t\t\t\t\t\t\t\t\t\t\t\t\t\t<img loading=\"lazy\" decoding=\"async\" width=\"600\" height=\"400\" src=\"https:\/\/nature-fineart.com\/vogelfotografie-spanien\/wp-content\/uploads\/2026\/07\/Heckenbraunelle-fotografieren-600x400.jpg\" class=\"attachment-medium size-medium wp-image-9067\" alt=\"\" srcset=\"https:\/\/nature-fineart.com\/vogelfotografie-spanien\/wp-content\/uploads\/2026\/07\/Heckenbraunelle-fotografieren-600x400.jpg 600w, https:\/\/nature-fineart.com\/vogelfotografie-spanien\/wp-content\/uploads\/2026\/07\/Heckenbraunelle-fotografieren-768x512.jpg 768w, https:\/\/nature-fineart.com\/vogelfotografie-spanien\/wp-content\/uploads\/2026\/07\/Heckenbraunelle-fotografieren.jpg 1024w\" sizes=\"(max-width: 600px) 100vw, 600px\" \/>\t\t\t\t\t\t\t\t\t\t\t\t\t\t\t<\/div>\n\t\t\t\t<\/div>\n\t\t\t\t<\/div>\n\t\t\t\t<\/div>\n\t\t\t\t\t<\/div>\n\t\t\t\t<\/div>\n\t\t<div class=\"elementor-element elementor-element-21ca47d bird-item e-flex e-con-boxed e-con e-parent\" data-id=\"21ca47d\" data-element_type=\"container\" data-e-type=\"container\">\n\t\t\t\t\t<div class=\"e-con-inner\">\n\t\t\t\t<div class=\"elementor-element elementor-element-ec1e018 elementor-widget elementor-widget-spacer\" data-id=\"ec1e018\" data-element_type=\"widget\" data-e-type=\"widget\" data-widget_type=\"spacer.default\">\n\t\t\t\t<div class=\"elementor-widget-container\">\n\t\t\t\t\t\t\t<div class=\"elementor-spacer\">\n\t\t\t<div class=\"elementor-spacer-inner\"><\/div>\n\t\t<\/div>\n\t\t\t\t\t\t<\/div>\n\t\t\t\t<\/div>\n\t\t<div class=\"elementor-element elementor-element-bc4ef1e e-con-full e-flex e-con e-child\" data-id=\"bc4ef1e\" data-element_type=\"container\" data-e-type=\"container\">\n\t\t\t\t<div class=\"elementor-element elementor-element-8991380 elementor-widget elementor-widget-tourmbutton\" data-id=\"8991380\" data-element_type=\"widget\" data-e-type=\"widget\" data-widget_type=\"tourmbutton.default\">\n\t\t\t\t<div class=\"elementor-widget-container\">\n\t\t\t\t\t<div class=\"btn-wrapper\"><a class=\"th-btn th_btn th-icon \" href=\"https:\/\/nature-fineart.com\/vogelfotografie-spanien\/trauersteinschmaetzer\/\">Art entdecken<\/a><\/div>\t\t\t\t<\/div>\n\t\t\t\t<\/div>\n\t\t<div class=\"elementor-element elementor-element-da0d09f e-con-full e-flex e-con e-child\" data-id=\"da0d09f\" data-element_type=\"container\" data-e-type=\"container\">\n\t\t\t\t<div class=\"elementor-element elementor-element-a4d7480 elementor-widget elementor-widget-text-editor\" data-id=\"a4d7480\" data-element_type=\"widget\" data-e-type=\"widget\" data-widget_type=\"text-editor.default\">\n\t\t\t\t<div class=\"elementor-widget-container\">\n\t\t\t\t\t\t\t\t\t<p><strong>Trauersteinschm\u00e4tzer<\/strong> \u2013 Kontraste der Felslandschaft:<\/p><p>Der Trauersteinschm\u00e4tzer geh\u00f6rt zu den charakteristischen Arten trockener Felslandschaften in Spanien. Besonders der starke Kontrast zwischen dunklem Gefieder und hellem Schwanz macht ihn fotografisch anspruchsvoll und faszinierend.<\/p>\t\t\t\t\t\t\t\t<\/div>\n\t\t\t\t<\/div>\n\t\t\t\t<\/div>\n\t\t<div class=\"elementor-element elementor-element-7fd4563 e-con-full e-flex e-con e-child\" data-id=\"7fd4563\" data-element_type=\"container\" data-e-type=\"container\">\n\t\t\t\t<div class=\"elementor-element elementor-element-daa6c72 elementor-widget elementor-widget-image\" data-id=\"daa6c72\" data-element_type=\"widget\" data-e-type=\"widget\" data-widget_type=\"image.default\">\n\t\t\t\t<div class=\"elementor-widget-container\">\n\t\t\t\t\t\t\t\t\t\t\t\t\t\t\t<img loading=\"lazy\" decoding=\"async\" width=\"600\" height=\"400\" src=\"https:\/\/nature-fineart.com\/vogelfotografie-spanien\/wp-content\/uploads\/2026\/07\/Trauersteinschmaetzer-auf-natuerlichem-Ansitz-fotografieren-600x400.jpg\" class=\"attachment-medium size-medium wp-image-8828\" alt=\"\" srcset=\"https:\/\/nature-fineart.com\/vogelfotografie-spanien\/wp-content\/uploads\/2026\/07\/Trauersteinschmaetzer-auf-natuerlichem-Ansitz-fotografieren-600x400.jpg 600w, https:\/\/nature-fineart.com\/vogelfotografie-spanien\/wp-content\/uploads\/2026\/07\/Trauersteinschmaetzer-auf-natuerlichem-Ansitz-fotografieren-768x512.jpg 768w, https:\/\/nature-fineart.com\/vogelfotografie-spanien\/wp-content\/uploads\/2026\/07\/Trauersteinschmaetzer-auf-natuerlichem-Ansitz-fotografieren.jpg 1024w\" sizes=\"(max-width: 600px) 100vw, 600px\" \/>\t\t\t\t\t\t\t\t\t\t\t\t\t\t\t<\/div>\n\t\t\t\t<\/div>\n\t\t\t\t<\/div>\n\t\t\t\t<\/div>\n\t\t\t\t\t<\/div>\n\t\t\t\t<\/div>\n\t\t<div class=\"elementor-element elementor-element-a291d0f bird-item e-flex e-con-boxed e-con e-parent\" data-id=\"a291d0f\" data-element_type=\"container\" data-e-type=\"container\">\n\t\t\t\t\t<div class=\"e-con-inner\">\n\t\t\t\t<div class=\"elementor-element elementor-element-08926a8 elementor-widget elementor-widget-spacer\" data-id=\"08926a8\" data-element_type=\"widget\" data-e-type=\"widget\" data-widget_type=\"spacer.default\">\n\t\t\t\t<div class=\"elementor-widget-container\">\n\t\t\t\t\t\t\t<div class=\"elementor-spacer\">\n\t\t\t<div class=\"elementor-spacer-inner\"><\/div>\n\t\t<\/div>\n\t\t\t\t\t\t<\/div>\n\t\t\t\t<\/div>\n\t\t<div class=\"elementor-element elementor-element-fd67441 e-con-full e-flex e-con e-child\" data-id=\"fd67441\" data-element_type=\"container\" data-e-type=\"container\">\n\t\t\t\t<div class=\"elementor-element elementor-element-d681eb4 elementor-widget elementor-widget-tourmbutton\" data-id=\"d681eb4\" data-element_type=\"widget\" data-e-type=\"widget\" data-widget_type=\"tourmbutton.default\">\n\t\t\t\t<div class=\"elementor-widget-container\">\n\t\t\t\t\t<div class=\"btn-wrapper\"><a class=\"th-btn th_btn th-icon \" href=\"https:\/\/nature-fineart.com\/vogelfotografie-spanien\/iberien-raubwuerger\/\">Art entdecken<\/a><\/div>\t\t\t\t<\/div>\n\t\t\t\t<\/div>\n\t\t<div class=\"elementor-element elementor-element-afc9b48 e-con-full e-flex e-con e-child\" data-id=\"afc9b48\" data-element_type=\"container\" data-e-type=\"container\">\n\t\t\t\t<div class=\"elementor-element elementor-element-c7adb86 elementor-widget elementor-widget-text-editor\" data-id=\"c7adb86\" data-element_type=\"widget\" data-e-type=\"widget\" data-widget_type=\"text-editor.default\">\n\t\t\t\t<div class=\"elementor-widget-container\">\n\t\t\t\t\t\t\t\t\t<p><strong>Iberien-Raubw\u00fcrger<\/strong> \u2013 kleiner J\u00e4ger der offenen Landschaft:<\/p><p>Der Iberien-Raubw\u00fcrger ist ein typischer Vogel der Iberischen Halbinsel. Mit seinem kr\u00e4ftigen Schnabel, seiner aufrechten Haltung und seinem greifvogel\u00e4hnlichen Jagdverhalten geh\u00f6rt er zu den spannendsten Singv\u00f6geln Spaniens.<\/p>\t\t\t\t\t\t\t\t<\/div>\n\t\t\t\t<\/div>\n\t\t\t\t<\/div>\n\t\t<div class=\"elementor-element elementor-element-6078180 e-con-full e-flex e-con e-child\" data-id=\"6078180\" data-element_type=\"container\" data-e-type=\"container\">\n\t\t\t\t<div class=\"elementor-element elementor-element-a984ee4 elementor-widget elementor-widget-image\" data-id=\"a984ee4\" data-element_type=\"widget\" data-e-type=\"widget\" data-widget_type=\"image.default\">\n\t\t\t\t<div class=\"elementor-widget-container\">\n\t\t\t\t\t\t\t\t\t\t\t\t\t\t\t<img loading=\"lazy\" decoding=\"async\" width=\"600\" height=\"400\" src=\"https:\/\/nature-fineart.com\/vogelfotografie-spanien\/wp-content\/uploads\/2026\/07\/Kreative-Aufnahme-eines-Iberien-Raubwuergers-im-Gegenlicht-600x400.jpg\" class=\"attachment-medium size-medium wp-image-8844\" alt=\"\" srcset=\"https:\/\/nature-fineart.com\/vogelfotografie-spanien\/wp-content\/uploads\/2026\/07\/Kreative-Aufnahme-eines-Iberien-Raubwuergers-im-Gegenlicht-600x400.jpg 600w, https:\/\/nature-fineart.com\/vogelfotografie-spanien\/wp-content\/uploads\/2026\/07\/Kreative-Aufnahme-eines-Iberien-Raubwuergers-im-Gegenlicht-768x512.jpg 768w, https:\/\/nature-fineart.com\/vogelfotografie-spanien\/wp-content\/uploads\/2026\/07\/Kreative-Aufnahme-eines-Iberien-Raubwuergers-im-Gegenlicht.jpg 1024w\" sizes=\"(max-width: 600px) 100vw, 600px\" \/>\t\t\t\t\t\t\t\t\t\t\t\t\t\t\t<\/div>\n\t\t\t\t<\/div>\n\t\t\t\t<\/div>\n\t\t\t\t<\/div>\n\t\t\t\t\t<\/div>\n\t\t\t\t<\/div>\n\t\t<div class=\"elementor-element elementor-element-f23e34d bird-item e-flex e-con-boxed e-con e-parent\" data-id=\"f23e34d\" data-element_type=\"container\" data-e-type=\"container\">\n\t\t\t\t\t<div class=\"e-con-inner\">\n\t\t\t\t<div class=\"elementor-element elementor-element-4aeda0f elementor-widget elementor-widget-spacer\" data-id=\"4aeda0f\" data-element_type=\"widget\" data-e-type=\"widget\" data-widget_type=\"spacer.default\">\n\t\t\t\t<div class=\"elementor-widget-container\">\n\t\t\t\t\t\t\t<div class=\"elementor-spacer\">\n\t\t\t<div class=\"elementor-spacer-inner\"><\/div>\n\t\t<\/div>\n\t\t\t\t\t\t<\/div>\n\t\t\t\t<\/div>\n\t\t<div class=\"elementor-element elementor-element-d4a3fca e-con-full e-flex e-con e-child\" data-id=\"d4a3fca\" data-element_type=\"container\" data-e-type=\"container\">\n\t\t\t\t<div class=\"elementor-element elementor-element-0255231 elementor-widget elementor-widget-tourmbutton\" data-id=\"0255231\" data-element_type=\"widget\" data-e-type=\"widget\" data-widget_type=\"tourmbutton.default\">\n\t\t\t\t<div class=\"elementor-widget-container\">\n\t\t\t\t\t<div class=\"btn-wrapper\"><a class=\"th-btn th_btn th-icon \" href=\"https:\/\/nature-fineart.com\/vogelfotografie-spanien\/maurensteinschmaetzer\/\">Art entdecken<\/a><\/div>\t\t\t\t<\/div>\n\t\t\t\t<\/div>\n\t\t<div class=\"elementor-element elementor-element-76fbab2 e-con-full e-flex e-con e-child\" data-id=\"76fbab2\" data-element_type=\"container\" data-e-type=\"container\">\n\t\t\t\t<div class=\"elementor-element elementor-element-27210ea elementor-widget elementor-widget-text-editor\" data-id=\"27210ea\" data-element_type=\"widget\" data-e-type=\"widget\" data-widget_type=\"text-editor.default\">\n\t\t\t\t<div class=\"elementor-widget-container\">\n\t\t\t\t\t\t\t\t\t<p><strong>Maurensteinschm\u00e4tzer<\/strong> \u2013 mediterraner Vogel mit starken Kontrasten:<\/p><p>Der Maurensteinschm\u00e4tzer f\u00e4llt durch sein helles, warm get\u00f6ntes Gefieder und die kontrastreichen schwarzen Partien auf. Besonders auf nat\u00fcrlichen Sitzwarten ist er ein au\u00dfergew\u00f6hnliches Fotomotiv offener Landschaften.<\/p>\t\t\t\t\t\t\t\t<\/div>\n\t\t\t\t<\/div>\n\t\t\t\t<\/div>\n\t\t<div class=\"elementor-element elementor-element-9fa756e e-con-full e-flex e-con e-child\" data-id=\"9fa756e\" data-element_type=\"container\" data-e-type=\"container\">\n\t\t\t\t<div class=\"elementor-element elementor-element-e774dda elementor-widget elementor-widget-image\" data-id=\"e774dda\" data-element_type=\"widget\" data-e-type=\"widget\" data-widget_type=\"image.default\">\n\t\t\t\t<div class=\"elementor-widget-container\">\n\t\t\t\t\t\t\t\t\t\t\t\t\t\t\t<img loading=\"lazy\" decoding=\"async\" width=\"600\" height=\"424\" src=\"https:\/\/nature-fineart.com\/vogelfotografie-spanien\/wp-content\/uploads\/2026\/07\/Maurensteinschmaetzer-im-natuerlichen-Lebensraum-600x424.jpg\" class=\"attachment-medium size-medium wp-image-8999\" alt=\"\" srcset=\"https:\/\/nature-fineart.com\/vogelfotografie-spanien\/wp-content\/uploads\/2026\/07\/Maurensteinschmaetzer-im-natuerlichen-Lebensraum-600x424.jpg 600w, https:\/\/nature-fineart.com\/vogelfotografie-spanien\/wp-content\/uploads\/2026\/07\/Maurensteinschmaetzer-im-natuerlichen-Lebensraum-768x542.jpg 768w, https:\/\/nature-fineart.com\/vogelfotografie-spanien\/wp-content\/uploads\/2026\/07\/Maurensteinschmaetzer-im-natuerlichen-Lebensraum.jpg 1024w\" sizes=\"(max-width: 600px) 100vw, 600px\" \/>\t\t\t\t\t\t\t\t\t\t\t\t\t\t\t<\/div>\n\t\t\t\t<\/div>\n\t\t\t\t<\/div>\n\t\t\t\t<\/div>\n\t\t\t\t\t<\/div>\n\t\t\t\t<\/div>\n\t\t<div class=\"elementor-element elementor-element-cab2a70 bird-item e-flex e-con-boxed e-con e-parent\" data-id=\"cab2a70\" data-element_type=\"container\" data-e-type=\"container\">\n\t\t\t\t\t<div class=\"e-con-inner\">\n\t\t\t\t<div class=\"elementor-element elementor-element-9791ec3 elementor-widget elementor-widget-spacer\" data-id=\"9791ec3\" data-element_type=\"widget\" data-e-type=\"widget\" data-widget_type=\"spacer.default\">\n\t\t\t\t<div class=\"elementor-widget-container\">\n\t\t\t\t\t\t\t<div class=\"elementor-spacer\">\n\t\t\t<div class=\"elementor-spacer-inner\"><\/div>\n\t\t<\/div>\n\t\t\t\t\t\t<\/div>\n\t\t\t\t<\/div>\n\t\t<div class=\"elementor-element elementor-element-55dc5bb e-con-full e-flex e-con e-child\" data-id=\"55dc5bb\" data-element_type=\"container\" data-e-type=\"container\">\n\t\t\t\t<div class=\"elementor-element elementor-element-679abaa elementor-widget elementor-widget-tourmbutton\" data-id=\"679abaa\" data-element_type=\"widget\" data-e-type=\"widget\" data-widget_type=\"tourmbutton.default\">\n\t\t\t\t<div class=\"elementor-widget-container\">\n\t\t\t\t\t<div class=\"btn-wrapper\"><a class=\"th-btn th_btn th-icon \" href=\"https:\/\/nature-fineart.com\/vogelfotografie-spanien\/thekla-lerche\/\">Art entdecken<\/a><\/div>\t\t\t\t<\/div>\n\t\t\t\t<\/div>\n\t\t<div class=\"elementor-element elementor-element-334a8b2 e-con-full e-flex e-con e-child\" data-id=\"334a8b2\" data-element_type=\"container\" data-e-type=\"container\">\n\t\t\t\t<div class=\"elementor-element elementor-element-cfa21b1 elementor-widget elementor-widget-text-editor\" data-id=\"cfa21b1\" data-element_type=\"widget\" data-e-type=\"widget\" data-widget_type=\"text-editor.default\">\n\t\t\t\t<div class=\"elementor-widget-container\">\n\t\t\t\t\t\t\t\t\t<p><strong>Thekla-Lerche<\/strong> \u2013 mediterrane Lerche der Iberischen Halbinsel:<\/p><p>Die Thekla-Lerche ist eine typische Vogelart der Iberischen Halbinsel und wird h\u00e4ufig mit der Haubenlerche verwechselt. Erfahre, woran du sie erkennst und wie du sie in Spanien fotografieren kannst.<\/p>\t\t\t\t\t\t\t\t<\/div>\n\t\t\t\t<\/div>\n\t\t\t\t<\/div>\n\t\t<div class=\"elementor-element elementor-element-25f6978 e-con-full e-flex e-con e-child\" data-id=\"25f6978\" data-element_type=\"container\" data-e-type=\"container\">\n\t\t\t\t<div class=\"elementor-element elementor-element-9fab5ed elementor-widget elementor-widget-image\" data-id=\"9fab5ed\" data-element_type=\"widget\" data-e-type=\"widget\" data-widget_type=\"image.default\">\n\t\t\t\t<div class=\"elementor-widget-container\">\n\t\t\t\t\t\t\t\t\t\t\t\t\t\t\t<img loading=\"lazy\" decoding=\"async\" width=\"600\" height=\"400\" src=\"https:\/\/nature-fineart.com\/vogelfotografie-spanien\/wp-content\/uploads\/2026\/07\/Thekla-Lerche-Portraet--600x400.jpg\" class=\"attachment-medium size-medium wp-image-8918\" alt=\"\" srcset=\"https:\/\/nature-fineart.com\/vogelfotografie-spanien\/wp-content\/uploads\/2026\/07\/Thekla-Lerche-Portraet--600x400.jpg 600w, https:\/\/nature-fineart.com\/vogelfotografie-spanien\/wp-content\/uploads\/2026\/07\/Thekla-Lerche-Portraet--768x512.jpg 768w, https:\/\/nature-fineart.com\/vogelfotografie-spanien\/wp-content\/uploads\/2026\/07\/Thekla-Lerche-Portraet-.jpg 1024w\" sizes=\"(max-width: 600px) 100vw, 600px\" \/>\t\t\t\t\t\t\t\t\t\t\t\t\t\t\t<\/div>\n\t\t\t\t<\/div>\n\t\t\t\t<\/div>\n\t\t\t\t<\/div>\n\t\t\t\t\t<\/div>\n\t\t\t\t<\/div>\n\t\t<div class=\"elementor-element elementor-element-36aee54 bird-item e-flex e-con-boxed e-con e-parent\" data-id=\"36aee54\" data-element_type=\"container\" data-e-type=\"container\">\n\t\t\t\t\t<div class=\"e-con-inner\">\n\t\t\t\t<div class=\"elementor-element elementor-element-8647f2f elementor-widget elementor-widget-spacer\" data-id=\"8647f2f\" data-element_type=\"widget\" data-e-type=\"widget\" data-widget_type=\"spacer.default\">\n\t\t\t\t<div class=\"elementor-widget-container\">\n\t\t\t\t\t\t\t<div class=\"elementor-spacer\">\n\t\t\t<div class=\"elementor-spacer-inner\"><\/div>\n\t\t<\/div>\n\t\t\t\t\t\t<\/div>\n\t\t\t\t<\/div>\n\t\t<div class=\"elementor-element elementor-element-45e9704 e-con-full e-flex e-con e-child\" data-id=\"45e9704\" data-element_type=\"container\" data-e-type=\"container\">\n\t\t\t\t<div class=\"elementor-element elementor-element-4dc30ca elementor-widget elementor-widget-tourmbutton\" data-id=\"4dc30ca\" data-element_type=\"widget\" data-e-type=\"widget\" data-widget_type=\"tourmbutton.default\">\n\t\t\t\t<div class=\"elementor-widget-container\">\n\t\t\t\t\t<div class=\"btn-wrapper\"><a class=\"th-btn th_btn th-icon \" href=\"https:\/\/nature-fineart.com\/vogelfotografie-spanien\/haubenlerche\/\">Art entdecken<\/a><\/div>\t\t\t\t<\/div>\n\t\t\t\t<\/div>\n\t\t<div class=\"elementor-element elementor-element-2e7dfa0 e-con-full e-flex e-con e-child\" data-id=\"2e7dfa0\" data-element_type=\"container\" data-e-type=\"container\">\n\t\t\t\t<div class=\"elementor-element elementor-element-9d082cc elementor-widget elementor-widget-text-editor\" data-id=\"9d082cc\" data-element_type=\"widget\" data-e-type=\"widget\" data-widget_type=\"text-editor.default\">\n\t\t\t\t<div class=\"elementor-widget-container\">\n\t\t\t\t\t\t\t\t\t<p><strong>Haubenlerche<\/strong> \u2013 charakteristische Lerche offener Landschaften:<\/p><p>Die Haubenlerche ist eine typische Art trockener, offener Landschaften in Spanien. Sie wird h\u00e4ufig mit der Thekla-Lerche verwechselt und lohnt sich f\u00fcr Naturfotografen besonders beim genauen Hinsehen.<\/p>\t\t\t\t\t\t\t\t<\/div>\n\t\t\t\t<\/div>\n\t\t\t\t<\/div>\n\t\t<div class=\"elementor-element elementor-element-6f46b50 e-con-full e-flex e-con e-child\" data-id=\"6f46b50\" data-element_type=\"container\" data-e-type=\"container\">\n\t\t\t\t<div class=\"elementor-element elementor-element-dd00886 elementor-widget elementor-widget-image\" data-id=\"dd00886\" data-element_type=\"widget\" data-e-type=\"widget\" data-widget_type=\"image.default\">\n\t\t\t\t<div class=\"elementor-widget-container\">\n\t\t\t\t\t\t\t\t\t\t\t\t\t\t\t<img loading=\"lazy\" decoding=\"async\" width=\"600\" height=\"400\" src=\"https:\/\/nature-fineart.com\/vogelfotografie-spanien\/wp-content\/uploads\/2026\/07\/Haubenlerche-fotografieren-in-Spanien-600x400.jpg\" class=\"attachment-medium size-medium wp-image-8927\" alt=\"\" srcset=\"https:\/\/nature-fineart.com\/vogelfotografie-spanien\/wp-content\/uploads\/2026\/07\/Haubenlerche-fotografieren-in-Spanien-600x400.jpg 600w, https:\/\/nature-fineart.com\/vogelfotografie-spanien\/wp-content\/uploads\/2026\/07\/Haubenlerche-fotografieren-in-Spanien-768x512.jpg 768w, https:\/\/nature-fineart.com\/vogelfotografie-spanien\/wp-content\/uploads\/2026\/07\/Haubenlerche-fotografieren-in-Spanien.jpg 1024w\" sizes=\"(max-width: 600px) 100vw, 600px\" \/>\t\t\t\t\t\t\t\t\t\t\t\t\t\t\t<\/div>\n\t\t\t\t<\/div>\n\t\t\t\t<\/div>\n\t\t\t\t<\/div>\n\t\t\t\t\t<\/div>\n\t\t\t\t<\/div>\n\t\t<div class=\"elementor-element elementor-element-da7d96f bird-item e-flex e-con-boxed e-con e-parent\" data-id=\"da7d96f\" data-element_type=\"container\" data-e-type=\"container\">\n\t\t\t\t\t<div class=\"e-con-inner\">\n\t\t\t\t<div class=\"elementor-element elementor-element-4fb6456 elementor-widget elementor-widget-spacer\" data-id=\"4fb6456\" data-element_type=\"widget\" data-e-type=\"widget\" data-widget_type=\"spacer.default\">\n\t\t\t\t<div class=\"elementor-widget-container\">\n\t\t\t\t\t\t\t<div class=\"elementor-spacer\">\n\t\t\t<div class=\"elementor-spacer-inner\"><\/div>\n\t\t<\/div>\n\t\t\t\t\t\t<\/div>\n\t\t\t\t<\/div>\n\t\t<div class=\"elementor-element elementor-element-a235e1d e-con-full e-flex e-con e-child\" data-id=\"a235e1d\" data-element_type=\"container\" data-e-type=\"container\">\n\t\t\t\t<div class=\"elementor-element elementor-element-7f455c0 elementor-widget elementor-widget-tourmbutton\" data-id=\"7f455c0\" data-element_type=\"widget\" data-e-type=\"widget\" data-widget_type=\"tourmbutton.default\">\n\t\t\t\t<div class=\"elementor-widget-container\">\n\t\t\t\t\t<div class=\"btn-wrapper\"><a class=\"th-btn th_btn th-icon \" href=\"https:\/\/nature-fineart.com\/vogelfotografie-spanien\/zistensaenger\/\">Art entdecken<\/a><\/div>\t\t\t\t<\/div>\n\t\t\t\t<\/div>\n\t\t<div class=\"elementor-element elementor-element-c729059 e-con-full e-flex e-con e-child\" data-id=\"c729059\" data-element_type=\"container\" data-e-type=\"container\">\n\t\t\t\t<div class=\"elementor-element elementor-element-47cff02 elementor-widget elementor-widget-text-editor\" data-id=\"47cff02\" data-element_type=\"widget\" data-e-type=\"widget\" data-widget_type=\"text-editor.default\">\n\t\t\t\t<div class=\"elementor-widget-container\">\n\t\t\t\t\t\t\t\t\t<p><strong>Zistens\u00e4nger<\/strong> \u2013 winziger S\u00e4nger \u00fcber Gras und Schilf:<\/p><p>Der Zistens\u00e4nger f\u00e4llt besonders durch seinen wellenf\u00f6rmigen Singflug und den regelm\u00e4\u00dfig wiederholten Ruf auf. In Spaniens offenen Landschaften und Feuchtgebieten ist er oft zuerst zu h\u00f6ren, bevor der kleine, gut getarnte Vogel zwischen Gr\u00e4sern und Zweigen sichtbar wird.<\/p>\t\t\t\t\t\t\t\t<\/div>\n\t\t\t\t<\/div>\n\t\t\t\t<\/div>\n\t\t<div class=\"elementor-element elementor-element-d283357 e-con-full e-flex e-con e-child\" data-id=\"d283357\" data-element_type=\"container\" data-e-type=\"container\">\n\t\t\t\t<div class=\"elementor-element elementor-element-cc880ef elementor-widget elementor-widget-image\" data-id=\"cc880ef\" data-element_type=\"widget\" data-e-type=\"widget\" data-widget_type=\"image.default\">\n\t\t\t\t<div class=\"elementor-widget-container\">\n\t\t\t\t\t\t\t\t\t\t\t\t\t\t\t<img loading=\"lazy\" decoding=\"async\" width=\"600\" height=\"400\" src=\"https:\/\/nature-fineart.com\/vogelfotografie-spanien\/wp-content\/uploads\/2026\/07\/Zistensaenger-im-warmen-Licht-auf-einem-Zweig-in-Spanien--600x400.jpg\" class=\"attachment-medium size-medium wp-image-9367\" alt=\"\" srcset=\"https:\/\/nature-fineart.com\/vogelfotografie-spanien\/wp-content\/uploads\/2026\/07\/Zistensaenger-im-warmen-Licht-auf-einem-Zweig-in-Spanien--600x400.jpg 600w, https:\/\/nature-fineart.com\/vogelfotografie-spanien\/wp-content\/uploads\/2026\/07\/Zistensaenger-im-warmen-Licht-auf-einem-Zweig-in-Spanien--768x512.jpg 768w, https:\/\/nature-fineart.com\/vogelfotografie-spanien\/wp-content\/uploads\/2026\/07\/Zistensaenger-im-warmen-Licht-auf-einem-Zweig-in-Spanien-.jpg 1024w\" sizes=\"(max-width: 600px) 100vw, 600px\" \/>\t\t\t\t\t\t\t\t\t\t\t\t\t\t\t<\/div>\n\t\t\t\t<\/div>\n\t\t\t\t<\/div>\n\t\t\t\t<\/div>\n\t\t\t\t\t<\/div>\n\t\t\t\t<\/div>\n\t\t<div class=\"elementor-element elementor-element-abe5d1b bird-item e-flex e-con-boxed e-con e-parent\" data-id=\"abe5d1b\" data-element_type=\"container\" data-e-type=\"container\">\n\t\t\t\t\t<div class=\"e-con-inner\">\n\t\t\t\t<div class=\"elementor-element elementor-element-f7e7397 elementor-widget elementor-widget-spacer\" data-id=\"f7e7397\" data-element_type=\"widget\" data-e-type=\"widget\" data-widget_type=\"spacer.default\">\n\t\t\t\t<div class=\"elementor-widget-container\">\n\t\t\t\t\t\t\t<div class=\"elementor-spacer\">\n\t\t\t<div class=\"elementor-spacer-inner\"><\/div>\n\t\t<\/div>\n\t\t\t\t\t\t<\/div>\n\t\t\t\t<\/div>\n\t\t<div class=\"elementor-element elementor-element-1334114 e-con-full e-flex e-con e-child\" data-id=\"1334114\" data-element_type=\"container\" data-e-type=\"container\">\n\t\t\t\t<div class=\"elementor-element elementor-element-5cd8124 elementor-widget elementor-widget-tourmbutton\" data-id=\"5cd8124\" data-element_type=\"widget\" data-e-type=\"widget\" data-widget_type=\"tourmbutton.default\">\n\t\t\t\t<div class=\"elementor-widget-container\">\n\t\t\t\t\t<div class=\"btn-wrapper\"><a class=\"th-btn th_btn th-icon \" href=\"https:\/\/nature-fineart.com\/vogelfotografie-spanien\/schwanzmeise\/\">Art entdecken<\/a><\/div>\t\t\t\t<\/div>\n\t\t\t\t<\/div>\n\t\t<div class=\"elementor-element elementor-element-f0536f3 e-con-full e-flex e-con e-child\" data-id=\"f0536f3\" data-element_type=\"container\" data-e-type=\"container\">\n\t\t\t\t<div class=\"elementor-element elementor-element-d696716 elementor-widget elementor-widget-text-editor\" data-id=\"d696716\" data-element_type=\"widget\" data-e-type=\"widget\" data-widget_type=\"text-editor.default\">\n\t\t\t\t<div class=\"elementor-widget-container\">\n\t\t\t\t\t\t\t\t\t<p><strong>Schwanzmeise<\/strong> \u2013 kleiner Federball mit langem Schwanz:<\/p><p>Die Schwanzmeise ist schnell, akrobatisch und h\u00e4ufig in kleinen Trupps unterwegs. Mit gutem Licht, kurzer Verschlusszeit und etwas Geduld entstehen besonders lebendige Aufnahmen.<\/p>\t\t\t\t\t\t\t\t<\/div>\n\t\t\t\t<\/div>\n\t\t\t\t<\/div>\n\t\t<div class=\"elementor-element elementor-element-9a6baed e-con-full e-flex e-con e-child\" data-id=\"9a6baed\" data-element_type=\"container\" data-e-type=\"container\">\n\t\t\t\t<div class=\"elementor-element elementor-element-56a437d elementor-widget elementor-widget-image\" data-id=\"56a437d\" data-element_type=\"widget\" data-e-type=\"widget\" data-widget_type=\"image.default\">\n\t\t\t\t<div class=\"elementor-widget-container\">\n\t\t\t\t\t\t\t\t\t\t\t\t\t\t\t<img loading=\"lazy\" decoding=\"async\" width=\"600\" height=\"400\" src=\"https:\/\/nature-fineart.com\/vogelfotografie-spanien\/wp-content\/uploads\/2026\/07\/Schwanzmeise-in-stimmungsvollem-Licht-fotografieren-Titelbild-600x400.jpg\" class=\"attachment-medium size-medium wp-image-9128\" alt=\"\" srcset=\"https:\/\/nature-fineart.com\/vogelfotografie-spanien\/wp-content\/uploads\/2026\/07\/Schwanzmeise-in-stimmungsvollem-Licht-fotografieren-Titelbild-600x400.jpg 600w, https:\/\/nature-fineart.com\/vogelfotografie-spanien\/wp-content\/uploads\/2026\/07\/Schwanzmeise-in-stimmungsvollem-Licht-fotografieren-Titelbild-768x512.jpg 768w, https:\/\/nature-fineart.com\/vogelfotografie-spanien\/wp-content\/uploads\/2026\/07\/Schwanzmeise-in-stimmungsvollem-Licht-fotografieren-Titelbild.jpg 1024w\" sizes=\"(max-width: 600px) 100vw, 600px\" \/>\t\t\t\t\t\t\t\t\t\t\t\t\t\t\t<\/div>\n\t\t\t\t<\/div>\n\t\t\t\t<\/div>\n\t\t\t\t<\/div>\n\t\t\t\t\t<\/div>\n\t\t\t\t<\/div>\n\t\t<div class=\"elementor-element elementor-element-c6ac1c3 bird-item e-flex e-con-boxed e-con e-parent\" data-id=\"c6ac1c3\" data-element_type=\"container\" data-e-type=\"container\">\n\t\t\t\t\t<div class=\"e-con-inner\">\n\t\t\t\t<div class=\"elementor-element elementor-element-9a538f2 elementor-widget elementor-widget-spacer\" data-id=\"9a538f2\" data-element_type=\"widget\" data-e-type=\"widget\" data-widget_type=\"spacer.default\">\n\t\t\t\t<div class=\"elementor-widget-container\">\n\t\t\t\t\t\t\t<div class=\"elementor-spacer\">\n\t\t\t<div class=\"elementor-spacer-inner\"><\/div>\n\t\t<\/div>\n\t\t\t\t\t\t<\/div>\n\t\t\t\t<\/div>\n\t\t<div class=\"elementor-element elementor-element-d565f90 e-con-full e-flex e-con e-child\" data-id=\"d565f90\" data-element_type=\"container\" data-e-type=\"container\">\n\t\t\t\t<div class=\"elementor-element elementor-element-677adec elementor-widget elementor-widget-tourmbutton\" data-id=\"677adec\" data-element_type=\"widget\" data-e-type=\"widget\" data-widget_type=\"tourmbutton.default\">\n\t\t\t\t<div class=\"elementor-widget-container\">\n\t\t\t\t\t<div class=\"btn-wrapper\"><a class=\"th-btn th_btn th-icon \" href=\"https:\/\/nature-fineart.com\/vogelfotografie-spanien\/sumpfmeise\/\">Art entdecken<\/a><\/div>\t\t\t\t<\/div>\n\t\t\t\t<\/div>\n\t\t<div class=\"elementor-element elementor-element-8aa8ea6 e-con-full e-flex e-con e-child\" data-id=\"8aa8ea6\" data-element_type=\"container\" data-e-type=\"container\">\n\t\t\t\t<div class=\"elementor-element elementor-element-b0048d5 elementor-widget elementor-widget-text-editor\" data-id=\"b0048d5\" data-element_type=\"widget\" data-e-type=\"widget\" data-widget_type=\"text-editor.default\">\n\t\t\t\t<div class=\"elementor-widget-container\">\n\t\t\t\t\t\t\t\t\t<p><strong>Sumpfmeise<\/strong> \u2013 Unscheinbare Sch\u00f6nheit der Laubw\u00e4lder:<\/p><p>Die Sumpfmeise geh\u00f6rt zu den eher unscheinbaren Vogelarten Europas. In den W\u00e4ldern Nordspaniens l\u00e4sst sie sich jedoch regelm\u00e4\u00dfig beobachten und mit etwas Geduld hervorragend fotografieren. Erfahre mehr \u00fcber Lebensraum, Verhalten und praktische Tipps zur Vogelfotografie.<\/p>\t\t\t\t\t\t\t\t<\/div>\n\t\t\t\t<\/div>\n\t\t\t\t<\/div>\n\t\t<div class=\"elementor-element elementor-element-5c47450 e-con-full e-flex e-con e-child\" data-id=\"5c47450\" data-element_type=\"container\" data-e-type=\"container\">\n\t\t\t\t<div class=\"elementor-element elementor-element-1ef39be elementor-widget elementor-widget-image\" data-id=\"1ef39be\" data-element_type=\"widget\" data-e-type=\"widget\" data-widget_type=\"image.default\">\n\t\t\t\t<div class=\"elementor-widget-container\">\n\t\t\t\t\t\t\t\t\t\t\t\t\t\t\t<img loading=\"lazy\" decoding=\"async\" width=\"600\" height=\"400\" src=\"https:\/\/nature-fineart.com\/vogelfotografie-spanien\/wp-content\/uploads\/2026\/06\/Sumpfmeise-in-natuerlichem-Lebensraum-in-Spanien-600x400.jpg\" class=\"attachment-medium size-medium wp-image-8277\" alt=\"\" srcset=\"https:\/\/nature-fineart.com\/vogelfotografie-spanien\/wp-content\/uploads\/2026\/06\/Sumpfmeise-in-natuerlichem-Lebensraum-in-Spanien-600x400.jpg 600w, https:\/\/nature-fineart.com\/vogelfotografie-spanien\/wp-content\/uploads\/2026\/06\/Sumpfmeise-in-natuerlichem-Lebensraum-in-Spanien-768x512.jpg 768w, https:\/\/nature-fineart.com\/vogelfotografie-spanien\/wp-content\/uploads\/2026\/06\/Sumpfmeise-in-natuerlichem-Lebensraum-in-Spanien.jpg 1024w\" sizes=\"(max-width: 600px) 100vw, 600px\" \/>\t\t\t\t\t\t\t\t\t\t\t\t\t\t\t<\/div>\n\t\t\t\t<\/div>\n\t\t\t\t<\/div>\n\t\t\t\t<\/div>\n\t\t\t\t\t<\/div>\n\t\t\t\t<\/div>\n\t\t<div class=\"elementor-element elementor-element-af0d86f bird-item e-flex e-con-boxed e-con e-parent\" data-id=\"af0d86f\" data-element_type=\"container\" data-e-type=\"container\">\n\t\t\t\t\t<div class=\"e-con-inner\">\n\t\t\t\t<div class=\"elementor-element elementor-element-65aa854 elementor-widget elementor-widget-spacer\" data-id=\"65aa854\" data-element_type=\"widget\" data-e-type=\"widget\" data-widget_type=\"spacer.default\">\n\t\t\t\t<div class=\"elementor-widget-container\">\n\t\t\t\t\t\t\t<div class=\"elementor-spacer\">\n\t\t\t<div class=\"elementor-spacer-inner\"><\/div>\n\t\t<\/div>\n\t\t\t\t\t\t<\/div>\n\t\t\t\t<\/div>\n\t\t<div class=\"elementor-element elementor-element-b2ade60 e-con-full e-flex e-con e-child\" data-id=\"b2ade60\" data-element_type=\"container\" data-e-type=\"container\">\n\t\t\t\t<div class=\"elementor-element elementor-element-176e15a elementor-widget elementor-widget-tourmbutton\" data-id=\"176e15a\" data-element_type=\"widget\" data-e-type=\"widget\" data-widget_type=\"tourmbutton.default\">\n\t\t\t\t<div class=\"elementor-widget-container\">\n\t\t\t\t\t<div class=\"btn-wrapper\"><a class=\"th-btn th_btn th-icon \" href=\"https:\/\/nature-fineart.com\/vogelfotografie-spanien\/blaumeise\/\">Art entdecken<\/a><\/div>\t\t\t\t<\/div>\n\t\t\t\t<\/div>\n\t\t<div class=\"elementor-element elementor-element-fe597b7 e-con-full e-flex e-con e-child\" data-id=\"fe597b7\" data-element_type=\"container\" data-e-type=\"container\">\n\t\t\t\t<div class=\"elementor-element elementor-element-7d091d4 elementor-widget elementor-widget-text-editor\" data-id=\"7d091d4\" data-element_type=\"widget\" data-e-type=\"widget\" data-widget_type=\"text-editor.default\">\n\t\t\t\t<div class=\"elementor-widget-container\">\n\t\t\t\t\t\t\t\t\t<p><strong>Blaumeise<\/strong> \u2013 Farbenfroher Akrobat der G\u00e4rten:<\/p><p>Die Blaumeise geh\u00f6rt zu den beliebtesten Singv\u00f6geln Europas. Mit ihrem leuchtend blauen Gefieder, ihrem lebhaften Verhalten und ihrer N\u00e4he zum Menschen bietet sie vielseitige Motive f\u00fcr Naturfotografen.<\/p>\t\t\t\t\t\t\t\t<\/div>\n\t\t\t\t<\/div>\n\t\t\t\t<\/div>\n\t\t<div class=\"elementor-element elementor-element-31654ef e-con-full e-flex e-con e-child\" data-id=\"31654ef\" data-element_type=\"container\" data-e-type=\"container\">\n\t\t\t\t<div class=\"elementor-element elementor-element-125c538 elementor-widget elementor-widget-image\" data-id=\"125c538\" data-element_type=\"widget\" data-e-type=\"widget\" data-widget_type=\"image.default\">\n\t\t\t\t<div class=\"elementor-widget-container\">\n\t\t\t\t\t\t\t\t\t\t\t\t\t\t\t<img loading=\"lazy\" decoding=\"async\" width=\"600\" height=\"400\" src=\"https:\/\/nature-fineart.com\/vogelfotografie-spanien\/wp-content\/uploads\/2026\/06\/Blaumeise-im-Lebensraum-600x400.jpg\" class=\"attachment-medium size-medium wp-image-8405\" alt=\"\" srcset=\"https:\/\/nature-fineart.com\/vogelfotografie-spanien\/wp-content\/uploads\/2026\/06\/Blaumeise-im-Lebensraum-600x400.jpg 600w, https:\/\/nature-fineart.com\/vogelfotografie-spanien\/wp-content\/uploads\/2026\/06\/Blaumeise-im-Lebensraum-768x512.jpg 768w, https:\/\/nature-fineart.com\/vogelfotografie-spanien\/wp-content\/uploads\/2026\/06\/Blaumeise-im-Lebensraum.jpg 1024w\" sizes=\"(max-width: 600px) 100vw, 600px\" \/>\t\t\t\t\t\t\t\t\t\t\t\t\t\t\t<\/div>\n\t\t\t\t<\/div>\n\t\t\t\t<\/div>\n\t\t\t\t<\/div>\n\t\t\t\t\t<\/div>\n\t\t\t\t<\/div>\n\t\t<div class=\"elementor-element elementor-element-6ee288a bird-item e-flex e-con-boxed e-con e-parent\" data-id=\"6ee288a\" data-element_type=\"container\" data-e-type=\"container\">\n\t\t\t\t\t<div class=\"e-con-inner\">\n\t\t\t\t<div class=\"elementor-element elementor-element-4368818 elementor-widget elementor-widget-spacer\" data-id=\"4368818\" data-element_type=\"widget\" data-e-type=\"widget\" data-widget_type=\"spacer.default\">\n\t\t\t\t<div class=\"elementor-widget-container\">\n\t\t\t\t\t\t\t<div class=\"elementor-spacer\">\n\t\t\t<div class=\"elementor-spacer-inner\"><\/div>\n\t\t<\/div>\n\t\t\t\t\t\t<\/div>\n\t\t\t\t<\/div>\n\t\t<div class=\"elementor-element elementor-element-7d053d7 e-con-full e-flex e-con e-child\" data-id=\"7d053d7\" data-element_type=\"container\" data-e-type=\"container\">\n\t\t\t\t<div class=\"elementor-element elementor-element-fa0e0be elementor-widget elementor-widget-tourmbutton\" data-id=\"fa0e0be\" data-element_type=\"widget\" data-e-type=\"widget\" data-widget_type=\"tourmbutton.default\">\n\t\t\t\t<div class=\"elementor-widget-container\">\n\t\t\t\t\t<div class=\"btn-wrapper\"><a class=\"th-btn th_btn th-icon \" href=\"https:\/\/nature-fineart.com\/vogelfotografie-spanien\/tannenmeise\/\">Art entdecken<\/a><\/div>\t\t\t\t<\/div>\n\t\t\t\t<\/div>\n\t\t<div class=\"elementor-element elementor-element-395c022 e-con-full e-flex e-con e-child\" data-id=\"395c022\" data-element_type=\"container\" data-e-type=\"container\">\n\t\t\t\t<div class=\"elementor-element elementor-element-8de02d1 elementor-widget elementor-widget-text-editor\" data-id=\"8de02d1\" data-element_type=\"widget\" data-e-type=\"widget\" data-widget_type=\"text-editor.default\">\n\t\t\t\t<div class=\"elementor-widget-container\">\n\t\t\t\t\t\t\t\t\t<p><strong>Tannenmeise<\/strong> \u2013 Flinker Kletterer der Nadelw\u00e4lder:<\/p><p>Die Tannenmeise ist eine typische Bewohnerin von Nadelw\u00e4ldern und Gebirgsregionen. Mit ihrem markanten wei\u00dfen Nackenfleck und ihrem lebhaften Verhalten bietet sie interessante Motive f\u00fcr die Naturfotografie.<\/p>\t\t\t\t\t\t\t\t<\/div>\n\t\t\t\t<\/div>\n\t\t\t\t<\/div>\n\t\t<div class=\"elementor-element elementor-element-5c0572b e-con-full e-flex e-con e-child\" data-id=\"5c0572b\" data-element_type=\"container\" data-e-type=\"container\">\n\t\t\t\t<div class=\"elementor-element elementor-element-1ea872c elementor-widget elementor-widget-image\" data-id=\"1ea872c\" data-element_type=\"widget\" data-e-type=\"widget\" data-widget_type=\"image.default\">\n\t\t\t\t<div class=\"elementor-widget-container\">\n\t\t\t\t\t\t\t\t\t\t\t\t\t\t\t<img loading=\"lazy\" decoding=\"async\" width=\"600\" height=\"400\" src=\"https:\/\/nature-fineart.com\/vogelfotografie-spanien\/wp-content\/uploads\/2026\/06\/Tannenmeise-fotografieren-600x400.jpg\" class=\"attachment-medium size-medium wp-image-8432\" alt=\"\" srcset=\"https:\/\/nature-fineart.com\/vogelfotografie-spanien\/wp-content\/uploads\/2026\/06\/Tannenmeise-fotografieren-600x400.jpg 600w, https:\/\/nature-fineart.com\/vogelfotografie-spanien\/wp-content\/uploads\/2026\/06\/Tannenmeise-fotografieren-768x512.jpg 768w, https:\/\/nature-fineart.com\/vogelfotografie-spanien\/wp-content\/uploads\/2026\/06\/Tannenmeise-fotografieren.jpg 1024w\" sizes=\"(max-width: 600px) 100vw, 600px\" \/>\t\t\t\t\t\t\t\t\t\t\t\t\t\t\t<\/div>\n\t\t\t\t<\/div>\n\t\t\t\t<\/div>\n\t\t\t\t<\/div>\n\t\t\t\t\t<\/div>\n\t\t\t\t<\/div>\n\t\t<div class=\"elementor-element elementor-element-ea889d5 bird-item e-flex e-con-boxed e-con e-parent\" data-id=\"ea889d5\" data-element_type=\"container\" data-e-type=\"container\">\n\t\t\t\t\t<div class=\"e-con-inner\">\n\t\t\t\t<div class=\"elementor-element elementor-element-829950e elementor-widget elementor-widget-spacer\" data-id=\"829950e\" data-element_type=\"widget\" data-e-type=\"widget\" data-widget_type=\"spacer.default\">\n\t\t\t\t<div class=\"elementor-widget-container\">\n\t\t\t\t\t\t\t<div class=\"elementor-spacer\">\n\t\t\t<div class=\"elementor-spacer-inner\"><\/div>\n\t\t<\/div>\n\t\t\t\t\t\t<\/div>\n\t\t\t\t<\/div>\n\t\t<div class=\"elementor-element elementor-element-3ebe01a e-con-full e-flex e-con e-child\" data-id=\"3ebe01a\" data-element_type=\"container\" data-e-type=\"container\">\n\t\t\t\t<div class=\"elementor-element elementor-element-345e0df elementor-widget elementor-widget-tourmbutton\" data-id=\"345e0df\" data-element_type=\"widget\" data-e-type=\"widget\" data-widget_type=\"tourmbutton.default\">\n\t\t\t\t<div class=\"elementor-widget-container\">\n\t\t\t\t\t<div class=\"btn-wrapper\"><a class=\"th-btn th_btn th-icon \" href=\"https:\/\/nature-fineart.com\/vogelfotografie-spanien\/kohlmeise\/\">Art entdecken<\/a><\/div>\t\t\t\t<\/div>\n\t\t\t\t<\/div>\n\t\t<div class=\"elementor-element elementor-element-b8dc2ef e-con-full e-flex e-con e-child\" data-id=\"b8dc2ef\" data-element_type=\"container\" data-e-type=\"container\">\n\t\t\t\t<div class=\"elementor-element elementor-element-5dcc737 elementor-widget elementor-widget-text-editor\" data-id=\"5dcc737\" data-element_type=\"widget\" data-e-type=\"widget\" data-widget_type=\"text-editor.default\">\n\t\t\t\t<div class=\"elementor-widget-container\">\n\t\t\t\t\t\t\t\t\t<p><strong>Kohlmeise<\/strong> \u2013 Vielseitiger S\u00e4nger unserer W\u00e4lder:<\/p><p>Die Kohlmeise z\u00e4hlt zu den h\u00e4ufigsten Singv\u00f6geln Europas. Gerade ihre Neugier, ihr aktives Verhalten und die vielen nat\u00fcrlichen Fotosituationen machen sie zu einem spannenden Motiv f\u00fcr Naturfotografen.<\/p>\t\t\t\t\t\t\t\t<\/div>\n\t\t\t\t<\/div>\n\t\t\t\t<\/div>\n\t\t<div class=\"elementor-element elementor-element-27316ff e-con-full e-flex e-con e-child\" data-id=\"27316ff\" data-element_type=\"container\" data-e-type=\"container\">\n\t\t\t\t<div class=\"elementor-element elementor-element-951ae4a elementor-widget elementor-widget-image\" data-id=\"951ae4a\" data-element_type=\"widget\" data-e-type=\"widget\" data-widget_type=\"image.default\">\n\t\t\t\t<div class=\"elementor-widget-container\">\n\t\t\t\t\t\t\t\t\t\t\t\t\t\t\t<img loading=\"lazy\" decoding=\"async\" width=\"600\" height=\"400\" src=\"https:\/\/nature-fineart.com\/vogelfotografie-spanien\/wp-content\/uploads\/2025\/02\/IMG_1498-DeNoiseAI-standard-600x400.jpg\" class=\"attachment-medium size-medium wp-image-4245\" alt=\"\" srcset=\"https:\/\/nature-fineart.com\/vogelfotografie-spanien\/wp-content\/uploads\/2025\/02\/IMG_1498-DeNoiseAI-standard-600x400.jpg 600w, https:\/\/nature-fineart.com\/vogelfotografie-spanien\/wp-content\/uploads\/2025\/02\/IMG_1498-DeNoiseAI-standard-768x512.jpg 768w, https:\/\/nature-fineart.com\/vogelfotografie-spanien\/wp-content\/uploads\/2025\/02\/IMG_1498-DeNoiseAI-standard.jpg 1024w\" sizes=\"(max-width: 600px) 100vw, 600px\" \/>\t\t\t\t\t\t\t\t\t\t\t\t\t\t\t<\/div>\n\t\t\t\t<\/div>\n\t\t\t\t<\/div>\n\t\t\t\t<\/div>\n\t\t\t\t\t<\/div>\n\t\t\t\t<\/div>\n\t\t<div class=\"elementor-element elementor-element-6d10a27 bird-item e-flex e-con-boxed e-con e-parent\" data-id=\"6d10a27\" data-element_type=\"container\" data-e-type=\"container\">\n\t\t\t\t\t<div class=\"e-con-inner\">\n\t\t\t\t<div class=\"elementor-element elementor-element-5d8189a elementor-widget elementor-widget-spacer\" data-id=\"5d8189a\" data-element_type=\"widget\" data-e-type=\"widget\" data-widget_type=\"spacer.default\">\n\t\t\t\t<div class=\"elementor-widget-container\">\n\t\t\t\t\t\t\t<div class=\"elementor-spacer\">\n\t\t\t<div class=\"elementor-spacer-inner\"><\/div>\n\t\t<\/div>\n\t\t\t\t\t\t<\/div>\n\t\t\t\t<\/div>\n\t\t<div class=\"elementor-element elementor-element-87b3b6b e-con-full e-flex e-con e-child\" data-id=\"87b3b6b\" data-element_type=\"container\" data-e-type=\"container\">\n\t\t\t\t<div class=\"elementor-element elementor-element-e731901 elementor-widget elementor-widget-tourmbutton\" data-id=\"e731901\" data-element_type=\"widget\" data-e-type=\"widget\" data-widget_type=\"tourmbutton.default\">\n\t\t\t\t<div class=\"elementor-widget-container\">\n\t\t\t\t\t<div class=\"btn-wrapper\"><a class=\"th-btn th_btn th-icon \" href=\"https:\/\/nature-fineart.com\/vogelfotografie-spanien\/haubenmeise\/\">Art entdecken<\/a><\/div>\t\t\t\t<\/div>\n\t\t\t\t<\/div>\n\t\t<div class=\"elementor-element elementor-element-d891ef5 e-con-full e-flex e-con e-child\" data-id=\"d891ef5\" data-element_type=\"container\" data-e-type=\"container\">\n\t\t\t\t<div class=\"elementor-element elementor-element-f862b8d elementor-widget elementor-widget-text-editor\" data-id=\"f862b8d\" data-element_type=\"widget\" data-e-type=\"widget\" data-widget_type=\"text-editor.default\">\n\t\t\t\t<div class=\"elementor-widget-container\">\n\t\t\t\t\t\t\t\t\t<p><strong>Haubenmeise<\/strong> \u2013 Die unverwechselbare Meise mit Federhaube:<\/p><p>Die Haubenmeise ist durch ihre markante Federhaube leicht zu erkennen. Erfahre mehr \u00fcber Lebensraum, Verhalten und erhalte praktische Tipps f\u00fcr die Natur- und Vogelfotografie.<\/p>\t\t\t\t\t\t\t\t<\/div>\n\t\t\t\t<\/div>\n\t\t\t\t<\/div>\n\t\t<div class=\"elementor-element elementor-element-d00fea5 e-con-full e-flex e-con e-child\" data-id=\"d00fea5\" data-element_type=\"container\" data-e-type=\"container\">\n\t\t\t\t<div class=\"elementor-element elementor-element-0b14f94 elementor-widget elementor-widget-image\" data-id=\"0b14f94\" data-element_type=\"widget\" data-e-type=\"widget\" data-widget_type=\"image.default\">\n\t\t\t\t<div class=\"elementor-widget-container\">\n\t\t\t\t\t\t\t\t\t\t\t\t\t\t\t<img loading=\"lazy\" decoding=\"async\" width=\"600\" height=\"400\" src=\"https:\/\/nature-fineart.com\/vogelfotografie-spanien\/wp-content\/uploads\/2026\/08\/Haubenmeise-auf-einem-Baumstamm-in-einem-Wald-in-Zentralspanien-600x400.jpg\" class=\"attachment-medium size-medium wp-image-10172\" alt=\"\" srcset=\"https:\/\/nature-fineart.com\/vogelfotografie-spanien\/wp-content\/uploads\/2026\/08\/Haubenmeise-auf-einem-Baumstamm-in-einem-Wald-in-Zentralspanien-600x400.jpg 600w, https:\/\/nature-fineart.com\/vogelfotografie-spanien\/wp-content\/uploads\/2026\/08\/Haubenmeise-auf-einem-Baumstamm-in-einem-Wald-in-Zentralspanien-768x512.jpg 768w, https:\/\/nature-fineart.com\/vogelfotografie-spanien\/wp-content\/uploads\/2026\/08\/Haubenmeise-auf-einem-Baumstamm-in-einem-Wald-in-Zentralspanien.jpg 1024w\" sizes=\"(max-width: 600px) 100vw, 600px\" \/>\t\t\t\t\t\t\t\t\t\t\t\t\t\t\t<\/div>\n\t\t\t\t<\/div>\n\t\t\t\t<\/div>\n\t\t\t\t<\/div>\n\t\t\t\t\t<\/div>\n\t\t\t\t<\/div>\n\t\t<div class=\"elementor-element elementor-element-1d02529 bird-item e-flex e-con-boxed e-con e-parent\" data-id=\"1d02529\" data-element_type=\"container\" data-e-type=\"container\">\n\t\t\t\t\t<div class=\"e-con-inner\">\n\t\t\t\t<div class=\"elementor-element elementor-element-168219a elementor-widget elementor-widget-spacer\" data-id=\"168219a\" data-element_type=\"widget\" data-e-type=\"widget\" data-widget_type=\"spacer.default\">\n\t\t\t\t<div class=\"elementor-widget-container\">\n\t\t\t\t\t\t\t<div class=\"elementor-spacer\">\n\t\t\t<div class=\"elementor-spacer-inner\"><\/div>\n\t\t<\/div>\n\t\t\t\t\t\t<\/div>\n\t\t\t\t<\/div>\n\t\t<div class=\"elementor-element elementor-element-662b7af e-con-full e-flex e-con e-child\" data-id=\"662b7af\" data-element_type=\"container\" data-e-type=\"container\">\n\t\t\t\t<div class=\"elementor-element elementor-element-318b4b9 elementor-widget elementor-widget-tourmbutton\" data-id=\"318b4b9\" data-element_type=\"widget\" data-e-type=\"widget\" data-widget_type=\"tourmbutton.default\">\n\t\t\t\t<div class=\"elementor-widget-container\">\n\t\t\t\t\t<div class=\"btn-wrapper\"><a class=\"th-btn th_btn th-icon \" href=\"https:\/\/nature-fineart.com\/vogelfotografie-spanien\/weidensperling\/\">Art entdecken<\/a><\/div>\t\t\t\t<\/div>\n\t\t\t\t<\/div>\n\t\t<div class=\"elementor-element elementor-element-477682e e-con-full e-flex e-con e-child\" data-id=\"477682e\" data-element_type=\"container\" data-e-type=\"container\">\n\t\t\t\t<div class=\"elementor-element elementor-element-011ed60 elementor-widget elementor-widget-text-editor\" data-id=\"011ed60\" data-element_type=\"widget\" data-e-type=\"widget\" data-widget_type=\"text-editor.default\">\n\t\t\t\t<div class=\"elementor-widget-container\">\n\t\t\t\t\t\t\t\t\t<p><strong>Weidensperling<\/strong> \u2013 Geselliger Bewohner offener Landschaften:<\/p><p>Zwischen offenen Landschaften, traditionellen Kulturr\u00e4umen und mediterranen Agrargebieten lassen sich Weidensperlinge in Spanien oft in ruhigen und nat\u00fcrlichen Situationen beobachten.<\/p>\t\t\t\t\t\t\t\t<\/div>\n\t\t\t\t<\/div>\n\t\t\t\t<\/div>\n\t\t<div class=\"elementor-element elementor-element-dc5fde4 e-con-full e-flex e-con e-child\" data-id=\"dc5fde4\" data-element_type=\"container\" data-e-type=\"container\">\n\t\t\t\t<div class=\"elementor-element elementor-element-d5d5a40 elementor-widget elementor-widget-image\" data-id=\"d5d5a40\" data-element_type=\"widget\" data-e-type=\"widget\" data-widget_type=\"image.default\">\n\t\t\t\t<div class=\"elementor-widget-container\">\n\t\t\t\t\t\t\t\t\t\t\t\t\t\t\t<img loading=\"lazy\" decoding=\"async\" width=\"600\" height=\"400\" src=\"https:\/\/nature-fineart.com\/vogelfotografie-spanien\/wp-content\/uploads\/2026\/05\/Weidensperling-in-mediterraner-Landschaft-600x400.jpg\" class=\"attachment-medium size-medium wp-image-8016\" alt=\"\" srcset=\"https:\/\/nature-fineart.com\/vogelfotografie-spanien\/wp-content\/uploads\/2026\/05\/Weidensperling-in-mediterraner-Landschaft-600x400.jpg 600w, https:\/\/nature-fineart.com\/vogelfotografie-spanien\/wp-content\/uploads\/2026\/05\/Weidensperling-in-mediterraner-Landschaft-768x512.jpg 768w, https:\/\/nature-fineart.com\/vogelfotografie-spanien\/wp-content\/uploads\/2026\/05\/Weidensperling-in-mediterraner-Landschaft.jpg 1024w\" sizes=\"(max-width: 600px) 100vw, 600px\" \/>\t\t\t\t\t\t\t\t\t\t\t\t\t\t\t<\/div>\n\t\t\t\t<\/div>\n\t\t\t\t<\/div>\n\t\t\t\t<\/div>\n\t\t\t\t\t<\/div>\n\t\t\t\t<\/div>\n\t\t<div class=\"elementor-element elementor-element-3132beb bird-item e-flex e-con-boxed e-con e-parent\" data-id=\"3132beb\" data-element_type=\"container\" data-e-type=\"container\">\n\t\t\t\t\t<div class=\"e-con-inner\">\n\t\t\t\t<div class=\"elementor-element elementor-element-8d77636 elementor-widget elementor-widget-spacer\" data-id=\"8d77636\" data-element_type=\"widget\" data-e-type=\"widget\" data-widget_type=\"spacer.default\">\n\t\t\t\t<div class=\"elementor-widget-container\">\n\t\t\t\t\t\t\t<div class=\"elementor-spacer\">\n\t\t\t<div class=\"elementor-spacer-inner\"><\/div>\n\t\t<\/div>\n\t\t\t\t\t\t<\/div>\n\t\t\t\t<\/div>\n\t\t<div class=\"elementor-element elementor-element-d7a41a9 e-con-full e-flex e-con e-child\" data-id=\"d7a41a9\" data-element_type=\"container\" data-e-type=\"container\">\n\t\t\t\t<div class=\"elementor-element elementor-element-82504f3 elementor-widget elementor-widget-tourmbutton\" data-id=\"82504f3\" data-element_type=\"widget\" data-e-type=\"widget\" data-widget_type=\"tourmbutton.default\">\n\t\t\t\t<div class=\"elementor-widget-container\">\n\t\t\t\t\t<div class=\"btn-wrapper\"><a class=\"th-btn th_btn th-icon \" href=\"https:\/\/nature-fineart.com\/vogelfotografie-spanien\/einfarbstar\/\">Art entdecken<\/a><\/div>\t\t\t\t<\/div>\n\t\t\t\t<\/div>\n\t\t<div class=\"elementor-element elementor-element-8f4c6e4 e-con-full e-flex e-con e-child\" data-id=\"8f4c6e4\" data-element_type=\"container\" data-e-type=\"container\">\n\t\t\t\t<div class=\"elementor-element elementor-element-858a58c elementor-widget elementor-widget-text-editor\" data-id=\"858a58c\" data-element_type=\"widget\" data-e-type=\"widget\" data-widget_type=\"text-editor.default\">\n\t\t\t\t<div class=\"elementor-widget-container\">\n\t\t\t\t\t\t\t\t\t<p><strong>Einfarbstar<\/strong> \u2013 Gl\u00e4nzender S\u00e4nger des Mittelmeerraums:<\/p><p>Warme Lichtstimmungen, mediterrane Landschaften und lebhafte Bewegungen machen den Einfarbstar zu einem spannenden Motiv der Naturfotografie in Spanien.<\/p>\t\t\t\t\t\t\t\t<\/div>\n\t\t\t\t<\/div>\n\t\t\t\t<\/div>\n\t\t<div class=\"elementor-element elementor-element-fd90f79 e-con-full e-flex e-con e-child\" data-id=\"fd90f79\" data-element_type=\"container\" data-e-type=\"container\">\n\t\t\t\t<div class=\"elementor-element elementor-element-4d72afc elementor-widget elementor-widget-image\" data-id=\"4d72afc\" data-element_type=\"widget\" data-e-type=\"widget\" data-widget_type=\"image.default\">\n\t\t\t\t<div class=\"elementor-widget-container\">\n\t\t\t\t\t\t\t\t\t\t\t\t\t\t\t<img loading=\"lazy\" decoding=\"async\" width=\"600\" height=\"400\" src=\"https:\/\/nature-fineart.com\/vogelfotografie-spanien\/wp-content\/uploads\/2026\/05\/Einfarbstar-auf-Ansitz-in-Spanien-600x400.jpg\" class=\"attachment-medium size-medium wp-image-8029\" alt=\"\" srcset=\"https:\/\/nature-fineart.com\/vogelfotografie-spanien\/wp-content\/uploads\/2026\/05\/Einfarbstar-auf-Ansitz-in-Spanien-600x400.jpg 600w, https:\/\/nature-fineart.com\/vogelfotografie-spanien\/wp-content\/uploads\/2026\/05\/Einfarbstar-auf-Ansitz-in-Spanien-768x512.jpg 768w, https:\/\/nature-fineart.com\/vogelfotografie-spanien\/wp-content\/uploads\/2026\/05\/Einfarbstar-auf-Ansitz-in-Spanien.jpg 1024w\" sizes=\"(max-width: 600px) 100vw, 600px\" \/>\t\t\t\t\t\t\t\t\t\t\t\t\t\t\t<\/div>\n\t\t\t\t<\/div>\n\t\t\t\t<\/div>\n\t\t\t\t<\/div>\n\t\t\t\t\t<\/div>\n\t\t\t\t<\/div>\n\t\t<div class=\"elementor-element elementor-element-7e0c836 bird-item e-flex e-con-boxed e-con e-parent\" data-id=\"7e0c836\" data-element_type=\"container\" data-e-type=\"container\">\n\t\t\t\t\t<div class=\"e-con-inner\">\n\t\t\t\t<div class=\"elementor-element elementor-element-060b344 elementor-widget elementor-widget-spacer\" data-id=\"060b344\" data-element_type=\"widget\" data-e-type=\"widget\" data-widget_type=\"spacer.default\">\n\t\t\t\t<div class=\"elementor-widget-container\">\n\t\t\t\t\t\t\t<div class=\"elementor-spacer\">\n\t\t\t<div class=\"elementor-spacer-inner\"><\/div>\n\t\t<\/div>\n\t\t\t\t\t\t<\/div>\n\t\t\t\t<\/div>\n\t\t<div class=\"elementor-element elementor-element-a2a4972 e-con-full e-flex e-con e-child\" data-id=\"a2a4972\" data-element_type=\"container\" data-e-type=\"container\">\n\t\t\t\t<div class=\"elementor-element elementor-element-325d019 elementor-widget elementor-widget-tourmbutton\" data-id=\"325d019\" data-element_type=\"widget\" data-e-type=\"widget\" data-widget_type=\"tourmbutton.default\">\n\t\t\t\t<div class=\"elementor-widget-container\">\n\t\t\t\t\t<div class=\"btn-wrapper\"><a class=\"th-btn th_btn th-icon \" href=\"https:\/\/nature-fineart.com\/vogelfotografie-spanien\/ortolan\/\">Art entdecken<\/a><\/div>\t\t\t\t<\/div>\n\t\t\t\t<\/div>\n\t\t<div class=\"elementor-element elementor-element-0119369 e-con-full e-flex e-con e-child\" data-id=\"0119369\" data-element_type=\"container\" data-e-type=\"container\">\n\t\t\t\t<div class=\"elementor-element elementor-element-7090815 elementor-widget elementor-widget-text-editor\" data-id=\"7090815\" data-element_type=\"widget\" data-e-type=\"widget\" data-widget_type=\"text-editor.default\">\n\t\t\t\t<div class=\"elementor-widget-container\">\n\t\t\t\t\t\t\t\t\t<p><strong>Ortolan<\/strong> \u2013 Stimme der Mittelgebirge:<\/p><p>Sein Gesang verr\u00e4t ihn oft lange bevor man ihn entdeckt. Besonders auf bl\u00fchendem Ginster und im warmen Licht entstehen stimmungsvolle Aufnahmen dieses charakteristischen Singvogels.<\/p>\t\t\t\t\t\t\t\t<\/div>\n\t\t\t\t<\/div>\n\t\t\t\t<\/div>\n\t\t<div class=\"elementor-element elementor-element-9124970 e-con-full e-flex e-con e-child\" data-id=\"9124970\" data-element_type=\"container\" data-e-type=\"container\">\n\t\t\t\t<div class=\"elementor-element elementor-element-6efa884 elementor-widget elementor-widget-image\" data-id=\"6efa884\" data-element_type=\"widget\" data-e-type=\"widget\" data-widget_type=\"image.default\">\n\t\t\t\t<div class=\"elementor-widget-container\">\n\t\t\t\t\t\t\t\t\t\t\t\t\t\t\t<img loading=\"lazy\" decoding=\"async\" width=\"600\" height=\"400\" src=\"https:\/\/nature-fineart.com\/vogelfotografie-spanien\/wp-content\/uploads\/2026\/06\/Ortolan-auf-Ginster-oder-erhoehter-Singwarte-600x400.jpg\" class=\"attachment-medium size-medium wp-image-8758\" alt=\"\" srcset=\"https:\/\/nature-fineart.com\/vogelfotografie-spanien\/wp-content\/uploads\/2026\/06\/Ortolan-auf-Ginster-oder-erhoehter-Singwarte-600x400.jpg 600w, https:\/\/nature-fineart.com\/vogelfotografie-spanien\/wp-content\/uploads\/2026\/06\/Ortolan-auf-Ginster-oder-erhoehter-Singwarte-768x512.jpg 768w, https:\/\/nature-fineart.com\/vogelfotografie-spanien\/wp-content\/uploads\/2026\/06\/Ortolan-auf-Ginster-oder-erhoehter-Singwarte.jpg 1024w\" sizes=\"(max-width: 600px) 100vw, 600px\" \/>\t\t\t\t\t\t\t\t\t\t\t\t\t\t\t<\/div>\n\t\t\t\t<\/div>\n\t\t\t\t<\/div>\n\t\t\t\t<\/div>\n\t\t\t\t\t<\/div>\n\t\t\t\t<\/div>\n\t\t<div class=\"elementor-element elementor-element-60aa698 bird-item e-flex e-con-boxed e-con e-parent\" data-id=\"60aa698\" data-element_type=\"container\" data-e-type=\"container\">\n\t\t\t\t\t<div class=\"e-con-inner\">\n\t\t\t\t<div class=\"elementor-element elementor-element-413e2f5 elementor-widget elementor-widget-spacer\" data-id=\"413e2f5\" data-element_type=\"widget\" data-e-type=\"widget\" data-widget_type=\"spacer.default\">\n\t\t\t\t<div class=\"elementor-widget-container\">\n\t\t\t\t\t\t\t<div class=\"elementor-spacer\">\n\t\t\t<div class=\"elementor-spacer-inner\"><\/div>\n\t\t<\/div>\n\t\t\t\t\t\t<\/div>\n\t\t\t\t<\/div>\n\t\t<div class=\"elementor-element elementor-element-1dbdb16 e-con-full e-flex e-con e-child\" data-id=\"1dbdb16\" data-element_type=\"container\" data-e-type=\"container\">\n\t\t\t\t<div class=\"elementor-element elementor-element-2f083d3 elementor-widget elementor-widget-tourmbutton\" data-id=\"2f083d3\" data-element_type=\"widget\" data-e-type=\"widget\" data-widget_type=\"tourmbutton.default\">\n\t\t\t\t<div class=\"elementor-widget-container\">\n\t\t\t\t\t<div class=\"btn-wrapper\"><a class=\"th-btn th_btn th-icon \" href=\"https:\/\/nature-fineart.com\/vogelfotografie-spanien\/zippammer\/\">Art entdecken<\/a><\/div>\t\t\t\t<\/div>\n\t\t\t\t<\/div>\n\t\t<div class=\"elementor-element elementor-element-adeb4f5 e-con-full e-flex e-con e-child\" data-id=\"adeb4f5\" data-element_type=\"container\" data-e-type=\"container\">\n\t\t\t\t<div class=\"elementor-element elementor-element-7774a4c elementor-widget elementor-widget-text-editor\" data-id=\"7774a4c\" data-element_type=\"widget\" data-e-type=\"widget\" data-widget_type=\"text-editor.default\">\n\t\t\t\t<div class=\"elementor-widget-container\">\n\t\t\t\t\t\t\t\t\t<p><strong>Zippammer<\/strong> \u2013 Felsen und Mittelgebirge:<\/p><p>Kurzbeschreibung: Die Zippammer geh\u00f6rt zu den charakteristischen Singv\u00f6geln der spanischen Mittelgebirge. Besonders auf Steinen, Felsen und nat\u00fcrlichen Ansitzen entstehen stimmungsvolle Naturaufnahmen dieser faszinierenden Ammer.<\/p>\t\t\t\t\t\t\t\t<\/div>\n\t\t\t\t<\/div>\n\t\t\t\t<\/div>\n\t\t<div class=\"elementor-element elementor-element-181c60f e-con-full e-flex e-con e-child\" data-id=\"181c60f\" data-element_type=\"container\" data-e-type=\"container\">\n\t\t\t\t<div class=\"elementor-element elementor-element-7f61327 elementor-widget elementor-widget-image\" data-id=\"7f61327\" data-element_type=\"widget\" data-e-type=\"widget\" data-widget_type=\"image.default\">\n\t\t\t\t<div class=\"elementor-widget-container\">\n\t\t\t\t\t\t\t\t\t\t\t\t\t\t\t<img loading=\"lazy\" decoding=\"async\" width=\"600\" height=\"400\" src=\"https:\/\/nature-fineart.com\/vogelfotografie-spanien\/wp-content\/uploads\/2026\/06\/Zipammer-fotografieren-in-Spanien-600x400.jpg\" class=\"attachment-medium size-medium wp-image-8787\" alt=\"\" srcset=\"https:\/\/nature-fineart.com\/vogelfotografie-spanien\/wp-content\/uploads\/2026\/06\/Zipammer-fotografieren-in-Spanien-600x400.jpg 600w, https:\/\/nature-fineart.com\/vogelfotografie-spanien\/wp-content\/uploads\/2026\/06\/Zipammer-fotografieren-in-Spanien-768x512.jpg 768w, https:\/\/nature-fineart.com\/vogelfotografie-spanien\/wp-content\/uploads\/2026\/06\/Zipammer-fotografieren-in-Spanien.jpg 1024w\" sizes=\"(max-width: 600px) 100vw, 600px\" \/>\t\t\t\t\t\t\t\t\t\t\t\t\t\t\t<\/div>\n\t\t\t\t<\/div>\n\t\t\t\t<\/div>\n\t\t\t\t<\/div>\n\t\t\t\t\t<\/div>\n\t\t\t\t<\/div>\n\t\t<div class=\"elementor-element elementor-element-a545482 bird-item e-flex e-con-boxed e-con e-parent\" data-id=\"a545482\" data-element_type=\"container\" data-e-type=\"container\">\n\t\t\t\t\t<div class=\"e-con-inner\">\n\t\t\t\t<div class=\"elementor-element elementor-element-6474947 elementor-widget elementor-widget-spacer\" data-id=\"6474947\" data-element_type=\"widget\" data-e-type=\"widget\" data-widget_type=\"spacer.default\">\n\t\t\t\t<div class=\"elementor-widget-container\">\n\t\t\t\t\t\t\t<div class=\"elementor-spacer\">\n\t\t\t<div class=\"elementor-spacer-inner\"><\/div>\n\t\t<\/div>\n\t\t\t\t\t\t<\/div>\n\t\t\t\t<\/div>\n\t\t<div class=\"elementor-element elementor-element-01675be e-con-full e-flex e-con e-child\" data-id=\"01675be\" data-element_type=\"container\" data-e-type=\"container\">\n\t\t\t\t<div class=\"elementor-element elementor-element-164265d elementor-widget elementor-widget-tourmbutton\" data-id=\"164265d\" data-element_type=\"widget\" data-e-type=\"widget\" data-widget_type=\"tourmbutton.default\">\n\t\t\t\t<div class=\"elementor-widget-container\">\n\t\t\t\t\t<div class=\"btn-wrapper\"><a class=\"th-btn th_btn th-icon \" href=\"https:\/\/nature-fineart.com\/vogelfotografie-spanien\/grauammer\/\">Art entdecken<\/a><\/div>\t\t\t\t<\/div>\n\t\t\t\t<\/div>\n\t\t<div class=\"elementor-element elementor-element-16f3ec7 e-con-full e-flex e-con e-child\" data-id=\"16f3ec7\" data-element_type=\"container\" data-e-type=\"container\">\n\t\t\t\t<div class=\"elementor-element elementor-element-1680585 elementor-widget elementor-widget-text-editor\" data-id=\"1680585\" data-element_type=\"widget\" data-e-type=\"widget\" data-widget_type=\"text-editor.default\">\n\t\t\t\t<div class=\"elementor-widget-container\">\n\t\t\t\t\t\t\t\t\t<p><strong>Grauammer<\/strong> \u2013 Fr\u00fchlingsbote der offenen Landschaft:<\/p><p>Die Grauammer ist ein typischer Vogel offener Agrarlandschaften. Besonders im Fr\u00fchjahr sitzt sie oft frei auf einer Warte und singt ihren charakteristischen, klirrenden Gesang.<\/p>\t\t\t\t\t\t\t\t<\/div>\n\t\t\t\t<\/div>\n\t\t\t\t<\/div>\n\t\t<div class=\"elementor-element elementor-element-4bc33a6 e-con-full e-flex e-con e-child\" data-id=\"4bc33a6\" data-element_type=\"container\" data-e-type=\"container\">\n\t\t\t\t<div class=\"elementor-element elementor-element-746432a elementor-widget elementor-widget-image\" data-id=\"746432a\" data-element_type=\"widget\" data-e-type=\"widget\" data-widget_type=\"image.default\">\n\t\t\t\t<div class=\"elementor-widget-container\">\n\t\t\t\t\t\t\t\t\t\t\t\t\t\t\t<img loading=\"lazy\" decoding=\"async\" width=\"600\" height=\"400\" src=\"https:\/\/nature-fineart.com\/vogelfotografie-spanien\/wp-content\/uploads\/2026\/07\/Grauammer-im-Fruehling-fotografieren-600x400.jpg\" class=\"attachment-medium size-medium wp-image-8961\" alt=\"\" srcset=\"https:\/\/nature-fineart.com\/vogelfotografie-spanien\/wp-content\/uploads\/2026\/07\/Grauammer-im-Fruehling-fotografieren-600x400.jpg 600w, https:\/\/nature-fineart.com\/vogelfotografie-spanien\/wp-content\/uploads\/2026\/07\/Grauammer-im-Fruehling-fotografieren-768x512.jpg 768w, https:\/\/nature-fineart.com\/vogelfotografie-spanien\/wp-content\/uploads\/2026\/07\/Grauammer-im-Fruehling-fotografieren.jpg 1024w\" sizes=\"(max-width: 600px) 100vw, 600px\" \/>\t\t\t\t\t\t\t\t\t\t\t\t\t\t\t<\/div>\n\t\t\t\t<\/div>\n\t\t\t\t<\/div>\n\t\t\t\t<\/div>\n\t\t\t\t\t<\/div>\n\t\t\t\t<\/div>\n\t\t<div class=\"elementor-element elementor-element-caddcf3 bird-item e-flex e-con-boxed e-con e-parent\" data-id=\"caddcf3\" data-element_type=\"container\" data-e-type=\"container\">\n\t\t\t\t\t<div class=\"e-con-inner\">\n\t\t\t\t<div class=\"elementor-element elementor-element-440b176 elementor-widget elementor-widget-spacer\" data-id=\"440b176\" data-element_type=\"widget\" data-e-type=\"widget\" data-widget_type=\"spacer.default\">\n\t\t\t\t<div class=\"elementor-widget-container\">\n\t\t\t\t\t\t\t<div class=\"elementor-spacer\">\n\t\t\t<div class=\"elementor-spacer-inner\"><\/div>\n\t\t<\/div>\n\t\t\t\t\t\t<\/div>\n\t\t\t\t<\/div>\n\t\t<div class=\"elementor-element elementor-element-0574d57 e-con-full e-flex e-con e-child\" data-id=\"0574d57\" data-element_type=\"container\" data-e-type=\"container\">\n\t\t\t\t<div class=\"elementor-element elementor-element-fe7ce03 elementor-widget elementor-widget-tourmbutton\" data-id=\"fe7ce03\" data-element_type=\"widget\" data-e-type=\"widget\" data-widget_type=\"tourmbutton.default\">\n\t\t\t\t<div class=\"elementor-widget-container\">\n\t\t\t\t\t<div class=\"btn-wrapper\"><a class=\"th-btn th_btn th-icon \" href=\"https:\/\/nature-fineart.com\/vogelfotografie-spanien\/schneeammer\/\">Art entdecken<\/a><\/div>\t\t\t\t<\/div>\n\t\t\t\t<\/div>\n\t\t<div class=\"elementor-element elementor-element-4dfe1cd e-con-full e-flex e-con e-child\" data-id=\"4dfe1cd\" data-element_type=\"container\" data-e-type=\"container\">\n\t\t\t\t<div class=\"elementor-element elementor-element-aa0b1f0 elementor-widget elementor-widget-text-editor\" data-id=\"aa0b1f0\" data-element_type=\"widget\" data-e-type=\"widget\" data-widget_type=\"text-editor.default\">\n\t\t\t\t<div class=\"elementor-widget-container\">\n\t\t\t\t\t\t\t\t\t<p><strong>Schneeammer<\/strong> \u2013 seltener Wintergast mit perfekter Tarnung:<\/p><p>Die Schneeammer ist ein seltener Wintergast in Spanien. Erfahre mehr \u00fcber ihre au\u00dfergew\u00f6hnliche Tarnung, ihren Lebensraum und Tipps zur Naturfotografie.<\/p>\t\t\t\t\t\t\t\t<\/div>\n\t\t\t\t<\/div>\n\t\t\t\t<\/div>\n\t\t<div class=\"elementor-element elementor-element-a366bfd e-con-full e-flex e-con e-child\" data-id=\"a366bfd\" data-element_type=\"container\" data-e-type=\"container\">\n\t\t\t\t<div class=\"elementor-element elementor-element-7850127 elementor-widget elementor-widget-image\" data-id=\"7850127\" data-element_type=\"widget\" data-e-type=\"widget\" data-widget_type=\"image.default\">\n\t\t\t\t<div class=\"elementor-widget-container\">\n\t\t\t\t\t\t\t\t\t\t\t\t\t\t\t<img loading=\"lazy\" decoding=\"async\" width=\"600\" height=\"400\" src=\"https:\/\/nature-fineart.com\/vogelfotografie-spanien\/wp-content\/uploads\/2026\/07\/Schneeammer-im-Schlichtkleid-zwischen-Pflanzen-an-einer-Lagune-600x400.jpg\" class=\"attachment-medium size-medium wp-image-9611\" alt=\"\" srcset=\"https:\/\/nature-fineart.com\/vogelfotografie-spanien\/wp-content\/uploads\/2026\/07\/Schneeammer-im-Schlichtkleid-zwischen-Pflanzen-an-einer-Lagune-600x400.jpg 600w, https:\/\/nature-fineart.com\/vogelfotografie-spanien\/wp-content\/uploads\/2026\/07\/Schneeammer-im-Schlichtkleid-zwischen-Pflanzen-an-einer-Lagune-768x512.jpg 768w, https:\/\/nature-fineart.com\/vogelfotografie-spanien\/wp-content\/uploads\/2026\/07\/Schneeammer-im-Schlichtkleid-zwischen-Pflanzen-an-einer-Lagune.jpg 1024w\" sizes=\"(max-width: 600px) 100vw, 600px\" \/>\t\t\t\t\t\t\t\t\t\t\t\t\t\t\t<\/div>\n\t\t\t\t<\/div>\n\t\t\t\t<\/div>\n\t\t\t\t<\/div>\n\t\t\t\t\t<\/div>\n\t\t\t\t<\/div>\n\t\t<div class=\"elementor-element elementor-element-51353b3 bird-item e-flex e-con-boxed e-con e-parent\" data-id=\"51353b3\" data-element_type=\"container\" data-e-type=\"container\">\n\t\t\t\t\t<div class=\"e-con-inner\">\n\t\t\t\t<div class=\"elementor-element elementor-element-d865c43 elementor-widget elementor-widget-spacer\" data-id=\"d865c43\" data-element_type=\"widget\" data-e-type=\"widget\" data-widget_type=\"spacer.default\">\n\t\t\t\t<div class=\"elementor-widget-container\">\n\t\t\t\t\t\t\t<div class=\"elementor-spacer\">\n\t\t\t<div class=\"elementor-spacer-inner\"><\/div>\n\t\t<\/div>\n\t\t\t\t\t\t<\/div>\n\t\t\t\t<\/div>\n\t\t<div class=\"elementor-element elementor-element-3d31520 e-con-full e-flex e-con e-child\" data-id=\"3d31520\" data-element_type=\"container\" data-e-type=\"container\">\n\t\t\t\t<div class=\"elementor-element elementor-element-5171a54 elementor-widget elementor-widget-tourmbutton\" data-id=\"5171a54\" data-element_type=\"widget\" data-e-type=\"widget\" data-widget_type=\"tourmbutton.default\">\n\t\t\t\t<div class=\"elementor-widget-container\">\n\t\t\t\t\t<div class=\"btn-wrapper\"><a class=\"th-btn th_btn th-icon \" href=\"https:\/\/nature-fineart.com\/vogelfotografie-spanien\/brachpieper\/\">Art entdecken<\/a><\/div>\t\t\t\t<\/div>\n\t\t\t\t<\/div>\n\t\t<div class=\"elementor-element elementor-element-1e432f0 e-con-full e-flex e-con e-child\" data-id=\"1e432f0\" data-element_type=\"container\" data-e-type=\"container\">\n\t\t\t\t<div class=\"elementor-element elementor-element-e5c2e70 elementor-widget elementor-widget-text-editor\" data-id=\"e5c2e70\" data-element_type=\"widget\" data-e-type=\"widget\" data-widget_type=\"text-editor.default\">\n\t\t\t\t<div class=\"elementor-widget-container\">\n\t\t\t\t\t\t\t\t\t<p><strong>Brachpieper<\/strong> \u2013 unauff\u00e4lliger S\u00e4nger offener Landschaften:<\/p><p>Der Brachpieper f\u00e4llt mir oft zuerst durch seinen auff\u00e4lligen Gesang auf. In trockenen, offenen Landschaften l\u00e4sst er sich mit Geduld auf nat\u00fcrlichen Warten oder mit viel Lebensraum im Bild fotografieren.<\/p>\t\t\t\t\t\t\t\t<\/div>\n\t\t\t\t<\/div>\n\t\t\t\t<\/div>\n\t\t<div class=\"elementor-element elementor-element-6e66485 e-con-full e-flex e-con e-child\" data-id=\"6e66485\" data-element_type=\"container\" data-e-type=\"container\">\n\t\t\t\t<div class=\"elementor-element elementor-element-1209bc5 elementor-widget elementor-widget-image\" data-id=\"1209bc5\" data-element_type=\"widget\" data-e-type=\"widget\" data-widget_type=\"image.default\">\n\t\t\t\t<div class=\"elementor-widget-container\">\n\t\t\t\t\t\t\t\t\t\t\t\t\t\t\t<img loading=\"lazy\" decoding=\"async\" width=\"600\" height=\"417\" src=\"https:\/\/nature-fineart.com\/vogelfotografie-spanien\/wp-content\/uploads\/2026\/07\/Brachpieper-fotografieren-in-natuerlicher-Umgebung-600x417.jpg\" class=\"attachment-medium size-medium wp-image-9081\" alt=\"\" srcset=\"https:\/\/nature-fineart.com\/vogelfotografie-spanien\/wp-content\/uploads\/2026\/07\/Brachpieper-fotografieren-in-natuerlicher-Umgebung-600x417.jpg 600w, https:\/\/nature-fineart.com\/vogelfotografie-spanien\/wp-content\/uploads\/2026\/07\/Brachpieper-fotografieren-in-natuerlicher-Umgebung-768x534.jpg 768w, https:\/\/nature-fineart.com\/vogelfotografie-spanien\/wp-content\/uploads\/2026\/07\/Brachpieper-fotografieren-in-natuerlicher-Umgebung.jpg 1024w\" sizes=\"(max-width: 600px) 100vw, 600px\" \/>\t\t\t\t\t\t\t\t\t\t\t\t\t\t\t<\/div>\n\t\t\t\t<\/div>\n\t\t\t\t<\/div>\n\t\t\t\t<\/div>\n\t\t\t\t\t<\/div>\n\t\t\t\t<\/div>\n\t\t<div class=\"elementor-element elementor-element-9895e1e bird-item e-flex e-con-boxed e-con e-parent\" data-id=\"9895e1e\" data-element_type=\"container\" data-e-type=\"container\">\n\t\t\t\t\t<div class=\"e-con-inner\">\n\t\t\t\t<div class=\"elementor-element elementor-element-d155732 elementor-widget elementor-widget-spacer\" data-id=\"d155732\" data-element_type=\"widget\" data-e-type=\"widget\" data-widget_type=\"spacer.default\">\n\t\t\t\t<div class=\"elementor-widget-container\">\n\t\t\t\t\t\t\t<div class=\"elementor-spacer\">\n\t\t\t<div class=\"elementor-spacer-inner\"><\/div>\n\t\t<\/div>\n\t\t\t\t\t\t<\/div>\n\t\t\t\t<\/div>\n\t\t<div class=\"elementor-element elementor-element-23e1459 e-con-full e-flex e-con e-child\" data-id=\"23e1459\" data-element_type=\"container\" data-e-type=\"container\">\n\t\t\t\t<div class=\"elementor-element elementor-element-bd56bad elementor-widget elementor-widget-tourmbutton\" data-id=\"bd56bad\" data-element_type=\"widget\" data-e-type=\"widget\" data-widget_type=\"tourmbutton.default\">\n\t\t\t\t<div class=\"elementor-widget-container\">\n\t\t\t\t\t<div class=\"btn-wrapper\"><a class=\"th-btn th_btn th-icon \" href=\"https:\/\/nature-fineart.com\/vogelfotografie-spanien\/bergpieper\/\">Art entdecken<\/a><\/div>\t\t\t\t<\/div>\n\t\t\t\t<\/div>\n\t\t<div class=\"elementor-element elementor-element-691dfdd e-con-full e-flex e-con e-child\" data-id=\"691dfdd\" data-element_type=\"container\" data-e-type=\"container\">\n\t\t\t\t<div class=\"elementor-element elementor-element-074fe78 elementor-widget elementor-widget-text-editor\" data-id=\"074fe78\" data-element_type=\"widget\" data-e-type=\"widget\" data-widget_type=\"text-editor.default\">\n\t\t\t\t<div class=\"elementor-widget-container\">\n\t\t\t\t\t\t\t\t\t<p><strong>Bergpieper<\/strong> \u2013 Zwischen Bergwiese und Ufer:<\/p><p>Im Sommer begegnete ich dem Bergpieper in seinem Brutgebiet im Mittelgebirge, au\u00dferhalb der Brutzeit auch an einer Wasserstelle in tieferer Lage. Der Beitrag verbindet beide Lebensr\u00e4ume und zeigt den Vogel beim Singen und bei der Nahrungssuche.<\/p>\t\t\t\t\t\t\t\t<\/div>\n\t\t\t\t<\/div>\n\t\t\t\t<\/div>\n\t\t<div class=\"elementor-element elementor-element-54abcb6 e-con-full e-flex e-con e-child\" data-id=\"54abcb6\" data-element_type=\"container\" data-e-type=\"container\">\n\t\t\t\t<div class=\"elementor-element elementor-element-1118884 elementor-widget elementor-widget-image\" data-id=\"1118884\" data-element_type=\"widget\" data-e-type=\"widget\" data-widget_type=\"image.default\">\n\t\t\t\t<div class=\"elementor-widget-container\">\n\t\t\t\t\t\t\t\t\t\t\t\t\t\t\t<img loading=\"lazy\" decoding=\"async\" width=\"600\" height=\"420\" src=\"https:\/\/nature-fineart.com\/vogelfotografie-spanien\/wp-content\/uploads\/2026\/07\/Bergpieper-im-Uebergangskleid-an-einer-Wasserstelle-in-Spanien-600x420.jpg\" class=\"attachment-medium size-medium wp-image-9634\" alt=\"\" srcset=\"https:\/\/nature-fineart.com\/vogelfotografie-spanien\/wp-content\/uploads\/2026\/07\/Bergpieper-im-Uebergangskleid-an-einer-Wasserstelle-in-Spanien-600x420.jpg 600w, https:\/\/nature-fineart.com\/vogelfotografie-spanien\/wp-content\/uploads\/2026\/07\/Bergpieper-im-Uebergangskleid-an-einer-Wasserstelle-in-Spanien-768x537.jpg 768w, https:\/\/nature-fineart.com\/vogelfotografie-spanien\/wp-content\/uploads\/2026\/07\/Bergpieper-im-Uebergangskleid-an-einer-Wasserstelle-in-Spanien.jpg 1024w\" sizes=\"(max-width: 600px) 100vw, 600px\" \/>\t\t\t\t\t\t\t\t\t\t\t\t\t\t\t<\/div>\n\t\t\t\t<\/div>\n\t\t\t\t<\/div>\n\t\t\t\t<\/div>\n\t\t\t\t\t<\/div>\n\t\t\t\t<\/div>\n\t\t<div class=\"elementor-element elementor-element-11ed4ea bird-item e-flex e-con-boxed e-con e-parent\" data-id=\"11ed4ea\" data-element_type=\"container\" data-e-type=\"container\">\n\t\t\t\t\t<div class=\"e-con-inner\">\n\t\t\t\t<div class=\"elementor-element elementor-element-3131922 elementor-widget elementor-widget-spacer\" data-id=\"3131922\" data-element_type=\"widget\" data-e-type=\"widget\" data-widget_type=\"spacer.default\">\n\t\t\t\t<div class=\"elementor-widget-container\">\n\t\t\t\t\t\t\t<div class=\"elementor-spacer\">\n\t\t\t<div class=\"elementor-spacer-inner\"><\/div>\n\t\t<\/div>\n\t\t\t\t\t\t<\/div>\n\t\t\t\t<\/div>\n\t\t<div class=\"elementor-element elementor-element-ed6f8c4 e-con-full e-flex e-con e-child\" data-id=\"ed6f8c4\" data-element_type=\"container\" data-e-type=\"container\">\n\t\t\t\t<div class=\"elementor-element elementor-element-37e4988 elementor-widget elementor-widget-tourmbutton\" data-id=\"37e4988\" data-element_type=\"widget\" data-e-type=\"widget\" data-widget_type=\"tourmbutton.default\">\n\t\t\t\t<div class=\"elementor-widget-container\">\n\t\t\t\t\t<div class=\"btn-wrapper\"><a class=\"th-btn th_btn th-icon \" href=\"https:\/\/nature-fineart.com\/vogelfotografie-spanien\/wiesenpieper\/\">Art entdecken<\/a><\/div>\t\t\t\t<\/div>\n\t\t\t\t<\/div>\n\t\t<div class=\"elementor-element elementor-element-c848f68 e-con-full e-flex e-con e-child\" data-id=\"c848f68\" data-element_type=\"container\" data-e-type=\"container\">\n\t\t\t\t<div class=\"elementor-element elementor-element-55c0192 elementor-widget elementor-widget-text-editor\" data-id=\"55c0192\" data-element_type=\"widget\" data-e-type=\"widget\" data-widget_type=\"text-editor.default\">\n\t\t\t\t<div class=\"elementor-widget-container\">\n\t\t\t\t\t\t\t\t\t<p><strong>Wiesenpieper<\/strong> \u2013 unauff\u00e4llig und faszinierend:<\/p><p>Im Winter ist der Wiesenpieper regelm\u00e4\u00dfig in Spanien anzutreffen. Begleite mich zu Beobachtungen aus Steppe, Offenland und Uferbereichen und erfahre, wie diese unauff\u00e4llige Vogelart erfolgreich fotografiert werden kann.<\/p>\t\t\t\t\t\t\t\t<\/div>\n\t\t\t\t<\/div>\n\t\t\t\t<\/div>\n\t\t<div class=\"elementor-element elementor-element-483d99b e-con-full e-flex e-con e-child\" data-id=\"483d99b\" data-element_type=\"container\" data-e-type=\"container\">\n\t\t\t\t<div class=\"elementor-element elementor-element-e7eec10 elementor-widget elementor-widget-image\" data-id=\"e7eec10\" data-element_type=\"widget\" data-e-type=\"widget\" data-widget_type=\"image.default\">\n\t\t\t\t<div class=\"elementor-widget-container\">\n\t\t\t\t\t\t\t\t\t\t\t\t\t\t\t<img loading=\"lazy\" decoding=\"async\" width=\"600\" height=\"407\" src=\"https:\/\/nature-fineart.com\/vogelfotografie-spanien\/wp-content\/uploads\/2026\/07\/Wiesenpieper-im-Profil-auf-dem-Boden-einer-offenen-Steppenlandschaft-600x407.jpg\" class=\"attachment-medium size-medium wp-image-9622\" alt=\"\" srcset=\"https:\/\/nature-fineart.com\/vogelfotografie-spanien\/wp-content\/uploads\/2026\/07\/Wiesenpieper-im-Profil-auf-dem-Boden-einer-offenen-Steppenlandschaft-600x407.jpg 600w, https:\/\/nature-fineart.com\/vogelfotografie-spanien\/wp-content\/uploads\/2026\/07\/Wiesenpieper-im-Profil-auf-dem-Boden-einer-offenen-Steppenlandschaft-768x521.jpg 768w, https:\/\/nature-fineart.com\/vogelfotografie-spanien\/wp-content\/uploads\/2026\/07\/Wiesenpieper-im-Profil-auf-dem-Boden-einer-offenen-Steppenlandschaft.jpg 1024w\" sizes=\"(max-width: 600px) 100vw, 600px\" \/>\t\t\t\t\t\t\t\t\t\t\t\t\t\t\t<\/div>\n\t\t\t\t<\/div>\n\t\t\t\t<\/div>\n\t\t\t\t<\/div>\n\t\t\t\t\t<\/div>\n\t\t\t\t<\/div>\n\t\t<div class=\"elementor-element elementor-element-4901b89 bird-item e-flex e-con-boxed e-con e-parent\" data-id=\"4901b89\" data-element_type=\"container\" data-e-type=\"container\">\n\t\t\t\t\t<div class=\"e-con-inner\">\n\t\t\t\t<div class=\"elementor-element elementor-element-dc05a92 elementor-widget elementor-widget-spacer\" data-id=\"dc05a92\" data-element_type=\"widget\" data-e-type=\"widget\" data-widget_type=\"spacer.default\">\n\t\t\t\t<div class=\"elementor-widget-container\">\n\t\t\t\t\t\t\t<div class=\"elementor-spacer\">\n\t\t\t<div class=\"elementor-spacer-inner\"><\/div>\n\t\t<\/div>\n\t\t\t\t\t\t<\/div>\n\t\t\t\t<\/div>\n\t\t<div class=\"elementor-element elementor-element-ebb382d e-con-full e-flex e-con e-child\" data-id=\"ebb382d\" data-element_type=\"container\" data-e-type=\"container\">\n\t\t\t\t<div class=\"elementor-element elementor-element-216fd47 elementor-widget elementor-widget-tourmbutton\" data-id=\"216fd47\" data-element_type=\"widget\" data-e-type=\"widget\" data-widget_type=\"tourmbutton.default\">\n\t\t\t\t<div class=\"elementor-widget-container\">\n\t\t\t\t\t<div class=\"btn-wrapper\"><a class=\"th-btn th_btn th-icon \" href=\"https:\/\/nature-fineart.com\/vogelfotografie-spanien\/rauchschwalbe\/\">Art entdecken<\/a><\/div>\t\t\t\t<\/div>\n\t\t\t\t<\/div>\n\t\t<div class=\"elementor-element elementor-element-fff401d e-con-full e-flex e-con e-child\" data-id=\"fff401d\" data-element_type=\"container\" data-e-type=\"container\">\n\t\t\t\t<div class=\"elementor-element elementor-element-43cc3d7 elementor-widget elementor-widget-text-editor\" data-id=\"43cc3d7\" data-element_type=\"widget\" data-e-type=\"widget\" data-widget_type=\"text-editor.default\">\n\t\t\t\t<div class=\"elementor-widget-container\">\n\t\t\t\t\t\t\t\t\t<p><strong>Rauchschwalbe<\/strong> \u2013 elegante Flugk\u00fcnstlerin mit metallischem Gefieder:<\/p><p>Die Rauchschwalbe ist schnell, wendig und an ihrem tief gegabelten Schwanz gut zu erkennen. Besonders bei sch\u00f6nem Licht kommt ihr metallisch blau gl\u00e4nzendes Gefieder eindrucksvoll zur Geltung.<\/p>\t\t\t\t\t\t\t\t<\/div>\n\t\t\t\t<\/div>\n\t\t\t\t<\/div>\n\t\t<div class=\"elementor-element elementor-element-4d6747d e-con-full e-flex e-con e-child\" data-id=\"4d6747d\" data-element_type=\"container\" data-e-type=\"container\">\n\t\t\t\t<div class=\"elementor-element elementor-element-9d5312f elementor-widget elementor-widget-image\" data-id=\"9d5312f\" data-element_type=\"widget\" data-e-type=\"widget\" data-widget_type=\"image.default\">\n\t\t\t\t<div class=\"elementor-widget-container\">\n\t\t\t\t\t\t\t\t\t\t\t\t\t\t\t<img loading=\"lazy\" decoding=\"async\" width=\"600\" height=\"465\" src=\"https:\/\/nature-fineart.com\/vogelfotografie-spanien\/wp-content\/uploads\/2026\/07\/Rauchschwalbe-auf-einem-Ast-vor-weichem-Hintergrund-600x465.jpg\" class=\"attachment-medium size-medium wp-image-9212\" alt=\"\" srcset=\"https:\/\/nature-fineart.com\/vogelfotografie-spanien\/wp-content\/uploads\/2026\/07\/Rauchschwalbe-auf-einem-Ast-vor-weichem-Hintergrund-600x465.jpg 600w, https:\/\/nature-fineart.com\/vogelfotografie-spanien\/wp-content\/uploads\/2026\/07\/Rauchschwalbe-auf-einem-Ast-vor-weichem-Hintergrund-768x595.jpg 768w, https:\/\/nature-fineart.com\/vogelfotografie-spanien\/wp-content\/uploads\/2026\/07\/Rauchschwalbe-auf-einem-Ast-vor-weichem-Hintergrund.jpg 1024w\" sizes=\"(max-width: 600px) 100vw, 600px\" \/>\t\t\t\t\t\t\t\t\t\t\t\t\t\t\t<\/div>\n\t\t\t\t<\/div>\n\t\t\t\t<\/div>\n\t\t\t\t<\/div>\n\t\t\t\t\t<\/div>\n\t\t\t\t<\/div>\n\t\t<div class=\"elementor-element elementor-element-a67766c bird-item e-flex e-con-boxed e-con e-parent\" data-id=\"a67766c\" data-element_type=\"container\" data-e-type=\"container\">\n\t\t\t\t\t<div class=\"e-con-inner\">\n\t\t\t\t<div class=\"elementor-element elementor-element-53a981e elementor-widget elementor-widget-spacer\" data-id=\"53a981e\" data-element_type=\"widget\" data-e-type=\"widget\" data-widget_type=\"spacer.default\">\n\t\t\t\t<div class=\"elementor-widget-container\">\n\t\t\t\t\t\t\t<div class=\"elementor-spacer\">\n\t\t\t<div class=\"elementor-spacer-inner\"><\/div>\n\t\t<\/div>\n\t\t\t\t\t\t<\/div>\n\t\t\t\t<\/div>\n\t\t<div class=\"elementor-element elementor-element-b9b9d8b e-con-full e-flex e-con e-child\" data-id=\"b9b9d8b\" data-element_type=\"container\" data-e-type=\"container\">\n\t\t\t\t<div class=\"elementor-element elementor-element-fae79c3 elementor-widget elementor-widget-tourmbutton\" data-id=\"fae79c3\" data-element_type=\"widget\" data-e-type=\"widget\" data-widget_type=\"tourmbutton.default\">\n\t\t\t\t<div class=\"elementor-widget-container\">\n\t\t\t\t\t<div class=\"btn-wrapper\"><a class=\"th-btn th_btn th-icon \" href=\"https:\/\/nature-fineart.com\/vogelfotografie-spanien\/schafstelze\/\">Art entdecken<\/a><\/div>\t\t\t\t<\/div>\n\t\t\t\t<\/div>\n\t\t<div class=\"elementor-element elementor-element-3167508 e-con-full e-flex e-con e-child\" data-id=\"3167508\" data-element_type=\"container\" data-e-type=\"container\">\n\t\t\t\t<div class=\"elementor-element elementor-element-4e27535 elementor-widget elementor-widget-text-editor\" data-id=\"4e27535\" data-element_type=\"widget\" data-e-type=\"widget\" data-widget_type=\"text-editor.default\">\n\t\t\t\t<div class=\"elementor-widget-container\">\n\t\t\t\t\t\t\t\t\t<p><strong>Schafstelze<\/strong> \u2013 leuchtendes Gelb in feuchten Landschaften:<\/p><p>Die Schafstelze f\u00e4llt im Fr\u00fchjahr durch ihr intensiv gelbes Brutkleid auf. Auf Augenh\u00f6he, zwischen Blumen oder an feuchten Stellen entstehen besonders nat\u00fcrliche und farbenfrohe Aufnahmen.<\/p>\t\t\t\t\t\t\t\t<\/div>\n\t\t\t\t<\/div>\n\t\t\t\t<\/div>\n\t\t<div class=\"elementor-element elementor-element-661800e e-con-full e-flex e-con e-child\" data-id=\"661800e\" data-element_type=\"container\" data-e-type=\"container\">\n\t\t\t\t<div class=\"elementor-element elementor-element-09c37db elementor-widget elementor-widget-image\" data-id=\"09c37db\" data-element_type=\"widget\" data-e-type=\"widget\" data-widget_type=\"image.default\">\n\t\t\t\t<div class=\"elementor-widget-container\">\n\t\t\t\t\t\t\t\t\t\t\t\t\t\t\t<img loading=\"lazy\" decoding=\"async\" width=\"600\" height=\"433\" src=\"https:\/\/nature-fineart.com\/vogelfotografie-spanien\/wp-content\/uploads\/2026\/07\/Schafstelze-fotografieren-600x433.jpg\" class=\"attachment-medium size-medium wp-image-9025\" alt=\"\" srcset=\"https:\/\/nature-fineart.com\/vogelfotografie-spanien\/wp-content\/uploads\/2026\/07\/Schafstelze-fotografieren-600x433.jpg 600w, https:\/\/nature-fineart.com\/vogelfotografie-spanien\/wp-content\/uploads\/2026\/07\/Schafstelze-fotografieren-768x554.jpg 768w, https:\/\/nature-fineart.com\/vogelfotografie-spanien\/wp-content\/uploads\/2026\/07\/Schafstelze-fotografieren.jpg 1024w\" sizes=\"(max-width: 600px) 100vw, 600px\" \/>\t\t\t\t\t\t\t\t\t\t\t\t\t\t\t<\/div>\n\t\t\t\t<\/div>\n\t\t\t\t<\/div>\n\t\t\t\t<\/div>\n\t\t\t\t\t<\/div>\n\t\t\t\t<\/div>\n\t\t<div class=\"elementor-element elementor-element-b851af5 bird-item e-flex e-con-boxed e-con e-parent\" data-id=\"b851af5\" data-element_type=\"container\" data-e-type=\"container\">\n\t\t\t\t\t<div class=\"e-con-inner\">\n\t\t\t\t<div class=\"elementor-element elementor-element-2053077 elementor-widget elementor-widget-spacer\" data-id=\"2053077\" data-element_type=\"widget\" data-e-type=\"widget\" data-widget_type=\"spacer.default\">\n\t\t\t\t<div class=\"elementor-widget-container\">\n\t\t\t\t\t\t\t<div class=\"elementor-spacer\">\n\t\t\t<div class=\"elementor-spacer-inner\"><\/div>\n\t\t<\/div>\n\t\t\t\t\t\t<\/div>\n\t\t\t\t<\/div>\n\t\t<div class=\"elementor-element elementor-element-2fb570b e-con-full e-flex e-con e-child\" data-id=\"2fb570b\" data-element_type=\"container\" data-e-type=\"container\">\n\t\t\t\t<div class=\"elementor-element elementor-element-820eb07 elementor-widget elementor-widget-tourmbutton\" data-id=\"820eb07\" data-element_type=\"widget\" data-e-type=\"widget\" data-widget_type=\"tourmbutton.default\">\n\t\t\t\t<div class=\"elementor-widget-container\">\n\t\t\t\t\t<div class=\"btn-wrapper\"><a class=\"th-btn th_btn th-icon \" href=\"https:\/\/nature-fineart.com\/vogelfotografie-spanien\/bachstelze\/\">Art entdecken<\/a><\/div>\t\t\t\t<\/div>\n\t\t\t\t<\/div>\n\t\t<div class=\"elementor-element elementor-element-025d852 e-con-full e-flex e-con e-child\" data-id=\"025d852\" data-element_type=\"container\" data-e-type=\"container\">\n\t\t\t\t<div class=\"elementor-element elementor-element-4be099a elementor-widget elementor-widget-text-editor\" data-id=\"4be099a\" data-element_type=\"widget\" data-e-type=\"widget\" data-widget_type=\"text-editor.default\">\n\t\t\t\t<div class=\"elementor-widget-container\">\n\t\t\t\t\t\t\t\t\t<p><strong>Bachstelze<\/strong> \u2013 Schwarz-Wei\u00df-Kontraste am Wasser:<\/p><p>Die Bachstelze ist an Feldern, B\u00e4chen, Seen und vielen weiteren Lebensr\u00e4umen zu finden. Auf Augenh\u00f6he, mit ruhigem Hintergrund oder einer Spiegelung im Wasser entstehen ausdrucksstarke Aufnahmen.<\/p>\t\t\t\t\t\t\t\t<\/div>\n\t\t\t\t<\/div>\n\t\t\t\t<\/div>\n\t\t<div class=\"elementor-element elementor-element-b91d634 e-con-full e-flex e-con e-child\" data-id=\"b91d634\" data-element_type=\"container\" data-e-type=\"container\">\n\t\t\t\t<div class=\"elementor-element elementor-element-ed9c648 elementor-widget elementor-widget-image\" data-id=\"ed9c648\" data-element_type=\"widget\" data-e-type=\"widget\" data-widget_type=\"image.default\">\n\t\t\t\t<div class=\"elementor-widget-container\">\n\t\t\t\t\t\t\t\t\t\t\t\t\t\t\t<img loading=\"lazy\" decoding=\"async\" width=\"600\" height=\"443\" src=\"https:\/\/nature-fineart.com\/vogelfotografie-spanien\/wp-content\/uploads\/2026\/07\/Bachstelze-fotografieren-600x443.jpg\" class=\"attachment-medium size-medium wp-image-9042\" alt=\"\" srcset=\"https:\/\/nature-fineart.com\/vogelfotografie-spanien\/wp-content\/uploads\/2026\/07\/Bachstelze-fotografieren-600x443.jpg 600w, https:\/\/nature-fineart.com\/vogelfotografie-spanien\/wp-content\/uploads\/2026\/07\/Bachstelze-fotografieren-768x567.jpg 768w, https:\/\/nature-fineart.com\/vogelfotografie-spanien\/wp-content\/uploads\/2026\/07\/Bachstelze-fotografieren.jpg 1024w\" sizes=\"(max-width: 600px) 100vw, 600px\" \/>\t\t\t\t\t\t\t\t\t\t\t\t\t\t\t<\/div>\n\t\t\t\t<\/div>\n\t\t\t\t<\/div>\n\t\t\t\t<\/div>\n\t\t\t\t\t<\/div>\n\t\t\t\t<\/div>\n\t\t<div class=\"elementor-element elementor-element-3124698 bird-item e-flex e-con-boxed e-con e-parent\" data-id=\"3124698\" data-element_type=\"container\" data-e-type=\"container\">\n\t\t\t\t\t<div class=\"e-con-inner\">\n\t\t\t\t<div class=\"elementor-element elementor-element-51b57b2 elementor-widget elementor-widget-spacer\" data-id=\"51b57b2\" data-element_type=\"widget\" data-e-type=\"widget\" data-widget_type=\"spacer.default\">\n\t\t\t\t<div class=\"elementor-widget-container\">\n\t\t\t\t\t\t\t<div class=\"elementor-spacer\">\n\t\t\t<div class=\"elementor-spacer-inner\"><\/div>\n\t\t<\/div>\n\t\t\t\t\t\t<\/div>\n\t\t\t\t<\/div>\n\t\t<div class=\"elementor-element elementor-element-621f3ba e-con-full e-flex e-con e-child\" data-id=\"621f3ba\" data-element_type=\"container\" data-e-type=\"container\">\n\t\t\t\t<div class=\"elementor-element elementor-element-651981b elementor-widget elementor-widget-tourmbutton\" data-id=\"651981b\" data-element_type=\"widget\" data-e-type=\"widget\" data-widget_type=\"tourmbutton.default\">\n\t\t\t\t<div class=\"elementor-widget-container\">\n\t\t\t\t\t<div class=\"btn-wrapper\"><a class=\"th-btn th_btn th-icon \" href=\"https:\/\/nature-fineart.com\/vogelfotografie-spanien\/schwarzkehlchen\/\">Art entdecken<\/a><\/div>\t\t\t\t<\/div>\n\t\t\t\t<\/div>\n\t\t<div class=\"elementor-element elementor-element-9734f07 e-con-full e-flex e-con e-child\" data-id=\"9734f07\" data-element_type=\"container\" data-e-type=\"container\">\n\t\t\t\t<div class=\"elementor-element elementor-element-06b18b2 elementor-widget elementor-widget-text-editor\" data-id=\"06b18b2\" data-element_type=\"widget\" data-e-type=\"widget\" data-widget_type=\"text-editor.default\">\n\t\t\t\t<div class=\"elementor-widget-container\">\n\t\t\t\t\t\t\t\t\t<p><strong>Schwarzkehlchen<\/strong> \u2013 auff\u00e4lliger Ansitzj\u00e4ger offener Landschaften:<\/p><p>Das Schwarzkehlchen ist in Spaniens offenen und halboffenen Landschaften weit verbreitet. Kontrastreiches Gefieder, schnelle Jagdfl\u00fcge und unterschiedliche Jahreszeiten machen die Art zu einem vielseitigen Motiv der Vogelfotografie.<\/p>\t\t\t\t\t\t\t\t<\/div>\n\t\t\t\t<\/div>\n\t\t\t\t<\/div>\n\t\t<div class=\"elementor-element elementor-element-3f7a2a5 e-con-full e-flex e-con e-child\" data-id=\"3f7a2a5\" data-element_type=\"container\" data-e-type=\"container\">\n\t\t\t\t<div class=\"elementor-element elementor-element-4ec54e2 elementor-widget elementor-widget-image\" data-id=\"4ec54e2\" data-element_type=\"widget\" data-e-type=\"widget\" data-widget_type=\"image.default\">\n\t\t\t\t<div class=\"elementor-widget-container\">\n\t\t\t\t\t\t\t\t\t\t\t\t\t\t\t<img loading=\"lazy\" decoding=\"async\" width=\"600\" height=\"400\" src=\"https:\/\/nature-fineart.com\/vogelfotografie-spanien\/wp-content\/uploads\/2026\/08\/Maennliches-Schwarzkehlchen-frontal-auf-einem-Ast-mit-orangebrauner-Brust-und-dunklem-Kopf-600x400.jpg\" class=\"attachment-medium size-medium wp-image-10570\" alt=\"M\u00e4nnliches Schwarzkehlchen frontal auf einem Ast mit orangebrauner Brust und dunklem Kopf\" srcset=\"https:\/\/nature-fineart.com\/vogelfotografie-spanien\/wp-content\/uploads\/2026\/08\/Maennliches-Schwarzkehlchen-frontal-auf-einem-Ast-mit-orangebrauner-Brust-und-dunklem-Kopf-600x400.jpg 600w, https:\/\/nature-fineart.com\/vogelfotografie-spanien\/wp-content\/uploads\/2026\/08\/Maennliches-Schwarzkehlchen-frontal-auf-einem-Ast-mit-orangebrauner-Brust-und-dunklem-Kopf-768x512.jpg 768w, https:\/\/nature-fineart.com\/vogelfotografie-spanien\/wp-content\/uploads\/2026\/08\/Maennliches-Schwarzkehlchen-frontal-auf-einem-Ast-mit-orangebrauner-Brust-und-dunklem-Kopf.jpg 1024w\" sizes=\"(max-width: 600px) 100vw, 600px\" \/>\t\t\t\t\t\t\t\t\t\t\t\t\t\t\t<\/div>\n\t\t\t\t<\/div>\n\t\t\t\t<\/div>\n\t\t\t\t<\/div>\n\t\t\t\t\t<\/div>\n\t\t\t\t<\/div>\n\t\t<div class=\"elementor-element elementor-element-362c729 bird-item e-flex e-con-boxed e-con e-parent\" data-id=\"362c729\" data-element_type=\"container\" data-e-type=\"container\">\n\t\t\t\t\t<div class=\"e-con-inner\">\n\t\t\t\t<div class=\"elementor-element elementor-element-e42f13d elementor-widget elementor-widget-spacer\" data-id=\"e42f13d\" data-element_type=\"widget\" data-e-type=\"widget\" data-widget_type=\"spacer.default\">\n\t\t\t\t<div class=\"elementor-widget-container\">\n\t\t\t\t\t\t\t<div class=\"elementor-spacer\">\n\t\t\t<div class=\"elementor-spacer-inner\"><\/div>\n\t\t<\/div>\n\t\t\t\t\t\t<\/div>\n\t\t\t\t<\/div>\n\t\t<div class=\"elementor-element elementor-element-76759dd e-con-full e-flex e-con e-child\" data-id=\"76759dd\" data-element_type=\"container\" data-e-type=\"container\">\n\t\t\t\t<div class=\"elementor-element elementor-element-946d162 elementor-widget elementor-widget-tourmbutton\" data-id=\"946d162\" data-element_type=\"widget\" data-e-type=\"widget\" data-widget_type=\"tourmbutton.default\">\n\t\t\t\t<div class=\"elementor-widget-container\">\n\t\t\t\t\t<div class=\"btn-wrapper\"><a class=\"th-btn th_btn th-icon \" href=\"https:\/\/nature-fineart.com\/vogelfotografie-spanien\/braunkehlchen\/\">Art entdecken<\/a><\/div>\t\t\t\t<\/div>\n\t\t\t\t<\/div>\n\t\t<div class=\"elementor-element elementor-element-9c6e949 e-con-full e-flex e-con e-child\" data-id=\"9c6e949\" data-element_type=\"container\" data-e-type=\"container\">\n\t\t\t\t<div class=\"elementor-element elementor-element-1807baf elementor-widget elementor-widget-text-editor\" data-id=\"1807baf\" data-element_type=\"widget\" data-e-type=\"widget\" data-widget_type=\"text-editor.default\">\n\t\t\t\t<div class=\"elementor-widget-container\">\n\t\t\t\t\t\t\t\t\t<p><strong>Braunkehlchen<\/strong> \u2013 seltener Gast offener Landschaften:<\/p><p>Das Braunkehlchen ist in Spanien vielerorts vor allem w\u00e4hrend des Vogelzugs zu beobachten. Sein heller \u00dcberaugenstreif, die warme Brustf\u00e4rbung und nat\u00fcrliche Sitzwarten in offenen Landschaften machen es zu einem besonderen Motiv der Vogelfotografie.<\/p>\t\t\t\t\t\t\t\t<\/div>\n\t\t\t\t<\/div>\n\t\t\t\t<\/div>\n\t\t<div class=\"elementor-element elementor-element-b276bb5 e-con-full e-flex e-con e-child\" data-id=\"b276bb5\" data-element_type=\"container\" data-e-type=\"container\">\n\t\t\t\t<div class=\"elementor-element elementor-element-1a2bb09 elementor-widget elementor-widget-image\" data-id=\"1a2bb09\" data-element_type=\"widget\" data-e-type=\"widget\" data-widget_type=\"image.default\">\n\t\t\t\t<div class=\"elementor-widget-container\">\n\t\t\t\t\t\t\t\t\t\t\t\t\t\t\t<img loading=\"lazy\" decoding=\"async\" width=\"600\" height=\"400\" src=\"https:\/\/nature-fineart.com\/vogelfotografie-spanien\/wp-content\/uploads\/2026\/08\/Braunkehlchen-auf-einer-natuerlichen-Warte-zwischen-Blumen-in-einer-offenen-Landschaft-in-Spanien-600x400.jpg\" class=\"attachment-medium size-medium wp-image-10588\" alt=\"Braunkehlchen auf einer nat\u00fcrlichen Warte zwischen Blumen in einer offenen Landschaft in Spanien\" srcset=\"https:\/\/nature-fineart.com\/vogelfotografie-spanien\/wp-content\/uploads\/2026\/08\/Braunkehlchen-auf-einer-natuerlichen-Warte-zwischen-Blumen-in-einer-offenen-Landschaft-in-Spanien-600x400.jpg 600w, https:\/\/nature-fineart.com\/vogelfotografie-spanien\/wp-content\/uploads\/2026\/08\/Braunkehlchen-auf-einer-natuerlichen-Warte-zwischen-Blumen-in-einer-offenen-Landschaft-in-Spanien-768x512.jpg 768w, https:\/\/nature-fineart.com\/vogelfotografie-spanien\/wp-content\/uploads\/2026\/08\/Braunkehlchen-auf-einer-natuerlichen-Warte-zwischen-Blumen-in-einer-offenen-Landschaft-in-Spanien.jpg 1024w\" sizes=\"(max-width: 600px) 100vw, 600px\" \/>\t\t\t\t\t\t\t\t\t\t\t\t\t\t\t<\/div>\n\t\t\t\t<\/div>\n\t\t\t\t<\/div>\n\t\t\t\t<\/div>\n\t\t\t\t\t<\/div>\n\t\t\t\t<\/div>\n\t\t<div class=\"elementor-element elementor-element-cdd7b52 bird-item e-flex e-con-boxed e-con e-parent\" data-id=\"cdd7b52\" data-element_type=\"container\" data-e-type=\"container\">\n\t\t\t\t\t<div class=\"e-con-inner\">\n\t\t\t\t<div class=\"elementor-element elementor-element-297e040 elementor-widget elementor-widget-spacer\" data-id=\"297e040\" data-element_type=\"widget\" data-e-type=\"widget\" data-widget_type=\"spacer.default\">\n\t\t\t\t<div class=\"elementor-widget-container\">\n\t\t\t\t\t\t\t<div class=\"elementor-spacer\">\n\t\t\t<div class=\"elementor-spacer-inner\"><\/div>\n\t\t<\/div>\n\t\t\t\t\t\t<\/div>\n\t\t\t\t<\/div>\n\t\t<div class=\"elementor-element elementor-element-e4d753e e-con-full e-flex e-con e-child\" data-id=\"e4d753e\" data-element_type=\"container\" data-e-type=\"container\">\n\t\t\t\t<div class=\"elementor-element elementor-element-f4471d0 elementor-widget elementor-widget-tourmbutton\" data-id=\"f4471d0\" data-element_type=\"widget\" data-e-type=\"widget\" data-widget_type=\"tourmbutton.default\">\n\t\t\t\t<div class=\"elementor-widget-container\">\n\t\t\t\t\t<div class=\"btn-wrapper\"><a class=\"th-btn th_btn th-icon \" href=\"https:\/\/nature-fineart.com\/vogelfotografie-spanien\/hausrotschwanz\/\">Art entdecken<\/a><\/div>\t\t\t\t<\/div>\n\t\t\t\t<\/div>\n\t\t<div class=\"elementor-element elementor-element-03717e6 e-con-full e-flex e-con e-child\" data-id=\"03717e6\" data-element_type=\"container\" data-e-type=\"container\">\n\t\t\t\t<div class=\"elementor-element elementor-element-8ae51d4 elementor-widget elementor-widget-text-editor\" data-id=\"8ae51d4\" data-element_type=\"widget\" data-e-type=\"widget\" data-widget_type=\"text-editor.default\">\n\t\t\t\t<div class=\"elementor-widget-container\">\n\t\t\t\t\t\t\t\t\t<p><strong>Hausrotschwanz<\/strong> \u2013 vielseitiger J\u00e4ger auf erh\u00f6hten Warten:<\/p><p>Der Hausrotschwanz lebt vom Dorf bis ins Gebirge und nutzt h\u00e4ufig erh\u00f6hte Warten zur Insektenjagd. Mit gutem Licht, sorgf\u00e4ltiger Belichtung und etwas Geduld entstehen abwechslungsreiche Aufnahmen.<\/p>\t\t\t\t\t\t\t\t<\/div>\n\t\t\t\t<\/div>\n\t\t\t\t<\/div>\n\t\t<div class=\"elementor-element elementor-element-0d9e8f2 e-con-full e-flex e-con e-child\" data-id=\"0d9e8f2\" data-element_type=\"container\" data-e-type=\"container\">\n\t\t\t\t<div class=\"elementor-element elementor-element-5135a4a elementor-widget elementor-widget-image\" data-id=\"5135a4a\" data-element_type=\"widget\" data-e-type=\"widget\" data-widget_type=\"image.default\">\n\t\t\t\t<div class=\"elementor-widget-container\">\n\t\t\t\t\t\t\t\t\t\t\t\t\t\t\t<img loading=\"lazy\" decoding=\"async\" width=\"600\" height=\"433\" src=\"https:\/\/nature-fineart.com\/vogelfotografie-spanien\/wp-content\/uploads\/2026\/07\/Hausrotschwanz-fotografieren-im-trockenen-Gebirge-600x433.jpg\" class=\"attachment-medium size-medium wp-image-9170\" alt=\"\" srcset=\"https:\/\/nature-fineart.com\/vogelfotografie-spanien\/wp-content\/uploads\/2026\/07\/Hausrotschwanz-fotografieren-im-trockenen-Gebirge-600x433.jpg 600w, https:\/\/nature-fineart.com\/vogelfotografie-spanien\/wp-content\/uploads\/2026\/07\/Hausrotschwanz-fotografieren-im-trockenen-Gebirge-768x554.jpg 768w, https:\/\/nature-fineart.com\/vogelfotografie-spanien\/wp-content\/uploads\/2026\/07\/Hausrotschwanz-fotografieren-im-trockenen-Gebirge.jpg 1024w\" sizes=\"(max-width: 600px) 100vw, 600px\" \/>\t\t\t\t\t\t\t\t\t\t\t\t\t\t\t<\/div>\n\t\t\t\t<\/div>\n\t\t\t\t<\/div>\n\t\t\t\t<\/div>\n\t\t\t\t\t<\/div>\n\t\t\t\t<\/div>\n\t\t<div class=\"elementor-element elementor-element-0f1a119 bird-item e-flex e-con-boxed e-con e-parent\" data-id=\"0f1a119\" data-element_type=\"container\" data-e-type=\"container\">\n\t\t\t\t\t<div class=\"e-con-inner\">\n\t\t\t\t<div class=\"elementor-element elementor-element-56fbfc5 elementor-widget elementor-widget-spacer\" data-id=\"56fbfc5\" data-element_type=\"widget\" data-e-type=\"widget\" data-widget_type=\"spacer.default\">\n\t\t\t\t<div class=\"elementor-widget-container\">\n\t\t\t\t\t\t\t<div class=\"elementor-spacer\">\n\t\t\t<div class=\"elementor-spacer-inner\"><\/div>\n\t\t<\/div>\n\t\t\t\t\t\t<\/div>\n\t\t\t\t<\/div>\n\t\t<div class=\"elementor-element elementor-element-1ecdb78 e-con-full e-flex e-con e-child\" data-id=\"1ecdb78\" data-element_type=\"container\" data-e-type=\"container\">\n\t\t\t\t<div class=\"elementor-element elementor-element-7ea6f92 elementor-widget elementor-widget-tourmbutton\" data-id=\"7ea6f92\" data-element_type=\"widget\" data-e-type=\"widget\" data-widget_type=\"tourmbutton.default\">\n\t\t\t\t<div class=\"elementor-widget-container\">\n\t\t\t\t\t<div class=\"btn-wrapper\"><a class=\"th-btn th_btn th-icon \" href=\"https:\/\/nature-fineart.com\/vogelfotografie-spanien\/amsel\/\">Art entdecken<\/a><\/div>\t\t\t\t<\/div>\n\t\t\t\t<\/div>\n\t\t<div class=\"elementor-element elementor-element-30b743c e-con-full e-flex e-con e-child\" data-id=\"30b743c\" data-element_type=\"container\" data-e-type=\"container\">\n\t\t\t\t<div class=\"elementor-element elementor-element-dfc90f1 elementor-widget elementor-widget-text-editor\" data-id=\"dfc90f1\" data-element_type=\"widget\" data-e-type=\"widget\" data-widget_type=\"text-editor.default\">\n\t\t\t\t<div class=\"elementor-widget-container\">\n\t\t\t\t\t\t\t\t\t<p><strong>Amsel<\/strong> \u2013 vertrauter Vogel mit \u00fcberraschendem Verhalten:<\/p><p>Die Amsel ist in Parks oft zutraulich, in nat\u00fcrlichen Lebensr\u00e4umen dagegen erstaunlich scheu. Morgenlicht, eine niedrige Perspektive und eine sorgf\u00e4ltige Belichtung machen sie zu einem vielseitigen Fotomotiv.<\/p>\t\t\t\t\t\t\t\t<\/div>\n\t\t\t\t<\/div>\n\t\t\t\t<\/div>\n\t\t<div class=\"elementor-element elementor-element-d21c7a5 e-con-full e-flex e-con e-child\" data-id=\"d21c7a5\" data-element_type=\"container\" data-e-type=\"container\">\n\t\t\t\t<div class=\"elementor-element elementor-element-64f24f6 elementor-widget elementor-widget-image\" data-id=\"64f24f6\" data-element_type=\"widget\" data-e-type=\"widget\" data-widget_type=\"image.default\">\n\t\t\t\t<div class=\"elementor-widget-container\">\n\t\t\t\t\t\t\t\t\t\t\t\t\t\t\t<img loading=\"lazy\" decoding=\"async\" width=\"600\" height=\"400\" src=\"https:\/\/nature-fineart.com\/vogelfotografie-spanien\/wp-content\/uploads\/2026\/07\/Amsel-bei-der-Nahrungssuche-fotografieren-600x400.jpg\" class=\"attachment-medium size-medium wp-image-9014\" alt=\"\" srcset=\"https:\/\/nature-fineart.com\/vogelfotografie-spanien\/wp-content\/uploads\/2026\/07\/Amsel-bei-der-Nahrungssuche-fotografieren-600x400.jpg 600w, https:\/\/nature-fineart.com\/vogelfotografie-spanien\/wp-content\/uploads\/2026\/07\/Amsel-bei-der-Nahrungssuche-fotografieren-768x512.jpg 768w, https:\/\/nature-fineart.com\/vogelfotografie-spanien\/wp-content\/uploads\/2026\/07\/Amsel-bei-der-Nahrungssuche-fotografieren.jpg 1024w\" sizes=\"(max-width: 600px) 100vw, 600px\" \/>\t\t\t\t\t\t\t\t\t\t\t\t\t\t\t<\/div>\n\t\t\t\t<\/div>\n\t\t\t\t<\/div>\n\t\t\t\t<\/div>\n\t\t\t\t\t<\/div>\n\t\t\t\t<\/div>\n\t\t<div class=\"elementor-element elementor-element-8e4a55d bird-item e-flex e-con-boxed e-con e-parent\" data-id=\"8e4a55d\" data-element_type=\"container\" data-e-type=\"container\">\n\t\t\t\t\t<div class=\"e-con-inner\">\n\t\t\t\t<div class=\"elementor-element elementor-element-1670057 elementor-widget elementor-widget-spacer\" data-id=\"1670057\" data-element_type=\"widget\" data-e-type=\"widget\" data-widget_type=\"spacer.default\">\n\t\t\t\t<div class=\"elementor-widget-container\">\n\t\t\t\t\t\t\t<div class=\"elementor-spacer\">\n\t\t\t<div class=\"elementor-spacer-inner\"><\/div>\n\t\t<\/div>\n\t\t\t\t\t\t<\/div>\n\t\t\t\t<\/div>\n\t\t<div class=\"elementor-element elementor-element-33e6909 e-con-full e-flex e-con e-child\" data-id=\"33e6909\" data-element_type=\"container\" data-e-type=\"container\">\n\t\t\t\t<div class=\"elementor-element elementor-element-c6e4b52 elementor-widget elementor-widget-tourmbutton\" data-id=\"c6e4b52\" data-element_type=\"widget\" data-e-type=\"widget\" data-widget_type=\"tourmbutton.default\">\n\t\t\t\t<div class=\"elementor-widget-container\">\n\t\t\t\t\t<div class=\"btn-wrapper\"><a class=\"th-btn th_btn th-icon \" href=\"https:\/\/nature-fineart.com\/vogelfotografie-spanien\/nachtigall\/\">Art entdecken<\/a><\/div>\t\t\t\t<\/div>\n\t\t\t\t<\/div>\n\t\t<div class=\"elementor-element elementor-element-1cf9ef6 e-con-full e-flex e-con e-child\" data-id=\"1cf9ef6\" data-element_type=\"container\" data-e-type=\"container\">\n\t\t\t\t<div class=\"elementor-element elementor-element-7f56e87 elementor-widget elementor-widget-text-editor\" data-id=\"7f56e87\" data-element_type=\"widget\" data-e-type=\"widget\" data-widget_type=\"text-editor.default\">\n\t\t\t\t<div class=\"elementor-widget-container\">\n\t\t\t\t\t\t\t\t\t<p><strong>Nachtigall<\/strong> \u2013 der ber\u00fchmte S\u00e4nger im Verborgenen:<\/p><p>Die Nachtigall ist f\u00fcr ihren au\u00dfergew\u00f6hnlichen Gesang bekannt, zeigt sich jedoch nur selten frei. Erfahre mehr \u00fcber ihren Lebensraum, ihr Verhalten und die besonderen Herausforderungen bei der Naturfotografie.<\/p>\t\t\t\t\t\t\t\t<\/div>\n\t\t\t\t<\/div>\n\t\t\t\t<\/div>\n\t\t<div class=\"elementor-element elementor-element-b582cba e-con-full e-flex e-con e-child\" data-id=\"b582cba\" data-element_type=\"container\" data-e-type=\"container\">\n\t\t\t\t<div class=\"elementor-element elementor-element-76eca8d elementor-widget elementor-widget-image\" data-id=\"76eca8d\" data-element_type=\"widget\" data-e-type=\"widget\" data-widget_type=\"image.default\">\n\t\t\t\t<div class=\"elementor-widget-container\">\n\t\t\t\t\t\t\t\t\t\t\t\t\t\t\t<img loading=\"lazy\" decoding=\"async\" width=\"600\" height=\"400\" src=\"https:\/\/nature-fineart.com\/vogelfotografie-spanien\/wp-content\/uploads\/2026\/07\/Nachtigall-mit-Raupe-im-Schnabel-auf-einem-Ast-600x400.jpg\" class=\"attachment-medium size-medium wp-image-9598\" alt=\"\" srcset=\"https:\/\/nature-fineart.com\/vogelfotografie-spanien\/wp-content\/uploads\/2026\/07\/Nachtigall-mit-Raupe-im-Schnabel-auf-einem-Ast-600x400.jpg 600w, https:\/\/nature-fineart.com\/vogelfotografie-spanien\/wp-content\/uploads\/2026\/07\/Nachtigall-mit-Raupe-im-Schnabel-auf-einem-Ast-768x512.jpg 768w, https:\/\/nature-fineart.com\/vogelfotografie-spanien\/wp-content\/uploads\/2026\/07\/Nachtigall-mit-Raupe-im-Schnabel-auf-einem-Ast.jpg 1024w\" sizes=\"(max-width: 600px) 100vw, 600px\" \/>\t\t\t\t\t\t\t\t\t\t\t\t\t\t\t<\/div>\n\t\t\t\t<\/div>\n\t\t\t\t<\/div>\n\t\t\t\t<\/div>\n\t\t\t\t\t<\/div>\n\t\t\t\t<\/div>\n\t\t<div class=\"elementor-element elementor-element-b2c3569 bird-item e-flex e-con-boxed e-con e-parent\" data-id=\"b2c3569\" data-element_type=\"container\" data-e-type=\"container\">\n\t\t\t\t\t<div class=\"e-con-inner\">\n\t\t\t\t<div class=\"elementor-element elementor-element-43f4f56 elementor-widget elementor-widget-spacer\" data-id=\"43f4f56\" data-element_type=\"widget\" data-e-type=\"widget\" data-widget_type=\"spacer.default\">\n\t\t\t\t<div class=\"elementor-widget-container\">\n\t\t\t\t\t\t\t<div class=\"elementor-spacer\">\n\t\t\t<div class=\"elementor-spacer-inner\"><\/div>\n\t\t<\/div>\n\t\t\t\t\t\t<\/div>\n\t\t\t\t<\/div>\n\t\t<div class=\"elementor-element elementor-element-ed57e2b e-con-full e-flex e-con e-child\" data-id=\"ed57e2b\" data-element_type=\"container\" data-e-type=\"container\">\n\t\t\t\t<div class=\"elementor-element elementor-element-7458658 elementor-widget elementor-widget-tourmbutton\" data-id=\"7458658\" data-element_type=\"widget\" data-e-type=\"widget\" data-widget_type=\"tourmbutton.default\">\n\t\t\t\t<div class=\"elementor-widget-container\">\n\t\t\t\t\t<div class=\"btn-wrapper\"><a class=\"th-btn th_btn th-icon \" href=\"https:\/\/nature-fineart.com\/vogelfotografie-spanien\/zaunkoenig\/\">Art entdecken<\/a><\/div>\t\t\t\t<\/div>\n\t\t\t\t<\/div>\n\t\t<div class=\"elementor-element elementor-element-ec0cf77 e-con-full e-flex e-con e-child\" data-id=\"ec0cf77\" data-element_type=\"container\" data-e-type=\"container\">\n\t\t\t\t<div class=\"elementor-element elementor-element-c3e22bc elementor-widget elementor-widget-text-editor\" data-id=\"c3e22bc\" data-element_type=\"widget\" data-e-type=\"widget\" data-widget_type=\"text-editor.default\">\n\t\t\t\t<div class=\"elementor-widget-container\">\n\t\t\t\t\t\t\t\t\t<p><strong>Zaunk\u00f6nig<\/strong> \u2013 kleiner Vogel mit kr\u00e4ftigem Gesang:<\/p><p>Der Zaunk\u00f6nig ist klein, schnell und oft tief im Geb\u00fcsch versteckt. Wer ihn fotografieren m\u00f6chte, braucht Geduld, gutes Licht und schnelle Reaktion.<\/p>\t\t\t\t\t\t\t\t<\/div>\n\t\t\t\t<\/div>\n\t\t\t\t<\/div>\n\t\t<div class=\"elementor-element elementor-element-653a6cf e-con-full e-flex e-con e-child\" data-id=\"653a6cf\" data-element_type=\"container\" data-e-type=\"container\">\n\t\t\t\t<div class=\"elementor-element elementor-element-3b843cb elementor-widget elementor-widget-image\" data-id=\"3b843cb\" data-element_type=\"widget\" data-e-type=\"widget\" data-widget_type=\"image.default\">\n\t\t\t\t<div class=\"elementor-widget-container\">\n\t\t\t\t\t\t\t\t\t\t\t\t\t\t\t<img loading=\"lazy\" decoding=\"async\" width=\"600\" height=\"400\" src=\"https:\/\/nature-fineart.com\/vogelfotografie-spanien\/wp-content\/uploads\/2026\/07\/Zaunkoenig-fotografieren-600x400.jpg\" class=\"attachment-medium size-medium wp-image-8949\" alt=\"\" srcset=\"https:\/\/nature-fineart.com\/vogelfotografie-spanien\/wp-content\/uploads\/2026\/07\/Zaunkoenig-fotografieren-600x400.jpg 600w, https:\/\/nature-fineart.com\/vogelfotografie-spanien\/wp-content\/uploads\/2026\/07\/Zaunkoenig-fotografieren-768x512.jpg 768w, https:\/\/nature-fineart.com\/vogelfotografie-spanien\/wp-content\/uploads\/2026\/07\/Zaunkoenig-fotografieren.jpg 1024w\" sizes=\"(max-width: 600px) 100vw, 600px\" \/>\t\t\t\t\t\t\t\t\t\t\t\t\t\t\t<\/div>\n\t\t\t\t<\/div>\n\t\t\t\t<\/div>\n\t\t\t\t<\/div>\n\t\t\t\t\t<\/div>\n\t\t\t\t<\/div>\n\t\t<div class=\"elementor-element elementor-element-0993c7e bird-item e-flex e-con-boxed e-con e-parent\" data-id=\"0993c7e\" data-element_type=\"container\" data-e-type=\"container\">\n\t\t\t\t\t<div class=\"e-con-inner\">\n\t\t\t\t<div class=\"elementor-element elementor-element-fe9fca1 elementor-widget elementor-widget-spacer\" data-id=\"fe9fca1\" data-element_type=\"widget\" data-e-type=\"widget\" data-widget_type=\"spacer.default\">\n\t\t\t\t<div class=\"elementor-widget-container\">\n\t\t\t\t\t\t\t<div class=\"elementor-spacer\">\n\t\t\t<div class=\"elementor-spacer-inner\"><\/div>\n\t\t<\/div>\n\t\t\t\t\t\t<\/div>\n\t\t\t\t<\/div>\n\t\t<div class=\"elementor-element elementor-element-1aa6480 e-con-full e-flex e-con e-child\" data-id=\"1aa6480\" data-element_type=\"container\" data-e-type=\"container\">\n\t\t\t\t<div class=\"elementor-element elementor-element-d978ce9 elementor-widget elementor-widget-tourmbutton\" data-id=\"d978ce9\" data-element_type=\"widget\" data-e-type=\"widget\" data-widget_type=\"tourmbutton.default\">\n\t\t\t\t<div class=\"elementor-widget-container\">\n\t\t\t\t\t<div class=\"btn-wrapper\"><a class=\"th-btn th_btn th-icon \" href=\"https:\/\/nature-fineart.com\/vogelfotografie-spanien\/rotkehlchen\/\">Art entdecken<\/a><\/div>\t\t\t\t<\/div>\n\t\t\t\t<\/div>\n\t\t<div class=\"elementor-element elementor-element-baedfea e-con-full e-flex e-con e-child\" data-id=\"baedfea\" data-element_type=\"container\" data-e-type=\"container\">\n\t\t\t\t<div class=\"elementor-element elementor-element-a2d43e7 elementor-widget elementor-widget-text-editor\" data-id=\"a2d43e7\" data-element_type=\"widget\" data-e-type=\"widget\" data-widget_type=\"text-editor.default\">\n\t\t\t\t<div class=\"elementor-widget-container\">\n\t\t\t\t\t\t\t\t\t<p><strong>Rotkehlchen<\/strong> \u2013 Ein vertrauter Begleiter der Naturfotografie:<\/p><p>Mit seiner orange-roten Brust und seinem neugierigen Verhalten geh\u00f6rt das Rotkehlchen zu den beliebtesten Singv\u00f6geln Europas. Gerade f\u00fcr Naturfotografen ergeben sich oft besonders nahe und nat\u00fcrliche Beobachtungen.<\/p>\t\t\t\t\t\t\t\t<\/div>\n\t\t\t\t<\/div>\n\t\t\t\t<\/div>\n\t\t<div class=\"elementor-element elementor-element-5df4882 e-con-full e-flex e-con e-child\" data-id=\"5df4882\" data-element_type=\"container\" data-e-type=\"container\">\n\t\t\t\t<div class=\"elementor-element elementor-element-fa10b64 elementor-widget elementor-widget-image\" data-id=\"fa10b64\" data-element_type=\"widget\" data-e-type=\"widget\" data-widget_type=\"image.default\">\n\t\t\t\t<div class=\"elementor-widget-container\">\n\t\t\t\t\t\t\t\t\t\t\t\t\t\t\t<img loading=\"lazy\" decoding=\"async\" width=\"600\" height=\"400\" src=\"https:\/\/nature-fineart.com\/vogelfotografie-spanien\/wp-content\/uploads\/2026\/06\/Rotkehlchen-auf-natuerlichem-Ansitz-600x400.jpg\" class=\"attachment-medium size-medium wp-image-8488\" alt=\"\" srcset=\"https:\/\/nature-fineart.com\/vogelfotografie-spanien\/wp-content\/uploads\/2026\/06\/Rotkehlchen-auf-natuerlichem-Ansitz-600x400.jpg 600w, https:\/\/nature-fineart.com\/vogelfotografie-spanien\/wp-content\/uploads\/2026\/06\/Rotkehlchen-auf-natuerlichem-Ansitz-768x512.jpg 768w, https:\/\/nature-fineart.com\/vogelfotografie-spanien\/wp-content\/uploads\/2026\/06\/Rotkehlchen-auf-natuerlichem-Ansitz.jpg 1024w\" sizes=\"(max-width: 600px) 100vw, 600px\" \/>\t\t\t\t\t\t\t\t\t\t\t\t\t\t\t<\/div>\n\t\t\t\t<\/div>\n\t\t\t\t<\/div>\n\t\t\t\t<\/div>\n\t\t\t\t\t<\/div>\n\t\t\t\t<\/div>\n\t\t<div class=\"elementor-element elementor-element-5db3315 e-flex e-con-boxed e-con e-parent\" data-id=\"5db3315\" data-element_type=\"container\" data-e-type=\"container\">\n\t\t\t\t\t<div class=\"e-con-inner\">\n\t\t\t\t<div class=\"elementor-element elementor-element-df4c83c elementor-widget elementor-widget-spacer\" data-id=\"df4c83c\" data-element_type=\"widget\" data-e-type=\"widget\" data-widget_type=\"spacer.default\">\n\t\t\t\t<div class=\"elementor-widget-container\">\n\t\t\t\t\t\t\t<div class=\"elementor-spacer\">\n\t\t\t<div class=\"elementor-spacer-inner\"><\/div>\n\t\t<\/div>\n\t\t\t\t\t\t<\/div>\n\t\t\t\t<\/div>\n\t\t\t\t\t<\/div>\n\t\t\t\t<\/div>\n\t\t<div class=\"elementor-element elementor-element-2f7893a e-flex e-con-boxed e-con e-parent\" data-id=\"2f7893a\" data-element_type=\"container\" data-e-type=\"container\">\n\t\t\t\t\t<div class=\"e-con-inner\">\n\t\t\t\t<div class=\"elementor-element elementor-element-07ed2a7 elementor-widget elementor-widget-html\" data-id=\"07ed2a7\" data-element_type=\"widget\" data-e-type=\"widget\" data-widget_type=\"html.default\">\n\t\t\t\t<div class=\"elementor-widget-container\">\n\t\t\t\t\t<h3>Vogelfotografie in Spanien erleben<\/h3>\n\n<p>\nDiese \u00dcbersicht zeigt nur einen Teil der Artenvielfalt, die Spanien f\u00fcr Natur- und Vogelfotografie bietet. Viele dieser Arten lassen sich auf Fotoreisen in Spanien in passenden Lebensr\u00e4umen, mit professionellen Fotohides und viel Zeit f\u00fcr ruhige Beobachtung erleben.\n<\/p>\n\n<p>\nIm Video bekommst du einen Eindruck von typischen Landschaften, Greifv\u00f6geln, Schwarzstorch und weiteren Wildlife-Momenten aus La Mancha.\n<\/p>\n\n<div style=\"max-width:900px;margin:30px auto;\">\n  <div style=\"position:relative;padding-bottom:56.25%;height:0;overflow:hidden;border-radius:12px;\">\n\n    <iframe\n      src=\"https:\/\/www.youtube-nocookie.com\/embed\/sWHFtPLBSJ8?rel=0&modestbranding=1&playsinline=1\"\n      title=\"Vogelfotografie in La Mancha Spanien\"\n      frameborder=\"0\"\n      allow=\"accelerometer; autoplay; clipboard-write; encrypted-media; gyroscope; picture-in-picture\"\n      allowfullscreen\n      style=\"position:absolute;top:0;left:0;width:100%;height:100%;\">\n    <\/iframe>\n\n  <\/div>\n<\/div>\n\n<h3>Interesse an einer Fotoreise?<\/h3>\n\n<p>\nWenn du Spaniens Vogelwelt selbst erleben und fotografieren m\u00f6chtest, kannst du mir gerne unverbindlich schreiben. Ich helfe dir dabei, eine passende Reisezeit, Region oder Vogelart f\u00fcr deine Fotografie zu finden.\n<\/p>\n\n<style id=\"wpforms-css-vars-5929\">\n\t\t\t\t#wpforms-5929 {\n\t\t\t\t--wpforms-field-border-color: #5E5E5E;\n--wpforms-field-border-color-spare: #5E5E5E;\n--wpforms-field-text-color: #5e5e5e;\n--wpforms-label-color: #5e5e5e;\n--wpforms-label-sublabel-color: #5e5e5e;\n--wpforms-button-background-color: #6e7b4a;\n--wpforms-container-padding: 0px;\n--wpforms-container-border-width: 1px;\n--wpforms-container-border-radius: 3px;\n--wpforms-background-color: rgba(0, 0, 0, 0);\n--wpforms-field-size-input-height: 43px;\n--wpforms-field-size-input-spacing: 15px;\n--wpforms-field-size-font-size: 16px;\n--wpforms-field-size-line-height: 19px;\n--wpforms-field-size-padding-h: 14px;\n--wpforms-field-size-checkbox-size: 16px;\n--wpforms-field-size-sublabel-spacing: 5px;\n--wpforms-field-size-icon-size: 1;\n--wpforms-label-size-font-size: 16px;\n--wpforms-label-size-line-height: 19px;\n--wpforms-label-size-sublabel-font-size: 14px;\n--wpforms-label-size-sublabel-line-height: 17px;\n--wpforms-button-size-font-size: 17px;\n--wpforms-button-size-height: 41px;\n--wpforms-button-size-padding-h: 15px;\n--wpforms-button-size-margin-top: 10px;\n--wpforms-container-shadow-size-box-shadow: none;\n\t\t\t}\n\t\t\t<\/style><div class=\"wpforms-container wpforms-container-full wpforms-render-modern\" id=\"wpforms-5929\"><form id=\"wpforms-form-5929\" class=\"wpforms-validate wpforms-form wpforms-ajax-form\" data-formid=\"5929\" method=\"post\" enctype=\"multipart\/form-data\" action=\"\/vogelfotografie-spanien\/wp-json\/wp\/v2\/pages\/7010\" data-token=\"6508dd914b2b9b40ad63f292376c1e13\" data-token-time=\"1788346792\"><noscript class=\"wpforms-error-noscript\">Bitte aktiviere JavaScript in deinem Browser, um dieses Formular fertigzustellen.<\/noscript><div id=\"wpforms-error-noscript\" style=\"display: none;\">Bitte aktiviere JavaScript in deinem Browser, um dieses Formular fertigzustellen.<\/div><div class=\"wpforms-field-container\"><div id=\"wpforms-5929-field_1-container\" class=\"wpforms-field wpforms-field-name\" data-field-id=\"1\"><fieldset><legend class=\"wpforms-field-label\">Name <span class=\"wpforms-required-label\" aria-hidden=\"true\">*<\/span><\/legend><div class=\"wpforms-field-row wpforms-field-medium\"><div class=\"wpforms-field-row-block wpforms-first wpforms-one-half\"><input type=\"text\" id=\"wpforms-5929-field_1\" class=\"wpforms-field-name-first wpforms-field-required\" name=\"wpforms[fields][1][first]\" aria-errormessage=\"wpforms-5929-field_1-error\" required><label for=\"wpforms-5929-field_1\" class=\"wpforms-field-sublabel after\">Vorname<\/label><\/div><div class=\"wpforms-field-row-block wpforms-one-half\"><input type=\"text\" id=\"wpforms-5929-field_1-last\" class=\"wpforms-field-name-last wpforms-field-required\" name=\"wpforms[fields][1][last]\" aria-errormessage=\"wpforms-5929-field_1-last-error\" required><label for=\"wpforms-5929-field_1-last\" class=\"wpforms-field-sublabel after\">Nachname<\/label><\/div><\/div><\/fieldset><\/div><div id=\"wpforms-5929-field_2-container\" class=\"wpforms-field wpforms-field-email\" data-field-id=\"2\"><label class=\"wpforms-field-label\" for=\"wpforms-5929-field_2\">E-Mail-Adresse <span class=\"wpforms-required-label\" aria-hidden=\"true\">*<\/span><\/label><input type=\"email\" id=\"wpforms-5929-field_2\" class=\"wpforms-field-medium wpforms-field-required\" name=\"wpforms[fields][2]\" spellcheck=\"false\" aria-errormessage=\"wpforms-5929-field_2-error\" required><\/div>\t\t<div id=\"wpforms-5929-field_4-container\"\n\t\t\tclass=\"wpforms-field wpforms-field-text\"\n\t\t\tdata-field-type=\"text\"\n\t\t\tdata-field-id=\"4\"\n\t\t\t>\n\t\t\t<label class=\"wpforms-field-label\" for=\"wpforms-5929-field_4\" >Name oder Kommentar<\/label>\n\t\t\t<input type=\"text\" id=\"wpforms-5929-field_4\" class=\"wpforms-field-medium\" name=\"wpforms[fields][4]\" >\n\t\t<\/div>\n\t\t<div id=\"wpforms-5929-field_3-container\" class=\"wpforms-field wpforms-field-textarea\" data-field-id=\"3\"><label class=\"wpforms-field-label\" for=\"wpforms-5929-field_3\">Kommentar oder Nachricht<\/label><textarea id=\"wpforms-5929-field_3\" class=\"wpforms-field-medium\" name=\"wpforms[fields][3]\" aria-errormessage=\"wpforms-5929-field_3-error\" ><\/textarea><\/div><script>\n\t\t\t\t( function() {\n\t\t\t\t\tconst style = document.createElement( 'style' );\n\t\t\t\t\tstyle.appendChild( document.createTextNode( '#wpforms-5929-field_4-container { position: absolute !important; overflow: hidden !important; display: inline !important; height: 1px !important; width: 1px !important; z-index: -1000 !important; padding: 0 !important; } #wpforms-5929-field_4-container input { visibility: hidden; } #wpforms-conversational-form-page #wpforms-5929-field_4-container label { counter-increment: none; }' ) );\n\t\t\t\t\tdocument.head.appendChild( style );\n\t\t\t\t\tdocument.currentScript?.remove();\n\t\t\t\t} )();\n\t\t\t<\/script><\/div><!-- .wpforms-field-container --><div class=\"wpforms-submit-container\" ><input type=\"hidden\" name=\"wpforms[id]\" value=\"5929\"><input type=\"hidden\" name=\"page_title\" value=\"\"><input type=\"hidden\" name=\"page_url\" value=\"https:\/\/nature-fineart.com\/vogelfotografie-spanien\/wp-json\/wp\/v2\/pages\/7010\"><input type=\"hidden\" name=\"url_referer\" value=\"\"><button type=\"submit\" name=\"wpforms[submit]\" id=\"wpforms-submit-5929\" class=\"wpforms-submit\" data-alt-text=\"Wird gesendet\u00a0\u2026\" data-submit-text=\"Anfrage senden\" aria-live=\"assertive\" value=\"wpforms-submit\">Anfrage senden<\/button><img loading=\"lazy\" decoding=\"async\" src=\"https:\/\/nature-fineart.com\/vogelfotografie-spanien\/wp-content\/plugins\/wpforms-lite\/assets\/images\/submit-spin.svg\" class=\"wpforms-submit-spinner\" style=\"display: none;\" width=\"26\" height=\"26\" alt=\"Wird geladen\"><\/div><\/form><\/div>  <!-- .wpforms-container -->\t\t\t\t<\/div>\n\t\t\t\t<\/div>\n\t\t\t\t\t<\/div>\n\t\t\t\t<\/div>\n\t\t\t\t<\/div>\n\t\t","protected":false},"excerpt":{"rendered":"<p>Vogelfotografie in Spanien; Tierarten, Lebensr\u00e4ume und Fotoreisen Spanien geh\u00f6rt zu den faszinierendsten Regionen Europas f\u00fcr Natur- und Vogelfotografie. Von majest\u00e4tischen Greifv\u00f6geln \u00fcber seltene Steppenarten bis hin zu farbenpr\u00e4chtigen Schilfbewohnern bietet das Land eine au\u00dfergew\u00f6hnliche Vielfalt an Motiven, oft aus n\u00e4chster N\u00e4he und unter idealen Lichtbedingungen. Auf dieser Seite findest du ausgew\u00e4hlte Tierarten der Vogelfotografie in&#8230;<\/p>\n","protected":false},"author":2,"featured_media":0,"parent":0,"menu_order":0,"comment_status":"closed","ping_status":"closed","template":"","meta":{"footnotes":""},"class_list":["post-7010","page","type-page","status-publish","hentry"],"_links":{"self":[{"href":"https:\/\/nature-fineart.com\/vogelfotografie-spanien\/wp-json\/wp\/v2\/pages\/7010","targetHints":{"allow":["GET"]}}],"collection":[{"href":"https:\/\/nature-fineart.com\/vogelfotografie-spanien\/wp-json\/wp\/v2\/pages"}],"about":[{"href":"https:\/\/nature-fineart.com\/vogelfotografie-spanien\/wp-json\/wp\/v2\/types\/page"}],"author":[{"embeddable":true,"href":"https:\/\/nature-fineart.com\/vogelfotografie-spanien\/wp-json\/wp\/v2\/users\/2"}],"replies":[{"embeddable":true,"href":"https:\/\/nature-fineart.com\/vogelfotografie-spanien\/wp-json\/wp\/v2\/comments?post=7010"}],"version-history":[{"count":700,"href":"https:\/\/nature-fineart.com\/vogelfotografie-spanien\/wp-json\/wp\/v2\/pages\/7010\/revisions"}],"predecessor-version":[{"id":10746,"href":"https:\/\/nature-fineart.com\/vogelfotografie-spanien\/wp-json\/wp\/v2\/pages\/7010\/revisions\/10746"}],"wp:attachment":[{"href":"https:\/\/nature-fineart.com\/vogelfotografie-spanien\/wp-json\/wp\/v2\/media?parent=7010"}],"curies":[{"name":"wp","href":"https:\/\/api.w.org\/{rel}","templated":true}]}}