{"id":5496,"date":"2005-01-01T13:31:22","date_gmt":"2005-01-01T12:31:22","guid":{"rendered":"https:\/\/nature-fineart.com\/vogelfotografie-spanien\/?post_type=trip&#038;p=5496"},"modified":"2026-04-19T11:06:58","modified_gmt":"2026-04-19T09:06:58","slug":"mediterrane-arten","status":"publish","type":"trip","link":"https:\/\/nature-fineart.com\/vogelfotografie-spanien\/trip\/mediterrane-arten\/","title":{"rendered":"Mediterrane Arten vor der Linse 05\/10-10\/10\/2026"},"content":{"rendered":"<style id=\"wpforms-css-vars-5929\">\n\t\t\t\t#wpforms-5929 {\n\t\t\t\t--wpforms-field-border-color: #5E5E5E;\n--wpforms-field-border-color-spare: #5E5E5E;\n--wpforms-field-text-color: #5e5e5e;\n--wpforms-label-color: #5e5e5e;\n--wpforms-label-sublabel-color: #5e5e5e;\n--wpforms-button-background-color: #6e7b4a;\n--wpforms-container-padding: 0px;\n--wpforms-container-border-width: 1px;\n--wpforms-container-border-radius: 3px;\n--wpforms-background-color: rgba(0, 0, 0, 0);\n--wpforms-field-size-input-height: 43px;\n--wpforms-field-size-input-spacing: 15px;\n--wpforms-field-size-font-size: 16px;\n--wpforms-field-size-line-height: 19px;\n--wpforms-field-size-padding-h: 14px;\n--wpforms-field-size-checkbox-size: 16px;\n--wpforms-field-size-sublabel-spacing: 5px;\n--wpforms-field-size-icon-size: 1;\n--wpforms-label-size-font-size: 16px;\n--wpforms-label-size-line-height: 19px;\n--wpforms-label-size-sublabel-font-size: 14px;\n--wpforms-label-size-sublabel-line-height: 17px;\n--wpforms-button-size-font-size: 17px;\n--wpforms-button-size-height: 41px;\n--wpforms-button-size-padding-h: 15px;\n--wpforms-button-size-margin-top: 10px;\n--wpforms-container-shadow-size-box-shadow: none;\n\t\t\t}\n\t\t\t<\/style><div class=\"wpforms-container wpforms-container-full wpforms-render-modern\" id=\"wpforms-5929\"><form id=\"wpforms-form-5929\" class=\"wpforms-validate wpforms-form wpforms-ajax-form\" data-formid=\"5929\" method=\"post\" enctype=\"multipart\/form-data\" action=\"\/vogelfotografie-spanien\/wp-json\/wp\/v2\/trip\/5496\" data-token=\"705cc0974b6e209cc68ad3e4a4c49bed\" data-token-time=\"1777538556\"><noscript class=\"wpforms-error-noscript\">Bitte aktiviere JavaScript in deinem Browser, um dieses Formular fertigzustellen.<\/noscript><div id=\"wpforms-error-noscript\" style=\"display: none;\">Bitte aktiviere JavaScript in deinem Browser, um dieses Formular fertigzustellen.<\/div><div class=\"wpforms-field-container\"><div id=\"wpforms-5929-field_1-container\" class=\"wpforms-field wpforms-field-name\" data-field-id=\"1\"><fieldset><legend class=\"wpforms-field-label\">Name <span class=\"wpforms-required-label\" aria-hidden=\"true\">*<\/span><\/legend><div class=\"wpforms-field-row wpforms-field-medium\"><div class=\"wpforms-field-row-block wpforms-first wpforms-one-half\"><input type=\"text\" id=\"wpforms-5929-field_1\" class=\"wpforms-field-name-first wpforms-field-required\" name=\"wpforms[fields][1][first]\" aria-errormessage=\"wpforms-5929-field_1-error\" required><label for=\"wpforms-5929-field_1\" class=\"wpforms-field-sublabel after\">Vorname<\/label><\/div><div class=\"wpforms-field-row-block wpforms-one-half\"><input type=\"text\" id=\"wpforms-5929-field_1-last\" class=\"wpforms-field-name-last wpforms-field-required\" name=\"wpforms[fields][1][last]\" aria-errormessage=\"wpforms-5929-field_1-last-error\" required><label for=\"wpforms-5929-field_1-last\" class=\"wpforms-field-sublabel after\">Nachname<\/label><\/div><\/div><\/fieldset><\/div><div id=\"wpforms-5929-field_2-container\" class=\"wpforms-field wpforms-field-email\" data-field-id=\"2\"><label class=\"wpforms-field-label\" for=\"wpforms-5929-field_2\">E-Mail-Adresse <span class=\"wpforms-required-label\" aria-hidden=\"true\">*<\/span><\/label><input type=\"email\" id=\"wpforms-5929-field_2\" class=\"wpforms-field-medium wpforms-field-required\" name=\"wpforms[fields][2]\" spellcheck=\"false\" aria-errormessage=\"wpforms-5929-field_2-error\" required><\/div>\t\t<div id=\"wpforms-5929-field_4-container\"\n\t\t\tclass=\"wpforms-field wpforms-field-text\"\n\t\t\tdata-field-type=\"text\"\n\t\t\tdata-field-id=\"4\"\n\t\t\t>\n\t\t\t<label class=\"wpforms-field-label\" for=\"wpforms-5929-field_4\" >Kommentar oder Name<\/label>\n\t\t\t<input type=\"text\" id=\"wpforms-5929-field_4\" class=\"wpforms-field-medium\" name=\"wpforms[fields][4]\" >\n\t\t<\/div>\n\t\t<div id=\"wpforms-5929-field_3-container\" class=\"wpforms-field wpforms-field-textarea\" data-field-id=\"3\"><label class=\"wpforms-field-label\" for=\"wpforms-5929-field_3\">Kommentar oder Nachricht<\/label><textarea id=\"wpforms-5929-field_3\" class=\"wpforms-field-medium\" name=\"wpforms[fields][3]\" aria-errormessage=\"wpforms-5929-field_3-error\" ><\/textarea><\/div><script>\n\t\t\t\t( function() {\n\t\t\t\t\tconst style = document.createElement( 'style' );\n\t\t\t\t\tstyle.appendChild( document.createTextNode( '#wpforms-5929-field_4-container { position: absolute !important; overflow: hidden !important; display: inline !important; height: 1px !important; width: 1px !important; z-index: -1000 !important; padding: 0 !important; } #wpforms-5929-field_4-container input { visibility: hidden; } #wpforms-conversational-form-page #wpforms-5929-field_4-container label { counter-increment: none; }' ) );\n\t\t\t\t\tdocument.head.appendChild( style );\n\t\t\t\t\tdocument.currentScript?.remove();\n\t\t\t\t} )();\n\t\t\t<\/script><\/div><!-- .wpforms-field-container --><div class=\"wpforms-submit-container\" ><input type=\"hidden\" name=\"wpforms[id]\" value=\"5929\"><input type=\"hidden\" name=\"page_title\" value=\"\"><input type=\"hidden\" name=\"page_url\" value=\"https:\/\/nature-fineart.com\/vogelfotografie-spanien\/wp-json\/wp\/v2\/trip\/5496\"><input type=\"hidden\" name=\"url_referer\" value=\"\"><button type=\"submit\" name=\"wpforms[submit]\" id=\"wpforms-submit-5929\" class=\"wpforms-submit\" data-alt-text=\"Wird gesendet\u00a0\u2026\" data-submit-text=\"Anfrage senden\" aria-live=\"assertive\" value=\"wpforms-submit\">Anfrage senden<\/button><img decoding=\"async\" src=\"https:\/\/nature-fineart.com\/vogelfotografie-spanien\/wp-content\/plugins\/wpforms-lite\/assets\/images\/submit-spin.svg\" class=\"wpforms-submit-spinner\" style=\"display: none;\" width=\"26\" height=\"26\" alt=\"Wird geladen\"><\/div><\/form><\/div>  <!-- .wpforms-container -->\n\n\n\n<p><strong>Interesse an dieser Fotoreise?<br>\u00dcber das folgende Formular k\u00f6nnen Sie ganz unverbindlich Kontakt aufnehmen. Ich freue mich \u00fcber Ihre Anfrage und sende Ihnen gern alle Details zur Reise.<\/strong><\/p>\n\n\n\n<div style=\"height:100px\" aria-hidden=\"true\" class=\"wp-block-spacer\"><\/div>\n\n\n\n<p>Zusammenarbeit &amp; Ablauf<br>Diese Fotoreise wird in Zusammenarbeit mit erfahrenen lokalen Partnern und professionellen Hide-Betreibern durchgef\u00fchrt.<br>Die fotografische Begleitung erfolgt pers\u00f6nlich durch mich.<br>Der Ablauf bleibt flexibel und richtet sich nach Wetter-, Licht- sowie aktuellen Natur- und Tieraktivit\u00e4tsbedingungen vor Ort.<\/p>\n","protected":false},"excerpt":{"rendered":"<p>Interesse an dieser Fotoreise?\u00dcber das folgende Formular k\u00f6nnen Sie ganz unverbindlich Kontakt aufnehmen. Ich freue mich \u00fcber Ihre Anfrage und sende Ihnen gern alle Details zur Reise. Zusammenarbeit &amp; AblaufDiese Fotoreise wird in Zusammenarbeit mit erfahrenen lokalen Partnern und professionellen Hide-Betreibern durchgef\u00fchrt.Die fotografische Begleitung erfolgt pers\u00f6nlich durch mich.Der Ablauf bleibt flexibel und richtet sich nach&#8230;<\/p>\n","protected":false},"author":2,"featured_media":7011,"comment_status":"open","ping_status":"closed","template":"","destination":[70],"activities":[68,67],"trip_types":[],"difficulty":[6],"trip_tag":[],"class_list":["post-5496","trip","type-trip","status-publish","has-post-thumbnail","hentry","destination-kastilien-und-la-mancha","activities-beobachtung","activities-fotografie","difficulty-easy"],"packages_ids":[5497],"trip_extras":[],"cut_off_time":{"enabled":true,"duration":0,"duration_unit":"days"},"booked-seats":[],"code":"WTE-538","price":2190,"has_sale":false,"sale_price":0,"discount_percent":0,"currency":{"code":"EUR","symbol":"&euro;"},"duration":{"days":6,"nights":5,"duration_unit":"days","duration_type":"both"},"min_pax":2,"max_pax":4,"discount_value":0,"discount_label":"0% Off","primary_category":65,"available_times":{"type":"default","items":["2021-1-01","2021-2-01","2021-3-01","2021-4-01","2021-5-01","2021-6-01","2021-7-01","2021-8-01","2021-9-01","2021-10-01","2021-11-01","2021-12-01"]},"description":"<!-- wp:paragraph -->\n<p>Vogelfotografie-Reise: Spaniens Vogelwelt intensiv erleben<\/p>\n<!-- \/wp:paragraph -->\n\n<!-- wp:paragraph -->\n<p>Greifv\u00f6gel, Schilfbewohner &amp; mediterrane Arten vor der Linse<\/p>\n<!-- \/wp:paragraph -->\n\n<!-- wp:paragraph -->\n<p>Diese sechst\u00e4gige Fotoreise f\u00fchrt dich in die vielf\u00e4ltigen Lebensr\u00e4ume Spaniens, wo du die faszinierende Vogelwelt unter besten Bedingungen mit der Kamera festhalten kannst. In kleiner Gruppe und mit exklusivem Zugang zu professionell ausgestatteten Hides fotografierst du seltene, charismatische Arten in aller Ruhe, begleitet von einem erfahrenen Vogelfotografie-Guide, der dir mit Rat, Technik-Tipps und lokalem Wissen zur Seite steht.<\/p>\n<!-- \/wp:paragraph -->\n\n<!-- wp:paragraph -->\n<p>Tag 1 \u2013 Anreise &amp; erste Greifv\u00f6gel im Abendlicht<\/p>\n<!-- \/wp:paragraph -->\n\n<!-- wp:paragraph -->\n<p>Nach deiner Ankunft am Flughafen wirst du herzlich in Empfang genommen und bequem zur Unterkunft gebracht. Schon am Nachmittag beginnt das fotografische Abenteuer mit einem ersten Highlight: Rohrweihe, M\u00e4usebussard und gelegentlich auch Habichtsadler oder Rotmilan lassen sich aus kurzer Distanz beobachten. Das weiche Abendlicht taucht die Szene in eine stimmungsvolle Atmosph\u00e4re, ein idealer Einstieg in die Woche.<\/p>\n<!-- \/wp:paragraph -->\n\n<!-- wp:paragraph -->\n<p>Tag 2 \u2013 Schilfbewohner am Morgen, Tr\u00e4nke voller Leben am Nachmittag<\/p>\n<!-- \/wp:paragraph -->\n\n<!-- wp:paragraph -->\n<p>Der fr\u00fche Morgen geh\u00f6rt den filigranen Stimmen aus dem Schilf: Bartmeise, Drosselrohrs\u00e4nger, Mariskens\u00e4ger, Wasserralle, Seidens\u00e4nger, Nachtigall und andere Arten zeigen sich mit etwas Geduld \u2013 perfekte Gelegenheiten f\u00fcr detailreiche Aufnahmen. Am Nachmittag geht es weiter zu einer nat\u00fcrlich gelegenen Tr\u00e4nke, wo sich zahlreiche V\u00f6gel und auch S\u00e4ugetiere einfinden: Roth\u00fchner, Schwarzstare, Rotkopfw\u00fcrger, Weidensperlinge, Wiedehopf, Kaninchen und Iberische Hasen sorgen f\u00fcr abwechslungsreiche Motive und spannende Kompositionen.<\/p>\n<!-- \/wp:paragraph -->\n\n<!-- wp:paragraph -->\n<p>Tag 3 \u2013 Adler und Milane &amp; schwimmende Perspektiven<\/p>\n<!-- \/wp:paragraph -->\n\n<!-- wp:paragraph -->\n<p>Am Vormittag dreht sich alles um die eindrucksvollen Greifv\u00f6gel der Region. Iberienadler, Habichtsadler, Rohrweihe, M\u00e4usebussard, Schwarz- und Rotmilan bieten spektakul\u00e4re Flugaufnahmen und eindrucksvolle Portr\u00e4ts. Am Nachmittag erwartet dich ein Perspektivwechsel: Vom schwimmenden Hide aus fotografierst du auf Augenh\u00f6he Wasserv\u00f6gel wie Eisvogel, Purpurhuhn, Zwergtaucher oder Rallenarten \u2013 intensive, lebendige Szenen aus n\u00e4chster N\u00e4he.<\/p>\n<!-- \/wp:paragraph -->\n\n<!-- wp:paragraph -->\n<p>Tag 4 \u2013 Kraftvolle Greifv\u00f6gel &amp; elegante Singv\u00f6gel im Abendlicht<\/p>\n<!-- \/wp:paragraph -->\n\n<!-- wp:paragraph -->\n<p>Der Tag beginnt erneut mit einem Besuch an einem bew\u00e4hrten Greifvogel-Versteck. In der klaren Morgensonne lassen sich die Bewegungen von Adler, Habicht, Bussard und Weihe besonders eindrucksvoll festhalten. Am sp\u00e4ten Nachmittag steht der Fokus auf kleineren Arten wie Beutelmeise, Laubs\u00e4nger, Gartengrasm\u00fccke, Trauerschn\u00e4pper oder Gartenrotschwanz \u2013 ruhige Lichtstimmung, weiche Hintergr\u00fcnde und viel Zeit erm\u00f6glichen ausdrucksstarke, stimmige Bilder.<\/p>\n<!-- \/wp:paragraph -->\n\n<!-- wp:paragraph -->\n<p>Tag 5 \u2013 Zur\u00fcck ins Schilf &amp; nochmal Greife hautnah<\/p>\n<!-- \/wp:paragraph -->\n\n<!-- wp:paragraph -->\n<p>Am Vormittag besuchen wir erneut die Schilfzonen \u2013 diesmal mit noch besserem Licht, optimiertem Setup und dem Wissen der Vortage. Arten wie Bartmeise, Schilfrohrs\u00e4nger oder Wasserralle lassen sich so noch gezielter ablichten. Am Nachmittag geht es zur\u00fcck zum Greifvogel-Hide. Ob Bussarde oder Rohrweihe, die Szenerie bietet perfekte Voraussetzungen f\u00fcr das Spiel aus Licht, Bewegung und Pr\u00e4zision.<\/p>\n<!-- \/wp:paragraph -->\n\n<!-- wp:paragraph -->\n<p>Tag 6 \u2013 Abschied mit starken Bildern &amp; R\u00fcckreise<\/p>\n<!-- \/wp:paragraph -->\n\n<!-- wp:paragraph -->\n<p>Am letzten Morgen besuchen wir ein vertrautes Revier f\u00fcr finale Fotomomente. Noch einmal er\u00f6ffnet sich die Chance auf eindrucksvolle Begegnungen mit Greifv\u00f6geln, bevor wir die Woche gemeinsam Revue passieren lassen. Nach einer entspannten Abschlussrunde erfolgt der R\u00fccktransfer zum Flughafen \u2013 im Gep\u00e4ck unvergessliche Eindr\u00fccke, beeindruckende Bilder und das gute Gef\u00fchl, Zeit f\u00fcr dein perfektes Bild gehabt zu haben.<\/p>\n<!-- \/wp:paragraph -->\n\n<!-- wp:paragraph -->\n<p>Diese Reise vereint intensive Naturerlebnisse, fotografische Tiefe und individuelle Betreuung \u2013 in einem Umfeld, das Ruhe, Konzentration und Kreativit\u00e4t erm\u00f6glicht.<\/p>\n<!-- \/wp:paragraph -->\n\n<!-- wp:html -->\n<p>\nMehr \u00fcber die wichtigste Art dieser Reise:\n<a href=\"https:\/\/nature-fineart.com\/vogelfotografie-spanien\/iberischer-kaiseradler\/\">Iberienadler \u2013 Steckbrief & Beobachtung in Spanien<\/a>\n<\/p>\n\n<p>\nInteresse an dieser Fotoreise?  \nNutze einfach das Kontaktformular oben auf der Seite \u2013  \nich sende dir gern alle Details pers\u00f6nlich zu.\n<\/p>\n<!-- \/wp:html -->\n\n<!-- wp:spacer -->\n<div style=\"height:100px\" aria-hidden=\"true\" class=\"wp-block-spacer\"><\/div>\n<!-- \/wp:spacer -->\n\n<!-- wp:html -->\n<h3>Filmeindruck aus der Fotoreise-Region<\/h3>\n\n<p>\nEin kurzer Film vermittelt die besondere Stimmung dieser Fotoreise\nund zeigt authentische Naturmomente aus der Region.\n<\/p>\n\n<div style=\"max-width:900px;margin:30px auto;\">\n  <div style=\"position:relative;padding-bottom:56.25%;height:0;overflow:hidden;\">\n    <iframe\n      src=\"https:\/\/www.youtube-nocookie.com\/embed\/sWHFtPLBSJ8?si=xAGz9PuJ1QBAWMBr?rel=0&modestbranding=1&playsinline=1\"\n      title=\"Vogelfotografie Spanien\"\n      frameborder=\"0\"\n      allow=\"accelerometer; autoplay; clipboard-write; encrypted-media; gyroscope; picture-in-picture\"\n      allowfullscreen\n      style=\"position:absolute;top:0;left:0;width:100%;height:100%;\">\n    <\/iframe>\n  <\/div>\n<\/div>\n<!-- \/wp:html -->","cost_includes":"\u2022\tHotel\u00fcbernachtungen in Partnerunterk\u00fcnften (Unterbringung im Einzelzimmer)\n\u2022\tPers\u00f6nliche fotografische Reisebegleitung\n\u2022\tGemeinsame Fahrten zu Unterk\u00fcnften sowie zu Beobachtungs- und Fotospots vor Ort\n\u2022\tZugang zu den vorgesehenen Fotohides\n\u2022\tFr\u00fchst\u00fcck\n\u2022\tFotografische Betreuung, Tipps zur Bildgestaltung und Hinweise zur Nachbearbeitung\n\u2022\tOrganisation und Genehmigungen f\u00fcr die Natur- und Vogelfotografie vor Ort","cost_excludes":"\u2022\tAn- und Abreise zum Treffpunkt (z. B. Flug, Bahn oder individuelle Anreise)\n\u2022\tNicht genannte Mahlzeiten, Getr\u00e4nke sowie pers\u00f6nliche Ausgaben und Trinkgelder\n\u2022\tReise- und Stornoversicherungen","itineraries":[{"title":"Abholung am Madrider Flughafen, Fahrt zum Hotel. Nachmittags Greifv\u00f6gelhide","content":""},{"title":"Morgens Sumpfv\u00f6gelhide und am Nachmittag Tr\u00e4nke Steppenv\u00f6gel","content":""},{"title":"Morgens anderes Greifv\u00f6gelhide und am Nachmittag Hide f\u00fcr Wasserv\u00f6gel","content":""},{"title":"Morgens Greifv\u00f6gel,  Nachmittags Singv\u00f6gelhide","content":""},{"title":"Morgens Sumpfv\u00f6gelhide und am Nachmittag Greifv\u00f6gel","content":""},{"title":"Morgens Session von Greifv\u00f6gel und Mittags R\u00fcckfahrt zum Flughafen Madrid","content":""}],"faqs":[],"is_featured":false,"featured_image":{"width":1024,"height":683,"file":"2026\/02\/Iberienadler-Spanien.jpg","filesize":89186,"sizes":{"medium":{"file":"Iberienadler-Spanien-600x400.jpg","width":600,"height":400,"filesize":36155,"mime_type":"image\/jpeg","source_url":"https:\/\/nature-fineart.com\/vogelfotografie-spanien\/wp-content\/uploads\/2026\/02\/Iberienadler-Spanien-600x400.jpg"},"thumbnail":{"file":"Iberienadler-Spanien-300x300.jpg","width":300,"height":300,"filesize":17997,"mime_type":"image\/jpeg","source_url":"https:\/\/nature-fineart.com\/vogelfotografie-spanien\/wp-content\/uploads\/2026\/02\/Iberienadler-Spanien-300x300.jpg"},"medium_large":{"file":"Iberienadler-Spanien-768x512.jpg","width":768,"height":512,"filesize":53327,"mime_type":"image\/jpeg","source_url":"https:\/\/nature-fineart.com\/vogelfotografie-spanien\/wp-content\/uploads\/2026\/02\/Iberienadler-Spanien-768x512.jpg"},"trip-thumb-size":{"file":"Iberienadler-Spanien-374x226.jpg","width":374,"height":226,"filesize":16203,"mime_type":"image\/jpeg","source_url":"https:\/\/nature-fineart.com\/vogelfotografie-spanien\/wp-content\/uploads\/2026\/02\/Iberienadler-Spanien-374x226.jpg"},"destination-thumb-size":{"file":"Iberienadler-Spanien-600x683.jpg","width":600,"height":683,"filesize":66693,"mime_type":"image\/jpeg","source_url":"https:\/\/nature-fineart.com\/vogelfotografie-spanien\/wp-content\/uploads\/2026\/02\/Iberienadler-Spanien-600x683.jpg"},"destination-thumb-trip-size":{"file":"Iberienadler-Spanien-410x250.jpg","width":410,"height":250,"filesize":18893,"mime_type":"image\/jpeg","source_url":"https:\/\/nature-fineart.com\/vogelfotografie-spanien\/wp-content\/uploads\/2026\/02\/Iberienadler-Spanien-410x250.jpg"},"activities-thumb-size":{"file":"Iberienadler-Spanien-600x683.jpg","width":600,"height":683,"filesize":66693,"mime_type":"image\/jpeg","source_url":"https:\/\/nature-fineart.com\/vogelfotografie-spanien\/wp-content\/uploads\/2026\/02\/Iberienadler-Spanien-600x683.jpg"},"trip-single-size":{"file":"Iberienadler-Spanien-990x490.jpg","width":990,"height":490,"filesize":65892,"mime_type":"image\/jpeg","source_url":"https:\/\/nature-fineart.com\/vogelfotografie-spanien\/wp-content\/uploads\/2026\/02\/Iberienadler-Spanien-990x490.jpg"},"tourm_85X85":{"file":"Iberienadler-Spanien-85x85.jpg","width":85,"height":85,"filesize":2808,"mime_type":"image\/jpeg","source_url":"https:\/\/nature-fineart.com\/vogelfotografie-spanien\/wp-content\/uploads\/2026\/02\/Iberienadler-Spanien-85x85.jpg"},"tourm_424X498":{"file":"Iberienadler-Spanien-424x498.jpg","width":424,"height":498,"filesize":36734,"mime_type":"image\/jpeg","source_url":"https:\/\/nature-fineart.com\/vogelfotografie-spanien\/wp-content\/uploads\/2026\/02\/Iberienadler-Spanien-424x498.jpg"},"tourm_420X347":{"file":"Iberienadler-Spanien-420x347.jpg","width":420,"height":347,"filesize":25464,"mime_type":"image\/jpeg","source_url":"https:\/\/nature-fineart.com\/vogelfotografie-spanien\/wp-content\/uploads\/2026\/02\/Iberienadler-Spanien-420x347.jpg"},"tourm-shop-single":{"file":"Iberienadler-Spanien-580x580.jpg","width":580,"height":580,"filesize":51630,"mime_type":"image\/jpeg","source_url":"https:\/\/nature-fineart.com\/vogelfotografie-spanien\/wp-content\/uploads\/2026\/02\/Iberienadler-Spanien-580x580.jpg"},"tourm-shop-thumb":{"file":"Iberienadler-Spanien-100x106.jpg","width":100,"height":106,"filesize":3693,"mime_type":"image\/jpeg","source_url":"https:\/\/nature-fineart.com\/vogelfotografie-spanien\/wp-content\/uploads\/2026\/02\/Iberienadler-Spanien-100x106.jpg"},"tourm-shop-small-image":{"file":"Iberienadler-Spanien-294x312.jpg","width":294,"height":312,"filesize":18329,"mime_type":"image\/jpeg","source_url":"https:\/\/nature-fineart.com\/vogelfotografie-spanien\/wp-content\/uploads\/2026\/02\/Iberienadler-Spanien-294x312.jpg"},"full":{"file":"Iberienadler-Spanien.jpg","width":1024,"height":683,"source_url":"https:\/\/nature-fineart.com\/vogelfotografie-spanien\/wp-content\/uploads\/2026\/02\/Iberienadler-Spanien.jpg"}},"image_meta":{"aperture":"6.3","credit":"","camera":"Canon EOS R5","caption":"","created_timestamp":"1759741301","copyright":"","focal_length":"451","iso":"4000","shutter_speed":"0.0003125","title":"","orientation":"0","keywords":[]}},"_links":{"self":[{"href":"https:\/\/nature-fineart.com\/vogelfotografie-spanien\/wp-json\/wp\/v2\/trip\/5496","targetHints":{"allow":["GET"]}}],"collection":[{"href":"https:\/\/nature-fineart.com\/vogelfotografie-spanien\/wp-json\/wp\/v2\/trip"}],"about":[{"href":"https:\/\/nature-fineart.com\/vogelfotografie-spanien\/wp-json\/wp\/v2\/types\/trip"}],"author":[{"embeddable":true,"href":"https:\/\/nature-fineart.com\/vogelfotografie-spanien\/wp-json\/wp\/v2\/users\/2"}],"replies":[{"embeddable":true,"href":"https:\/\/nature-fineart.com\/vogelfotografie-spanien\/wp-json\/wp\/v2\/comments?post=5496"}],"version-history":[{"count":5,"href":"https:\/\/nature-fineart.com\/vogelfotografie-spanien\/wp-json\/wp\/v2\/trip\/5496\/revisions"}],"predecessor-version":[{"id":7730,"href":"https:\/\/nature-fineart.com\/vogelfotografie-spanien\/wp-json\/wp\/v2\/trip\/5496\/revisions\/7730"}],"wp:featuredmedia":[{"embeddable":true,"href":"https:\/\/nature-fineart.com\/vogelfotografie-spanien\/wp-json\/wp\/v2\/media\/7011"}],"wp:attachment":[{"href":"https:\/\/nature-fineart.com\/vogelfotografie-spanien\/wp-json\/wp\/v2\/media?parent=5496"}],"wp:term":[{"taxonomy":"destination","embeddable":true,"href":"https:\/\/nature-fineart.com\/vogelfotografie-spanien\/wp-json\/wp\/v2\/destination?post=5496"},{"taxonomy":"activities","embeddable":true,"href":"https:\/\/nature-fineart.com\/vogelfotografie-spanien\/wp-json\/wp\/v2\/activities?post=5496"},{"taxonomy":"trip_types","embeddable":true,"href":"https:\/\/nature-fineart.com\/vogelfotografie-spanien\/wp-json\/wp\/v2\/trip_types?post=5496"},{"taxonomy":"difficulty","embeddable":true,"href":"https:\/\/nature-fineart.com\/vogelfotografie-spanien\/wp-json\/wp\/v2\/difficulty?post=5496"},{"taxonomy":"trip_tag","embeddable":true,"href":"https:\/\/nature-fineart.com\/vogelfotografie-spanien\/wp-json\/wp\/v2\/trip_tag?post=5496"}],"curies":[{"name":"wp","href":"https:\/\/api.w.org\/{rel}","templated":true}]}}