{"id":5499,"date":"2003-02-01T13:39:16","date_gmt":"2003-02-01T12:39:16","guid":{"rendered":"https:\/\/nature-fineart.com\/vogelfotografie-spanien\/?post_type=trip&#038;p=5499"},"modified":"2026-04-03T00:38:22","modified_gmt":"2026-04-02T22:38:22","slug":"wildnis-hautnah","status":"publish","type":"trip","link":"https:\/\/nature-fineart.com\/vogelfotografie-spanien\/trip\/wildnis-hautnah\/","title":{"rendered":"Wildnis hautnah 09\/11-14\/11\/2026"},"content":{"rendered":"<style id=\"wpforms-css-vars-5929\">\n\t\t\t\t#wpforms-5929 {\n\t\t\t\t--wpforms-field-border-color: #5E5E5E;\n--wpforms-field-border-color-spare: #5E5E5E;\n--wpforms-field-text-color: #5e5e5e;\n--wpforms-label-color: #5e5e5e;\n--wpforms-label-sublabel-color: #5e5e5e;\n--wpforms-button-background-color: #6e7b4a;\n--wpforms-container-padding: 0px;\n--wpforms-container-border-width: 1px;\n--wpforms-container-border-radius: 3px;\n--wpforms-background-color: rgba(0, 0, 0, 0);\n--wpforms-field-size-input-height: 43px;\n--wpforms-field-size-input-spacing: 15px;\n--wpforms-field-size-font-size: 16px;\n--wpforms-field-size-line-height: 19px;\n--wpforms-field-size-padding-h: 14px;\n--wpforms-field-size-checkbox-size: 16px;\n--wpforms-field-size-sublabel-spacing: 5px;\n--wpforms-field-size-icon-size: 1;\n--wpforms-label-size-font-size: 16px;\n--wpforms-label-size-line-height: 19px;\n--wpforms-label-size-sublabel-font-size: 14px;\n--wpforms-label-size-sublabel-line-height: 17px;\n--wpforms-button-size-font-size: 17px;\n--wpforms-button-size-height: 41px;\n--wpforms-button-size-padding-h: 15px;\n--wpforms-button-size-margin-top: 10px;\n--wpforms-container-shadow-size-box-shadow: none;\n\t\t\t}\n\t\t\t<\/style><div class=\"wpforms-container wpforms-container-full wpforms-render-modern\" id=\"wpforms-5929\"><form id=\"wpforms-form-5929\" class=\"wpforms-validate wpforms-form wpforms-ajax-form\" data-formid=\"5929\" method=\"post\" enctype=\"multipart\/form-data\" action=\"\/vogelfotografie-spanien\/wp-json\/wp\/v2\/trip\/5499\" data-token=\"705cc0974b6e209cc68ad3e4a4c49bed\" data-token-time=\"1777549353\"><noscript class=\"wpforms-error-noscript\">Bitte aktiviere JavaScript in deinem Browser, um dieses Formular fertigzustellen.<\/noscript><div id=\"wpforms-error-noscript\" style=\"display: none;\">Bitte aktiviere JavaScript in deinem Browser, um dieses Formular fertigzustellen.<\/div><div class=\"wpforms-field-container\"><div id=\"wpforms-5929-field_1-container\" class=\"wpforms-field wpforms-field-name\" data-field-id=\"1\"><fieldset><legend class=\"wpforms-field-label\">Name <span class=\"wpforms-required-label\" aria-hidden=\"true\">*<\/span><\/legend><div class=\"wpforms-field-row wpforms-field-medium\"><div class=\"wpforms-field-row-block wpforms-first wpforms-one-half\"><input type=\"text\" id=\"wpforms-5929-field_1\" class=\"wpforms-field-name-first wpforms-field-required\" name=\"wpforms[fields][1][first]\" aria-errormessage=\"wpforms-5929-field_1-error\" required><label for=\"wpforms-5929-field_1\" class=\"wpforms-field-sublabel after\">Vorname<\/label><\/div><div class=\"wpforms-field-row-block wpforms-one-half\"><input type=\"text\" id=\"wpforms-5929-field_1-last\" class=\"wpforms-field-name-last wpforms-field-required\" name=\"wpforms[fields][1][last]\" aria-errormessage=\"wpforms-5929-field_1-last-error\" required><label for=\"wpforms-5929-field_1-last\" class=\"wpforms-field-sublabel after\">Nachname<\/label><\/div><\/div><\/fieldset><\/div><div id=\"wpforms-5929-field_2-container\" class=\"wpforms-field wpforms-field-email\" data-field-id=\"2\"><label class=\"wpforms-field-label\" for=\"wpforms-5929-field_2\">E-Mail-Adresse <span class=\"wpforms-required-label\" aria-hidden=\"true\">*<\/span><\/label><input type=\"email\" id=\"wpforms-5929-field_2\" class=\"wpforms-field-medium wpforms-field-required\" name=\"wpforms[fields][2]\" spellcheck=\"false\" aria-errormessage=\"wpforms-5929-field_2-error\" required><\/div>\t\t<div id=\"wpforms-5929-field_4-container\"\n\t\t\tclass=\"wpforms-field wpforms-field-text\"\n\t\t\tdata-field-type=\"text\"\n\t\t\tdata-field-id=\"4\"\n\t\t\t>\n\t\t\t<label class=\"wpforms-field-label\" for=\"wpforms-5929-field_4\" >Kommentar Name oder<\/label>\n\t\t\t<input type=\"text\" id=\"wpforms-5929-field_4\" class=\"wpforms-field-medium\" name=\"wpforms[fields][4]\" >\n\t\t<\/div>\n\t\t<div id=\"wpforms-5929-field_3-container\" class=\"wpforms-field wpforms-field-textarea\" data-field-id=\"3\"><label class=\"wpforms-field-label\" for=\"wpforms-5929-field_3\">Kommentar oder Nachricht<\/label><textarea id=\"wpforms-5929-field_3\" class=\"wpforms-field-medium\" name=\"wpforms[fields][3]\" aria-errormessage=\"wpforms-5929-field_3-error\" ><\/textarea><\/div><script>\n\t\t\t\t( function() {\n\t\t\t\t\tconst style = document.createElement( 'style' );\n\t\t\t\t\tstyle.appendChild( document.createTextNode( '#wpforms-5929-field_4-container { position: absolute !important; overflow: hidden !important; display: inline !important; height: 1px !important; width: 1px !important; z-index: -1000 !important; padding: 0 !important; } #wpforms-5929-field_4-container input { visibility: hidden; } #wpforms-conversational-form-page #wpforms-5929-field_4-container label { counter-increment: none; }' ) );\n\t\t\t\t\tdocument.head.appendChild( style );\n\t\t\t\t\tdocument.currentScript?.remove();\n\t\t\t\t} )();\n\t\t\t<\/script><\/div><!-- .wpforms-field-container --><div class=\"wpforms-submit-container\" ><input type=\"hidden\" name=\"wpforms[id]\" value=\"5929\"><input type=\"hidden\" name=\"page_title\" value=\"\"><input type=\"hidden\" name=\"page_url\" value=\"https:\/\/nature-fineart.com\/vogelfotografie-spanien\/wp-json\/wp\/v2\/trip\/5499\"><input type=\"hidden\" name=\"url_referer\" value=\"\"><button type=\"submit\" name=\"wpforms[submit]\" id=\"wpforms-submit-5929\" class=\"wpforms-submit\" data-alt-text=\"Wird gesendet\u00a0\u2026\" data-submit-text=\"Anfrage senden\" aria-live=\"assertive\" value=\"wpforms-submit\">Anfrage senden<\/button><img decoding=\"async\" src=\"https:\/\/nature-fineart.com\/vogelfotografie-spanien\/wp-content\/plugins\/wpforms-lite\/assets\/images\/submit-spin.svg\" class=\"wpforms-submit-spinner\" style=\"display: none;\" width=\"26\" height=\"26\" alt=\"Wird geladen\"><\/div><\/form><\/div>  <!-- .wpforms-container -->\n\n\n\n<p><strong>Interesse an dieser Fotoreise?<br>\u00dcber das folgende Formular k\u00f6nnen Sie ganz unverbindlich Kontakt aufnehmen. Ich freue mich \u00fcber Ihre Anfrage und sende Ihnen gern alle Details zur Reise.<\/strong><\/p>\n\n\n\n<div style=\"height:100px\" aria-hidden=\"true\" class=\"wp-block-spacer\"><\/div>\n\n\n\n<p><strong>Zusammenarbeit &amp; Ablauf<\/strong><br>Diese Fotoreise wird in Zusammenarbeit mit erfahrenen lokalen Partnern und professionellen Hide-Betreibern durchgef\u00fchrt.<br>Die fotografische Begleitung erfolgt pers\u00f6nlich durch mich.<br>Der Ablauf bleibt flexibel und richtet sich nach Wetter-, Licht- sowie aktuellen Natur- und Tieraktivit\u00e4tsbedingungen vor Ort.<\/p>\n","protected":false},"excerpt":{"rendered":"<p>Interesse an dieser Fotoreise?\u00dcber das folgende Formular k\u00f6nnen Sie ganz unverbindlich Kontakt aufnehmen. Ich freue mich \u00fcber Ihre Anfrage und sende Ihnen gern alle Details zur Reise. Zusammenarbeit &amp; AblaufDiese Fotoreise wird in Zusammenarbeit mit erfahrenen lokalen Partnern und professionellen Hide-Betreibern durchgef\u00fchrt.Die fotografische Begleitung erfolgt pers\u00f6nlich durch mich.Der Ablauf bleibt flexibel und richtet sich nach&#8230;<\/p>\n","protected":false},"author":2,"featured_media":4372,"comment_status":"open","ping_status":"closed","template":"","destination":[74],"activities":[68,67],"trip_types":[],"difficulty":[7],"trip_tag":[],"class_list":["post-5499","trip","type-trip","status-publish","has-post-thumbnail","hentry","destination-andalusien","activities-beobachtung","activities-fotografie","difficulty-medium"],"packages_ids":[5500],"trip_extras":[],"cut_off_time":{"enabled":true,"duration":0,"duration_unit":"days"},"booked-seats":[],"code":"WTE-538","price":2190,"has_sale":false,"sale_price":0,"discount_percent":0,"currency":{"code":"EUR","symbol":"&euro;"},"duration":{"days":6,"nights":5,"duration_unit":"days","duration_type":"both"},"min_pax":2,"max_pax":4,"discount_value":0,"discount_label":"0% Off","primary_category":65,"available_times":{"type":"default","items":["2021-1-01","2021-2-01","2021-3-01","2021-4-01","2021-5-01","2021-6-01","2021-7-01","2021-8-01","2021-9-01","2021-10-01","2021-11-01","2021-12-01"]},"description":"<!-- wp:paragraph -->\n<p>Wildnis hautnah \u2013 Fotoreise zum Iberischen Luchs<\/p>\n<!-- \/wp:paragraph -->\n\n<!-- wp:paragraph -->\n<p>Ein exklusives Naturerlebnis f\u00fcr Fotograf:innen<\/p>\n<!-- \/wp:paragraph -->\n\n<!-- wp:paragraph -->\n<p>Begleiten Sie mich auf eine unvergessliche Fotoreise in eine der wildesten und zugleich sch\u00f6nsten Regionen Europas. Unsere Mission: den geheimnisvollen Pardelluchs (Lynx pardinus) eines der seltensten Raubtiere der Welt vor die Linse zu bekommen. Und das ist l\u00e4ngst nicht alles. Diese Reise ist f\u00fcr alle, die Natur nicht nur sehen, sondern durch die Kamera intensiv erleben wollen.<\/p>\n<!-- \/wp:paragraph -->\n\n<!-- wp:paragraph -->\n<p>Tag 1 \u2013 Anreise &amp; Einf\u00fchrung<\/p>\n<!-- \/wp:paragraph -->\n\n<!-- wp:paragraph -->\n<p>Nach Ihrer Ankunft am Flughafen werden Sie von uns in Empfang genommen und zu unserer gem\u00fctlichen, naturnahen Unterkunft gebracht. Am Abend lernen wir uns bei einem gemeinsamen Abendessen kennen. In entspannter Atmosph\u00e4re erhalten Sie eine Einf\u00fchrung zur fotografischen Herangehensweise, zur Arbeit im Hide sowie praktische Hinweise zur Ausr\u00fcstung \u2013 eine optimale Vorbereitung auf die kommenden Tage.<\/p>\n<!-- \/wp:paragraph -->\n\n<!-- wp:paragraph -->\n<p>Tag 2 &amp; 3 \u2013 Im Versteck: Begegnung mit dem Pardelluchs<\/p>\n<!-- \/wp:paragraph -->\n\n<!-- wp:paragraph -->\n<p>An diesen beiden Tagen beziehen wir ein professionell eingerichtetes Fotohide inmitten des Lebensraums des Pardelluchses. Die Chancen auf spektakul\u00e4re Aufnahmen aus n\u00e4chster N\u00e4he sind hier besonders hoch. Wir fotografieren in zwei Sessions \u2013 am Morgen und am sp\u00e4ten Nachmittag \u2013 genau dann, wenn das Licht magisch und die Aktivit\u00e4t der Tiere am h\u00f6chsten ist. Mittags bleibt Zeit zum Ausruhen, Bildersichten oder f\u00fcr ein pers\u00f6nliches Coaching.<\/p>\n<!-- \/wp:paragraph -->\n\n<!-- wp:paragraph -->\n<p>Tag 4 \u2013 Safari-Tag: Unterwegs in gesch\u00fctzter Natur<\/p>\n<!-- \/wp:paragraph -->\n\n<!-- wp:paragraph -->\n<p>Am vierten Tag erkunden wir die Umgebung auf einer gef\u00fchrten Safari. Die abwechslungsreiche Landschaft bietet gute Chancen, weitere Wildtiere wie den Europ\u00e4ischen Bison, Rothirsche, Damwild, die Blauelster sowie mit etwas Gl\u00fcck erneut den Luchs zu beobachten und zu fotografieren. Neben der Tierbeobachtung steht auch das Erleben dieser gesch\u00fctzten Natur im Vordergrund.<\/p>\n<!-- \/wp:paragraph -->\n\n<!-- wp:paragraph -->\n<p>Tag 5 \u2013 Zur\u00fcck im Hide: Fokus auf den Luchs<\/p>\n<!-- \/wp:paragraph -->\n\n<!-- wp:paragraph -->\n<p>Ein weiterer Tag im Hide gibt uns die M\u00f6glichkeit, die Erlebnisse der Vortage zu vertiefen. Vielleicht zeigen sich neue Verhaltensweisen, neues Licht, neue Perspektiven \u2013 jede Session bringt frische Motive. Wieder steht Ihnen der Tag in zwei Teilen zur Verf\u00fcgung, mit einer entspannten Pause zur Mittagszeit.<\/p>\n<!-- \/wp:paragraph -->\n\n<!-- wp:paragraph -->\n<p>Tag 6 \u2013 Bildbesprechung &amp; Abschied<\/p>\n<!-- \/wp:paragraph -->\n\n<!-- wp:paragraph -->\n<p>Am letzten Morgen widmen wir uns Ihren Bildern. In einer gemeinsamen Bildbesprechung erhalten Sie individuelles Feedback, Tipps zur Auswahl und zur Nachbearbeitung sowie Antworten auf technische Fragen \u2013 praxisnah und auf Ihre Interessen abgestimmt. Anschlie\u00dfend erfolgt der R\u00fccktransfer zum Flughafen \u2013 im Gep\u00e4ck viele starke Aufnahmen und unvergessliche Erinnerungen.<\/p>\n<!-- \/wp:paragraph -->\n\n<!-- wp:paragraph -->\n<p>Diese Reise bietet Ihnen optimale Bedingungen f\u00fcr intensive Naturfotografie mit professioneller Begleitung, pers\u00f6nlichem Austausch und einem tiefen Einblick in den Lebensraum seltener Wildtiere.<\/p>\n<!-- \/wp:paragraph -->\n\n<!-- wp:paragraph -->\n<p>Die Teilnehmerzahl ist begrenzt \u2013 sichern Sie sich jetzt Ihren Platz.<\/p>\n<!-- \/wp:paragraph -->","cost_includes":"\u2022\tHotel\u00fcbernachtungen in Partnerunterk\u00fcnften (Unterbringung im Einzelzimmer)\n\u2022\tPers\u00f6nliche fotografische Reisebegleitung\n\u2022\tGemeinsame Fahrten zu Unterk\u00fcnften sowie zu Beobachtungs- und Fotospots vor Ort\n\u2022\tZugang zu den vorgesehenen Fotohides\n\u2022\tFr\u00fchst\u00fcck\n\u2022\tFotografische Betreuung, Tipps zur Bildgestaltung und Hinweise zur Nachbearbeitung\n\u2022\tOrganisation und Genehmigungen f\u00fcr die Natur- und Vogelfotografie vor Ort","cost_excludes":"\u2022\tAn- und Abreise zum Treffpunkt (z. B. Flug, Bahn oder individuelle Anreise)\n\u2022\tNicht genannte Mahlzeiten, Getr\u00e4nke sowie pers\u00f6nliche Ausgaben und Trinkgelder\n\u2022\tReise- und Stornoversicherungen","itineraries":[{"title":"Abholung Madrider Flughafen und Fahrt zum Hotel","content":""},{"title":"Fotohide Luchs Morgen\/Nachmittag Session","content":""},{"title":"Fotohide Luchs Morgen\/Nachmittag Session","content":""},{"title":"Safari","content":""},{"title":"Fotohide Luchs Morgen\/Nachmittag Session","content":""},{"title":"R\u00fcckfahrt zum Madrider Flughafen ","content":""}],"faqs":[],"is_featured":false,"featured_image":{"width":1024,"height":683,"file":"2014\/02\/IMG_4755-DeNoiseAI-standard-2.jpg","filesize":131524,"sizes":{"medium":{"file":"IMG_4755-DeNoiseAI-standard-2-600x400.jpg","width":600,"height":400,"filesize":46906,"mime_type":"image\/jpeg","source_url":"https:\/\/nature-fineart.com\/vogelfotografie-spanien\/wp-content\/uploads\/2014\/02\/IMG_4755-DeNoiseAI-standard-2-600x400.jpg"},"thumbnail":{"file":"IMG_4755-DeNoiseAI-standard-2-300x300.jpg","width":300,"height":300,"filesize":21473,"mime_type":"image\/jpeg","source_url":"https:\/\/nature-fineart.com\/vogelfotografie-spanien\/wp-content\/uploads\/2014\/02\/IMG_4755-DeNoiseAI-standard-2-300x300.jpg"},"medium_large":{"file":"IMG_4755-DeNoiseAI-standard-2-768x512.jpg","width":768,"height":512,"filesize":71851,"mime_type":"image\/jpeg","source_url":"https:\/\/nature-fineart.com\/vogelfotografie-spanien\/wp-content\/uploads\/2014\/02\/IMG_4755-DeNoiseAI-standard-2-768x512.jpg"},"trip-thumb-size":{"file":"IMG_4755-DeNoiseAI-standard-2-374x226.jpg","width":374,"height":226,"filesize":19748,"mime_type":"image\/jpeg","source_url":"https:\/\/nature-fineart.com\/vogelfotografie-spanien\/wp-content\/uploads\/2014\/02\/IMG_4755-DeNoiseAI-standard-2-374x226.jpg"},"destination-thumb-size":{"file":"IMG_4755-DeNoiseAI-standard-2-600x683.jpg","width":600,"height":683,"filesize":90944,"mime_type":"image\/jpeg","source_url":"https:\/\/nature-fineart.com\/vogelfotografie-spanien\/wp-content\/uploads\/2014\/02\/IMG_4755-DeNoiseAI-standard-2-600x683.jpg"},"destination-thumb-trip-size":{"file":"IMG_4755-DeNoiseAI-standard-2-410x250.jpg","width":410,"height":250,"filesize":23395,"mime_type":"image\/jpeg","source_url":"https:\/\/nature-fineart.com\/vogelfotografie-spanien\/wp-content\/uploads\/2014\/02\/IMG_4755-DeNoiseAI-standard-2-410x250.jpg"},"activities-thumb-size":{"file":"IMG_4755-DeNoiseAI-standard-2-600x683.jpg","width":600,"height":683,"filesize":90944,"mime_type":"image\/jpeg","source_url":"https:\/\/nature-fineart.com\/vogelfotografie-spanien\/wp-content\/uploads\/2014\/02\/IMG_4755-DeNoiseAI-standard-2-600x683.jpg"},"trip-single-size":{"file":"IMG_4755-DeNoiseAI-standard-2-990x490.jpg","width":990,"height":490,"filesize":97506,"mime_type":"image\/jpeg","source_url":"https:\/\/nature-fineart.com\/vogelfotografie-spanien\/wp-content\/uploads\/2014\/02\/IMG_4755-DeNoiseAI-standard-2-990x490.jpg"},"tourm_85X85":{"file":"IMG_4755-DeNoiseAI-standard-2-85x85.jpg","width":85,"height":85,"filesize":2730,"mime_type":"image\/jpeg","source_url":"https:\/\/nature-fineart.com\/vogelfotografie-spanien\/wp-content\/uploads\/2014\/02\/IMG_4755-DeNoiseAI-standard-2-85x85.jpg"},"tourm_424X498":{"file":"IMG_4755-DeNoiseAI-standard-2-424x498.jpg","width":424,"height":498,"filesize":45609,"mime_type":"image\/jpeg","source_url":"https:\/\/nature-fineart.com\/vogelfotografie-spanien\/wp-content\/uploads\/2014\/02\/IMG_4755-DeNoiseAI-standard-2-424x498.jpg"},"tourm_420X347":{"file":"IMG_4755-DeNoiseAI-standard-2-420x347.jpg","width":420,"height":347,"filesize":31836,"mime_type":"image\/jpeg","source_url":"https:\/\/nature-fineart.com\/vogelfotografie-spanien\/wp-content\/uploads\/2014\/02\/IMG_4755-DeNoiseAI-standard-2-420x347.jpg"},"tourm-shop-single":{"file":"IMG_4755-DeNoiseAI-standard-2-580x580.jpg","width":580,"height":580,"filesize":68044,"mime_type":"image\/jpeg","source_url":"https:\/\/nature-fineart.com\/vogelfotografie-spanien\/wp-content\/uploads\/2014\/02\/IMG_4755-DeNoiseAI-standard-2-580x580.jpg"},"tourm-shop-thumb":{"file":"IMG_4755-DeNoiseAI-standard-2-100x106.jpg","width":100,"height":106,"filesize":3666,"mime_type":"image\/jpeg","source_url":"https:\/\/nature-fineart.com\/vogelfotografie-spanien\/wp-content\/uploads\/2014\/02\/IMG_4755-DeNoiseAI-standard-2-100x106.jpg"},"tourm-shop-small-image":{"file":"IMG_4755-DeNoiseAI-standard-2-294x312.jpg","width":294,"height":312,"filesize":21759,"mime_type":"image\/jpeg","source_url":"https:\/\/nature-fineart.com\/vogelfotografie-spanien\/wp-content\/uploads\/2014\/02\/IMG_4755-DeNoiseAI-standard-2-294x312.jpg"},"full":{"file":"IMG_4755-DeNoiseAI-standard-2.jpg","width":1024,"height":683,"source_url":"https:\/\/nature-fineart.com\/vogelfotografie-spanien\/wp-content\/uploads\/2014\/02\/IMG_4755-DeNoiseAI-standard-2.jpg"}},"image_meta":{"aperture":"5.6","credit":"","camera":"Canon EOS 80D","caption":"","created_timestamp":"1673612487","copyright":"","focal_length":"260","iso":"640","shutter_speed":"0.0008","title":"","orientation":"0","keywords":[]}},"_links":{"self":[{"href":"https:\/\/nature-fineart.com\/vogelfotografie-spanien\/wp-json\/wp\/v2\/trip\/5499","targetHints":{"allow":["GET"]}}],"collection":[{"href":"https:\/\/nature-fineart.com\/vogelfotografie-spanien\/wp-json\/wp\/v2\/trip"}],"about":[{"href":"https:\/\/nature-fineart.com\/vogelfotografie-spanien\/wp-json\/wp\/v2\/types\/trip"}],"author":[{"embeddable":true,"href":"https:\/\/nature-fineart.com\/vogelfotografie-spanien\/wp-json\/wp\/v2\/users\/2"}],"replies":[{"embeddable":true,"href":"https:\/\/nature-fineart.com\/vogelfotografie-spanien\/wp-json\/wp\/v2\/comments?post=5499"}],"version-history":[{"count":5,"href":"https:\/\/nature-fineart.com\/vogelfotografie-spanien\/wp-json\/wp\/v2\/trip\/5499\/revisions"}],"predecessor-version":[{"id":7457,"href":"https:\/\/nature-fineart.com\/vogelfotografie-spanien\/wp-json\/wp\/v2\/trip\/5499\/revisions\/7457"}],"wp:featuredmedia":[{"embeddable":true,"href":"https:\/\/nature-fineart.com\/vogelfotografie-spanien\/wp-json\/wp\/v2\/media\/4372"}],"wp:attachment":[{"href":"https:\/\/nature-fineart.com\/vogelfotografie-spanien\/wp-json\/wp\/v2\/media?parent=5499"}],"wp:term":[{"taxonomy":"destination","embeddable":true,"href":"https:\/\/nature-fineart.com\/vogelfotografie-spanien\/wp-json\/wp\/v2\/destination?post=5499"},{"taxonomy":"activities","embeddable":true,"href":"https:\/\/nature-fineart.com\/vogelfotografie-spanien\/wp-json\/wp\/v2\/activities?post=5499"},{"taxonomy":"trip_types","embeddable":true,"href":"https:\/\/nature-fineart.com\/vogelfotografie-spanien\/wp-json\/wp\/v2\/trip_types?post=5499"},{"taxonomy":"difficulty","embeddable":true,"href":"https:\/\/nature-fineart.com\/vogelfotografie-spanien\/wp-json\/wp\/v2\/difficulty?post=5499"},{"taxonomy":"trip_tag","embeddable":true,"href":"https:\/\/nature-fineart.com\/vogelfotografie-spanien\/wp-json\/wp\/v2\/trip_tag?post=5499"}],"curies":[{"name":"wp","href":"https:\/\/api.w.org\/{rel}","templated":true}]}}